{"id":54111,"date":"2026-04-24T20:54:51","date_gmt":"2026-04-24T20:54:51","guid":{"rendered":"https:\/\/vrip.ubiobio.cl\/inicio\/?page_id=54111"},"modified":"2026-04-27T18:35:21","modified_gmt":"2026-04-27T18:35:21","slug":"edicion-27-abril-2026","status":"publish","type":"page","link":"https:\/\/vrip.ubiobio.cl\/inicio\/informativos-vrip\/edicion-27-abril-2026\/","title":{"rendered":"Informativo VRIP 27 Abril 2026"},"content":{"rendered":"\t\t<div data-elementor-type=\"wp-page\" data-elementor-id=\"54111\" class=\"elementor elementor-54111\" data-elementor-settings=\"{&quot;ha_cmc_init_switcher&quot;:&quot;no&quot;}\">\n\t\t\t\t\t\t<section class=\"elementor-section elementor-top-section elementor-element elementor-element-f37001d elementor-section-height-min-height elementor-section-boxed elementor-section-height-default elementor-section-items-middle\" data-id=\"f37001d\" data-element_type=\"section\" data-e-type=\"section\" data-settings=\"{&quot;background_background&quot;:&quot;classic&quot;,&quot;_ha_eqh_enable&quot;:false}\">\n\t\t\t\t\t\t<div class=\"elementor-container elementor-column-gap-default\">\n\t\t\t\t\t<div class=\"elementor-column elementor-col-100 elementor-top-column elementor-element elementor-element-34864aa elementor-invisible\" data-id=\"34864aa\" data-element_type=\"column\" data-e-type=\"column\" data-settings=\"{&quot;animation&quot;:&quot;slideInDown&quot;}\">\n\t\t\t<div class=\"elementor-widget-wrap elementor-element-populated\">\n\t\t\t\t\t\t<div class=\"elementor-element elementor-element-98500eb elementor-widget elementor-widget-heading\" data-id=\"98500eb\" data-element_type=\"widget\" data-e-type=\"widget\" data-widget_type=\"heading.default\">\n\t\t\t\t<div class=\"elementor-widget-container\">\n\t\t\t\t\t<h3 class=\"elementor-heading-title elementor-size-xl\">Edici\u00f3n 27 Abril 2026<\/h3>\t\t\t\t<\/div>\n\t\t\t\t<\/div>\n\t\t\t\t\t<\/div>\n\t\t<\/div>\n\t\t\t\t\t<\/div>\n\t\t<\/section>\n\t\t\t\t<section class=\"elementor-section elementor-top-section elementor-element elementor-element-9e6f6cd elementor-section-boxed elementor-section-height-default elementor-section-height-default\" data-id=\"9e6f6cd\" data-element_type=\"section\" data-e-type=\"section\" data-settings=\"{&quot;_ha_eqh_enable&quot;:false}\">\n\t\t\t\t\t\t<div class=\"elementor-container elementor-column-gap-default\">\n\t\t\t\t\t<div class=\"elementor-column elementor-col-100 elementor-top-column elementor-element elementor-element-7a0d97e\" data-id=\"7a0d97e\" data-element_type=\"column\" data-e-type=\"column\">\n\t\t\t<div class=\"elementor-widget-wrap elementor-element-populated\">\n\t\t\t\t\t\t<div class=\"elementor-element elementor-element-4fa6cef elementor-widget elementor-widget-eael-adv-tabs\" data-id=\"4fa6cef\" data-element_type=\"widget\" data-e-type=\"widget\" data-widget_type=\"eael-adv-tabs.default\">\n\t\t\t\t<div class=\"elementor-widget-container\">\n\t\t\t\t\t        <div data-scroll-on-click=\"no\" data-scroll-speed=\"300\" id=\"eael-advance-tabs-4fa6cef\" class=\"eael-advance-tabs eael-tabs-horizontal eael-tab-auto-active \" data-tabid=\"4fa6cef\">\n            <div class=\"eael-tabs-nav \">\n                <ul class=\"eael-tab-inline-icon\" role=\"tablist\">\n                                            <li id=\"leer-editorial\" class=\"active-default eael-tab-item-trigger eael-tab-nav-item\" aria-selected=\"true\" data-tab=\"1\" role=\"tab\" tabindex=\"0\" aria-controls=\"leer-editorial-tab\" aria-expanded=\"false\">\n                            \n                                                                <i class=\"fas fa-scroll\"><\/i>                                                            \n                                                            <span class=\"eael-tab-title title-after-icon\" >Leer Editorial<\/span>                            \n                                                    <\/li>\n                                            <li id=\"leer-boletn\" class=\"inactive eael-tab-item-trigger eael-tab-nav-item\" aria-selected=\"false\" data-tab=\"2\" role=\"tab\" tabindex=\"-1\" aria-controls=\"leer-boletn-tab\" aria-expanded=\"false\">\n                            \n                                                                <i class=\"far fa-newspaper\"><\/i>                                                            \n                                                            <span class=\"eael-tab-title title-after-icon\" >Leer Bolet\u00edn<\/span>                            \n                                                    <\/li>\n                    \n                                  <\/ul>\n            <\/div>\n            \n            <div class=\"eael-tabs-content\">\n\t\t        \n                    <div id=\"leer-editorial-tab\" class=\"clearfix eael-tab-content-item active-default\" data-title-link=\"leer-editorial-tab\">\n\t\t\t\t        <p><img decoding=\"async\" src=\"https:\/\/flashissue.s3.us-east-1.amazonaws.com\/zr1y47bcRTuozanm0ZZ7_VlJJUF9Cb2xldGluIGJhc2VfZWRpdA==.jpg\" \/><\/p><h3><span style=\"color: #083854\"><strong>Innovar desde regiones: una se\u00f1al potente para el pa\u00eds<\/strong><\/span><\/h3><p>En un contexto donde el conocimiento se ha transformado en el principal motor del desarrollo, los resultados alcanzados por la Universidad del B\u00edo-B\u00edo sin dudas constituyen una buena noticia institucional, y tambi\u00e9n una se\u00f1al clara del potencial que existe fuera de los grandes centros tradicionales de producci\u00f3n cient\u00edfica. Alcanzar nuevamente el segundo lugar nacional en solicitudes de patentes, de acuerdo con cifras se\u00f1alas por el Instituto Nacional de Propiedad Industrial, INAPI, no es un hecho aislado: es la expresi\u00f3n concreta de una estrategia sostenida, coherente y orientada al impacto.<\/p><p>Este reconocimiento, posiciona a nuestra Universidad en un lugar de privilegio dentro del ecosistema de innovaci\u00f3n chileno. M\u00e1s a\u00fan, cobra especial relevancia al enmarcarse en el D\u00eda Mundial de la Propiedad Intelectual, una instancia que invita a reflexionar sobre el valor de proteger el conocimiento y transformarlo en soluciones concretas para la sociedad.<\/p><p>Pero m\u00e1s all\u00e1 de las cifras, lo verdaderamente significativo es el modelo que sustenta este logro. La articulaci\u00f3n entre investigaci\u00f3n, transferencia tecnol\u00f3gica y gesti\u00f3n de la propiedad intelectual da cuenta de una Universidad que ha entendido que innovar no es solo generar conocimiento, sino tambi\u00e9n proyectarlo, protegerlo y vincularlo con las necesidades del entorno.<\/p><p>En este sentido, el trabajo de la Oficina de Transferencia y Licenciamiento (OTL-UBB) refleja un cambio cultural profundo: la propiedad intelectual deja de ser un tr\u00e1mite tard\u00edo para convertirse en una dimensi\u00f3n estrat\u00e9gica desde las etapas iniciales de la investigaci\u00f3n. Este enfoque permite no solo aumentar la cantidad de resultados protegidos, sino tambi\u00e9n mejorar su calidad y potencial de transferencia, fortaleciendo un portafolio tecnol\u00f3gico con reales posibilidades de impacto.<\/p><p>Asimismo, este hito reafirma el papel de las universidades regionales como actores clave en el desarrollo del pa\u00eds. Demostrando que desde regiones se puede liderar, influir y transformar.<\/p><p><strong>VRIP Comunicaciones<\/strong><\/p><table align=\"center\"><tbody><tr><td id=\"m_8467858756250299110m_4658873428329236187m_-7901358079350462190gmail-twitter-social-link\"><a href=\"https:\/\/www.twitter.com\/FlashIssue\" target=\"_blank\" rel=\"noopener\"><img decoding=\"async\" class=\"CToWUd alignright\" src=\"https:\/\/app.flashissue.com\/images\/social-icons\/round\/twitter\/grey\/twitter48.png\" \/><\/a><\/td><td>\u00a0<\/td><td id=\"m_8467858756250299110m_4658873428329236187m_-7901358079350462190gmail-youtube-social-link\"><a href=\"https:\/\/www.youtube.com\/channel\/UCf7o8yHRJ7Y_QQLxwu1KQgA\" target=\"_blank\" rel=\"noopener\"><img decoding=\"async\" class=\"CToWUd aligncenter\" src=\"https:\/\/app.flashissue.com\/images\/social-icons\/round\/youtube\/grey\/youtube48.png\" \/><\/a><\/td><td>\u00a0<\/td><td id=\"m_8467858756250299110m_4658873428329236187m_-7901358079350462190gmail-instagram-social-link\"><a href=\"https:\/\/www.instagram.com\/vrip_ubb\" target=\"_blank\" rel=\"noopener\"><img decoding=\"async\" class=\"CToWUd alignleft\" src=\"https:\/\/app.flashissue.com\/images\/social-icons\/round\/instagram\/grey\/instagram48.png\" \/><\/a><\/td><\/tr><\/tbody><\/table><p><a href=\"https:\/\/vrip.ubiobio.cl\/informativos-vrip\/\" target=\"_blank\" rel=\"noopener\"><img fetchpriority=\"high\" decoding=\"async\" class=\"aligncenter\" src=\"https:\/\/flashissue.s3.us-east-1.amazonaws.com\/wn9DyI72QZaEm43a79u8_VlJJUF9Cb2xldGluIGJhc2VfcGllIHBhZw==.jpg\" width=\"616\" height=\"121\" \/><\/a><\/p><p style=\"text-align: center\">Vicerrector\u00eda de Investigaci\u00f3n y Postgrado &#8211; Universidad del B\u00edo-B\u00edo<br \/><span style=\"background-color: transparent\">Todos los derechos reservados.<br \/><\/span><span style=\"background-color: transparent\">Av. Collao 1202, Concepci\u00f3n \/ Av. Andr\u00e9s Bello s\/n, Chill\u00e1n<br \/><\/span><span style=\"background-color: transparent\">Comentarios a:\u00a0<\/span><strong style=\"background-color: transparent\"><a href=\"mailto:vripcomunicaciones@ubiobio.cl?subject=Comentario%20newsletter\" target=\"_blank\" rel=\"noopener\">vripcomunicaciones@ubiobio.cl<\/a><\/strong><\/p>                    <\/div>\n\t\t        \n                    <div id=\"leer-boletn-tab\" class=\"clearfix eael-tab-content-item inactive\" data-title-link=\"leer-boletn-tab\">\n\t\t\t\t        <p><img decoding=\"async\" class=\"alignnone size-full wp-image-52860\" src=\"https:\/\/vrip.ubiobio.cl\/wp-content\/uploads\/2026\/01\/VRIP_Boletin-base-2026.jpg\" alt=\"\" width=\"1738\" height=\"604\" srcset=\"https:\/\/vrip.ubiobio.cl\/wp-content\/uploads\/2026\/01\/VRIP_Boletin-base-2026.jpg 1738w, https:\/\/vrip.ubiobio.cl\/wp-content\/uploads\/2026\/01\/VRIP_Boletin-base-2026-380x132.jpg 380w, https:\/\/vrip.ubiobio.cl\/wp-content\/uploads\/2026\/01\/VRIP_Boletin-base-2026-1024x356.jpg 1024w, https:\/\/vrip.ubiobio.cl\/wp-content\/uploads\/2026\/01\/VRIP_Boletin-base-2026-768x267.jpg 768w, https:\/\/vrip.ubiobio.cl\/wp-content\/uploads\/2026\/01\/VRIP_Boletin-base-2026-1536x534.jpg 1536w\" sizes=\"(max-width: 1738px) 100vw, 1738px\" \/><\/p><h3><img decoding=\"async\" src=\"https:\/\/flashissue.s3.us-east-1.amazonaws.com\/uNgTeNuNRZiXiWJTdWpm_VlJJUF9Cb2xldGluIGJhc2VfZWRpdA==.jpg\" \/><\/h3><h2><span style=\"color: #073753\"><strong>Innovar desde regiones: una se\u00f1al potente para el pa\u00eds\u00a0<\/strong><\/span><\/h2><p>Ver m\u00e1s: <a href=\"https:\/\/vrip.ubiobio.cl\/inicio\/informativos-vrip\/edicion-13-abril-2026\/\" target=\"_blank\" rel=\"noopener nofollow\">https:\/\/vrip.ubiobio.cl\/inicio\/informativos-vrip\/edicion-27-abril-2026\/<\/a><\/p><hr \/><p><img decoding=\"async\" src=\"https:\/\/flashissue.s3.us-east-1.amazonaws.com\/HWsZivX7S4yzp4obHBzX_RElDUkVBXzE=.png\" \/><\/p><h3><span style=\"color: #073753\"><strong>Universidad del B\u00edo-B\u00edo reafirma liderazgo en\u00a0innovaci\u00f3n\u00a0al obtener nuevamente el segundo lugar nacional en\u00a0<\/strong><strong>solicitudes de patentes<\/strong><\/span><\/h3><p>La Universidad del B\u00edo-B\u00edo fue nuevamente destacada a nivel nacional al alcanzar el segundo lugar en el ranking de solicitudes de patentes en Chile, de acuerdo con cifras del Instituto Nacional de Propiedad Industrial (INAPI). Este reconocimiento consolida a nuestra casa de estudios como uno de los actores m\u00e1s relevantes del ecosistema de innovaci\u00f3n y transferencia tecnol\u00f3gica del pa\u00eds.<\/p><p>Ver m\u00e1s: <a href=\"https:\/\/vrip.ubiobio.cl\/inicio\/noticias\/universidad-del-bio-bio-reafirma-liderazgo-en-innovacion-al-obtener-nuevamente-el-segundo-lugar-nacional-en-solicitudes-de-patentes\/\" target=\"_blank\" rel=\"noopener\">https:\/\/vrip.ubiobio.cl\/inicio\/noticias\/universidad-del-bio-bio-reafirma-liderazgo-en-innovacion-al-obtener-nuevamente-el-segundo-lugar-nacional-en-solicitudes-de-patentes\/<\/a><\/p><hr \/><h3><span style=\"color: #073753\"><strong><img decoding=\"async\" src=\"https:\/\/flashissue.s3.us-east-1.amazonaws.com\/W0cin6yCS4y7pOitqQeU_RElDUkVBXw==.png\" \/><\/strong><\/span><\/h3><h3><span style=\"color: #073753\"><strong>Universidad del B\u00edo-B\u00edo refuerza su apuesta cient\u00edfica con nuevo Fondecyt Regular, en Matem\u00e1tica, en el \u00e1rea de Sistemas Din\u00e1micos Hamiltonianos y Aplicaciones<\/strong><\/span><\/h3><p>La Universidad del B\u00edo-B\u00edo contin\u00faa consolidando su liderazgo en investigaci\u00f3n cient\u00edfica a nivel nacional, tras la adjudicaci\u00f3n de un nuevo proyecto Fondecyt Regular por parte del Dr. Claudio Vidal D\u00edaz, acad\u00e9mico del Departamento de Matem\u00e1tica de la Facultad de Ciencias con una destacada trayectoria en el \u00e1rea de la Matem\u00e1tica Aplicada y los Sistemas Din\u00e1micos.<\/p><p>Ver m\u00e1s: <a href=\"https:\/\/vrip.ubiobio.cl\/inicio\/noticias\/universidad-del-bio-bio-refuerza-su-apuesta-cientifica-con-nuevo-fondecyt-regular-en-matematica-en-el-area-de-sistemas-dinamicos-hamiltonianos-y-aplicaciones\/\" target=\"_blank\" rel=\"noopener\">https:\/\/vrip.ubiobio.cl\/inicio\/noticias\/universidad-del-bio-bio-refuerza-su-apuesta-cientifica-con-nuevo-fondecyt-regular-en-matematica-en-el-area-de-sistemas-dinamicos-hamiltonianos-y-aplicaciones\/<\/a><\/p><hr \/><p><img decoding=\"async\" src=\"https:\/\/flashissue.s3.us-east-1.amazonaws.com\/TDenkNZjSNmvZFJS05qj_Ny4x.jpg\" \/><\/p><h3><span style=\"color: #073753\"><strong>Departamento de Ingenier\u00eda de Procesos y Bioproductos UBB inici\u00f3 a\u00f1o acad\u00e9mico con destacada charla sobre la Fosa de Atacama y los\u00a0desaf\u00edos\u00a0de hacer ciencia de frontera<\/strong><\/span><\/h3><p>Con una inspiradora conferencia sobre exploraci\u00f3n oce\u00e1nica profunda y sustentabilidad de ecosistemas extremos, el Departamento de Ingenier\u00eda de Procesos y Bioproductos de la Facultad de Ingenier\u00eda de la Universidad del B\u00edo-B\u00edo dio inicio a su a\u00f1o acad\u00e9mico, contando con la participaci\u00f3n del reconocido cient\u00edfico chileno Dr. Osvaldo Ulloa.<\/p><p>Ver m\u00e1s: <a href=\"https:\/\/vrip.ubiobio.cl\/inicio\/noticias\/departamento-de-ingenieria-de-procesos-y-bioproductos-ubb-inicio-ano-academico-con-destacada-charla-sobre-la-fosa-de-atacama-y-los-desafios-de-hacer-ciencia-de-frontera\/\" target=\"_blank\" rel=\"noopener\">https:\/\/vrip.ubiobio.cl\/inicio\/noticias\/departamento-de-ingenieria-de-procesos-y-bioproductos-ubb-inicio-ano-academico-con-destacada-charla-sobre-la-fosa-de-atacama-y-los-desafios-de-hacer-ciencia-de-frontera\/<\/a><\/p><hr \/><p><img decoding=\"async\" src=\"https:\/\/flashissue.s3.us-east-1.amazonaws.com\/GGgwzumRKqUdqg49qfY8_RElDUkVBXzc=.png\" \/><\/p><h3><span style=\"color: #073753\"><strong>Universidad del B\u00edo-B\u00edo fortalece cooperaci\u00f3n internacional para el estudio del gobierno del desastre en Chile<\/strong><\/span><\/h3><p>Con la participaci\u00f3n de investigadores nacionales e internacionales, la Universidad del B\u00edo-B\u00edo desarroll\u00f3 una intensa agenda de actividades en el marco del proyecto Fondecyt Regular N\u00b01251794, titulado \u201cGobierno del desastre en eventos extremos. Estudio de casos de estrategias gubernamentales en desastres de origen geol\u00f3gico e hidrometeorol\u00f3gicos ocurridos en Chile entre los a\u00f1os 2008 y 2024\u201d, dirigido por el investigador del Departamento de Ciencia Sociales de la Facultad de Educaci\u00f3n y Humanidades, Dr. Juan Saavedra.<\/p><p>Ver m\u00e1s: <a href=\"https:\/\/vrip.ubiobio.cl\/inicio\/noticias\/universidad-del-bio-bio-fortalece-cooperacion-internacional-para-el-estudio-del-gobierno-del-desastre-en-chile\/\" target=\"_blank\" rel=\"noopener\">https:\/\/vrip.ubiobio.cl\/inicio\/noticias\/universidad-del-bio-bio-fortalece-cooperacion-internacional-para-el-estudio-del-gobierno-del-desastre-en-chile\/<\/a><\/p><hr \/><p><img decoding=\"async\" src=\"https:\/\/flashissue.s3.us-east-1.amazonaws.com\/Ghh2o7PJT9qq7YhGen3C_MS4x.jpg\" \/><\/p><h3><span style=\"color: #073753\"><strong>Proyecto UBB valida\u00a0innovador\u00a0nanomaterial para reducir olores en la industria pesquera<\/strong><\/span><\/h3><p>El proyecto, liderado por el acad\u00e9mico\u00a0Ram\u00f3n Ahumada Rudolph, del\u00a0Laboratorio de Qu\u00edmica Aplicada y Sustentable (LabQAS), perteneciente al Departamento de Qu\u00edmica, tuvo como objetivo reducir la concentraci\u00f3n de trimetilamina, compuesto responsable de los olores caracter\u00edsticos asociados a procesos pesqueros, mediante el desarrollo de un nanomaterial adsorbente basado en redes metal-org\u00e1nicas (MOFs) y carb\u00f3n activado obtenido de carb\u00f3n mineral de Curanilahue.<\/p><p>Ver m\u00e1s: <a href=\"https:\/\/noticias.ubiobio.cl\/2026\/04\/23\/proyecto-ubb-valida-innovador-nanomaterial-para-reducir-olores-en-la-industria-pesquera\/\" target=\"_blank\" rel=\"noopener\">https:\/\/noticias.ubiobio.cl\/2026\/04\/23\/proyecto-ubb-valida-innovador-nanomaterial-para-reducir-olores-en-la-industria-pesquera\/<\/a><\/p><hr \/><p><img decoding=\"async\" src=\"https:\/\/flashissue.s3.us-east-1.amazonaws.com\/uRbeDM4NRxuiKn3Y1qnc_Mi4x.jpg\" \/><\/p><h3><span style=\"color: #073753\"><strong>Universidad del\u00a0<\/strong><strong>B\u00edo-B\u00edo impulsa nueva etapa del proyecto InES G\u00e9nero con foco en trabajo colaborativo y fortalecimiento de investigadoras\u00a0<\/strong><\/span><\/h3><p>Con el objetivo de consolidar una cultura de equidad y fortalecer la participaci\u00f3n de mujeres en investigaci\u00f3n, desarrollo, innovaci\u00f3n y emprendimiento (I+D+i+e), la Vicerrector\u00eda de Investigaci\u00f3n y Postgrado (VRIP) de la Universidad del B\u00edo-B\u00edo sostuvo una reuni\u00f3n de coordinaci\u00f3n junto a la Red de Investigadoras UBB (RIUBB), marcando el inicio de una nueva etapa del proyecto InES G\u00e9nero.<\/p><p>Ver m\u00e1s: <a href=\"https:\/\/vrip.ubiobio.cl\/inicio\/noticias\/universidad-del-bio-bio-impulsa-nueva-etapa-del-proyecto-ines-genero-con-foco-en-trabajo-colaborativo-y-fortalecimiento-de-investigadoras\/\" target=\"_blank\" rel=\"noopener\">https:\/\/vrip.ubiobio.cl\/inicio\/noticias\/universidad-del-bio-bio-impulsa-nueva-etapa-del-proyecto-ines-genero-con-foco-en-trabajo-colaborativo-y-fortalecimiento-de-investigadoras\/<\/a><\/p><hr \/><p><img decoding=\"async\" src=\"https:\/\/flashissue.s3.us-east-1.amazonaws.com\/B2XqU97Rlazms5OO8yyZ_Mw==.jpg\" \/><\/p><h3><span style=\"color: #073753\"><strong>Acad\u00e9micos UBB comparten claves para adjudicar proyectos Fondecyt en jornada de\u00a0<\/strong><strong>capacitaci\u00f3n<\/strong><\/span><\/h3><p>Con el objetivo de fortalecer las capacidades de investigaci\u00f3n y aumentar la adjudicaci\u00f3n de proyectos competitivos, la Vicerrector\u00eda de Investigaci\u00f3n y postgrado de la Universidad del B\u00edo-B\u00edo realiz\u00f3 una jornada de intercambio de experiencias sobre postulaci\u00f3n a fondos de iniciaci\u00f3n de la Agencia Nacional de Investigaci\u00f3n y Desarrollo, instancia encabezada por el subdirector de Investigaci\u00f3n y Creaci\u00f3n Art\u00edstica, Dr. Claudio Villegas.<\/p><p>Ver m\u00e1s: <a href=\"https:\/\/vrip.ubiobio.cl\/inicio\/noticias\/academicos-ubb-comparten-claves-para-adjudicar-proyectos-fondecyt-en-jornada-de-capacitacion\/\" target=\"_blank\" rel=\"noopener\">https:\/\/vrip.ubiobio.cl\/inicio\/noticias\/academicos-ubb-comparten-claves-para-adjudicar-proyectos-fondecyt-en-jornada-de-capacitacion\/<\/a><\/p><hr \/><p><img decoding=\"async\" src=\"https:\/\/flashissue.s3.us-east-1.amazonaws.com\/luRU8us6TDCdW6XeytpD_NC4x.jpg\" \/><\/p><h3><span style=\"color: #073753\"><strong>Universidad del B\u00edo-B\u00edo culmina tres a\u00f1os de liderazgo del Doctorado en Educaci\u00f3n en Consorcio y traspasa direcci\u00f3n a la Universidad Cat\u00f3lica del Maule<\/strong><\/span><\/h3><p><span>En una solemne ceremonia, realizada este jueves 16 de abril, que marc\u00f3 el inicio del a\u00f1o acad\u00e9mico del Doctorado en Educaci\u00f3n en Consorcio, la Universidad del B\u00edo-B\u00edo concret\u00f3 el traspaso de la direcci\u00f3n pro tempore del programa a la Universidad Cat\u00f3lica del Maule, cerrando as\u00ed un periodo de tres a\u00f1os de liderazgo colaborativo entre instituciones de educaci\u00f3n superior de la macrozona centro-sur del pa\u00eds.<\/span><\/p><p>Ver m\u00e1s: <a href=\"https:\/\/vrip.ubiobio.cl\/inicio\/noticias\/universidad-del-bio-bio-culmina-tres-anos-de-liderazgo-del-doctorado-en-educacion-en-consorcio-y-traspasa-direccion-a-la-universidad-catolica-del-maule\/\" target=\"_blank\" rel=\"noopener\">https:\/\/vrip.ubiobio.cl\/inicio\/noticias\/universidad-del-bio-bio-culmina-tres-anos-de-liderazgo-del-doctorado-en-educacion-en-consorcio-y-traspasa-direccion-a-la-universidad-catolica-del-maule\/<\/a><\/p><hr \/><p><img decoding=\"async\" src=\"https:\/\/flashissue.s3.us-east-1.amazonaws.com\/GZ3vsJF0QCDNsAU2iL0o_RElDUkVBXzI=.png\" \/><\/p><h3><span style=\"color: #073753\"><strong>XXXVIII Jornadas de Matem\u00e1tica de la Zona Sur convoc\u00f3 a la comunidad cient\u00edfica en la Universidad del B\u00edo-B\u00edo<\/strong><\/span><\/h3><p><span>La Universidad del B\u00edo-B\u00edo fue sede de las XXXVIII Jornadas de Matem\u00e1tica de la Zona Sur (JMZS 2026), que se desarroll\u00f3 entre el 22 y el 24 de abril de 2026 en el campus de Concepci\u00f3n. El encuentro fue organizado por el Departamento de Matem\u00e1tica de la Facultad de Ciencias y reuni\u00f3 a acad\u00e9micos, investigadores e investigadoras, as\u00ed como a estudiantes de pre y postgrado provenientes de diversas instituciones del pa\u00eds.<\/span><\/p><p>Ver m\u00e1s: <a href=\"https:\/\/vrip.ubiobio.cl\/inicio\/noticias\/xxxviii-jornadas-de-matematica-de-la-zona-sur-convoco-a-la-comunidad-cientifica-en-la-universidad-del-bio-bio\/\" target=\"_blank\" rel=\"noopener\">https:\/\/vrip.ubiobio.cl\/inicio\/noticias\/xxxviii-jornadas-de-matematica-de-la-zona-sur-convoco-a-la-comunidad-cientifica-en-la-universidad-del-bio-bio\/<\/a><\/p><hr \/><p><img decoding=\"async\" src=\"https:\/\/flashissue.s3.us-east-1.amazonaws.com\/OusgMpRvWbDIyV46OF3w_RElDUkVBXzM=.png\" \/><\/p><h3><span style=\"color: #073753\"><strong>Investigaciones abordaron los desaf\u00edos actuales del Desarrollo Territorial hacia el Siglo XXI<\/strong><\/span><\/h3><p><span>Con m\u00e1s de un centenar de asistentes se realiz\u00f3 el XIX Congreso de Econom\u00eda y Desarrollo Regional, en el Auditorio Hermann Gamm de la Universidad del B\u00edo-B\u00edo. El encuentro organizado por la Facultad de Ciencias Empresariales de la casa de estudios, a trav\u00e9s de su Departamento de Econom\u00eda y Finanzas, reuni\u00f3 a investigadores, analistas, acad\u00e9micos, gestores p\u00fablicos, representantes del mundo empresarial y estudiantes, con el objetivo de reflexionar e intercambiar ideas sobre tem\u00e1ticas claves para el desarrollo del territorio, bajo la tem\u00e1tica \u201cResiliencia y Desarrollo hacia el Siglo XXI\u201d.<\/span><\/p><p>Ver m\u00e1s: <a href=\"https:\/\/noticias.ubiobio.cl\/2026\/04\/27\/investigaciones-abordaron-los-desafios-actuales-del-desarrollo-territorial-hacia-el-siglo-xxi\/\" target=\"_blank\" rel=\"noopener\">https:\/\/noticias.ubiobio.cl\/2026\/04\/27\/investigaciones-abordaron-los-desafios-actuales-del-desarrollo-territorial-hacia-el-siglo-xxi\/<\/a><\/p><hr \/><p><img decoding=\"async\" src=\"https:\/\/flashissue.s3.us-east-1.amazonaws.com\/vGCRHqu5TAydAm2Ahi5g_VlJJUF9Cb2xldGluIGJhc2VfaW5mbw==.jpg\" \/><\/p><p><img decoding=\"async\" src=\"https:\/\/flashissue.s3.us-east-1.amazonaws.com\/egdVqSBpTbaay7MtBLXI_Ym9sZXRpbg==.png\" \/><\/p><p><strong>Celebramos el D\u00eda de la Investigaci\u00f3n e Innovaci\u00f3n UBB 2026.<\/strong>\u00a0Una jornada para reconocer, inspirar y proyectar el conocimiento que transforma nuestro entorno<\/p><p>M\u00e1s informaci\u00f3n: <a href=\"https:\/\/forms.gle\/WDtza6ziyeimKAX28\" target=\"_blank\" rel=\"noopener nofollow\">https:\/\/forms.gle\/WDtza6ziyeimKAX28<\/a><\/p><hr \/><p><img decoding=\"async\" src=\"https:\/\/flashissue.s3.us-east-1.amazonaws.com\/bhWK58HOTwmBwW5lhOet_Ym9sZXRpbiA0.png\" \/><\/p><p>Encuesta: Percepci\u00f3n sobre la Pertinencia de la Infraestructura para Investigaci\u00f3n e Innovaci\u00f3n<\/p><p>Estimado\/a Investigador\/a,<br \/>Su opini\u00f3n es fundamental para evaluar y mejorar la infraestructura orientada a la investigaci\u00f3n e innovaci\u00f3n. Por favor, dedique unos minutos a responder las siguientes preguntas:<\/p><p>M\u00e1s informaci\u00f3n: <a href=\"https:\/\/rcencuesta.dci.ubiobio.cl\/index.php\/524923\" target=\"_blank\" rel=\"noopener nofollow\">https:\/\/rcencuesta.dci.ubiobio.cl\/index.php\/524923<\/a><\/p><hr \/><p><img decoding=\"async\" src=\"https:\/\/flashissue.s3.us-east-1.amazonaws.com\/rVN28MT2S5UlcsDZX2SA_Ym9sZXRpbiAz.png\" \/><\/p><p>La Vicerrector\u00eda de Investigaci\u00f3n y Postgrado, llama a la comunidad acad\u00e9mica a postular al Concurso \u201cProyectos de Creaci\u00f3n Art\u00edstica UBB\u00a0<a href=\"tel:20262027\" target=\"_blank\" rel=\"noopener noreferrer\">2026-2027<\/a>\u201d de la Direcci\u00f3n de Investigaci\u00f3n y Creaci\u00f3n Art\u00edstica.<\/p><p>La apertura del Concurso de Creaci\u00f3n Art\u00edstica es el d\u00eda martes 20 de enero de 2026 y la fecha de cierre ser\u00e1 el d\u00eda 13 de abril de 2026 a las 18:00 hrs (nuevo plazo).<\/p><p>M\u00e1s informaci\u00f3n: <a href=\"https:\/\/vrip.ubiobio.cl\/inicio\/fondo-de-apoyo-a-la-participacion-a-eventos-internacionales-fapei\/\" target=\"_blank\" rel=\"noopener nofollow\">https:\/\/vrip.ubiobio.cl\/inicio\/fondo-de-apoyo-a-la-participacion-a-eventos-internacionales-fapei\/<\/a><\/p><hr \/><p><img decoding=\"async\" src=\"https:\/\/mail.google.com\/mail\/u\/0?ui=2&amp;ik=a753633253&amp;attid=0.0.17&amp;permmsgid=msg-f:1862389402305903002&amp;th=19d8894b45e5399a&amp;view=fimg&amp;fur=ip&amp;permmsgid=msg-f:1862389402305903002&amp;sz=s0-l75-ft&amp;attbid=ANGjdJ9p6KFNKI8_GYjknAIlJ1A7HgWMEuPEmr9WU3sDzS-D1tUtbwmsa6C88LsukzPrjQnrX1lq5k71EoWNGORAUR9cOy5-CT1xgbKDDhMO_W3L-96XsIy5fB_FGa4&amp;disp=emb&amp;realattid=ii_19d888bed41cbb1fd4811&amp;zw\" alt=\"abac5740ad9dfbbcd0f8bc1ed66eb128.jpg\" \/><\/p><p>La planificaci\u00f3n de los concursos internos se encuentra disponible en la <strong>Carta Gantt.<\/strong><\/p><p>M\u00e1s informaci\u00f3n: <a href=\"https:\/\/vrip.ubiobio.cl\/cartelera-concursos\/\" target=\"_blank\" rel=\"noopener nofollow\">https:\/\/vrip.ubiobio.cl\/cartelera-concursos\/<\/a><\/p><hr \/><p><img decoding=\"async\" src=\"https:\/\/mail.google.com\/mail\/u\/0?ui=2&amp;ik=a753633253&amp;attid=0.0.20&amp;permmsgid=msg-f:1862389402305903002&amp;th=19d8894b45e5399a&amp;view=fimg&amp;fur=ip&amp;permmsgid=msg-f:1862389402305903002&amp;sz=s0-l75-ft&amp;attbid=ANGjdJ_FZYK8oPWTwvhFWtRwAlGJATT8D0wDhPKecmbAks2ndNEGFt-PQ7kqe0j7ON6qu9eQ8Slm_cG4ymtSYCIzYIfGJq_5BGyE8jHtHlpY0BO4c57t7ZpXQ_RZItA&amp;disp=emb&amp;realattid=ii_19d888bed41ebe310a114&amp;zw\" alt=\"c4dc3838249b9fb43a967bad067dc58d.jpg\" \/><\/p><p>M\u00e1s informaci\u00f3n: <a href=\"https:\/\/postgrados.ubiobio.cl\/\" target=\"_blank\" rel=\"noopener nofollow\">https:\/\/postgrados.ubiobio.cl<\/a><\/p><hr \/><p><img decoding=\"async\" src=\"https:\/\/flashissue.s3.us-east-1.amazonaws.com\/J0iC0LFGQmzqe3BVTeeA_Ym9sZXRpbiA2.png\" \/><\/p><p>M\u00e1s informaci\u00f3n:\u00a0<a href=\"https:\/\/vrip.ubiobio.cl\/inicio\/proyectos-destacados-creacion-artistica\/\" target=\"_blank\" rel=\"noopener nofollow\">https:\/\/vrip.ubiobio.cl\/inicio\/proyectos-destacados-creacion-artistica\/<\/a><\/p><hr \/><table align=\"center\"><tbody><tr><td id=\"m_8467858756250299110m_4658873428329236187m_-7901358079350462190gmail-twitter-social-link\"><a href=\"https:\/\/www.twitter.com\/FlashIssue\" target=\"_blank\" rel=\"noopener\"><img decoding=\"async\" class=\"CToWUd alignright\" src=\"https:\/\/app.flashissue.com\/images\/social-icons\/round\/twitter\/grey\/twitter48.png\" \/><\/a><\/td><td id=\"m_8467858756250299110m_4658873428329236187m_-7901358079350462190gmail-youtube-social-link\"><a href=\"https:\/\/www.youtube.com\/channel\/UCf7o8yHRJ7Y_QQLxwu1KQgA\" target=\"_blank\" rel=\"noopener\"><img decoding=\"async\" class=\"CToWUd aligncenter\" src=\"https:\/\/app.flashissue.com\/images\/social-icons\/round\/youtube\/grey\/youtube48.png\" \/><\/a><\/td><td id=\"m_8467858756250299110m_4658873428329236187m_-7901358079350462190gmail-instagram-social-link\"><a href=\"https:\/\/www.instagram.com\/vrip_ubb\" target=\"_blank\" rel=\"noopener\"><img decoding=\"async\" class=\"CToWUd alignleft\" src=\"https:\/\/app.flashissue.com\/images\/social-icons\/round\/instagram\/grey\/instagram48.png\" \/><\/a><\/td><\/tr><\/tbody><\/table><p><img decoding=\"async\" src=\"https:\/\/flashissue.s3.us-east-1.amazonaws.com\/wn9DyI72QZaEm43a79u8_VlJJUF9Cb2xldGluIGJhc2VfcGllIHBhZw==.jpg\" \/><\/p><p style=\"text-align: center\">Vicerrector\u00eda de Investigaci\u00f3n y Postgrado &#8211; Universidad del B\u00edo-B\u00edo<br \/><span style=\"background-color: transparent\">Todos los derechos reservados.<br \/><\/span><span style=\"background-color: transparent\">Av. Collao 1202, Concepci\u00f3n \/ Av. Andr\u00e9s Bello s\/n, Chill\u00e1n<br \/><\/span><span style=\"background-color: transparent\">Comentarios a:\u00a0<\/span><strong style=\"background-color: transparent\"><a href=\"mailto:vripcomunicaciones@ubiobio.cl?subject=Comentario%20newsletter\" target=\"_blank\" rel=\"noopener\">vripcomunicaciones@ubiobio.cl<\/a><\/strong><\/p><p style=\"text-align: center\">\u00a0<\/p>                    <\/div>\n\t\t                    <\/div>\n        <\/div>\n\t\t\t\t<\/div>\n\t\t\t\t<\/div>\n\t\t\t\t\t<\/div>\n\t\t<\/div>\n\t\t\t\t\t<\/div>\n\t\t<\/section>\n\t\t\t\t<\/div>\n\t\t","protected":false},"excerpt":{"rendered":"<p>Edici\u00f3n 27 Abril 2026 Leer Editorial Leer Bolet\u00edn Innovar desde regiones: una se\u00f1al potente para el pa\u00eds En un contexto donde el conocimiento se ha transformado en el principal motor del desarrollo, los resultados alcanzados por la Universidad del B\u00edo-B\u00edo sin dudas constituyen una buena noticia institucional, y tambi\u00e9n una se\u00f1al clara del potencial que&#8230;<\/p>\n","protected":false},"author":1,"featured_media":0,"parent":41711,"menu_order":0,"comment_status":"closed","ping_status":"closed","template":"","meta":{"_kadence_starter_templates_imported_post":false,"_kad_post_transparent":"default","_kad_post_title":"hide","_kad_post_layout":"fullwidth","_kad_post_sidebar_id":"","_kad_post_content_style":"unboxed","_kad_post_vertical_padding":"hide","_kad_post_feature":"hide","_kad_post_feature_position":"","_kad_post_header":false,"_kad_post_footer":false,"footnotes":""},"class_list":["post-54111","page","type-page","status-publish","hentry"],"yoast_head":"<!-- This site is optimized with the Yoast SEO plugin v27.5 - https:\/\/yoast.com\/product\/yoast-seo-wordpress\/ -->\n<title>Informativo VRIP 27 Abril 2026 - VRIP<\/title>\n<meta name=\"robots\" content=\"index, follow, max-snippet:-1, max-image-preview:large, max-video-preview:-1\" \/>\n<link rel=\"canonical\" href=\"https:\/\/vrip.ubiobio.cl\/inicio\/informativos-vrip\/edicion-27-abril-2026\/\" \/>\n<meta property=\"og:locale\" content=\"es_ES\" \/>\n<meta property=\"og:type\" content=\"article\" \/>\n<meta property=\"og:title\" content=\"Informativo VRIP 27 Abril 2026 - VRIP\" \/>\n<meta property=\"og:description\" content=\"Edici\u00f3n 27 Abril 2026 Leer Editorial Leer Bolet\u00edn Innovar desde regiones: una se\u00f1al potente para el pa\u00eds En un contexto donde el conocimiento se ha transformado en el principal motor del desarrollo, los resultados alcanzados por la Universidad del B\u00edo-B\u00edo sin dudas constituyen una buena noticia institucional, y tambi\u00e9n una se\u00f1al clara del potencial que...\" \/>\n<meta property=\"og:url\" content=\"https:\/\/vrip.ubiobio.cl\/inicio\/informativos-vrip\/edicion-27-abril-2026\/\" \/>\n<meta property=\"og:site_name\" content=\"VRIP\" \/>\n<meta property=\"article:modified_time\" content=\"2026-04-27T18:35:21+00:00\" \/>\n<meta property=\"og:image\" content=\"https:\/\/flashissue.s3.us-east-1.amazonaws.com\/zr1y47bcRTuozanm0ZZ7_VlJJUF9Cb2xldGluIGJhc2VfZWRpdA==.jpg\" \/>\n<meta name=\"twitter:card\" content=\"summary_large_image\" \/>\n<meta name=\"twitter:site\" content=\"@vripubb\" \/>\n<meta name=\"twitter:label1\" content=\"Tiempo de lectura\" \/>\n\t<meta name=\"twitter:data1\" content=\"8 minutos\" \/>\n<script type=\"application\/ld+json\" class=\"yoast-schema-graph\">{\"@context\":\"https:\\\/\\\/schema.org\",\"@graph\":[{\"@type\":\"WebPage\",\"@id\":\"https:\\\/\\\/vrip.ubiobio.cl\\\/inicio\\\/informativos-vrip\\\/edicion-27-abril-2026\\\/\",\"url\":\"https:\\\/\\\/vrip.ubiobio.cl\\\/inicio\\\/informativos-vrip\\\/edicion-27-abril-2026\\\/\",\"name\":\"Informativo VRIP 27 Abril 2026 - VRIP\",\"isPartOf\":{\"@id\":\"https:\\\/\\\/vrip.ubiobio.cl\\\/inicio\\\/#website\"},\"primaryImageOfPage\":{\"@id\":\"https:\\\/\\\/vrip.ubiobio.cl\\\/inicio\\\/informativos-vrip\\\/edicion-27-abril-2026\\\/#primaryimage\"},\"image\":{\"@id\":\"https:\\\/\\\/vrip.ubiobio.cl\\\/inicio\\\/informativos-vrip\\\/edicion-27-abril-2026\\\/#primaryimage\"},\"thumbnailUrl\":\"https:\\\/\\\/flashissue.s3.us-east-1.amazonaws.com\\\/zr1y47bcRTuozanm0ZZ7_VlJJUF9Cb2xldGluIGJhc2VfZWRpdA==.jpg\",\"datePublished\":\"2026-04-24T20:54:51+00:00\",\"dateModified\":\"2026-04-27T18:35:21+00:00\",\"breadcrumb\":{\"@id\":\"https:\\\/\\\/vrip.ubiobio.cl\\\/inicio\\\/informativos-vrip\\\/edicion-27-abril-2026\\\/#breadcrumb\"},\"inLanguage\":\"es\",\"potentialAction\":[{\"@type\":\"ReadAction\",\"target\":[\"https:\\\/\\\/vrip.ubiobio.cl\\\/inicio\\\/informativos-vrip\\\/edicion-27-abril-2026\\\/\"]}]},{\"@type\":\"ImageObject\",\"inLanguage\":\"es\",\"@id\":\"https:\\\/\\\/vrip.ubiobio.cl\\\/inicio\\\/informativos-vrip\\\/edicion-27-abril-2026\\\/#primaryimage\",\"url\":\"https:\\\/\\\/flashissue.s3.us-east-1.amazonaws.com\\\/zr1y47bcRTuozanm0ZZ7_VlJJUF9Cb2xldGluIGJhc2VfZWRpdA==.jpg\",\"contentUrl\":\"https:\\\/\\\/flashissue.s3.us-east-1.amazonaws.com\\\/zr1y47bcRTuozanm0ZZ7_VlJJUF9Cb2xldGluIGJhc2VfZWRpdA==.jpg\"},{\"@type\":\"BreadcrumbList\",\"@id\":\"https:\\\/\\\/vrip.ubiobio.cl\\\/inicio\\\/informativos-vrip\\\/edicion-27-abril-2026\\\/#breadcrumb\",\"itemListElement\":[{\"@type\":\"ListItem\",\"position\":1,\"name\":\"Portada\",\"item\":\"https:\\\/\\\/vrip.ubiobio.cl\\\/inicio\\\/\"},{\"@type\":\"ListItem\",\"position\":2,\"name\":\"Informativos VRIP\",\"item\":\"https:\\\/\\\/vrip.ubiobio.cl\\\/inicio\\\/informativos-vrip\\\/\"},{\"@type\":\"ListItem\",\"position\":3,\"name\":\"Informativo VRIP 27 Abril 2026\"}]},{\"@type\":\"WebSite\",\"@id\":\"https:\\\/\\\/vrip.ubiobio.cl\\\/inicio\\\/#website\",\"url\":\"https:\\\/\\\/vrip.ubiobio.cl\\\/inicio\\\/\",\"name\":\"VRIP\",\"description\":\"Vicerrector\u00eda de Investigaci\u00f3n y Postgrado\",\"publisher\":{\"@id\":\"https:\\\/\\\/vrip.ubiobio.cl\\\/inicio\\\/#organization\"},\"potentialAction\":[{\"@type\":\"SearchAction\",\"target\":{\"@type\":\"EntryPoint\",\"urlTemplate\":\"https:\\\/\\\/vrip.ubiobio.cl\\\/inicio\\\/?s={search_term_string}\"},\"query-input\":{\"@type\":\"PropertyValueSpecification\",\"valueRequired\":true,\"valueName\":\"search_term_string\"}}],\"inLanguage\":\"es\"},{\"@type\":\"Organization\",\"@id\":\"https:\\\/\\\/vrip.ubiobio.cl\\\/inicio\\\/#organization\",\"name\":\"VRIP\",\"url\":\"https:\\\/\\\/vrip.ubiobio.cl\\\/inicio\\\/\",\"logo\":{\"@type\":\"ImageObject\",\"inLanguage\":\"es\",\"@id\":\"https:\\\/\\\/vrip.ubiobio.cl\\\/inicio\\\/#\\\/schema\\\/logo\\\/image\\\/\",\"url\":\"https:\\\/\\\/vrip.ubiobio.cl\\\/wp-content\\\/uploads\\\/2022\\\/10\\\/logo-vrip_Mesa-de-trabajo-1.png\",\"contentUrl\":\"https:\\\/\\\/vrip.ubiobio.cl\\\/wp-content\\\/uploads\\\/2022\\\/10\\\/logo-vrip_Mesa-de-trabajo-1.png\",\"width\":642,\"height\":178,\"caption\":\"VRIP\"},\"image\":{\"@id\":\"https:\\\/\\\/vrip.ubiobio.cl\\\/inicio\\\/#\\\/schema\\\/logo\\\/image\\\/\"},\"sameAs\":[\"https:\\\/\\\/x.com\\\/vripubb\",\"https:\\\/\\\/www.instagram.com\\\/vrip_ubb\\\/\",\"https:\\\/\\\/www.youtube.com\\\/channel\\\/UCf7o8yHRJ7Y_QQLxwu1KQgA\",\"https:\\\/\\\/www.linkedin.com\\\/company\\\/96035097\\\/admin\\\/dashboard\\\/\"]}]}<\/script>\n<!-- \/ Yoast SEO plugin. -->","yoast_head_json":{"title":"Informativo VRIP 27 Abril 2026 - VRIP","robots":{"index":"index","follow":"follow","max-snippet":"max-snippet:-1","max-image-preview":"max-image-preview:large","max-video-preview":"max-video-preview:-1"},"canonical":"https:\/\/vrip.ubiobio.cl\/inicio\/informativos-vrip\/edicion-27-abril-2026\/","og_locale":"es_ES","og_type":"article","og_title":"Informativo VRIP 27 Abril 2026 - VRIP","og_description":"Edici\u00f3n 27 Abril 2026 Leer Editorial Leer Bolet\u00edn Innovar desde regiones: una se\u00f1al potente para el pa\u00eds En un contexto donde el conocimiento se ha transformado en el principal motor del desarrollo, los resultados alcanzados por la Universidad del B\u00edo-B\u00edo sin dudas constituyen una buena noticia institucional, y tambi\u00e9n una se\u00f1al clara del potencial que...","og_url":"https:\/\/vrip.ubiobio.cl\/inicio\/informativos-vrip\/edicion-27-abril-2026\/","og_site_name":"VRIP","article_modified_time":"2026-04-27T18:35:21+00:00","og_image":[{"url":"https:\/\/flashissue.s3.us-east-1.amazonaws.com\/zr1y47bcRTuozanm0ZZ7_VlJJUF9Cb2xldGluIGJhc2VfZWRpdA==.jpg","type":"","width":"","height":""}],"twitter_card":"summary_large_image","twitter_site":"@vripubb","twitter_misc":{"Tiempo de lectura":"8 minutos"},"schema":{"@context":"https:\/\/schema.org","@graph":[{"@type":"WebPage","@id":"https:\/\/vrip.ubiobio.cl\/inicio\/informativos-vrip\/edicion-27-abril-2026\/","url":"https:\/\/vrip.ubiobio.cl\/inicio\/informativos-vrip\/edicion-27-abril-2026\/","name":"Informativo VRIP 27 Abril 2026 - VRIP","isPartOf":{"@id":"https:\/\/vrip.ubiobio.cl\/inicio\/#website"},"primaryImageOfPage":{"@id":"https:\/\/vrip.ubiobio.cl\/inicio\/informativos-vrip\/edicion-27-abril-2026\/#primaryimage"},"image":{"@id":"https:\/\/vrip.ubiobio.cl\/inicio\/informativos-vrip\/edicion-27-abril-2026\/#primaryimage"},"thumbnailUrl":"https:\/\/flashissue.s3.us-east-1.amazonaws.com\/zr1y47bcRTuozanm0ZZ7_VlJJUF9Cb2xldGluIGJhc2VfZWRpdA==.jpg","datePublished":"2026-04-24T20:54:51+00:00","dateModified":"2026-04-27T18:35:21+00:00","breadcrumb":{"@id":"https:\/\/vrip.ubiobio.cl\/inicio\/informativos-vrip\/edicion-27-abril-2026\/#breadcrumb"},"inLanguage":"es","potentialAction":[{"@type":"ReadAction","target":["https:\/\/vrip.ubiobio.cl\/inicio\/informativos-vrip\/edicion-27-abril-2026\/"]}]},{"@type":"ImageObject","inLanguage":"es","@id":"https:\/\/vrip.ubiobio.cl\/inicio\/informativos-vrip\/edicion-27-abril-2026\/#primaryimage","url":"https:\/\/flashissue.s3.us-east-1.amazonaws.com\/zr1y47bcRTuozanm0ZZ7_VlJJUF9Cb2xldGluIGJhc2VfZWRpdA==.jpg","contentUrl":"https:\/\/flashissue.s3.us-east-1.amazonaws.com\/zr1y47bcRTuozanm0ZZ7_VlJJUF9Cb2xldGluIGJhc2VfZWRpdA==.jpg"},{"@type":"BreadcrumbList","@id":"https:\/\/vrip.ubiobio.cl\/inicio\/informativos-vrip\/edicion-27-abril-2026\/#breadcrumb","itemListElement":[{"@type":"ListItem","position":1,"name":"Portada","item":"https:\/\/vrip.ubiobio.cl\/inicio\/"},{"@type":"ListItem","position":2,"name":"Informativos VRIP","item":"https:\/\/vrip.ubiobio.cl\/inicio\/informativos-vrip\/"},{"@type":"ListItem","position":3,"name":"Informativo VRIP 27 Abril 2026"}]},{"@type":"WebSite","@id":"https:\/\/vrip.ubiobio.cl\/inicio\/#website","url":"https:\/\/vrip.ubiobio.cl\/inicio\/","name":"VRIP","description":"Vicerrector\u00eda de Investigaci\u00f3n y Postgrado","publisher":{"@id":"https:\/\/vrip.ubiobio.cl\/inicio\/#organization"},"potentialAction":[{"@type":"SearchAction","target":{"@type":"EntryPoint","urlTemplate":"https:\/\/vrip.ubiobio.cl\/inicio\/?s={search_term_string}"},"query-input":{"@type":"PropertyValueSpecification","valueRequired":true,"valueName":"search_term_string"}}],"inLanguage":"es"},{"@type":"Organization","@id":"https:\/\/vrip.ubiobio.cl\/inicio\/#organization","name":"VRIP","url":"https:\/\/vrip.ubiobio.cl\/inicio\/","logo":{"@type":"ImageObject","inLanguage":"es","@id":"https:\/\/vrip.ubiobio.cl\/inicio\/#\/schema\/logo\/image\/","url":"https:\/\/vrip.ubiobio.cl\/wp-content\/uploads\/2022\/10\/logo-vrip_Mesa-de-trabajo-1.png","contentUrl":"https:\/\/vrip.ubiobio.cl\/wp-content\/uploads\/2022\/10\/logo-vrip_Mesa-de-trabajo-1.png","width":642,"height":178,"caption":"VRIP"},"image":{"@id":"https:\/\/vrip.ubiobio.cl\/inicio\/#\/schema\/logo\/image\/"},"sameAs":["https:\/\/x.com\/vripubb","https:\/\/www.instagram.com\/vrip_ubb\/","https:\/\/www.youtube.com\/channel\/UCf7o8yHRJ7Y_QQLxwu1KQgA","https:\/\/www.linkedin.com\/company\/96035097\/admin\/dashboard\/"]}]}},"_links":{"self":[{"href":"https:\/\/vrip.ubiobio.cl\/inicio\/wp-json\/wp\/v2\/pages\/54111","targetHints":{"allow":["GET"]}}],"collection":[{"href":"https:\/\/vrip.ubiobio.cl\/inicio\/wp-json\/wp\/v2\/pages"}],"about":[{"href":"https:\/\/vrip.ubiobio.cl\/inicio\/wp-json\/wp\/v2\/types\/page"}],"author":[{"embeddable":true,"href":"https:\/\/vrip.ubiobio.cl\/inicio\/wp-json\/wp\/v2\/users\/1"}],"replies":[{"embeddable":true,"href":"https:\/\/vrip.ubiobio.cl\/inicio\/wp-json\/wp\/v2\/comments?post=54111"}],"version-history":[{"count":10,"href":"https:\/\/vrip.ubiobio.cl\/inicio\/wp-json\/wp\/v2\/pages\/54111\/revisions"}],"predecessor-version":[{"id":54216,"href":"https:\/\/vrip.ubiobio.cl\/inicio\/wp-json\/wp\/v2\/pages\/54111\/revisions\/54216"}],"up":[{"embeddable":true,"href":"https:\/\/vrip.ubiobio.cl\/inicio\/wp-json\/wp\/v2\/pages\/41711"}],"wp:attachment":[{"href":"https:\/\/vrip.ubiobio.cl\/inicio\/wp-json\/wp\/v2\/media?parent=54111"}],"curies":[{"name":"wp","href":"https:\/\/api.w.org\/{rel}","templated":true}]}}