{"id":53875,"date":"2026-04-10T20:10:21","date_gmt":"2026-04-10T20:10:21","guid":{"rendered":"https:\/\/vrip.ubiobio.cl\/inicio\/?page_id=53875"},"modified":"2026-04-27T16:39:14","modified_gmt":"2026-04-27T16:39:14","slug":"edicion-13-abril-2026","status":"publish","type":"page","link":"https:\/\/vrip.ubiobio.cl\/inicio\/informativos-vrip\/edicion-13-abril-2026\/","title":{"rendered":"Informativo VRIP 13 Abril 2026"},"content":{"rendered":"\t\t<div data-elementor-type=\"wp-page\" data-elementor-id=\"53875\" class=\"elementor elementor-53875\" data-elementor-settings=\"{&quot;ha_cmc_init_switcher&quot;:&quot;no&quot;}\">\n\t\t\t\t\t\t<section class=\"elementor-section elementor-top-section elementor-element elementor-element-f37001d elementor-section-height-min-height elementor-section-boxed elementor-section-height-default elementor-section-items-middle\" data-id=\"f37001d\" data-element_type=\"section\" data-e-type=\"section\" data-settings=\"{&quot;background_background&quot;:&quot;classic&quot;,&quot;_ha_eqh_enable&quot;:false}\">\n\t\t\t\t\t\t<div class=\"elementor-container elementor-column-gap-default\">\n\t\t\t\t\t<div class=\"elementor-column elementor-col-100 elementor-top-column elementor-element elementor-element-34864aa elementor-invisible\" data-id=\"34864aa\" data-element_type=\"column\" data-e-type=\"column\" data-settings=\"{&quot;animation&quot;:&quot;slideInDown&quot;}\">\n\t\t\t<div class=\"elementor-widget-wrap elementor-element-populated\">\n\t\t\t\t\t\t<div class=\"elementor-element elementor-element-98500eb elementor-widget elementor-widget-heading\" data-id=\"98500eb\" data-element_type=\"widget\" data-e-type=\"widget\" data-widget_type=\"heading.default\">\n\t\t\t\t<div class=\"elementor-widget-container\">\n\t\t\t\t\t<h3 class=\"elementor-heading-title elementor-size-xl\">Edici\u00f3n 13 Abril 2026<\/h3>\t\t\t\t<\/div>\n\t\t\t\t<\/div>\n\t\t\t\t\t<\/div>\n\t\t<\/div>\n\t\t\t\t\t<\/div>\n\t\t<\/section>\n\t\t\t\t<section class=\"elementor-section elementor-top-section elementor-element elementor-element-9e6f6cd elementor-section-boxed elementor-section-height-default elementor-section-height-default\" data-id=\"9e6f6cd\" data-element_type=\"section\" data-e-type=\"section\" data-settings=\"{&quot;_ha_eqh_enable&quot;:false}\">\n\t\t\t\t\t\t<div class=\"elementor-container elementor-column-gap-default\">\n\t\t\t\t\t<div class=\"elementor-column elementor-col-100 elementor-top-column elementor-element elementor-element-7a0d97e\" data-id=\"7a0d97e\" data-element_type=\"column\" data-e-type=\"column\">\n\t\t\t<div class=\"elementor-widget-wrap elementor-element-populated\">\n\t\t\t\t\t\t<div class=\"elementor-element elementor-element-4fa6cef elementor-widget elementor-widget-eael-adv-tabs\" data-id=\"4fa6cef\" data-element_type=\"widget\" data-e-type=\"widget\" data-widget_type=\"eael-adv-tabs.default\">\n\t\t\t\t<div class=\"elementor-widget-container\">\n\t\t\t\t\t        <div data-scroll-on-click=\"no\" data-scroll-speed=\"300\" id=\"eael-advance-tabs-4fa6cef\" class=\"eael-advance-tabs eael-tabs-horizontal eael-tab-auto-active \" data-tabid=\"4fa6cef\">\n            <div class=\"eael-tabs-nav \">\n                <ul class=\"eael-tab-inline-icon\" role=\"tablist\">\n                                            <li id=\"leer-editorial\" class=\"active-default eael-tab-item-trigger eael-tab-nav-item\" aria-selected=\"true\" data-tab=\"1\" role=\"tab\" tabindex=\"0\" aria-controls=\"leer-editorial-tab\" aria-expanded=\"false\">\n                            \n                                                                <i class=\"fas fa-scroll\"><\/i>                                                            \n                                                            <span class=\"eael-tab-title title-after-icon\" >Leer Editorial<\/span>                            \n                                                    <\/li>\n                                            <li id=\"leer-boletn\" class=\"inactive eael-tab-item-trigger eael-tab-nav-item\" aria-selected=\"false\" data-tab=\"2\" role=\"tab\" tabindex=\"-1\" aria-controls=\"leer-boletn-tab\" aria-expanded=\"false\">\n                            \n                                                                <i class=\"far fa-newspaper\"><\/i>                                                            \n                                                            <span class=\"eael-tab-title title-after-icon\" >Leer Bolet\u00edn<\/span>                            \n                                                    <\/li>\n                    \n                                  <\/ul>\n            <\/div>\n            \n            <div class=\"eael-tabs-content\">\n\t\t        \n                    <div id=\"leer-editorial-tab\" class=\"clearfix eael-tab-content-item active-default\" data-title-link=\"leer-editorial-tab\">\n\t\t\t\t        <p><img decoding=\"async\" src=\"https:\/\/flashissue.s3.us-east-1.amazonaws.com\/zr1y47bcRTuozanm0ZZ7_VlJJUF9Cb2xldGluIGJhc2VfZWRpdA==.jpg\" \/><\/p><h3><span style=\"color: #083854\"><strong>Universidad del B\u00edo-B\u00edo: conocimiento p\u00fablico al servicio del territorio<\/strong><\/span><\/h3><p>En tiempos en que el desarrollo regional exige respuestas concretas, sostenidas y con sentido p\u00fablico, el rol de la Universidad del B\u00edo-B\u00edo se consolida como un actor estrat\u00e9gico para el presente y futuro de las regiones de \u00d1uble y Biob\u00edo. En este escenario, la Vicerrector\u00eda de Investigaci\u00f3n y Postgrado, VRIP, ha emergido como uno de los pilares fundamentales para articular conocimiento, innovaci\u00f3n y compromiso territorial.<br \/><br \/>La reciente Cuenta P\u00fablica del rector da cuenta de una universidad que no solo crece en indicadores, sino que fortalece su identidad como instituci\u00f3n estatal, regional y birregional, con una misi\u00f3n clara: contribuir al bienestar de las comunidades desde la generaci\u00f3n de conocimiento pertinente. En esa tarea, la Vicerrector\u00eda ha sido clave al impulsar una agenda cient\u00edfica conectada con los desaf\u00edos productivos, sociales y ambientales de ambos territorios.<br \/><br \/>Los avances son evidentes. El aumento en la adjudicaci\u00f3n de proyectos de investigaci\u00f3n, el fortalecimiento de publicaciones cient\u00edficas de alto impacto y la instalaci\u00f3n de capacidades en innovaci\u00f3n y transferencia tecnol\u00f3gica no son logros aislados, sino parte de una estrategia coherente. Esta estrategia busca posicionar a la universidad como generadora de conocimiento y como un agente activo en la transformaci\u00f3n del entorno.<br \/><br \/>Particularmente relevante es el impulso a iniciativas que dialogan directamente con las necesidades regionales: desde el desarrollo de infraestructura y planificaci\u00f3n urbana, hasta el apoyo a la transformaci\u00f3n digital de municipios y el fortalecimiento de sectores productivos. La creaci\u00f3n de centros de innovaci\u00f3n, como el orientado a la industria 4.0, evidencia una mirada de futuro que conecta academia, empresa y sector p\u00fablico bajo un modelo de colaboraci\u00f3n virtuosa.<br \/><br \/>A ello se suma un aspecto que no puede pasar desapercibido: el enfoque en equidad de g\u00e9nero, formaci\u00f3n de capital humano avanzado y apoyo al emprendimiento cient\u00edfico, especialmente liderado por mujeres. Estos avances enriquecen el ecosistema universitario, como tambi\u00e9n contribuyen a construir una sociedad m\u00e1s justa e inclusiva.<br \/><br \/>En definitiva, la Vicerrector\u00eda de Investigaci\u00f3n y Postgrado, VRIP-UBB, ha logrado consolidar una visi\u00f3n de desarrollo basada en la pertinencia territorial, la excelencia acad\u00e9mica y el compromiso p\u00fablico.<\/p><p><strong>VRIP Comunicaciones<\/strong><\/p><table align=\"center\"><tbody><tr><td id=\"m_8467858756250299110m_4658873428329236187m_-7901358079350462190gmail-twitter-social-link\"><a href=\"https:\/\/www.twitter.com\/FlashIssue\" target=\"_blank\" rel=\"noopener\"><img decoding=\"async\" class=\"CToWUd alignright\" src=\"https:\/\/app.flashissue.com\/images\/social-icons\/round\/twitter\/grey\/twitter48.png\" \/><\/a><\/td><td>\u00a0<\/td><td id=\"m_8467858756250299110m_4658873428329236187m_-7901358079350462190gmail-youtube-social-link\"><a href=\"https:\/\/www.youtube.com\/channel\/UCf7o8yHRJ7Y_QQLxwu1KQgA\" target=\"_blank\" rel=\"noopener\"><img decoding=\"async\" class=\"CToWUd aligncenter\" src=\"https:\/\/app.flashissue.com\/images\/social-icons\/round\/youtube\/grey\/youtube48.png\" \/><\/a><\/td><td>\u00a0<\/td><td id=\"m_8467858756250299110m_4658873428329236187m_-7901358079350462190gmail-instagram-social-link\"><a href=\"https:\/\/www.instagram.com\/vrip_ubb\" target=\"_blank\" rel=\"noopener\"><img decoding=\"async\" class=\"CToWUd alignleft\" src=\"https:\/\/app.flashissue.com\/images\/social-icons\/round\/instagram\/grey\/instagram48.png\" \/><\/a><\/td><\/tr><\/tbody><\/table><p><a href=\"https:\/\/vrip.ubiobio.cl\/informativos-vrip\/\" target=\"_blank\" rel=\"noopener\"><img fetchpriority=\"high\" decoding=\"async\" class=\"aligncenter\" src=\"https:\/\/flashissue.s3.us-east-1.amazonaws.com\/wn9DyI72QZaEm43a79u8_VlJJUF9Cb2xldGluIGJhc2VfcGllIHBhZw==.jpg\" width=\"616\" height=\"121\" \/><\/a><\/p><p style=\"text-align: center\">Vicerrector\u00eda de Investigaci\u00f3n y Postgrado &#8211; Universidad del B\u00edo-B\u00edo<br \/><span style=\"background-color: transparent\">Todos los derechos reservados.<br \/><\/span><span style=\"background-color: transparent\">Av. Collao 1202, Concepci\u00f3n \/ Av. Andr\u00e9s Bello s\/n, Chill\u00e1n<br \/><\/span><span style=\"background-color: transparent\">Comentarios a:\u00a0<\/span><strong style=\"background-color: transparent\"><a href=\"mailto:vripcomunicaciones@ubiobio.cl?subject=Comentario%20newsletter\" target=\"_blank\" rel=\"noopener\">vripcomunicaciones@ubiobio.cl<\/a><\/strong><\/p>                    <\/div>\n\t\t        \n                    <div id=\"leer-boletn-tab\" class=\"clearfix eael-tab-content-item inactive\" data-title-link=\"leer-boletn-tab\">\n\t\t\t\t        <p><img decoding=\"async\" class=\"alignnone size-full wp-image-52860\" src=\"https:\/\/vrip.ubiobio.cl\/wp-content\/uploads\/2026\/01\/VRIP_Boletin-base-2026.jpg\" alt=\"\" width=\"1738\" height=\"604\" srcset=\"https:\/\/vrip.ubiobio.cl\/wp-content\/uploads\/2026\/01\/VRIP_Boletin-base-2026.jpg 1738w, https:\/\/vrip.ubiobio.cl\/wp-content\/uploads\/2026\/01\/VRIP_Boletin-base-2026-380x132.jpg 380w, https:\/\/vrip.ubiobio.cl\/wp-content\/uploads\/2026\/01\/VRIP_Boletin-base-2026-1024x356.jpg 1024w, https:\/\/vrip.ubiobio.cl\/wp-content\/uploads\/2026\/01\/VRIP_Boletin-base-2026-768x267.jpg 768w, https:\/\/vrip.ubiobio.cl\/wp-content\/uploads\/2026\/01\/VRIP_Boletin-base-2026-1536x534.jpg 1536w\" sizes=\"(max-width: 1738px) 100vw, 1738px\" \/><\/p><h3><img decoding=\"async\" src=\"https:\/\/flashissue.s3.us-east-1.amazonaws.com\/uNgTeNuNRZiXiWJTdWpm_VlJJUF9Cb2xldGluIGJhc2VfZWRpdA==.jpg\" \/><\/h3><h3><strong><span style=\"color: #073753\">Universidad del B\u00edo-B\u00edo: conocimiento p\u00fablico al servicio del territorio<\/span><\/strong><\/h3><p>Ver m\u00e1s: <a href=\"https:\/\/vrip.ubiobio.cl\/inicio\/informativos-vrip\/edicion-13-abril-2026\/\" target=\"_blank\" rel=\"noopener nofollow\">https:\/\/vrip.ubiobio.cl\/inicio\/informativos-vrip\/edicion-13-abril-2026\/<\/a><\/p><hr \/><p><img decoding=\"async\" src=\"https:\/\/mail.google.com\/mail\/u\/0?ui=2&amp;ik=a753633253&amp;attid=0.0.3&amp;permmsgid=msg-f:1862389402305903002&amp;th=19d8894b45e5399a&amp;view=fimg&amp;fur=ip&amp;permmsgid=msg-f:1862389402305903002&amp;sz=s0-l75-ft&amp;attbid=ANGjdJ9qjV4nU3WoUCyiEun4UhPm9Dff4nqety2pKjggUWUKfkpd52z1up3bCOeyy_c8-U8oeaItWFASLwNpYriY-SVOOLl5lzlF6Jh826rhUiuMxlYUXq0k4XS71oU&amp;disp=emb&amp;realattid=ii_19d888bed414f6077073&amp;zw\" alt=\"c98f5f97c03cd1232825fb4e96d485f4.png\" \/><\/p><h3><strong><span style=\"color: #073753\">Cuenta P\u00fablica UBB destaca rol estrat\u00e9gico de la Vicerrector\u00eda de Investigaci\u00f3n y Postgrado en el desarrollo de los territorios de \u00d1uble y Biob\u00edo<\/span><\/strong><\/h3><p>En el marco del aniversario institucional, la Universidad del B\u00edo-B\u00edo realiz\u00f3, este jueves 9 de abril, en Concepci\u00f3n y Chill\u00e1n, su Cuenta P\u00fablica, instancia en la que se dieron a conocer los principales avances, logros y desaf\u00edos del \u00faltimo periodo, evidenciando el trabajo articulado de toda su comunidad universitaria.<\/p><p>Ver m\u00e1s: <a href=\"https:\/\/vrip.ubiobio.cl\/inicio\/noticias\/cuenta-publica-ubb-destaca-rol-estrategico-de-la-vicerrectoria-de-investigacion-y-postgrado-en-el-desarrollo-de-los-territorios-de-nuble-y-biobio\/\" target=\"_blank\" rel=\"noopener nofollow\">https:\/\/vrip.ubiobio.cl\/inicio\/noticias\/cuenta-publica-ubb-destaca-rol-estrategico-de-la-vicerrectoria-de-investigacion-y-postgrado-en-el-desarrollo-de-los-territorios-de-nuble-y-biobio\/<\/a><\/p><hr \/><h3><span style=\"color: #073753\"><strong><img decoding=\"async\" src=\"https:\/\/mail.google.com\/mail\/u\/0?ui=2&amp;ik=a753633253&amp;attid=0.0.4&amp;permmsgid=msg-f:1862389402305903002&amp;th=19d8894b45e5399a&amp;view=fimg&amp;fur=ip&amp;permmsgid=msg-f:1862389402305903002&amp;sz=s0-l75-ft&amp;attbid=ANGjdJ_5AkGN1fJx-2eSeI11lW5aKfQLk_dLKv2C5veuGxgg5y7KMikWXzcO6b1FdlvU4_sRCTLt1ixCsZRfoj-mL3GgKr0gEDUriTHU5d3JXZ-8TXMXbAEQvv9KX1g&amp;disp=emb&amp;realattid=ii_19d888bed419d59343a4&amp;zw\" alt=\"5ead26da95ec68700c83c966c4a11f95.png\" \/><\/strong><\/span><\/h3><h3><span style=\"color: #073753\"><strong>Investigador de la Universidad del B\u00edo-B\u00edo se adjudica Fondecyt Regular 2026 con innovador proyecto en an\u00e1lisis num\u00e9rico<\/strong><\/span><\/h3><p>El acad\u00e9mico e investigador Dr. David Mora Herrera, del Departamento de Matem\u00e1tica de la Facultad de Ciencias de la Universidad del B\u00edo-B\u00edo, fue uno de los cinco ganadores UBB del concurso Fondecyt Regular 2026 de la Agencia Nacional de Investigaci\u00f3n y Desarrollo, consolidando una destacada trayectoria en el \u00e1mbito del an\u00e1lisis num\u00e9rico y la investigaci\u00f3n matem\u00e1tica aplicada.<\/p><p>Ver m\u00e1s: <a href=\"https:\/\/vrip.ubiobio.cl\/inicio\/noticias\/investigador-de-la-universidad-del-bio-bio-se-adjudica-fondecyt-regular-2026-con-innovador-proyecto-en-analisis-numerico\/\" target=\"_blank\" rel=\"noopener nofollow\">https:\/\/vrip.ubiobio.cl\/inicio\/noticias\/investigador-de-la-universidad-del-bio-bio-se-adjudica-fondecyt-regular-2026-con-innovador-proyecto-en-analisis-numerico\/<\/a><\/p><hr \/><p><img decoding=\"async\" src=\"https:\/\/mail.google.com\/mail\/u\/0?ui=2&amp;ik=a753633253&amp;attid=0.0.5&amp;permmsgid=msg-f:1862389402305903002&amp;th=19d8894b45e5399a&amp;view=fimg&amp;fur=ip&amp;permmsgid=msg-f:1862389402305903002&amp;sz=s0-l75-ft&amp;attbid=ANGjdJ9T88I-gRc8LaZahSBM-xLxCBUgaXraTcZRErqq4SgEH_H1T6LglDTr7XWXjgC5ZzyxwNu0br_7ucfpy_QOdCeFZ9X76oMekicDVnhO60WaCNju7dT5sl2ycgU&amp;disp=emb&amp;realattid=ii_19d888bed411742a62e5&amp;zw\" alt=\"0ba84a3c04d9bfdde0c3b1a043e11dab.jpg\" \/><\/p><h3><strong><span style=\"color: #073753\">Direcci\u00f3n de Postgrado reconoce a estudiantes que adjudicaron becas ANID 2026 para realizar sus estudios en la UBB<\/span><\/strong><\/h3><p>En un ambiente de camarader\u00eda y reconocimiento, la Vicerrector\u00eda de Investigaci\u00f3n y Postgrado de la Universidad del B\u00edo-B\u00edo, a trav\u00e9s de la Direcci\u00f3n de Postgrado realiz\u00f3 un desayuno en honor a estudiantes de mag\u00edster y doctorado que adjudicaron becas de la Agencia Nacional de Investigaci\u00f3n y Desarrollo (ANID) 2026, destacando su excelencia acad\u00e9mica y compromiso con la generaci\u00f3n de conocimiento.<\/p><p>Ver m\u00e1s: <a href=\"https:\/\/vrip.ubiobio.cl\/inicio\/noticias\/direccion-de-postgrado-reconoce-a-estudiantes-que-adjudicaron-becas-anid-2026-para-realizar-sus-estudios-en-la-ubb\/\" target=\"_blank\" rel=\"noopener nofollow\">https:\/\/vrip.ubiobio.cl\/inicio\/noticias\/direccion-de-postgrado-reconoce-a-estudiantes-que-adjudicaron-becas-anid-2026-para-realizar-sus-estudios-en-la-ubb\/<\/a><\/p><hr \/><p><img decoding=\"async\" src=\"https:\/\/mail.google.com\/mail\/u\/0?ui=2&amp;ik=a753633253&amp;attid=0.0.6&amp;permmsgid=msg-f:1862389402305903002&amp;th=19d8894b45e5399a&amp;view=fimg&amp;fur=ip&amp;permmsgid=msg-f:1862389402305903002&amp;sz=s0-l75-ft&amp;attbid=ANGjdJ97N8WbdlqqgXC2_dfJbc36o0XJDbDedL3ieyxZ8kJ5YMjHDEKyib3ag6el92WqMuRNgKoPJntuK_uUzwyjUEwWr7-tSwiec0kKBSceVZ6eGY2eouM8_06h5xQ&amp;disp=emb&amp;realattid=ii_19d888bed414c325fcc6&amp;zw\" alt=\"74c6c4fdee125388c9c369a290651d80.jpg\" \/><\/p><h3><strong><span style=\"color: #073753\">UBB avanza en validaci\u00f3n estructural de muros impresos en 3D para construcci\u00f3n en Chile<\/span><\/strong><\/h3><p>La Universidad del B\u00edo-B\u00edo alcanz\u00f3 un importante avance en el desarrollo de la construcci\u00f3n aditiva en Chile, al realizar ensayos estructurales de muros impresos en 3D, cumpliendo con las estrictas exigencias s\u00edsmicas del pa\u00eds. Este logro posiciona a la instituci\u00f3n como referente en innovaci\u00f3n aplicada a la construcci\u00f3n sustentable y abre nuevas perspectivas para el desarrollo de soluciones habitacionales.<\/p><p>Ver m\u00e1s: <a href=\"https:\/\/vrip.ubiobio.cl\/inicio\/noticias\/ubb-avanza-en-validacion-estructural-de-muros-impresos-en-3d-para-construccion-en-chile\/\" target=\"_blank\" rel=\"noopener nofollow\">https:\/\/vrip.ubiobio.cl\/inicio\/noticias\/ubb-avanza-en-validacion-estructural-de-muros-impresos-en-3d-para-construccion-en-chile\/<\/a><\/p><hr \/><p><img decoding=\"async\" src=\"https:\/\/mail.google.com\/mail\/u\/0?ui=2&amp;ik=a753633253&amp;attid=0.0.7&amp;permmsgid=msg-f:1862389402305903002&amp;th=19d8894b45e5399a&amp;view=fimg&amp;fur=ip&amp;permmsgid=msg-f:1862389402305903002&amp;sz=s0-l75-ft&amp;attbid=ANGjdJ8Tk3UcoV81OIYgeR26ye4buuBgtCA0DgJ_vI7eKNXE5BHStu6UZlandMPyShLfauqF1dfH2-kx1yRVDptowcH-jp65dKPOFhcNVtj7Jc0miQD0gabuMmUt3Ps&amp;disp=emb&amp;realattid=ii_19d888bed41e4243cc47&amp;zw\" alt=\"1ec03600a0bb4d04f0b8f6068038571f.jpg\" \/><\/p><h3><strong><span style=\"color: #073753\">Acad\u00e9mico UBB integra Grupo de Evaluaci\u00f3n Inter y Transdisciplinario de Fondecyt, ANID<\/span><\/strong><\/h3><p>La Universidad del B\u00edo-B\u00edo suma un nuevo reconocimiento a su quehacer investigativo, luego de que el acad\u00e9mico Dr. Jos\u00e9 Sandoval D\u00edaz, del Departamento de Ciencias Sociales de la Facultad de Educaci\u00f3n y Humanidades fuera invitado a integrarse al Grupo de Evaluaci\u00f3n Inter y Transdisciplinario del programa Fondecyt de la Agencia Nacional de Investigaci\u00f3n y Desarrollo, ANID, instancia clave en la revisi\u00f3n de proyectos cient\u00edficos a nivel nacional.<\/p><p>Ver m\u00e1s: <a href=\"https:\/\/vrip.ubiobio.cl\/inicio\/noticias\/academico-ubb-integra-grupo-de-evaluacion-inter-y-transdisciplinario-de-fondecyt-anid\/\" target=\"_blank\" rel=\"noopener nofollow\">https:\/\/vrip.ubiobio.cl\/inicio\/noticias\/academico-ubb-integra-grupo-de-evaluacion-inter-y-transdisciplinario-de-fondecyt-anid\/<\/a><\/p><hr \/><p><img decoding=\"async\" src=\"https:\/\/mail.google.com\/mail\/u\/0?ui=2&amp;ik=a753633253&amp;attid=0.0.8&amp;permmsgid=msg-f:1862389402305903002&amp;th=19d8894b45e5399a&amp;view=fimg&amp;fur=ip&amp;permmsgid=msg-f:1862389402305903002&amp;sz=s0-l75-ft&amp;attbid=ANGjdJ-yeRjUt5iuv46oP_i7CZ6soVuzqF-f2qZweEUgsc8Knj99XscyFg3_2zRs7OemC0aY6rLQmD8jxoKPo36OpaADp4P_JXDESAaOBmE5NYHivGE9JPZyUJgdAhI&amp;disp=emb&amp;realattid=ii_19d888bed416613c6128&amp;zw\" alt=\"c5e9731ca4f6b3a8ec471ffd137fbe1a.png\" \/><\/p><h3><strong><span style=\"color: #073753\">UBB es Sede de Congreso Internacional que re\u00fane a especialistas en salud materno-fetal de 11 pa\u00edses<\/span><\/strong><\/h3><p>Entre el lunes 6 y el jueves 9 de abril, la Universidad del B\u00edo-B\u00edo sede Chill\u00e1n se posiciona como epicentro de la ciencia regional con la realizaci\u00f3n del Und\u00e9cimo Congreso de la Sociedad Latinoamericana de Interacciones Materno-Fetales y Placenta (SLIMP 2026), encuentro internacional que re\u00fane a investigadores, profesionales y estudiantes provenientes de 11 pa\u00edses.<\/p><p>Ver m\u00e1s: <a href=\"https:\/\/noticias.ubiobio.cl\/2026\/04\/08\/ubb-es-sede-de-congreso-internacional-que-reune-a-especialistas-en-salud-materno-fetal-de-11-paises\/\" target=\"_blank\" rel=\"noopener nofollow\">https:\/\/noticias.ubiobio.cl\/2026\/04\/08\/ubb-es-sede-de-congreso-internacional-que-reune-a-especialistas-en-salud-materno-fetal-de-11-paises\/<\/a><\/p><hr \/><p><img decoding=\"async\" src=\"https:\/\/mail.google.com\/mail\/u\/0?ui=2&amp;ik=a753633253&amp;attid=0.0.9&amp;permmsgid=msg-f:1862389402305903002&amp;th=19d8894b45e5399a&amp;view=fimg&amp;fur=ip&amp;permmsgid=msg-f:1862389402305903002&amp;sz=s0-l75-ft&amp;attbid=ANGjdJ_LYRZ75dvxhvndcut5wI6zTDguLkpkPYt67iGOtRHZs0tHYKWlB0nt6DeG2gKH394QzZe7yOh_RvWDDMwaKfl6UE7VNpUiLS_H3UcZ2FK0IRrZQfm7VYcyYV4&amp;disp=emb&amp;realattid=ii_19d888bed41da665ca29&amp;zw\" alt=\"02d8c746ce54b22644e4efc77642f61f.png\" \/><\/p><h3><strong><span style=\"color: #073753\">Vicerrectora de Investigaci\u00f3n y Postgrado UBB es reconocida por su aporte a nuevo s\u00edmbolo institucional<\/span><\/strong><\/h3><p>En el marco de la conmemoraci\u00f3n del 79\u00b0 aniversario de la Universidad del B\u00edo-B\u00edo, la Dra. Claudia Mu\u00f1oz Sanguinetti, Vicerrectora de Investigaci\u00f3n y Postgrado, en su condici\u00f3n de investigadora, tuvo una destacada participaci\u00f3n en la inauguraci\u00f3n del nuevo s\u00edmbolo institucional ubicado en el acceso al campus Concepci\u00f3n, instancia que reuni\u00f3 a autoridades, acad\u00e9micos, funcionarios, estudiantes y comunidad universitaria.<\/p><p>Ver m\u00e1s: <a href=\"https:\/\/vrip.ubiobio.cl\/inicio\/noticias\/vicerrectora-de-investigacion-y-postgrado-ubb-es-reconocida-por-su-aporte-a-nuevo-simbolo-institucional\/\" target=\"_blank\" rel=\"noopener nofollow\">https:\/\/vrip.ubiobio.cl\/inicio\/noticias\/vicerrectora-de-investigacion-y-postgrado-ubb-es-reconocida-por-su-aporte-a-nuevo-simbolo-institucional\/<\/a><\/p><hr \/><p><img decoding=\"async\" src=\"https:\/\/mail.google.com\/mail\/u\/0?ui=2&amp;ik=a753633253&amp;attid=0.0.10&amp;permmsgid=msg-f:1862389402305903002&amp;th=19d8894b45e5399a&amp;view=fimg&amp;fur=ip&amp;permmsgid=msg-f:1862389402305903002&amp;sz=s0-l75-ft&amp;attbid=ANGjdJ_Hv3jv9PiuPPk9PyV63lWENXmFn4rzf-nNddUImkxoEkQOjLufeaTcfxAfszJBzpIs03EvuSYUM5HnonB_aw__0BOjr1VoPe2Mf3XhxLa1jr0z6zbA0-rk0uE&amp;disp=emb&amp;realattid=ii_19d888bed41db8b4575a&amp;zw\" alt=\"e562ca18c88d559615a6a647190c2b3b.png\" \/><\/p><h3><strong><span style=\"color: #073753\">Vicerrector\u00eda de Investigaci\u00f3n y Postgrado participa en hito de primera piedra del edificio Vive UBB<\/span><\/strong><\/h3><p>En el marco de las actividades conmemorativas del 79\u00b0 aniversario de la Universidad del B\u00edo-B\u00edo, la Vicerrector\u00eda de Investigaci\u00f3n y Postgrado particip\u00f3 en la ceremonia de firma e instalaci\u00f3n de la primera piedra del futuro edificio Vive UBB, iniciativa que marcar\u00e1 un nuevo paso en el fortalecimiento de la vida universitaria en el Campus Concepci\u00f3n.<\/p><p>Ver m\u00e1s: <a href=\"https:\/\/vrip.ubiobio.cl\/inicio\/noticias\/vicerrectoria-de-investigacion-y-postgrado-participa-en-hito-de-primera-piedra-del-edificio-vive-ubb\/\" target=\"_blank\" rel=\"noopener nofollow\">https:\/\/vrip.ubiobio.cl\/inicio\/noticias\/vicerrectoria-de-investigacion-y-postgrado-participa-en-hito-de-primera-piedra-del-edificio-vive-ubb\/<\/a><\/p><hr \/><p><img decoding=\"async\" src=\"https:\/\/mail.google.com\/mail\/u\/0?ui=2&amp;ik=a753633253&amp;attid=0.0.11&amp;permmsgid=msg-f:1862389402305903002&amp;th=19d8894b45e5399a&amp;view=fimg&amp;fur=ip&amp;permmsgid=msg-f:1862389402305903002&amp;sz=s0-l75-ft&amp;attbid=ANGjdJ9G5qrawAHJk3fNomVmdggPjAbPP9NdQHMN9h7rbjhFO2evBRCJTVBjuQSrROevB0tAnRppV28UcU-kQTx96LtpfW1Jvft7EYA1R7Dj_BWEElblD205fxJ5SUE&amp;disp=emb&amp;realattid=ii_19d888bed413352c022b&amp;zw\" alt=\"a5481d5047284eab6de10adec0a916b2.png\" \/><\/p><h3><span style=\"color: #073753\"><strong>Mag\u00edster en Ciencias Sociales de la Universidad del B\u00edo-B\u00edo inicia sus actividades acad\u00e9micas 2026<\/strong><\/span><\/h3><p>El Mag\u00edster en Ciencias Sociales de la Universidad del B\u00edo-B\u00edo dio inicio a su a\u00f1o acad\u00e9mico 2026 con una c\u00e1lida bienvenida a las y los estudiantes de las cohortes 2025 y 2026, en una actividad encabezada por su director, el Comit\u00e9 Acad\u00e9mico, profesores de claustro y colaboradores del programa.<\/p><p>Ver m\u00e1s: <a href=\"https:\/\/vrip.ubiobio.cl\/inicio\/noticias\/magister-en-ciencias-sociales-de-la-universidad-del-bio-bio-inicia-sus-actividades-academicas-2026\/\" target=\"_blank\" rel=\"noopener nofollow\">https:\/\/vrip.ubiobio.cl\/inicio\/noticias\/magister-en-ciencias-sociales-de-la-universidad-del-bio-bio-inicia-sus-actividades-academicas-2026\/<\/a><\/p><hr \/><p><img decoding=\"async\" src=\"https:\/\/mail.google.com\/mail\/u\/0?ui=2&amp;ik=a753633253&amp;attid=0.0.12&amp;permmsgid=msg-f:1862389402305903002&amp;th=19d8894b45e5399a&amp;view=fimg&amp;fur=ip&amp;permmsgid=msg-f:1862389402305903002&amp;sz=s0-l75-ft&amp;attbid=ANGjdJ_o1zjZw7PQMCwoXc6DpbO7Yqs6Jev7xYjrNamD-ZSKQvZAqUjmDjf7jcogGZPj6h7CWN2oZsdxeT1lNgUS9V-7iofYPJC0az0-4GXNM7D-JlIdQKnei0dJQsM&amp;disp=emb&amp;realattid=ii_19d888bed41c6a23457c&amp;zw\" alt=\"fe4e88fd125515d4079b351e98fbe1e1.png\" \/><\/p><h3><span style=\"color: #073753\"><strong>UBB se incorpora a la Mesa Regional de Educaci\u00f3n Superior de SENAPRED Biob\u00edo<\/strong><\/span><\/h3><p>La Universidad del B\u00edo-B\u00edo, a trav\u00e9s de su Direcci\u00f3n de Innovaci\u00f3n y mediante la gesti\u00f3n de la Oficina de Transferencia y Licenciamiento (OTL-UBB), se incorpor\u00f3 recientemente a la Mesa Regional de Educaci\u00f3n Superior para la Reducci\u00f3n del Riesgo de Desastres del Servicio Nacional de Prevenci\u00f3n y Respuesta ante Desastres en la regi\u00f3n del Biob\u00edo.<\/p><p>Ver m\u00e1s: <a href=\"https:\/\/noticias.ubiobio.cl\/2026\/04\/08\/ubb-se-incorpora-a-la-mesa-regional-de-educacion-superior-de-senapred-biobio\/\" target=\"_blank\" rel=\"noopener nofollow\">https:\/\/noticias.ubiobio.cl\/2026\/04\/08\/ubb-se-incorpora-a-la-mesa-regional-de-educacion-superior-de-senapred-biobio\/<\/a><\/p><hr \/><p><img decoding=\"async\" src=\"https:\/\/flashissue.s3.us-east-1.amazonaws.com\/vGCRHqu5TAydAm2Ahi5g_VlJJUF9Cb2xldGluIGJhc2VfaW5mbw==.jpg\" \/><\/p><p><img decoding=\"async\" src=\"https:\/\/mail.google.com\/mail\/u\/0?ui=2&amp;ik=a753633253&amp;attid=0.0.14&amp;permmsgid=msg-f:1862389402305903002&amp;th=19d8894b45e5399a&amp;view=fimg&amp;fur=ip&amp;permmsgid=msg-f:1862389402305903002&amp;sz=s0-l75-ft&amp;attbid=ANGjdJ86fyhNC-qGFHgknRo40vq829J2RtKpw9PJ2LSkO8z81FwIYeXHBRrsG0PCTMJHdAKJtj66L_76JIQn5yst04_qZ3JGqw1Z1C_iQhBsQOpbN_8IiILb5VwjjPg&amp;disp=emb&amp;realattid=ii_19d888bed41dad9c5dce&amp;zw\" alt=\"23f2ff9e550eb8c74282f410af36a4f7.jpg\" \/><\/p><p><span style=\"color: #073753\">Encuesta: Percepci\u00f3n sobre la Pertinencia de la Infraestructura para Investigaci\u00f3n e Innovaci\u00f3n<\/span><\/p><p>Estimado\/a Investigador\/a,<br \/>Su opini\u00f3n es fundamental para evaluar y mejorar la infraestructura orientada a la investigaci\u00f3n e innovaci\u00f3n. Por favor, dedique unos minutos a responder las siguientes preguntas:<\/p><p>M\u00e1s informaci\u00f3n: <a href=\"https:\/\/rcencuesta.dci.ubiobio.cl\/index.php\/524923\" target=\"_blank\" rel=\"noopener nofollow\">https:\/\/rcencuesta.dci.ubiobio.cl\/index.php\/524923<\/a><\/p><hr \/><p><img decoding=\"async\" src=\"https:\/\/mail.google.com\/mail\/u\/0?ui=2&amp;ik=a753633253&amp;attid=0.0.15&amp;permmsgid=msg-f:1862389402305903002&amp;th=19d8894b45e5399a&amp;view=fimg&amp;fur=ip&amp;permmsgid=msg-f:1862389402305903002&amp;sz=s0-l75-ft&amp;attbid=ANGjdJ-ellwoOtPcSa8h0NGrsi7NLFft5Hm2TXRa0c9heB_A-TNaxyNU6eE025eXHHU8vErH8N1dw5baEm7Q2eWvaHMRS6vQ6INKELCPjaTqSdYglWLUj8iuRd9x6oo&amp;disp=emb&amp;realattid=ii_19d888bed41ef34d31df&amp;zw\" alt=\"7fd244320a73f6f06423dd7726b09df1.jpg\" \/><\/p><p>La <strong>Vicerrector\u00eda de Investigaci\u00f3n y Postgrado,<\/strong> llama a la comunidad acad\u00e9mica a postular al <strong>Concurso \u201cProyectos de Creaci\u00f3n Art\u00edstica UBB <a href=\"tel:20262027\" target=\"_blank\" rel=\"noopener noreferrer\">2026-2027<\/a>\u201d<\/strong> de la <strong>Direcci\u00f3n de Investigaci\u00f3n y Creaci\u00f3n Art\u00edstica.<\/strong><\/p><p>La apertura del Concurso de Creaci\u00f3n Art\u00edstica es el d\u00eda<strong> martes 20 de enero de 2026<\/strong> y la <strong>fecha de cierre ser\u00e1 el d\u00eda 13 de abril de 2026 a las 18:00 hrs<\/strong> (nuevo plazo).<\/p><p>M\u00e1s informaci\u00f3n: <a href=\"https:\/\/vrip.ubiobio.cl\/inicio\/fondo-de-apoyo-a-la-participacion-a-eventos-internacionales-fapei\/\" target=\"_blank\" rel=\"noopener nofollow\">https:\/\/vrip.ubiobio.cl\/inicio\/fondo-de-apoyo-a-la-participacion-a-eventos-internacionales-fapei\/<\/a><\/p><hr \/><p><img decoding=\"async\" src=\"https:\/\/mail.google.com\/mail\/u\/0?ui=2&amp;ik=a753633253&amp;attid=0.0.16&amp;permmsgid=msg-f:1862389402305903002&amp;th=19d8894b45e5399a&amp;view=fimg&amp;fur=ip&amp;permmsgid=msg-f:1862389402305903002&amp;sz=s0-l75-ft&amp;attbid=ANGjdJ-jvdyhvyV0AnWSz-B1DdEWEgPAUEXiuEi15BhY8K_9EfbCk9oWPpBhdmkEVoPFNdWsROZOGFb6Bxl8tyjxJKhLOQrvsflKGmy-MqcvTbfsR7Hrdy5h0gbDP3g&amp;disp=emb&amp;realattid=ii_19d888bed4117e624c710&amp;zw\" alt=\"a3c02ce2fdd605415b4a79211f39dec1.jpg\" \/><\/p><p>La<strong> Direcci\u00f3n de Investigaci\u00f3n y Creaci\u00f3n Art\u00edstica<\/strong> de la Vicerrector\u00eda de Investigaci\u00f3n y Postgrado, informa la apertura del Concurso de <strong>Proyectos de Investigaci\u00f3n Internos Iniciaci\u00f3n y Regular 2026.<\/strong><\/p><p><strong>Plazos<\/strong><br \/><strong>Env\u00edo de postulaci\u00f3n:<\/strong> nuevo plazo 13 de abril, a las 18:00 horas.<br \/><strong>Aprobaci\u00f3n de patrocinio:<\/strong> nuevo plazo 20 de abril, a las 18:00 horas.<\/p><p>M\u00e1s informaci\u00f3n: <a href=\"https:\/\/vrip.ubiobio.cl\/inicio\/proyectos-de-investigacion-iniciacion-y-regular-2026\/\" target=\"_blank\" rel=\"noopener nofollow\">https:\/\/vrip.ubiobio.cl\/inicio\/proyectos-de-investigacion-iniciacion-y-regular-2026\/<\/a><\/p><hr \/><p><img decoding=\"async\" src=\"https:\/\/mail.google.com\/mail\/u\/0?ui=2&amp;ik=a753633253&amp;attid=0.0.17&amp;permmsgid=msg-f:1862389402305903002&amp;th=19d8894b45e5399a&amp;view=fimg&amp;fur=ip&amp;permmsgid=msg-f:1862389402305903002&amp;sz=s0-l75-ft&amp;attbid=ANGjdJ9p6KFNKI8_GYjknAIlJ1A7HgWMEuPEmr9WU3sDzS-D1tUtbwmsa6C88LsukzPrjQnrX1lq5k71EoWNGORAUR9cOy5-CT1xgbKDDhMO_W3L-96XsIy5fB_FGa4&amp;disp=emb&amp;realattid=ii_19d888bed41cbb1fd4811&amp;zw\" alt=\"abac5740ad9dfbbcd0f8bc1ed66eb128.jpg\" \/><\/p><p>La planificaci\u00f3n de los concursos internos se encuentra disponible en la <strong>Carta Gantt.<\/strong><\/p><p>M\u00e1s informaci\u00f3n: <a href=\"https:\/\/vrip.ubiobio.cl\/cartelera-concursos\/\" target=\"_blank\" rel=\"noopener nofollow\">https:\/\/vrip.ubiobio.cl\/cartelera-concursos\/<\/a><\/p><hr \/><p><img decoding=\"async\" src=\"https:\/\/mail.google.com\/mail\/u\/0?ui=2&amp;ik=a753633253&amp;attid=0.0.18&amp;permmsgid=msg-f:1862389402305903002&amp;th=19d8894b45e5399a&amp;view=fimg&amp;fur=ip&amp;permmsgid=msg-f:1862389402305903002&amp;sz=s0-l75-ft&amp;attbid=ANGjdJ-PmtAHViWzpm23lV83ol0T_Aov9HYpQAyiSvsSotpHpNS8MaoOmppwi4p_1tdKVBrhuk11kbw4CFfneZL0CJqY6noe0tyC4By_8UmFwDL4gsHUtN0dccezYw4&amp;disp=emb&amp;realattid=ii_19d888bed4165bce42512&amp;zw\" alt=\"5a75d83ec97a4c56fb01ff520146482c.jpg\" \/><\/p><p>El Fondo de Apoyo para la Participaci\u00f3n en Eventos Internacionales en el extranjero (FAPEI) ser\u00e1 concursable. Podr\u00e1n postular al FONDO todos los acad\u00e9micos que tengan un contrato vigente de jornada media o completa con la Universidad del B\u00edo-B\u00edo. El FONDO estar\u00e1 destinado a<strong> financiar total o parcialmente los requerimientos de pasajes a\u00e9reos del acad\u00e9mico<\/strong> para su participaci\u00f3n en un evento internacional.<\/p><p>M\u00e1s informaci\u00f3n: <a href=\"https:\/\/vrip.ubiobio.cl\/inicio\/concurso-proyectos-de-creacion-artistica-ubb-2026\/\" target=\"_blank\" rel=\"noopener nofollow\">https:\/\/vrip.ubiobio.cl\/inicio\/fondo-de-apoyo-a-la-participacion-a-eventos-internacionales-fapei\/<\/a><\/p><hr \/><p><img decoding=\"async\" src=\"https:\/\/mail.google.com\/mail\/u\/0?ui=2&amp;ik=a753633253&amp;attid=0.0.19&amp;permmsgid=msg-f:1862389402305903002&amp;th=19d8894b45e5399a&amp;view=fimg&amp;fur=ip&amp;permmsgid=msg-f:1862389402305903002&amp;sz=s0-l75-ft&amp;attbid=ANGjdJ8mfbczwfVaa9X_PTpLpB14-LV-0E180FS0dfA__UjgGy5zg_Yr8VMATT7Lmajd495cHb-H4U6Mf2rtAEfvWvg-ViUN8A-6Dw9enSMpzT6PtCA15Cf4DMoouE4&amp;disp=emb&amp;realattid=ii_19d888bed4127e9701913&amp;zw\" alt=\"a61fb0f79d953822cb2cab4c9b76858d.jpg\" \/><\/p><p>M\u00e1s informaci\u00f3n: <a href=\"https:\/\/vrip.ubiobio.cl\/inicio\/proyectos-destacados-creacion-artistica\/\" target=\"_blank\" rel=\"noopener nofollow\">https:\/\/vrip.ubiobio.cl\/inicio\/proyectos-destacados-creacion-artistica\/<\/a><\/p><hr \/><p><img decoding=\"async\" src=\"https:\/\/mail.google.com\/mail\/u\/0?ui=2&amp;ik=a753633253&amp;attid=0.0.20&amp;permmsgid=msg-f:1862389402305903002&amp;th=19d8894b45e5399a&amp;view=fimg&amp;fur=ip&amp;permmsgid=msg-f:1862389402305903002&amp;sz=s0-l75-ft&amp;attbid=ANGjdJ_FZYK8oPWTwvhFWtRwAlGJATT8D0wDhPKecmbAks2ndNEGFt-PQ7kqe0j7ON6qu9eQ8Slm_cG4ymtSYCIzYIfGJq_5BGyE8jHtHlpY0BO4c57t7ZpXQ_RZItA&amp;disp=emb&amp;realattid=ii_19d888bed41ebe310a114&amp;zw\" alt=\"c4dc3838249b9fb43a967bad067dc58d.jpg\" \/><\/p><p>M\u00e1s informaci\u00f3n: <a href=\"https:\/\/postgrados.ubiobio.cl\/\" target=\"_blank\" rel=\"noopener nofollow\">https:\/\/postgrados.ubiobio.cl<\/a><\/p><hr \/><table align=\"center\"><tbody><tr><td id=\"m_8467858756250299110m_4658873428329236187m_-7901358079350462190gmail-twitter-social-link\"><a href=\"https:\/\/www.twitter.com\/FlashIssue\" target=\"_blank\" rel=\"noopener\"><img decoding=\"async\" class=\"CToWUd alignright\" src=\"https:\/\/app.flashissue.com\/images\/social-icons\/round\/twitter\/grey\/twitter48.png\" \/><\/a><\/td><td id=\"m_8467858756250299110m_4658873428329236187m_-7901358079350462190gmail-youtube-social-link\"><a href=\"https:\/\/www.youtube.com\/channel\/UCf7o8yHRJ7Y_QQLxwu1KQgA\" target=\"_blank\" rel=\"noopener\"><img decoding=\"async\" class=\"CToWUd aligncenter\" src=\"https:\/\/app.flashissue.com\/images\/social-icons\/round\/youtube\/grey\/youtube48.png\" \/><\/a><\/td><td id=\"m_8467858756250299110m_4658873428329236187m_-7901358079350462190gmail-instagram-social-link\"><a href=\"https:\/\/www.instagram.com\/vrip_ubb\" target=\"_blank\" rel=\"noopener\"><img decoding=\"async\" class=\"CToWUd alignleft\" src=\"https:\/\/app.flashissue.com\/images\/social-icons\/round\/instagram\/grey\/instagram48.png\" \/><\/a><\/td><\/tr><\/tbody><\/table><p><img decoding=\"async\" src=\"https:\/\/flashissue.s3.us-east-1.amazonaws.com\/wn9DyI72QZaEm43a79u8_VlJJUF9Cb2xldGluIGJhc2VfcGllIHBhZw==.jpg\" \/><\/p><p style=\"text-align: center\">Vicerrector\u00eda de Investigaci\u00f3n y Postgrado &#8211; Universidad del B\u00edo-B\u00edo<br \/><span style=\"background-color: transparent\">Todos los derechos reservados.<br \/><\/span><span style=\"background-color: transparent\">Av. Collao 1202, Concepci\u00f3n \/ Av. Andr\u00e9s Bello s\/n, Chill\u00e1n<br \/><\/span><span style=\"background-color: transparent\">Comentarios a:\u00a0<\/span><strong style=\"background-color: transparent\"><a href=\"mailto:vripcomunicaciones@ubiobio.cl?subject=Comentario%20newsletter\" target=\"_blank\" rel=\"noopener\">vripcomunicaciones@ubiobio.cl<\/a><\/strong><\/p><p style=\"text-align: center\">\u00a0<\/p>                    <\/div>\n\t\t                    <\/div>\n        <\/div>\n\t\t\t\t<\/div>\n\t\t\t\t<\/div>\n\t\t\t\t\t<\/div>\n\t\t<\/div>\n\t\t\t\t\t<\/div>\n\t\t<\/section>\n\t\t\t\t<\/div>\n\t\t","protected":false},"excerpt":{"rendered":"<p>Edici\u00f3n 13 Abril 2026 Leer Editorial Leer Bolet\u00edn Universidad del B\u00edo-B\u00edo: conocimiento p\u00fablico al servicio del territorio En tiempos en que el desarrollo regional exige respuestas concretas, sostenidas y con sentido p\u00fablico, el rol de la Universidad del B\u00edo-B\u00edo se consolida como un actor estrat\u00e9gico para el presente y futuro de las regiones de \u00d1uble&#8230;<\/p>\n","protected":false},"author":1,"featured_media":0,"parent":41711,"menu_order":0,"comment_status":"closed","ping_status":"closed","template":"","meta":{"_kadence_starter_templates_imported_post":false,"_kad_post_transparent":"default","_kad_post_title":"hide","_kad_post_layout":"fullwidth","_kad_post_sidebar_id":"","_kad_post_content_style":"unboxed","_kad_post_vertical_padding":"hide","_kad_post_feature":"hide","_kad_post_feature_position":"","_kad_post_header":false,"_kad_post_footer":false,"footnotes":""},"class_list":["post-53875","page","type-page","status-publish","hentry"],"yoast_head":"<!-- This site is optimized with the Yoast SEO plugin v27.5 - https:\/\/yoast.com\/product\/yoast-seo-wordpress\/ -->\n<title>Informativo VRIP 13 Abril 2026 - VRIP<\/title>\n<meta name=\"robots\" content=\"index, follow, max-snippet:-1, max-image-preview:large, max-video-preview:-1\" \/>\n<link rel=\"canonical\" href=\"https:\/\/vrip.ubiobio.cl\/inicio\/informativos-vrip\/edicion-13-abril-2026\/\" \/>\n<meta property=\"og:locale\" content=\"es_ES\" \/>\n<meta property=\"og:type\" content=\"article\" \/>\n<meta property=\"og:title\" content=\"Informativo VRIP 13 Abril 2026 - VRIP\" \/>\n<meta property=\"og:description\" content=\"Edici\u00f3n 13 Abril 2026 Leer Editorial Leer Bolet\u00edn Universidad del B\u00edo-B\u00edo: conocimiento p\u00fablico al servicio del territorio En tiempos en que el desarrollo regional exige respuestas concretas, sostenidas y con sentido p\u00fablico, el rol de la Universidad del B\u00edo-B\u00edo se consolida como un actor estrat\u00e9gico para el presente y futuro de las regiones de \u00d1uble...\" \/>\n<meta property=\"og:url\" content=\"https:\/\/vrip.ubiobio.cl\/inicio\/informativos-vrip\/edicion-13-abril-2026\/\" \/>\n<meta property=\"og:site_name\" content=\"VRIP\" \/>\n<meta property=\"article:modified_time\" content=\"2026-04-27T16:39:14+00:00\" \/>\n<meta property=\"og:image\" content=\"https:\/\/flashissue.s3.us-east-1.amazonaws.com\/zr1y47bcRTuozanm0ZZ7_VlJJUF9Cb2xldGluIGJhc2VfZWRpdA==.jpg\" \/>\n<meta name=\"twitter:card\" content=\"summary_large_image\" \/>\n<meta name=\"twitter:site\" content=\"@vripubb\" \/>\n<meta name=\"twitter:label1\" content=\"Tiempo de lectura\" \/>\n\t<meta name=\"twitter:data1\" content=\"9 minutos\" \/>\n<script type=\"application\/ld+json\" class=\"yoast-schema-graph\">{\"@context\":\"https:\\\/\\\/schema.org\",\"@graph\":[{\"@type\":\"WebPage\",\"@id\":\"https:\\\/\\\/vrip.ubiobio.cl\\\/inicio\\\/informativos-vrip\\\/edicion-13-abril-2026\\\/\",\"url\":\"https:\\\/\\\/vrip.ubiobio.cl\\\/inicio\\\/informativos-vrip\\\/edicion-13-abril-2026\\\/\",\"name\":\"Informativo VRIP 13 Abril 2026 - VRIP\",\"isPartOf\":{\"@id\":\"https:\\\/\\\/vrip.ubiobio.cl\\\/inicio\\\/#website\"},\"primaryImageOfPage\":{\"@id\":\"https:\\\/\\\/vrip.ubiobio.cl\\\/inicio\\\/informativos-vrip\\\/edicion-13-abril-2026\\\/#primaryimage\"},\"image\":{\"@id\":\"https:\\\/\\\/vrip.ubiobio.cl\\\/inicio\\\/informativos-vrip\\\/edicion-13-abril-2026\\\/#primaryimage\"},\"thumbnailUrl\":\"https:\\\/\\\/flashissue.s3.us-east-1.amazonaws.com\\\/zr1y47bcRTuozanm0ZZ7_VlJJUF9Cb2xldGluIGJhc2VfZWRpdA==.jpg\",\"datePublished\":\"2026-04-10T20:10:21+00:00\",\"dateModified\":\"2026-04-27T16:39:14+00:00\",\"breadcrumb\":{\"@id\":\"https:\\\/\\\/vrip.ubiobio.cl\\\/inicio\\\/informativos-vrip\\\/edicion-13-abril-2026\\\/#breadcrumb\"},\"inLanguage\":\"es\",\"potentialAction\":[{\"@type\":\"ReadAction\",\"target\":[\"https:\\\/\\\/vrip.ubiobio.cl\\\/inicio\\\/informativos-vrip\\\/edicion-13-abril-2026\\\/\"]}]},{\"@type\":\"ImageObject\",\"inLanguage\":\"es\",\"@id\":\"https:\\\/\\\/vrip.ubiobio.cl\\\/inicio\\\/informativos-vrip\\\/edicion-13-abril-2026\\\/#primaryimage\",\"url\":\"https:\\\/\\\/flashissue.s3.us-east-1.amazonaws.com\\\/zr1y47bcRTuozanm0ZZ7_VlJJUF9Cb2xldGluIGJhc2VfZWRpdA==.jpg\",\"contentUrl\":\"https:\\\/\\\/flashissue.s3.us-east-1.amazonaws.com\\\/zr1y47bcRTuozanm0ZZ7_VlJJUF9Cb2xldGluIGJhc2VfZWRpdA==.jpg\"},{\"@type\":\"BreadcrumbList\",\"@id\":\"https:\\\/\\\/vrip.ubiobio.cl\\\/inicio\\\/informativos-vrip\\\/edicion-13-abril-2026\\\/#breadcrumb\",\"itemListElement\":[{\"@type\":\"ListItem\",\"position\":1,\"name\":\"Portada\",\"item\":\"https:\\\/\\\/vrip.ubiobio.cl\\\/inicio\\\/\"},{\"@type\":\"ListItem\",\"position\":2,\"name\":\"Informativos VRIP\",\"item\":\"https:\\\/\\\/vrip.ubiobio.cl\\\/inicio\\\/informativos-vrip\\\/\"},{\"@type\":\"ListItem\",\"position\":3,\"name\":\"Informativo VRIP 13 Abril 2026\"}]},{\"@type\":\"WebSite\",\"@id\":\"https:\\\/\\\/vrip.ubiobio.cl\\\/inicio\\\/#website\",\"url\":\"https:\\\/\\\/vrip.ubiobio.cl\\\/inicio\\\/\",\"name\":\"VRIP\",\"description\":\"Vicerrector\u00eda de Investigaci\u00f3n y Postgrado\",\"publisher\":{\"@id\":\"https:\\\/\\\/vrip.ubiobio.cl\\\/inicio\\\/#organization\"},\"potentialAction\":[{\"@type\":\"SearchAction\",\"target\":{\"@type\":\"EntryPoint\",\"urlTemplate\":\"https:\\\/\\\/vrip.ubiobio.cl\\\/inicio\\\/?s={search_term_string}\"},\"query-input\":{\"@type\":\"PropertyValueSpecification\",\"valueRequired\":true,\"valueName\":\"search_term_string\"}}],\"inLanguage\":\"es\"},{\"@type\":\"Organization\",\"@id\":\"https:\\\/\\\/vrip.ubiobio.cl\\\/inicio\\\/#organization\",\"name\":\"VRIP\",\"url\":\"https:\\\/\\\/vrip.ubiobio.cl\\\/inicio\\\/\",\"logo\":{\"@type\":\"ImageObject\",\"inLanguage\":\"es\",\"@id\":\"https:\\\/\\\/vrip.ubiobio.cl\\\/inicio\\\/#\\\/schema\\\/logo\\\/image\\\/\",\"url\":\"https:\\\/\\\/vrip.ubiobio.cl\\\/wp-content\\\/uploads\\\/2022\\\/10\\\/logo-vrip_Mesa-de-trabajo-1.png\",\"contentUrl\":\"https:\\\/\\\/vrip.ubiobio.cl\\\/wp-content\\\/uploads\\\/2022\\\/10\\\/logo-vrip_Mesa-de-trabajo-1.png\",\"width\":642,\"height\":178,\"caption\":\"VRIP\"},\"image\":{\"@id\":\"https:\\\/\\\/vrip.ubiobio.cl\\\/inicio\\\/#\\\/schema\\\/logo\\\/image\\\/\"},\"sameAs\":[\"https:\\\/\\\/x.com\\\/vripubb\",\"https:\\\/\\\/www.instagram.com\\\/vrip_ubb\\\/\",\"https:\\\/\\\/www.youtube.com\\\/channel\\\/UCf7o8yHRJ7Y_QQLxwu1KQgA\",\"https:\\\/\\\/www.linkedin.com\\\/company\\\/96035097\\\/admin\\\/dashboard\\\/\"]}]}<\/script>\n<!-- \/ Yoast SEO plugin. -->","yoast_head_json":{"title":"Informativo VRIP 13 Abril 2026 - VRIP","robots":{"index":"index","follow":"follow","max-snippet":"max-snippet:-1","max-image-preview":"max-image-preview:large","max-video-preview":"max-video-preview:-1"},"canonical":"https:\/\/vrip.ubiobio.cl\/inicio\/informativos-vrip\/edicion-13-abril-2026\/","og_locale":"es_ES","og_type":"article","og_title":"Informativo VRIP 13 Abril 2026 - VRIP","og_description":"Edici\u00f3n 13 Abril 2026 Leer Editorial Leer Bolet\u00edn Universidad del B\u00edo-B\u00edo: conocimiento p\u00fablico al servicio del territorio En tiempos en que el desarrollo regional exige respuestas concretas, sostenidas y con sentido p\u00fablico, el rol de la Universidad del B\u00edo-B\u00edo se consolida como un actor estrat\u00e9gico para el presente y futuro de las regiones de \u00d1uble...","og_url":"https:\/\/vrip.ubiobio.cl\/inicio\/informativos-vrip\/edicion-13-abril-2026\/","og_site_name":"VRIP","article_modified_time":"2026-04-27T16:39:14+00:00","og_image":[{"url":"https:\/\/flashissue.s3.us-east-1.amazonaws.com\/zr1y47bcRTuozanm0ZZ7_VlJJUF9Cb2xldGluIGJhc2VfZWRpdA==.jpg","type":"","width":"","height":""}],"twitter_card":"summary_large_image","twitter_site":"@vripubb","twitter_misc":{"Tiempo de lectura":"9 minutos"},"schema":{"@context":"https:\/\/schema.org","@graph":[{"@type":"WebPage","@id":"https:\/\/vrip.ubiobio.cl\/inicio\/informativos-vrip\/edicion-13-abril-2026\/","url":"https:\/\/vrip.ubiobio.cl\/inicio\/informativos-vrip\/edicion-13-abril-2026\/","name":"Informativo VRIP 13 Abril 2026 - VRIP","isPartOf":{"@id":"https:\/\/vrip.ubiobio.cl\/inicio\/#website"},"primaryImageOfPage":{"@id":"https:\/\/vrip.ubiobio.cl\/inicio\/informativos-vrip\/edicion-13-abril-2026\/#primaryimage"},"image":{"@id":"https:\/\/vrip.ubiobio.cl\/inicio\/informativos-vrip\/edicion-13-abril-2026\/#primaryimage"},"thumbnailUrl":"https:\/\/flashissue.s3.us-east-1.amazonaws.com\/zr1y47bcRTuozanm0ZZ7_VlJJUF9Cb2xldGluIGJhc2VfZWRpdA==.jpg","datePublished":"2026-04-10T20:10:21+00:00","dateModified":"2026-04-27T16:39:14+00:00","breadcrumb":{"@id":"https:\/\/vrip.ubiobio.cl\/inicio\/informativos-vrip\/edicion-13-abril-2026\/#breadcrumb"},"inLanguage":"es","potentialAction":[{"@type":"ReadAction","target":["https:\/\/vrip.ubiobio.cl\/inicio\/informativos-vrip\/edicion-13-abril-2026\/"]}]},{"@type":"ImageObject","inLanguage":"es","@id":"https:\/\/vrip.ubiobio.cl\/inicio\/informativos-vrip\/edicion-13-abril-2026\/#primaryimage","url":"https:\/\/flashissue.s3.us-east-1.amazonaws.com\/zr1y47bcRTuozanm0ZZ7_VlJJUF9Cb2xldGluIGJhc2VfZWRpdA==.jpg","contentUrl":"https:\/\/flashissue.s3.us-east-1.amazonaws.com\/zr1y47bcRTuozanm0ZZ7_VlJJUF9Cb2xldGluIGJhc2VfZWRpdA==.jpg"},{"@type":"BreadcrumbList","@id":"https:\/\/vrip.ubiobio.cl\/inicio\/informativos-vrip\/edicion-13-abril-2026\/#breadcrumb","itemListElement":[{"@type":"ListItem","position":1,"name":"Portada","item":"https:\/\/vrip.ubiobio.cl\/inicio\/"},{"@type":"ListItem","position":2,"name":"Informativos VRIP","item":"https:\/\/vrip.ubiobio.cl\/inicio\/informativos-vrip\/"},{"@type":"ListItem","position":3,"name":"Informativo VRIP 13 Abril 2026"}]},{"@type":"WebSite","@id":"https:\/\/vrip.ubiobio.cl\/inicio\/#website","url":"https:\/\/vrip.ubiobio.cl\/inicio\/","name":"VRIP","description":"Vicerrector\u00eda de Investigaci\u00f3n y Postgrado","publisher":{"@id":"https:\/\/vrip.ubiobio.cl\/inicio\/#organization"},"potentialAction":[{"@type":"SearchAction","target":{"@type":"EntryPoint","urlTemplate":"https:\/\/vrip.ubiobio.cl\/inicio\/?s={search_term_string}"},"query-input":{"@type":"PropertyValueSpecification","valueRequired":true,"valueName":"search_term_string"}}],"inLanguage":"es"},{"@type":"Organization","@id":"https:\/\/vrip.ubiobio.cl\/inicio\/#organization","name":"VRIP","url":"https:\/\/vrip.ubiobio.cl\/inicio\/","logo":{"@type":"ImageObject","inLanguage":"es","@id":"https:\/\/vrip.ubiobio.cl\/inicio\/#\/schema\/logo\/image\/","url":"https:\/\/vrip.ubiobio.cl\/wp-content\/uploads\/2022\/10\/logo-vrip_Mesa-de-trabajo-1.png","contentUrl":"https:\/\/vrip.ubiobio.cl\/wp-content\/uploads\/2022\/10\/logo-vrip_Mesa-de-trabajo-1.png","width":642,"height":178,"caption":"VRIP"},"image":{"@id":"https:\/\/vrip.ubiobio.cl\/inicio\/#\/schema\/logo\/image\/"},"sameAs":["https:\/\/x.com\/vripubb","https:\/\/www.instagram.com\/vrip_ubb\/","https:\/\/www.youtube.com\/channel\/UCf7o8yHRJ7Y_QQLxwu1KQgA","https:\/\/www.linkedin.com\/company\/96035097\/admin\/dashboard\/"]}]}},"_links":{"self":[{"href":"https:\/\/vrip.ubiobio.cl\/inicio\/wp-json\/wp\/v2\/pages\/53875","targetHints":{"allow":["GET"]}}],"collection":[{"href":"https:\/\/vrip.ubiobio.cl\/inicio\/wp-json\/wp\/v2\/pages"}],"about":[{"href":"https:\/\/vrip.ubiobio.cl\/inicio\/wp-json\/wp\/v2\/types\/page"}],"author":[{"embeddable":true,"href":"https:\/\/vrip.ubiobio.cl\/inicio\/wp-json\/wp\/v2\/users\/1"}],"replies":[{"embeddable":true,"href":"https:\/\/vrip.ubiobio.cl\/inicio\/wp-json\/wp\/v2\/comments?post=53875"}],"version-history":[{"count":16,"href":"https:\/\/vrip.ubiobio.cl\/inicio\/wp-json\/wp\/v2\/pages\/53875\/revisions"}],"predecessor-version":[{"id":54205,"href":"https:\/\/vrip.ubiobio.cl\/inicio\/wp-json\/wp\/v2\/pages\/53875\/revisions\/54205"}],"up":[{"embeddable":true,"href":"https:\/\/vrip.ubiobio.cl\/inicio\/wp-json\/wp\/v2\/pages\/41711"}],"wp:attachment":[{"href":"https:\/\/vrip.ubiobio.cl\/inicio\/wp-json\/wp\/v2\/media?parent=53875"}],"curies":[{"name":"wp","href":"https:\/\/api.w.org\/{rel}","templated":true}]}}