{"id":53298,"date":"2026-03-09T14:52:53","date_gmt":"2026-03-09T14:52:53","guid":{"rendered":"https:\/\/vrip.ubiobio.cl\/inicio\/?page_id=53298"},"modified":"2026-03-09T19:29:21","modified_gmt":"2026-03-09T19:29:21","slug":"edicion-09-marzo-2026","status":"publish","type":"page","link":"https:\/\/vrip.ubiobio.cl\/inicio\/informativos-vrip\/edicion-09-marzo-2026\/","title":{"rendered":"Informativo VRIP 09 Marzo 2026"},"content":{"rendered":"\t\t<div data-elementor-type=\"wp-page\" data-elementor-id=\"53298\" class=\"elementor elementor-53298\" data-elementor-settings=\"{&quot;ha_cmc_init_switcher&quot;:&quot;no&quot;}\">\n\t\t\t\t\t\t<section class=\"elementor-section elementor-top-section elementor-element elementor-element-f37001d elementor-section-height-min-height elementor-section-boxed elementor-section-height-default elementor-section-items-middle\" data-id=\"f37001d\" data-element_type=\"section\" data-e-type=\"section\" data-settings=\"{&quot;background_background&quot;:&quot;classic&quot;,&quot;_ha_eqh_enable&quot;:false}\">\n\t\t\t\t\t\t<div class=\"elementor-container elementor-column-gap-default\">\n\t\t\t\t\t<div class=\"elementor-column elementor-col-100 elementor-top-column elementor-element elementor-element-34864aa elementor-invisible\" data-id=\"34864aa\" data-element_type=\"column\" data-e-type=\"column\" data-settings=\"{&quot;animation&quot;:&quot;slideInDown&quot;}\">\n\t\t\t<div class=\"elementor-widget-wrap elementor-element-populated\">\n\t\t\t\t\t\t<div class=\"elementor-element elementor-element-98500eb elementor-widget elementor-widget-heading\" data-id=\"98500eb\" data-element_type=\"widget\" data-e-type=\"widget\" data-widget_type=\"heading.default\">\n\t\t\t\t<div class=\"elementor-widget-container\">\n\t\t\t\t\t<h3 class=\"elementor-heading-title elementor-size-xl\">Edici\u00f3n 09 Marzo 2026<\/h3>\t\t\t\t<\/div>\n\t\t\t\t<\/div>\n\t\t\t\t\t<\/div>\n\t\t<\/div>\n\t\t\t\t\t<\/div>\n\t\t<\/section>\n\t\t\t\t<section class=\"elementor-section elementor-top-section elementor-element elementor-element-9e6f6cd elementor-section-boxed elementor-section-height-default elementor-section-height-default\" data-id=\"9e6f6cd\" data-element_type=\"section\" data-e-type=\"section\" data-settings=\"{&quot;_ha_eqh_enable&quot;:false}\">\n\t\t\t\t\t\t<div class=\"elementor-container elementor-column-gap-default\">\n\t\t\t\t\t<div class=\"elementor-column elementor-col-100 elementor-top-column elementor-element elementor-element-7a0d97e\" data-id=\"7a0d97e\" data-element_type=\"column\" data-e-type=\"column\">\n\t\t\t<div class=\"elementor-widget-wrap elementor-element-populated\">\n\t\t\t\t\t\t<div class=\"elementor-element elementor-element-4fa6cef elementor-widget elementor-widget-eael-adv-tabs\" data-id=\"4fa6cef\" data-element_type=\"widget\" data-e-type=\"widget\" data-widget_type=\"eael-adv-tabs.default\">\n\t\t\t\t<div class=\"elementor-widget-container\">\n\t\t\t\t\t        <div data-scroll-on-click=\"no\" data-scroll-speed=\"300\" id=\"eael-advance-tabs-4fa6cef\" class=\"eael-advance-tabs eael-tabs-horizontal eael-tab-auto-active \" data-tabid=\"4fa6cef\">\n            <div class=\"eael-tabs-nav \">\n                <ul class=\"eael-tab-inline-icon\" role=\"tablist\">\n                                            <li id=\"leer-editorial\" class=\"active-default eael-tab-item-trigger eael-tab-nav-item\" aria-selected=\"true\" data-tab=\"1\" role=\"tab\" tabindex=\"0\" aria-controls=\"leer-editorial-tab\" aria-expanded=\"false\">\n                            \n                                                                <i class=\"fas fa-scroll\"><\/i>                                                            \n                                                            <span class=\"eael-tab-title title-after-icon\" >Leer Editorial<\/span>                            \n                                                    <\/li>\n                                            <li id=\"leer-boletn\" class=\"inactive eael-tab-item-trigger eael-tab-nav-item\" aria-selected=\"false\" data-tab=\"2\" role=\"tab\" tabindex=\"-1\" aria-controls=\"leer-boletn-tab\" aria-expanded=\"false\">\n                            \n                                                                <i class=\"far fa-newspaper\"><\/i>                                                            \n                                                            <span class=\"eael-tab-title title-after-icon\" >Leer Bolet\u00edn<\/span>                            \n                                                    <\/li>\n                    \n                                  <\/ul>\n            <\/div>\n            \n            <div class=\"eael-tabs-content\">\n\t\t        \n                    <div id=\"leer-editorial-tab\" class=\"clearfix eael-tab-content-item active-default\" data-title-link=\"leer-editorial-tab\">\n\t\t\t\t        <p><img decoding=\"async\" src=\"https:\/\/flashissue.s3.us-east-1.amazonaws.com\/zr1y47bcRTuozanm0ZZ7_VlJJUF9Cb2xldGluIGJhc2VfZWRpdA==.jpg\" \/><\/p><h3><span style=\"color: #083854\"><strong>Investigaci\u00f3n p\u00fablica para el desarrollo del pa\u00eds<\/strong><\/span><\/h3><p>La investigaci\u00f3n cient\u00edfica constituye uno de los pilares fundamentales de la Universidad del B\u00edo-B\u00edo y una expresi\u00f3n concreta de su vocaci\u00f3n p\u00fablica. A trav\u00e9s de ella, la instituci\u00f3n genera conocimiento como un bien p\u00fablico, orientado a responder a los desaf\u00edos sociales, culturales, productivos y ambientales del pa\u00eds, con un compromiso permanente con los territorios de \u00d1uble y Biob\u00edo.<\/p><p>Investigar en la Universidad del B\u00edo-B\u00edo no s\u00f3lo implica producir ciencia de calidad, sino tambi\u00e9n articular docencia, postgrado, innovaci\u00f3n y creaci\u00f3n art\u00edstica. Este enfoque integral fortalece la formaci\u00f3n de capital humano avanzado y permite que el conocimiento generado en la academia se proyecte hacia la sociedad, contribuyendo con soluciones, evidencia cient\u00edfica y desarrollo tecnol\u00f3gico pertinente a las realidades regionales y nacionales.<\/p><p>En los \u00faltimos a\u00f1os, el crecimiento sostenido en proyectos de investigaci\u00f3n, productividad cient\u00edfica y participaci\u00f3n estudiantil ha consolidado a la Universidad del B\u00edo-B\u00edo como un actor relevante dentro del sistema p\u00fablico de educaci\u00f3n superior. Estos avances reflejan el compromiso de su comunidad acad\u00e9mica con una investigaci\u00f3n de excelencia, conectada con las necesidades de los territorios y con los desaf\u00edos del desarrollo sostenible.<\/p><p>En este contexto, las autoridades acad\u00e9micas y directivas de la Vicerrector\u00eda de Investigaci\u00f3n y Postgrado proyectan con optimismo el trabajo institucional para el a\u00f1o 2026.<\/p><p>Con esta proyecci\u00f3n, la Universidad del B\u00edo-B\u00edo reafirma su compromiso con una investigaci\u00f3n pertinente, de calidad e impacto, entendida como una herramienta fundamental para aportar al bienestar de las personas y al desarrollo del pa\u00eds desde las regiones.<\/p><p><strong>VRIP Comunicaciones<\/strong><\/p><table align=\"center\"><tbody><tr><td id=\"m_8467858756250299110m_4658873428329236187m_-7901358079350462190gmail-twitter-social-link\"><a href=\"https:\/\/www.twitter.com\/FlashIssue\" target=\"_blank\" rel=\"noopener\"><img decoding=\"async\" class=\"CToWUd alignright\" src=\"https:\/\/app.flashissue.com\/images\/social-icons\/round\/twitter\/grey\/twitter48.png\" \/><\/a><\/td><td>\u00a0<\/td><td id=\"m_8467858756250299110m_4658873428329236187m_-7901358079350462190gmail-youtube-social-link\"><a href=\"https:\/\/www.youtube.com\/channel\/UCf7o8yHRJ7Y_QQLxwu1KQgA\" target=\"_blank\" rel=\"noopener\"><img decoding=\"async\" class=\"CToWUd aligncenter\" src=\"https:\/\/app.flashissue.com\/images\/social-icons\/round\/youtube\/grey\/youtube48.png\" \/><\/a><\/td><td>\u00a0<\/td><td id=\"m_8467858756250299110m_4658873428329236187m_-7901358079350462190gmail-instagram-social-link\"><a href=\"https:\/\/www.instagram.com\/vrip_ubb\" target=\"_blank\" rel=\"noopener\"><img decoding=\"async\" class=\"CToWUd alignleft\" src=\"https:\/\/app.flashissue.com\/images\/social-icons\/round\/instagram\/grey\/instagram48.png\" \/><\/a><\/td><\/tr><\/tbody><\/table><p><a href=\"https:\/\/vrip.ubiobio.cl\/informativos-vrip\/\" target=\"_blank\" rel=\"noopener\"><img fetchpriority=\"high\" decoding=\"async\" class=\"aligncenter\" src=\"https:\/\/flashissue.s3.us-east-1.amazonaws.com\/wn9DyI72QZaEm43a79u8_VlJJUF9Cb2xldGluIGJhc2VfcGllIHBhZw==.jpg\" width=\"616\" height=\"121\" \/><\/a><\/p><p style=\"text-align: center\">Vicerrector\u00eda de Investigaci\u00f3n y Postgrado &#8211; Universidad del B\u00edo-B\u00edo<br \/><span style=\"background-color: transparent\">Todos los derechos reservados.<br \/><\/span><span style=\"background-color: transparent\">Av. Collao 1202, Concepci\u00f3n \/ Av. Andr\u00e9s Bello s\/n, Chill\u00e1n<br \/><\/span><span style=\"background-color: transparent\">Comentarios a:\u00a0<\/span><strong style=\"background-color: transparent\"><a href=\"mailto:vripcomunicaciones@ubiobio.cl?subject=Comentario%20newsletter\" target=\"_blank\" rel=\"noopener\">vripcomunicaciones@ubiobio.cl<\/a><\/strong><\/p>                    <\/div>\n\t\t        \n                    <div id=\"leer-boletn-tab\" class=\"clearfix eael-tab-content-item inactive\" data-title-link=\"leer-boletn-tab\">\n\t\t\t\t        <p><img decoding=\"async\" class=\"alignnone size-full wp-image-52860\" src=\"https:\/\/vrip.ubiobio.cl\/wp-content\/uploads\/2026\/01\/VRIP_Boletin-base-2026.jpg\" alt=\"\" width=\"1738\" height=\"604\" srcset=\"https:\/\/vrip.ubiobio.cl\/wp-content\/uploads\/2026\/01\/VRIP_Boletin-base-2026.jpg 1738w, https:\/\/vrip.ubiobio.cl\/wp-content\/uploads\/2026\/01\/VRIP_Boletin-base-2026-380x132.jpg 380w, https:\/\/vrip.ubiobio.cl\/wp-content\/uploads\/2026\/01\/VRIP_Boletin-base-2026-1024x356.jpg 1024w, https:\/\/vrip.ubiobio.cl\/wp-content\/uploads\/2026\/01\/VRIP_Boletin-base-2026-768x267.jpg 768w, https:\/\/vrip.ubiobio.cl\/wp-content\/uploads\/2026\/01\/VRIP_Boletin-base-2026-1536x534.jpg 1536w\" sizes=\"(max-width: 1738px) 100vw, 1738px\" \/><\/p><h3><img decoding=\"async\" src=\"https:\/\/flashissue.s3.us-east-1.amazonaws.com\/uNgTeNuNRZiXiWJTdWpm_VlJJUF9Cb2xldGluIGJhc2VfZWRpdA==.jpg\" \/><\/h3><h3><span style=\"color: #073753\"><strong>Editorial |\u00a0Investigaci\u00f3n p\u00fablica para el desarrollo del pa\u00eds<\/strong><\/span><\/h3><p><em>\u00a0Ver m\u00e1s: <\/em><a href=\"https:\/\/vrip.ubiobio.cl\/inicio\/informativos-vrip\/edicion-09-marzo-2026\/\" target=\"_blank\" rel=\"noopener\">https:\/\/vrip.ubiobio.cl\/inicio\/informativos-vrip\/edicion-09-marzo-2026\/<\/a><\/p><hr \/><p><img decoding=\"async\" src=\"https:\/\/flashissue.s3.us-east-1.amazonaws.com\/y8gaq4vLQ4CUMCx3JDXe_MQ==.png\" \/><\/p><h3><span style=\"color: #073753\"><strong>Dra. Soledad Mart\u00ednez: \u201cLas universidades, sobre todo p\u00fablicas, tienen una responsabilidad en la promoci\u00f3n de la justicia social, los derechos humanos y la igualdad en dignidad y derechos\u201d<\/strong><\/span><\/h3><p>La acad\u00e9mica del Departamento de Ciencias Sociales y directora alterna del Centro de Estudios \u00d1uble de la Universidad del B\u00edo-B\u00edo, Dra. Soledad Mart\u00ednez Labr\u00edn, fue seleccionada en el \u00faltimo concurso de Grupos de Investigaci\u00f3n impulsado por la Direcci\u00f3n de Investigaci\u00f3n y Creaci\u00f3n Art\u00edstica de la Vicerrector\u00eda de Investigaci\u00f3n y Postgrado.<\/p><p><em>\u00a0Ver m\u00e1s: <\/em><em>\u00a0<\/em><a href=\"https:\/\/vrip.ubiobio.cl\/inicio\/noticias\/dra-soledad-martinez-las-universidades-sobre-todo-publicas-tienen-una-responsabilidad-en-la-promocion-de-la-justicia-social-los-derechos-humanos-y-la-igualdad-en-dignidad-y-derechos\/\" target=\"_blank\" rel=\"noopener\">https:\/\/vrip.ubiobio.cl\/inicio\/noticias\/dra-soledad-martinez-las-universidades-sobre-todo-publicas-tienen-una-responsabilidad-en-la-promocion-de-la-justicia-social-los-derechos-humanos-y-la-igualdad-en-dignidad-y-derechos\/<\/a><\/p><hr \/><p>\u00a0<\/p><h3><span style=\"color: #073753\"><strong><img decoding=\"async\" src=\"https:\/\/ci3.googleusercontent.com\/meips\/ADKq_Nbf78HRQfKhKXhaZJnXuHyv4XKobW-vTkTR5ZFE2Y5Mk7B0NbQUMl31vb9R1Kn-ALPcKtfMETj5aSZUaHutuZHUoUYdV2X9DnQs8xMst6Kr-nubgm6iUfPK9-WPKV4IhUmhQlaR1AKQlUnyS7fsxYFqky5nEdZxFrcU8cPo=s0-d-e1-ft#https:\/\/flashissue.s3.us-east-1.amazonaws.com\/IAiKA75cRYuMz5wNkRtB_VlJJUF9CYW5uZXIgSW5mb3JtYXRpdm8=.png\" \/><\/strong><strong>Transferencia tecnol\u00f3gica con enfoque territorial: Aprendizajes desde la UBB<\/strong><\/span><\/h3><p>Para Andrea Bustos, Coordinadora de la Oficina de Transferencia y Licenciamiento (OTL) de la Universidad del B\u00edo-B\u00edo, la transferencia tecnol\u00f3gica es un proceso que se entiende m\u00e1s all\u00e1 del traspaso de conocimiento o soluciones productivas. En una universidad p\u00fablica y estatal con presencia en \u00d1uble y Biob\u00edo con profunda vinculaci\u00f3n al territorio transferir toma un profundo significado de asumir un rol p\u00fablico, dialogante con las realidades sociales contribuyendo al desarrollo de la equidad.<\/p><p><em>Ver m\u00e1s:\u00a0 <\/em><a href=\"https:\/\/vrip.ubiobio.cl\/inicio\/noticias\/transferencia-tecnologica-con-enfoque-territorial-aprendizajes-desde-la-ubb\/\" target=\"_blank\" rel=\"noopener\">https:\/\/vrip.ubiobio.cl\/inicio\/noticias\/transferencia-tecnologica-con-enfoque-territorial-aprendizajes-desde-la-ubb\/<\/a><\/p><hr \/><p><img decoding=\"async\" src=\"https:\/\/flashissue.s3.us-east-1.amazonaws.com\/QABXVquRS5c9oTzgOQ49_NQ==.png\" \/><\/p><h3><span style=\"color: #073753\"><strong>Mujeres cient\u00edficas UBB: liderazgo, conocimiento y compromiso con los territorios<\/strong><\/span><\/h3><p>En el marco del D\u00eda Internacional de la Mujer, la Universidad del B\u00edo-B\u00edo proyecta un 2026 de consolidaci\u00f3n en investigaci\u00f3n cient\u00edfica al servicio del desarrollo sostenible de \u00d1uble, Biob\u00edo y el pa\u00eds, destacando el liderazgo y la contribuci\u00f3n de sus acad\u00e9micas e investigadoras en m\u00faltiples disciplinas.<\/p><p><em>\u00a0Ver m\u00e1s: <\/em><em>\u00a0<\/em><a href=\"https:\/\/vrip.ubiobio.cl\/inicio\/noticias\/mujeres-cientificas-ubb-liderazgo-conocimiento-y-compromiso-con-los-territorios\/\" target=\"_blank\" rel=\"noopener\">https:\/\/vrip.ubiobio.cl\/inicio\/noticias\/mujeres-cientificas-ubb-liderazgo-conocimiento-y-compromiso-con-los-territorios\/<\/a><\/p><hr \/><p><img decoding=\"async\" src=\"https:\/\/flashissue.s3.us-east-1.amazonaws.com\/DCX8RDbNQcurarDiyYLN_NA==.png\" \/><\/p><h3><span style=\"color: #073753\"><strong>Humedal artificial pionero en Chile, impulsado por investigador UBB, comenz\u00f3 a operar en Tir\u00faa para proteger el Lago Lleulleu<\/strong><\/span><\/h3><p>Se trata de la primera experiencia para el tratamiento de aguas servidas instalado en un camping comunitario, con el objetivo de resguardar un ecosistema lacustre de alto valor ambiental y fortalecer el turismo sostenible en el territorio.<\/p><p><em>Ver m\u00e1s: <\/em><a href=\"https:\/\/noticias.ubiobio.cl\/2026\/03\/02\/humedal-artificial-pionero-en-chile-comenzo-a-operar-en-tirua-para-proteger-el-lago-lleulleu\/\" target=\"_blank\" rel=\"noopener\">https:\/\/noticias.ubiobio.cl\/2026\/03\/02\/humedal-artificial-pionero-en-chile-comenzo-a-operar-en-tirua-para-proteger-el-lago-lleulleu\/<\/a><\/p><hr \/><p><img decoding=\"async\" src=\"https:\/\/flashissue.s3.us-east-1.amazonaws.com\/aLx85Vz3TlCZr3SC23Gd_Mg==.png\" \/><\/p><h3><span style=\"color: #073753\"><strong>Exitoso lanzamiento de \u201cLas cuerdas del agua\u201d, obra de la Dra. Marcela Vidal que entrelaza memoria y ciencia<\/strong><\/span><\/h3><p>En una emotiva jornada dedicada a la reflexi\u00f3n y al di\u00e1logo interdisciplinario, el pasado viernes 27 de febrero se realiz\u00f3 el lanzamiento del libro \u201cLas cuerdas del agua\u201d, de la acad\u00e9mica e investigadora del Departamento de Ciencias B\u00e1sicas de la Facultad de Ciencias, Dra. Marcela Vidal Maldonado. La actividad tuvo lugar en las dependencias del Centro Cultural Casa Gonzalo Rojas, convocando a p\u00fablico interesado en la relaci\u00f3n entre memoria, ciencia y territorio.<\/p><p><em>Ver m\u00e1s:\u00a0 <\/em><a href=\"https:\/\/vrip.ubiobio.cl\/inicio\/noticias\/exitoso-lanzamiento-de-las-cuerdas-del-agua-obra-de-la-dra-marcela-vidal-que-entrelaza-memoria-y-ciencia\/\" target=\"_blank\" rel=\"noopener\">https:\/\/vrip.ubiobio.cl\/inicio\/noticias\/exitoso-lanzamiento-de-las-cuerdas-del-agua-obra-de-la-dra-marcela-vidal-que-entrelaza-memoria-y-ciencia\/<\/a><\/p><hr \/><p><img decoding=\"async\" src=\"https:\/\/flashissue.s3.us-east-1.amazonaws.com\/4yvP8plSgKXotmrI7URU_Mw==.png\" \/><\/p><h3><span style=\"color: #073753\"><strong>Ministerio de Ciencia presenta Manual de Recomendaciones de la Agenda \u201cMejor Trabajo en Investigaci\u00f3n\u201d<\/strong><\/span><\/h3><p>El documento entrega orientaciones estrat\u00e9gicas para fortalecer las condiciones laborales de investigadoras e investigadores y avanzar hacia trayectorias m\u00e1s estables, equitativas y sostenibles en el sistema cient\u00edfico chileno.<\/p><p><em>Ver m\u00e1s:\u00a0 <\/em><a href=\"https:\/\/vrip.ubiobio.cl\/inicio\/noticias\/ministerio-de-ciencia-presenta-manual-de-recomendaciones-de-la-agenda-mejor-trabajo-en-investigacion\/\" target=\"_blank\" rel=\"noopener\">https:\/\/vrip.ubiobio.cl\/inicio\/noticias\/ministerio-de-ciencia-presenta-manual-de-recomendaciones-de-la-agenda-mejor-trabajo-en-investigacion\/<\/a><\/p><hr \/><p><img decoding=\"async\" src=\"https:\/\/flashissue.s3.us-east-1.amazonaws.com\/vGCRHqu5TAydAm2Ahi5g_VlJJUF9Cb2xldGluIGJhc2VfaW5mbw==.jpg\" \/><\/p><p>La direcci\u00f3n de Innovaci\u00f3n a trav\u00e9s de la Unidad de Emprendimiento realizar\u00e1 los d\u00edas 10 y 12 de marzo en Concepci\u00f3n y Chill\u00e1n respectivamente, un Desayuno de Recepci\u00f3n de Adjudicaci\u00f3n, instancia en la que se reconocer\u00e1 a las\/os beneficiarias\/os del Concurso de Apoyo a la realizaci\u00f3n de proyectos de Tesis con impacto en I+D+i+e, estudiantes de pre y postgrado UBB a\u00f1o 2025-2. Adem\u00e1s, se realizar\u00e1 un Taller de Modelo de Negocios.<\/p><hr \/><p><img decoding=\"async\" src=\"https:\/\/ci3.googleusercontent.com\/meips\/ADKq_NZe1-srQ38BiMNEitQvcankUsx92IhvarVrERCfEodAjmY5bn7-Xw0jlmsFYKM7NOFJBIIb2k9AD_hKcJGqNZWR6YSEOfjjKwzlsnrfQeN7wnBD-stOTh-TkqLvHpacEPo=s0-d-e1-ft#https:\/\/flashissue.s3.us-east-1.amazonaws.com\/FlUwRtcRAezvp4lJl4sQ_Ng==.png\" \/><\/p><h3><span style=\"color: #073753\"><strong>\u00a1Postula\u00a0a la convocatoria Semilla Inicia \u00d1uble 2026 de CORFO!<\/strong><\/span><\/h3><p>La Direcci\u00f3n de Innovaci\u00f3n, a trav\u00e9s de la Unidad de Emprendimiento invita a postular a la convocatoria Semilla Inicia \u00d1uble 2026, un concurso de financiamiento de Corfo que apoya emprendimientos innovadores en etapa temprana con potencial de crecimiento y escalabilidad<\/p><p>\u00a1Comparte tu idea con nosotros! Adjuntamos el Formulario Idea de Proyecto para que las personas interesadas puedan completar la informaci\u00f3n de su iniciativa. Recibiremos ideas de proyectos hasta el 13\/03\/2026 a las 17:00 hrs.\u00a0<a href=\"https:\/\/forms.gle\/oe1H7Cnf76Gy6DKr8\" target=\"_blank\" rel=\"noopener\">https:\/\/forms.gle\/oe1H7Cnf76Gy6DKr8<\/a><\/p><p>\u00a1Esperamos tu participaci\u00f3n para seguir impulsando la innovaci\u00f3n desde la UBB hacia el pa\u00eds!<\/p><hr \/><p><img decoding=\"async\" src=\"https:\/\/ci3.googleusercontent.com\/meips\/ADKq_NYkbFTTCbDzD44lRC1EicTPq6SFu2AvC2j2dbYY6wyuO3ROWfNfBVWanW1IYrQcvD9kEPoNeQow9MwM75R1gJU4VbPMkGkxv4uU_9yHrX5jpyv37jMHOD8ugy0TBcYjCAiRW2YPez66mxGmy0BeoJfjbPDl_JkFs2VabiFM=s0-d-e1-ft#https:\/\/flashissue.s3.us-east-1.amazonaws.com\/9fSJEobtTSigaf7mANSS_VlJJUF9CYW5uZXIgSW5mb3JtYXRpdm8=.png\" \/><\/p><h3><span style=\"color: #073753\"><strong>Concurso Proyectos de Creaci\u00f3n Art\u00edstica UBB, 2026-2027<\/strong><\/span><\/h3><p>La Vicerrector\u00eda de Investigaci\u00f3n y Postgrado, llama a la comunidad acad\u00e9mica a postular al Concurso \u201cProyectos de Creaci\u00f3n Art\u00edstica UBB 2026-2027\u201d de la Direcci\u00f3n de Investigaci\u00f3n y Creaci\u00f3n Art\u00edstica.<\/p><p>La apertura del Concurso fue el martes 20 de enero de 2026 y la fecha de cierre ser\u00e1 el d\u00eda jueves 02 de abril de 2026 a las 18:00 hrs.<\/p><p>M\u00e1s informaci\u00f3n: <a href=\"https:\/\/vrip.ubiobio.cl\/inicio\/concurso-proyectos-de-creacion-artistica-ubb-2026\/\" target=\"_blank\" rel=\"noopener\">https:\/\/vrip.ubiobio.cl\/inicio\/concurso-proyectos-de-creacion-artistica-ubb-2026\/<\/a><\/p><hr \/><p><img decoding=\"async\" src=\"https:\/\/ci3.googleusercontent.com\/meips\/ADKq_NbKYZb2TRSIeT10LwAK-KR6ebtRosFDLH_IEdvfCm9uebQ03aJPuojsy41GAYDnVS_wIa4jwddmd9nuV3NaGKMRPLzxQSxy6T2qEEGpx8FCZptNbbr6eForipmO1XBKjh16o9Ejzq7cGVksC7CQugGXf8MmeCaRPzdY402W7q9CZA=s0-d-e1-ft#https:\/\/flashissue.s3.us-east-1.amazonaws.com\/R5JyHVNT2t7oeoEd5tow_RElDUkVBX1BFVFJBIDIwMjZfYm9sZXRpbg==.jpg\" \/><\/p><h3><span style=\"color: #073753\"><strong>Apertura Concurso Proyectos de Investigaci\u00f3n internos Iniciaci\u00f3n y Regular 2026<\/strong><\/span><\/h3><p>La Direcci\u00f3n de Investigaci\u00f3n y Creaci\u00f3n Art\u00edstica de la Vicerrector\u00eda de Investigaci\u00f3n y Postgrado, informa la apertura del Concurso de Proyectos de Investigaci\u00f3n Internos Iniciaci\u00f3n y Regular 2026.<\/p><p>La convocatoria permanecer\u00e1 abierta desde martes 20 de enero de 2026 hasta el jueves 02 de abril de 2026 a las 18:00 hrs. Plazo para patrocinio: 10 de abril de 2026 a las 18:00 hrs.<\/p><p>M\u00e1s informaci\u00f3n: <a href=\"https:\/\/vrip.ubiobio.cl\/inicio\/proyectos-de-investigacion-iniciacion-y-regular-2026\/\" target=\"_blank\" rel=\"noopener\">https:\/\/vrip.ubiobio.cl\/inicio\/proyectos-de-investigacion-iniciacion-y-regular-2026\/<\/a><\/p><hr \/><p><img decoding=\"async\" src=\"https:\/\/flashissue.s3.us-east-1.amazonaws.com\/B93FDcYPTMGRLI3DIkzo_UG9zdGdyYWRvIDIwMjVfUHJvZ3JhbWFz.jpg\" \/><\/p><h3><span style=\"color: #073753\"><strong>Programas de Postgrados UBB disponibles<\/strong><\/span><\/h3><p><em>\u00a0 M\u00e1s informaci\u00f3n:<\/em><a href=\"https:\/\/postgrados.ubiobio.cl\/\" target=\"_blank\" rel=\"noopener\">\u00a0https:\/\/postgrados.ubiobio.cl\/<\/a><\/p><hr \/><table align=\"center\"><tbody><tr><td id=\"m_8467858756250299110m_4658873428329236187m_-7901358079350462190gmail-twitter-social-link\"><a href=\"https:\/\/www.twitter.com\/FlashIssue\" target=\"_blank\" rel=\"noopener\"><img decoding=\"async\" class=\"CToWUd alignright\" src=\"https:\/\/app.flashissue.com\/images\/social-icons\/round\/twitter\/grey\/twitter48.png\" \/><\/a><\/td><td id=\"m_8467858756250299110m_4658873428329236187m_-7901358079350462190gmail-youtube-social-link\"><a href=\"https:\/\/www.youtube.com\/channel\/UCf7o8yHRJ7Y_QQLxwu1KQgA\" target=\"_blank\" rel=\"noopener\"><img decoding=\"async\" class=\"CToWUd aligncenter\" src=\"https:\/\/app.flashissue.com\/images\/social-icons\/round\/youtube\/grey\/youtube48.png\" \/><\/a><\/td><td id=\"m_8467858756250299110m_4658873428329236187m_-7901358079350462190gmail-instagram-social-link\"><a href=\"https:\/\/www.instagram.com\/vrip_ubb\" target=\"_blank\" rel=\"noopener\"><img decoding=\"async\" class=\"CToWUd alignleft\" src=\"https:\/\/app.flashissue.com\/images\/social-icons\/round\/instagram\/grey\/instagram48.png\" \/><\/a><\/td><\/tr><\/tbody><\/table><p><img decoding=\"async\" src=\"https:\/\/flashissue.s3.us-east-1.amazonaws.com\/wn9DyI72QZaEm43a79u8_VlJJUF9Cb2xldGluIGJhc2VfcGllIHBhZw==.jpg\" \/><\/p><p style=\"text-align: center\">Vicerrector\u00eda de Investigaci\u00f3n y Postgrado &#8211; Universidad del B\u00edo-B\u00edo<br \/><span style=\"background-color: transparent\">Todos los derechos reservados.<br \/><\/span><span style=\"background-color: transparent\">Av. Collao 1202, Concepci\u00f3n \/ Av. Andr\u00e9s Bello s\/n, Chill\u00e1n<br \/><\/span><span style=\"background-color: transparent\">Comentarios a:\u00a0<\/span><strong style=\"background-color: transparent\"><a href=\"mailto:vripcomunicaciones@ubiobio.cl?subject=Comentario%20newsletter\" target=\"_blank\" rel=\"noopener\">vripcomunicaciones@ubiobio.cl<\/a><\/strong><\/p><p style=\"text-align: center\">\u00a0<\/p>                    <\/div>\n\t\t                    <\/div>\n        <\/div>\n\t\t\t\t<\/div>\n\t\t\t\t<\/div>\n\t\t\t\t\t<\/div>\n\t\t<\/div>\n\t\t\t\t\t<\/div>\n\t\t<\/section>\n\t\t\t\t<\/div>\n\t\t","protected":false},"excerpt":{"rendered":"<p>Edici\u00f3n 09 Marzo 2026 Leer Editorial Leer Bolet\u00edn Investigaci\u00f3n p\u00fablica para el desarrollo del pa\u00eds La investigaci\u00f3n cient\u00edfica constituye uno de los pilares fundamentales de la Universidad del B\u00edo-B\u00edo y una expresi\u00f3n concreta de su vocaci\u00f3n p\u00fablica. A trav\u00e9s de ella, la instituci\u00f3n genera conocimiento como un bien p\u00fablico, orientado a responder a los desaf\u00edos&#8230;<\/p>\n","protected":false},"author":1,"featured_media":0,"parent":41711,"menu_order":0,"comment_status":"closed","ping_status":"closed","template":"","meta":{"_kadence_starter_templates_imported_post":false,"_kad_post_transparent":"default","_kad_post_title":"hide","_kad_post_layout":"fullwidth","_kad_post_sidebar_id":"","_kad_post_content_style":"unboxed","_kad_post_vertical_padding":"hide","_kad_post_feature":"hide","_kad_post_feature_position":"","_kad_post_header":false,"_kad_post_footer":false,"footnotes":""},"class_list":["post-53298","page","type-page","status-publish","hentry"],"yoast_head":"<!-- This site is optimized with the Yoast SEO plugin v27.5 - https:\/\/yoast.com\/product\/yoast-seo-wordpress\/ -->\n<title>Informativo VRIP 09 Marzo 2026 - VRIP<\/title>\n<meta name=\"robots\" content=\"index, follow, max-snippet:-1, max-image-preview:large, max-video-preview:-1\" \/>\n<link rel=\"canonical\" href=\"https:\/\/vrip.ubiobio.cl\/inicio\/informativos-vrip\/edicion-09-marzo-2026\/\" \/>\n<meta property=\"og:locale\" content=\"es_ES\" \/>\n<meta property=\"og:type\" content=\"article\" \/>\n<meta property=\"og:title\" content=\"Informativo VRIP 09 Marzo 2026 - VRIP\" \/>\n<meta property=\"og:description\" content=\"Edici\u00f3n 09 Marzo 2026 Leer Editorial Leer Bolet\u00edn Investigaci\u00f3n p\u00fablica para el desarrollo del pa\u00eds La investigaci\u00f3n cient\u00edfica constituye uno de los pilares fundamentales de la Universidad del B\u00edo-B\u00edo y una expresi\u00f3n concreta de su vocaci\u00f3n p\u00fablica. A trav\u00e9s de ella, la instituci\u00f3n genera conocimiento como un bien p\u00fablico, orientado a responder a los desaf\u00edos...\" \/>\n<meta property=\"og:url\" content=\"https:\/\/vrip.ubiobio.cl\/inicio\/informativos-vrip\/edicion-09-marzo-2026\/\" \/>\n<meta property=\"og:site_name\" content=\"VRIP\" \/>\n<meta property=\"article:modified_time\" content=\"2026-03-09T19:29:21+00:00\" \/>\n<meta property=\"og:image\" content=\"https:\/\/flashissue.s3.us-east-1.amazonaws.com\/zr1y47bcRTuozanm0ZZ7_VlJJUF9Cb2xldGluIGJhc2VfZWRpdA==.jpg\" \/>\n<meta name=\"twitter:card\" content=\"summary_large_image\" \/>\n<meta name=\"twitter:site\" content=\"@vripubb\" \/>\n<meta name=\"twitter:label1\" content=\"Tiempo de lectura\" \/>\n\t<meta name=\"twitter:data1\" content=\"6 minutos\" \/>\n<script type=\"application\/ld+json\" class=\"yoast-schema-graph\">{\"@context\":\"https:\\\/\\\/schema.org\",\"@graph\":[{\"@type\":\"WebPage\",\"@id\":\"https:\\\/\\\/vrip.ubiobio.cl\\\/inicio\\\/informativos-vrip\\\/edicion-09-marzo-2026\\\/\",\"url\":\"https:\\\/\\\/vrip.ubiobio.cl\\\/inicio\\\/informativos-vrip\\\/edicion-09-marzo-2026\\\/\",\"name\":\"Informativo VRIP 09 Marzo 2026 - VRIP\",\"isPartOf\":{\"@id\":\"https:\\\/\\\/vrip.ubiobio.cl\\\/inicio\\\/#website\"},\"primaryImageOfPage\":{\"@id\":\"https:\\\/\\\/vrip.ubiobio.cl\\\/inicio\\\/informativos-vrip\\\/edicion-09-marzo-2026\\\/#primaryimage\"},\"image\":{\"@id\":\"https:\\\/\\\/vrip.ubiobio.cl\\\/inicio\\\/informativos-vrip\\\/edicion-09-marzo-2026\\\/#primaryimage\"},\"thumbnailUrl\":\"https:\\\/\\\/flashissue.s3.us-east-1.amazonaws.com\\\/zr1y47bcRTuozanm0ZZ7_VlJJUF9Cb2xldGluIGJhc2VfZWRpdA==.jpg\",\"datePublished\":\"2026-03-09T14:52:53+00:00\",\"dateModified\":\"2026-03-09T19:29:21+00:00\",\"breadcrumb\":{\"@id\":\"https:\\\/\\\/vrip.ubiobio.cl\\\/inicio\\\/informativos-vrip\\\/edicion-09-marzo-2026\\\/#breadcrumb\"},\"inLanguage\":\"es\",\"potentialAction\":[{\"@type\":\"ReadAction\",\"target\":[\"https:\\\/\\\/vrip.ubiobio.cl\\\/inicio\\\/informativos-vrip\\\/edicion-09-marzo-2026\\\/\"]}]},{\"@type\":\"ImageObject\",\"inLanguage\":\"es\",\"@id\":\"https:\\\/\\\/vrip.ubiobio.cl\\\/inicio\\\/informativos-vrip\\\/edicion-09-marzo-2026\\\/#primaryimage\",\"url\":\"https:\\\/\\\/flashissue.s3.us-east-1.amazonaws.com\\\/zr1y47bcRTuozanm0ZZ7_VlJJUF9Cb2xldGluIGJhc2VfZWRpdA==.jpg\",\"contentUrl\":\"https:\\\/\\\/flashissue.s3.us-east-1.amazonaws.com\\\/zr1y47bcRTuozanm0ZZ7_VlJJUF9Cb2xldGluIGJhc2VfZWRpdA==.jpg\"},{\"@type\":\"BreadcrumbList\",\"@id\":\"https:\\\/\\\/vrip.ubiobio.cl\\\/inicio\\\/informativos-vrip\\\/edicion-09-marzo-2026\\\/#breadcrumb\",\"itemListElement\":[{\"@type\":\"ListItem\",\"position\":1,\"name\":\"Portada\",\"item\":\"https:\\\/\\\/vrip.ubiobio.cl\\\/inicio\\\/\"},{\"@type\":\"ListItem\",\"position\":2,\"name\":\"Informativos VRIP\",\"item\":\"https:\\\/\\\/vrip.ubiobio.cl\\\/inicio\\\/informativos-vrip\\\/\"},{\"@type\":\"ListItem\",\"position\":3,\"name\":\"Informativo VRIP 09 Marzo 2026\"}]},{\"@type\":\"WebSite\",\"@id\":\"https:\\\/\\\/vrip.ubiobio.cl\\\/inicio\\\/#website\",\"url\":\"https:\\\/\\\/vrip.ubiobio.cl\\\/inicio\\\/\",\"name\":\"VRIP\",\"description\":\"Vicerrector\u00eda de Investigaci\u00f3n y Postgrado\",\"publisher\":{\"@id\":\"https:\\\/\\\/vrip.ubiobio.cl\\\/inicio\\\/#organization\"},\"potentialAction\":[{\"@type\":\"SearchAction\",\"target\":{\"@type\":\"EntryPoint\",\"urlTemplate\":\"https:\\\/\\\/vrip.ubiobio.cl\\\/inicio\\\/?s={search_term_string}\"},\"query-input\":{\"@type\":\"PropertyValueSpecification\",\"valueRequired\":true,\"valueName\":\"search_term_string\"}}],\"inLanguage\":\"es\"},{\"@type\":\"Organization\",\"@id\":\"https:\\\/\\\/vrip.ubiobio.cl\\\/inicio\\\/#organization\",\"name\":\"VRIP\",\"url\":\"https:\\\/\\\/vrip.ubiobio.cl\\\/inicio\\\/\",\"logo\":{\"@type\":\"ImageObject\",\"inLanguage\":\"es\",\"@id\":\"https:\\\/\\\/vrip.ubiobio.cl\\\/inicio\\\/#\\\/schema\\\/logo\\\/image\\\/\",\"url\":\"https:\\\/\\\/vrip.ubiobio.cl\\\/wp-content\\\/uploads\\\/2022\\\/10\\\/logo-vrip_Mesa-de-trabajo-1.png\",\"contentUrl\":\"https:\\\/\\\/vrip.ubiobio.cl\\\/wp-content\\\/uploads\\\/2022\\\/10\\\/logo-vrip_Mesa-de-trabajo-1.png\",\"width\":642,\"height\":178,\"caption\":\"VRIP\"},\"image\":{\"@id\":\"https:\\\/\\\/vrip.ubiobio.cl\\\/inicio\\\/#\\\/schema\\\/logo\\\/image\\\/\"},\"sameAs\":[\"https:\\\/\\\/x.com\\\/vripubb\",\"https:\\\/\\\/www.instagram.com\\\/vrip_ubb\\\/\",\"https:\\\/\\\/www.youtube.com\\\/channel\\\/UCf7o8yHRJ7Y_QQLxwu1KQgA\",\"https:\\\/\\\/www.linkedin.com\\\/company\\\/96035097\\\/admin\\\/dashboard\\\/\"]}]}<\/script>\n<!-- \/ Yoast SEO plugin. -->","yoast_head_json":{"title":"Informativo VRIP 09 Marzo 2026 - VRIP","robots":{"index":"index","follow":"follow","max-snippet":"max-snippet:-1","max-image-preview":"max-image-preview:large","max-video-preview":"max-video-preview:-1"},"canonical":"https:\/\/vrip.ubiobio.cl\/inicio\/informativos-vrip\/edicion-09-marzo-2026\/","og_locale":"es_ES","og_type":"article","og_title":"Informativo VRIP 09 Marzo 2026 - VRIP","og_description":"Edici\u00f3n 09 Marzo 2026 Leer Editorial Leer Bolet\u00edn Investigaci\u00f3n p\u00fablica para el desarrollo del pa\u00eds La investigaci\u00f3n cient\u00edfica constituye uno de los pilares fundamentales de la Universidad del B\u00edo-B\u00edo y una expresi\u00f3n concreta de su vocaci\u00f3n p\u00fablica. A trav\u00e9s de ella, la instituci\u00f3n genera conocimiento como un bien p\u00fablico, orientado a responder a los desaf\u00edos...","og_url":"https:\/\/vrip.ubiobio.cl\/inicio\/informativos-vrip\/edicion-09-marzo-2026\/","og_site_name":"VRIP","article_modified_time":"2026-03-09T19:29:21+00:00","og_image":[{"url":"https:\/\/flashissue.s3.us-east-1.amazonaws.com\/zr1y47bcRTuozanm0ZZ7_VlJJUF9Cb2xldGluIGJhc2VfZWRpdA==.jpg","type":"","width":"","height":""}],"twitter_card":"summary_large_image","twitter_site":"@vripubb","twitter_misc":{"Tiempo de lectura":"6 minutos"},"schema":{"@context":"https:\/\/schema.org","@graph":[{"@type":"WebPage","@id":"https:\/\/vrip.ubiobio.cl\/inicio\/informativos-vrip\/edicion-09-marzo-2026\/","url":"https:\/\/vrip.ubiobio.cl\/inicio\/informativos-vrip\/edicion-09-marzo-2026\/","name":"Informativo VRIP 09 Marzo 2026 - VRIP","isPartOf":{"@id":"https:\/\/vrip.ubiobio.cl\/inicio\/#website"},"primaryImageOfPage":{"@id":"https:\/\/vrip.ubiobio.cl\/inicio\/informativos-vrip\/edicion-09-marzo-2026\/#primaryimage"},"image":{"@id":"https:\/\/vrip.ubiobio.cl\/inicio\/informativos-vrip\/edicion-09-marzo-2026\/#primaryimage"},"thumbnailUrl":"https:\/\/flashissue.s3.us-east-1.amazonaws.com\/zr1y47bcRTuozanm0ZZ7_VlJJUF9Cb2xldGluIGJhc2VfZWRpdA==.jpg","datePublished":"2026-03-09T14:52:53+00:00","dateModified":"2026-03-09T19:29:21+00:00","breadcrumb":{"@id":"https:\/\/vrip.ubiobio.cl\/inicio\/informativos-vrip\/edicion-09-marzo-2026\/#breadcrumb"},"inLanguage":"es","potentialAction":[{"@type":"ReadAction","target":["https:\/\/vrip.ubiobio.cl\/inicio\/informativos-vrip\/edicion-09-marzo-2026\/"]}]},{"@type":"ImageObject","inLanguage":"es","@id":"https:\/\/vrip.ubiobio.cl\/inicio\/informativos-vrip\/edicion-09-marzo-2026\/#primaryimage","url":"https:\/\/flashissue.s3.us-east-1.amazonaws.com\/zr1y47bcRTuozanm0ZZ7_VlJJUF9Cb2xldGluIGJhc2VfZWRpdA==.jpg","contentUrl":"https:\/\/flashissue.s3.us-east-1.amazonaws.com\/zr1y47bcRTuozanm0ZZ7_VlJJUF9Cb2xldGluIGJhc2VfZWRpdA==.jpg"},{"@type":"BreadcrumbList","@id":"https:\/\/vrip.ubiobio.cl\/inicio\/informativos-vrip\/edicion-09-marzo-2026\/#breadcrumb","itemListElement":[{"@type":"ListItem","position":1,"name":"Portada","item":"https:\/\/vrip.ubiobio.cl\/inicio\/"},{"@type":"ListItem","position":2,"name":"Informativos VRIP","item":"https:\/\/vrip.ubiobio.cl\/inicio\/informativos-vrip\/"},{"@type":"ListItem","position":3,"name":"Informativo VRIP 09 Marzo 2026"}]},{"@type":"WebSite","@id":"https:\/\/vrip.ubiobio.cl\/inicio\/#website","url":"https:\/\/vrip.ubiobio.cl\/inicio\/","name":"VRIP","description":"Vicerrector\u00eda de Investigaci\u00f3n y Postgrado","publisher":{"@id":"https:\/\/vrip.ubiobio.cl\/inicio\/#organization"},"potentialAction":[{"@type":"SearchAction","target":{"@type":"EntryPoint","urlTemplate":"https:\/\/vrip.ubiobio.cl\/inicio\/?s={search_term_string}"},"query-input":{"@type":"PropertyValueSpecification","valueRequired":true,"valueName":"search_term_string"}}],"inLanguage":"es"},{"@type":"Organization","@id":"https:\/\/vrip.ubiobio.cl\/inicio\/#organization","name":"VRIP","url":"https:\/\/vrip.ubiobio.cl\/inicio\/","logo":{"@type":"ImageObject","inLanguage":"es","@id":"https:\/\/vrip.ubiobio.cl\/inicio\/#\/schema\/logo\/image\/","url":"https:\/\/vrip.ubiobio.cl\/wp-content\/uploads\/2022\/10\/logo-vrip_Mesa-de-trabajo-1.png","contentUrl":"https:\/\/vrip.ubiobio.cl\/wp-content\/uploads\/2022\/10\/logo-vrip_Mesa-de-trabajo-1.png","width":642,"height":178,"caption":"VRIP"},"image":{"@id":"https:\/\/vrip.ubiobio.cl\/inicio\/#\/schema\/logo\/image\/"},"sameAs":["https:\/\/x.com\/vripubb","https:\/\/www.instagram.com\/vrip_ubb\/","https:\/\/www.youtube.com\/channel\/UCf7o8yHRJ7Y_QQLxwu1KQgA","https:\/\/www.linkedin.com\/company\/96035097\/admin\/dashboard\/"]}]}},"_links":{"self":[{"href":"https:\/\/vrip.ubiobio.cl\/inicio\/wp-json\/wp\/v2\/pages\/53298","targetHints":{"allow":["GET"]}}],"collection":[{"href":"https:\/\/vrip.ubiobio.cl\/inicio\/wp-json\/wp\/v2\/pages"}],"about":[{"href":"https:\/\/vrip.ubiobio.cl\/inicio\/wp-json\/wp\/v2\/types\/page"}],"author":[{"embeddable":true,"href":"https:\/\/vrip.ubiobio.cl\/inicio\/wp-json\/wp\/v2\/users\/1"}],"replies":[{"embeddable":true,"href":"https:\/\/vrip.ubiobio.cl\/inicio\/wp-json\/wp\/v2\/comments?post=53298"}],"version-history":[{"count":7,"href":"https:\/\/vrip.ubiobio.cl\/inicio\/wp-json\/wp\/v2\/pages\/53298\/revisions"}],"predecessor-version":[{"id":53308,"href":"https:\/\/vrip.ubiobio.cl\/inicio\/wp-json\/wp\/v2\/pages\/53298\/revisions\/53308"}],"up":[{"embeddable":true,"href":"https:\/\/vrip.ubiobio.cl\/inicio\/wp-json\/wp\/v2\/pages\/41711"}],"wp:attachment":[{"href":"https:\/\/vrip.ubiobio.cl\/inicio\/wp-json\/wp\/v2\/media?parent=53298"}],"curies":[{"name":"wp","href":"https:\/\/api.w.org\/{rel}","templated":true}]}}