{"id":53089,"date":"2026-01-16T19:32:09","date_gmt":"2026-01-16T19:32:09","guid":{"rendered":"https:\/\/vrip.ubiobio.cl\/inicio\/?page_id=53089"},"modified":"2026-01-22T15:49:08","modified_gmt":"2026-01-22T15:49:08","slug":"edicion-22-enero-2026","status":"publish","type":"page","link":"https:\/\/vrip.ubiobio.cl\/inicio\/informativos-vrip\/edicion-22-enero-2026\/","title":{"rendered":"Informativo VRIP 22 Enero 2026"},"content":{"rendered":"\t\t<div data-elementor-type=\"wp-page\" data-elementor-id=\"53089\" class=\"elementor elementor-53089\" data-elementor-settings=\"{&quot;ha_cmc_init_switcher&quot;:&quot;no&quot;}\">\n\t\t\t\t\t\t<section class=\"elementor-section elementor-top-section elementor-element elementor-element-f37001d elementor-section-height-min-height elementor-section-boxed elementor-section-height-default elementor-section-items-middle\" data-id=\"f37001d\" data-element_type=\"section\" data-e-type=\"section\" data-settings=\"{&quot;background_background&quot;:&quot;classic&quot;,&quot;_ha_eqh_enable&quot;:false}\">\n\t\t\t\t\t\t<div class=\"elementor-container elementor-column-gap-default\">\n\t\t\t\t\t<div class=\"elementor-column elementor-col-100 elementor-top-column elementor-element elementor-element-34864aa elementor-invisible\" data-id=\"34864aa\" data-element_type=\"column\" data-e-type=\"column\" data-settings=\"{&quot;animation&quot;:&quot;slideInDown&quot;}\">\n\t\t\t<div class=\"elementor-widget-wrap elementor-element-populated\">\n\t\t\t\t\t\t<div class=\"elementor-element elementor-element-98500eb elementor-widget elementor-widget-heading\" data-id=\"98500eb\" data-element_type=\"widget\" data-e-type=\"widget\" data-widget_type=\"heading.default\">\n\t\t\t\t<div class=\"elementor-widget-container\">\n\t\t\t\t\t<h3 class=\"elementor-heading-title elementor-size-xl\">Edici\u00f3n 22 Enero 2026<\/h3>\t\t\t\t<\/div>\n\t\t\t\t<\/div>\n\t\t\t\t\t<\/div>\n\t\t<\/div>\n\t\t\t\t\t<\/div>\n\t\t<\/section>\n\t\t\t\t<section class=\"elementor-section elementor-top-section elementor-element elementor-element-9e6f6cd elementor-section-boxed elementor-section-height-default elementor-section-height-default\" data-id=\"9e6f6cd\" data-element_type=\"section\" data-e-type=\"section\" data-settings=\"{&quot;_ha_eqh_enable&quot;:false}\">\n\t\t\t\t\t\t<div class=\"elementor-container elementor-column-gap-default\">\n\t\t\t\t\t<div class=\"elementor-column elementor-col-100 elementor-top-column elementor-element elementor-element-7a0d97e\" data-id=\"7a0d97e\" data-element_type=\"column\" data-e-type=\"column\">\n\t\t\t<div class=\"elementor-widget-wrap elementor-element-populated\">\n\t\t\t\t\t\t<div class=\"elementor-element elementor-element-4fa6cef elementor-widget elementor-widget-eael-adv-tabs\" data-id=\"4fa6cef\" data-element_type=\"widget\" data-e-type=\"widget\" data-widget_type=\"eael-adv-tabs.default\">\n\t\t\t\t<div class=\"elementor-widget-container\">\n\t\t\t\t\t        <div data-scroll-on-click=\"no\" data-scroll-speed=\"300\" id=\"eael-advance-tabs-4fa6cef\" class=\"eael-advance-tabs eael-tabs-horizontal eael-tab-auto-active \" data-tabid=\"4fa6cef\">\n            <div class=\"eael-tabs-nav \">\n                <ul class=\"eael-tab-inline-icon\" role=\"tablist\">\n                                            <li id=\"leer-editorial\" class=\"active-default eael-tab-item-trigger eael-tab-nav-item\" aria-selected=\"true\" data-tab=\"1\" role=\"tab\" tabindex=\"0\" aria-controls=\"leer-editorial-tab\" aria-expanded=\"false\">\n                            \n                                                                <i class=\"fas fa-scroll\"><\/i>                                                            \n                                                            <span class=\"eael-tab-title title-after-icon\" >Leer Editorial<\/span>                            \n                                                    <\/li>\n                                            <li id=\"leer-boletn\" class=\"inactive eael-tab-item-trigger eael-tab-nav-item\" aria-selected=\"false\" data-tab=\"2\" role=\"tab\" tabindex=\"-1\" aria-controls=\"leer-boletn-tab\" aria-expanded=\"false\">\n                            \n                                                                <i class=\"far fa-newspaper\"><\/i>                                                            \n                                                            <span class=\"eael-tab-title title-after-icon\" >Leer Bolet\u00edn<\/span>                            \n                                                    <\/li>\n                    \n                                  <\/ul>\n            <\/div>\n            \n            <div class=\"eael-tabs-content\">\n\t\t        \n                    <div id=\"leer-editorial-tab\" class=\"clearfix eael-tab-content-item active-default\" data-title-link=\"leer-editorial-tab\">\n\t\t\t\t        <p><img decoding=\"async\" src=\"https:\/\/flashissue.s3.us-east-1.amazonaws.com\/zr1y47bcRTuozanm0ZZ7_VlJJUF9Cb2xldGluIGJhc2VfZWRpdA==.jpg\" \/><\/p><h3><strong><span style=\"color: #083854\">CIENCIA, INVESTIGACI\u00d3N, INNOVACI\u00d3N Y TRANSFERENCIA TECNOL\u00d3GICA para proteger la vida: la respuesta de la UBB frente a los desastres y emergencias<\/span><\/strong><\/h3><p>En un pa\u00eds marcado por terremotos, incendios forestales, inundaciones y eventos clim\u00e1ticos extremos cada vez m\u00e1s frecuentes, la capacidad de anticipar, prevenir, mitigar y responder a las grandes cat\u00e1strofes naturales no es un lujo, sino una responsabilidad del Estado. En este escenario, la Universidad del B\u00edo-B\u00edo, como universidad p\u00fablica y estatal nacida y arraigada en las regiones de \u00d1uble y Biob\u00edo, ha construido a lo largo de m\u00e1s de siete d\u00e9cadas un s\u00f3lido entramado de capacidades cient\u00edficas y tecnol\u00f3gicas al servicio del bien com\u00fan.<\/p><p>La historia de la UBB \u2014heredera de la Universidad T\u00e9cnica del Estado y de la Universidad de Chile sede \u00d1uble\u2014 est\u00e1 profundamente ligada a las necesidades productivas, sociales y territoriales del centro sur de Chile. Desde sus or\u00edgenes, la investigaci\u00f3n cient\u00edfica y tecnol\u00f3gica no fue un complemento, sino un eje estrat\u00e9gico para responder a los desaf\u00edos regionales: primero asociados al desarrollo industrial, y hoy, crecientemente, a la gesti\u00f3n del riesgo, la sostenibilidad ambiental y la protecci\u00f3n de las personas y los ecosistemas.<\/p><p>La creaci\u00f3n y consolidaci\u00f3n de una institucionalidad robusta en investigaci\u00f3n, desarrollo e innovaci\u00f3n \u2014expresada en la Direcci\u00f3n General de Investigaci\u00f3n, Desarrollo e Innovaci\u00f3n y, desde 2018, en la Vicerrector\u00eda de Investigaci\u00f3n y Postgrado\u2014 ha permitido a la Universidad del B\u00edo-B\u00edo articular conocimiento avanzado, infraestructura cient\u00edfica, capital humano altamente calificado y mecanismos efectivos de transferencia tecnol\u00f3gica. Este ecosistema es clave para enfrentar problem\u00e1ticas complejas como los incendios forestales, la degradaci\u00f3n ambiental, la resiliencia de infraestructuras, la planificaci\u00f3n territorial y la adaptaci\u00f3n al cambio clim\u00e1tico.<\/p><p>Desde las ciencias de la ingenier\u00eda, la arquitectura, las ciencias b\u00e1sicas, las ciencias ambientales, las ciencias sociales y las humanidades, la UBB aporta investigaci\u00f3n aplicada y desarrollo tecnol\u00f3gico orientados a la prevenci\u00f3n y mitigaci\u00f3n de cat\u00e1strofes: modelamiento de riesgos, an\u00e1lisis de materiales y estructuras resilientes, estudios de uso de suelo y ordenamiento territorial, tecnolog\u00edas de monitoreo, soluciones energ\u00e9ticas y productivas sostenibles, as\u00ed como investigaci\u00f3n social que permite comprender el impacto de las emergencias en las comunidades y fortalecer la gesti\u00f3n p\u00fablica y comunitaria del riesgo.<\/p><p>Esta capacidad no surge de manera aislada. Es el resultado de una visi\u00f3n institucional que entiende la investigaci\u00f3n como un continuo que va desde la generaci\u00f3n de conocimiento fundamental hasta su aplicaci\u00f3n concreta y su transferencia a la sociedad. Una universidad p\u00fablica compleja, como la UBB, genera bienes p\u00fablicos desde el conocimiento, contribuyendo tanto a la formaci\u00f3n de profesionales de excelencia como a la innovaci\u00f3n con impacto real en los territorios.<\/p><p>La vocaci\u00f3n regional de la Universidad del B\u00edo-B\u00edo se expresa tambi\u00e9n en su compromiso con la formaci\u00f3n de capital humano avanzado. Sus programas de postgrado \u2014mag\u00edsteres y doctorados en diversas \u00e1reas del conocimiento\u2014 fortalecen la investigaci\u00f3n de alto nivel y forman especialistas capaces de liderar respuestas cient\u00edficas y tecnol\u00f3gicas frente a emergencias y cat\u00e1strofes, tanto a escala regional como nacional.<\/p><p>Frente a incendios forestales de magnitud in\u00e9dita y a escenarios de riesgo cada vez m\u00e1s complejos, la Universidad del B\u00edo-B\u00edo reafirma su rol estatal y su responsabilidad social. Desde \u00d1uble y Biob\u00edo, pone su saber hacer, su infraestructura, sus acad\u00e9micas y acad\u00e9micos, y sus estudiantes al servicio del pa\u00eds, contribuyendo con evidencia cient\u00edfica, innovaci\u00f3n tecnol\u00f3gica y formaci\u00f3n de personas comprometidas con el desarrollo sustentable y la protecci\u00f3n de la vida.<\/p><p>Invertir y confiar en la ciencia p\u00fablica regional no es solo una decisi\u00f3n estrat\u00e9gica: es una necesidad para construir un Chile m\u00e1s resiliente, justo y preparado. En ese desaf\u00edo, la Universidad del B\u00edo-B\u00edo seguir\u00e1 cumpliendo su misi\u00f3n hist\u00f3rica: investigar, formar e innovar para servir a la sociedad.<\/p><p><strong>VRIP Comunicaciones<\/strong><\/p><table align=\"center\"><tbody><tr><td id=\"m_8467858756250299110m_4658873428329236187m_-7901358079350462190gmail-twitter-social-link\"><a href=\"https:\/\/www.twitter.com\/FlashIssue\" target=\"_blank\" rel=\"noopener\"><img decoding=\"async\" class=\"CToWUd alignright\" src=\"https:\/\/app.flashissue.com\/images\/social-icons\/round\/twitter\/grey\/twitter48.png\" \/><\/a><\/td><td>\u00a0<\/td><td id=\"m_8467858756250299110m_4658873428329236187m_-7901358079350462190gmail-youtube-social-link\"><a href=\"https:\/\/www.youtube.com\/channel\/UCf7o8yHRJ7Y_QQLxwu1KQgA\" target=\"_blank\" rel=\"noopener\"><img decoding=\"async\" class=\"CToWUd aligncenter\" src=\"https:\/\/app.flashissue.com\/images\/social-icons\/round\/youtube\/grey\/youtube48.png\" \/><\/a><\/td><td>\u00a0<\/td><td id=\"m_8467858756250299110m_4658873428329236187m_-7901358079350462190gmail-instagram-social-link\"><a href=\"https:\/\/www.instagram.com\/vrip_ubb\" target=\"_blank\" rel=\"noopener\"><img decoding=\"async\" class=\"CToWUd alignleft\" src=\"https:\/\/app.flashissue.com\/images\/social-icons\/round\/instagram\/grey\/instagram48.png\" \/><\/a><\/td><\/tr><\/tbody><\/table><p><a href=\"https:\/\/vrip.ubiobio.cl\/informativos-vrip\/\" target=\"_blank\" rel=\"noopener\"><img fetchpriority=\"high\" decoding=\"async\" class=\"aligncenter\" src=\"https:\/\/flashissue.s3.us-east-1.amazonaws.com\/wn9DyI72QZaEm43a79u8_VlJJUF9Cb2xldGluIGJhc2VfcGllIHBhZw==.jpg\" width=\"616\" height=\"121\" \/><\/a><\/p><p style=\"text-align: center\">Vicerrector\u00eda de Investigaci\u00f3n y Postgrado &#8211; Universidad del B\u00edo-B\u00edo<br \/><span style=\"background-color: transparent\">Todos los derechos reservados.<br \/><\/span><span style=\"background-color: transparent\">Av. Collao 1202, Concepci\u00f3n \/ Av. Andr\u00e9s Bello s\/n, Chill\u00e1n<br \/><\/span><span style=\"background-color: transparent\">Comentarios a:\u00a0<\/span><strong style=\"background-color: transparent\"><a href=\"mailto:vripcomunicaciones@ubiobio.cl?subject=Comentario%20newsletter\" target=\"_blank\" rel=\"noopener\">vripcomunicaciones@ubiobio.cl<\/a><\/strong><\/p>                    <\/div>\n\t\t        \n                    <div id=\"leer-boletn-tab\" class=\"clearfix eael-tab-content-item inactive\" data-title-link=\"leer-boletn-tab\">\n\t\t\t\t        <p><img decoding=\"async\" class=\"alignnone size-full wp-image-52860\" src=\"https:\/\/vrip.ubiobio.cl\/wp-content\/uploads\/2026\/01\/VRIP_Boletin-base-2026.jpg\" alt=\"\" width=\"1738\" height=\"604\" srcset=\"https:\/\/vrip.ubiobio.cl\/wp-content\/uploads\/2026\/01\/VRIP_Boletin-base-2026.jpg 1738w, https:\/\/vrip.ubiobio.cl\/wp-content\/uploads\/2026\/01\/VRIP_Boletin-base-2026-380x132.jpg 380w, https:\/\/vrip.ubiobio.cl\/wp-content\/uploads\/2026\/01\/VRIP_Boletin-base-2026-1024x356.jpg 1024w, https:\/\/vrip.ubiobio.cl\/wp-content\/uploads\/2026\/01\/VRIP_Boletin-base-2026-768x267.jpg 768w, https:\/\/vrip.ubiobio.cl\/wp-content\/uploads\/2026\/01\/VRIP_Boletin-base-2026-1536x534.jpg 1536w\" sizes=\"(max-width: 1738px) 100vw, 1738px\" \/><\/p><h3><img decoding=\"async\" src=\"https:\/\/ci3.googleusercontent.com\/meips\/ADKq_NaButLe34oCIeTW_OOcxqVLFgRV3H00IOKFXT3EPmkpRvvxQr86NSBrrC52YBJ5Day6LNU9u9SWgXTbqEQIsN-pjDUYY4Bbl813lLLLNhPG05mzPQpWVzEgOFw5b-zwx1vVDxMH5u5oPri8kV9XDqfzYr9lUAXntchWseSz=s0-d-e1-ft#https:\/\/flashissue.s3.us-east-1.amazonaws.com\/uNgTeNuNRZiXiWJTdWpm_VlJJUF9Cb2xldGluIGJhc2VfZWRpdA==.jpg\" \/><\/h3><h3><span style=\"color: #073753\"><strong>Editorial |\u00a0CIENCIA, INVESTIGACI\u00d3N, INNOVACI\u00d3N Y TRANSFERENCIA TECNOL\u00d3GICA para proteger la vida: la respuesta de la UBB frente a los desastres y emergencias<\/strong><\/span><\/h3><p><em>Ver m\u00e1s:\u00a0<\/em><a href=\"https:\/\/vrip.ubiobio.cl\/inicio\/informativos-vrip\/edicion-22-enero-2026\/\" target=\"_blank\" rel=\"noopener\">https:\/\/vrip.ubiobio.cl\/inicio\/informativos-vrip\/edicion-22-enero-2026\/<\/a><\/p><hr \/><p><img decoding=\"async\" src=\"https:\/\/ci3.googleusercontent.com\/meips\/ADKq_NaI393g8D5eUAq6eYZhS23HdeGUShW46PG6ad9k_Ujg5IvzeB4RukypdFedvmAvuIXmtDjBe6_NQ22blNaHKSek8j-aNvYxsoibW1GG6tPzn8gmqrJ9hnqwLKpe29VBs8U=s0-d-e1-ft#https:\/\/flashissue.s3.us-east-1.amazonaws.com\/2BOPKB1RS6SEy9FR2tyK_OA==.png\" \/><\/p><h3><span style=\"color: #073753\"><strong>Investigaci\u00f3n UBB alerta sobre los incendios en \u00d1uble y Biob\u00edo los desaf\u00edos de reconstrucci\u00f3n post-desastre<\/strong><\/span><\/h3><p>Desde una mirada acad\u00e9mica y con \u00e9nfasis en el largo plazo, el Dr. Juan Saavedra, investigador de la Universidad del B\u00edo-B\u00edo y responsable de un proyecto Fondecyt centrado en el estudio del gobierno del desastre, reflexion\u00f3 sobre los recientes incendios forestales que han afectado a las regiones de \u00d1uble y Biob\u00edo, relevando la necesidad de comprender estas cat\u00e1strofes m\u00e1s all\u00e1 de la fase de emergencia.<\/p><p><em>Ver m\u00e1s:\u00a0<\/em><a href=\"https:\/\/vrip.ubiobio.cl\/inicio\/noticias\/investigacion-ubb-alerta-sobre-los-incendios-en-nuble-y-biobio-los-desafios-de-reconstruccion-post-desastre\" target=\"_blank\" rel=\"noopener\">https:\/\/vrip.ubiobio.cl\/inicio\/noticias\/investigacion-ubb-alerta-sobre-los-incendios-en-nuble-y-biobio-los-desafios-de-reconstruccion-post-desastre<\/a><\/p><hr \/><p><img decoding=\"async\" src=\"https:\/\/ci3.googleusercontent.com\/meips\/ADKq_NaJttMEgoaUE1wG_H77z8ZM3ugSyXmwB1YYH8qVZStFBvXjwPtE2QPi-Rt5oeW1pMDxoXzk2bpao1Ohvsxd7ZrsK9EVvpsPBsElvbGDoQrcqMvhprjArXtXDZw2RpVcUGSKemNAOPeGlBhLzq8HoQjMmBnccwlfNl4D1tsR=s0-d-e1-ft#https:\/\/flashissue.s3.us-east-1.amazonaws.com\/HhL2Mrq4TAu2dEG5rRuA_VlJJUF9CYW5uZXIgSW5mb3JtYXRpdm8=.png\" \/><\/p><h3><span style=\"color: #073753\"><strong>Universidad del B\u00edo-B\u00edo proyecta un 2026 de consolidaci\u00f3n en investigaci\u00f3n cient\u00edfica al servicio del desarrollo de los territorios y el pa\u00eds<\/strong><\/span><\/h3><p>La investigaci\u00f3n cient\u00edfica es un pilar fundamental de la Universidad del B\u00edo-B\u00edo y una expresi\u00f3n concreta de su vocaci\u00f3n p\u00fablica. A trav\u00e9s de ella, la Universidad genera conocimiento como un bien p\u00fablico, orientado a responder a los desaf\u00edos sociales, culturales, productivos y ambientales del pa\u00eds, con un compromiso permanente con las regiones de \u00d1uble y Biob\u00edo.<\/p><p><em>Ver m\u00e1s:\u00a0<\/em><a href=\"https:\/\/vrip.ubiobio.cl\/inicio\/noticias\/universidad-del-bio-bio-proyecta-un-2026-de-consolidacion-en-investigacion-cientifica-al-servicio-del-desarrollo-de-los-territorios-y-el-pais\" target=\"_blank\" rel=\"noopener\">https:\/\/vrip.ubiobio.cl\/inicio\/noticias\/universidad-del-bio-bio-proyecta-un-2026-de-consolidacion-en-investigacion-cientifica-al-servicio-del-desarrollo-de-los-territorios-y-el-pais<\/a><\/p><hr \/><p><img decoding=\"async\" src=\"https:\/\/ci3.googleusercontent.com\/meips\/ADKq_NZ7Yuu0Hv5L7ZAiLWJyqPyZmt-bIUX6g1WCy7FF05BwKxwodMT6EEJ3zr_fuiBxHD6UGYvRIQ9Pg7IS9ZDUbV2tHI0dpuC0Spz2I4w4QTaNiMtpgIYtzbReO5XRj19Vh2g=s0-d-e1-ft#https:\/\/flashissue.s3.us-east-1.amazonaws.com\/idwRZfQRScKNBWRevKc4_Ng==.png\" \/><\/p><h3><span style=\"color: #073753\"><strong>Acad\u00e9mico UBB integra Grupo de Evaluaci\u00f3n Ingenier\u00eda 1 de Fondecyt-ANID<\/strong><\/span><\/h3><p>El profesor Dr. Rub\u00e9n Anan\u00edas Abuter, acad\u00e9mico e investigador del Departamento de Ingenier\u00eda de Procesos y Bioproductos, de la Facultad de Ingenier\u00eda de la Universidad del B\u00edo-B\u00edo, fue recientemente nominado como miembro del Grupo de Evaluaci\u00f3n Ingenier\u00eda 1 del programa Fondecyt de la Agencia Nacional de Investigaci\u00f3n y Desarrollo (ANID), una de las instancias clave del sistema nacional de financiamiento a la investigaci\u00f3n cient\u00edfica.<\/p><p><em>Ver m\u00e1s:\u00a0<\/em><a href=\"https:\/\/vrip.ubiobio.cl\/inicio\/noticias\/academico-ubb-integra-grupo-de-evaluacion-ingenieria-1-de-fondecyt-anid\/\" target=\"_blank\" rel=\"noopener\">https:\/\/vrip.ubiobio.cl\/inicio\/noticias\/academico-ubb-integra-grupo-de-evaluacion-ingenieria-1-de-fondecyt-anid\/<\/a><\/p><hr \/><p><img decoding=\"async\" src=\"https:\/\/ci3.googleusercontent.com\/meips\/ADKq_NaU63jlAactPjkxhW1R7HNp7wCvmiLKHyRLLJWSya7nGkS-UPOHoxj947kdNneI8DdD6nWM8FW_lLLndlPKH7aFLmyXMEt1_J8ccRGsL7W42YcAkaLLcpLFVmrGE_S0SUI=s0-d-e1-ft#https:\/\/flashissue.s3.us-east-1.amazonaws.com\/GHo841i2TQST2jOvd0zT_MQ==.png\" \/><\/p><h3><span style=\"color: #073753\"><strong>Ejecutivos del Gobierno Regional del Maule visitan Planetario UBB para conocer experiencia y proyectar iniciativa similar<\/strong><\/span><\/h3><p>Con el objetivo de conocer en terreno una experiencia emblem\u00e1tica de infraestructura cient\u00edfica y cultural, una delegaci\u00f3n del Gobierno Regional del Maule realiz\u00f3 una visita a la Universidad del B\u00edo-B\u00edo, este mi\u00e9rcoles 14 de enero, para interiorizarse en el desarrollo del Planetario Regional del Biob\u00edo, proyecto impulsado por nuestra casa de estudios y financiado con recursos del Gobierno Regional.<\/p><p><em>Ver m\u00e1s:\u00a0<\/em><a href=\"https:\/\/noticias.ubiobio.cl\/2026\/01\/15\/ejecutivos-del-gobierno-regional-del-maule-visitan-planetario-ubb-para-conocer-experiencia-y-proyectar-iniciativa-similar\/\" target=\"_blank\" rel=\"noopener\">https:\/\/noticias.ubiobio.cl\/2026\/01\/15\/ejecutivos-del-gobierno-regional-del-maule-visitan-planetario-ubb-para-conocer-experiencia-y-proyectar-iniciativa-similar\/<\/a><\/p><hr \/><p><img decoding=\"async\" src=\"https:\/\/ci3.googleusercontent.com\/meips\/ADKq_NY7Hoj3EM88L7ABTbTgFI-rLjWbwmA9TsvWxYCJxOFKVaka16bKq6N-LlfQaaOyf5Py6L5MUn-yws7vlKzFgouNuDclzcSGNBzsNG0gJcQX7w6NpLTcfSZ6cCzvv0h3QXc=s0-d-e1-ft#https:\/\/flashissue.s3.us-east-1.amazonaws.com\/qdG7MozS1aF7eW2GKEc0_Mw==.png\" \/><\/p><h3><span style=\"color: #073753\"><strong>CETI UBB defini\u00f3 agenda estrat\u00e9gica 2026 con foco en investigaci\u00f3n, innovaci\u00f3n e incidencia p\u00fablica<\/strong><\/span><\/h3><p>Con la participaci\u00f3n de investigadoras e investigadores de las regiones de \u00d1uble y Biob\u00edo, el Centro de Estudios Territoriales e Interdisciplinarios (CETI) de la Universidad del B\u00edo-B\u00edo realiz\u00f3 su primer Consejo Ampliado del a\u00f1o 2026, instancia clave para revisar el trabajo desarrollado durante 2025 y proyectar los principales desaf\u00edos y lineamientos estrat\u00e9gicos para el nuevo per\u00edodo.<\/p><p><em>Ver m\u00e1s:\u00a0<\/em><a href=\"https:\/\/noticias.ubiobio.cl\/2026\/01\/15\/ceti-ubb-definio-agenda-estrategica-2026-con-foco-en-investigacion-innovacion-e-incidencia-publica\/\" target=\"_blank\" rel=\"noopener\">https:\/\/noticias.ubiobio.cl\/2026\/01\/15\/ceti-ubb-definio-agenda-estrategica-2026-con-foco-en-investigacion-innovacion-e-incidencia-publica\/<\/a><\/p><hr \/><p><img decoding=\"async\" src=\"https:\/\/ci3.googleusercontent.com\/meips\/ADKq_Na-mUiQqDs2ti0rkR1MFvkEaNnjrHCaBvQZg8JBe5Sqd2PWgyHq48CVM8XH3bIT2bfr7gBqvCUmUJlELcpjNbuVyxnro0bp71kMfoFjlg7VtH3CkGHGRnIrZcAU5YmGlqo=s0-d-e1-ft#https:\/\/flashissue.s3.us-east-1.amazonaws.com\/1mrqgZkcRkuxv6eFqZX1_NA==.png\" \/><\/p><h3><span style=\"color: #073753\"><strong>Universidad del B\u00edo-B\u00edo fortalece la divulgaci\u00f3n del conocimiento a trav\u00e9s de taller sobre ilustraci\u00f3n cient\u00edfica<\/strong><\/span><\/h3><p>Con la participaci\u00f3n de acad\u00e9micos, investigadores y profesionales de distintas instituciones y territorios, la Universidad del B\u00edo-B\u00edo realiz\u00f3, este lunes 12 y martes 13 de enero el \u2018Taller del Paper al Post: C\u00f3mo transformar tu investigaci\u00f3n en una infograf\u00eda Cient\u00edfica para RRSS\u2019, iniciativa desarrollada en el marco del Proyecto Fondo de Publicaciones de Revistas Cient\u00edficas UBB, orientado a fortalecer la calidad editorial y el impacto de las publicaciones cient\u00edficas institucionales.<\/p><p><em>Ver m\u00e1s:\u00a0<\/em><a href=\"https:\/\/noticias.ubiobio.cl\/2026\/01\/14\/ubb-fortalece-la-divulgacion-del-conocimiento-a-traves-de-taller-sobre-ilustracion-cientifica\/\" target=\"_blank\" rel=\"noopener\">https:\/\/noticias.ubiobio.cl\/2026\/01\/14\/ubb-fortalece-la-divulgacion-del-conocimiento-a-traves-de-taller-sobre-ilustracion-cientifica\/<\/a><\/p><hr \/><p><img decoding=\"async\" src=\"https:\/\/ci3.googleusercontent.com\/meips\/ADKq_NZICPD0LfKtv-pD2FkfwaPfxt447CzRpQNPd5CuNbGL-x90SiZCQhyn64c0qfmA0nX_wEMFpxeQRQ_FcVpVcbeC_g6k52x3QAEVuEeZjnkFbyGU781nx92Fdcxx3WqWsvk=s0-d-e1-ft#https:\/\/flashissue.s3.us-east-1.amazonaws.com\/xUA78k0tQ8Gltea0KGUV_NQ==.png\" \/><\/p><h3><span style=\"color: #073753\"><strong>Investigador UBB es clave en desarrollo de software \u201cFiscal HeredIA\u201d, del Ministerio P\u00fablico reconocido con el Premio Chile PotencIA del Ministerio de Ciencia<\/strong><\/span><\/h3><p>El investigador Dr. Fredy Troncoso Espinosa, profesor asociado y actual director general de la Direcci\u00f3n de An\u00e1lisis Institucional de la Universidad del B\u00edo-B\u00edo, ha sido una de las figuras clave en el desarrollo de Fiscal HeredIA, innovador software de Inteligencia Artificial que hoy utiliza el Ministerio P\u00fablico para apoyar la persecuci\u00f3n penal del crimen organizado y que recientemente fue distinguido con el Premio Nacional de Inteligencia Artificial Chile PotencIA.<\/p><p><em>Ver m\u00e1s:\u00a0<\/em><a href=\"https:\/\/noticias.ubiobio.cl\/2026\/01\/08\/investigador-ubb-es-clave-en-desarrollo-de-software-fiscal-heredia-del-ministerio-publico-reconocido-con-el-premio-chile-potencia-del-ministerio-de-ciencia\/\" target=\"_blank\" rel=\"noopener\">https:\/\/noticias.ubiobio.cl\/2026\/01\/08\/investigador-ubb-es-clave-en-desarrollo-de-software-fiscal-heredia-del-ministerio-publico-reconocido-con-el-premio-chile-potencia-del-ministerio-de-ciencia\/<\/a><\/p><hr \/><p><img decoding=\"async\" src=\"https:\/\/ci3.googleusercontent.com\/meips\/ADKq_NYY8SjVjoOEjYkSWXuZKag1y1-Vd_MKTYltOMQI7VA5JIIpXZ_bQFcsGLf8f14R4lXuHaC-jH4spo3-We2YxRQPPE6Q4qX7NUAAtF3h1Oy3MIrezh7VWxnbUMDccxk6SJ8=s0-d-e1-ft#https:\/\/flashissue.s3.us-east-1.amazonaws.com\/JUnVGxVkQfmZUCPctf5l_Mg==.png\" \/><\/p><h3><span style=\"color: #073753\"><strong>Congreso Futuro Biob\u00edo congreg\u00f3 a exponentes cient\u00edficos y a la comunidad regional<\/strong><\/span><\/h3><p>La acad\u00e9mica Dra. Jeanette Vera Araya, del Departamento de Ciencias B\u00e1sicas, y el acad\u00e9mico Dr. Luis Soto Mardones, del Departamento de F\u00edsica, representaron a la UBB en la nueva versi\u00f3n del Congreso Futuro Biob\u00edo, que se llev\u00f3 a cabo el mi\u00e9rcoles 14 de enero en el Teatro Biob\u00edo. El programa consider\u00f3 dos bloques: el primero, sobre Riesgo de desastres y ciudades resilientes, tuvo como expositor principal al Dr. Takito Toeda, ejecutivo en NEC Corporation, mientras que el segundo fue encabezado por el investigador y divulgador brasile\u00f1o Andr\u00e9 Abreu y gir\u00f3 en torno a la conservaci\u00f3n marina y la gobernanza de los oc\u00e9anos.<\/p><p><em>Ver m\u00e1s:\u00a0<\/em><a href=\"https:\/\/noticias.ubiobio.cl\/2026\/01\/15\/congreso-futuro-biobio-congrego-a-exponentes-cientificos-y-a-la-comunidad-regional\/\" target=\"_blank\" rel=\"noopener\">https:\/\/noticias.ubiobio.cl\/2026\/01\/15\/congreso-futuro-biobio-congrego-a-exponentes-cientificos-y-a-la-comunidad-regional\/<\/a><\/p><hr \/><p><img decoding=\"async\" src=\"https:\/\/ci3.googleusercontent.com\/meips\/ADKq_NYPKgo-8k4f6mnTUl2KFLVTH7ubKxUFQwWI8zS-z41UzUXdGZ8TLXnta8rDgYCkGHHJGDvgbRQqcunnzigw_jKJdn_ekQ-Wfu3fgatjr3R_aYj5qn48GWjY_vujDQqRkxnEdoLkcUD0OLs-7FKRb4ReBufx8j4k4FAndMfF=s0-d-e1-ft#https:\/\/flashissue.s3.us-east-1.amazonaws.com\/Wp2gsVQm6cdVSkmtu2eQ_VlJJUF9CYW5uZXIgSW5mb3JtYXRpdm8=.png\" \/><\/p><h3><span style=\"color: #073753\"><strong>CORFO y CRUCH Biob\u00edo y \u00d1uble articulan agenda para fortalecer innovaci\u00f3n y desarrollo<\/strong><\/span><\/h3><p>Autoridades de la Corporaci\u00f3n de Fomento de la Producci\u00f3n (CORFO) y de la Corporaci\u00f3n de Rectores del Biob\u00edo y \u00d1uble (CRUCH Biob\u00edo y \u00d1uble) se reunieron el viernes 9 de enero, con el fin de proyectar una agenda com\u00fan para el fortalecimiento de la innovaci\u00f3n, la transferencia tecnol\u00f3gica y la articulaci\u00f3n entre la academia y los sectores productivos de nuestras regiones.<\/p><p><em>Ver m\u00e1s:<a href=\"https:\/\/noticias.ubiobio.cl\/2026\/01\/12\/corfo-y-cruch-biobio-y-nuble-articulan-agenda-para-fortalecer-innovacion-y-desarrollo\/\" target=\"_blank\" rel=\"noopener\">\u00a0<\/a><\/em><a href=\"https:\/\/noticias.ubiobio.cl\/2026\/01\/12\/corfo-y-cruch-biobio-y-nuble-articulan-agenda-para-fortalecer-innovacion-y-desarrollo\/\" target=\"_blank\" rel=\"noopener\">https:\/\/noticias.ubiobio.cl\/2026\/01\/12\/corfo-y-cruch-biobio-y-nuble-articulan-agenda-para-fortalecer-innovacion-y-desarrollo\/<\/a><\/p><hr \/><p><img decoding=\"async\" src=\"https:\/\/ci3.googleusercontent.com\/meips\/ADKq_Na0-to9SJzoSnOoAuunTG8DQeOS22rUM7QFwtnP8LHQeN6vfKs3XwEBfdW92CJlI3FlS0yIDKMDzGVSmcTlnkde84Oxbf1_FYQC-YYYxKrroDo_Qcn2anLUQ2beIquYnh4=s0-d-e1-ft#https:\/\/flashissue.s3.us-east-1.amazonaws.com\/MUMAHligQYWevz0FgGXn_Nw==.png\" \/><\/p><h3><span style=\"color: #073753\"><strong>UBB difunde Concurso Investigaci\u00f3n Tecnol\u00f3gica IDeA 2026 de ANID en Chill\u00e1n y Concepci\u00f3n<\/strong><\/span><\/h3><p>Con la participaci\u00f3n de acad\u00e9micos y acad\u00e9micas, la Universidad del B\u00edo-B\u00edo realiz\u00f3, este jueves 8 y viernes 9 de enero, en las ciudades de Chill\u00e1n y Concepci\u00f3n charlas de difusi\u00f3n del Concurso Investigaci\u00f3n Tecnol\u00f3gica IDeA 2026 de ANID, instancia que estuvo a cargo de Alejandra Rojas, ejecutiva de proyectos de la Unidad de Proyectos de la Vicerrector\u00eda de Investigaci\u00f3n y Postgrado (VRIP).<\/p><p><em>Ver m\u00e1s:\u00a0<\/em><a href=\"https:\/\/noticias.ubiobio.cl\/2026\/01\/12\/ubb-difunde-concurso-investigacion-tecnologica-idea-2026-de-anid-en-chillan-y-concepcion\/\" target=\"_blank\" rel=\"noopener\">https:\/\/noticias.ubiobio.cl\/2026\/01\/12\/ubb-difunde-concurso-investigacion-tecnologica-idea-2026-de-anid-en-chillan-y-concepcion\/<\/a><\/p><hr \/><p><img decoding=\"async\" src=\"https:\/\/flashissue.s3.us-east-1.amazonaws.com\/vGCRHqu5TAydAm2Ahi5g_VlJJUF9Cb2xldGluIGJhc2VfaW5mbw==.jpg\" \/><\/p><p><img decoding=\"async\" src=\"https:\/\/ci3.googleusercontent.com\/meips\/ADKq_Nb9w0L-PD_gHl2KReOzP5V73glkSrmhz7PKXK3rnKcyikU49_a_hFl3eYfxUVnTtKuVus8-97PikogUQljaXWE0Ghfi37Us6D9MCWDdRmTg3S5W4hzUWe0kirD9doVn3Mc=s0-d-e1-ft#https:\/\/flashissue.s3.us-east-1.amazonaws.com\/G3VtbufkQfKgedVxuSFw_MQ==.png\" \/><\/p><h3><span style=\"color: #073753\"><strong>Seminario \u201cDe la Tesis al Impacto: Ruta FONDEF VIU 2026\u201d<\/strong><\/span><\/h3><p>Una oportunidad para conectar investigaci\u00f3n, innovaci\u00f3n y territorio.\u00a0 Extendemos una cordial invitaci\u00f3n a participar del presente seminario que permitir\u00e1 aclarar dudas para postular al Concurso Fondef VIU 2026:<\/p><p>En este espacio abordaremos:<br \/>&#8211;\u00a0Qu\u00e9 es FONDEF VIU y a qui\u00e9nes est\u00e1 dirigido<br \/>&#8211;\u00a0C\u00f3mo identificar el potencial de impacto de una tesis<br \/>&#8211;\u00a0Etapas clave de la ruta: desde la investigaci\u00f3n al entorno real<br \/>&#8211;\u00a0Recomendaciones para postular con \u00e9xito<\/p><p>Inscripciones: <a href=\"https:\/\/us02web.zoom.us\/meeting\/register\/jil5SqsrQ1C8C7cBUvkD4w#\/registration\" target=\"_blank\" rel=\"noopener\">https:\/\/us02web.zoom.us\/meeting\/register\/jil5SqsrQ1C8C7cBUvkD4w#\/registration<\/a><\/p><hr \/><p><img decoding=\"async\" src=\"https:\/\/ci3.googleusercontent.com\/meips\/ADKq_NYkbFTTCbDzD44lRC1EicTPq6SFu2AvC2j2dbYY6wyuO3ROWfNfBVWanW1IYrQcvD9kEPoNeQow9MwM75R1gJU4VbPMkGkxv4uU_9yHrX5jpyv37jMHOD8ugy0TBcYjCAiRW2YPez66mxGmy0BeoJfjbPDl_JkFs2VabiFM=s0-d-e1-ft#https:\/\/flashissue.s3.us-east-1.amazonaws.com\/9fSJEobtTSigaf7mANSS_VlJJUF9CYW5uZXIgSW5mb3JtYXRpdm8=.png\" \/><\/p><h3><span style=\"color: #073753\"><strong>Concurso Atracci\u00f3n de Investigadores Postdoctorales 2026<\/strong><\/span><\/h3><p>La Direcci\u00f3n de Investigaci\u00f3n y Creaci\u00f3n Art\u00edstica de la Vicerrector\u00eda de Investigaci\u00f3n y Postgrado, invita a participar del concurso con\u00a0convocatoria abierta desde el lunes 12 de enero de 2026 hasta el viernes 27 de marzo de 2026 a las 18:00 hrs.<\/p><p>M\u00e1s informaci\u00f3n: <a href=\"https:\/\/vrip.ubiobio.cl\/inicio\/concurso-atraccion-de-investigadores-postdoctorales-2026\/\" target=\"_blank\" rel=\"noopener\">https:\/\/vrip.ubiobio.cl\/inicio\/concurso-atraccion-de-investigadores-postdoctorales-2026\/<\/a><\/p><hr \/><p><img decoding=\"async\" src=\"https:\/\/ci3.googleusercontent.com\/meips\/ADKq_NZL0QZZLNBbJ-mOuJW2CmAQ_CyK-ibEDpXFScnxFMBfFyxoptkuLzM0u0PJRr6V7AADsBbnzVM8S0zyBi6XUZBebhxaHkfdLsAb_VG5x0qFd6_ywLy_vXVN4xynbeKOXYZ6i4DPubOoRrb6bDa99QA2-WHNTIjAxvKRzZ_urzYuAE_0C-7tXU5_=s0-d-e1-ft#https:\/\/flashissue.s3.us-east-1.amazonaws.com\/1sVtvuGbTCvzGuMx2Fop_RElDUkVBX1Byb3llY3RvcyBDQSAyMDI2X2JvbGV0aW4=.jpg\" \/><\/p><h3><span style=\"color: #073753\"><strong>Concurso Proyectos de Creaci\u00f3n Art\u00edstica UBB, 2026-2027<\/strong><\/span><\/h3><p>La Vicerrector\u00eda de Investigaci\u00f3n y Postgrado, llama a la comunidad acad\u00e9mica a postular al Concurso \u201cProyectos de Creaci\u00f3n Art\u00edstica UBB 2026-2027\u201d de la Direcci\u00f3n de Investigaci\u00f3n y Creaci\u00f3n Art\u00edstica.<\/p><p>La apertura del Concurso fue el martes 20 de enero de 2026 y la fecha de cierre ser\u00e1 el d\u00eda jueves 02 de abril de 2026 a las 18:00 hrs.<\/p><p>M\u00e1s informaci\u00f3n: <a href=\"https:\/\/vrip.ubiobio.cl\/inicio\/concurso-proyectos-de-creacion-artistica-ubb-2026\/\" target=\"_blank\" rel=\"noopener\">https:\/\/vrip.ubiobio.cl\/inicio\/concurso-proyectos-de-creacion-artistica-ubb-2026\/<\/a><\/p><hr \/><p><img decoding=\"async\" src=\"https:\/\/ci3.googleusercontent.com\/meips\/ADKq_NbKYZb2TRSIeT10LwAK-KR6ebtRosFDLH_IEdvfCm9uebQ03aJPuojsy41GAYDnVS_wIa4jwddmd9nuV3NaGKMRPLzxQSxy6T2qEEGpx8FCZptNbbr6eForipmO1XBKjh16o9Ejzq7cGVksC7CQugGXf8MmeCaRPzdY402W7q9CZA=s0-d-e1-ft#https:\/\/flashissue.s3.us-east-1.amazonaws.com\/R5JyHVNT2t7oeoEd5tow_RElDUkVBX1BFVFJBIDIwMjZfYm9sZXRpbg==.jpg\" \/><\/p><h3><span style=\"color: #073753\"><strong>Apertura Concurso Proyectos de Investigaci\u00f3n internos Iniciaci\u00f3n y Regular 2026<\/strong><\/span><\/h3><p>La Direcci\u00f3n de Investigaci\u00f3n y Creaci\u00f3n Art\u00edstica de la Vicerrector\u00eda de Investigaci\u00f3n y Postgrado, informa la apertura del Concurso de Proyectos de Investigaci\u00f3n Internos Iniciaci\u00f3n y Regular 2026.<\/p><p>La convocatoria permanecer\u00e1 abierta desde el martes 20 de enero de 2026 hasta el jueves 02 de abril de 2026 a las 18:00 hrs. Plazo para patrocinio: 10 de abril de 2026 a las 18:00 hrs.<\/p><p>M\u00e1s informaci\u00f3n: <a href=\"https:\/\/vrip.ubiobio.cl\/inicio\/proyectos-de-investigacion-iniciacion-y-regular-2026\/\" target=\"_blank\" rel=\"noopener\">https:\/\/vrip.ubiobio.cl\/inicio\/proyectos-de-investigacion-iniciacion-y-regular-2026\/<\/a><\/p><hr \/><p><img decoding=\"async\" src=\"https:\/\/flashissue.s3.us-east-1.amazonaws.com\/B93FDcYPTMGRLI3DIkzo_UG9zdGdyYWRvIDIwMjVfUHJvZ3JhbWFz.jpg\" \/><\/p><h3><span style=\"color: #073753\"><strong>Programas de Postgrados UBB disponibles<\/strong><\/span><\/h3><p><em>\u00a0 M\u00e1s informaci\u00f3n:<\/em><a href=\"https:\/\/postgrados.ubiobio.cl\/\" target=\"_blank\" rel=\"noopener\">\u00a0https:\/\/postgrados.ubiobio.cl\/<\/a><\/p><hr \/><table align=\"center\"><tbody><tr><td id=\"m_8467858756250299110m_4658873428329236187m_-7901358079350462190gmail-twitter-social-link\"><a href=\"https:\/\/www.twitter.com\/FlashIssue\" target=\"_blank\" rel=\"noopener\"><img decoding=\"async\" class=\"CToWUd alignright\" src=\"https:\/\/app.flashissue.com\/images\/social-icons\/round\/twitter\/grey\/twitter48.png\" \/><\/a><\/td><td id=\"m_8467858756250299110m_4658873428329236187m_-7901358079350462190gmail-youtube-social-link\"><a href=\"https:\/\/www.youtube.com\/channel\/UCf7o8yHRJ7Y_QQLxwu1KQgA\" target=\"_blank\" rel=\"noopener\"><img decoding=\"async\" class=\"CToWUd aligncenter\" src=\"https:\/\/app.flashissue.com\/images\/social-icons\/round\/youtube\/grey\/youtube48.png\" \/><\/a><\/td><td id=\"m_8467858756250299110m_4658873428329236187m_-7901358079350462190gmail-instagram-social-link\"><a href=\"https:\/\/www.instagram.com\/vrip_ubb\" target=\"_blank\" rel=\"noopener\"><img decoding=\"async\" class=\"CToWUd alignleft\" src=\"https:\/\/app.flashissue.com\/images\/social-icons\/round\/instagram\/grey\/instagram48.png\" \/><\/a><\/td><\/tr><\/tbody><\/table><p><img decoding=\"async\" src=\"https:\/\/flashissue.s3.us-east-1.amazonaws.com\/wn9DyI72QZaEm43a79u8_VlJJUF9Cb2xldGluIGJhc2VfcGllIHBhZw==.jpg\" \/><\/p><p style=\"text-align: center\">Vicerrector\u00eda de Investigaci\u00f3n y Postgrado &#8211; Universidad del B\u00edo-B\u00edo<br \/><span style=\"background-color: transparent\">Todos los derechos reservados.<br \/><\/span><span style=\"background-color: transparent\">Av. Collao 1202, Concepci\u00f3n \/ Av. Andr\u00e9s Bello s\/n, Chill\u00e1n<br \/><\/span><span style=\"background-color: transparent\">Comentarios a:\u00a0<\/span><strong style=\"background-color: transparent\"><a href=\"mailto:vripcomunicaciones@ubiobio.cl?subject=Comentario%20newsletter\" target=\"_blank\" rel=\"noopener\">vripcomunicaciones@ubiobio.cl<\/a><\/strong><\/p><p style=\"text-align: center\">\u00a0<\/p>                    <\/div>\n\t\t                    <\/div>\n        <\/div>\n\t\t\t\t<\/div>\n\t\t\t\t<\/div>\n\t\t\t\t\t<\/div>\n\t\t<\/div>\n\t\t\t\t\t<\/div>\n\t\t<\/section>\n\t\t\t\t<\/div>\n\t\t","protected":false},"excerpt":{"rendered":"<p>Edici\u00f3n 22 Enero 2026 Leer Editorial Leer Bolet\u00edn CIENCIA, INVESTIGACI\u00d3N, INNOVACI\u00d3N Y TRANSFERENCIA TECNOL\u00d3GICA para proteger la vida: la respuesta de la UBB frente a los desastres y emergencias En un pa\u00eds marcado por terremotos, incendios forestales, inundaciones y eventos clim\u00e1ticos extremos cada vez m\u00e1s frecuentes, la capacidad de anticipar, prevenir, mitigar y responder a&#8230;<\/p>\n","protected":false},"author":1,"featured_media":0,"parent":41711,"menu_order":0,"comment_status":"closed","ping_status":"closed","template":"","meta":{"_kadence_starter_templates_imported_post":false,"_kad_post_transparent":"default","_kad_post_title":"hide","_kad_post_layout":"fullwidth","_kad_post_sidebar_id":"","_kad_post_content_style":"unboxed","_kad_post_vertical_padding":"hide","_kad_post_feature":"hide","_kad_post_feature_position":"","_kad_post_header":false,"_kad_post_footer":false,"footnotes":""},"class_list":["post-53089","page","type-page","status-publish","hentry"],"yoast_head":"<!-- This site is optimized with the Yoast SEO plugin v27.5 - https:\/\/yoast.com\/product\/yoast-seo-wordpress\/ -->\n<title>Informativo VRIP 22 Enero 2026 - VRIP<\/title>\n<meta name=\"robots\" content=\"index, follow, max-snippet:-1, max-image-preview:large, max-video-preview:-1\" \/>\n<link rel=\"canonical\" href=\"https:\/\/vrip.ubiobio.cl\/inicio\/informativos-vrip\/edicion-22-enero-2026\/\" \/>\n<meta property=\"og:locale\" content=\"es_ES\" \/>\n<meta property=\"og:type\" content=\"article\" \/>\n<meta property=\"og:title\" content=\"Informativo VRIP 22 Enero 2026 - VRIP\" \/>\n<meta property=\"og:description\" content=\"Edici\u00f3n 22 Enero 2026 Leer Editorial Leer Bolet\u00edn CIENCIA, INVESTIGACI\u00d3N, INNOVACI\u00d3N Y TRANSFERENCIA TECNOL\u00d3GICA para proteger la vida: la respuesta de la UBB frente a los desastres y emergencias En un pa\u00eds marcado por terremotos, incendios forestales, inundaciones y eventos clim\u00e1ticos extremos cada vez m\u00e1s frecuentes, la capacidad de anticipar, prevenir, mitigar y responder a...\" \/>\n<meta property=\"og:url\" content=\"https:\/\/vrip.ubiobio.cl\/inicio\/informativos-vrip\/edicion-22-enero-2026\/\" \/>\n<meta property=\"og:site_name\" content=\"VRIP\" \/>\n<meta property=\"article:modified_time\" content=\"2026-01-22T15:49:08+00:00\" \/>\n<meta property=\"og:image\" content=\"https:\/\/flashissue.s3.us-east-1.amazonaws.com\/zr1y47bcRTuozanm0ZZ7_VlJJUF9Cb2xldGluIGJhc2VfZWRpdA==.jpg\" \/>\n<meta name=\"twitter:card\" content=\"summary_large_image\" \/>\n<meta name=\"twitter:site\" content=\"@vripubb\" \/>\n<meta name=\"twitter:label1\" content=\"Tiempo de lectura\" \/>\n\t<meta name=\"twitter:data1\" content=\"11 minutos\" \/>\n<script type=\"application\/ld+json\" class=\"yoast-schema-graph\">{\"@context\":\"https:\\\/\\\/schema.org\",\"@graph\":[{\"@type\":\"WebPage\",\"@id\":\"https:\\\/\\\/vrip.ubiobio.cl\\\/inicio\\\/informativos-vrip\\\/edicion-22-enero-2026\\\/\",\"url\":\"https:\\\/\\\/vrip.ubiobio.cl\\\/inicio\\\/informativos-vrip\\\/edicion-22-enero-2026\\\/\",\"name\":\"Informativo VRIP 22 Enero 2026 - VRIP\",\"isPartOf\":{\"@id\":\"https:\\\/\\\/vrip.ubiobio.cl\\\/inicio\\\/#website\"},\"primaryImageOfPage\":{\"@id\":\"https:\\\/\\\/vrip.ubiobio.cl\\\/inicio\\\/informativos-vrip\\\/edicion-22-enero-2026\\\/#primaryimage\"},\"image\":{\"@id\":\"https:\\\/\\\/vrip.ubiobio.cl\\\/inicio\\\/informativos-vrip\\\/edicion-22-enero-2026\\\/#primaryimage\"},\"thumbnailUrl\":\"https:\\\/\\\/flashissue.s3.us-east-1.amazonaws.com\\\/zr1y47bcRTuozanm0ZZ7_VlJJUF9Cb2xldGluIGJhc2VfZWRpdA==.jpg\",\"datePublished\":\"2026-01-16T19:32:09+00:00\",\"dateModified\":\"2026-01-22T15:49:08+00:00\",\"breadcrumb\":{\"@id\":\"https:\\\/\\\/vrip.ubiobio.cl\\\/inicio\\\/informativos-vrip\\\/edicion-22-enero-2026\\\/#breadcrumb\"},\"inLanguage\":\"es\",\"potentialAction\":[{\"@type\":\"ReadAction\",\"target\":[\"https:\\\/\\\/vrip.ubiobio.cl\\\/inicio\\\/informativos-vrip\\\/edicion-22-enero-2026\\\/\"]}]},{\"@type\":\"ImageObject\",\"inLanguage\":\"es\",\"@id\":\"https:\\\/\\\/vrip.ubiobio.cl\\\/inicio\\\/informativos-vrip\\\/edicion-22-enero-2026\\\/#primaryimage\",\"url\":\"https:\\\/\\\/flashissue.s3.us-east-1.amazonaws.com\\\/zr1y47bcRTuozanm0ZZ7_VlJJUF9Cb2xldGluIGJhc2VfZWRpdA==.jpg\",\"contentUrl\":\"https:\\\/\\\/flashissue.s3.us-east-1.amazonaws.com\\\/zr1y47bcRTuozanm0ZZ7_VlJJUF9Cb2xldGluIGJhc2VfZWRpdA==.jpg\"},{\"@type\":\"BreadcrumbList\",\"@id\":\"https:\\\/\\\/vrip.ubiobio.cl\\\/inicio\\\/informativos-vrip\\\/edicion-22-enero-2026\\\/#breadcrumb\",\"itemListElement\":[{\"@type\":\"ListItem\",\"position\":1,\"name\":\"Portada\",\"item\":\"https:\\\/\\\/vrip.ubiobio.cl\\\/inicio\\\/\"},{\"@type\":\"ListItem\",\"position\":2,\"name\":\"Informativos VRIP\",\"item\":\"https:\\\/\\\/vrip.ubiobio.cl\\\/inicio\\\/informativos-vrip\\\/\"},{\"@type\":\"ListItem\",\"position\":3,\"name\":\"Informativo VRIP 22 Enero 2026\"}]},{\"@type\":\"WebSite\",\"@id\":\"https:\\\/\\\/vrip.ubiobio.cl\\\/inicio\\\/#website\",\"url\":\"https:\\\/\\\/vrip.ubiobio.cl\\\/inicio\\\/\",\"name\":\"VRIP\",\"description\":\"Vicerrector\u00eda de Investigaci\u00f3n y Postgrado\",\"publisher\":{\"@id\":\"https:\\\/\\\/vrip.ubiobio.cl\\\/inicio\\\/#organization\"},\"potentialAction\":[{\"@type\":\"SearchAction\",\"target\":{\"@type\":\"EntryPoint\",\"urlTemplate\":\"https:\\\/\\\/vrip.ubiobio.cl\\\/inicio\\\/?s={search_term_string}\"},\"query-input\":{\"@type\":\"PropertyValueSpecification\",\"valueRequired\":true,\"valueName\":\"search_term_string\"}}],\"inLanguage\":\"es\"},{\"@type\":\"Organization\",\"@id\":\"https:\\\/\\\/vrip.ubiobio.cl\\\/inicio\\\/#organization\",\"name\":\"VRIP\",\"url\":\"https:\\\/\\\/vrip.ubiobio.cl\\\/inicio\\\/\",\"logo\":{\"@type\":\"ImageObject\",\"inLanguage\":\"es\",\"@id\":\"https:\\\/\\\/vrip.ubiobio.cl\\\/inicio\\\/#\\\/schema\\\/logo\\\/image\\\/\",\"url\":\"https:\\\/\\\/vrip.ubiobio.cl\\\/wp-content\\\/uploads\\\/2022\\\/10\\\/logo-vrip_Mesa-de-trabajo-1.png\",\"contentUrl\":\"https:\\\/\\\/vrip.ubiobio.cl\\\/wp-content\\\/uploads\\\/2022\\\/10\\\/logo-vrip_Mesa-de-trabajo-1.png\",\"width\":642,\"height\":178,\"caption\":\"VRIP\"},\"image\":{\"@id\":\"https:\\\/\\\/vrip.ubiobio.cl\\\/inicio\\\/#\\\/schema\\\/logo\\\/image\\\/\"},\"sameAs\":[\"https:\\\/\\\/x.com\\\/vripubb\",\"https:\\\/\\\/www.instagram.com\\\/vrip_ubb\\\/\",\"https:\\\/\\\/www.youtube.com\\\/channel\\\/UCf7o8yHRJ7Y_QQLxwu1KQgA\",\"https:\\\/\\\/www.linkedin.com\\\/company\\\/96035097\\\/admin\\\/dashboard\\\/\"]}]}<\/script>\n<!-- \/ Yoast SEO plugin. -->","yoast_head_json":{"title":"Informativo VRIP 22 Enero 2026 - VRIP","robots":{"index":"index","follow":"follow","max-snippet":"max-snippet:-1","max-image-preview":"max-image-preview:large","max-video-preview":"max-video-preview:-1"},"canonical":"https:\/\/vrip.ubiobio.cl\/inicio\/informativos-vrip\/edicion-22-enero-2026\/","og_locale":"es_ES","og_type":"article","og_title":"Informativo VRIP 22 Enero 2026 - VRIP","og_description":"Edici\u00f3n 22 Enero 2026 Leer Editorial Leer Bolet\u00edn CIENCIA, INVESTIGACI\u00d3N, INNOVACI\u00d3N Y TRANSFERENCIA TECNOL\u00d3GICA para proteger la vida: la respuesta de la UBB frente a los desastres y emergencias En un pa\u00eds marcado por terremotos, incendios forestales, inundaciones y eventos clim\u00e1ticos extremos cada vez m\u00e1s frecuentes, la capacidad de anticipar, prevenir, mitigar y responder a...","og_url":"https:\/\/vrip.ubiobio.cl\/inicio\/informativos-vrip\/edicion-22-enero-2026\/","og_site_name":"VRIP","article_modified_time":"2026-01-22T15:49:08+00:00","og_image":[{"url":"https:\/\/flashissue.s3.us-east-1.amazonaws.com\/zr1y47bcRTuozanm0ZZ7_VlJJUF9Cb2xldGluIGJhc2VfZWRpdA==.jpg","type":"","width":"","height":""}],"twitter_card":"summary_large_image","twitter_site":"@vripubb","twitter_misc":{"Tiempo de lectura":"11 minutos"},"schema":{"@context":"https:\/\/schema.org","@graph":[{"@type":"WebPage","@id":"https:\/\/vrip.ubiobio.cl\/inicio\/informativos-vrip\/edicion-22-enero-2026\/","url":"https:\/\/vrip.ubiobio.cl\/inicio\/informativos-vrip\/edicion-22-enero-2026\/","name":"Informativo VRIP 22 Enero 2026 - VRIP","isPartOf":{"@id":"https:\/\/vrip.ubiobio.cl\/inicio\/#website"},"primaryImageOfPage":{"@id":"https:\/\/vrip.ubiobio.cl\/inicio\/informativos-vrip\/edicion-22-enero-2026\/#primaryimage"},"image":{"@id":"https:\/\/vrip.ubiobio.cl\/inicio\/informativos-vrip\/edicion-22-enero-2026\/#primaryimage"},"thumbnailUrl":"https:\/\/flashissue.s3.us-east-1.amazonaws.com\/zr1y47bcRTuozanm0ZZ7_VlJJUF9Cb2xldGluIGJhc2VfZWRpdA==.jpg","datePublished":"2026-01-16T19:32:09+00:00","dateModified":"2026-01-22T15:49:08+00:00","breadcrumb":{"@id":"https:\/\/vrip.ubiobio.cl\/inicio\/informativos-vrip\/edicion-22-enero-2026\/#breadcrumb"},"inLanguage":"es","potentialAction":[{"@type":"ReadAction","target":["https:\/\/vrip.ubiobio.cl\/inicio\/informativos-vrip\/edicion-22-enero-2026\/"]}]},{"@type":"ImageObject","inLanguage":"es","@id":"https:\/\/vrip.ubiobio.cl\/inicio\/informativos-vrip\/edicion-22-enero-2026\/#primaryimage","url":"https:\/\/flashissue.s3.us-east-1.amazonaws.com\/zr1y47bcRTuozanm0ZZ7_VlJJUF9Cb2xldGluIGJhc2VfZWRpdA==.jpg","contentUrl":"https:\/\/flashissue.s3.us-east-1.amazonaws.com\/zr1y47bcRTuozanm0ZZ7_VlJJUF9Cb2xldGluIGJhc2VfZWRpdA==.jpg"},{"@type":"BreadcrumbList","@id":"https:\/\/vrip.ubiobio.cl\/inicio\/informativos-vrip\/edicion-22-enero-2026\/#breadcrumb","itemListElement":[{"@type":"ListItem","position":1,"name":"Portada","item":"https:\/\/vrip.ubiobio.cl\/inicio\/"},{"@type":"ListItem","position":2,"name":"Informativos VRIP","item":"https:\/\/vrip.ubiobio.cl\/inicio\/informativos-vrip\/"},{"@type":"ListItem","position":3,"name":"Informativo VRIP 22 Enero 2026"}]},{"@type":"WebSite","@id":"https:\/\/vrip.ubiobio.cl\/inicio\/#website","url":"https:\/\/vrip.ubiobio.cl\/inicio\/","name":"VRIP","description":"Vicerrector\u00eda de Investigaci\u00f3n y Postgrado","publisher":{"@id":"https:\/\/vrip.ubiobio.cl\/inicio\/#organization"},"potentialAction":[{"@type":"SearchAction","target":{"@type":"EntryPoint","urlTemplate":"https:\/\/vrip.ubiobio.cl\/inicio\/?s={search_term_string}"},"query-input":{"@type":"PropertyValueSpecification","valueRequired":true,"valueName":"search_term_string"}}],"inLanguage":"es"},{"@type":"Organization","@id":"https:\/\/vrip.ubiobio.cl\/inicio\/#organization","name":"VRIP","url":"https:\/\/vrip.ubiobio.cl\/inicio\/","logo":{"@type":"ImageObject","inLanguage":"es","@id":"https:\/\/vrip.ubiobio.cl\/inicio\/#\/schema\/logo\/image\/","url":"https:\/\/vrip.ubiobio.cl\/wp-content\/uploads\/2022\/10\/logo-vrip_Mesa-de-trabajo-1.png","contentUrl":"https:\/\/vrip.ubiobio.cl\/wp-content\/uploads\/2022\/10\/logo-vrip_Mesa-de-trabajo-1.png","width":642,"height":178,"caption":"VRIP"},"image":{"@id":"https:\/\/vrip.ubiobio.cl\/inicio\/#\/schema\/logo\/image\/"},"sameAs":["https:\/\/x.com\/vripubb","https:\/\/www.instagram.com\/vrip_ubb\/","https:\/\/www.youtube.com\/channel\/UCf7o8yHRJ7Y_QQLxwu1KQgA","https:\/\/www.linkedin.com\/company\/96035097\/admin\/dashboard\/"]}]}},"_links":{"self":[{"href":"https:\/\/vrip.ubiobio.cl\/inicio\/wp-json\/wp\/v2\/pages\/53089","targetHints":{"allow":["GET"]}}],"collection":[{"href":"https:\/\/vrip.ubiobio.cl\/inicio\/wp-json\/wp\/v2\/pages"}],"about":[{"href":"https:\/\/vrip.ubiobio.cl\/inicio\/wp-json\/wp\/v2\/types\/page"}],"author":[{"embeddable":true,"href":"https:\/\/vrip.ubiobio.cl\/inicio\/wp-json\/wp\/v2\/users\/1"}],"replies":[{"embeddable":true,"href":"https:\/\/vrip.ubiobio.cl\/inicio\/wp-json\/wp\/v2\/comments?post=53089"}],"version-history":[{"count":11,"href":"https:\/\/vrip.ubiobio.cl\/inicio\/wp-json\/wp\/v2\/pages\/53089\/revisions"}],"predecessor-version":[{"id":53218,"href":"https:\/\/vrip.ubiobio.cl\/inicio\/wp-json\/wp\/v2\/pages\/53089\/revisions\/53218"}],"up":[{"embeddable":true,"href":"https:\/\/vrip.ubiobio.cl\/inicio\/wp-json\/wp\/v2\/pages\/41711"}],"wp:attachment":[{"href":"https:\/\/vrip.ubiobio.cl\/inicio\/wp-json\/wp\/v2\/media?parent=53089"}],"curies":[{"name":"wp","href":"https:\/\/api.w.org\/{rel}","templated":true}]}}