{"id":52832,"date":"2026-01-05T15:02:58","date_gmt":"2026-01-05T15:02:58","guid":{"rendered":"https:\/\/vrip.ubiobio.cl\/inicio\/?page_id=52832"},"modified":"2026-01-06T17:55:46","modified_gmt":"2026-01-06T17:55:46","slug":"edicion-06-enero-2026","status":"publish","type":"page","link":"https:\/\/vrip.ubiobio.cl\/inicio\/informativos-vrip\/edicion-06-enero-2026\/","title":{"rendered":"Informativo VRIP 06 Enero 2026"},"content":{"rendered":"\t\t<div data-elementor-type=\"wp-page\" data-elementor-id=\"52832\" class=\"elementor elementor-52832\" data-elementor-settings=\"{&quot;ha_cmc_init_switcher&quot;:&quot;no&quot;}\">\n\t\t\t\t\t\t<section class=\"elementor-section elementor-top-section elementor-element elementor-element-f37001d elementor-section-height-min-height elementor-section-boxed elementor-section-height-default elementor-section-items-middle\" data-id=\"f37001d\" data-element_type=\"section\" data-e-type=\"section\" data-settings=\"{&quot;background_background&quot;:&quot;classic&quot;,&quot;_ha_eqh_enable&quot;:false}\">\n\t\t\t\t\t\t<div class=\"elementor-container elementor-column-gap-default\">\n\t\t\t\t\t<div class=\"elementor-column elementor-col-100 elementor-top-column elementor-element elementor-element-34864aa elementor-invisible\" data-id=\"34864aa\" data-element_type=\"column\" data-e-type=\"column\" data-settings=\"{&quot;animation&quot;:&quot;slideInDown&quot;}\">\n\t\t\t<div class=\"elementor-widget-wrap elementor-element-populated\">\n\t\t\t\t\t\t<div class=\"elementor-element elementor-element-98500eb elementor-widget elementor-widget-heading\" data-id=\"98500eb\" data-element_type=\"widget\" data-e-type=\"widget\" data-widget_type=\"heading.default\">\n\t\t\t\t<div class=\"elementor-widget-container\">\n\t\t\t\t\t<h3 class=\"elementor-heading-title elementor-size-xl\">Edici\u00f3n 06 Enero 2026<\/h3>\t\t\t\t<\/div>\n\t\t\t\t<\/div>\n\t\t\t\t\t<\/div>\n\t\t<\/div>\n\t\t\t\t\t<\/div>\n\t\t<\/section>\n\t\t\t\t<section class=\"elementor-section elementor-top-section elementor-element elementor-element-9e6f6cd elementor-section-boxed elementor-section-height-default elementor-section-height-default\" data-id=\"9e6f6cd\" data-element_type=\"section\" data-e-type=\"section\" data-settings=\"{&quot;_ha_eqh_enable&quot;:false}\">\n\t\t\t\t\t\t<div class=\"elementor-container elementor-column-gap-default\">\n\t\t\t\t\t<div class=\"elementor-column elementor-col-100 elementor-top-column elementor-element elementor-element-7a0d97e\" data-id=\"7a0d97e\" data-element_type=\"column\" data-e-type=\"column\">\n\t\t\t<div class=\"elementor-widget-wrap elementor-element-populated\">\n\t\t\t\t\t\t<div class=\"elementor-element elementor-element-4fa6cef elementor-widget elementor-widget-eael-adv-tabs\" data-id=\"4fa6cef\" data-element_type=\"widget\" data-e-type=\"widget\" data-widget_type=\"eael-adv-tabs.default\">\n\t\t\t\t<div class=\"elementor-widget-container\">\n\t\t\t\t\t        <div data-scroll-on-click=\"no\" data-scroll-speed=\"300\" id=\"eael-advance-tabs-4fa6cef\" class=\"eael-advance-tabs eael-tabs-horizontal eael-tab-auto-active \" data-tabid=\"4fa6cef\">\n            <div class=\"eael-tabs-nav \">\n                <ul class=\"eael-tab-inline-icon\" role=\"tablist\">\n                                            <li id=\"leer-editorial\" class=\"active-default eael-tab-item-trigger eael-tab-nav-item\" aria-selected=\"true\" data-tab=\"1\" role=\"tab\" tabindex=\"0\" aria-controls=\"leer-editorial-tab\" aria-expanded=\"false\">\n                            \n                                                                <i class=\"fas fa-scroll\"><\/i>                                                            \n                                                            <span class=\"eael-tab-title title-after-icon\" >Leer Editorial<\/span>                            \n                                                    <\/li>\n                                            <li id=\"leer-boletn\" class=\"inactive eael-tab-item-trigger eael-tab-nav-item\" aria-selected=\"false\" data-tab=\"2\" role=\"tab\" tabindex=\"-1\" aria-controls=\"leer-boletn-tab\" aria-expanded=\"false\">\n                            \n                                                                <i class=\"far fa-newspaper\"><\/i>                                                            \n                                                            <span class=\"eael-tab-title title-after-icon\" >Leer Bolet\u00edn<\/span>                            \n                                                    <\/li>\n                    \n                                  <\/ul>\n            <\/div>\n            \n            <div class=\"eael-tabs-content\">\n\t\t        \n                    <div id=\"leer-editorial-tab\" class=\"clearfix eael-tab-content-item active-default\" data-title-link=\"leer-editorial-tab\">\n\t\t\t\t        <p><img decoding=\"async\" src=\"https:\/\/flashissue.s3.us-east-1.amazonaws.com\/zr1y47bcRTuozanm0ZZ7_VlJJUF9Cb2xldGluIGJhc2VfZWRpdA==.jpg\" \/><\/p><h3><span style=\"color: #083854\"><strong>UBB, conocimiento p\u00fablico desde \u00d1uble y Biob\u00edo para el desarrollo del pa\u00eds<\/strong><\/span><\/h3><p>La investigaci\u00f3n cient\u00edfica en la Universidad del B\u00edo-B\u00edo es parte esencial de su identidad p\u00fablica y de su compromiso hist\u00f3rico con las regiones de \u00d1uble y Biob\u00edo. Desde sus or\u00edgenes, la UBB ha entendido el conocimiento como un bien p\u00fablico al servicio del desarrollo social, cultural y productivo del pa\u00eds.<\/p><p>El 2025 estuvo marcado por resultados relevantes en investigaci\u00f3n, desarrollo, innovaci\u00f3n y emprendimiento. La Universidad obtuvo el\u00a0tercer lugar nacional en el Concurso InES G\u00e9nero \u2013 Renovaci\u00f3n Competitiva 2025, impulsado por la Agencia Nacional de Investigaci\u00f3n y Desarrollo. Adem\u00e1s, alcanz\u00f3 el\u00a0segundo lugar nacional en el concurso Fondef VIU, con 5 proyectos adjudicados, todos liderados por estudiantes mujeres, y fue reconocida por el Instituto Nacional de Propiedad Industrial como la\u00a0segunda instituci\u00f3n acad\u00e9mica con m\u00e1s solicitudes de patentes.<\/p><p>En noviembre se confirm\u00f3 la adjudicaci\u00f3n de fondos de la CORFO para la creaci\u00f3n del\u00a0Centro de Manufactura Avanzada e Industria 4.0, en alianza con la Universidad de Concepci\u00f3n y la Compa\u00f1\u00eda Sider\u00fargica Huachipato. El proyecto constituye un aporte estrat\u00e9gico a la reindustrializaci\u00f3n, la innovaci\u00f3n y el fortalecimiento de la matriz productiva regional.<\/p><p>Para este 2026, la Universidad se proyecta como una instituci\u00f3n p\u00fablica de investigaci\u00f3n focalizada y acreditada, con postgrados de calidad y una estructura que integra investigaci\u00f3n, innovaci\u00f3n, creaci\u00f3n art\u00edstica y vinculaci\u00f3n con el medio. Su investigaci\u00f3n, con fuerte anclaje territorial, articula docencia, transferencia tecnol\u00f3gica y formaci\u00f3n de capital humano avanzado.<\/p><p>El crecimiento sostenido en proyectos, productividad cient\u00edfica y participaci\u00f3n estudiantil reafirma el compromiso de la UBB con una investigaci\u00f3n pertinente, de impacto y socialmente responsable, orientada a contribuir al desarrollo sustentable y al fortalecimiento del pa\u00eds desde las regiones.<\/p><p><strong>VRIP Comunicaciones<\/strong><\/p><table align=\"center\"><tbody><tr><td id=\"m_8467858756250299110m_4658873428329236187m_-7901358079350462190gmail-twitter-social-link\"><a href=\"https:\/\/www.twitter.com\/FlashIssue\" target=\"_blank\" rel=\"noopener\"><img decoding=\"async\" class=\"CToWUd alignright\" src=\"https:\/\/app.flashissue.com\/images\/social-icons\/round\/twitter\/grey\/twitter48.png\" \/><\/a><\/td><td>\u00a0<\/td><td id=\"m_8467858756250299110m_4658873428329236187m_-7901358079350462190gmail-youtube-social-link\"><a href=\"https:\/\/www.youtube.com\/channel\/UCf7o8yHRJ7Y_QQLxwu1KQgA\" target=\"_blank\" rel=\"noopener\"><img decoding=\"async\" class=\"CToWUd aligncenter\" src=\"https:\/\/app.flashissue.com\/images\/social-icons\/round\/youtube\/grey\/youtube48.png\" \/><\/a><\/td><td>\u00a0<\/td><td id=\"m_8467858756250299110m_4658873428329236187m_-7901358079350462190gmail-instagram-social-link\"><a href=\"https:\/\/www.instagram.com\/vrip_ubb\" target=\"_blank\" rel=\"noopener\"><img decoding=\"async\" class=\"CToWUd alignleft\" src=\"https:\/\/app.flashissue.com\/images\/social-icons\/round\/instagram\/grey\/instagram48.png\" \/><\/a><\/td><\/tr><\/tbody><\/table><p><a href=\"https:\/\/vrip.ubiobio.cl\/informativos-vrip\/\" target=\"_blank\" rel=\"noopener\"><img fetchpriority=\"high\" decoding=\"async\" class=\"aligncenter\" src=\"https:\/\/flashissue.s3.us-east-1.amazonaws.com\/wn9DyI72QZaEm43a79u8_VlJJUF9Cb2xldGluIGJhc2VfcGllIHBhZw==.jpg\" width=\"616\" height=\"121\" \/><\/a><\/p><p style=\"text-align: center\">Vicerrector\u00eda de Investigaci\u00f3n y Postgrado &#8211; Universidad del B\u00edo-B\u00edo<br \/><span style=\"background-color: transparent\">Todos los derechos reservados.<br \/><\/span><span style=\"background-color: transparent\">Av. Collao 1202, Concepci\u00f3n \/ Av. Andr\u00e9s Bello s\/n, Chill\u00e1n<br \/><\/span><span style=\"background-color: transparent\">Comentarios a:\u00a0<\/span><strong style=\"background-color: transparent\"><a href=\"mailto:vripcomunicaciones@ubiobio.cl?subject=Comentario%20newsletter\" target=\"_blank\" rel=\"noopener\">vripcomunicaciones@ubiobio.cl<\/a><\/strong><\/p>                    <\/div>\n\t\t        \n                    <div id=\"leer-boletn-tab\" class=\"clearfix eael-tab-content-item inactive\" data-title-link=\"leer-boletn-tab\">\n\t\t\t\t        <p><img decoding=\"async\" class=\"alignnone size-full wp-image-52860\" src=\"https:\/\/vrip.ubiobio.cl\/wp-content\/uploads\/2026\/01\/VRIP_Boletin-base-2026.jpg\" alt=\"\" width=\"1738\" height=\"604\" srcset=\"https:\/\/vrip.ubiobio.cl\/wp-content\/uploads\/2026\/01\/VRIP_Boletin-base-2026.jpg 1738w, https:\/\/vrip.ubiobio.cl\/wp-content\/uploads\/2026\/01\/VRIP_Boletin-base-2026-380x132.jpg 380w, https:\/\/vrip.ubiobio.cl\/wp-content\/uploads\/2026\/01\/VRIP_Boletin-base-2026-1024x356.jpg 1024w, https:\/\/vrip.ubiobio.cl\/wp-content\/uploads\/2026\/01\/VRIP_Boletin-base-2026-768x267.jpg 768w, https:\/\/vrip.ubiobio.cl\/wp-content\/uploads\/2026\/01\/VRIP_Boletin-base-2026-1536x534.jpg 1536w\" sizes=\"(max-width: 1738px) 100vw, 1738px\" \/><\/p><h3><img decoding=\"async\" src=\"https:\/\/ci3.googleusercontent.com\/meips\/ADKq_NbTCuTnxURehrGwU0sPHY8ruIhqQo4YuE1_U85kXWe7QfIZ846I0lc-RRVvMOYrx5srtretoR41yfVbhWj_5QZzCsFW0_xp4qBkyq9ATPQQMkuYnO00aDOhXSuCdIE4Kaw=s0-d-e1-ft#https:\/\/flashissue.s3.us-east-1.amazonaws.com\/xYqTG7pCTcK9svb4kFOx_Ng==.png\" \/><\/h3><h3><span style=\"color: #073753\"><strong>Investigaci\u00f3n impulsada por acad\u00e9micos de la UBB, U. de Chile y UANDES en alianza con la Fiscal\u00eda Nacional postula a premios Chile PotencIA 2025 e IFORS 2026<\/strong><\/span><\/h3><p>Una investigaci\u00f3n interuniversitaria desarrollada por la Universidad del B\u00edo-B\u00edo, la Universidad de Chile y la Universidad de los Andes, en alianza estrat\u00e9gica con la Fiscal\u00eda Nacional de Chile, posiciona a la ingenier\u00eda chilena en la vanguardia del uso \u00e9tico y aplicado de la inteligencia artificial. Se trata del ecosistema de IA \u201cFiscal HeredIA\u201d, iniciativa que ha sido seleccionada como finalista del Premio Nacional Chile PotencIA 2025 y, en paralelo, postulada al prestigioso IFORS Prize 2026, de alcance internacional.<\/p><p><em>Ver m\u00e1s:\u00a0<\/em><a href=\"https:\/\/vrip.ubiobio.cl\/inicio\/noticias\/investigacion-impulsada-por-academicos-de-la-ubb-u-de-chile-y-uandes-en-alianza-con-la-fiscalia-nacional-postula-a-premios-chile-potencia-2025-e-ifors-2026\/\" target=\"_blank\" rel=\"noopener\">https:\/\/vrip.ubiobio.cl\/inicio\/noticias\/investigacion-impulsada-por-academicos-de-la-ubb-u-de-chile-y-uandes-en-alianza-con-la-fiscalia-nacional-postula-a-premios-chile-potencia-2025-e-ifors-2026\/<\/a><\/p><hr \/><p><img decoding=\"async\" src=\"https:\/\/ci3.googleusercontent.com\/meips\/ADKq_NbUMS8HXNjcAuV3iocO9wwLraWBARbPg0pnS0GL5aFAXcvd5wwCnhqPNmbdq6MxI__lZww4_zcVCWv7VvXiw3y600-_TmCJvyKJgeDga8YVCZw5HwyjmtS5siUl5QKC3HpkfEifRsQqaHnXwf6fGt9VgJfRFa51l9UUs06p-CNkNQ=s0-d-e1-ft#https:\/\/flashissue.s3.us-east-1.amazonaws.com\/kP4MzIVFTjmyadvaSs8s_VlJJUF9CYW5uZXIgSW5mb3JtYXRpdm8gKDEp.png\" \/><\/p><h3><span style=\"color: #073753\"><strong>Cortometraje \u201cPlato de agua\u201d representar\u00e1 a la Universidad del B\u00edo-B\u00edo en el 7\u00ba Festival de Cine Nacional en \u00d1uble<\/strong><\/span><\/h3><p>El cortometraje \u201cPlato de agua\u201d, escrito y dirigido por el acad\u00e9mico del Departamento de Artes y Letras de la Universidad del B\u00edo-B\u00edo, Dr. Rodrigo Fa\u00fandez, y protagonizado por la Dra. Tania Fa\u00fandez, fue seleccionado para participar en la secci\u00f3n \u201cHecho en \u00d1uble\u201d del 7\u00ba Festival de Cine Nacional en \u00d1uble, que se desarrollar\u00e1 entre el 13 y el 17 de enero de 2026.<\/p><p><em>Ver m\u00e1s:\u00a0<\/em><a href=\"https:\/\/vrip.ubiobio.cl\/inicio\/noticias\/cortometraje-plato-de-agua-representara-a-la-universidad-del-bio-bio-en-el-7o-festival-de-cine-nacional-en-nuble\/\" target=\"_blank\" rel=\"noopener\">https:\/\/vrip.ubiobio.cl\/inicio\/noticias\/cortometraje-plato-de-agua-representara-a-la-universidad-del-bio-bio-en-el-7o-festival-de-cine-nacional-en-nuble\/<\/a><\/p><hr \/><p><img decoding=\"async\" src=\"https:\/\/ci3.googleusercontent.com\/meips\/ADKq_Naawe2PHur6d6p-x7cnonrk6y_QgcOOyyKxWOkx2P0Qo1mACno88kiGM1ig9MGb9-JPIxMvUHur05N7SXgKBga-OD-Z63Fcn2SMU7u5nNlYAE8KJYc6ZiKyaFakRHJ_8OTg2iuQwpKF2TfGuE3CN_rBdBiIe7M2A5522SP2=s0-d-e1-ft#https:\/\/flashissue.s3.us-east-1.amazonaws.com\/gGD7jHFTRzOOcCL57ZOO_VlJJUF9CYW5uZXIgSW5mb3JtYXRpdm8=.png\" \/><\/p><h3><span style=\"color: #073753\"><strong>Subdirector de Postgrado UBB integra equipo editorial de libro sobre doctorados profesionales y vinculaci\u00f3n con la industria<\/strong><\/span><\/h3><p>El Subdirector de Postgrado de la Universidad del B\u00edo-B\u00edo, Dr. Guillermo Latorre, forma parte del equipo editorial del libro \u201cDoctorados Profesionales y de vinculaci\u00f3n con la industria: Un impulso para el desarrollo del pa\u00eds\u201d, publicaci\u00f3n del Grupo Operativo de Universidades Chilenas (GOP) de CINDA, cuyo lanzamiento se realiz\u00f3 en el Campus Santiago de la Universidad de Talca.<\/p><p><em>Ver m\u00e1s:<a href=\"https:\/\/vrip.ubiobio.cl\/inicio\/noticias\/subdirector-de-postgrado-ubb-integra-equipo-editorial-de-libro-sobre-doctorados-profesionales-y-vinculacion-con-la-industria\/\" target=\"_blank\" rel=\"noopener\">\u00a0<\/a><\/em><a href=\"https:\/\/vrip.ubiobio.cl\/inicio\/noticias\/subdirector-de-postgrado-ubb-integra-equipo-editorial-de-libro-sobre-doctorados-profesionales-y-vinculacion-con-la-industria\/\" target=\"_blank\" rel=\"noopener\">https:\/\/vrip.ubiobio.cl\/inicio\/noticias\/subdirector-de-postgrado-ubb-integra-equipo-editorial-de-libro-sobre-doctorados-profesionales-y-vinculacion-con-la-industria\/<\/a><\/p><hr \/><p><img decoding=\"async\" src=\"https:\/\/ci3.googleusercontent.com\/meips\/ADKq_NYmqkHpOeOZOsBx1LXLsMN3A225ciY4RJVW1keb4yEjzsGZzDG8BAEKlag7bOvXJHTBKuV9GawQtY-oICVaB6k9JNCC7zvobnpAaDNH1jnZw48gGy0UIHg4zEopdryBbDo=s0-d-e1-ft#https:\/\/flashissue.s3.us-east-1.amazonaws.com\/dq63jJl1Qt6VYHXEQhRc_Mg==.png\" \/><\/p><h3><span style=\"color: #073753\"><strong>Acad\u00e9mica UBB publica libro que interpela la \u00e9tica y las l\u00f3gicas de poder en la producci\u00f3n cient\u00edfica actual<\/strong><\/span><\/h3><p>Una reflexi\u00f3n profunda, cr\u00edtica y necesaria sobre las tensiones \u00e9ticas que hoy atraviesan la producci\u00f3n del conocimiento cient\u00edfico propone el libro \u201cPublicar sin \u00e9tica. La estrategia silenciosa del poder acad\u00e9mico\u201d, de la acad\u00e9mica del Departamento de Ciencias B\u00e1sicas de la Universidad del B\u00edo-B\u00edo, Dra. Marcela Vidal Maldonado, obra que pone en el centro del debate las presiones estructurales del sistema cient\u00edfico y sus efectos en la integridad, la libertad y la identidad de quienes investigan.<\/p><p><em>Ver m\u00e1s:\u00a0<\/em><a href=\"https:\/\/noticias.ubiobio.cl\/2025\/12\/29\/academica-ubb-publica-libro-que-interpela-la-etica-y-las-logicas-de-poder-en-la-produccion-cientifica-actual\/\" target=\"_blank\" rel=\"noopener\">https:\/\/noticias.ubiobio.cl\/2025\/12\/29\/academica-ubb-publica-libro-que-interpela-la-etica-y-las-logicas-de-poder-en-la-produccion-cientifica-actual\/<\/a><\/p><hr \/><p><img decoding=\"async\" src=\"https:\/\/ci3.googleusercontent.com\/meips\/ADKq_NaCF2hyvS_ElalC-j6Gz9ZGoTOVZJyCZjNeqTthhUCbUl2W19N1RIsoK2L1sgamV8D8D2jzhexW1APLhU045nYG1i5RE0C87Te8WKhgXZ0sd4PygMVpz7fo4bgWlsYk_2Y=s0-d-e1-ft#https:\/\/flashissue.s3.us-east-1.amazonaws.com\/OV1DVIgSGST2S4gHWKSW_NA==.png\" \/><\/p><h3><span style=\"color: #073753\"><strong>Hackat\u00f3n UBB premi\u00f3 soluciones innovadoras para enfrentar desaf\u00edos ambientales en su cuarta versi\u00f3n \u201cMenos residuos, m\u00e1s agua\u201d<\/strong><\/span><\/h3><p>Con la participaci\u00f3n de 27 estudiantes de pre y postgrado pertenecientes a cinco facultades y dos sedes de la Universidad del B\u00edo-B\u00edo, se realiz\u00f3 la gran final de la Hackat\u00f3n: Menos residuos, m\u00e1s agua, iniciativa organizada por el Proyecto Ciencia para la Innovaci\u00f3n 2030, en colaboraci\u00f3n con la Direcci\u00f3n de Innovaci\u00f3n de la Vicerrector\u00eda de Investigaci\u00f3n y Postgrado. La jornada tuvo lugar en el Edificio de Innovaci\u00f3n UBB y reuni\u00f3 a autoridades, acad\u00e9micos, mentores y la comunidad universitaria.<\/p><p><em>Ver m\u00e1s:\u00a0<\/em><a href=\"https:\/\/noticias.ubiobio.cl\/2025\/12\/30\/hackaton-ubb-premio-soluciones-innovadoras-para-enfrentar-desafios-ambientales-en-su-cuarta-version-menos-residuos-mas-agua\/\" target=\"_blank\" rel=\"noopener\">https:\/\/noticias.ubiobio.cl\/2025\/12\/30\/hackaton-ubb-premio-soluciones-innovadoras-para-enfrentar-desafios-ambientales-en-su-cuarta-version-menos-residuos-mas-agua\/<\/a><\/p><hr \/><p><img decoding=\"async\" src=\"https:\/\/ci3.googleusercontent.com\/meips\/ADKq_NYb1K_cNQkqHvlIuUz7qFHdRn4F_MnRmXB3kGcV7pnyfJJkhELQh7LeF9T427n-iyluvPo4tFUcIaluF2-KsKmAbQPPfX4Zj66qqSSfk1FZ-cf4AJDvYMgbjZ3Msv65MUw=s0-d-e1-ft#https:\/\/flashissue.s3.us-east-1.amazonaws.com\/SXSzM7tOTdSJUS2RC83A_MQ==.png\" \/><\/p><h3><span style=\"color: #073753\"><strong>Investigadores del CITEC-UBB reciben Premio a la Innovaci\u00f3n de la CChC Concepci\u00f3n<\/strong><\/span><\/h3><p>Rodrigo Espinoza y Roberto Arriagada, investigadores del Centro de Investigaci\u00f3n en Tecnolog\u00edas de la Construcci\u00f3n (CITEC) de la Universidad del B\u00edo-B\u00edo, fueron reconocidos, este viernes 19 de diciembre, por la C\u00e1mara Chilena de la Construcci\u00f3n Concepci\u00f3n en el marco del Premio Construye Innovando Biob\u00edo 2025, iniciativa que busca destacar soluciones innovadoras que aporten a la productividad, sostenibilidad y competitividad del sector construcci\u00f3n en la Regi\u00f3n del Biob\u00edo.<\/p><p><em>Ver m\u00e1s:<a href=\"https:\/\/noticias.ubiobio.cl\/2025\/12\/19\/investigadores-del-citec-ubb-reciben-premio-a-la-innovacion-de-la-cchc-concepcion\/\" target=\"_blank\" rel=\"noopener\">\u00a0<\/a><\/em><a href=\"https:\/\/noticias.ubiobio.cl\/2025\/12\/19\/investigadores-del-citec-ubb-reciben-premio-a-la-innovacion-de-la-cchc-concepcion\/\" target=\"_blank\" rel=\"noopener\">https:\/\/noticias.ubiobio.cl\/2025\/12\/19\/investigadores-del-citec-ubb-reciben-premio-a-la-innovacion-de-la-cchc-concepcion\/<\/a><\/p><hr \/><p><img decoding=\"async\" src=\"https:\/\/ci3.googleusercontent.com\/meips\/ADKq_NYGbI5VVRtxIqdBUGmEFj1Mbb-XKxHtpMoog658znVbnwoUByhQQB5pBv9jzCiTtiMqJUcqQIPBMmS850pU0rYG6iKGnGpzdqD973OwA7lHDDCVM5cjrtzZoiL0afLsvP0=s0-d-e1-ft#https:\/\/flashissue.s3.us-east-1.amazonaws.com\/kppoKSO2TQSKOwbUU1Xr_NQ==.png\" \/><\/p><h3><span style=\"color: #073753\"><strong>Direcciones de Docencia y Postgrado avanzan en articulaci\u00f3n acad\u00e9mica para fortalecer la continuidad formativa<\/strong><\/span><\/h3><p>Una jornada de socializaci\u00f3n de los resultados preliminares del diagn\u00f3stico institucional, instancia orientada a revisar y proyectar mejoras en los procesos que vinculan el pregrado con el postgrado en la Universidad del B\u00edo-B\u00edo.<\/p><p><em>Ver m\u00e1s:\u00a0<\/em><a href=\"https:\/\/noticias.ubiobio.cl\/2025\/12\/30\/direcciones-de-docencia-y-postgrado-avanzan-en-articulacion-academica-para-fortalecer-la-continuidad-formativa\/\" target=\"_blank\" rel=\"noopener\">https:\/\/noticias.ubiobio.cl\/2025\/12\/30\/direcciones-de-docencia-y-postgrado-avanzan-en-articulacion-academica-para-fortalecer-la-continuidad-formativa\/<\/a><\/p><hr \/><p><img decoding=\"async\" src=\"https:\/\/ci3.googleusercontent.com\/meips\/ADKq_NbBMOSZ_yCdla_zlVfCi_1UOQDm5_OJ8fIyjID0n8A5bEb57UC8rbiektZ27kVqFGJCEydnyHALboAN63Drjyp6E3FWpGRmcGsExM41alhTR2_MGoBncAMisijOV62VabUhDIIedRpFddRn3F6zRoeZ2yTaiw8FmVukkWeL=s0-d-e1-ft#https:\/\/flashissue.s3.us-east-1.amazonaws.com\/shZWcMdOQpKLkQzNc2ej_VlJJUF9CYW5uZXIgSW5mb3JtYXRpdm8=.png\" \/><\/p><h3><span style=\"color: #073753\"><strong>Investigadores UBB lideran iniciativas frente al cambio clim\u00e1tico<\/strong><\/span><\/h3><p>La Universidad del B\u00edo-B\u00edo contin\u00faa consolidando su posicionamiento en investigaci\u00f3n de alcance internacional, tras la adjudicaci\u00f3n de destacados proyectos en el Concurso de Fomento a la Vinculaci\u00f3n Internacional para Instituciones de Investigaci\u00f3n (FOVI) 2025, impulsado por la Agencia Nacional de Investigaci\u00f3n y Desarrollo (ANID).<\/p><p><em>Ver m\u00e1s:\u00a0<\/em><a href=\"https:\/\/noticias.ubiobio.cl\/2025\/12\/19\/investigadores-ubb-lideran-iniciativas-frente-al-cambio-climatico\/\" target=\"_blank\" rel=\"noopener\">https:\/\/noticias.ubiobio.cl\/2025\/12\/19\/investigadores-ubb-lideran-iniciativas-frente-al-cambio-climatico\/<\/a><\/p><hr \/><p><img decoding=\"async\" src=\"https:\/\/ci3.googleusercontent.com\/meips\/ADKq_Nal1vO95l1QKkyIZ9pF1cgXYM4UwtoOhPuO3IEb1CpCr8P6CYzxQQ9qMC9ZrcxTtQYWugwinVKQA_q7d6JXhjTYmiDwFCKGqW1JswoV42IGXDsXyUFM9DvZuqrTLcWjVkA=s0-d-e1-ft#https:\/\/flashissue.s3.us-east-1.amazonaws.com\/uDltgzS8K4LoubPXhIdA_Nw==.png\" \/><\/p><h3><span style=\"color: #073753\"><strong>Investigaci\u00f3n UBB releva la dimensi\u00f3n socioemocional del rol parental en escuela rural de \u00d1uble<\/strong><\/span><\/h3><p>Comprender c\u00f3mo el profesorado representa el rol que cumplen madres y padres en la educaci\u00f3n de ni\u00f1os y ni\u00f1as es el eje central del proyecto de investigaci\u00f3n denominado \u201cRol parental educativo, representaciones del profesorado de una escuela rural de Chile\u201d, liderado por el acad\u00e9mico del Departamento de Ciencias Sociales de la Universidad del B\u00edo-B\u00edo, Dr. H\u00e9ctor C\u00e1rcamo V\u00e1squez, y financiado por la Direcci\u00f3n de Investigaci\u00f3n y Creaci\u00f3n Art\u00edstica.<\/p><p><em>Ver m\u00e1s:\u00a0<\/em><a href=\"https:\/\/noticias.ubiobio.cl\/2025\/12\/30\/investigacion-ubb-releva-la-dimension-socioemocional-del-rol-parental-en-escuela-rural-de-nuble\/\" target=\"_blank\" rel=\"noopener\">https:\/\/noticias.ubiobio.cl\/2025\/12\/30\/investigacion-ubb-releva-la-dimension-socioemocional-del-rol-parental-en-escuela-rural-de-nuble\/<\/a><\/p><hr \/><p><img decoding=\"async\" src=\"https:\/\/flashissue.s3.us-east-1.amazonaws.com\/6rwuC3hdQ8eVAkJb2oCF_VlJJUF9Cb2xldGluIGJhc2VfZWRpdA==.jpg\" \/><\/p><h3><span style=\"color: #073753\"><strong>Editorial |\u00a0UBB, conocimiento p\u00fablico desde \u00d1uble y Biob\u00edo para el desarrollo del pa\u00eds<\/strong><\/span><\/h3><p><em>Ver m\u00e1s:\u00a0<\/em><a href=\"https:\/\/vrip.ubiobio.cl\/inicio\/informativos-vrip\/edicion-06-enero-2026\/\" target=\"_blank\" rel=\"noopener\">https:\/\/vrip.ubiobio.cl\/inicio\/informativos-vrip\/edicion-06-enero-2026\/<\/a><\/p><hr \/><p><img decoding=\"async\" src=\"https:\/\/flashissue.s3.us-east-1.amazonaws.com\/vGCRHqu5TAydAm2Ahi5g_VlJJUF9Cb2xldGluIGJhc2VfaW5mbw==.jpg\" \/><\/p><p><img decoding=\"async\" src=\"https:\/\/ci3.googleusercontent.com\/meips\/ADKq_Na9tNyGvy-6fHkk9Oi84aVaPhgRZ8y5zv81IirHw62fK-kl_eJ-vuX-ITfDfu608aETFb27_zG64Y066IEwHfAHaKXz5qwF4bogxoIefrop2eGw-i3-FYDdD98avtgiMP0=s0-d-e1-ft#https:\/\/flashissue.s3.us-east-1.amazonaws.com\/d3TD8Lz7TVuw20BWhNd5_MTA=.png\" \/><\/p><h3><span style=\"color: #073753\"><strong>VRIP UBB te invita\u00a0a la Charla y Taller de Comunicaci\u00f3n Cient\u00edfica\u00a0\u00a1A\u00fan est\u00e1s a tiempo para inscribirte!<\/strong><\/span><\/h3><p>La Vicerrector\u00eda de Investigaci\u00f3n y Postgrado, en el marco de la ejecuci\u00f3n del Fondo de publicaci\u00f3n de revistas cient\u00edficas (FP240007), invita cordialmente a toda la comunidad universitaria a participar en una jornada formativa dise\u00f1ada para fortalecer las habilidades de comunicaci\u00f3n cient\u00edfica. Esta iniciativa busca entregar herramientas pr\u00e1cticas para transformar resultados de investigaci\u00f3n en contenido visual claro, atractivo y f\u00e1cilmente difundible. La actividad contempla dos instancias complementarias: Charla introductoria: \u201cRol de la comunicaci\u00f3n visual para la comprensi\u00f3n y transferencia del conocimiento cient\u00edfico\u201d y Taller pr\u00e1ctico: \u201cDel Paper al Post: C\u00f3mo comunicar tu investigaci\u00f3n en RRSS\u201d.<\/p><p>Link de inscripci\u00f3n: <a href=\"https:\/\/reuna.zoom.us\/meeting\/register\/YsOsNA1NQJSMuEFtM83lZg\" target=\"_blank\" rel=\"noopener\">https:\/\/reuna.zoom.us\/meeting\/register\/YsOsNA1NQJSMuEFtM83lZg<\/a><\/p><hr \/><p><img decoding=\"async\" src=\"https:\/\/ci3.googleusercontent.com\/meips\/ADKq_Nale-GkoEvzuoyc3Gu92wEyLfFwTLfsaTDtP1ZzCjN1pLxBjLdLzHZwF1xIBjlCfWqjqlR5WZx-jhtP-MYt-oKo0r2wDf-Cpq1LIVxGiveKeX6EPlx2olK3S1Zg6WiltO0=s0-d-e1-ft#https:\/\/flashissue.s3.us-east-1.amazonaws.com\/DcYaSerZSEuUOgUUMXfl_OQ==.png\" \/><\/p><h3><span style=\"color: #073753\"><strong>El evento de divulgaci\u00f3n de ciencia y conocimiento m\u00e1s grande de latinoam\u00e9rica en todas las regiones del pa\u00eds<\/strong><\/span><\/h3><p>Congreso Futuro cumple 15 a\u00f1os. Entre el 12 y el 17 de enero, el encuentro reunir\u00e1 a m\u00e1s de 120 speakers nacionales e internacionales, junto a una extensa programaci\u00f3n de charlas, paneles, experiencias, actividades culturales y eventos paralelos que conectan la ciencia, la tecnolog\u00eda, las humanidades y los grandes desaf\u00edos de nuestro tiempo. Con actividades en todas las regiones del pa\u00eds y transmisi\u00f3n abierta, esta XV edici\u00f3n invita a reflexionar colectivamente sobre el presente y los futuros posibles. Un evento gratuito, abierto e imperdible.<\/p><p>M\u00e1s informaci\u00f3n:\u00a0<a href=\"https:\/\/congresofuturo.cl\/\" target=\"_blank\" rel=\"noopener\">https:\/\/congresofuturo.cl<\/a><\/p><hr \/><p><img decoding=\"async\" src=\"https:\/\/ci3.googleusercontent.com\/meips\/ADKq_NaFaJGOQgbPB4Hd1UM9IfLVu8an1XXnKs16vFni_mRUx1sql6FsGn3xVVR8_Vw9a2HxAkJJlHnTyjpjUn1BbuYHUgehg7wOwXfCjU-iIoyGtPb1L8FwTBDIPF_YEagyR7gn2kbdtMtIP64jRH339gAB8I8FAXtufnQ=s0-d-e1-ft#https:\/\/flashissue.s3.us-east-1.amazonaws.com\/h88CVWrlTqHgVO1FnCs1_VlJJUC1CYW5uZXItQ2Fwc3VsYS0y.jpg\" \/><\/p><h3><span style=\"color: #073753\"><strong>Ciclo formativo de Adquisiciones UBB |\u00a0C\u00e1psula 2: \u00bfC\u00f3mo es el proceso de compra en la UBB y cu\u00e1les son sus mecanismos?<\/strong><\/span><\/h3><p>Esta c\u00e1psula tiene por objetivo explicar de manera clara y did\u00e1ctica c\u00f3mo se desarrolla el proceso de compras en nuestra Universidad y cu\u00e1les son los mecanismos disponibles para realizar adquisiciones de forma correcta, eficiente y conforme a la normativa vigente.<\/p><p>Esta iniciativa es impulsada conjuntamente por la Vicerrector\u00eda de Asuntos Econ\u00f3micos y la Vicerrector\u00eda de Investigaci\u00f3n y Postgrado, con el prop\u00f3sito de fortalecer la gesti\u00f3n institucional y agilizar los procesos internos.<\/p><p>Rev\u00edsala aqu\u00ed: <a href=\"https:\/\/www.youtube.com\/watch?v=uCNXdRpFNZ4\" target=\"_blank\" rel=\"noopener\">https:\/\/www.youtube.com\/watch?v=uCNXdRpFNZ4<\/a><\/p><hr \/><p><img decoding=\"async\" src=\"https:\/\/ci3.googleusercontent.com\/meips\/ADKq_NY4MQDDmhm20bcTrNf-CKEzyahdLGR7rVCuupaxuyi6QBASk8iZFVusPJ4XnlyqFAPdSHoAc_NtQe3hYjbROQerHOgPj_PF1YE1_IjBkQlklJL250acVG9LvzsU0eoxYqQhcb9qEMJ74g=s0-d-e1-ft#https:\/\/flashissue.s3.us-east-1.amazonaws.com\/6QrA2tEXRLWsuCcTaXC6_dW5uYW1lZA==.jpg\" \/><\/p><h3><span style=\"color: #073753\"><strong>\u00a1S\u00e9 parte de VINCULA!<\/strong><\/span><\/h3><p>S\u00famate a esta iniciativa registr\u00e1ndote, completando\u00a0y activando\u00a0tu perfil usando el buscador de proyectos de ley y activando la opci\u00f3n de seguimiento de proyectos de ley. Adem\u00e1s, puedes usar la herramienta de registro de aportes para contribuir con conocimiento escrito al debate legislativo.<\/p><p>Comparte este enlace de registro a tus colegas\u00a0<a href=\"https:\/\/app.vincula.cl\/scholar\/home\" target=\"_blank\" rel=\"noopener\">https:\/\/app.vincula.cl\/scholar\/home<\/a>\u00a0y p\u00eddeles que\u00a0se registren usando su mail institucional.<\/p><hr \/><p><img decoding=\"async\" src=\"https:\/\/flashissue.s3.us-east-1.amazonaws.com\/B93FDcYPTMGRLI3DIkzo_UG9zdGdyYWRvIDIwMjVfUHJvZ3JhbWFz.jpg\" \/><\/p><h3><span style=\"color: #073753\"><strong>Programas de Postgrados UBB disponibles<\/strong><\/span><\/h3><p><em>\u00a0 M\u00e1s informaci\u00f3n:<\/em><a href=\"https:\/\/postgrados.ubiobio.cl\/\" target=\"_blank\" rel=\"noopener\">\u00a0https:\/\/postgrados.ubiobio.cl\/<\/a><\/p><hr \/><table align=\"center\"><tbody><tr><td id=\"m_8467858756250299110m_4658873428329236187m_-7901358079350462190gmail-twitter-social-link\"><a href=\"https:\/\/www.twitter.com\/FlashIssue\" target=\"_blank\" rel=\"noopener\"><img decoding=\"async\" class=\"CToWUd alignright\" src=\"https:\/\/app.flashissue.com\/images\/social-icons\/round\/twitter\/grey\/twitter48.png\" \/><\/a><\/td><td id=\"m_8467858756250299110m_4658873428329236187m_-7901358079350462190gmail-youtube-social-link\"><a href=\"https:\/\/www.youtube.com\/channel\/UCf7o8yHRJ7Y_QQLxwu1KQgA\" target=\"_blank\" rel=\"noopener\"><img decoding=\"async\" class=\"CToWUd aligncenter\" src=\"https:\/\/app.flashissue.com\/images\/social-icons\/round\/youtube\/grey\/youtube48.png\" \/><\/a><\/td><td id=\"m_8467858756250299110m_4658873428329236187m_-7901358079350462190gmail-instagram-social-link\"><a href=\"https:\/\/www.instagram.com\/vrip_ubb\" target=\"_blank\" rel=\"noopener\"><img decoding=\"async\" class=\"CToWUd alignleft\" src=\"https:\/\/app.flashissue.com\/images\/social-icons\/round\/instagram\/grey\/instagram48.png\" \/><\/a><\/td><\/tr><\/tbody><\/table><p><img decoding=\"async\" src=\"https:\/\/flashissue.s3.us-east-1.amazonaws.com\/wn9DyI72QZaEm43a79u8_VlJJUF9Cb2xldGluIGJhc2VfcGllIHBhZw==.jpg\" \/><\/p><p style=\"text-align: center\">Vicerrector\u00eda de Investigaci\u00f3n y Postgrado &#8211; Universidad del B\u00edo-B\u00edo<br \/><span style=\"background-color: transparent\">Todos los derechos reservados.<br \/><\/span><span style=\"background-color: transparent\">Av. Collao 1202, Concepci\u00f3n \/ Av. Andr\u00e9s Bello s\/n, Chill\u00e1n<br \/><\/span><span style=\"background-color: transparent\">Comentarios a:\u00a0<\/span><strong style=\"background-color: transparent\"><a href=\"mailto:vripcomunicaciones@ubiobio.cl?subject=Comentario%20newsletter\" target=\"_blank\" rel=\"noopener\">vripcomunicaciones@ubiobio.cl<\/a><\/strong><\/p><p style=\"text-align: center\">\u00a0<\/p>                    <\/div>\n\t\t                    <\/div>\n        <\/div>\n\t\t\t\t<\/div>\n\t\t\t\t<\/div>\n\t\t\t\t\t<\/div>\n\t\t<\/div>\n\t\t\t\t\t<\/div>\n\t\t<\/section>\n\t\t\t\t<\/div>\n\t\t","protected":false},"excerpt":{"rendered":"<p>Edici\u00f3n 06 Enero 2026 Leer Editorial Leer Bolet\u00edn UBB, conocimiento p\u00fablico desde \u00d1uble y Biob\u00edo para el desarrollo del pa\u00eds La investigaci\u00f3n cient\u00edfica en la Universidad del B\u00edo-B\u00edo es parte esencial de su identidad p\u00fablica y de su compromiso hist\u00f3rico con las regiones de \u00d1uble y Biob\u00edo. Desde sus or\u00edgenes, la UBB ha entendido el&#8230;<\/p>\n","protected":false},"author":1,"featured_media":0,"parent":41711,"menu_order":0,"comment_status":"closed","ping_status":"closed","template":"","meta":{"_kadence_starter_templates_imported_post":false,"_kad_post_transparent":"default","_kad_post_title":"hide","_kad_post_layout":"fullwidth","_kad_post_sidebar_id":"","_kad_post_content_style":"unboxed","_kad_post_vertical_padding":"hide","_kad_post_feature":"hide","_kad_post_feature_position":"","_kad_post_header":false,"_kad_post_footer":false,"footnotes":""},"class_list":["post-52832","page","type-page","status-publish","hentry"],"yoast_head":"<!-- This site is optimized with the Yoast SEO plugin v27.5 - https:\/\/yoast.com\/product\/yoast-seo-wordpress\/ -->\n<title>Informativo VRIP 06 Enero 2026 - VRIP<\/title>\n<meta name=\"robots\" content=\"index, follow, max-snippet:-1, max-image-preview:large, max-video-preview:-1\" \/>\n<link rel=\"canonical\" href=\"https:\/\/vrip.ubiobio.cl\/inicio\/informativos-vrip\/edicion-06-enero-2026\/\" \/>\n<meta property=\"og:locale\" content=\"es_ES\" \/>\n<meta property=\"og:type\" content=\"article\" \/>\n<meta property=\"og:title\" content=\"Informativo VRIP 06 Enero 2026 - VRIP\" \/>\n<meta property=\"og:description\" content=\"Edici\u00f3n 06 Enero 2026 Leer Editorial Leer Bolet\u00edn UBB, conocimiento p\u00fablico desde \u00d1uble y Biob\u00edo para el desarrollo del pa\u00eds La investigaci\u00f3n cient\u00edfica en la Universidad del B\u00edo-B\u00edo es parte esencial de su identidad p\u00fablica y de su compromiso hist\u00f3rico con las regiones de \u00d1uble y Biob\u00edo. Desde sus or\u00edgenes, la UBB ha entendido el...\" \/>\n<meta property=\"og:url\" content=\"https:\/\/vrip.ubiobio.cl\/inicio\/informativos-vrip\/edicion-06-enero-2026\/\" \/>\n<meta property=\"og:site_name\" content=\"VRIP\" \/>\n<meta property=\"article:modified_time\" content=\"2026-01-06T17:55:46+00:00\" \/>\n<meta property=\"og:image\" content=\"https:\/\/flashissue.s3.us-east-1.amazonaws.com\/zr1y47bcRTuozanm0ZZ7_VlJJUF9Cb2xldGluIGJhc2VfZWRpdA==.jpg\" \/>\n<meta name=\"twitter:card\" content=\"summary_large_image\" \/>\n<meta name=\"twitter:site\" content=\"@vripubb\" \/>\n<meta name=\"twitter:label1\" content=\"Tiempo de lectura\" \/>\n\t<meta name=\"twitter:data1\" content=\"9 minutos\" \/>\n<script type=\"application\/ld+json\" class=\"yoast-schema-graph\">{\"@context\":\"https:\\\/\\\/schema.org\",\"@graph\":[{\"@type\":\"WebPage\",\"@id\":\"https:\\\/\\\/vrip.ubiobio.cl\\\/inicio\\\/informativos-vrip\\\/edicion-06-enero-2026\\\/\",\"url\":\"https:\\\/\\\/vrip.ubiobio.cl\\\/inicio\\\/informativos-vrip\\\/edicion-06-enero-2026\\\/\",\"name\":\"Informativo VRIP 06 Enero 2026 - VRIP\",\"isPartOf\":{\"@id\":\"https:\\\/\\\/vrip.ubiobio.cl\\\/inicio\\\/#website\"},\"primaryImageOfPage\":{\"@id\":\"https:\\\/\\\/vrip.ubiobio.cl\\\/inicio\\\/informativos-vrip\\\/edicion-06-enero-2026\\\/#primaryimage\"},\"image\":{\"@id\":\"https:\\\/\\\/vrip.ubiobio.cl\\\/inicio\\\/informativos-vrip\\\/edicion-06-enero-2026\\\/#primaryimage\"},\"thumbnailUrl\":\"https:\\\/\\\/flashissue.s3.us-east-1.amazonaws.com\\\/zr1y47bcRTuozanm0ZZ7_VlJJUF9Cb2xldGluIGJhc2VfZWRpdA==.jpg\",\"datePublished\":\"2026-01-05T15:02:58+00:00\",\"dateModified\":\"2026-01-06T17:55:46+00:00\",\"breadcrumb\":{\"@id\":\"https:\\\/\\\/vrip.ubiobio.cl\\\/inicio\\\/informativos-vrip\\\/edicion-06-enero-2026\\\/#breadcrumb\"},\"inLanguage\":\"es\",\"potentialAction\":[{\"@type\":\"ReadAction\",\"target\":[\"https:\\\/\\\/vrip.ubiobio.cl\\\/inicio\\\/informativos-vrip\\\/edicion-06-enero-2026\\\/\"]}]},{\"@type\":\"ImageObject\",\"inLanguage\":\"es\",\"@id\":\"https:\\\/\\\/vrip.ubiobio.cl\\\/inicio\\\/informativos-vrip\\\/edicion-06-enero-2026\\\/#primaryimage\",\"url\":\"https:\\\/\\\/flashissue.s3.us-east-1.amazonaws.com\\\/zr1y47bcRTuozanm0ZZ7_VlJJUF9Cb2xldGluIGJhc2VfZWRpdA==.jpg\",\"contentUrl\":\"https:\\\/\\\/flashissue.s3.us-east-1.amazonaws.com\\\/zr1y47bcRTuozanm0ZZ7_VlJJUF9Cb2xldGluIGJhc2VfZWRpdA==.jpg\"},{\"@type\":\"BreadcrumbList\",\"@id\":\"https:\\\/\\\/vrip.ubiobio.cl\\\/inicio\\\/informativos-vrip\\\/edicion-06-enero-2026\\\/#breadcrumb\",\"itemListElement\":[{\"@type\":\"ListItem\",\"position\":1,\"name\":\"Portada\",\"item\":\"https:\\\/\\\/vrip.ubiobio.cl\\\/inicio\\\/\"},{\"@type\":\"ListItem\",\"position\":2,\"name\":\"Informativos VRIP\",\"item\":\"https:\\\/\\\/vrip.ubiobio.cl\\\/inicio\\\/informativos-vrip\\\/\"},{\"@type\":\"ListItem\",\"position\":3,\"name\":\"Informativo VRIP 06 Enero 2026\"}]},{\"@type\":\"WebSite\",\"@id\":\"https:\\\/\\\/vrip.ubiobio.cl\\\/inicio\\\/#website\",\"url\":\"https:\\\/\\\/vrip.ubiobio.cl\\\/inicio\\\/\",\"name\":\"VRIP\",\"description\":\"Vicerrector\u00eda de Investigaci\u00f3n y Postgrado\",\"publisher\":{\"@id\":\"https:\\\/\\\/vrip.ubiobio.cl\\\/inicio\\\/#organization\"},\"potentialAction\":[{\"@type\":\"SearchAction\",\"target\":{\"@type\":\"EntryPoint\",\"urlTemplate\":\"https:\\\/\\\/vrip.ubiobio.cl\\\/inicio\\\/?s={search_term_string}\"},\"query-input\":{\"@type\":\"PropertyValueSpecification\",\"valueRequired\":true,\"valueName\":\"search_term_string\"}}],\"inLanguage\":\"es\"},{\"@type\":\"Organization\",\"@id\":\"https:\\\/\\\/vrip.ubiobio.cl\\\/inicio\\\/#organization\",\"name\":\"VRIP\",\"url\":\"https:\\\/\\\/vrip.ubiobio.cl\\\/inicio\\\/\",\"logo\":{\"@type\":\"ImageObject\",\"inLanguage\":\"es\",\"@id\":\"https:\\\/\\\/vrip.ubiobio.cl\\\/inicio\\\/#\\\/schema\\\/logo\\\/image\\\/\",\"url\":\"https:\\\/\\\/vrip.ubiobio.cl\\\/wp-content\\\/uploads\\\/2022\\\/10\\\/logo-vrip_Mesa-de-trabajo-1.png\",\"contentUrl\":\"https:\\\/\\\/vrip.ubiobio.cl\\\/wp-content\\\/uploads\\\/2022\\\/10\\\/logo-vrip_Mesa-de-trabajo-1.png\",\"width\":642,\"height\":178,\"caption\":\"VRIP\"},\"image\":{\"@id\":\"https:\\\/\\\/vrip.ubiobio.cl\\\/inicio\\\/#\\\/schema\\\/logo\\\/image\\\/\"},\"sameAs\":[\"https:\\\/\\\/x.com\\\/vripubb\",\"https:\\\/\\\/www.instagram.com\\\/vrip_ubb\\\/\",\"https:\\\/\\\/www.youtube.com\\\/channel\\\/UCf7o8yHRJ7Y_QQLxwu1KQgA\",\"https:\\\/\\\/www.linkedin.com\\\/company\\\/96035097\\\/admin\\\/dashboard\\\/\"]}]}<\/script>\n<!-- \/ Yoast SEO plugin. -->","yoast_head_json":{"title":"Informativo VRIP 06 Enero 2026 - VRIP","robots":{"index":"index","follow":"follow","max-snippet":"max-snippet:-1","max-image-preview":"max-image-preview:large","max-video-preview":"max-video-preview:-1"},"canonical":"https:\/\/vrip.ubiobio.cl\/inicio\/informativos-vrip\/edicion-06-enero-2026\/","og_locale":"es_ES","og_type":"article","og_title":"Informativo VRIP 06 Enero 2026 - VRIP","og_description":"Edici\u00f3n 06 Enero 2026 Leer Editorial Leer Bolet\u00edn UBB, conocimiento p\u00fablico desde \u00d1uble y Biob\u00edo para el desarrollo del pa\u00eds La investigaci\u00f3n cient\u00edfica en la Universidad del B\u00edo-B\u00edo es parte esencial de su identidad p\u00fablica y de su compromiso hist\u00f3rico con las regiones de \u00d1uble y Biob\u00edo. Desde sus or\u00edgenes, la UBB ha entendido el...","og_url":"https:\/\/vrip.ubiobio.cl\/inicio\/informativos-vrip\/edicion-06-enero-2026\/","og_site_name":"VRIP","article_modified_time":"2026-01-06T17:55:46+00:00","og_image":[{"url":"https:\/\/flashissue.s3.us-east-1.amazonaws.com\/zr1y47bcRTuozanm0ZZ7_VlJJUF9Cb2xldGluIGJhc2VfZWRpdA==.jpg","type":"","width":"","height":""}],"twitter_card":"summary_large_image","twitter_site":"@vripubb","twitter_misc":{"Tiempo de lectura":"9 minutos"},"schema":{"@context":"https:\/\/schema.org","@graph":[{"@type":"WebPage","@id":"https:\/\/vrip.ubiobio.cl\/inicio\/informativos-vrip\/edicion-06-enero-2026\/","url":"https:\/\/vrip.ubiobio.cl\/inicio\/informativos-vrip\/edicion-06-enero-2026\/","name":"Informativo VRIP 06 Enero 2026 - VRIP","isPartOf":{"@id":"https:\/\/vrip.ubiobio.cl\/inicio\/#website"},"primaryImageOfPage":{"@id":"https:\/\/vrip.ubiobio.cl\/inicio\/informativos-vrip\/edicion-06-enero-2026\/#primaryimage"},"image":{"@id":"https:\/\/vrip.ubiobio.cl\/inicio\/informativos-vrip\/edicion-06-enero-2026\/#primaryimage"},"thumbnailUrl":"https:\/\/flashissue.s3.us-east-1.amazonaws.com\/zr1y47bcRTuozanm0ZZ7_VlJJUF9Cb2xldGluIGJhc2VfZWRpdA==.jpg","datePublished":"2026-01-05T15:02:58+00:00","dateModified":"2026-01-06T17:55:46+00:00","breadcrumb":{"@id":"https:\/\/vrip.ubiobio.cl\/inicio\/informativos-vrip\/edicion-06-enero-2026\/#breadcrumb"},"inLanguage":"es","potentialAction":[{"@type":"ReadAction","target":["https:\/\/vrip.ubiobio.cl\/inicio\/informativos-vrip\/edicion-06-enero-2026\/"]}]},{"@type":"ImageObject","inLanguage":"es","@id":"https:\/\/vrip.ubiobio.cl\/inicio\/informativos-vrip\/edicion-06-enero-2026\/#primaryimage","url":"https:\/\/flashissue.s3.us-east-1.amazonaws.com\/zr1y47bcRTuozanm0ZZ7_VlJJUF9Cb2xldGluIGJhc2VfZWRpdA==.jpg","contentUrl":"https:\/\/flashissue.s3.us-east-1.amazonaws.com\/zr1y47bcRTuozanm0ZZ7_VlJJUF9Cb2xldGluIGJhc2VfZWRpdA==.jpg"},{"@type":"BreadcrumbList","@id":"https:\/\/vrip.ubiobio.cl\/inicio\/informativos-vrip\/edicion-06-enero-2026\/#breadcrumb","itemListElement":[{"@type":"ListItem","position":1,"name":"Portada","item":"https:\/\/vrip.ubiobio.cl\/inicio\/"},{"@type":"ListItem","position":2,"name":"Informativos VRIP","item":"https:\/\/vrip.ubiobio.cl\/inicio\/informativos-vrip\/"},{"@type":"ListItem","position":3,"name":"Informativo VRIP 06 Enero 2026"}]},{"@type":"WebSite","@id":"https:\/\/vrip.ubiobio.cl\/inicio\/#website","url":"https:\/\/vrip.ubiobio.cl\/inicio\/","name":"VRIP","description":"Vicerrector\u00eda de Investigaci\u00f3n y Postgrado","publisher":{"@id":"https:\/\/vrip.ubiobio.cl\/inicio\/#organization"},"potentialAction":[{"@type":"SearchAction","target":{"@type":"EntryPoint","urlTemplate":"https:\/\/vrip.ubiobio.cl\/inicio\/?s={search_term_string}"},"query-input":{"@type":"PropertyValueSpecification","valueRequired":true,"valueName":"search_term_string"}}],"inLanguage":"es"},{"@type":"Organization","@id":"https:\/\/vrip.ubiobio.cl\/inicio\/#organization","name":"VRIP","url":"https:\/\/vrip.ubiobio.cl\/inicio\/","logo":{"@type":"ImageObject","inLanguage":"es","@id":"https:\/\/vrip.ubiobio.cl\/inicio\/#\/schema\/logo\/image\/","url":"https:\/\/vrip.ubiobio.cl\/wp-content\/uploads\/2022\/10\/logo-vrip_Mesa-de-trabajo-1.png","contentUrl":"https:\/\/vrip.ubiobio.cl\/wp-content\/uploads\/2022\/10\/logo-vrip_Mesa-de-trabajo-1.png","width":642,"height":178,"caption":"VRIP"},"image":{"@id":"https:\/\/vrip.ubiobio.cl\/inicio\/#\/schema\/logo\/image\/"},"sameAs":["https:\/\/x.com\/vripubb","https:\/\/www.instagram.com\/vrip_ubb\/","https:\/\/www.youtube.com\/channel\/UCf7o8yHRJ7Y_QQLxwu1KQgA","https:\/\/www.linkedin.com\/company\/96035097\/admin\/dashboard\/"]}]}},"_links":{"self":[{"href":"https:\/\/vrip.ubiobio.cl\/inicio\/wp-json\/wp\/v2\/pages\/52832","targetHints":{"allow":["GET"]}}],"collection":[{"href":"https:\/\/vrip.ubiobio.cl\/inicio\/wp-json\/wp\/v2\/pages"}],"about":[{"href":"https:\/\/vrip.ubiobio.cl\/inicio\/wp-json\/wp\/v2\/types\/page"}],"author":[{"embeddable":true,"href":"https:\/\/vrip.ubiobio.cl\/inicio\/wp-json\/wp\/v2\/users\/1"}],"replies":[{"embeddable":true,"href":"https:\/\/vrip.ubiobio.cl\/inicio\/wp-json\/wp\/v2\/comments?post=52832"}],"version-history":[{"count":13,"href":"https:\/\/vrip.ubiobio.cl\/inicio\/wp-json\/wp\/v2\/pages\/52832\/revisions"}],"predecessor-version":[{"id":52879,"href":"https:\/\/vrip.ubiobio.cl\/inicio\/wp-json\/wp\/v2\/pages\/52832\/revisions\/52879"}],"up":[{"embeddable":true,"href":"https:\/\/vrip.ubiobio.cl\/inicio\/wp-json\/wp\/v2\/pages\/41711"}],"wp:attachment":[{"href":"https:\/\/vrip.ubiobio.cl\/inicio\/wp-json\/wp\/v2\/media?parent=52832"}],"curies":[{"name":"wp","href":"https:\/\/api.w.org\/{rel}","templated":true}]}}