{"id":52064,"date":"2025-10-27T13:16:08","date_gmt":"2025-10-27T13:16:08","guid":{"rendered":"https:\/\/vrip.ubiobio.cl\/inicio\/?page_id=52064"},"modified":"2025-10-27T15:35:42","modified_gmt":"2025-10-27T15:35:42","slug":"edicion-27-octubre-2025","status":"publish","type":"page","link":"https:\/\/vrip.ubiobio.cl\/inicio\/informativos-vrip\/edicion-27-octubre-2025\/","title":{"rendered":"Informativo VRIP 27 Octubre 2025"},"content":{"rendered":"\t\t<div data-elementor-type=\"wp-page\" data-elementor-id=\"52064\" class=\"elementor elementor-52064\" data-elementor-settings=\"{&quot;ha_cmc_init_switcher&quot;:&quot;no&quot;}\">\n\t\t\t\t\t\t<section class=\"elementor-section elementor-top-section elementor-element elementor-element-f37001d elementor-section-height-min-height elementor-section-boxed elementor-section-height-default elementor-section-items-middle\" data-id=\"f37001d\" data-element_type=\"section\" data-e-type=\"section\" data-settings=\"{&quot;background_background&quot;:&quot;classic&quot;,&quot;_ha_eqh_enable&quot;:false}\">\n\t\t\t\t\t\t<div class=\"elementor-container elementor-column-gap-default\">\n\t\t\t\t\t<div class=\"elementor-column elementor-col-100 elementor-top-column elementor-element elementor-element-34864aa elementor-invisible\" data-id=\"34864aa\" data-element_type=\"column\" data-e-type=\"column\" data-settings=\"{&quot;animation&quot;:&quot;slideInDown&quot;}\">\n\t\t\t<div class=\"elementor-widget-wrap elementor-element-populated\">\n\t\t\t\t\t\t<div class=\"elementor-element elementor-element-98500eb elementor-widget elementor-widget-heading\" data-id=\"98500eb\" data-element_type=\"widget\" data-e-type=\"widget\" data-widget_type=\"heading.default\">\n\t\t\t\t<div class=\"elementor-widget-container\">\n\t\t\t\t\t<h3 class=\"elementor-heading-title elementor-size-xl\">Edici\u00f3n 27 Octubre 2025<\/h3>\t\t\t\t<\/div>\n\t\t\t\t<\/div>\n\t\t\t\t\t<\/div>\n\t\t<\/div>\n\t\t\t\t\t<\/div>\n\t\t<\/section>\n\t\t\t\t<section class=\"elementor-section elementor-top-section elementor-element elementor-element-9e6f6cd elementor-section-boxed elementor-section-height-default elementor-section-height-default\" data-id=\"9e6f6cd\" data-element_type=\"section\" data-e-type=\"section\" data-settings=\"{&quot;_ha_eqh_enable&quot;:false}\">\n\t\t\t\t\t\t<div class=\"elementor-container elementor-column-gap-default\">\n\t\t\t\t\t<div class=\"elementor-column elementor-col-100 elementor-top-column elementor-element elementor-element-7a0d97e\" data-id=\"7a0d97e\" data-element_type=\"column\" data-e-type=\"column\">\n\t\t\t<div class=\"elementor-widget-wrap elementor-element-populated\">\n\t\t\t\t\t\t<div class=\"elementor-element elementor-element-4fa6cef elementor-widget elementor-widget-eael-adv-tabs\" data-id=\"4fa6cef\" data-element_type=\"widget\" data-e-type=\"widget\" data-widget_type=\"eael-adv-tabs.default\">\n\t\t\t\t<div class=\"elementor-widget-container\">\n\t\t\t\t\t        <div data-scroll-on-click=\"no\" data-scroll-speed=\"300\" id=\"eael-advance-tabs-4fa6cef\" class=\"eael-advance-tabs eael-tabs-horizontal eael-tab-auto-active \" data-tabid=\"4fa6cef\">\n            <div class=\"eael-tabs-nav \">\n                <ul class=\"eael-tab-inline-icon\" role=\"tablist\">\n                                            <li id=\"leer-editorial\" class=\"active-default eael-tab-item-trigger eael-tab-nav-item\" aria-selected=\"true\" data-tab=\"1\" role=\"tab\" tabindex=\"0\" aria-controls=\"leer-editorial-tab\" aria-expanded=\"false\">\n                            \n                                                                <i class=\"fas fa-scroll\"><\/i>                                                            \n                                                            <span class=\"eael-tab-title title-after-icon\" >Leer Editorial<\/span>                            \n                                                    <\/li>\n                                            <li id=\"leer-boletn\" class=\"inactive eael-tab-item-trigger eael-tab-nav-item\" aria-selected=\"false\" data-tab=\"2\" role=\"tab\" tabindex=\"-1\" aria-controls=\"leer-boletn-tab\" aria-expanded=\"false\">\n                            \n                                                                <i class=\"far fa-newspaper\"><\/i>                                                            \n                                                            <span class=\"eael-tab-title title-after-icon\" >Leer Bolet\u00edn<\/span>                            \n                                                    <\/li>\n                    \n                                  <\/ul>\n            <\/div>\n            \n            <div class=\"eael-tabs-content\">\n\t\t        \n                    <div id=\"leer-editorial-tab\" class=\"clearfix eael-tab-content-item active-default\" data-title-link=\"leer-editorial-tab\">\n\t\t\t\t        <p><img decoding=\"async\" src=\"https:\/\/flashissue.s3.us-east-1.amazonaws.com\/zr1y47bcRTuozanm0ZZ7_VlJJUF9Cb2xldGluIGJhc2VfZWRpdA==.jpg\" \/><\/p><h3><span style=\"color: #083854\"><strong>Revistas cient\u00edficas: pilar del desarrollo acad\u00e9mico y social en la Universidad del B\u00edo-B\u00edo<\/strong><\/span><\/h3><p>En la Universidad del B\u00edo-B\u00edo entendemos que la generaci\u00f3n de conocimiento no alcanza su plena dimensi\u00f3n si no se comparte, debate y somete al escrutinio de la comunidad acad\u00e9mica y de la sociedad. En ese prop\u00f3sito, las revistas cient\u00edficas constituyen un eje fundamental de nuestro quehacer universitario.<\/p><p>Cada publicaci\u00f3n es fruto del compromiso con la rigurosidad, la calidad y la pertinencia, valores que orientan la investigaci\u00f3n que se desarrolla en nuestras aulas y laboratorios. A trav\u00e9s de las revistas, se difunden hallazgos que trascienden las fronteras disciplinarias y geogr\u00e1ficas, convirti\u00e9ndose en un puente entre el trabajo acad\u00e9mico y las demandas sociales, productivas y culturales del pa\u00eds y del mundo.<\/p><p>En un contexto donde los desaf\u00edos globales exigen respuestas interdisciplinarias y basadas en evidencia, las revistas de la Universidad del B\u00edo-B\u00edo se consolidan como espacios de encuentro y di\u00e1logo entre investigadores, estudiantes y profesionales. Adem\u00e1s, fortalecen la proyecci\u00f3n internacional de nuestra instituci\u00f3n, al tiempo que contribuyen a visibilizar el conocimiento generado en las regiones del Biob\u00edo y \u00d1uble.<\/p><p>Publicar y sostener revistas cient\u00edficas no solo responde a un compromiso con la excelencia universitaria, sino tambi\u00e9n con la democratizaci\u00f3n del saber. Por ello, el trabajo editorial que se desarrolla en la UBB es parte de nuestra responsabilidad social universitaria: aportar a una sociedad mejor informada, cr\u00edtica e innovadora.<\/p><p><strong>VRIP Comunicaciones<\/strong><\/p><table align=\"center\"><tbody><tr><td id=\"m_8467858756250299110m_4658873428329236187m_-7901358079350462190gmail-twitter-social-link\"><a href=\"https:\/\/www.twitter.com\/FlashIssue\" target=\"_blank\" rel=\"noopener\"><img decoding=\"async\" class=\"CToWUd alignright\" src=\"https:\/\/app.flashissue.com\/images\/social-icons\/round\/twitter\/grey\/twitter48.png\" \/><\/a><\/td><td>\u00a0<\/td><td id=\"m_8467858756250299110m_4658873428329236187m_-7901358079350462190gmail-youtube-social-link\"><a href=\"https:\/\/www.youtube.com\/channel\/UCf7o8yHRJ7Y_QQLxwu1KQgA\" target=\"_blank\" rel=\"noopener\"><img decoding=\"async\" class=\"CToWUd aligncenter\" src=\"https:\/\/app.flashissue.com\/images\/social-icons\/round\/youtube\/grey\/youtube48.png\" \/><\/a><\/td><td>\u00a0<\/td><td id=\"m_8467858756250299110m_4658873428329236187m_-7901358079350462190gmail-instagram-social-link\"><a href=\"https:\/\/www.instagram.com\/vrip_ubb\" target=\"_blank\" rel=\"noopener\"><img decoding=\"async\" class=\"CToWUd alignleft\" src=\"https:\/\/app.flashissue.com\/images\/social-icons\/round\/instagram\/grey\/instagram48.png\" \/><\/a><\/td><\/tr><\/tbody><\/table><p><a href=\"https:\/\/vrip.ubiobio.cl\/informativos-vrip\/\" target=\"_blank\" rel=\"noopener\"><img fetchpriority=\"high\" decoding=\"async\" class=\"aligncenter\" src=\"https:\/\/flashissue.s3.us-east-1.amazonaws.com\/wn9DyI72QZaEm43a79u8_VlJJUF9Cb2xldGluIGJhc2VfcGllIHBhZw==.jpg\" width=\"616\" height=\"121\" \/><\/a><\/p><p style=\"text-align: center\">Vicerrector\u00eda de Investigaci\u00f3n y Postgrado &#8211; Universidad del B\u00edo-B\u00edo<br \/><span style=\"background-color: transparent\">Todos los derechos reservados.<br \/><\/span><span style=\"background-color: transparent\">Av. Collao 1202, Concepci\u00f3n \/ Av. Andr\u00e9s Bello s\/n, Chill\u00e1n<br \/><\/span><span style=\"background-color: transparent\">Comentarios a:\u00a0<\/span><strong style=\"background-color: transparent\"><a href=\"mailto:vripcomunicaciones@ubiobio.cl?subject=Comentario%20newsletter\" target=\"_blank\" rel=\"noopener\">vripcomunicaciones@ubiobio.cl<\/a><\/strong><\/p>                    <\/div>\n\t\t        \n                    <div id=\"leer-boletn-tab\" class=\"clearfix eael-tab-content-item inactive\" data-title-link=\"leer-boletn-tab\">\n\t\t\t\t        <p><img decoding=\"async\" src=\"https:\/\/flashissue.s3.us-east-1.amazonaws.com\/gGIsEHrdSs2FD5KEhSxm_VlJJUF9Cb2xldGluIGJhc2VfZW5jYWJlemFkbw==.jpg\" \/><\/p><h3><img decoding=\"async\" src=\"https:\/\/flashissue.s3.us-east-1.amazonaws.com\/VCXAyXt3QkW904LDkrmc_VlJJUF9CYW5uZXIgSW5mb3JtYXRpdm8=.png\" \/><\/h3><h3><span style=\"color: #073753\"><strong>Universidad del B\u00edo-B\u00edo fue sede de la 154\u00aa Asamblea Plenaria del Comit\u00e9 Oceanogr\u00e1fico Nacional (CONA)<\/strong><\/span><\/h3><p>El edificio de Innovaci\u00f3n de la Universidad del B\u00edo-B\u00edo fue escenario de la 154\u00aa Asamblea Plenaria del Comit\u00e9 Oceanogr\u00e1fico Nacional (CONA), encuentro que reuni\u00f3 a representantes de instituciones vinculadas a la investigaci\u00f3n marina del pa\u00eds, los d\u00edas jueves 23 y viernes 24 de octubre \u00a0y cont\u00f3 con los saludos institucionales del Rector de la UBB, Dr. Benito Uma\u00f1a, y del presidente del CONA y director del Servicio Hidrogr\u00e1fico y Oceanogr\u00e1fico de la Armada (SHOA), Capit\u00e1n de Nav\u00edo Carlos Z\u00fa\u00f1iga Araya.<\/p><p><em>Ver m\u00e1s:\u00a0\u00a0<\/em><a href=\"https:\/\/vrip.ubiobio.cl\/inicio\/noticias\/universidad-del-bio-bio-fue-sede-de-la-154a-asamblea-plenaria-del-comite-oceanografico-nacional-cona\/\" target=\"_blank\" rel=\"noopener\">https:\/\/vrip.ubiobio.cl\/inicio\/noticias\/universidad-del-bio-bio-fue-sede-de-la-154a-asamblea-plenaria-del-comite-oceanografico-nacional-cona\/<\/a><\/p><hr \/><p><img decoding=\"async\" src=\"https:\/\/flashissue.s3.us-east-1.amazonaws.com\/Cx89glx9SG6GtKBCaYch_Mw==.png\" \/><\/p><h3><span style=\"color: #073753\"><strong>Nuevos graduados del Programa en Consorcio del Doctorado en Educaci\u00f3n que agrupa a las universidades UCM, UCSC, UCT y UBB<\/strong><\/span><\/h3><p>En una solemne ceremonia realizada, este viernes 24 de octubre, en el Aula Magna del Campus Fernando May de la Universidad del B\u00edo-B\u00edo, se llev\u00f3 a cabo la graduaci\u00f3n del Programa de Doctorado en Educaci\u00f3n en Consorcio, iniciativa conjunta entre la Universidad Cat\u00f3lica del Maule (UCM), Universidad Cat\u00f3lica de la Sant\u00edsima Concepci\u00f3n (UCSC), Universidad Cat\u00f3lica de Temuco (UCT) y la Universidad del B\u00edo-B\u00edo (UBB), instituci\u00f3n que ejerce actualmente la Custodia Protempore del programa.<\/p><p><em>Ver m\u00e1s:\u00a0<\/em><a href=\"https:\/\/vrip.ubiobio.cl\/inicio\/noticias\/once-nuevos-graduados-del-programa-en-consorcio-del-doctorado-en-educacion-que-agrupa-a-las-universidades-ucm-ucsc-uct-y-ubb\/\" target=\"_blank\" rel=\"noopener\">https:\/\/vrip.ubiobio.cl\/inicio\/noticias\/once-nuevos-graduados-del-programa-en-consorcio-del-doctorado-en-educacion-que-agrupa-a-las-universidades-ucm-ucsc-uct-y-ubb\/<\/a><\/p><hr \/><p><img decoding=\"async\" src=\"https:\/\/flashissue.s3.us-east-1.amazonaws.com\/SaTcAceCRiGcxcIvgCik_OA==.png\" \/><\/p><h3><span style=\"color: #073753\"><strong>CETI-UBB presenta Policy Brief para impulsar pol\u00edticas alimentarias locales junto a municipios del Gran Concepci\u00f3n<\/strong><\/span><\/h3><p>Con el prop\u00f3sito de fortalecer la planificaci\u00f3n alimentaria a escala comunal y promover sistemas alimentarios m\u00e1s sustentables y saludables, el Centro de Estudios Territoriales Interdisciplinario (CETI) de la Universidad del B\u00edo-B\u00edo realiz\u00f3 un taller de difusi\u00f3n y trabajo colaborativo con municipios del Gran Concepci\u00f3n, ocasi\u00f3n en que se present\u00f3 el Policy Brief elaborado tras a\u00f1os de investigaci\u00f3n en torno a los sistemas alimentarios urbanos.<\/p><p><em>Ver m\u00e1s:\u00a0\u00a0<\/em><a href=\"https:\/\/vrip.ubiobio.cl\/inicio\/noticias\/ceti-ubb-presenta-policy-brief-para-impulsar-politicas-alimentarias-locales-junto-a-municipios-del-gran-concepcion\/\" target=\"_blank\" rel=\"noopener\">https:\/\/vrip.ubiobio.cl\/inicio\/noticias\/ceti-ubb-presenta-policy-brief-para-impulsar-politicas-alimentarias-locales-junto-a-municipios-del-gran-concepcion\/<\/a><\/p><hr \/><p><img decoding=\"async\" src=\"https:\/\/flashissue.s3.us-east-1.amazonaws.com\/KyDqkQuQaC4Yd4Qt7nJK_Nw==.png\" \/><\/p><h3><span style=\"color: #073753\"><strong>Visita a Espa\u00f1a: Colaboraci\u00f3n e Innovaci\u00f3n UBB<\/strong><\/span><\/h3><p>Entre el 14 y 17 de octubre, el director de Innovaci\u00f3n, Dr. Mario N\u00fa\u00f1ez, el decano de Ingenier\u00eda, Dr. Patricio \u00c1lvarez, y el Coordinador de la Unidad de Emprendimiento, Luis Dur\u00e1n participaron en una misi\u00f3n institucional a Espa\u00f1a, con el objetivo de fortalecer v\u00ednculos de colaboraci\u00f3n en el marco de los proyectos RED-RIM CYTED e Ingenier\u00eda 2030.<br \/>La agenda comenz\u00f3 con una visita al Instituto Nacional de Investigaci\u00f3n y Tecnolog\u00eda Agraria y Alimentaria (INIA) en Madrid, donde se conocieron los laboratorios de Productos de Madera y se exploraron oportunidades conjuntas. Posteriormente, en Valencia, la delegaci\u00f3n particip\u00f3 en el programa Hangar 360, organizado por el IVACE, que incluy\u00f3 ponencias, charlas y la presentaci\u00f3n de casos de \u00e9xito de startups chilenas con presencia en Europa.<\/p><hr \/><p><img decoding=\"async\" src=\"https:\/\/flashissue.s3.us-east-1.amazonaws.com\/gt3mlczORuyXhCs0SRFS_NQ==.png\" \/><\/p><h3><span style=\"color: #073753\"><strong>Universidad Nacional Toribio Rodr\u00edguez de Mendoza visit\u00f3 la UBB para conocer sus instalaciones asociadas a innovaci\u00f3n y emprendimiento<\/strong><\/span><\/h3><p>Con el prop\u00f3sito de conocer la experiencia de la Universidad del B\u00edo-B\u00edo en materia de innovaci\u00f3n, emprendimiento y vinculaci\u00f3n con el medio, una delegaci\u00f3n de la Universidad Nacional Toribio Rodr\u00edguez de Mendoza (UNTRM) de Per\u00fa realiz\u00f3 una visita oficial al Centro de Innovaci\u00f3n de la UBB, en el Campus Concepci\u00f3n, oportunidad en la que conocieron los laboratorios Prodima-Lab y PEP-Lab.<\/p><p><em>Ver m\u00e1s:\u00a0\u00a0<\/em><a href=\"https:\/\/noticias.ubiobio.cl\/2025\/10\/23\/universidad-nacional-toribio-rodriguez-de-mendoza-visito-la-ubb-para-conocer-sus-instalaciones-asociadas-a-innovacion-y-emprendimiento\/\" target=\"_blank\" rel=\"noopener\">https:\/\/noticias.ubiobio.cl\/2025\/10\/23\/universidad-nacional-toribio-rodriguez-de-mendoza-visito-la-ubb-para-conocer-sus-instalaciones-asociadas-a-innovacion-y-emprendimiento\/<\/a><\/p><hr \/><p><img decoding=\"async\" src=\"https:\/\/flashissue.s3.us-east-1.amazonaws.com\/18ToL9PXSGeQ6MVP9POE_MQ==.png\" \/><\/p><h3><span style=\"color: #073753\"><strong>UBB, UCSC y UdeC impulsan di\u00e1logo sobre integridad acad\u00e9mica en tiempos de transformaci\u00f3n tecnol\u00f3gica<\/strong><\/span><\/h3><p>Con el objetivo de reflexionar sobre los desaf\u00edos \u00e9ticos y las oportunidades que plantea la irrupci\u00f3n de las tecnolog\u00edas emergentes \u2014particularmente la Inteligencia Artificial\u2014 en la educaci\u00f3n superior, se realiz\u00f3 en la Universidad Cat\u00f3lica de la Sant\u00edsima Concepci\u00f3n (UCSC) el Seminario Internacional \u201cIntegridad Acad\u00e9mica en Tiempos de Transformaci\u00f3n Tecnol\u00f3gica: Di\u00e1logos Necesarios\u201d.<\/p><p><em>Ver m\u00e1s:\u00a0\u00a0<\/em><a href=\"https:\/\/noticias.ubiobio.cl\/2025\/10\/21\/ubb-ucsc-y-udec-impulsan-dialogo-sobre-integridad-academica-en-tiempos-de-transformacion-tecnologica\/\" target=\"_blank\" rel=\"noopener\">https:\/\/noticias.ubiobio.cl\/2025\/10\/21\/ubb-ucsc-y-udec-impulsan-dialogo-sobre-integridad-academica-en-tiempos-de-transformacion-tecnologica\/<\/a><\/p><hr \/><p><img decoding=\"async\" src=\"https:\/\/flashissue.s3.us-east-1.amazonaws.com\/gMZzqO2ZR8kuMokRQ0Qw_Mg==.png\" \/><\/p><h3><span style=\"color: #073753\"><strong>UBB e INAPI presentan informe de vigilancia tecnol\u00f3gica sobre procesamiento y conservaci\u00f3n de casta\u00f1as en \u00d1uble<\/strong><\/span><\/h3><p>La Universidad del B\u00edo-B\u00edo, en colaboraci\u00f3n con el Instituto Nacional de Propiedad Industrial (INAPI), presentan el Informe de Vigilancia Tecnol\u00f3gica: Procesamiento y Conservaci\u00f3n de las Casta\u00f1as, documento que analiza las principales innovaciones y tecnolog\u00edas patentadas a nivel mundial vinculadas con la industrializaci\u00f3n de este fruto, clave para la econom\u00eda agroalimentaria de la Regi\u00f3n de \u00d1uble.<\/p><p>Ver m\u00e1s:\u00a0<a href=\"https:\/\/vrip.ubiobio.cl\/inicio\/noticias\/universidad-del-bio-bio-e-inapi-presentan-informe-de-vigilancia-tecnologica-sobre-procesamiento-y-conservacion-de-castanas\/\" target=\"_blank\" rel=\"noopener\">https:\/\/vrip.ubiobio.cl\/inicio\/noticias\/universidad-del-bio-bio-e-inapi-presentan-informe-de-vigilancia-tecnologica-sobre-procesamiento-y-conservacion-de-castanas\/\u00a0<\/a><\/p><hr \/><p><img decoding=\"async\" src=\"https:\/\/flashissue.s3.us-east-1.amazonaws.com\/S7CuRNrYQh2JtHc58Zuh_Ng==.png\" \/><\/p><h3><span style=\"color: #073753\"><strong>Acad\u00e9micos UBB participan en el XXI Seminario Internacional \u201cAlimentaci\u00f3n del Futuro\u201d<\/strong><\/span><\/h3><p>La Universidad del B\u00edo-B\u00edo tuvo una destacada participaci\u00f3n en el XXI Seminario Internacional \u2018Alimentaci\u00f3n del Futuro\u2019, realizado en el Centro de Innovaci\u00f3n UC Anacleto Angelini, encuentro que reuni\u00f3 a referentes nacionales e internacionales del \u00e1mbito cient\u00edfico, tecnol\u00f3gico y empresarial vinculados al desarrollo alimentario sostenible.<\/p><p><em>Ver m\u00e1s:\u00a0<\/em><a href=\"https:\/\/vrip.ubiobio.cl\/inicio\/noticias\/academicos-ubb-participan-en-el-xxi-seminario-internacional-alimentacion-del-futuro\/\" target=\"_blank\" rel=\"noopener\">https:\/\/vrip.ubiobio.cl\/inicio\/noticias\/academicos-ubb-participan-en-el-xxi-seminario-internacional-alimentacion-del-futuro\/<\/a><\/p><hr \/><p><img decoding=\"async\" src=\"https:\/\/flashissue.s3.us-east-1.amazonaws.com\/fGcYdXLuSoa4uEFTtlZF_NA==.png\" \/><\/p><h3><span style=\"color: #073753\"><strong>Gran inter\u00e9s en participar de la nueva versi\u00f3n de la Hackat\u00f3n UBB 2025<\/strong><\/span><\/h3><p>Con gran entusiasmo e inter\u00e9s por parte de la comunidad estudiantil, la Facultad de Ciencias de la Universidad del B\u00edo-B\u00edo dio inicio a una nueva versi\u00f3n de su tradicional Hackat\u00f3n UBB 2025, que este a\u00f1o se desarrolla bajo el lema \u201cMenos residuos, m\u00e1s agua\u201d. La iniciativa, que se extender\u00e1 hasta el 5 de diciembre, busca promover soluciones innovadoras y sostenibles frente a los desaf\u00edos que impone la gesti\u00f3n de residuos y la escasez h\u00eddrica.<\/p><p><em>Ver m\u00e1s:<\/em><a href=\"https:\/\/noticias.ubiobio.cl\/2025\/10\/20\/gran-interes-en-participar-de-la-nueva-version-de-la-hackaton-ubb-2025\/\" target=\"_blank\" rel=\"noopener\">\u00a0https:\/\/noticias.ubiobio.cl\/2025\/10\/20\/gran-interes-en-participar-de-la-nueva-version-de-la-hackaton-ubb-2025\/<\/a><\/p><hr \/><p><img decoding=\"async\" src=\"https:\/\/flashissue.s3.us-east-1.amazonaws.com\/dgBZTeCsRMOVJ2FxYEZm_OQ==.png\" \/><\/p><h3><span style=\"color: #073753\"><strong>Acercan l\u00edneas de investigaci\u00f3n en matem\u00e1tica aplicada a estudiantes de universidades latinoamericanas<\/strong><\/span><\/h3><p>Entre el lunes 13 y el jueves 16 de octubre se realiz\u00f3, en modalidad h\u00edbrida, la octava versi\u00f3n del encuentro \u2018E'(UBB)=2025: Escuela de Primavera en Matem\u00e1tica Aplicada de la Universidad del B\u00edo-B\u00edo\u2019, tradicionalmente organizado por acad\u00e9micos del Departamento de Matem\u00e1tica (DMAT) de la Facultad de Ciencias, en conjunto con el Centro de Modelamiento Matem\u00e1tico (CMM) de la U. de Chile.<\/p><p><em>Ver m\u00e1s:\u00a0\u00a0<\/em><a href=\"https:\/\/vrip.ubiobio.cl\/inicio\/noticias\/acercan-lineas-de-investigacion-en-matematica-aplicada-a-estudiantes-de-universidades-latinoamericanas\/\" target=\"_blank\" rel=\"noopener\">https:\/\/vrip.ubiobio.cl\/inicio\/noticias\/acercan-lineas-de-investigacion-en-matematica-aplicada-a-estudiantes-de-universidades-latinoamericanas\/<\/a><\/p><hr \/><p><img decoding=\"async\" src=\"https:\/\/flashissue.s3.us-east-1.amazonaws.com\/6rwuC3hdQ8eVAkJb2oCF_VlJJUF9Cb2xldGluIGJhc2VfZWRpdA==.jpg\" \/><\/p><h3><span style=\"color: #073753\"><strong>Editorial |\u00a0Revistas cient\u00edficas: Pilar del desarrollo acad\u00e9mico y social en la Universidad del B\u00edo-B\u00edo<\/strong><\/span><\/h3><p><em>Ver m\u00e1s:\u00a0<\/em><a href=\"https:\/\/vrip.ubiobio.cl\/inicio\/informativos-vrip\/edicion-27-octubre-2025\/\" target=\"_blank\" rel=\"noopener\">https:\/\/vrip.ubiobio.cl\/inicio\/informativos-vrip\/edicion-27-octubre-2025\/<\/a><\/p><hr \/><p><img decoding=\"async\" src=\"https:\/\/flashissue.s3.us-east-1.amazonaws.com\/vGCRHqu5TAydAm2Ahi5g_VlJJUF9Cb2xldGluIGJhc2VfaW5mbw==.jpg\" \/><\/p><p><img decoding=\"async\" src=\"https:\/\/flashissue.s3.us-east-1.amazonaws.com\/dNu8PHgmR3SOXttaqUHI_VlJJUF9Cb2xldGluX09UTGpwZw==.jpg\" \/><\/p><h3><span style=\"color: #073753\"><strong>Pr\u00f3ximas actividades de Oficina de Transferencia y Licenciamiento ( OTL &#8211; UBB )<\/strong><\/span><\/h3><p>&#8211;\u00a0<strong>Participaci\u00f3n en stand de la CChC (C\u00e1mara Chilena de la Construcci\u00f3n):<\/strong>\u00a0Este 28 de octubre OTL-UBB, participar\u00e1 en el ISPIC Day, evento organizado por la CChC\u00a0que busca generar un espacio de encuentro en torno a la innovaci\u00f3n, productividad y sostenibilidad dentro del sector de la construcci\u00f3n.<\/p><p>&#8211;\u00a0<strong>Mesa RED+ Bosque Corporaci\u00f3n Nacional Forestal (CONAF):<\/strong>\u00a0El martes 28 de octubre, OTL-UBB participar\u00e1 en la Mesa RED+ Bosque, organizada por la CONAF, que se llevar\u00e1 a cabo en el Sal\u00f3n O\u2019Higgins del Gran Hotel Isabel Riquelme, en Chill\u00e1n, a partir de las 10:00 horas.<\/p><p><strong>&#8211; Visita UBB Tech Experience:<\/strong>\u00a0Este 28 de octubre la\u00a0OTL-UBB recibir\u00e1 a un grupo de estudiantes destacados del Liceo Comercial de Tom\u00e9 en el marco de la actividad UBB Tech Experience, que se desarrollar\u00e1 en el Campus Concepci\u00f3n. La actividad busca acercar a estudiantes de ense\u00f1anza media a la experiencia universitaria, promoviendo la vinculaci\u00f3n temprana con la ciencia, la tecnolog\u00eda y la innovaci\u00f3n.<\/p><p><em>\u00a0M\u00e1s informaci\u00f3n y contacto:<\/em>\u00a0<a href=\"http:\/\/otl.ubiobio.cl\/\" target=\"_blank\" rel=\"noopener\">http:\/\/otl.ubiobio.cl\/<\/a><\/p><hr \/><p><img decoding=\"async\" src=\"https:\/\/flashissue.s3.us-east-1.amazonaws.com\/tQujfcS78H8qAtLZ0gqy_dW5uYW1lZA==.png\" \/><\/p><h3><span style=\"color: #073753\"><strong>Visita el nuevo sitio web de Bibliotecas UBB: Un espacio moderno, inclusivo y centrado en la comunidad universitaria<\/strong><\/span><\/h3><p><em>\u00a0Ver m\u00e1s: <\/em><a href=\"https:\/\/werken.ubiobio.cl\/\" target=\"_blank\" rel=\"noopener\">https:\/\/werken.ubiobio.cl\/<\/a><\/p><hr \/><p><img decoding=\"async\" src=\"https:\/\/flashissue.s3.us-east-1.amazonaws.com\/61PMC8JS2esz5sbqacki_VlJJUF9FbmN1ZXN0YV9pbmZvcg==.jpg\" \/><\/p><h3><span style=\"color: #073753\"><strong>Participa en nuestra encuesta sobre infraestructura para la realizaci\u00f3n de I+D. \u00a1Tu opini\u00f3n es clave!<\/strong><\/span><\/h3><p><em>\u00a0Accede\u00a0 aqu\u00ed a la encuesta<\/em><em>:<\/em><a href=\"https:\/\/rcencuesta.dci.ubiobio.cl\/index.php\/524923\" target=\"_blank\" rel=\"noopener\">\u00a0https:\/\/rcencuesta.dci.ubiobio.cl\/index.php\/524923<\/a><\/p><hr \/><p><img decoding=\"async\" src=\"https:\/\/flashissue.s3.us-east-1.amazonaws.com\/NK52jcv7S7KKUKWk0DXA_dW5uYW1lZA==.jpg\" \/><\/p><h3><span style=\"color: #073753\"><strong>Formulario para solicitar Incentivo por Publicaci\u00f3n 2025<\/strong><\/span><\/h3><p><em>\u00a0 M\u00e1s informaci\u00f3n:<\/em>\u00a0<a href=\"http:\/\/ubb.cl\/494335\" target=\"_blank\" rel=\"noopener\">http:\/\/ubb.cl\/494335<\/a><\/p><hr \/><p><img decoding=\"async\" src=\"https:\/\/flashissue.s3.us-east-1.amazonaws.com\/dMT06qKuR1GXIpVyO44h_UG9zdGdyYWRvX0VuY3VlbnRybyAyMDI1X2luZg==.jpg\" \/><\/p><h3><span style=\"color: #073753\"><strong>Encuentro de Investigaci\u00f3n de Estudiantes de Postgrado UBB 2025\u00a0<\/strong><\/span><\/h3><p><em>\u00a0 M\u00e1s informaci\u00f3n e inscripciones:<\/em>\u00a0<a href=\"https:\/\/encuentropostgrado.ubiobio.cl\/\" target=\"_blank\" rel=\"noopener\">https:\/\/encuentropostgrado.ubiobio.cl<\/a><\/p><hr \/><p><img decoding=\"async\" src=\"https:\/\/flashissue.s3.us-east-1.amazonaws.com\/B93FDcYPTMGRLI3DIkzo_UG9zdGdyYWRvIDIwMjVfUHJvZ3JhbWFz.jpg\" \/><\/p><h3><span style=\"color: #073753\"><strong>Programas de Postgrados UBB disponibles<\/strong><\/span><\/h3><p><em>\u00a0 M\u00e1s informaci\u00f3n:<\/em><a href=\"https:\/\/postgrados.ubiobio.cl\/\" target=\"_blank\" rel=\"noopener\">\u00a0https:\/\/postgrados.ubiobio.cl\/<\/a><\/p><hr \/><table align=\"center\"><tbody><tr><td id=\"m_8467858756250299110m_4658873428329236187m_-7901358079350462190gmail-twitter-social-link\"><a href=\"https:\/\/www.twitter.com\/FlashIssue\" target=\"_blank\" rel=\"noopener\"><img decoding=\"async\" class=\"CToWUd alignright\" src=\"https:\/\/app.flashissue.com\/images\/social-icons\/round\/twitter\/grey\/twitter48.png\" \/><\/a><\/td><td id=\"m_8467858756250299110m_4658873428329236187m_-7901358079350462190gmail-youtube-social-link\"><a href=\"https:\/\/www.youtube.com\/channel\/UCf7o8yHRJ7Y_QQLxwu1KQgA\" target=\"_blank\" rel=\"noopener\"><img decoding=\"async\" class=\"CToWUd aligncenter\" src=\"https:\/\/app.flashissue.com\/images\/social-icons\/round\/youtube\/grey\/youtube48.png\" \/><\/a><\/td><td id=\"m_8467858756250299110m_4658873428329236187m_-7901358079350462190gmail-instagram-social-link\"><a href=\"https:\/\/www.instagram.com\/vrip_ubb\" target=\"_blank\" rel=\"noopener\"><img decoding=\"async\" class=\"CToWUd alignleft\" src=\"https:\/\/app.flashissue.com\/images\/social-icons\/round\/instagram\/grey\/instagram48.png\" \/><\/a><\/td><\/tr><\/tbody><\/table><p><img decoding=\"async\" src=\"https:\/\/flashissue.s3.us-east-1.amazonaws.com\/wn9DyI72QZaEm43a79u8_VlJJUF9Cb2xldGluIGJhc2VfcGllIHBhZw==.jpg\" \/><\/p><p style=\"text-align: center\">Vicerrector\u00eda de Investigaci\u00f3n y Postgrado &#8211; Universidad del B\u00edo-B\u00edo<br \/><span style=\"background-color: transparent\">Todos los derechos reservados.<br \/><\/span><span style=\"background-color: transparent\">Av. Collao 1202, Concepci\u00f3n \/ Av. Andr\u00e9s Bello s\/n, Chill\u00e1n<br \/><\/span><span style=\"background-color: transparent\">Comentarios a:\u00a0<\/span><strong style=\"background-color: transparent\"><a href=\"mailto:vripcomunicaciones@ubiobio.cl?subject=Comentario%20newsletter\" target=\"_blank\" rel=\"noopener\">vripcomunicaciones@ubiobio.cl<\/a><\/strong><\/p><p style=\"text-align: center\">\u00a0<\/p>                    <\/div>\n\t\t                    <\/div>\n        <\/div>\n\t\t\t\t<\/div>\n\t\t\t\t<\/div>\n\t\t\t\t\t<\/div>\n\t\t<\/div>\n\t\t\t\t\t<\/div>\n\t\t<\/section>\n\t\t\t\t<\/div>\n\t\t","protected":false},"excerpt":{"rendered":"<p>Edici\u00f3n 27 Octubre 2025 Leer Editorial Leer Bolet\u00edn Revistas cient\u00edficas: pilar del desarrollo acad\u00e9mico y social en la Universidad del B\u00edo-B\u00edo En la Universidad del B\u00edo-B\u00edo entendemos que la generaci\u00f3n de conocimiento no alcanza su plena dimensi\u00f3n si no se comparte, debate y somete al escrutinio de la comunidad acad\u00e9mica y de la sociedad. En&#8230;<\/p>\n","protected":false},"author":1,"featured_media":0,"parent":41711,"menu_order":0,"comment_status":"closed","ping_status":"closed","template":"","meta":{"_kadence_starter_templates_imported_post":false,"_kad_post_transparent":"default","_kad_post_title":"hide","_kad_post_layout":"fullwidth","_kad_post_sidebar_id":"","_kad_post_content_style":"unboxed","_kad_post_vertical_padding":"hide","_kad_post_feature":"hide","_kad_post_feature_position":"","_kad_post_header":false,"_kad_post_footer":false,"footnotes":""},"class_list":["post-52064","page","type-page","status-publish","hentry"],"yoast_head":"<!-- This site is optimized with the Yoast SEO plugin v27.5 - https:\/\/yoast.com\/product\/yoast-seo-wordpress\/ -->\n<title>Informativo VRIP 27 Octubre 2025 - VRIP<\/title>\n<meta name=\"robots\" content=\"index, follow, max-snippet:-1, max-image-preview:large, max-video-preview:-1\" \/>\n<link rel=\"canonical\" href=\"https:\/\/vrip.ubiobio.cl\/inicio\/informativos-vrip\/edicion-27-octubre-2025\/\" \/>\n<meta property=\"og:locale\" content=\"es_ES\" \/>\n<meta property=\"og:type\" content=\"article\" \/>\n<meta property=\"og:title\" content=\"Informativo VRIP 27 Octubre 2025 - VRIP\" \/>\n<meta property=\"og:description\" content=\"Edici\u00f3n 27 Octubre 2025 Leer Editorial Leer Bolet\u00edn Revistas cient\u00edficas: pilar del desarrollo acad\u00e9mico y social en la Universidad del B\u00edo-B\u00edo En la Universidad del B\u00edo-B\u00edo entendemos que la generaci\u00f3n de conocimiento no alcanza su plena dimensi\u00f3n si no se comparte, debate y somete al escrutinio de la comunidad acad\u00e9mica y de la sociedad. En...\" \/>\n<meta property=\"og:url\" content=\"https:\/\/vrip.ubiobio.cl\/inicio\/informativos-vrip\/edicion-27-octubre-2025\/\" \/>\n<meta property=\"og:site_name\" content=\"VRIP\" \/>\n<meta property=\"article:modified_time\" content=\"2025-10-27T15:35:42+00:00\" \/>\n<meta property=\"og:image\" content=\"https:\/\/flashissue.s3.us-east-1.amazonaws.com\/zr1y47bcRTuozanm0ZZ7_VlJJUF9Cb2xldGluIGJhc2VfZWRpdA==.jpg\" \/>\n<meta name=\"twitter:card\" content=\"summary_large_image\" \/>\n<meta name=\"twitter:site\" content=\"@vripubb\" \/>\n<meta name=\"twitter:label1\" content=\"Tiempo de lectura\" \/>\n\t<meta name=\"twitter:data1\" content=\"8 minutos\" \/>\n<script type=\"application\/ld+json\" class=\"yoast-schema-graph\">{\"@context\":\"https:\\\/\\\/schema.org\",\"@graph\":[{\"@type\":\"WebPage\",\"@id\":\"https:\\\/\\\/vrip.ubiobio.cl\\\/inicio\\\/informativos-vrip\\\/edicion-27-octubre-2025\\\/\",\"url\":\"https:\\\/\\\/vrip.ubiobio.cl\\\/inicio\\\/informativos-vrip\\\/edicion-27-octubre-2025\\\/\",\"name\":\"Informativo VRIP 27 Octubre 2025 - VRIP\",\"isPartOf\":{\"@id\":\"https:\\\/\\\/vrip.ubiobio.cl\\\/inicio\\\/#website\"},\"primaryImageOfPage\":{\"@id\":\"https:\\\/\\\/vrip.ubiobio.cl\\\/inicio\\\/informativos-vrip\\\/edicion-27-octubre-2025\\\/#primaryimage\"},\"image\":{\"@id\":\"https:\\\/\\\/vrip.ubiobio.cl\\\/inicio\\\/informativos-vrip\\\/edicion-27-octubre-2025\\\/#primaryimage\"},\"thumbnailUrl\":\"https:\\\/\\\/flashissue.s3.us-east-1.amazonaws.com\\\/zr1y47bcRTuozanm0ZZ7_VlJJUF9Cb2xldGluIGJhc2VfZWRpdA==.jpg\",\"datePublished\":\"2025-10-27T13:16:08+00:00\",\"dateModified\":\"2025-10-27T15:35:42+00:00\",\"breadcrumb\":{\"@id\":\"https:\\\/\\\/vrip.ubiobio.cl\\\/inicio\\\/informativos-vrip\\\/edicion-27-octubre-2025\\\/#breadcrumb\"},\"inLanguage\":\"es\",\"potentialAction\":[{\"@type\":\"ReadAction\",\"target\":[\"https:\\\/\\\/vrip.ubiobio.cl\\\/inicio\\\/informativos-vrip\\\/edicion-27-octubre-2025\\\/\"]}]},{\"@type\":\"ImageObject\",\"inLanguage\":\"es\",\"@id\":\"https:\\\/\\\/vrip.ubiobio.cl\\\/inicio\\\/informativos-vrip\\\/edicion-27-octubre-2025\\\/#primaryimage\",\"url\":\"https:\\\/\\\/flashissue.s3.us-east-1.amazonaws.com\\\/zr1y47bcRTuozanm0ZZ7_VlJJUF9Cb2xldGluIGJhc2VfZWRpdA==.jpg\",\"contentUrl\":\"https:\\\/\\\/flashissue.s3.us-east-1.amazonaws.com\\\/zr1y47bcRTuozanm0ZZ7_VlJJUF9Cb2xldGluIGJhc2VfZWRpdA==.jpg\"},{\"@type\":\"BreadcrumbList\",\"@id\":\"https:\\\/\\\/vrip.ubiobio.cl\\\/inicio\\\/informativos-vrip\\\/edicion-27-octubre-2025\\\/#breadcrumb\",\"itemListElement\":[{\"@type\":\"ListItem\",\"position\":1,\"name\":\"Portada\",\"item\":\"https:\\\/\\\/vrip.ubiobio.cl\\\/inicio\\\/\"},{\"@type\":\"ListItem\",\"position\":2,\"name\":\"Informativos VRIP\",\"item\":\"https:\\\/\\\/vrip.ubiobio.cl\\\/inicio\\\/informativos-vrip\\\/\"},{\"@type\":\"ListItem\",\"position\":3,\"name\":\"Informativo VRIP 27 Octubre 2025\"}]},{\"@type\":\"WebSite\",\"@id\":\"https:\\\/\\\/vrip.ubiobio.cl\\\/inicio\\\/#website\",\"url\":\"https:\\\/\\\/vrip.ubiobio.cl\\\/inicio\\\/\",\"name\":\"VRIP\",\"description\":\"Vicerrector\u00eda de Investigaci\u00f3n y Postgrado\",\"publisher\":{\"@id\":\"https:\\\/\\\/vrip.ubiobio.cl\\\/inicio\\\/#organization\"},\"potentialAction\":[{\"@type\":\"SearchAction\",\"target\":{\"@type\":\"EntryPoint\",\"urlTemplate\":\"https:\\\/\\\/vrip.ubiobio.cl\\\/inicio\\\/?s={search_term_string}\"},\"query-input\":{\"@type\":\"PropertyValueSpecification\",\"valueRequired\":true,\"valueName\":\"search_term_string\"}}],\"inLanguage\":\"es\"},{\"@type\":\"Organization\",\"@id\":\"https:\\\/\\\/vrip.ubiobio.cl\\\/inicio\\\/#organization\",\"name\":\"VRIP\",\"url\":\"https:\\\/\\\/vrip.ubiobio.cl\\\/inicio\\\/\",\"logo\":{\"@type\":\"ImageObject\",\"inLanguage\":\"es\",\"@id\":\"https:\\\/\\\/vrip.ubiobio.cl\\\/inicio\\\/#\\\/schema\\\/logo\\\/image\\\/\",\"url\":\"https:\\\/\\\/vrip.ubiobio.cl\\\/wp-content\\\/uploads\\\/2022\\\/10\\\/logo-vrip_Mesa-de-trabajo-1.png\",\"contentUrl\":\"https:\\\/\\\/vrip.ubiobio.cl\\\/wp-content\\\/uploads\\\/2022\\\/10\\\/logo-vrip_Mesa-de-trabajo-1.png\",\"width\":642,\"height\":178,\"caption\":\"VRIP\"},\"image\":{\"@id\":\"https:\\\/\\\/vrip.ubiobio.cl\\\/inicio\\\/#\\\/schema\\\/logo\\\/image\\\/\"},\"sameAs\":[\"https:\\\/\\\/x.com\\\/vripubb\",\"https:\\\/\\\/www.instagram.com\\\/vrip_ubb\\\/\",\"https:\\\/\\\/www.youtube.com\\\/channel\\\/UCf7o8yHRJ7Y_QQLxwu1KQgA\",\"https:\\\/\\\/www.linkedin.com\\\/company\\\/96035097\\\/admin\\\/dashboard\\\/\"]}]}<\/script>\n<!-- \/ Yoast SEO plugin. -->","yoast_head_json":{"title":"Informativo VRIP 27 Octubre 2025 - VRIP","robots":{"index":"index","follow":"follow","max-snippet":"max-snippet:-1","max-image-preview":"max-image-preview:large","max-video-preview":"max-video-preview:-1"},"canonical":"https:\/\/vrip.ubiobio.cl\/inicio\/informativos-vrip\/edicion-27-octubre-2025\/","og_locale":"es_ES","og_type":"article","og_title":"Informativo VRIP 27 Octubre 2025 - VRIP","og_description":"Edici\u00f3n 27 Octubre 2025 Leer Editorial Leer Bolet\u00edn Revistas cient\u00edficas: pilar del desarrollo acad\u00e9mico y social en la Universidad del B\u00edo-B\u00edo En la Universidad del B\u00edo-B\u00edo entendemos que la generaci\u00f3n de conocimiento no alcanza su plena dimensi\u00f3n si no se comparte, debate y somete al escrutinio de la comunidad acad\u00e9mica y de la sociedad. En...","og_url":"https:\/\/vrip.ubiobio.cl\/inicio\/informativos-vrip\/edicion-27-octubre-2025\/","og_site_name":"VRIP","article_modified_time":"2025-10-27T15:35:42+00:00","og_image":[{"url":"https:\/\/flashissue.s3.us-east-1.amazonaws.com\/zr1y47bcRTuozanm0ZZ7_VlJJUF9Cb2xldGluIGJhc2VfZWRpdA==.jpg","type":"","width":"","height":""}],"twitter_card":"summary_large_image","twitter_site":"@vripubb","twitter_misc":{"Tiempo de lectura":"8 minutos"},"schema":{"@context":"https:\/\/schema.org","@graph":[{"@type":"WebPage","@id":"https:\/\/vrip.ubiobio.cl\/inicio\/informativos-vrip\/edicion-27-octubre-2025\/","url":"https:\/\/vrip.ubiobio.cl\/inicio\/informativos-vrip\/edicion-27-octubre-2025\/","name":"Informativo VRIP 27 Octubre 2025 - VRIP","isPartOf":{"@id":"https:\/\/vrip.ubiobio.cl\/inicio\/#website"},"primaryImageOfPage":{"@id":"https:\/\/vrip.ubiobio.cl\/inicio\/informativos-vrip\/edicion-27-octubre-2025\/#primaryimage"},"image":{"@id":"https:\/\/vrip.ubiobio.cl\/inicio\/informativos-vrip\/edicion-27-octubre-2025\/#primaryimage"},"thumbnailUrl":"https:\/\/flashissue.s3.us-east-1.amazonaws.com\/zr1y47bcRTuozanm0ZZ7_VlJJUF9Cb2xldGluIGJhc2VfZWRpdA==.jpg","datePublished":"2025-10-27T13:16:08+00:00","dateModified":"2025-10-27T15:35:42+00:00","breadcrumb":{"@id":"https:\/\/vrip.ubiobio.cl\/inicio\/informativos-vrip\/edicion-27-octubre-2025\/#breadcrumb"},"inLanguage":"es","potentialAction":[{"@type":"ReadAction","target":["https:\/\/vrip.ubiobio.cl\/inicio\/informativos-vrip\/edicion-27-octubre-2025\/"]}]},{"@type":"ImageObject","inLanguage":"es","@id":"https:\/\/vrip.ubiobio.cl\/inicio\/informativos-vrip\/edicion-27-octubre-2025\/#primaryimage","url":"https:\/\/flashissue.s3.us-east-1.amazonaws.com\/zr1y47bcRTuozanm0ZZ7_VlJJUF9Cb2xldGluIGJhc2VfZWRpdA==.jpg","contentUrl":"https:\/\/flashissue.s3.us-east-1.amazonaws.com\/zr1y47bcRTuozanm0ZZ7_VlJJUF9Cb2xldGluIGJhc2VfZWRpdA==.jpg"},{"@type":"BreadcrumbList","@id":"https:\/\/vrip.ubiobio.cl\/inicio\/informativos-vrip\/edicion-27-octubre-2025\/#breadcrumb","itemListElement":[{"@type":"ListItem","position":1,"name":"Portada","item":"https:\/\/vrip.ubiobio.cl\/inicio\/"},{"@type":"ListItem","position":2,"name":"Informativos VRIP","item":"https:\/\/vrip.ubiobio.cl\/inicio\/informativos-vrip\/"},{"@type":"ListItem","position":3,"name":"Informativo VRIP 27 Octubre 2025"}]},{"@type":"WebSite","@id":"https:\/\/vrip.ubiobio.cl\/inicio\/#website","url":"https:\/\/vrip.ubiobio.cl\/inicio\/","name":"VRIP","description":"Vicerrector\u00eda de Investigaci\u00f3n y Postgrado","publisher":{"@id":"https:\/\/vrip.ubiobio.cl\/inicio\/#organization"},"potentialAction":[{"@type":"SearchAction","target":{"@type":"EntryPoint","urlTemplate":"https:\/\/vrip.ubiobio.cl\/inicio\/?s={search_term_string}"},"query-input":{"@type":"PropertyValueSpecification","valueRequired":true,"valueName":"search_term_string"}}],"inLanguage":"es"},{"@type":"Organization","@id":"https:\/\/vrip.ubiobio.cl\/inicio\/#organization","name":"VRIP","url":"https:\/\/vrip.ubiobio.cl\/inicio\/","logo":{"@type":"ImageObject","inLanguage":"es","@id":"https:\/\/vrip.ubiobio.cl\/inicio\/#\/schema\/logo\/image\/","url":"https:\/\/vrip.ubiobio.cl\/wp-content\/uploads\/2022\/10\/logo-vrip_Mesa-de-trabajo-1.png","contentUrl":"https:\/\/vrip.ubiobio.cl\/wp-content\/uploads\/2022\/10\/logo-vrip_Mesa-de-trabajo-1.png","width":642,"height":178,"caption":"VRIP"},"image":{"@id":"https:\/\/vrip.ubiobio.cl\/inicio\/#\/schema\/logo\/image\/"},"sameAs":["https:\/\/x.com\/vripubb","https:\/\/www.instagram.com\/vrip_ubb\/","https:\/\/www.youtube.com\/channel\/UCf7o8yHRJ7Y_QQLxwu1KQgA","https:\/\/www.linkedin.com\/company\/96035097\/admin\/dashboard\/"]}]}},"_links":{"self":[{"href":"https:\/\/vrip.ubiobio.cl\/inicio\/wp-json\/wp\/v2\/pages\/52064","targetHints":{"allow":["GET"]}}],"collection":[{"href":"https:\/\/vrip.ubiobio.cl\/inicio\/wp-json\/wp\/v2\/pages"}],"about":[{"href":"https:\/\/vrip.ubiobio.cl\/inicio\/wp-json\/wp\/v2\/types\/page"}],"author":[{"embeddable":true,"href":"https:\/\/vrip.ubiobio.cl\/inicio\/wp-json\/wp\/v2\/users\/1"}],"replies":[{"embeddable":true,"href":"https:\/\/vrip.ubiobio.cl\/inicio\/wp-json\/wp\/v2\/comments?post=52064"}],"version-history":[{"count":8,"href":"https:\/\/vrip.ubiobio.cl\/inicio\/wp-json\/wp\/v2\/pages\/52064\/revisions"}],"predecessor-version":[{"id":52271,"href":"https:\/\/vrip.ubiobio.cl\/inicio\/wp-json\/wp\/v2\/pages\/52064\/revisions\/52271"}],"up":[{"embeddable":true,"href":"https:\/\/vrip.ubiobio.cl\/inicio\/wp-json\/wp\/v2\/pages\/41711"}],"wp:attachment":[{"href":"https:\/\/vrip.ubiobio.cl\/inicio\/wp-json\/wp\/v2\/media?parent=52064"}],"curies":[{"name":"wp","href":"https:\/\/api.w.org\/{rel}","templated":true}]}}