{"id":51004,"date":"2025-07-24T21:21:33","date_gmt":"2025-07-24T21:21:33","guid":{"rendered":"https:\/\/vrip.ubiobio.cl\/inicio\/?page_id=51004"},"modified":"2025-07-28T16:41:56","modified_gmt":"2025-07-28T16:41:56","slug":"edicion-28-julio-2025","status":"publish","type":"page","link":"https:\/\/vrip.ubiobio.cl\/inicio\/informativos-vrip\/edicion-28-julio-2025\/","title":{"rendered":"Informativo VRIP 28 Julio 2025"},"content":{"rendered":"\t\t<div data-elementor-type=\"wp-page\" data-elementor-id=\"51004\" class=\"elementor elementor-51004\" data-elementor-settings=\"{&quot;ha_cmc_init_switcher&quot;:&quot;no&quot;}\">\n\t\t\t\t\t\t<section class=\"elementor-section elementor-top-section elementor-element elementor-element-f37001d elementor-section-height-min-height elementor-section-boxed elementor-section-height-default elementor-section-items-middle\" data-id=\"f37001d\" data-element_type=\"section\" data-e-type=\"section\" data-settings=\"{&quot;background_background&quot;:&quot;classic&quot;,&quot;_ha_eqh_enable&quot;:false}\">\n\t\t\t\t\t\t<div class=\"elementor-container elementor-column-gap-default\">\n\t\t\t\t\t<div class=\"elementor-column elementor-col-100 elementor-top-column elementor-element elementor-element-34864aa elementor-invisible\" data-id=\"34864aa\" data-element_type=\"column\" data-e-type=\"column\" data-settings=\"{&quot;animation&quot;:&quot;slideInDown&quot;}\">\n\t\t\t<div class=\"elementor-widget-wrap elementor-element-populated\">\n\t\t\t\t\t\t<div class=\"elementor-element elementor-element-98500eb elementor-widget elementor-widget-heading\" data-id=\"98500eb\" data-element_type=\"widget\" data-e-type=\"widget\" data-widget_type=\"heading.default\">\n\t\t\t\t<div class=\"elementor-widget-container\">\n\t\t\t\t\t<h3 class=\"elementor-heading-title elementor-size-xl\">Edici\u00f3n 28 Julio 2025<\/h3>\t\t\t\t<\/div>\n\t\t\t\t<\/div>\n\t\t\t\t\t<\/div>\n\t\t<\/div>\n\t\t\t\t\t<\/div>\n\t\t<\/section>\n\t\t\t\t<section class=\"elementor-section elementor-top-section elementor-element elementor-element-9e6f6cd elementor-section-boxed elementor-section-height-default elementor-section-height-default\" data-id=\"9e6f6cd\" data-element_type=\"section\" data-e-type=\"section\" data-settings=\"{&quot;_ha_eqh_enable&quot;:false}\">\n\t\t\t\t\t\t<div class=\"elementor-container elementor-column-gap-default\">\n\t\t\t\t\t<div class=\"elementor-column elementor-col-100 elementor-top-column elementor-element elementor-element-7a0d97e\" data-id=\"7a0d97e\" data-element_type=\"column\" data-e-type=\"column\">\n\t\t\t<div class=\"elementor-widget-wrap elementor-element-populated\">\n\t\t\t\t\t\t<div class=\"elementor-element elementor-element-4fa6cef elementor-widget elementor-widget-eael-adv-tabs\" data-id=\"4fa6cef\" data-element_type=\"widget\" data-e-type=\"widget\" data-widget_type=\"eael-adv-tabs.default\">\n\t\t\t\t<div class=\"elementor-widget-container\">\n\t\t\t\t\t        <div data-scroll-on-click=\"no\" data-scroll-speed=\"300\" id=\"eael-advance-tabs-4fa6cef\" class=\"eael-advance-tabs eael-tabs-horizontal eael-tab-auto-active \" data-tabid=\"4fa6cef\">\n            <div class=\"eael-tabs-nav \">\n                <ul class=\"eael-tab-inline-icon\" role=\"tablist\">\n                                            <li id=\"leer-editorial\" class=\"active-default eael-tab-item-trigger eael-tab-nav-item\" aria-selected=\"true\" data-tab=\"1\" role=\"tab\" tabindex=\"0\" aria-controls=\"leer-editorial-tab\" aria-expanded=\"false\">\n                            \n                                                                <i class=\"fas fa-scroll\"><\/i>                                                            \n                                                            <span class=\"eael-tab-title title-after-icon\" >Leer Editorial<\/span>                            \n                                                    <\/li>\n                                            <li id=\"leer-boletn\" class=\"inactive eael-tab-item-trigger eael-tab-nav-item\" aria-selected=\"false\" data-tab=\"2\" role=\"tab\" tabindex=\"-1\" aria-controls=\"leer-boletn-tab\" aria-expanded=\"false\">\n                            \n                                                                <i class=\"far fa-newspaper\"><\/i>                                                            \n                                                            <span class=\"eael-tab-title title-after-icon\" >Leer Bolet\u00edn<\/span>                            \n                                                    <\/li>\n                    \n                                  <\/ul>\n            <\/div>\n            \n            <div class=\"eael-tabs-content\">\n\t\t        \n                    <div id=\"leer-editorial-tab\" class=\"clearfix eael-tab-content-item active-default\" data-title-link=\"leer-editorial-tab\">\n\t\t\t\t        <p><img decoding=\"async\" src=\"https:\/\/flashissue.s3.us-east-1.amazonaws.com\/zr1y47bcRTuozanm0ZZ7_VlJJUF9Cb2xldGluIGJhc2VfZWRpdA==.jpg\" \/><\/p><h3><span style=\"color: #083854\"><strong>El avance de la UBB en el Nature Index 2025<\/strong><\/span><\/h3><p>La Universidad del B\u00edo-B\u00edo ha logrado un hito relevante al posicionarse en el noveno lugar nacional en el prestigioso <em>Nature Index Research Leaders 2025<\/em>, consolid\u00e1ndose entre las diez instituciones chilenas m\u00e1s influyentes en la producci\u00f3n cient\u00edfica de alto impacto.<\/p><p>Este avance, sustentado en publicaciones en revistas de primer nivel internacional, no s\u00f3lo refleja el talento y compromiso de nuestra comunidad investigadora, sino que reafirma el potencial de una universidad p\u00fablica, estatal y biregional para competir con excelencia en el exigente escenario global de la ciencia. En un contexto donde muchos rankings privilegian el volumen de publicaciones, el Nature Index destaca el valor real: la calidad, la colaboraci\u00f3n y la contribuci\u00f3n sustantiva al conocimiento de frontera.<\/p><p>Desde la UBB celebramos este logro como una expresi\u00f3n del trabajo sostenido en \u00e1reas como la f\u00edsica, la ingenier\u00eda y las ciencias aplicadas, y como una se\u00f1al clara de que es posible desarrollar investigaci\u00f3n de clase mundial desde regiones. M\u00e1s a\u00fan, este reconocimiento debe ser le\u00eddo como una oportunidad estrat\u00e9gica para fortalecer nuestro compromiso con una ciencia p\u00fablica, abierta y socialmente pertinente.<\/p><p>Este posicionamiento no solo nos enorgullece, sino que nos desaf\u00eda a seguir avanzando: promoviendo la colaboraci\u00f3n interinstitucional, potenciando el talento, ampliando el impacto territorial de nuestra investigaci\u00f3n y consolidando una cultura cient\u00edfica que articule excelencia con compromiso p\u00fablico.<\/p><p>La UBB demuestra que desde el sur de Chile se puede hacer ciencia que impacta al mundo.<\/p><p><strong>VRIP Comunicaciones<\/strong><\/p><table align=\"center\"><tbody><tr><td id=\"m_8467858756250299110m_4658873428329236187m_-7901358079350462190gmail-twitter-social-link\"><a href=\"https:\/\/www.twitter.com\/FlashIssue\" target=\"_blank\" rel=\"noopener\"><img decoding=\"async\" class=\"CToWUd alignright\" src=\"https:\/\/ci3.googleusercontent.com\/meips\/ADKq_NZE482hZCyf5-eH5kdodW-i7ynf_Uc3o7Y2qVhkxeaBCGxbbRl4hZDL1bqALThwDN-AV5RNZ6NOZSIkeTJldTdvlbzE_6G1poLwYf9t-LR4fd0q_WAWHZ0f4oGdccihLUnmu9qg=s0-d-e1-ft#https:\/\/app.flashissue.com\/images\/social-icons\/round\/twitter\/grey\/twitter48.png\" \/><\/a><\/td><td>\u00a0<\/td><td id=\"m_8467858756250299110m_4658873428329236187m_-7901358079350462190gmail-youtube-social-link\"><a href=\"https:\/\/www.youtube.com\/channel\/UCf7o8yHRJ7Y_QQLxwu1KQgA\" target=\"_blank\" rel=\"noopener\"><img decoding=\"async\" class=\"CToWUd aligncenter\" src=\"https:\/\/ci3.googleusercontent.com\/meips\/ADKq_NZcx2sA8E3XSq35qpW98I3eb4zPATi0zr1ga9xoEv8HiKSPkRr0My77uw7jNpJiWcrZ-gHmEI2j5re0zjRI8wDsIoJbNevCaWCGyGWLOqc5TP4GPbVwQ1Wro4I6X8LmS5lWPhVl=s0-d-e1-ft#https:\/\/app.flashissue.com\/images\/social-icons\/round\/youtube\/grey\/youtube48.png\" \/><\/a><\/td><td>\u00a0<\/td><td id=\"m_8467858756250299110m_4658873428329236187m_-7901358079350462190gmail-instagram-social-link\"><a href=\"https:\/\/www.instagram.com\/vrip_ubb\" target=\"_blank\" rel=\"noopener\"><img decoding=\"async\" class=\"CToWUd alignleft\" src=\"https:\/\/app.flashissue.com\/images\/social-icons\/round\/instagram\/grey\/instagram48.png\" \/><\/a><\/td><\/tr><\/tbody><\/table><p><a href=\"https:\/\/vrip.ubiobio.cl\/informativos-vrip\/\" target=\"_blank\" rel=\"noopener\"><img fetchpriority=\"high\" decoding=\"async\" class=\"aligncenter\" src=\"https:\/\/flashissue.s3.us-east-1.amazonaws.com\/wn9DyI72QZaEm43a79u8_VlJJUF9Cb2xldGluIGJhc2VfcGllIHBhZw==.jpg\" width=\"616\" height=\"121\" \/><\/a><\/p><p style=\"text-align: center\">Vicerrector\u00eda de Investigaci\u00f3n y Postgrado &#8211; Universidad del B\u00edo-B\u00edo<br \/><span style=\"background-color: transparent\">Todos los derechos reservados.<br \/><\/span><span style=\"background-color: transparent\">Av. Collao 1202, Concepci\u00f3n \/ Av. Andr\u00e9s Bello s\/n, Chill\u00e1n<br \/><\/span><span style=\"background-color: transparent\">Comentarios a:\u00a0<\/span><strong style=\"background-color: transparent\"><a href=\"mailto:vripcomunicaciones@ubiobio.cl?subject=Comentario%20newsletter\" target=\"_blank\" rel=\"noopener\">vripcomunicaciones@ubiobio.cl<\/a><\/strong><\/p>                    <\/div>\n\t\t        \n                    <div id=\"leer-boletn-tab\" class=\"clearfix eael-tab-content-item inactive\" data-title-link=\"leer-boletn-tab\">\n\t\t\t\t        <p><img decoding=\"async\" src=\"https:\/\/flashissue.s3.us-east-1.amazonaws.com\/gGIsEHrdSs2FD5KEhSxm_VlJJUF9Cb2xldGluIGJhc2VfZW5jYWJlemFkbw==.jpg\" \/><\/p><h3><img decoding=\"async\" src=\"https:\/\/ci3.googleusercontent.com\/meips\/ADKq_NaAVTwZSEGwgy311bR4aN2_IrwnXWWJVg1UqbyAYNiqOa6byUbo2pA7nw_PpbteDLe2iNOvod8iJrem254jTWMtWqNuJydT7BRyReUeMv3yyKDj05kyR5vcnxQS7mxXTHc=s0-d-e1-ft#https:\/\/flashissue.s3.us-east-1.amazonaws.com\/hs3zPOCQRO0pKhVx88wS_NA==.png\" \/><\/h3><h3><span style=\"color: #073753\"><strong>Unidad de Emprendimiento UBB visita Per\u00fa para conocer experiencias internacionales en innovaci\u00f3n y emprendimiento universitario<\/strong><\/span><\/h3><p>Con el objetivo de fortalecer sus capacidades institucionales y enriquecer el ecosistema de innovaci\u00f3n y emprendimiento universitario, un equipo de la Unidad de Emprendimiento de la Universidad del B\u00edo-B\u00edo (UBB) viaj\u00f3 a Lima, Per\u00fa, para participar en el Encuentro Binacional MetaRed X, realizado los d\u00edas jueves 10, viernes 11 y s\u00e1bado 12 de julio de 2025. La delegaci\u00f3n estuvo integrada por Solange Sep\u00falveda, Camila S\u00e1ez y el coordinador de la Unidad, Luis Dur\u00e1n.<\/p><p><em>Ver m\u00e1s:\u00a0<\/em><a href=\"https:\/\/vrip.ubiobio.cl\/inicio\/noticias\/unidad-de-emprendimiento-ubb-visita-peru-para-conocer-experiencias-internacionales-en-innovacion-y-emprendimiento-universitario\/\" target=\"_blank\" rel=\"noopener\">https:\/\/vrip.ubiobio.cl\/inicio\/noticias\/unidad-de-emprendimiento-ubb-visita-peru-para-conocer-experiencias-internacionales-en-innovacion-y-emprendimiento-universitario\/<\/a><\/p><hr \/><p><img decoding=\"async\" src=\"https:\/\/ci3.googleusercontent.com\/meips\/ADKq_Nbwfmn6-88ASrVShXfvDzNnZcx1Zg7k2j8s63yY83LflIcHw9WsoOE0Od8JJUt3kuh0zBNyw7FWRf2F1hS_fzFT8d4Aa4QNjSDMvgygxO09fFKHVvLp1fimh5ZBvnDK79I=s0-d-e1-ft#https:\/\/flashissue.s3.us-east-1.amazonaws.com\/KVwBZUTSKa6bkStjeMAz_OA==.png\" \/><\/p><h3><span style=\"color: #073753\"><strong>Proyecto FIUT-UBB desarroll\u00f3 taller online para fortalecer objetivos estrat\u00e9gicos del Plan de Capacidades Institucionales en I+D+i<\/strong><\/span><\/h3><p>Con la participaci\u00f3n de 16 asistentes y la asesor\u00eda t\u00e9cnica de la consultora Zenit, el proyecto FIUT-UBB realiz\u00f3 un nuevo taller online orientado a revisar y fortalecer la propuesta de objetivos estrat\u00e9gicos, resultados e hitos esperados del Plan de Capacidades Institucionales en I+D+i (PCI), en el marco del proyecto de Fondo Universitario Territorial.<\/p><p><em>Ver m\u00e1s:\u00a0<\/em><a href=\"https:\/\/vrip.ubiobio.cl\/inicio\/noticias\/proyecto-fiut-ubb-desarrollo-taller-online-para-fortalecer-objetivos-estrategicos-del-plan-de-capacidades-institucionales-en-idi\/\" target=\"_blank\" rel=\"noopener\">https:\/\/vrip.ubiobio.cl\/inicio\/noticias\/proyecto-fiut-ubb-desarrollo-taller-online-para-fortalecer-objetivos-estrategicos-del-plan-de-capacidades-institucionales-en-idi\/<\/a><\/p><hr \/><p><img decoding=\"async\" src=\"https:\/\/ci3.googleusercontent.com\/meips\/ADKq_NaPOq0clLvX9sBaDig-3DdGbjX-jGerPAvuWNiwZ-Ns43po7ipOmd8vZWhM6HjBScGbLysNEb2vhcgaUPA5dr979-iDuFzhMcidUuhIGqT_PpPvxFlkKoTXQ7Q9A9phtex71lJoZUp8L3AAY3zxLTnN1j2deSHHrto=s0-d-e1-ft#https:\/\/flashissue.s3.us-east-1.amazonaws.com\/q2hgevCyTIS1RrizOxSC_VlJJUF85bm8gTmF0dXJlSW5kZXg=.jpg\" \/><\/p><h3><span style=\"color: #073753\"><strong>Universidad del B\u00edo-B\u00edo avanza al 9\u00b0 lugar, en el Ranking Nature Index 2025 consolid\u00e1ndose entre las mejores del pa\u00eds<\/strong><\/span><\/h3><p>La Universidad del B\u00edo-B\u00edo mostr\u00f3 un significativo avance en el Ranking Nature Index Research Leaders 2025, logrando el noveno lugar a nivel nacional.<\/p><p><em>Ver m\u00e1s:\u00a0<\/em><a href=\"https:\/\/vrip.ubiobio.cl\/inicio\/destacados\/universidad-del-bio-bio-avanza-al-9-lugar-en-el-ranking-nature-index-2025-consolidandose-entre-las-mejores-del-pais\/\" target=\"_blank\" rel=\"noopener\">https:\/\/vrip.ubiobio.cl\/inicio\/destacados\/universidad-del-bio-bio-avanza-al-9-lugar-en-el-ranking-nature-index-2025-consolidandose-entre-las-mejores-del-pais\/<\/a><\/p><hr \/><p><img decoding=\"async\" src=\"https:\/\/ci3.googleusercontent.com\/meips\/ADKq_Nb5c7Jaoabv4Vr8ekSUjBbdczf7UmQ8z171wf3pK1_7_1i1Sa5h4SvyJehZDM0lpUCCk8ldjDC1ADCWSsETqkgI3u4Xeae3hMz6wSD75xP4l-ltQbMjTSLjSKttPueECLs=s0-d-e1-ft#https:\/\/flashissue.s3.us-east-1.amazonaws.com\/8KZXYioWQduzoQd6NBV7_MQ==.png\" \/><\/p><h3><span style=\"color: #073753\"><strong>Nueva Vicerrectora de Investigaci\u00f3n y Postgrado UBB comparte avances y desaf\u00edos con directores de Departamentos en el Campus Concepci\u00f3n<\/strong><\/span><\/h3><p>Con el objetivo de fortalecer el trabajo conjunto entre las unidades acad\u00e9micas y la Vicerrector\u00eda de Investigaci\u00f3n y Postgrado (VRIP), la Dra. Claudia Mu\u00f1oz Sanguinetti, recientemente asumida en el cargo, sostuvo un encuentro con los directores de Departamentos del Campus Concepci\u00f3n. La reuni\u00f3n cont\u00f3 con la presencia de la prorrectora, Dra. Ang\u00e9lica Caro Guti\u00e9rrez, y del director de Innovaci\u00f3n, Dr. Mario N\u00fa\u00f1ez Decap.<\/p><p><em>Ver m\u00e1s:\u00a0<\/em><a href=\"https:\/\/vrip.ubiobio.cl\/inicio\/noticias\/nueva-vicerrectora-de-investigacion-y-postgrado-comparte-avances-y-desafios-con-directores-de-departamentos-en-el-campus-concepcion\/\" target=\"_blank\" rel=\"noopener\">https:\/\/vrip.ubiobio.cl\/inicio\/noticias\/nueva-vicerrectora-de-investigacion-y-postgrado-comparte-avances-y-desafios-con-directores-de-departamentos-en-el-campus-concepcion\/<\/a><\/p><hr \/><p><img decoding=\"async\" src=\"https:\/\/ci3.googleusercontent.com\/meips\/ADKq_NYDpb7_wCtwzVF0PluMH0JGgvN3kQrogTbsgTvv8J9rQhjS9u5lBi2WprzufT9VhDEKmUGeItlY2k7LwtDHCSAFTLLnqbph4CaYLqEaF9XAiI8-lc5poghtD_rXaXETTGc=s0-d-e1-ft#https:\/\/flashissue.s3.us-east-1.amazonaws.com\/3tt63SdgSGCJqUDuh0bm_NQ==.png\" \/><\/p><h3><span style=\"color: #073753\"><strong>Ruta Tecnol\u00f3gica UBB: Subdirecci\u00f3n de Innovaci\u00f3n recibe a emprendedores del Centro de Negocios Sercotec San Carlos<\/strong><\/span><\/h3><p>En el marco de la Ruta Tecnol\u00f3gica UBB, la Subdirecci\u00f3n de Innovaci\u00f3n de la Universidad del B\u00edo-B\u00edo recibi\u00f3 a un grupo de emprendedores del Centro de Negocios Sercotec San Carlos, con el objetivo de dar a conocer las capacidades tecnol\u00f3gicas e infraestructuras de investigaci\u00f3n aplicada que la instituci\u00f3n pone a disposici\u00f3n del ecosistema emprendedor.<\/p><p><em>Ver m\u00e1s:\u00a0<\/em><a href=\"https:\/\/vrip.ubiobio.cl\/inicio\/noticias\/ruta-tecnologica-ubb-subdireccion-de-innovacion-recibe-a-emprendedores-del-centro-de-negocios-sercotec-san-carlos\/\" target=\"_blank\" rel=\"noopener\">https:\/\/vrip.ubiobio.cl\/inicio\/noticias\/ruta-tecnologica-ubb-subdireccion-de-innovacion-recibe-a-emprendedores-del-centro-de-negocios-sercotec-san-carlos\/<\/a><\/p><hr \/><p><img decoding=\"async\" src=\"https:\/\/ci3.googleusercontent.com\/meips\/ADKq_NYg-iERwcYN1nJshzlLCLm6JrKXi380zs6mPAyCdOb2_ybzxfr6LCNRhK552AlB3MF2c-gHg6OFMRAAl8t9sAIAnPlnT8bPbNT_SKiYZSjzKVQfISA85TvF_mo2ePqKGhg=s0-d-e1-ft#https:\/\/flashissue.s3.us-east-1.amazonaws.com\/X7GTRi5ARWaa0YoQlRdG_Mg==.png\" \/><\/p><h3><span style=\"color: #073753\"><strong>Proyecto PATI impulsa robotizaci\u00f3n y monitoreo en SSGM junto a UBB<\/strong><\/span><\/h3><p>La industria maderera del Biob\u00edo avanza firmemente hacia la automatizaci\u00f3n y la transformaci\u00f3n digital, gracias al trabajo conjunto de la Universidad del B\u00edo-B\u00edo, la empresa SSGM y el apoyo de Corfo, a trav\u00e9s del Proyecto PATI (Programa de Apoyo a la Transferencia Tecnol\u00f3gica e Innovaci\u00f3n).<\/p><p><em>Ver m\u00e1s:\u00a0<\/em><a href=\"https:\/\/vrip.ubiobio.cl\/inicio\/noticias\/proyecto-pati-impulsa-robotizacion-y-monitoreo-en-ssgm-junto-a-ubb\/\" target=\"_blank\" rel=\"noopener\">https:\/\/vrip.ubiobio.cl\/inicio\/noticias\/proyecto-pati-impulsa-robotizacion-y-monitoreo-en-ssgm-junto-a-ubb\/<\/a><\/p><hr \/><p><img decoding=\"async\" src=\"https:\/\/ci3.googleusercontent.com\/meips\/ADKq_NbdmLLvOhXrOPLRjqKr5RM4MJntBxxm9ds1BQZY6vxVqtqEv6caiew8LNH8tTUQAVex2lSoE9V_CnKzUgLx6ANOp4XDDuVjrSbv_EUiTTU7YP92IwGj7iJNSO8n4Pc5dTA=s0-d-e1-ft#https:\/\/flashissue.s3.us-east-1.amazonaws.com\/nhaVB3hPSy6Xp5Rw7vVY_Nw==.png\" \/><\/p><h3><span style=\"color: #073753\"><strong>Proyecto Innova Mujer STEM de la Universidad del B\u00edo-B\u00edo, financiado por CORFO Viraliza, inspira a estudiantes en ciencia, innovaci\u00f3n y emprendimiento<\/strong><\/span><\/h3><p>Estudiantes de ense\u00f1anza b\u00e1sica y media, provenientes de establecimientos de Talcahuano, R\u00edo Claro de Yumbel, San Pedro de la Paz, Concepci\u00f3n, Chiguayante y Hualqui, participaron en el Festival de Ciencia, Innovaci\u00f3n y Emprendimiento Joven en STEM, realizado en la Universidad del B\u00edo-B\u00edo, en el marco de un proyecto CORFO Viraliza de la Facultad de Ingenier\u00eda. La actividad busc\u00f3 acercar a ni\u00f1as, ni\u00f1os y j\u00f3venes al mundo cient\u00edfico-tecnol\u00f3gico desde una perspectiva innovadora y con enfoque de equidad de g\u00e9nero.<\/p><p><em>Ver m\u00e1s:\u00a0<\/em><a href=\"https:\/\/vrip.ubiobio.cl\/inicio\/noticias\/proyecto-innova-mujer-stem-de-la-universidad-del-bio-bio-financiado-por-corfo-viraliza-inspira-a-estudiantes-en-ciencia-innovacion-y-emprendimiento\/\" target=\"_blank\" rel=\"noopener\">https:\/\/vrip.ubiobio.cl\/inicio\/noticias\/proyecto-innova-mujer-stem-de-la-universidad-del-bio-bio-financiado-por-corfo-viraliza-inspira-a-estudiantes-en-ciencia-innovacion-y-emprendimiento\/<\/a><\/p><hr \/><p><img decoding=\"async\" src=\"https:\/\/ci3.googleusercontent.com\/meips\/ADKq_NY5gmdpxUPs4L-UlfbMihkt36yExPex5St-wJZPVTHQmBmE6SSy3VTeaNULXdj4voBgK0YDx3i6iaTG4-8aUzZbf3_czKzBRY1aV7kAnPhfHZIgH8Mka5KP9rLndc8dHi8=s0-d-e1-ft#https:\/\/flashissue.s3.us-east-1.amazonaws.com\/35u0biZOT5OLbXZNMU5X_Ng==.png\" \/><\/p><h3><span style=\"color: #073753\"><strong>Director de Proyecto Anillo DSALT present\u00f3 en conferencia en Hong Kong<\/strong><\/span><\/h3><p>En la City University of Hong Kong, se realiz\u00f3 la conferencia internacional \u2018Advance Numerical Schemes for Challenging PDEs \u2013 ICANS 2025\u2019 que reuni\u00f3 a un grupo diverso de especialistas en torno a los actuales avances y desaf\u00edos del \u00e1rea con aplicaciones cient\u00edficas y de ingenier\u00eda. El Dr. Ricardo Oyarz\u00faa, director del Proyecto Anillo DSALT y director del Departamento de Matem\u00e1ticas de la Universidad del B\u00edo-B\u00edo fue el \u00fanico investigador de una universidad iberoamericana que expuso en este congreso.<\/p><p><em>Ver m\u00e1s:\u00a0<\/em><a href=\"https:\/\/vrip.ubiobio.cl\/inicio\/noticias\/director-de-proyecto-anillo-dsalt-presento-en-conferencia-en-hong-kong\/\" target=\"_blank\" rel=\"noopener\">https:\/\/vrip.ubiobio.cl\/inicio\/noticias\/director-de-proyecto-anillo-dsalt-presento-en-conferencia-en-hong-kong\/<\/a><\/p><hr \/><h3><span style=\"color: #073753\"><strong><img decoding=\"async\" src=\"https:\/\/ci3.googleusercontent.com\/meips\/ADKq_Nba3QThRqhSLm1SJajbDzBt2CDDyR0EJKrelbAJkf3E_Eo5ikeOdAQW0yW6hgk7iBz1zaYH7B29oyba-XZQATl8npIWsPugkh06LdpEz1IqE4F5FKv3KXsXU5MDuf8LDoA=s0-d-e1-ft#https:\/\/flashissue.s3.us-east-1.amazonaws.com\/KHLGu9C6RG6lDOghiiAR_Mw==.png\" \/><\/strong><\/span><\/h3><h3><span style=\"color: #073753\"><strong>CRUCH reuni\u00f3 a expertas y expertos en conversatorio sobre nuevos criterios de acreditaci\u00f3n con foco en el Postgrado<\/strong><\/span><\/h3><p>El Conversatorio \u201cExperiencias Universitarias y nuevos criterios de acreditaci\u00f3n institucional con foco en el Postgrado\u201d, organizado de manera virtual por la Comisi\u00f3n de Postgrado del Consejo de Rectoras y Rectores de las Universidades Chilenas (CRUCH), concit\u00f3 el inter\u00e9s de un amplio p\u00fablico de las comunidades universitarias. En representaci\u00f3n de la Universidad del B\u00edo-B\u00edo, expuso el director de la Unidad de Aseguramiento de la Calidad Dr. Pedro Campos.<\/p><p><em>Ver m\u00e1s:\u00a0<\/em><a href=\"https:\/\/noticias.ubiobio.cl\/2025\/07\/17\/cruch-reunio-a-expertas-y-expertos-en-conversatorio-sobre-nuevos-criterios-de-acreditacion-con-foco-en-el-postgrado\/\" target=\"_blank\" rel=\"noopener\">https:\/\/noticias.ubiobio.cl\/2025\/07\/17\/cruch-reunio-a-expertas-y-expertos-en-conversatorio-sobre-nuevos-criterios-de-acreditacion-con-foco-en-el-postgrado\/<\/a><\/p><hr \/><p><img decoding=\"async\" src=\"https:\/\/flashissue.s3.us-east-1.amazonaws.com\/6rwuC3hdQ8eVAkJb2oCF_VlJJUF9Cb2xldGluIGJhc2VfZWRpdA==.jpg\" \/><\/p><h3><span style=\"color: #073753\"><strong>Editorial | El avance de la UBB en el Nature Index 2025<\/strong><\/span><\/h3><p><em>Ver m\u00e1s:\u00a0<\/em><a href=\"https:\/\/vrip.ubiobio.cl\/inicio\/informativos-vrip\/edicion-28-julio-2025\/\" target=\"_blank\" rel=\"noopener\">https:\/\/vrip.ubiobio.cl\/inicio\/informativos-vrip\/edicion-28-julio-2025\/<\/a><\/p><hr \/><p><img decoding=\"async\" src=\"https:\/\/flashissue.s3.us-east-1.amazonaws.com\/vGCRHqu5TAydAm2Ahi5g_VlJJUF9Cb2xldGluIGJhc2VfaW5mbw==.jpg\" \/><\/p><p><img decoding=\"async\" src=\"https:\/\/ci3.googleusercontent.com\/meips\/ADKq_NZbibC_DzguGXn-SapcNTXc8bA3jG7IcoqT0TixFvOPYIs47gsyR7Ji5v9iG8mLgfXl42CGVmu3kWwqzqNlcLWJS8wlLC2Yx5rIfSeg6R9t1XvqAQfZ5eaPlHbFFwaoWPnSIc2DMZcJYQRUd6xiyVvU8tJ2hHV2Ogo=s0-d-e1-ft#https:\/\/flashissue.s3.us-east-1.amazonaws.com\/XEsuIswkTqGfVIAQLFhl_dmluY3VsYV9CYW5uZXIgdnJpcA==.jpg\" \/><\/p><h3><span style=\"color: #073753\"><strong>\u00a1S\u00e9 parte de VINCULA!<\/strong><\/span><\/h3><p>Te queremos agradecer por ser parte de Vincula e invitarte a seguir construyendo juntos una red activa de colaboraci\u00f3n acad\u00e9mica para la buena pol\u00edtica p\u00fablica.<\/p><p>\u00bfTrabajas en red con acad\u00e9micos y acad\u00e9micas cuya investigaci\u00f3n puede ser un aporte a las pol\u00edticas p\u00fablicas? Ay\u00fadanos a sumarlos a esta iniciativa conjunta invit\u00e1ndolos a registrarse, completar y activar su perfil usando el buscador de proyectos de ley y activando la opci\u00f3n de seguimiento de proyectos de ley, adem\u00e1s de usar la herramienta de registro de aportes para contribuir con conocimiento escrito al debate legislativo. \u00bfC\u00f3mo hacerlo? Comparte este enlace de registro a tus colegas<a href=\"https:\/\/app.vincula.cl\/scholar\/home\" target=\"_blank\" rel=\"noopener\">\u00a0https:\/\/app.vincula.cl\/scholar\/home<\/a><\/p><p>Pide a tus colegas que se registren usando su mail institucional.<\/p><hr \/><p><img decoding=\"async\" src=\"https:\/\/ci3.googleusercontent.com\/meips\/ADKq_NYlUgfm2H8JNcibz-I1VJBC3Xlm8eVSBTgADy-hmOrfAR2YGIcN8uDzxIEXKXZ2ALUTdO_uxsgSeXS28pgxsmxi9ZU3u5w5oT72a_P2UZ-CUFbewW_pJKaAe7ek9QbN34k=s0-d-e1-ft#https:\/\/flashissue.s3.us-east-1.amazonaws.com\/16GH7AXNTSabOxiQlvpO_Mw==.png\" \/><\/p><h3><span style=\"color: #073753\"><strong>Innova Mujer Stem:\u00a0Mujeres que inspiran, ciencia que transforma, innovaci\u00f3n que une fronteras<\/strong><\/span><\/h3><p>Les invitamos a participar del encuentro femenino STEM m\u00e1s importante del sur de Chile con tremendas expositoras que, con su voz y experiencia, inspirar\u00e1n a ni\u00f1as, adolescentes y mujeres a abrirse camino en el mundo STEM<\/p><p>\u00a0Inspiremos juntos a las futuras generaciones a descubrir su potencial con ingenio, pasi\u00f3n y creatividad.<\/p><p>La fecha es para este\u00a0pr\u00f3ximo 6 y 7 de agosto en la Universidad del B\u00edo-B\u00edo, Concepci\u00f3n. Proyecto Viraliza CORFO @fomentobiobio.<\/p><p><em>Ver m\u00e1s:\u00a0<\/em><a href=\"http:\/\/bit.ly\/3TTUoZE\" target=\"_blank\" rel=\"noopener\">http:\/\/bit.ly\/3TTUoZE<\/a><\/p><hr \/><p><img decoding=\"async\" src=\"https:\/\/ci3.googleusercontent.com\/meips\/ADKq_Na9ASYWelfSmZ6-JD_0106hdMe8U77F9obVVzkUHTZfjMaIxZrFQ3IsWoGh83nevcvm7rTTTwnCqH_8gRU974qoKOsX2UrzJXq73oGW8SrRVbqhCEGJukc7TB0levIF6rw=s0-d-e1-ft#https:\/\/flashissue.s3.us-east-1.amazonaws.com\/H2FXht0YQDOgOoYwoGGn_NA==.png\" \/><\/p><h3><span style=\"color: #073753\"><strong>Segunda versi\u00f3n del Dual Hub Summit<\/strong><\/span><\/h3><p>Un encuentro \u00fanico que re\u00fane al sector p\u00fablico, defensa, ciencia, industria y emprendimiento para impulsar la innovaci\u00f3n dual como estrategia de desarrollo para Chile.<\/p><p>Este nuevo evento busca abrir conversaciones necesarias para conectar capacidades cient\u00edficas y tecnol\u00f3gicas con problemas reales, y usar la inversi\u00f3n p\u00fablica en tecnolog\u00eda como palanca de desarrollo productivo, territorial y sostenible.<\/p><p>\u00a1No te pierdas la oportunidad de ser parte de la comunidad que est\u00e1 transformando la ciencia en innovaci\u00f3n con impacto real!<\/p><p><em>M\u00e1s informaci\u00f3n:<\/em><a href=\"https:\/\/www.dualhub.cl\/\" target=\"_blank\" rel=\"noopener\">\u00a0https:\/\/www.dualhub.cl\/<\/a><\/p><hr \/><p><img decoding=\"async\" src=\"https:\/\/ci3.googleusercontent.com\/meips\/ADKq_NY5M_tgqltt87mZT1TGRsQxzjtAPmfzAQqY6VrURwPYFNFNj2rD7Rt42dX7sFdlNTH7Fw57ZokOjYMbGaPigA6-LVcAViyKfWSMQYcY2yitDQ4VgiiY-lqFCDEZqEwH1Ag3UwzkJO53-uSy6Yc=s0-d-e1-ft#https:\/\/flashissue.s3.us-east-1.amazonaws.com\/ZemXTJEgQT4tZsJlii0w_dW5uYW1lZCAoMSk=.png\" \/><\/p><h3><strong>Primer ciclo formativo 2025 de la Expo De Mar a Cordillera<\/strong><\/h3><p>La Expo \u201cDe Mar a Cordillera\u201d re\u00fane a creadoras y creadores del Biob\u00edo en un espacio pensado para visibilizar el arte, la artesan\u00eda y los oficios creativos de nuestro territorio. Organizada por la Seremi de las Culturas, las Artes y el Patrimonio de la Regi\u00f3n del Biob\u00edo (@culturas_biobio), en colaboraci\u00f3n con la Secretar\u00eda Ejecutiva de @economiascreativas y la Escuela de @disenoindustrialubb.<\/p><p>Este ciclo contempla talleres, charlas, un workshop y un seminario, con contenidos enfocados en financiamiento, formulaci\u00f3n de proyectos, gesti\u00f3n cultural y sostenibilidad. Modalidad: virtual y presencial (seg\u00fan actividad).\u00a0Una instancia clave para promover y fortalecer las econom\u00edas creativas en la regi\u00f3n.<\/p><p><em>M\u00e1s informaci\u00f3n:\u00a0<a href=\"https:\/\/www.instagram.com\/artesyoficiosbiobio\/\" target=\"_blank\" rel=\"noopener\">https:\/\/www.instagram.com\/artesyoficiosbiobio\/<\/a><\/em><\/p><hr \/><p><img decoding=\"async\" src=\"https:\/\/flashissue.s3.us-east-1.amazonaws.com\/8oQjs5dhQBDnO4JrXuUv_UG9zdGdyYWRvX1Byb2dyYW1hc19pbmZvcm1hdGl2bw==.jpg\" \/><\/p><h3><span style=\"color: #073753\"><strong>Programas de Postgrados UBB disponibles<\/strong><\/span><\/h3><p><em>Ver m\u00e1s:<\/em> <a href=\"http:\/\/postgrados.ubiobio.cl\/\" target=\"_blank\" rel=\"noopener\">http:\/\/postgrados.ubiobio.cl\/<\/a><\/p><hr \/><table align=\"center\"><tbody><tr><td id=\"m_8467858756250299110m_4658873428329236187m_-7901358079350462190gmail-twitter-social-link\"><a href=\"https:\/\/www.twitter.com\/FlashIssue\" target=\"_blank\" rel=\"noopener\"><img decoding=\"async\" class=\"CToWUd alignright\" src=\"https:\/\/app.flashissue.com\/images\/social-icons\/round\/twitter\/grey\/twitter48.png\" \/><\/a><\/td><td id=\"m_8467858756250299110m_4658873428329236187m_-7901358079350462190gmail-youtube-social-link\"><a href=\"https:\/\/www.youtube.com\/channel\/UCf7o8yHRJ7Y_QQLxwu1KQgA\" target=\"_blank\" rel=\"noopener\"><img decoding=\"async\" class=\"CToWUd aligncenter\" src=\"https:\/\/app.flashissue.com\/images\/social-icons\/round\/youtube\/grey\/youtube48.png\" \/><\/a><\/td><td id=\"m_8467858756250299110m_4658873428329236187m_-7901358079350462190gmail-instagram-social-link\"><a href=\"https:\/\/www.instagram.com\/vrip_ubb\" target=\"_blank\" rel=\"noopener\"><img decoding=\"async\" class=\"CToWUd alignleft\" src=\"https:\/\/app.flashissue.com\/images\/social-icons\/round\/instagram\/grey\/instagram48.png\" \/><\/a><\/td><\/tr><\/tbody><\/table><p><img decoding=\"async\" src=\"https:\/\/flashissue.s3.us-east-1.amazonaws.com\/wn9DyI72QZaEm43a79u8_VlJJUF9Cb2xldGluIGJhc2VfcGllIHBhZw==.jpg\" \/><\/p><p style=\"text-align: center\">Vicerrector\u00eda de Investigaci\u00f3n y Postgrado &#8211; Universidad del B\u00edo-B\u00edo<br \/><span style=\"background-color: transparent\">Todos los derechos reservados.<br \/><\/span><span style=\"background-color: transparent\">Av. Collao 1202, Concepci\u00f3n \/ Av. Andr\u00e9s Bello s\/n, Chill\u00e1n<br \/><\/span><span style=\"background-color: transparent\">Comentarios a:\u00a0<\/span><strong style=\"background-color: transparent\"><a href=\"mailto:vripcomunicaciones@ubiobio.cl?subject=Comentario%20newsletter\" target=\"_blank\" rel=\"noopener\">vripcomunicaciones@ubiobio.cl<\/a><\/strong><\/p>                    <\/div>\n\t\t                    <\/div>\n        <\/div>\n\t\t\t\t<\/div>\n\t\t\t\t<\/div>\n\t\t\t\t\t<\/div>\n\t\t<\/div>\n\t\t\t\t\t<\/div>\n\t\t<\/section>\n\t\t\t\t<\/div>\n\t\t","protected":false},"excerpt":{"rendered":"<p>Edici\u00f3n 28 Julio 2025 Leer Editorial Leer Bolet\u00edn El avance de la UBB en el Nature Index 2025 La Universidad del B\u00edo-B\u00edo ha logrado un hito relevante al posicionarse en el noveno lugar nacional en el prestigioso Nature Index Research Leaders 2025, consolid\u00e1ndose entre las diez instituciones chilenas m\u00e1s influyentes en la producci\u00f3n cient\u00edfica de&#8230;<\/p>\n","protected":false},"author":1,"featured_media":0,"parent":41711,"menu_order":0,"comment_status":"closed","ping_status":"closed","template":"","meta":{"_kadence_starter_templates_imported_post":false,"_kad_post_transparent":"default","_kad_post_title":"hide","_kad_post_layout":"fullwidth","_kad_post_sidebar_id":"","_kad_post_content_style":"unboxed","_kad_post_vertical_padding":"hide","_kad_post_feature":"hide","_kad_post_feature_position":"","_kad_post_header":false,"_kad_post_footer":false,"footnotes":""},"class_list":["post-51004","page","type-page","status-publish","hentry"],"yoast_head":"<!-- This site is optimized with the Yoast SEO plugin v27.5 - https:\/\/yoast.com\/product\/yoast-seo-wordpress\/ -->\n<title>Informativo VRIP 28 Julio 2025 - VRIP<\/title>\n<meta name=\"robots\" content=\"index, follow, max-snippet:-1, max-image-preview:large, max-video-preview:-1\" \/>\n<link rel=\"canonical\" href=\"https:\/\/vrip.ubiobio.cl\/inicio\/informativos-vrip\/edicion-28-julio-2025\/\" \/>\n<meta property=\"og:locale\" content=\"es_ES\" \/>\n<meta property=\"og:type\" content=\"article\" \/>\n<meta property=\"og:title\" content=\"Informativo VRIP 28 Julio 2025 - VRIP\" \/>\n<meta property=\"og:description\" content=\"Edici\u00f3n 28 Julio 2025 Leer Editorial Leer Bolet\u00edn El avance de la UBB en el Nature Index 2025 La Universidad del B\u00edo-B\u00edo ha logrado un hito relevante al posicionarse en el noveno lugar nacional en el prestigioso Nature Index Research Leaders 2025, consolid\u00e1ndose entre las diez instituciones chilenas m\u00e1s influyentes en la producci\u00f3n cient\u00edfica de...\" \/>\n<meta property=\"og:url\" content=\"https:\/\/vrip.ubiobio.cl\/inicio\/informativos-vrip\/edicion-28-julio-2025\/\" \/>\n<meta property=\"og:site_name\" content=\"VRIP\" \/>\n<meta property=\"article:modified_time\" content=\"2025-07-28T16:41:56+00:00\" \/>\n<meta property=\"og:image\" content=\"https:\/\/flashissue.s3.us-east-1.amazonaws.com\/zr1y47bcRTuozanm0ZZ7_VlJJUF9Cb2xldGluIGJhc2VfZWRpdA==.jpg\" \/>\n<meta name=\"twitter:card\" content=\"summary_large_image\" \/>\n<meta name=\"twitter:site\" content=\"@vripubb\" \/>\n<meta name=\"twitter:label1\" content=\"Tiempo de lectura\" \/>\n\t<meta name=\"twitter:data1\" content=\"8 minutos\" \/>\n<script type=\"application\/ld+json\" class=\"yoast-schema-graph\">{\"@context\":\"https:\\\/\\\/schema.org\",\"@graph\":[{\"@type\":\"WebPage\",\"@id\":\"https:\\\/\\\/vrip.ubiobio.cl\\\/inicio\\\/informativos-vrip\\\/edicion-28-julio-2025\\\/\",\"url\":\"https:\\\/\\\/vrip.ubiobio.cl\\\/inicio\\\/informativos-vrip\\\/edicion-28-julio-2025\\\/\",\"name\":\"Informativo VRIP 28 Julio 2025 - VRIP\",\"isPartOf\":{\"@id\":\"https:\\\/\\\/vrip.ubiobio.cl\\\/inicio\\\/#website\"},\"primaryImageOfPage\":{\"@id\":\"https:\\\/\\\/vrip.ubiobio.cl\\\/inicio\\\/informativos-vrip\\\/edicion-28-julio-2025\\\/#primaryimage\"},\"image\":{\"@id\":\"https:\\\/\\\/vrip.ubiobio.cl\\\/inicio\\\/informativos-vrip\\\/edicion-28-julio-2025\\\/#primaryimage\"},\"thumbnailUrl\":\"https:\\\/\\\/flashissue.s3.us-east-1.amazonaws.com\\\/zr1y47bcRTuozanm0ZZ7_VlJJUF9Cb2xldGluIGJhc2VfZWRpdA==.jpg\",\"datePublished\":\"2025-07-24T21:21:33+00:00\",\"dateModified\":\"2025-07-28T16:41:56+00:00\",\"breadcrumb\":{\"@id\":\"https:\\\/\\\/vrip.ubiobio.cl\\\/inicio\\\/informativos-vrip\\\/edicion-28-julio-2025\\\/#breadcrumb\"},\"inLanguage\":\"es\",\"potentialAction\":[{\"@type\":\"ReadAction\",\"target\":[\"https:\\\/\\\/vrip.ubiobio.cl\\\/inicio\\\/informativos-vrip\\\/edicion-28-julio-2025\\\/\"]}]},{\"@type\":\"ImageObject\",\"inLanguage\":\"es\",\"@id\":\"https:\\\/\\\/vrip.ubiobio.cl\\\/inicio\\\/informativos-vrip\\\/edicion-28-julio-2025\\\/#primaryimage\",\"url\":\"https:\\\/\\\/flashissue.s3.us-east-1.amazonaws.com\\\/zr1y47bcRTuozanm0ZZ7_VlJJUF9Cb2xldGluIGJhc2VfZWRpdA==.jpg\",\"contentUrl\":\"https:\\\/\\\/flashissue.s3.us-east-1.amazonaws.com\\\/zr1y47bcRTuozanm0ZZ7_VlJJUF9Cb2xldGluIGJhc2VfZWRpdA==.jpg\"},{\"@type\":\"BreadcrumbList\",\"@id\":\"https:\\\/\\\/vrip.ubiobio.cl\\\/inicio\\\/informativos-vrip\\\/edicion-28-julio-2025\\\/#breadcrumb\",\"itemListElement\":[{\"@type\":\"ListItem\",\"position\":1,\"name\":\"Portada\",\"item\":\"https:\\\/\\\/vrip.ubiobio.cl\\\/inicio\\\/\"},{\"@type\":\"ListItem\",\"position\":2,\"name\":\"Informativos VRIP\",\"item\":\"https:\\\/\\\/vrip.ubiobio.cl\\\/inicio\\\/informativos-vrip\\\/\"},{\"@type\":\"ListItem\",\"position\":3,\"name\":\"Informativo VRIP 28 Julio 2025\"}]},{\"@type\":\"WebSite\",\"@id\":\"https:\\\/\\\/vrip.ubiobio.cl\\\/inicio\\\/#website\",\"url\":\"https:\\\/\\\/vrip.ubiobio.cl\\\/inicio\\\/\",\"name\":\"VRIP\",\"description\":\"Vicerrector\u00eda de Investigaci\u00f3n y Postgrado\",\"publisher\":{\"@id\":\"https:\\\/\\\/vrip.ubiobio.cl\\\/inicio\\\/#organization\"},\"potentialAction\":[{\"@type\":\"SearchAction\",\"target\":{\"@type\":\"EntryPoint\",\"urlTemplate\":\"https:\\\/\\\/vrip.ubiobio.cl\\\/inicio\\\/?s={search_term_string}\"},\"query-input\":{\"@type\":\"PropertyValueSpecification\",\"valueRequired\":true,\"valueName\":\"search_term_string\"}}],\"inLanguage\":\"es\"},{\"@type\":\"Organization\",\"@id\":\"https:\\\/\\\/vrip.ubiobio.cl\\\/inicio\\\/#organization\",\"name\":\"VRIP\",\"url\":\"https:\\\/\\\/vrip.ubiobio.cl\\\/inicio\\\/\",\"logo\":{\"@type\":\"ImageObject\",\"inLanguage\":\"es\",\"@id\":\"https:\\\/\\\/vrip.ubiobio.cl\\\/inicio\\\/#\\\/schema\\\/logo\\\/image\\\/\",\"url\":\"https:\\\/\\\/vrip.ubiobio.cl\\\/wp-content\\\/uploads\\\/2022\\\/10\\\/logo-vrip_Mesa-de-trabajo-1.png\",\"contentUrl\":\"https:\\\/\\\/vrip.ubiobio.cl\\\/wp-content\\\/uploads\\\/2022\\\/10\\\/logo-vrip_Mesa-de-trabajo-1.png\",\"width\":642,\"height\":178,\"caption\":\"VRIP\"},\"image\":{\"@id\":\"https:\\\/\\\/vrip.ubiobio.cl\\\/inicio\\\/#\\\/schema\\\/logo\\\/image\\\/\"},\"sameAs\":[\"https:\\\/\\\/x.com\\\/vripubb\",\"https:\\\/\\\/www.instagram.com\\\/vrip_ubb\\\/\",\"https:\\\/\\\/www.youtube.com\\\/channel\\\/UCf7o8yHRJ7Y_QQLxwu1KQgA\",\"https:\\\/\\\/www.linkedin.com\\\/company\\\/96035097\\\/admin\\\/dashboard\\\/\"]}]}<\/script>\n<!-- \/ Yoast SEO plugin. -->","yoast_head_json":{"title":"Informativo VRIP 28 Julio 2025 - VRIP","robots":{"index":"index","follow":"follow","max-snippet":"max-snippet:-1","max-image-preview":"max-image-preview:large","max-video-preview":"max-video-preview:-1"},"canonical":"https:\/\/vrip.ubiobio.cl\/inicio\/informativos-vrip\/edicion-28-julio-2025\/","og_locale":"es_ES","og_type":"article","og_title":"Informativo VRIP 28 Julio 2025 - VRIP","og_description":"Edici\u00f3n 28 Julio 2025 Leer Editorial Leer Bolet\u00edn El avance de la UBB en el Nature Index 2025 La Universidad del B\u00edo-B\u00edo ha logrado un hito relevante al posicionarse en el noveno lugar nacional en el prestigioso Nature Index Research Leaders 2025, consolid\u00e1ndose entre las diez instituciones chilenas m\u00e1s influyentes en la producci\u00f3n cient\u00edfica de...","og_url":"https:\/\/vrip.ubiobio.cl\/inicio\/informativos-vrip\/edicion-28-julio-2025\/","og_site_name":"VRIP","article_modified_time":"2025-07-28T16:41:56+00:00","og_image":[{"url":"https:\/\/flashissue.s3.us-east-1.amazonaws.com\/zr1y47bcRTuozanm0ZZ7_VlJJUF9Cb2xldGluIGJhc2VfZWRpdA==.jpg","type":"","width":"","height":""}],"twitter_card":"summary_large_image","twitter_site":"@vripubb","twitter_misc":{"Tiempo de lectura":"8 minutos"},"schema":{"@context":"https:\/\/schema.org","@graph":[{"@type":"WebPage","@id":"https:\/\/vrip.ubiobio.cl\/inicio\/informativos-vrip\/edicion-28-julio-2025\/","url":"https:\/\/vrip.ubiobio.cl\/inicio\/informativos-vrip\/edicion-28-julio-2025\/","name":"Informativo VRIP 28 Julio 2025 - VRIP","isPartOf":{"@id":"https:\/\/vrip.ubiobio.cl\/inicio\/#website"},"primaryImageOfPage":{"@id":"https:\/\/vrip.ubiobio.cl\/inicio\/informativos-vrip\/edicion-28-julio-2025\/#primaryimage"},"image":{"@id":"https:\/\/vrip.ubiobio.cl\/inicio\/informativos-vrip\/edicion-28-julio-2025\/#primaryimage"},"thumbnailUrl":"https:\/\/flashissue.s3.us-east-1.amazonaws.com\/zr1y47bcRTuozanm0ZZ7_VlJJUF9Cb2xldGluIGJhc2VfZWRpdA==.jpg","datePublished":"2025-07-24T21:21:33+00:00","dateModified":"2025-07-28T16:41:56+00:00","breadcrumb":{"@id":"https:\/\/vrip.ubiobio.cl\/inicio\/informativos-vrip\/edicion-28-julio-2025\/#breadcrumb"},"inLanguage":"es","potentialAction":[{"@type":"ReadAction","target":["https:\/\/vrip.ubiobio.cl\/inicio\/informativos-vrip\/edicion-28-julio-2025\/"]}]},{"@type":"ImageObject","inLanguage":"es","@id":"https:\/\/vrip.ubiobio.cl\/inicio\/informativos-vrip\/edicion-28-julio-2025\/#primaryimage","url":"https:\/\/flashissue.s3.us-east-1.amazonaws.com\/zr1y47bcRTuozanm0ZZ7_VlJJUF9Cb2xldGluIGJhc2VfZWRpdA==.jpg","contentUrl":"https:\/\/flashissue.s3.us-east-1.amazonaws.com\/zr1y47bcRTuozanm0ZZ7_VlJJUF9Cb2xldGluIGJhc2VfZWRpdA==.jpg"},{"@type":"BreadcrumbList","@id":"https:\/\/vrip.ubiobio.cl\/inicio\/informativos-vrip\/edicion-28-julio-2025\/#breadcrumb","itemListElement":[{"@type":"ListItem","position":1,"name":"Portada","item":"https:\/\/vrip.ubiobio.cl\/inicio\/"},{"@type":"ListItem","position":2,"name":"Informativos VRIP","item":"https:\/\/vrip.ubiobio.cl\/inicio\/informativos-vrip\/"},{"@type":"ListItem","position":3,"name":"Informativo VRIP 28 Julio 2025"}]},{"@type":"WebSite","@id":"https:\/\/vrip.ubiobio.cl\/inicio\/#website","url":"https:\/\/vrip.ubiobio.cl\/inicio\/","name":"VRIP","description":"Vicerrector\u00eda de Investigaci\u00f3n y Postgrado","publisher":{"@id":"https:\/\/vrip.ubiobio.cl\/inicio\/#organization"},"potentialAction":[{"@type":"SearchAction","target":{"@type":"EntryPoint","urlTemplate":"https:\/\/vrip.ubiobio.cl\/inicio\/?s={search_term_string}"},"query-input":{"@type":"PropertyValueSpecification","valueRequired":true,"valueName":"search_term_string"}}],"inLanguage":"es"},{"@type":"Organization","@id":"https:\/\/vrip.ubiobio.cl\/inicio\/#organization","name":"VRIP","url":"https:\/\/vrip.ubiobio.cl\/inicio\/","logo":{"@type":"ImageObject","inLanguage":"es","@id":"https:\/\/vrip.ubiobio.cl\/inicio\/#\/schema\/logo\/image\/","url":"https:\/\/vrip.ubiobio.cl\/wp-content\/uploads\/2022\/10\/logo-vrip_Mesa-de-trabajo-1.png","contentUrl":"https:\/\/vrip.ubiobio.cl\/wp-content\/uploads\/2022\/10\/logo-vrip_Mesa-de-trabajo-1.png","width":642,"height":178,"caption":"VRIP"},"image":{"@id":"https:\/\/vrip.ubiobio.cl\/inicio\/#\/schema\/logo\/image\/"},"sameAs":["https:\/\/x.com\/vripubb","https:\/\/www.instagram.com\/vrip_ubb\/","https:\/\/www.youtube.com\/channel\/UCf7o8yHRJ7Y_QQLxwu1KQgA","https:\/\/www.linkedin.com\/company\/96035097\/admin\/dashboard\/"]}]}},"_links":{"self":[{"href":"https:\/\/vrip.ubiobio.cl\/inicio\/wp-json\/wp\/v2\/pages\/51004","targetHints":{"allow":["GET"]}}],"collection":[{"href":"https:\/\/vrip.ubiobio.cl\/inicio\/wp-json\/wp\/v2\/pages"}],"about":[{"href":"https:\/\/vrip.ubiobio.cl\/inicio\/wp-json\/wp\/v2\/types\/page"}],"author":[{"embeddable":true,"href":"https:\/\/vrip.ubiobio.cl\/inicio\/wp-json\/wp\/v2\/users\/1"}],"replies":[{"embeddable":true,"href":"https:\/\/vrip.ubiobio.cl\/inicio\/wp-json\/wp\/v2\/comments?post=51004"}],"version-history":[{"count":11,"href":"https:\/\/vrip.ubiobio.cl\/inicio\/wp-json\/wp\/v2\/pages\/51004\/revisions"}],"predecessor-version":[{"id":51202,"href":"https:\/\/vrip.ubiobio.cl\/inicio\/wp-json\/wp\/v2\/pages\/51004\/revisions\/51202"}],"up":[{"embeddable":true,"href":"https:\/\/vrip.ubiobio.cl\/inicio\/wp-json\/wp\/v2\/pages\/41711"}],"wp:attachment":[{"href":"https:\/\/vrip.ubiobio.cl\/inicio\/wp-json\/wp\/v2\/media?parent=51004"}],"curies":[{"name":"wp","href":"https:\/\/api.w.org\/{rel}","templated":true}]}}