{"id":50834,"date":"2025-07-11T20:17:00","date_gmt":"2025-07-11T20:17:00","guid":{"rendered":"https:\/\/vrip.ubiobio.cl\/inicio\/?page_id=50834"},"modified":"2025-07-14T20:13:50","modified_gmt":"2025-07-14T20:13:50","slug":"edicion-14-julio-2025","status":"publish","type":"page","link":"https:\/\/vrip.ubiobio.cl\/inicio\/informativos-vrip\/edicion-14-julio-2025\/","title":{"rendered":"Informativo VRIP 14 Julio 2025"},"content":{"rendered":"\t\t<div data-elementor-type=\"wp-page\" data-elementor-id=\"50834\" class=\"elementor elementor-50834\" data-elementor-settings=\"{&quot;ha_cmc_init_switcher&quot;:&quot;no&quot;}\">\n\t\t\t\t\t\t<section class=\"elementor-section elementor-top-section elementor-element elementor-element-f37001d elementor-section-height-min-height elementor-section-boxed elementor-section-height-default elementor-section-items-middle\" data-id=\"f37001d\" data-element_type=\"section\" data-e-type=\"section\" data-settings=\"{&quot;background_background&quot;:&quot;classic&quot;,&quot;_ha_eqh_enable&quot;:false}\">\n\t\t\t\t\t\t<div class=\"elementor-container elementor-column-gap-default\">\n\t\t\t\t\t<div class=\"elementor-column elementor-col-100 elementor-top-column elementor-element elementor-element-34864aa elementor-invisible\" data-id=\"34864aa\" data-element_type=\"column\" data-e-type=\"column\" data-settings=\"{&quot;animation&quot;:&quot;slideInDown&quot;}\">\n\t\t\t<div class=\"elementor-widget-wrap elementor-element-populated\">\n\t\t\t\t\t\t<div class=\"elementor-element elementor-element-98500eb elementor-widget elementor-widget-heading\" data-id=\"98500eb\" data-element_type=\"widget\" data-e-type=\"widget\" data-widget_type=\"heading.default\">\n\t\t\t\t<div class=\"elementor-widget-container\">\n\t\t\t\t\t<h3 class=\"elementor-heading-title elementor-size-xl\">Edici\u00f3n 14 Julio 2025<\/h3>\t\t\t\t<\/div>\n\t\t\t\t<\/div>\n\t\t\t\t\t<\/div>\n\t\t<\/div>\n\t\t\t\t\t<\/div>\n\t\t<\/section>\n\t\t\t\t<section class=\"elementor-section elementor-top-section elementor-element elementor-element-9e6f6cd elementor-section-boxed elementor-section-height-default elementor-section-height-default\" data-id=\"9e6f6cd\" data-element_type=\"section\" data-e-type=\"section\" data-settings=\"{&quot;_ha_eqh_enable&quot;:false}\">\n\t\t\t\t\t\t<div class=\"elementor-container elementor-column-gap-default\">\n\t\t\t\t\t<div class=\"elementor-column elementor-col-100 elementor-top-column elementor-element elementor-element-7a0d97e\" data-id=\"7a0d97e\" data-element_type=\"column\" data-e-type=\"column\">\n\t\t\t<div class=\"elementor-widget-wrap elementor-element-populated\">\n\t\t\t\t\t\t<div class=\"elementor-element elementor-element-4fa6cef elementor-widget elementor-widget-eael-adv-tabs\" data-id=\"4fa6cef\" data-element_type=\"widget\" data-e-type=\"widget\" data-widget_type=\"eael-adv-tabs.default\">\n\t\t\t\t<div class=\"elementor-widget-container\">\n\t\t\t\t\t        <div data-scroll-on-click=\"no\" data-scroll-speed=\"300\" id=\"eael-advance-tabs-4fa6cef\" class=\"eael-advance-tabs eael-tabs-horizontal eael-tab-auto-active \" data-tabid=\"4fa6cef\">\n            <div class=\"eael-tabs-nav \">\n                <ul class=\"eael-tab-inline-icon\" role=\"tablist\">\n                                            <li id=\"leer-editorial\" class=\"active-default eael-tab-item-trigger eael-tab-nav-item\" aria-selected=\"true\" data-tab=\"1\" role=\"tab\" tabindex=\"0\" aria-controls=\"leer-editorial-tab\" aria-expanded=\"false\">\n                            \n                                                                <i class=\"fas fa-scroll\"><\/i>                                                            \n                                                            <span class=\"eael-tab-title title-after-icon\" >Leer Editorial<\/span>                            \n                                                    <\/li>\n                                            <li id=\"leer-boletn\" class=\"inactive eael-tab-item-trigger eael-tab-nav-item\" aria-selected=\"false\" data-tab=\"2\" role=\"tab\" tabindex=\"-1\" aria-controls=\"leer-boletn-tab\" aria-expanded=\"false\">\n                            \n                                                                <i class=\"far fa-newspaper\"><\/i>                                                            \n                                                            <span class=\"eael-tab-title title-after-icon\" >Leer Bolet\u00edn<\/span>                            \n                                                    <\/li>\n                    \n                                  <\/ul>\n            <\/div>\n            \n            <div class=\"eael-tabs-content\">\n\t\t        \n                    <div id=\"leer-editorial-tab\" class=\"clearfix eael-tab-content-item active-default\" data-title-link=\"leer-editorial-tab\">\n\t\t\t\t        <p><img decoding=\"async\" src=\"https:\/\/flashissue.s3.us-east-1.amazonaws.com\/zr1y47bcRTuozanm0ZZ7_VlJJUF9Cb2xldGluIGJhc2VfZWRpdA==.jpg\" \/><\/p><h3><strong><span style=\"color: #083854\">Un paso firme hacia la transformaci\u00f3n tecnol\u00f3gica de las PYMEs<\/span><\/strong><\/h3><p>El proyecto PATI de CORFO, liderado por investigadores de la Universidad del B\u00edo-B\u00edo, marca un hito clave en el fortalecimiento de la innovaci\u00f3n tecnol\u00f3gica en empresas regionales.<\/p><p>Bajo la direcci\u00f3n del Dr. Mario Ramos Maldonado, acad\u00e9mico e investigador, y actual director de Departamento de Ingenier\u00eda de Procesos y Bioproductos de la Facultad de Ingenier\u00eda, esta iniciativa busca superar brechas cr\u00edticas en la incorporaci\u00f3n de tecnolog\u00edas como inteligencia artificial, rob\u00f3tica e ingenier\u00eda de datos, especialmente en PYMES del sector manufacturero y de ingenier\u00eda.<\/p><p>La colaboraci\u00f3n activa entre universidad y empresas participantes refleja un compromiso real con el desarrollo productivo del pa\u00eds, generando planes de trabajo personalizados que responden a las necesidades concretas del entorno empresarial.<\/p><p>Esta alianza estrat\u00e9gica entre conocimiento acad\u00e9mico y aplicaci\u00f3n industrial sienta las bases para una industria m\u00e1s moderna, competitiva y preparada para los desaf\u00edos del futuro.<\/p><p>Celebramos como universidad este esfuerzo conjunto que pone la tecnolog\u00eda al servicio del desarrollo regional y nacional.<\/p><p><strong>VRIP Comunicaciones<\/strong><\/p><table align=\"center\"><tbody><tr><td id=\"m_8467858756250299110m_4658873428329236187m_-7901358079350462190gmail-twitter-social-link\"><a href=\"https:\/\/www.twitter.com\/FlashIssue\" target=\"_blank\" rel=\"noopener\"><img decoding=\"async\" class=\"CToWUd alignright\" src=\"https:\/\/app.flashissue.com\/images\/social-icons\/round\/twitter\/grey\/twitter48.png\" \/><\/a><\/td><td>\u00a0<\/td><td id=\"m_8467858756250299110m_4658873428329236187m_-7901358079350462190gmail-youtube-social-link\"><a href=\"https:\/\/www.youtube.com\/channel\/UCf7o8yHRJ7Y_QQLxwu1KQgA\" target=\"_blank\" rel=\"noopener\"><img decoding=\"async\" class=\"CToWUd aligncenter\" src=\"https:\/\/app.flashissue.com\/images\/social-icons\/round\/youtube\/grey\/youtube48.png\" \/><\/a><\/td><td>\u00a0<\/td><td id=\"m_8467858756250299110m_4658873428329236187m_-7901358079350462190gmail-instagram-social-link\"><a href=\"https:\/\/www.instagram.com\/vrip_ubb\" target=\"_blank\" rel=\"noopener\"><img decoding=\"async\" class=\"CToWUd alignleft\" src=\"https:\/\/app.flashissue.com\/images\/social-icons\/round\/instagram\/grey\/instagram48.png\" \/><\/a><\/td><\/tr><\/tbody><\/table><p><a href=\"https:\/\/vrip.ubiobio.cl\/informativos-vrip\/\" target=\"_blank\" rel=\"noopener\"><img fetchpriority=\"high\" decoding=\"async\" class=\"aligncenter\" src=\"https:\/\/flashissue.s3.us-east-1.amazonaws.com\/wn9DyI72QZaEm43a79u8_VlJJUF9Cb2xldGluIGJhc2VfcGllIHBhZw==.jpg\" width=\"616\" height=\"121\" \/><\/a><\/p><p style=\"text-align: center\">Vicerrector\u00eda de Investigaci\u00f3n y Postgrado &#8211; Universidad del B\u00edo-B\u00edo<br \/><span style=\"background-color: transparent\">Todos los derechos reservados.<br \/><\/span><span style=\"background-color: transparent\">Av. Collao 1202, Concepci\u00f3n \/ Av. Andr\u00e9s Bello s\/n, Chill\u00e1n<br \/><\/span><span style=\"background-color: transparent\">Comentarios a:\u00a0<\/span><strong style=\"background-color: transparent\"><a href=\"mailto:vripcomunicaciones@ubiobio.cl?subject=Comentario%20newsletter\" target=\"_blank\" rel=\"noopener\">vripcomunicaciones@ubiobio.cl<\/a><\/strong><\/p>                    <\/div>\n\t\t        \n                    <div id=\"leer-boletn-tab\" class=\"clearfix eael-tab-content-item inactive\" data-title-link=\"leer-boletn-tab\">\n\t\t\t\t        <p><img decoding=\"async\" src=\"https:\/\/flashissue.s3.us-east-1.amazonaws.com\/gGIsEHrdSs2FD5KEhSxm_VlJJUF9Cb2xldGluIGJhc2VfZW5jYWJlemFkbw==.jpg\" \/><\/p><h3><img decoding=\"async\" src=\"https:\/\/flashissue.s3.us-east-1.amazonaws.com\/epUgEBg8Tz6ZlaE2iJqS_Mg==.png\" \/><\/h3><h3><span style=\"color: #073753\"><strong>Proyecto FIUT-UBB realiz\u00f3 talleres en Chill\u00e1n y Concepci\u00f3n que aportan insumos en la elaboraci\u00f3n de un Plan de capacidades de investigaci\u00f3n sostenible a 10 a\u00f1os<\/strong><\/span><\/h3><p>A trav\u00e9s de dos talleres realizados este mi\u00e9rcoles 9 y viernes 10 de julio en Chill\u00e1n y Concepci\u00f3n respectivamente el proyecto institucional de la Universidad del B\u00edo-B\u00edo, FIUT-UBB, trabaj\u00f3 en la construcci\u00f3n de objetivos y estrategias en I+D+i, instancia clave para co-dise\u00f1ar el Plan de Desarrollo de Capacidades para los pr\u00f3ximos 10 a\u00f1os.<\/p><p><em>Ver m\u00e1s:\u00a0<\/em><a href=\"https:\/\/vrip.ubiobio.cl\/inicio\/noticias\/proyecto-fiut-ubb-realizo-tallares-en-chillan-y-concepcion-que-aportan-insumos-en-la-elaboracion-de-un-plan-de-capacidades-de-investigacion-sostenible-a-10-anos\/\" target=\"_blank\" rel=\"noopener\">https:\/\/vrip.ubiobio.cl\/inicio\/noticias\/proyecto-fiut-ubb-realizo-tallares-en-chillan-y-concepcion-que-aportan-insumos-en-la-elaboracion-de-un-plan-de-capacidades-de-investigacion-sostenible-a-10-anos\/<\/a><\/p><hr \/><p><img decoding=\"async\" src=\"https:\/\/flashissue.s3.us-east-1.amazonaws.com\/uwDe6vuT62P7t6fybE9d_MQ==.png\" \/><\/p><h3><span style=\"color: #073753\"><strong>Directora de Postgrado destaca amplio inter\u00e9s por estudios de mag\u00edster y doctorado en la Universidad del B\u00edo-B\u00edo<\/strong><\/span><\/h3><p>El notable aumento de estudiantes matriculados a la fecha, 507, en comparaci\u00f3n a la misma fecha del a\u00f1o pasado, 398, interesados en programas de postgrado en la Universidad del B\u00edo-B\u00edo ha sido destacado por la Dra. Carolina Luengo, directora de Postgrado de nuestra casa de estudios, quien atribuye este fen\u00f3meno a factores como la calidad acad\u00e9mica, el compromiso territorial de la instituci\u00f3n y la acreditaci\u00f3n de sus programas.<\/p><p><em>Ver m\u00e1s:\u00a0\u00a0<\/em><a href=\"https:\/\/vrip.ubiobio.cl\/inicio\/noticias\/directora-de-postgrado-destaca-amplio-interes-por-estudios-de-magister-y-doctorado-en-la-universidad-del-bio-bio\/\" target=\"_blank\" rel=\"noopener\">https:\/\/vrip.ubiobio.cl\/inicio\/noticias\/directora-de-postgrado-destaca-amplio-interes-por-estudios-de-magister-y-doctorado-en-la-universidad-del-bio-bio\/<\/a><\/p><hr \/><p><img decoding=\"async\" src=\"https:\/\/flashissue.s3.us-east-1.amazonaws.com\/P5y0s7QwShqgDaNYUfRO_NQ==.png\" \/><\/p><h3><span style=\"color: #073753\"><strong>Acad\u00e9micos e investigadores participaron en segundo taller sobre modernizaci\u00f3n de compras p\u00fablicas impulsado por VRIP<\/strong><\/span><\/h3><p>Con el objetivo de actualizar conocimientos y resolver dudas t\u00e9cnicas sobre los procesos de adquisici\u00f3n institucional, la Vicerrector\u00eda de Investigaci\u00f3n y Postgrado (VRIP), en conjunto con la Direcci\u00f3n de Innovaci\u00f3n y la Secci\u00f3n de Adquisiciones de la Universidad del B\u00edo-B\u00edo, desarroll\u00f3, este jueves 10 de julio, el segundo taller titulado \u201cModernizaci\u00f3n de Compras P\u00fablicas\u201d, dirigido a acad\u00e9micos, investigadores y gestores de proyectos de la sede Chill\u00e1n.<\/p><p><em>Ver m\u00e1s:\u00a0<\/em><a href=\"https:\/\/vrip.ubiobio.cl\/inicio\/noticias\/academicos-e-investigadores-participaron-en-segundo-taller-sobre-modernizacion-de-compras-publicas-impulsado-por-vrip\/\" target=\"_blank\" rel=\"noopener\">https:\/\/vrip.ubiobio.cl\/inicio\/noticias\/academicos-e-investigadores-participaron-en-segundo-taller-sobre-modernizacion-de-compras-publicas-impulsado-por-vrip\/<\/a><\/p><hr \/><p><img decoding=\"async\" src=\"https:\/\/flashissue.s3.us-east-1.amazonaws.com\/J1rwtNVaSEeewpt5jPSS_MQ==.png\" \/><\/p><h3><span style=\"color: #073753\"><strong>Inter\u00e9s por participar de los concursos liderados por la Direcci\u00f3n de Innovaci\u00f3n<\/strong><\/span><\/h3><p>La Direcci\u00f3n de Innovaci\u00f3n de la Universidad del B\u00edo-B\u00edo, a trav\u00e9s de sus respectiva Unidades invitan a participar de dos las convocatorias abiertas: Concurso \u201cProyectos de Innovaci\u00f3n Iniciaci\u00f3n\u201d, y Concurso \u201cConsolidaci\u00f3n de Empresas de Base Cient\u00edfica Tecnol\u00f3gica &#8211; EBCT\u201d, ambas abiertas desde el 26 de junio al 31 de julio de 2025.<\/p><p>Postula aqu\u00ed:\u00a0<a href=\"http:\/\/bit.ly\/4nLOdo3\" target=\"_blank\" rel=\"noopener\">http:\/\/bit.ly\/4nLOdo3<\/a><\/p><hr \/><p><img decoding=\"async\" src=\"https:\/\/flashissue.s3.us-east-1.amazonaws.com\/hwpFLRD0SXJI8OZIV4zg_MQ==.png\" \/><\/p><h3><span style=\"color: #073753\"><strong>Investigador UBB dicta clase magistral sobre segregaci\u00f3n socioespacial y econom\u00eda inmobiliaria en la Universidad de Costa Rica<\/strong><\/span><\/h3><p>El acad\u00e9mico e investigador Dr. Francisco Sabatini, del Departamento de Planificaci\u00f3n y Dise\u00f1o Urbano de la Universidad del B\u00edo-B\u00edo, dict\u00f3 una clase magistral en la Escuela de Econom\u00eda de la Universidad de Costa Rica (UCR), titulada \u2018Segregaci\u00f3n residencial e integraci\u00f3n social en la ciudad latinoamericana bajo otra vuelta de tuerca del capital inmobiliario\u2019.<\/p><p><em>Ver m\u00e1s:\u00a0<\/em><a href=\"https:\/\/vrip.ubiobio.cl\/inicio\/noticias\/investigador-ubb-dicta-clase-magistral-sobre-segregacion-socioespacial-y-economia-inmobiliaria-en-la-universidad-de-costa-rica\/\" target=\"_blank\" rel=\"noopener\">https:\/\/vrip.ubiobio.cl\/inicio\/noticias\/investigador-ubb-dicta-clase-magistral-sobre-segregacion-socioespacial-y-economia-inmobiliaria-en-la-universidad-de-costa-rica\/<\/a><\/p><hr \/><p><img decoding=\"async\" src=\"https:\/\/flashissue.s3.us-east-1.amazonaws.com\/VWaH7WbSWWh2po6tuvY5_Mg==.png\" \/><\/p><h3><span style=\"color: #073753\"><strong>El silencioso rol del reino Fungi en el bosque nativo de Coyanmahuida<\/strong><\/span><\/h3><p>Un interesante reportaje publicado este 5 de julio de 2025 en el diario La Tercera destaca la investigaci\u00f3n realizada por el Dr. Ram\u00f3n Ahumada y su equipo del Laboratorio de Qu\u00edmica Aplicada y Sustentable de la Universidad del B\u00edo-B\u00edo. Junto con Julio Becerra y Vanessa Novoa, han recorrido el Parque Coyanmahuida, ubicado cerca de Concepci\u00f3n, para clasificar y caracterizar las especies de hongos que habitan en este relicto de bosque nativo.<\/p><p><em>Ver m\u00e1s:\u00a0<\/em><a href=\"https:\/\/vrip.ubiobio.cl\/inicio\/noticias\/el-silencioso-rol-del-reino-fungi-en-el-bosque-nativo-de-coyanmahuida\/\" target=\"_blank\" rel=\"noopener\">https:\/\/vrip.ubiobio.cl\/inicio\/noticias\/el-silencioso-rol-del-reino-fungi-en-el-bosque-nativo-de-coyanmahuida\/<\/a><\/p><hr \/><p><img decoding=\"async\" src=\"https:\/\/flashissue.s3.us-east-1.amazonaws.com\/Rdh4kvcT6WfQa51g7u1u_Mg==.png\" \/><\/p><h3><span style=\"color: #073753\"><strong>La Unidad de Emprendimiento UBB presente en el Encuentro MetaRed X en Lima, Per\u00fa<\/strong><\/span><\/h3><p>Este encuentro\u00a0se realiz\u00f3 el 10 y 11 de julio en OPEN-PUCP, Lima, junto a universidades de Per\u00fa, Chile y Argentina. Fueron dos jornadas de colaboraci\u00f3n, reflexi\u00f3n y proyecci\u00f3n sobre el rol de las universidades en el fortalecimiento del emprendimiento, la innovaci\u00f3n y la vinculaci\u00f3n con el entorno productivo.<\/p><p>Adem\u00e1s, el d\u00eda 12 de julio ejecutivos de la Unidad de Emprendimiento, Luis Dur\u00e1n, Solange Sep\u00falveda y Camila S\u00e1ez, visitaron El Centro de Innovaci\u00f3n y Desarrollo Emprendedor (CIDE) de la Pontificia Universidad Cat\u00f3lica del Per\u00fa, la cual fue una instancia para conocer c\u00f3mo la PUCP promueve el emprendimiento en su comunidad Universitaria y entorno. Fueron recibidos por Julio Vela Velasquez Director Ejecutivo CIDE-PUCP, quien adem\u00e1s mostr\u00f3 el OPEN PUCP, un lugar destinado a la innovaci\u00f3n y el emprendimiento, que conecta a emprendedores, estudiantes y docentes en espacios colaborativos con tecnolog\u00edas avanzadas, para impulsar proyectos creativos y profesionales.<\/p><hr \/><p><img decoding=\"async\" src=\"https:\/\/flashissue.s3.us-east-1.amazonaws.com\/EXXn3WO8Q428jkMq6Uwu_VlJJUF9OdWV2b3MgY2FyZ29zX2luZm9ybWF0aXZv.jpg\" \/><\/p><h3><strong><span style=\"color: #073753\">VIDEO, Investigadora Julia Fawaz<\/span><\/strong><\/h3><p>La Vicerrector\u00eda de Investigaci\u00f3n y Postgrado, VRIP, se adhiere a la despedida de la acad\u00e9mica e investigadora Julia Fawaz Yissi, recordando uno de sus trabajos de investigaci\u00f3n que lider\u00f3 aportando en la articulaci\u00f3n entre conocimiento, territorio y pol\u00edticas p\u00fablicas en las regiones de \u00d1uble y Biob\u00edo.<\/p><p><em>Ver m\u00e1s:\u00a0<\/em><a href=\"https:\/\/www.youtube.com\/watch?v=_DUq6tzgcWY\" target=\"_blank\" rel=\"noopener\">https:\/\/www.youtube.com\/watch?v=_DUq6tzgcWY<\/a><\/p><hr \/><h3><span style=\"color: #073753\"><strong><img decoding=\"async\" src=\"https:\/\/flashissue.s3.us-east-1.amazonaws.com\/vp5PREYYRZ6rRM9vNklF_VlJJUF9OdWV2b3MgY2FyZ29z.jpg\" \/><\/strong><\/span><\/h3><hr \/><p><img decoding=\"async\" src=\"https:\/\/flashissue.s3.us-east-1.amazonaws.com\/6rwuC3hdQ8eVAkJb2oCF_VlJJUF9Cb2xldGluIGJhc2VfZWRpdA==.jpg\" \/><\/p><h3><span style=\"color: #073753\"><strong>Editorial | Un paso firme hacia la transformaci\u00f3n tecnol\u00f3gica de las PYMEs<\/strong><\/span><\/h3><p><em>Ver m\u00e1s:\u00a0<\/em><a href=\"https:\/\/vrip.ubiobio.cl\/inicio\/informativos-vrip\/edicion-14-julio-2025\/\" target=\"_blank\" rel=\"noopener\">https:\/\/vrip.ubiobio.cl\/inicio\/informativos-vrip\/edicion-14-julio-2025\/<\/a><\/p><hr \/><p><img decoding=\"async\" src=\"https:\/\/flashissue.s3.us-east-1.amazonaws.com\/vGCRHqu5TAydAm2Ahi5g_VlJJUF9Cb2xldGluIGJhc2VfaW5mbw==.jpg\" \/><\/p><p><img decoding=\"async\" src=\"https:\/\/flashissue.s3.us-east-1.amazonaws.com\/Rx9ZYTfLRp2R1MF0oAaL_Mg==.png\" \/><\/p><h3><span style=\"color: #073753\"><strong>Revisa la primera C\u00e1psula informativa de FIUT-UBB<\/strong><\/span><\/h3><p><em>Ver m\u00e1s:\u00a0\u00a0<\/em><a href=\"https:\/\/www.youtube.com\/watch?v=r9LgNmWWofg&amp;ab_channel=VRIPUBB\" target=\"_blank\" rel=\"noopener\">https:\/\/www.youtube.com\/watch?v=r9LgNmWWofg&amp;ab_channel=VRIPUBB<\/a><\/p><hr \/><p><img decoding=\"async\" src=\"https:\/\/flashissue.s3.us-east-1.amazonaws.com\/meTweUHfQzqYyhzqDO1f_Mw==.png\" \/><\/p><h3><span style=\"color: #073753\"><strong>\u00a1Abiertas las inscripciones al primer ciclo formativo 2025 de la Expo De Mar a Cordillera!\u00a0<\/strong><\/span><\/h3><p>Como antesala a la nueva versi\u00f3n de la ya tradicional muestra, la Seremi de las Culturas, las Artes y el Patrimonio de la Regi\u00f3n del Biob\u00edo (@culturas_biobio), en colaboraci\u00f3n con la Secretar\u00eda Ejecutiva de @economiascreativas y la Escuela de @disenoindustrialubb, invita a participar en una serie de instancias formativas gratuitas dirigidas a artistas, gestores, cultores\/as y agentes del ecosistema cultural y creativo del Biob\u00edo\u00a0@artesyoficiosbiobio.<\/p><p>Este ciclo contempla talleres, charlas, un workshop y un seminario, con contenidos enfocados en financiamiento, formulaci\u00f3n de proyectos, gesti\u00f3n cultural y sostenibilidad. Modalidad: virtual y presencial (seg\u00fan actividad).<\/p><p>\u00bfTe interesa participar? Revisa la programaci\u00f3n completa e inscr\u00edbete aqu\u00ed<em>\u00a0<a href=\"http:\/\/bit.ly\/3UcV3oY\" target=\"_blank\" rel=\"noopener\">http:\/\/bit.ly\/3UcV3oY<\/a><\/em><\/p><hr \/><p><img decoding=\"async\" src=\"https:\/\/flashissue.s3.us-east-1.amazonaws.com\/eS2HZKkIRMKkLQQzRN6Y_VlJJUF9SUlNTX0JvbGV0aW5fVklOQ1VMQQ==.jpg\" \/><\/p><h3><span style=\"color: #073753\"><strong>Proyecto Vincula: Una Plataforma que Conecta la Academia con el Congreso<\/strong><\/span><\/h3><p><em>Ver m\u00e1s:\u00a0<\/em><a href=\"http:\/\/app.vincula.cl\/\" target=\"_blank\" rel=\"noopener\">http:\/\/app.vincula.cl\u00a0<\/a><em>|\u00a0<\/em><a href=\"https:\/\/vrip.ubiobio.cl\/inicio\/informativos-vrip\/edicion-25-junio-2025\/\" target=\"_blank\" rel=\"noopener\">https:\/\/vrip.ubiobio.cl\/inicio\/informativos-vrip\/edicion-25-junio-2025\/<\/a><\/p><hr \/><p><img decoding=\"async\" src=\"https:\/\/flashissue.s3.us-east-1.amazonaws.com\/nUbhw2yzRmqtwIK9hAz9_YmFubmVyIGp1bGlvX3ZpcmFsaXph.jpg\" \/><\/p><h3><span style=\"color: #073753\"><strong>\u00a1Postula a las convocatorias CORFO Viraliza Formaci\u00f3n 2025!<\/strong><\/span><\/h3><p>Ya est\u00e1n abiertas las convocatorias Viraliza de CORFO en sus l\u00edneas de Formaci\u00f3n, orientadas a fortalecer el ecosistema emprendedor regional mediante programas formativos en diversas tem\u00e1ticas: crisis clim\u00e1tica y sostenibilidad, finanzas para startups, desarrollo de ecosistemas regionales y formaci\u00f3n en mentor\u00eda para emprendimientos.<\/p><p>Viraliza Formaci\u00f3n entrega financiamiento para programas presenciales de capacitaci\u00f3n \u2014como talleres, workshops y charlas\u2014 enfocados en entregar herramientas, habilidades y metodolog\u00edas a p\u00fablicos espec\u00edficos en temas de emprendimiento e innovaci\u00f3n. \u00a1S\u00famate y contribuye al desarrollo territorial con impacto!<\/p><p><strong>\u00a0Plazo para enviar ideas: hasta el 18 de julio a las 12:00 hrs al correo\u00a0<a href=\"mailto:emprendimiento@ubiobio.cl\" target=\"_blank\" rel=\"noopener\">emprendimiento@ubiobio.cl<\/a>.<\/strong><\/p><p><em>Inscripciones:\u00a0<\/em><a href=\"https:\/\/docs.google.com\/document\/d\/1jAqjgSCFYIYh3C8ECW5wqjH2dWoQJviK\/edit?usp=drive_link&amp;ouid=109383428216573153685&amp;rtpof=true&amp;sd=true\" target=\"_blank\" rel=\"noopener\">https:\/\/docs.google.com\/document\/d\/1jAqjgSCFYIYh3C8ECW5wqjH2dWoQJviK\/edit?usp=drive_link&amp;ouid=109383428216573153685&amp;rtpof=true&amp;sd=true<\/a><\/p><hr \/><p><img decoding=\"async\" src=\"https:\/\/flashissue.s3.us-east-1.amazonaws.com\/Z5QdjRP6Suun61onn8HG_VnJpcCBib2xldGnMgW4gTWFudWFsIGRlIEJ1ZW5hcyBQcmFjdGljYXMgQ2llbmNpYSBBYmllcnRhIFVCQiA=.png\" \/><\/p><h3><span style=\"color: #073753\"><strong>Manual de buenas pr\u00e1cticas<\/strong><\/span><\/h3><p><em>Ver m\u00e1s:\u00a0<\/em><a href=\"https:\/\/ciencia-abierta.ubiobio.cl\/manual-buenas-practicas\/\" target=\"_blank\" rel=\"noopener\">https:\/\/ciencia-abierta.ubiobio.cl\/manual-buenas-practicas\/<\/a><\/p><hr \/><p><img decoding=\"async\" src=\"https:\/\/flashissue.s3.us-east-1.amazonaws.com\/8oQjs5dhQBDnO4JrXuUv_UG9zdGdyYWRvX1Byb2dyYW1hc19pbmZvcm1hdGl2bw==.jpg\" \/><\/p><h3><span style=\"color: #073753\"><strong>Programas de Postgrados UBB disponibles<\/strong><\/span><\/h3><p><em>Ver m\u00e1s:<\/em> <a href=\"http:\/\/postgrados.ubiobio.cl\/\" target=\"_blank\" rel=\"noopener\">http:\/\/postgrados.ubiobio.cl\/<\/a><\/p><hr \/><table align=\"center\"><tbody><tr><td id=\"m_8467858756250299110m_4658873428329236187m_-7901358079350462190gmail-twitter-social-link\"><a href=\"https:\/\/www.twitter.com\/FlashIssue\" target=\"_blank\" rel=\"noopener\"><img decoding=\"async\" class=\"CToWUd alignright\" src=\"https:\/\/app.flashissue.com\/images\/social-icons\/round\/twitter\/grey\/twitter48.png\" \/><\/a><\/td><td id=\"m_8467858756250299110m_4658873428329236187m_-7901358079350462190gmail-youtube-social-link\"><a href=\"https:\/\/www.youtube.com\/channel\/UCf7o8yHRJ7Y_QQLxwu1KQgA\" target=\"_blank\" rel=\"noopener\"><img decoding=\"async\" class=\"CToWUd aligncenter\" src=\"https:\/\/app.flashissue.com\/images\/social-icons\/round\/youtube\/grey\/youtube48.png\" \/><\/a><\/td><td id=\"m_8467858756250299110m_4658873428329236187m_-7901358079350462190gmail-instagram-social-link\"><a href=\"https:\/\/www.instagram.com\/vrip_ubb\" target=\"_blank\" rel=\"noopener\"><img decoding=\"async\" class=\"CToWUd alignleft\" src=\"https:\/\/app.flashissue.com\/images\/social-icons\/round\/instagram\/grey\/instagram48.png\" \/><\/a><\/td><\/tr><\/tbody><\/table><p><img decoding=\"async\" src=\"https:\/\/flashissue.s3.us-east-1.amazonaws.com\/wn9DyI72QZaEm43a79u8_VlJJUF9Cb2xldGluIGJhc2VfcGllIHBhZw==.jpg\" \/><\/p><p style=\"text-align: center\">Vicerrector\u00eda de Investigaci\u00f3n y Postgrado &#8211; Universidad del B\u00edo-B\u00edo<br \/><span style=\"background-color: transparent\">Todos los derechos reservados.<br \/><\/span><span style=\"background-color: transparent\">Av. Collao 1202, Concepci\u00f3n \/ Av. Andr\u00e9s Bello s\/n, Chill\u00e1n<br \/><\/span><span style=\"background-color: transparent\">Comentarios a:\u00a0<\/span><strong style=\"background-color: transparent\"><a href=\"mailto:vripcomunicaciones@ubiobio.cl?subject=Comentario%20newsletter\" target=\"_blank\" rel=\"noopener\">vripcomunicaciones@ubiobio.cl<\/a><\/strong><\/p>                    <\/div>\n\t\t                    <\/div>\n        <\/div>\n\t\t\t\t<\/div>\n\t\t\t\t<\/div>\n\t\t\t\t\t<\/div>\n\t\t<\/div>\n\t\t\t\t\t<\/div>\n\t\t<\/section>\n\t\t\t\t<\/div>\n\t\t","protected":false},"excerpt":{"rendered":"<p>Edici\u00f3n 14 Julio 2025 Leer Editorial Leer Bolet\u00edn Un paso firme hacia la transformaci\u00f3n tecnol\u00f3gica de las PYMEs El proyecto PATI de CORFO, liderado por investigadores de la Universidad del B\u00edo-B\u00edo, marca un hito clave en el fortalecimiento de la innovaci\u00f3n tecnol\u00f3gica en empresas regionales. Bajo la direcci\u00f3n del Dr. Mario Ramos Maldonado, acad\u00e9mico e&#8230;<\/p>\n","protected":false},"author":1,"featured_media":0,"parent":41711,"menu_order":0,"comment_status":"closed","ping_status":"closed","template":"","meta":{"_kadence_starter_templates_imported_post":false,"_kad_post_transparent":"default","_kad_post_title":"hide","_kad_post_layout":"fullwidth","_kad_post_sidebar_id":"","_kad_post_content_style":"unboxed","_kad_post_vertical_padding":"hide","_kad_post_feature":"hide","_kad_post_feature_position":"","_kad_post_header":false,"_kad_post_footer":false,"footnotes":""},"class_list":["post-50834","page","type-page","status-publish","hentry"],"yoast_head":"<!-- This site is optimized with the Yoast SEO plugin v27.5 - https:\/\/yoast.com\/product\/yoast-seo-wordpress\/ -->\n<title>Informativo VRIP 14 Julio 2025 - VRIP<\/title>\n<meta name=\"robots\" content=\"index, follow, max-snippet:-1, max-image-preview:large, max-video-preview:-1\" \/>\n<link rel=\"canonical\" href=\"https:\/\/vrip.ubiobio.cl\/inicio\/informativos-vrip\/edicion-14-julio-2025\/\" \/>\n<meta property=\"og:locale\" content=\"es_ES\" \/>\n<meta property=\"og:type\" content=\"article\" \/>\n<meta property=\"og:title\" content=\"Informativo VRIP 14 Julio 2025 - VRIP\" \/>\n<meta property=\"og:description\" content=\"Edici\u00f3n 14 Julio 2025 Leer Editorial Leer Bolet\u00edn Un paso firme hacia la transformaci\u00f3n tecnol\u00f3gica de las PYMEs El proyecto PATI de CORFO, liderado por investigadores de la Universidad del B\u00edo-B\u00edo, marca un hito clave en el fortalecimiento de la innovaci\u00f3n tecnol\u00f3gica en empresas regionales. Bajo la direcci\u00f3n del Dr. Mario Ramos Maldonado, acad\u00e9mico e...\" \/>\n<meta property=\"og:url\" content=\"https:\/\/vrip.ubiobio.cl\/inicio\/informativos-vrip\/edicion-14-julio-2025\/\" \/>\n<meta property=\"og:site_name\" content=\"VRIP\" \/>\n<meta property=\"article:modified_time\" content=\"2025-07-14T20:13:50+00:00\" \/>\n<meta property=\"og:image\" content=\"https:\/\/flashissue.s3.us-east-1.amazonaws.com\/zr1y47bcRTuozanm0ZZ7_VlJJUF9Cb2xldGluIGJhc2VfZWRpdA==.jpg\" \/>\n<meta name=\"twitter:card\" content=\"summary_large_image\" \/>\n<meta name=\"twitter:site\" content=\"@vripubb\" \/>\n<meta name=\"twitter:label1\" content=\"Tiempo de lectura\" \/>\n\t<meta name=\"twitter:data1\" content=\"7 minutos\" \/>\n<script type=\"application\/ld+json\" class=\"yoast-schema-graph\">{\"@context\":\"https:\\\/\\\/schema.org\",\"@graph\":[{\"@type\":\"WebPage\",\"@id\":\"https:\\\/\\\/vrip.ubiobio.cl\\\/inicio\\\/informativos-vrip\\\/edicion-14-julio-2025\\\/\",\"url\":\"https:\\\/\\\/vrip.ubiobio.cl\\\/inicio\\\/informativos-vrip\\\/edicion-14-julio-2025\\\/\",\"name\":\"Informativo VRIP 14 Julio 2025 - VRIP\",\"isPartOf\":{\"@id\":\"https:\\\/\\\/vrip.ubiobio.cl\\\/inicio\\\/#website\"},\"primaryImageOfPage\":{\"@id\":\"https:\\\/\\\/vrip.ubiobio.cl\\\/inicio\\\/informativos-vrip\\\/edicion-14-julio-2025\\\/#primaryimage\"},\"image\":{\"@id\":\"https:\\\/\\\/vrip.ubiobio.cl\\\/inicio\\\/informativos-vrip\\\/edicion-14-julio-2025\\\/#primaryimage\"},\"thumbnailUrl\":\"https:\\\/\\\/flashissue.s3.us-east-1.amazonaws.com\\\/zr1y47bcRTuozanm0ZZ7_VlJJUF9Cb2xldGluIGJhc2VfZWRpdA==.jpg\",\"datePublished\":\"2025-07-11T20:17:00+00:00\",\"dateModified\":\"2025-07-14T20:13:50+00:00\",\"breadcrumb\":{\"@id\":\"https:\\\/\\\/vrip.ubiobio.cl\\\/inicio\\\/informativos-vrip\\\/edicion-14-julio-2025\\\/#breadcrumb\"},\"inLanguage\":\"es\",\"potentialAction\":[{\"@type\":\"ReadAction\",\"target\":[\"https:\\\/\\\/vrip.ubiobio.cl\\\/inicio\\\/informativos-vrip\\\/edicion-14-julio-2025\\\/\"]}]},{\"@type\":\"ImageObject\",\"inLanguage\":\"es\",\"@id\":\"https:\\\/\\\/vrip.ubiobio.cl\\\/inicio\\\/informativos-vrip\\\/edicion-14-julio-2025\\\/#primaryimage\",\"url\":\"https:\\\/\\\/flashissue.s3.us-east-1.amazonaws.com\\\/zr1y47bcRTuozanm0ZZ7_VlJJUF9Cb2xldGluIGJhc2VfZWRpdA==.jpg\",\"contentUrl\":\"https:\\\/\\\/flashissue.s3.us-east-1.amazonaws.com\\\/zr1y47bcRTuozanm0ZZ7_VlJJUF9Cb2xldGluIGJhc2VfZWRpdA==.jpg\"},{\"@type\":\"BreadcrumbList\",\"@id\":\"https:\\\/\\\/vrip.ubiobio.cl\\\/inicio\\\/informativos-vrip\\\/edicion-14-julio-2025\\\/#breadcrumb\",\"itemListElement\":[{\"@type\":\"ListItem\",\"position\":1,\"name\":\"Portada\",\"item\":\"https:\\\/\\\/vrip.ubiobio.cl\\\/inicio\\\/\"},{\"@type\":\"ListItem\",\"position\":2,\"name\":\"Informativos VRIP\",\"item\":\"https:\\\/\\\/vrip.ubiobio.cl\\\/inicio\\\/informativos-vrip\\\/\"},{\"@type\":\"ListItem\",\"position\":3,\"name\":\"Informativo VRIP 14 Julio 2025\"}]},{\"@type\":\"WebSite\",\"@id\":\"https:\\\/\\\/vrip.ubiobio.cl\\\/inicio\\\/#website\",\"url\":\"https:\\\/\\\/vrip.ubiobio.cl\\\/inicio\\\/\",\"name\":\"VRIP\",\"description\":\"Vicerrector\u00eda de Investigaci\u00f3n y Postgrado\",\"publisher\":{\"@id\":\"https:\\\/\\\/vrip.ubiobio.cl\\\/inicio\\\/#organization\"},\"potentialAction\":[{\"@type\":\"SearchAction\",\"target\":{\"@type\":\"EntryPoint\",\"urlTemplate\":\"https:\\\/\\\/vrip.ubiobio.cl\\\/inicio\\\/?s={search_term_string}\"},\"query-input\":{\"@type\":\"PropertyValueSpecification\",\"valueRequired\":true,\"valueName\":\"search_term_string\"}}],\"inLanguage\":\"es\"},{\"@type\":\"Organization\",\"@id\":\"https:\\\/\\\/vrip.ubiobio.cl\\\/inicio\\\/#organization\",\"name\":\"VRIP\",\"url\":\"https:\\\/\\\/vrip.ubiobio.cl\\\/inicio\\\/\",\"logo\":{\"@type\":\"ImageObject\",\"inLanguage\":\"es\",\"@id\":\"https:\\\/\\\/vrip.ubiobio.cl\\\/inicio\\\/#\\\/schema\\\/logo\\\/image\\\/\",\"url\":\"https:\\\/\\\/vrip.ubiobio.cl\\\/wp-content\\\/uploads\\\/2022\\\/10\\\/logo-vrip_Mesa-de-trabajo-1.png\",\"contentUrl\":\"https:\\\/\\\/vrip.ubiobio.cl\\\/wp-content\\\/uploads\\\/2022\\\/10\\\/logo-vrip_Mesa-de-trabajo-1.png\",\"width\":642,\"height\":178,\"caption\":\"VRIP\"},\"image\":{\"@id\":\"https:\\\/\\\/vrip.ubiobio.cl\\\/inicio\\\/#\\\/schema\\\/logo\\\/image\\\/\"},\"sameAs\":[\"https:\\\/\\\/x.com\\\/vripubb\",\"https:\\\/\\\/www.instagram.com\\\/vrip_ubb\\\/\",\"https:\\\/\\\/www.youtube.com\\\/channel\\\/UCf7o8yHRJ7Y_QQLxwu1KQgA\",\"https:\\\/\\\/www.linkedin.com\\\/company\\\/96035097\\\/admin\\\/dashboard\\\/\"]}]}<\/script>\n<!-- \/ Yoast SEO plugin. -->","yoast_head_json":{"title":"Informativo VRIP 14 Julio 2025 - VRIP","robots":{"index":"index","follow":"follow","max-snippet":"max-snippet:-1","max-image-preview":"max-image-preview:large","max-video-preview":"max-video-preview:-1"},"canonical":"https:\/\/vrip.ubiobio.cl\/inicio\/informativos-vrip\/edicion-14-julio-2025\/","og_locale":"es_ES","og_type":"article","og_title":"Informativo VRIP 14 Julio 2025 - VRIP","og_description":"Edici\u00f3n 14 Julio 2025 Leer Editorial Leer Bolet\u00edn Un paso firme hacia la transformaci\u00f3n tecnol\u00f3gica de las PYMEs El proyecto PATI de CORFO, liderado por investigadores de la Universidad del B\u00edo-B\u00edo, marca un hito clave en el fortalecimiento de la innovaci\u00f3n tecnol\u00f3gica en empresas regionales. Bajo la direcci\u00f3n del Dr. Mario Ramos Maldonado, acad\u00e9mico e...","og_url":"https:\/\/vrip.ubiobio.cl\/inicio\/informativos-vrip\/edicion-14-julio-2025\/","og_site_name":"VRIP","article_modified_time":"2025-07-14T20:13:50+00:00","og_image":[{"url":"https:\/\/flashissue.s3.us-east-1.amazonaws.com\/zr1y47bcRTuozanm0ZZ7_VlJJUF9Cb2xldGluIGJhc2VfZWRpdA==.jpg","type":"","width":"","height":""}],"twitter_card":"summary_large_image","twitter_site":"@vripubb","twitter_misc":{"Tiempo de lectura":"7 minutos"},"schema":{"@context":"https:\/\/schema.org","@graph":[{"@type":"WebPage","@id":"https:\/\/vrip.ubiobio.cl\/inicio\/informativos-vrip\/edicion-14-julio-2025\/","url":"https:\/\/vrip.ubiobio.cl\/inicio\/informativos-vrip\/edicion-14-julio-2025\/","name":"Informativo VRIP 14 Julio 2025 - VRIP","isPartOf":{"@id":"https:\/\/vrip.ubiobio.cl\/inicio\/#website"},"primaryImageOfPage":{"@id":"https:\/\/vrip.ubiobio.cl\/inicio\/informativos-vrip\/edicion-14-julio-2025\/#primaryimage"},"image":{"@id":"https:\/\/vrip.ubiobio.cl\/inicio\/informativos-vrip\/edicion-14-julio-2025\/#primaryimage"},"thumbnailUrl":"https:\/\/flashissue.s3.us-east-1.amazonaws.com\/zr1y47bcRTuozanm0ZZ7_VlJJUF9Cb2xldGluIGJhc2VfZWRpdA==.jpg","datePublished":"2025-07-11T20:17:00+00:00","dateModified":"2025-07-14T20:13:50+00:00","breadcrumb":{"@id":"https:\/\/vrip.ubiobio.cl\/inicio\/informativos-vrip\/edicion-14-julio-2025\/#breadcrumb"},"inLanguage":"es","potentialAction":[{"@type":"ReadAction","target":["https:\/\/vrip.ubiobio.cl\/inicio\/informativos-vrip\/edicion-14-julio-2025\/"]}]},{"@type":"ImageObject","inLanguage":"es","@id":"https:\/\/vrip.ubiobio.cl\/inicio\/informativos-vrip\/edicion-14-julio-2025\/#primaryimage","url":"https:\/\/flashissue.s3.us-east-1.amazonaws.com\/zr1y47bcRTuozanm0ZZ7_VlJJUF9Cb2xldGluIGJhc2VfZWRpdA==.jpg","contentUrl":"https:\/\/flashissue.s3.us-east-1.amazonaws.com\/zr1y47bcRTuozanm0ZZ7_VlJJUF9Cb2xldGluIGJhc2VfZWRpdA==.jpg"},{"@type":"BreadcrumbList","@id":"https:\/\/vrip.ubiobio.cl\/inicio\/informativos-vrip\/edicion-14-julio-2025\/#breadcrumb","itemListElement":[{"@type":"ListItem","position":1,"name":"Portada","item":"https:\/\/vrip.ubiobio.cl\/inicio\/"},{"@type":"ListItem","position":2,"name":"Informativos VRIP","item":"https:\/\/vrip.ubiobio.cl\/inicio\/informativos-vrip\/"},{"@type":"ListItem","position":3,"name":"Informativo VRIP 14 Julio 2025"}]},{"@type":"WebSite","@id":"https:\/\/vrip.ubiobio.cl\/inicio\/#website","url":"https:\/\/vrip.ubiobio.cl\/inicio\/","name":"VRIP","description":"Vicerrector\u00eda de Investigaci\u00f3n y Postgrado","publisher":{"@id":"https:\/\/vrip.ubiobio.cl\/inicio\/#organization"},"potentialAction":[{"@type":"SearchAction","target":{"@type":"EntryPoint","urlTemplate":"https:\/\/vrip.ubiobio.cl\/inicio\/?s={search_term_string}"},"query-input":{"@type":"PropertyValueSpecification","valueRequired":true,"valueName":"search_term_string"}}],"inLanguage":"es"},{"@type":"Organization","@id":"https:\/\/vrip.ubiobio.cl\/inicio\/#organization","name":"VRIP","url":"https:\/\/vrip.ubiobio.cl\/inicio\/","logo":{"@type":"ImageObject","inLanguage":"es","@id":"https:\/\/vrip.ubiobio.cl\/inicio\/#\/schema\/logo\/image\/","url":"https:\/\/vrip.ubiobio.cl\/wp-content\/uploads\/2022\/10\/logo-vrip_Mesa-de-trabajo-1.png","contentUrl":"https:\/\/vrip.ubiobio.cl\/wp-content\/uploads\/2022\/10\/logo-vrip_Mesa-de-trabajo-1.png","width":642,"height":178,"caption":"VRIP"},"image":{"@id":"https:\/\/vrip.ubiobio.cl\/inicio\/#\/schema\/logo\/image\/"},"sameAs":["https:\/\/x.com\/vripubb","https:\/\/www.instagram.com\/vrip_ubb\/","https:\/\/www.youtube.com\/channel\/UCf7o8yHRJ7Y_QQLxwu1KQgA","https:\/\/www.linkedin.com\/company\/96035097\/admin\/dashboard\/"]}]}},"_links":{"self":[{"href":"https:\/\/vrip.ubiobio.cl\/inicio\/wp-json\/wp\/v2\/pages\/50834","targetHints":{"allow":["GET"]}}],"collection":[{"href":"https:\/\/vrip.ubiobio.cl\/inicio\/wp-json\/wp\/v2\/pages"}],"about":[{"href":"https:\/\/vrip.ubiobio.cl\/inicio\/wp-json\/wp\/v2\/types\/page"}],"author":[{"embeddable":true,"href":"https:\/\/vrip.ubiobio.cl\/inicio\/wp-json\/wp\/v2\/users\/1"}],"replies":[{"embeddable":true,"href":"https:\/\/vrip.ubiobio.cl\/inicio\/wp-json\/wp\/v2\/comments?post=50834"}],"version-history":[{"count":23,"href":"https:\/\/vrip.ubiobio.cl\/inicio\/wp-json\/wp\/v2\/pages\/50834\/revisions"}],"predecessor-version":[{"id":51031,"href":"https:\/\/vrip.ubiobio.cl\/inicio\/wp-json\/wp\/v2\/pages\/50834\/revisions\/51031"}],"up":[{"embeddable":true,"href":"https:\/\/vrip.ubiobio.cl\/inicio\/wp-json\/wp\/v2\/pages\/41711"}],"wp:attachment":[{"href":"https:\/\/vrip.ubiobio.cl\/inicio\/wp-json\/wp\/v2\/media?parent=50834"}],"curies":[{"name":"wp","href":"https:\/\/api.w.org\/{rel}","templated":true}]}}