{"id":50100,"date":"2025-06-02T14:21:36","date_gmt":"2025-06-02T14:21:36","guid":{"rendered":"https:\/\/vrip.ubiobio.cl\/inicio\/?page_id=50100"},"modified":"2025-06-17T20:05:07","modified_gmt":"2025-06-17T20:05:07","slug":"edicion-02-junio-2025","status":"publish","type":"page","link":"https:\/\/vrip.ubiobio.cl\/inicio\/informativos-vrip\/edicion-02-junio-2025\/","title":{"rendered":"Informativo VRIP 02 Junio 2025"},"content":{"rendered":"\t\t<div data-elementor-type=\"wp-page\" data-elementor-id=\"50100\" class=\"elementor elementor-50100\" data-elementor-settings=\"{&quot;ha_cmc_init_switcher&quot;:&quot;no&quot;}\">\n\t\t\t\t\t\t<section class=\"elementor-section elementor-top-section elementor-element elementor-element-f37001d elementor-section-height-min-height elementor-section-boxed elementor-section-height-default elementor-section-items-middle\" data-id=\"f37001d\" data-element_type=\"section\" data-e-type=\"section\" data-settings=\"{&quot;background_background&quot;:&quot;classic&quot;,&quot;_ha_eqh_enable&quot;:false}\">\n\t\t\t\t\t\t<div class=\"elementor-container elementor-column-gap-default\">\n\t\t\t\t\t<div class=\"elementor-column elementor-col-100 elementor-top-column elementor-element elementor-element-34864aa elementor-invisible\" data-id=\"34864aa\" data-element_type=\"column\" data-e-type=\"column\" data-settings=\"{&quot;animation&quot;:&quot;slideInDown&quot;}\">\n\t\t\t<div class=\"elementor-widget-wrap elementor-element-populated\">\n\t\t\t\t\t\t<div class=\"elementor-element elementor-element-98500eb elementor-widget elementor-widget-heading\" data-id=\"98500eb\" data-element_type=\"widget\" data-e-type=\"widget\" data-widget_type=\"heading.default\">\n\t\t\t\t<div class=\"elementor-widget-container\">\n\t\t\t\t\t<h3 class=\"elementor-heading-title elementor-size-xl\">Edici\u00f3n 02 Junio 2025<\/h3>\t\t\t\t<\/div>\n\t\t\t\t<\/div>\n\t\t\t\t\t<\/div>\n\t\t<\/div>\n\t\t\t\t\t<\/div>\n\t\t<\/section>\n\t\t\t\t<section class=\"elementor-section elementor-top-section elementor-element elementor-element-9e6f6cd elementor-section-boxed elementor-section-height-default elementor-section-height-default\" data-id=\"9e6f6cd\" data-element_type=\"section\" data-e-type=\"section\" data-settings=\"{&quot;_ha_eqh_enable&quot;:false}\">\n\t\t\t\t\t\t<div class=\"elementor-container elementor-column-gap-default\">\n\t\t\t\t\t<div class=\"elementor-column elementor-col-100 elementor-top-column elementor-element elementor-element-7a0d97e\" data-id=\"7a0d97e\" data-element_type=\"column\" data-e-type=\"column\">\n\t\t\t<div class=\"elementor-widget-wrap elementor-element-populated\">\n\t\t\t\t\t\t<div class=\"elementor-element elementor-element-4fa6cef elementor-widget elementor-widget-eael-adv-tabs\" data-id=\"4fa6cef\" data-element_type=\"widget\" data-e-type=\"widget\" data-widget_type=\"eael-adv-tabs.default\">\n\t\t\t\t<div class=\"elementor-widget-container\">\n\t\t\t\t\t        <div data-scroll-on-click=\"no\" data-scroll-speed=\"300\" id=\"eael-advance-tabs-4fa6cef\" class=\"eael-advance-tabs eael-tabs-horizontal eael-tab-auto-active \" data-tabid=\"4fa6cef\">\n            <div class=\"eael-tabs-nav \">\n                <ul class=\"eael-tab-inline-icon\" role=\"tablist\">\n                                            <li id=\"leer-editorial\" class=\"active-default eael-tab-item-trigger eael-tab-nav-item\" aria-selected=\"true\" data-tab=\"1\" role=\"tab\" tabindex=\"0\" aria-controls=\"leer-editorial-tab\" aria-expanded=\"false\">\n                            \n                                                                <i class=\"fas fa-scroll\"><\/i>                                                            \n                                                            <span class=\"eael-tab-title title-after-icon\" >Leer Editorial<\/span>                            \n                                                    <\/li>\n                                            <li id=\"leer-boletn\" class=\"inactive eael-tab-item-trigger eael-tab-nav-item\" aria-selected=\"false\" data-tab=\"2\" role=\"tab\" tabindex=\"-1\" aria-controls=\"leer-boletn-tab\" aria-expanded=\"false\">\n                            \n                                                                <i class=\"far fa-newspaper\"><\/i>                                                            \n                                                            <span class=\"eael-tab-title title-after-icon\" >Leer Bolet\u00edn<\/span>                            \n                                                    <\/li>\n                    \n                                  <\/ul>\n            <\/div>\n            \n            <div class=\"eael-tabs-content\">\n\t\t        \n                    <div id=\"leer-editorial-tab\" class=\"clearfix eael-tab-content-item active-default\" data-title-link=\"leer-editorial-tab\">\n\t\t\t\t        <p><img decoding=\"async\" src=\"https:\/\/flashissue.s3.us-east-1.amazonaws.com\/zr1y47bcRTuozanm0ZZ7_VlJJUF9Cb2xldGluIGJhc2VfZWRpdA==.jpg\" \/><\/p><h3><strong><span style=\"color: #083854\">Cuenta P\u00fablica 2025: Se destacan aporte para las<\/span><\/strong><br \/><strong><span style=\"color: #083854\">Universidades a trav\u00e9s de los fondos FIU<\/span><\/strong><\/h3><p>Este domingo, durante su Cuenta P\u00fablica 2025, el Presidente Gabriel Boric reafirm\u00f3 una visi\u00f3n estrat\u00e9gica y ambiciosa: hacer de la ciencia, la tecnolog\u00eda y la innovaci\u00f3n los pilares de un nuevo modelo de desarrollo para Chile. En un contexto global donde el conocimiento se ha vuelto el principal motor del progreso, el mandatario dej\u00f3 en claro que Chile no s\u00f3lo quiere estar presente en el futuro digital, sino que aspira a protagonizarlo.<\/p><p>En su discurso, el Presidente destac\u00f3 avances concretos que reafirman este compromiso. La creaci\u00f3n del Fondo Nacional de Investigaci\u00f3n para Universidades (FIU), que ya beneficia a 33 instituciones, entre ellas a nuestra Universidad del B\u00edo-B\u00edo, con su proyecto FIUT-UBB, representando un cambio estructural en la forma en que se financia la investigaci\u00f3n, con una mirada de largo plazo y sin depender de la l\u00f3gica competitiva que por a\u00f1os ha limitado la continuidad y profundidad de muchos proyectos cient\u00edficos.<\/p><p>A esto se suman otras pol\u00edticas que demuestran una visi\u00f3n integral. Desde la Estrategia Nacional del Litio, con un enfoque cient\u00edfico y de sostenibilidad, hasta el fortalecimiento de la ciencia ant\u00e1rtica y el impulso decidido a la igualdad de g\u00e9nero en STEM, con resultados concretos como el aumento del 15,7% en la matr\u00edcula femenina en estas carreras, gracias al programa M\u00e1s Mujeres Cient\u00edficas.<\/p><p>Desde esta perspectiva el discurso del Presidente apunta a una mayor equidad territorial y sostenibilidad ambiental. Iniciativas como el superc\u00f3mputo en Arica y Valpara\u00edso o el fortalecimiento del conocimiento sobre salares y biodiversidad en el norte grande son se\u00f1ales de un pa\u00eds que quiere crecer descentralizadamente, con inclusi\u00f3n y respeto por sus territorios y como universidad birregional, se aprecian estas consideraciones.<\/p><p><strong>VRIP Comunicaciones<\/strong><\/p><table align=\"center\"><tbody><tr><td id=\"m_8467858756250299110m_4658873428329236187m_-7901358079350462190gmail-twitter-social-link\"><a href=\"https:\/\/www.twitter.com\/FlashIssue\" target=\"_blank\" rel=\"noopener\"><img decoding=\"async\" class=\"CToWUd alignright\" src=\"https:\/\/app.flashissue.com\/images\/social-icons\/round\/twitter\/grey\/twitter48.png\" \/><\/a><\/td><td>\u00a0<\/td><td id=\"m_8467858756250299110m_4658873428329236187m_-7901358079350462190gmail-youtube-social-link\"><a href=\"https:\/\/www.youtube.com\/channel\/UCf7o8yHRJ7Y_QQLxwu1KQgA\" target=\"_blank\" rel=\"noopener\"><img decoding=\"async\" class=\"CToWUd aligncenter\" src=\"https:\/\/app.flashissue.com\/images\/social-icons\/round\/youtube\/grey\/youtube48.png\" \/><\/a><\/td><td>\u00a0<\/td><td id=\"m_8467858756250299110m_4658873428329236187m_-7901358079350462190gmail-instagram-social-link\"><a href=\"https:\/\/www.instagram.com\/vrip_ubb\" target=\"_blank\" rel=\"noopener\"><img decoding=\"async\" class=\"CToWUd alignleft\" src=\"https:\/\/app.flashissue.com\/images\/social-icons\/round\/instagram\/grey\/instagram48.png\" \/><\/a><\/td><\/tr><\/tbody><\/table><p><a href=\"https:\/\/vrip.ubiobio.cl\/informativos-vrip\/\" target=\"_blank\" rel=\"noopener\"><img fetchpriority=\"high\" decoding=\"async\" class=\"aligncenter\" src=\"https:\/\/flashissue.s3.us-east-1.amazonaws.com\/wn9DyI72QZaEm43a79u8_VlJJUF9Cb2xldGluIGJhc2VfcGllIHBhZw==.jpg\" width=\"616\" height=\"121\" \/><\/a><\/p><p style=\"text-align: center\">Vicerrector\u00eda de Investigaci\u00f3n y Postgrado &#8211; Universidad del B\u00edo-B\u00edo<br \/><span style=\"background-color: transparent\">Todos los derechos reservados.<br \/><\/span><span style=\"background-color: transparent\">Av. Collao 1202, Concepci\u00f3n \/ Av. Andr\u00e9s Bello s\/n, Chill\u00e1n<br \/><\/span><span style=\"background-color: transparent\">Comentarios a:\u00a0<\/span><strong style=\"background-color: transparent\"><a href=\"mailto:vripcomunicaciones@ubiobio.cl?subject=Comentario%20newsletter\" target=\"_blank\" rel=\"noopener\">vripcomunicaciones@ubiobio.cl<\/a><\/strong><\/p>                    <\/div>\n\t\t        \n                    <div id=\"leer-boletn-tab\" class=\"clearfix eael-tab-content-item inactive\" data-title-link=\"leer-boletn-tab\">\n\t\t\t\t        <p><img decoding=\"async\" src=\"https:\/\/flashissue.s3.us-east-1.amazonaws.com\/gGIsEHrdSs2FD5KEhSxm_VlJJUF9Cb2xldGluIGJhc2VfZW5jYWJlemFkbw==.jpg\" \/><\/p><h3><img decoding=\"async\" src=\"https:\/\/flashissue.s3.us-east-1.amazonaws.com\/uhD3gXPTquxx0jDtBlHd_NA==.png\" \/><\/h3><h3><span style=\"color: #073753\"><strong>Un<span style=\"color: #073753\">Diversidad del B\u00edo-B\u00edo impuls\u00f3 Taller de socializaci\u00f3n de brechas y op<\/span>ortunidades en I+D+i como parte del Proyecto institucional FIUT\u00a0<\/strong><\/span><\/h3><p>Con el objetivo de fortalecer las capacidades institucionales en investigaci\u00f3n, desarrollo e innovaci\u00f3n (I+D+i), la Universidad del B\u00edo-B\u00edo dio inicio este jueves 29 y viernes 30 de mayo al Taller de Socializaci\u00f3n de Brechas y Oportunidades, en el marco del proyecto FIUT-109108, titulado \u201cFortalecimiento de las capacidades institucionales de I+D+i de la Universidad del B\u00edo-B\u00edo, para contribuir al desarrollo de los territorios de las Regiones de \u00d1uble y Biob\u00edo\u201d.<\/p><p><em>Ver m\u00e1s:\u00a0<\/em><a href=\"https:\/\/vrip.ubiobio.cl\/inicio\/noticias\/universidad-del-bio-bio-impulso-taller-de-socializacion-de-brechas-y-oportunidades-en-idi-como-parte-del-proyecto-institucional-fiut\/\" target=\"_blank\" rel=\"noopener\">https:\/\/vrip.ubiobio.cl\/inicio\/noticias\/universidad-del-bio-bio-impulso-taller-de-socializacion-de-brechas-y-oportunidades-en-idi-como-parte-del-proyecto-institucional-fiut\/<\/a><\/p><hr \/><p><img decoding=\"async\" src=\"https:\/\/flashissue.s3.us-east-1.amazonaws.com\/zKT5Pd0RtyTdRCYEHz7A_Nw==.png\" \/><\/p><h3><span style=\"color: #073753\"><strong>Director de Innovaci\u00f3n UBB particip\u00f3 en seminario sobre nuevos criterios de acreditaci\u00f3n en innovaci\u00f3n universitaria organizado por la Red de Innovaci\u00f3n del CUECH y la CNA<\/strong><\/span><\/h3><p>Como parte de su compromiso con el fortalecimiento de la innovaci\u00f3n en las universidades estatales, la Red de Innovaci\u00f3n del Consorcio de Universidades del Estado de Chile (CUECH), en conjunto con la Comisi\u00f3n Nacional de Acreditaci\u00f3n (CNA), desarroll\u00f3 el seminario \u201cAproximaci\u00f3n t\u00e9cnica desde la CNA: Proceso de acreditaci\u00f3n en innovaci\u00f3n\u201d, realizado el viernes 30 de mayo en modalidad online.<\/p><p><em>Ver m\u00e1s:\u00a0<\/em><a href=\"https:\/\/vrip.ubiobio.cl\/inicio\/noticias\/director-de-innovacion-ubb-participo-en-seminario-sobre-nuevos-criterios-de-acreditacion-en-innovacion-universitaria-organizado-por-la-red-de-innovacion-del-cuech-y-la-cna\/\" target=\"_blank\" rel=\"noopener\">https:\/\/vrip.ubiobio.cl\/inicio\/noticias\/director-de-innovacion-ubb-participo-en-seminario-sobre-nuevos-criterios-de-acreditacion-en-innovacion-universitaria-organizado-por-la-red-de-innovacion-del-cuech-y-la-cna\/<\/a><\/p><hr \/><p><img decoding=\"async\" src=\"https:\/\/flashissue.s3.us-east-1.amazonaws.com\/gwXv1bkCSjOHik3Z7bde_Mg==.png\" \/><\/p><h3><span style=\"color: #073753\"><strong>Exitoso Encuentro Empresarial Cobquecura 2025: fortalece el crecimiento y desarrollo local<\/strong><\/span><\/h3><p>Con una amplia participaci\u00f3n de autoridades, emprendedores y actores del ecosistema productivo local, se realiz\u00f3 el Encuentro Empresarial Cobquecura 2025, organizado por la Ilustre Municipalidad de Cobquecura, la Oficina OMIL y el Centro de Negocios SERCOTEC San Carlos, operado por la Universidad del B\u00edo-B\u00edo.<\/p><p><em>Ver m\u00e1s:\u00a0<\/em><a href=\"https:\/\/vrip.ubiobio.cl\/inicio\/noticias\/exitoso-encuentro-empresarial-cobquecura-2025-fortalece-el-crecimiento-y-desarrollo-local\/\" target=\"_blank\" rel=\"noopener\">https:\/\/vrip.ubiobio.cl\/inicio\/noticias\/exitoso-encuentro-empresarial-cobquecura-2025-fortalece-el-crecimiento-y-desarrollo-local\/<\/a><\/p><hr \/><p><img decoding=\"async\" src=\"https:\/\/flashissue.s3.us-east-1.amazonaws.com\/h3ytnqgVSYuFlT75JaNj_Mw==.png\" \/><\/p><h3><span style=\"color: #073753\"><strong>Ceremonia de certificaci\u00f3n destaca a mujeres emprendedoras de la Regi\u00f3n de \u00d1uble<\/strong><\/span><\/h3><p>En un emotivo acto realizado, en San Carlos, en la Casa Museo Violeta Parra, se llev\u00f3 a cabo la ceremonia de certificaci\u00f3n de la segunda versi\u00f3n de la Escuela de Fortalecimiento Empresarial Femenino (EFEF), iniciativa impulsada por el Centro de Negocios Sercotec San Carlos, operado por la Universidad del B\u00edo-B\u00edo.<\/p><p><em>Ver m\u00e1s:\u00a0<\/em><a href=\"https:\/\/noticias.ubiobio.cl\/2025\/05\/29\/ceremonia-de-certificacion-destaca-a-mujeres-emprendedoras-de-la-region-de-nuble\/\" target=\"_blank\" rel=\"noopener\">https:\/\/noticias.ubiobio.cl\/2025\/05\/29\/ceremonia-de-certificacion-destaca-a-mujeres-emprendedoras-de-la-region-de-nuble\/<\/a><\/p><hr \/><p><img decoding=\"async\" src=\"https:\/\/flashissue.s3.us-east-1.amazonaws.com\/bsuHXBLhQqyuXHWo1Ivw_NQ==.png\" \/><\/p><h3><span style=\"color: #073753\"><strong>Centro de Investigaci\u00f3n Educativa CIDCIE adjudica proyecto FONDECYT Regular Educaci\u00f3n Superior<\/strong><\/span><\/h3><p>El director del Centro de Investigaci\u00f3n Educativa CIDCIE, Dr. Carlos Rodr\u00edguez Garc\u00e9s, junto a las investigadoras Mg. Denisse Espinosa Valenzuela y Dra. Mar\u00eda Teresa Casta\u00f1eda D\u00edaz, se adjudicaron su primer Proyecto FONDECYT Regular 2025, titulado \u201cAcceso, trayectoria acad\u00e9mica e inserci\u00f3n laboral de los estudiantes PACE: Los resultados de una propuesta de acci\u00f3n afirmativa para la inclusi\u00f3n educativa en Chile\u201d.<\/p><p><em>Ver m\u00e1s:\u00a0<\/em><a href=\"https:\/\/noticias.ubiobio.cl\/2025\/05\/23\/centro-de-investigacion-educativa-cidcie-adjudica-proyecto-fondecyt-regular-educacion-superior\/\" target=\"_blank\" rel=\"noopener\">https:\/\/noticias.ubiobio.cl\/2025\/05\/23\/centro-de-investigacion-educativa-cidcie-adjudica-proyecto-fondecyt-regular-educacion-superior\/<\/a><\/p><hr \/><p><img decoding=\"async\" src=\"https:\/\/flashissue.s3.us-east-1.amazonaws.com\/HqxQ7q1SE2KKkmYzZ4Ba_Ng==.png\" \/><\/p><h3><span style=\"color: #073753\"><strong>Centro de Graduados del Mag\u00edster en Ciencias Sociales UBB realiza primer taller de actualizaci\u00f3n profesional<\/strong><\/span><\/h3><p>El Centro de Graduados del Mag\u00edster en Ciencias Sociales (MCS) de la Universidad del B\u00edo-B\u00edo llev\u00f3 a cabo con \u00e9xito el primer Taller de Actualizaci\u00f3n Profesional, titulado \u201cG\u00e9nero e Interseccionalidad: una mirada desde las ciencias sociales\u201d, dictado por la Mg. Daniela Sandoval Mu\u00f1oz, profesional que, durante los \u00faltimos a\u00f1os, se ha dedicado al trabajo de tem\u00e1ticas de g\u00e9nero.<\/p><p><em>Ver m\u00e1s:\u00a0<\/em><a href=\"https:\/\/noticias.ubiobio.cl\/2025\/05\/22\/centro-de-graduados-del-magister-en-ciencias-sociales-ubb-realiza-primer-taller-de-actualizacion-profesional\/\" target=\"_blank\" rel=\"noopener\">https:\/\/noticias.ubiobio.cl\/2025\/05\/22\/centro-de-graduados-del-magister-en-ciencias-sociales-ubb-realiza-primer-taller-de-actualizacion-profesional\/<\/a><\/p><hr \/><p><img decoding=\"async\" src=\"https:\/\/flashissue.s3.us-east-1.amazonaws.com\/TTQHTUwYSeuECP3iRcrV_MQ==.png\" \/><\/p><h3><span style=\"color: #073753\"><strong>Fortaleciendo la cultura emprendedora en el territorio: capacitaciones en Yumbel, Cabrero y San Ignacio<\/strong><\/span><\/h3><p>La semana pasada, desde la Unidad de Emprendimiento en el marco del proyecto \u00abESR, Fortalecimiento de la cultura emprendedora\u00bb se realizaron exitosas jornadas de capacitaci\u00f3n en las comunas de Yumbel y Cabrero, enfocadas en fuentes de financiamiento para potenciar ideas de negocio y fortalecer el ecosistema emprendedor local.<\/p><p>La pr\u00f3xima jornada se llevar\u00e1 a cabo este jueves 6 de junio en la comuna de San Ignacio, continuando con el compromiso de impulsar capacidades emprendedoras en los territorios. Contin\u00faan avanzando junto a las comunidades para construir un ecosistema m\u00e1s inclusivo y conectado.<\/p><hr \/><p><img decoding=\"async\" src=\"https:\/\/flashissue.s3.us-east-1.amazonaws.com\/6rwuC3hdQ8eVAkJb2oCF_VlJJUF9Cb2xldGluIGJhc2VfZWRpdA==.jpg\" \/><\/p><h3><span style=\"color: #073753\"><strong>Editorial | Cuenta P\u00fablica 2025: Se destacan aporte para las Universidades a trav\u00e9s de los fondos FIU<\/strong><\/span><\/h3><p><em>Ver m\u00e1s:\u00a0<\/em><a href=\"https:\/\/vrip.ubiobio.cl\/inicio\/informativos-vrip\/edicion-02-junio-2025\/\" target=\"_blank\" rel=\"noopener\">https:\/\/vrip.ubiobio.cl\/inicio\/informativos-vrip\/edicion-02-junio-2025\/<\/a><\/p><hr \/><p><img decoding=\"async\" src=\"https:\/\/flashissue.s3.us-east-1.amazonaws.com\/gokvV6jKTLmGn7eslSiA_VlJJUF9CYW5uZXJfRGlhcmlvIGJvbGV0aW4=.jpg\" \/><\/p><hr \/><p><img decoding=\"async\" src=\"https:\/\/flashissue.s3.us-east-1.amazonaws.com\/vGCRHqu5TAydAm2Ahi5g_VlJJUF9Cb2xldGluIGJhc2VfaW5mbw==.jpg\" \/><\/p><p><img decoding=\"async\" src=\"https:\/\/flashissue.s3.us-east-1.amazonaws.com\/Z5QdjRP6Suun61onn8HG_VnJpcCBib2xldGnMgW4gTWFudWFsIGRlIEJ1ZW5hcyBQcmFjdGljYXMgQ2llbmNpYSBBYmllcnRhIFVCQiA=.png\" \/><\/p><h3><span style=\"color: #073753\"><strong>Manual de buenas pr\u00e1cticas<\/strong><\/span><\/h3><p><em>Ver m\u00e1s:\u00a0<\/em><a href=\"https:\/\/ciencia-abierta.ubiobio.cl\/manual-buenas-practicas\/\" target=\"_blank\" rel=\"noopener\">https:\/\/ciencia-abierta.ubiobio.cl\/manual-buenas-practicas\/<\/a><\/p><hr \/><p><img decoding=\"async\" src=\"https:\/\/flashissue.s3.us-east-1.amazonaws.com\/MURLTsTcTSquGDtmmuUG_QmFubmVyIGJvbGV0aW4ganVuaW9fVklSQUxJWkE=.jpg\" \/><\/p><h3><span style=\"color: #073753\"><strong>\u00a1Viraliza 2025! Formaci\u00f3n y Eventos para fortalecer las provincias de Arauco y Biob\u00edo<\/strong><\/span><\/h3><p>Ya est\u00e1n abiertas las convocatorias Viraliza de Corfo en sus l\u00edneas de Difusi\u00f3n de Eventos y Formaci\u00f3n. Si eres parte de una entidad que impulsa la innovaci\u00f3n, esta es tu oportunidad para desarrollar iniciativas que fortalezcan el ecosistema regional.<\/p><p>Viraliza Formaci\u00f3n entrega financiamiento para programas presenciales de capacitaci\u00f3n \u2014como talleres, workshops y charlas\u2014 enfocados en entregar herramientas, habilidades y metodolog\u00edas a p\u00fablicos espec\u00edficos en temas de emprendimiento e innovaci\u00f3n. Por otro lado, Viraliza Eventos apoya la realizaci\u00f3n de encuentros presenciales de al menos dos d\u00edas, con alta convocatoria y la participaci\u00f3n de al menos tres expertos\/as internacionales. Estos espacios buscan generar redes, visibilizar experiencias y compartir buenas pr\u00e1cticas.<\/p><p>Revisa las bases y postula en:<br \/><a href=\"https:\/\/www.fomentobiobio.cl\/programas-financiamiento\/viraliza-formacion-provincia-de-arauco-y-biobio-2025\/\" target=\"_blank\" rel=\"noopener\">https:\/\/www.fomentobiobio.cl\/programas-financiamiento\/viraliza-formacion-provincia-de-arauco-y-biobio-2025\/<\/a>\u00a0&#8211;\u00a0<a href=\"https:\/\/www.fomentobiobio.cl\/programas-financiamiento\/viraliza-eventos-provincia-de-arauco-y-biobio-2025\/\" target=\"_blank\" rel=\"noopener\">https:\/\/www.fomentobiobio.cl\/programas-financiamiento\/viraliza-eventos-provincia-de-arauco-y-biobio-2025\/<\/a><\/p><hr \/><p><img decoding=\"async\" src=\"https:\/\/flashissue.s3.us-east-1.amazonaws.com\/jiiVWRIkRvu6G9OIP8dJ_VlJJUF9FbmN1ZXN0YV9pbmZvcg==.jpg\" \/><\/p><h3><span style=\"color: #073753\"><strong>Encuesta Direcci\u00f3n de Investigaci\u00f3n y Creaci\u00f3n Art\u00edstica VRIP<\/strong><\/span><\/h3><p>Responde aqu\u00ed la encuesta:<a href=\"https:\/\/rcencuesta.dci.ubiobio.cl\/index.php\/524923\" target=\"_blank\" rel=\"noopener\">\u00a0https:\/\/rcencuesta.dci.ubiobio.cl\/index.php\/524923<\/a><\/p><hr \/><p><img decoding=\"async\" src=\"https:\/\/flashissue.s3.us-east-1.amazonaws.com\/khJcIBzQGCTOuqxx8KQ4_R2xvc2FyaW8gYm9sZXRpbg==.png\" \/><\/p><h3><span style=\"color: #073753\"><strong>Glosario Ciencia Abierta UBB<\/strong><\/span><\/h3><p>Aqu\u00ed encontrar\u00e1s conceptos relacionados con la Ciencia Abierta. Este glosario es una herramienta \u00fatil tanto para expertos como para quienes se inician en el fascinante mundo de la Ciencia Abierta.<\/p><p><em>Ver m\u00e1s:\u00a0<\/em><a href=\"https:\/\/ciencia-abierta.ubiobio.cl\/glosario-ciencia-abierta-ubb\/\" target=\"_blank\" rel=\"noopener\">https:\/\/ciencia-abierta.ubiobio.cl\/glosario-ciencia-abierta-ubb\/<\/a><\/p><hr \/><p><img decoding=\"async\" src=\"https:\/\/flashissue.s3.us-east-1.amazonaws.com\/z1WEefyKRQa8qqZwIFzA_YmFubmVyIFBvbGnMgXRpY2Fz.png\" \/><\/p><h3><span style=\"color: #073753\"><strong>\u00a1Descubre la Pol\u00edtica de Investigaci\u00f3n, Desarrollo e Innovaci\u00f3n de la UBB!<\/strong><\/span><\/h3><p>En la Universidad del B\u00edo-B\u00edo, como instituci\u00f3n p\u00fablica, nuestra misi\u00f3n es generar conocimiento con impacto real en la sociedad. Por eso, nuestra Pol\u00edtica de Investigaci\u00f3n, Desarrollo e Innovaci\u00f3n es fundamental: gu\u00eda nuestras acciones para fortalecer la ciencia abierta, la equidad y el desarrollo sostenible en las regiones del Biob\u00edo y \u00d1uble.<\/p><p><em>Ver video<\/em>:\u00a0<strong>\u00a0<\/strong><a href=\"https:\/\/youtu.be\/7pTyZF5KW2g\" target=\"_blank\" rel=\"noopener\">https:\/\/youtu.be\/7pTyZF5KW2g<\/a><\/p><hr \/><p><img decoding=\"async\" src=\"https:\/\/flashissue.s3.us-east-1.amazonaws.com\/8oQjs5dhQBDnO4JrXuUv_UG9zdGdyYWRvX1Byb2dyYW1hc19pbmZvcm1hdGl2bw==.jpg\" \/><\/p><h3><span style=\"color: #073753\"><strong>Programas de Postgrados UBB disponibles<\/strong><\/span><\/h3><p><em>Ver m\u00e1s:<\/em> <a href=\"http:\/\/postgrados.ubiobio.cl\/\" target=\"_blank\" rel=\"noopener\">http:\/\/postgrados.ubiobio.cl\/<\/a><\/p><hr \/><p><img decoding=\"async\" src=\"https:\/\/flashissue.s3.us-east-1.amazonaws.com\/IaOWQkAMRLayY0wmgstY_dW5uYW1lZCAoMSk=.jpg\" \/><\/p><h3><span style=\"color: #073753\"><strong>Calendario Anual de Concursos disponibles<\/strong><\/span><\/h3><p><em>Ver m\u00e1s<\/em>:\u00a0<a href=\"https:\/\/vrip.ubiobio.cl\/inicio\/calendario-de-concursos\" target=\"_blank\" rel=\"noopener\">https:\/\/vrip.ubiobio.cl\/inicio\/calendario-de-concursos<\/a><\/p><hr \/><table align=\"center\"><tbody><tr><td id=\"m_8467858756250299110m_4658873428329236187m_-7901358079350462190gmail-twitter-social-link\"><a href=\"https:\/\/www.twitter.com\/FlashIssue\" target=\"_blank\" rel=\"noopener\"><img decoding=\"async\" class=\"CToWUd alignright\" src=\"https:\/\/ci3.googleusercontent.com\/meips\/ADKq_NZE482hZCyf5-eH5kdodW-i7ynf_Uc3o7Y2qVhkxeaBCGxbbRl4hZDL1bqALThwDN-AV5RNZ6NOZSIkeTJldTdvlbzE_6G1poLwYf9t-LR4fd0q_WAWHZ0f4oGdccihLUnmu9qg=s0-d-e1-ft#https:\/\/app.flashissue.com\/images\/social-icons\/round\/twitter\/grey\/twitter48.png\" \/><\/a><\/td><td id=\"m_8467858756250299110m_4658873428329236187m_-7901358079350462190gmail-youtube-social-link\"><a href=\"https:\/\/www.youtube.com\/channel\/UCf7o8yHRJ7Y_QQLxwu1KQgA\" target=\"_blank\" rel=\"noopener\"><img decoding=\"async\" class=\"CToWUd aligncenter\" src=\"https:\/\/ci3.googleusercontent.com\/meips\/ADKq_NZcx2sA8E3XSq35qpW98I3eb4zPATi0zr1ga9xoEv8HiKSPkRr0My77uw7jNpJiWcrZ-gHmEI2j5re0zjRI8wDsIoJbNevCaWCGyGWLOqc5TP4GPbVwQ1Wro4I6X8LmS5lWPhVl=s0-d-e1-ft#https:\/\/app.flashissue.com\/images\/social-icons\/round\/youtube\/grey\/youtube48.png\" \/><\/a><\/td><td id=\"m_8467858756250299110m_4658873428329236187m_-7901358079350462190gmail-instagram-social-link\"><a href=\"https:\/\/www.instagram.com\/vrip_ubb\" target=\"_blank\" rel=\"noopener\"><img decoding=\"async\" class=\"CToWUd alignleft\" src=\"https:\/\/app.flashissue.com\/images\/social-icons\/round\/instagram\/grey\/instagram48.png\" \/><\/a><\/td><\/tr><\/tbody><\/table><p><img decoding=\"async\" src=\"https:\/\/flashissue.s3.us-east-1.amazonaws.com\/wn9DyI72QZaEm43a79u8_VlJJUF9Cb2xldGluIGJhc2VfcGllIHBhZw==.jpg\" \/><\/p><p style=\"text-align: center\">Vicerrector\u00eda de Investigaci\u00f3n y Postgrado &#8211; Universidad del B\u00edo-B\u00edo<br \/><span style=\"background-color: transparent\">Todos los derechos reservados.<br \/><\/span><span style=\"background-color: transparent\">Av. Collao 1202, Concepci\u00f3n \/ Av. Andr\u00e9s Bello s\/n, Chill\u00e1n<br \/><\/span><span style=\"background-color: transparent\">Comentarios a:\u00a0<\/span><strong style=\"background-color: transparent\"><a href=\"mailto:vripcomunicaciones@ubiobio.cl?subject=Comentario%20newsletter\" target=\"_blank\" rel=\"noopener\">vripcomunicaciones@ubiobio.cl<\/a><\/strong><\/p>                    <\/div>\n\t\t                    <\/div>\n        <\/div>\n\t\t\t\t<\/div>\n\t\t\t\t<\/div>\n\t\t\t\t\t<\/div>\n\t\t<\/div>\n\t\t\t\t\t<\/div>\n\t\t<\/section>\n\t\t\t\t<\/div>\n\t\t","protected":false},"excerpt":{"rendered":"<p>Edici\u00f3n 02 Junio 2025 Leer Editorial Leer Bolet\u00edn Cuenta P\u00fablica 2025: Se destacan aporte para lasUniversidades a trav\u00e9s de los fondos FIU Este domingo, durante su Cuenta P\u00fablica 2025, el Presidente Gabriel Boric reafirm\u00f3 una visi\u00f3n estrat\u00e9gica y ambiciosa: hacer de la ciencia, la tecnolog\u00eda y la innovaci\u00f3n los pilares de un nuevo modelo de&#8230;<\/p>\n","protected":false},"author":1,"featured_media":0,"parent":41711,"menu_order":0,"comment_status":"closed","ping_status":"closed","template":"","meta":{"_kadence_starter_templates_imported_post":false,"_kad_post_transparent":"default","_kad_post_title":"hide","_kad_post_layout":"fullwidth","_kad_post_sidebar_id":"","_kad_post_content_style":"unboxed","_kad_post_vertical_padding":"hide","_kad_post_feature":"hide","_kad_post_feature_position":"","_kad_post_header":false,"_kad_post_footer":false,"footnotes":""},"class_list":["post-50100","page","type-page","status-publish","hentry"],"yoast_head":"<!-- This site is optimized with the Yoast SEO plugin v27.5 - https:\/\/yoast.com\/product\/yoast-seo-wordpress\/ -->\n<title>Informativo VRIP 02 Junio 2025 - VRIP<\/title>\n<meta name=\"robots\" content=\"index, follow, max-snippet:-1, max-image-preview:large, max-video-preview:-1\" \/>\n<link rel=\"canonical\" href=\"https:\/\/vrip.ubiobio.cl\/inicio\/informativos-vrip\/edicion-02-junio-2025\/\" \/>\n<meta property=\"og:locale\" content=\"es_ES\" \/>\n<meta property=\"og:type\" content=\"article\" \/>\n<meta property=\"og:title\" content=\"Informativo VRIP 02 Junio 2025 - VRIP\" \/>\n<meta property=\"og:description\" content=\"Edici\u00f3n 02 Junio 2025 Leer Editorial Leer Bolet\u00edn Cuenta P\u00fablica 2025: Se destacan aporte para lasUniversidades a trav\u00e9s de los fondos FIU Este domingo, durante su Cuenta P\u00fablica 2025, el Presidente Gabriel Boric reafirm\u00f3 una visi\u00f3n estrat\u00e9gica y ambiciosa: hacer de la ciencia, la tecnolog\u00eda y la innovaci\u00f3n los pilares de un nuevo modelo de...\" \/>\n<meta property=\"og:url\" content=\"https:\/\/vrip.ubiobio.cl\/inicio\/informativos-vrip\/edicion-02-junio-2025\/\" \/>\n<meta property=\"og:site_name\" content=\"VRIP\" \/>\n<meta property=\"article:modified_time\" content=\"2025-06-17T20:05:07+00:00\" \/>\n<meta property=\"og:image\" content=\"https:\/\/flashissue.s3.us-east-1.amazonaws.com\/zr1y47bcRTuozanm0ZZ7_VlJJUF9Cb2xldGluIGJhc2VfZWRpdA==.jpg\" \/>\n<meta name=\"twitter:card\" content=\"summary_large_image\" \/>\n<meta name=\"twitter:site\" content=\"@vripubb\" \/>\n<meta name=\"twitter:label1\" content=\"Tiempo de lectura\" \/>\n\t<meta name=\"twitter:data1\" content=\"7 minutos\" \/>\n<script type=\"application\/ld+json\" class=\"yoast-schema-graph\">{\"@context\":\"https:\\\/\\\/schema.org\",\"@graph\":[{\"@type\":\"WebPage\",\"@id\":\"https:\\\/\\\/vrip.ubiobio.cl\\\/inicio\\\/informativos-vrip\\\/edicion-02-junio-2025\\\/\",\"url\":\"https:\\\/\\\/vrip.ubiobio.cl\\\/inicio\\\/informativos-vrip\\\/edicion-02-junio-2025\\\/\",\"name\":\"Informativo VRIP 02 Junio 2025 - VRIP\",\"isPartOf\":{\"@id\":\"https:\\\/\\\/vrip.ubiobio.cl\\\/inicio\\\/#website\"},\"primaryImageOfPage\":{\"@id\":\"https:\\\/\\\/vrip.ubiobio.cl\\\/inicio\\\/informativos-vrip\\\/edicion-02-junio-2025\\\/#primaryimage\"},\"image\":{\"@id\":\"https:\\\/\\\/vrip.ubiobio.cl\\\/inicio\\\/informativos-vrip\\\/edicion-02-junio-2025\\\/#primaryimage\"},\"thumbnailUrl\":\"https:\\\/\\\/flashissue.s3.us-east-1.amazonaws.com\\\/zr1y47bcRTuozanm0ZZ7_VlJJUF9Cb2xldGluIGJhc2VfZWRpdA==.jpg\",\"datePublished\":\"2025-06-02T14:21:36+00:00\",\"dateModified\":\"2025-06-17T20:05:07+00:00\",\"breadcrumb\":{\"@id\":\"https:\\\/\\\/vrip.ubiobio.cl\\\/inicio\\\/informativos-vrip\\\/edicion-02-junio-2025\\\/#breadcrumb\"},\"inLanguage\":\"es\",\"potentialAction\":[{\"@type\":\"ReadAction\",\"target\":[\"https:\\\/\\\/vrip.ubiobio.cl\\\/inicio\\\/informativos-vrip\\\/edicion-02-junio-2025\\\/\"]}]},{\"@type\":\"ImageObject\",\"inLanguage\":\"es\",\"@id\":\"https:\\\/\\\/vrip.ubiobio.cl\\\/inicio\\\/informativos-vrip\\\/edicion-02-junio-2025\\\/#primaryimage\",\"url\":\"https:\\\/\\\/flashissue.s3.us-east-1.amazonaws.com\\\/zr1y47bcRTuozanm0ZZ7_VlJJUF9Cb2xldGluIGJhc2VfZWRpdA==.jpg\",\"contentUrl\":\"https:\\\/\\\/flashissue.s3.us-east-1.amazonaws.com\\\/zr1y47bcRTuozanm0ZZ7_VlJJUF9Cb2xldGluIGJhc2VfZWRpdA==.jpg\"},{\"@type\":\"BreadcrumbList\",\"@id\":\"https:\\\/\\\/vrip.ubiobio.cl\\\/inicio\\\/informativos-vrip\\\/edicion-02-junio-2025\\\/#breadcrumb\",\"itemListElement\":[{\"@type\":\"ListItem\",\"position\":1,\"name\":\"Portada\",\"item\":\"https:\\\/\\\/vrip.ubiobio.cl\\\/inicio\\\/\"},{\"@type\":\"ListItem\",\"position\":2,\"name\":\"Informativos VRIP\",\"item\":\"https:\\\/\\\/vrip.ubiobio.cl\\\/inicio\\\/informativos-vrip\\\/\"},{\"@type\":\"ListItem\",\"position\":3,\"name\":\"Informativo VRIP 02 Junio 2025\"}]},{\"@type\":\"WebSite\",\"@id\":\"https:\\\/\\\/vrip.ubiobio.cl\\\/inicio\\\/#website\",\"url\":\"https:\\\/\\\/vrip.ubiobio.cl\\\/inicio\\\/\",\"name\":\"VRIP\",\"description\":\"Vicerrector\u00eda de Investigaci\u00f3n y Postgrado\",\"publisher\":{\"@id\":\"https:\\\/\\\/vrip.ubiobio.cl\\\/inicio\\\/#organization\"},\"potentialAction\":[{\"@type\":\"SearchAction\",\"target\":{\"@type\":\"EntryPoint\",\"urlTemplate\":\"https:\\\/\\\/vrip.ubiobio.cl\\\/inicio\\\/?s={search_term_string}\"},\"query-input\":{\"@type\":\"PropertyValueSpecification\",\"valueRequired\":true,\"valueName\":\"search_term_string\"}}],\"inLanguage\":\"es\"},{\"@type\":\"Organization\",\"@id\":\"https:\\\/\\\/vrip.ubiobio.cl\\\/inicio\\\/#organization\",\"name\":\"VRIP\",\"url\":\"https:\\\/\\\/vrip.ubiobio.cl\\\/inicio\\\/\",\"logo\":{\"@type\":\"ImageObject\",\"inLanguage\":\"es\",\"@id\":\"https:\\\/\\\/vrip.ubiobio.cl\\\/inicio\\\/#\\\/schema\\\/logo\\\/image\\\/\",\"url\":\"https:\\\/\\\/vrip.ubiobio.cl\\\/wp-content\\\/uploads\\\/2022\\\/10\\\/logo-vrip_Mesa-de-trabajo-1.png\",\"contentUrl\":\"https:\\\/\\\/vrip.ubiobio.cl\\\/wp-content\\\/uploads\\\/2022\\\/10\\\/logo-vrip_Mesa-de-trabajo-1.png\",\"width\":642,\"height\":178,\"caption\":\"VRIP\"},\"image\":{\"@id\":\"https:\\\/\\\/vrip.ubiobio.cl\\\/inicio\\\/#\\\/schema\\\/logo\\\/image\\\/\"},\"sameAs\":[\"https:\\\/\\\/x.com\\\/vripubb\",\"https:\\\/\\\/www.instagram.com\\\/vrip_ubb\\\/\",\"https:\\\/\\\/www.youtube.com\\\/channel\\\/UCf7o8yHRJ7Y_QQLxwu1KQgA\",\"https:\\\/\\\/www.linkedin.com\\\/company\\\/96035097\\\/admin\\\/dashboard\\\/\"]}]}<\/script>\n<!-- \/ Yoast SEO plugin. -->","yoast_head_json":{"title":"Informativo VRIP 02 Junio 2025 - VRIP","robots":{"index":"index","follow":"follow","max-snippet":"max-snippet:-1","max-image-preview":"max-image-preview:large","max-video-preview":"max-video-preview:-1"},"canonical":"https:\/\/vrip.ubiobio.cl\/inicio\/informativos-vrip\/edicion-02-junio-2025\/","og_locale":"es_ES","og_type":"article","og_title":"Informativo VRIP 02 Junio 2025 - VRIP","og_description":"Edici\u00f3n 02 Junio 2025 Leer Editorial Leer Bolet\u00edn Cuenta P\u00fablica 2025: Se destacan aporte para lasUniversidades a trav\u00e9s de los fondos FIU Este domingo, durante su Cuenta P\u00fablica 2025, el Presidente Gabriel Boric reafirm\u00f3 una visi\u00f3n estrat\u00e9gica y ambiciosa: hacer de la ciencia, la tecnolog\u00eda y la innovaci\u00f3n los pilares de un nuevo modelo de...","og_url":"https:\/\/vrip.ubiobio.cl\/inicio\/informativos-vrip\/edicion-02-junio-2025\/","og_site_name":"VRIP","article_modified_time":"2025-06-17T20:05:07+00:00","og_image":[{"url":"https:\/\/flashissue.s3.us-east-1.amazonaws.com\/zr1y47bcRTuozanm0ZZ7_VlJJUF9Cb2xldGluIGJhc2VfZWRpdA==.jpg","type":"","width":"","height":""}],"twitter_card":"summary_large_image","twitter_site":"@vripubb","twitter_misc":{"Tiempo de lectura":"7 minutos"},"schema":{"@context":"https:\/\/schema.org","@graph":[{"@type":"WebPage","@id":"https:\/\/vrip.ubiobio.cl\/inicio\/informativos-vrip\/edicion-02-junio-2025\/","url":"https:\/\/vrip.ubiobio.cl\/inicio\/informativos-vrip\/edicion-02-junio-2025\/","name":"Informativo VRIP 02 Junio 2025 - VRIP","isPartOf":{"@id":"https:\/\/vrip.ubiobio.cl\/inicio\/#website"},"primaryImageOfPage":{"@id":"https:\/\/vrip.ubiobio.cl\/inicio\/informativos-vrip\/edicion-02-junio-2025\/#primaryimage"},"image":{"@id":"https:\/\/vrip.ubiobio.cl\/inicio\/informativos-vrip\/edicion-02-junio-2025\/#primaryimage"},"thumbnailUrl":"https:\/\/flashissue.s3.us-east-1.amazonaws.com\/zr1y47bcRTuozanm0ZZ7_VlJJUF9Cb2xldGluIGJhc2VfZWRpdA==.jpg","datePublished":"2025-06-02T14:21:36+00:00","dateModified":"2025-06-17T20:05:07+00:00","breadcrumb":{"@id":"https:\/\/vrip.ubiobio.cl\/inicio\/informativos-vrip\/edicion-02-junio-2025\/#breadcrumb"},"inLanguage":"es","potentialAction":[{"@type":"ReadAction","target":["https:\/\/vrip.ubiobio.cl\/inicio\/informativos-vrip\/edicion-02-junio-2025\/"]}]},{"@type":"ImageObject","inLanguage":"es","@id":"https:\/\/vrip.ubiobio.cl\/inicio\/informativos-vrip\/edicion-02-junio-2025\/#primaryimage","url":"https:\/\/flashissue.s3.us-east-1.amazonaws.com\/zr1y47bcRTuozanm0ZZ7_VlJJUF9Cb2xldGluIGJhc2VfZWRpdA==.jpg","contentUrl":"https:\/\/flashissue.s3.us-east-1.amazonaws.com\/zr1y47bcRTuozanm0ZZ7_VlJJUF9Cb2xldGluIGJhc2VfZWRpdA==.jpg"},{"@type":"BreadcrumbList","@id":"https:\/\/vrip.ubiobio.cl\/inicio\/informativos-vrip\/edicion-02-junio-2025\/#breadcrumb","itemListElement":[{"@type":"ListItem","position":1,"name":"Portada","item":"https:\/\/vrip.ubiobio.cl\/inicio\/"},{"@type":"ListItem","position":2,"name":"Informativos VRIP","item":"https:\/\/vrip.ubiobio.cl\/inicio\/informativos-vrip\/"},{"@type":"ListItem","position":3,"name":"Informativo VRIP 02 Junio 2025"}]},{"@type":"WebSite","@id":"https:\/\/vrip.ubiobio.cl\/inicio\/#website","url":"https:\/\/vrip.ubiobio.cl\/inicio\/","name":"VRIP","description":"Vicerrector\u00eda de Investigaci\u00f3n y Postgrado","publisher":{"@id":"https:\/\/vrip.ubiobio.cl\/inicio\/#organization"},"potentialAction":[{"@type":"SearchAction","target":{"@type":"EntryPoint","urlTemplate":"https:\/\/vrip.ubiobio.cl\/inicio\/?s={search_term_string}"},"query-input":{"@type":"PropertyValueSpecification","valueRequired":true,"valueName":"search_term_string"}}],"inLanguage":"es"},{"@type":"Organization","@id":"https:\/\/vrip.ubiobio.cl\/inicio\/#organization","name":"VRIP","url":"https:\/\/vrip.ubiobio.cl\/inicio\/","logo":{"@type":"ImageObject","inLanguage":"es","@id":"https:\/\/vrip.ubiobio.cl\/inicio\/#\/schema\/logo\/image\/","url":"https:\/\/vrip.ubiobio.cl\/wp-content\/uploads\/2022\/10\/logo-vrip_Mesa-de-trabajo-1.png","contentUrl":"https:\/\/vrip.ubiobio.cl\/wp-content\/uploads\/2022\/10\/logo-vrip_Mesa-de-trabajo-1.png","width":642,"height":178,"caption":"VRIP"},"image":{"@id":"https:\/\/vrip.ubiobio.cl\/inicio\/#\/schema\/logo\/image\/"},"sameAs":["https:\/\/x.com\/vripubb","https:\/\/www.instagram.com\/vrip_ubb\/","https:\/\/www.youtube.com\/channel\/UCf7o8yHRJ7Y_QQLxwu1KQgA","https:\/\/www.linkedin.com\/company\/96035097\/admin\/dashboard\/"]}]}},"_links":{"self":[{"href":"https:\/\/vrip.ubiobio.cl\/inicio\/wp-json\/wp\/v2\/pages\/50100","targetHints":{"allow":["GET"]}}],"collection":[{"href":"https:\/\/vrip.ubiobio.cl\/inicio\/wp-json\/wp\/v2\/pages"}],"about":[{"href":"https:\/\/vrip.ubiobio.cl\/inicio\/wp-json\/wp\/v2\/types\/page"}],"author":[{"embeddable":true,"href":"https:\/\/vrip.ubiobio.cl\/inicio\/wp-json\/wp\/v2\/users\/1"}],"replies":[{"embeddable":true,"href":"https:\/\/vrip.ubiobio.cl\/inicio\/wp-json\/wp\/v2\/comments?post=50100"}],"version-history":[{"count":26,"href":"https:\/\/vrip.ubiobio.cl\/inicio\/wp-json\/wp\/v2\/pages\/50100\/revisions"}],"predecessor-version":[{"id":50594,"href":"https:\/\/vrip.ubiobio.cl\/inicio\/wp-json\/wp\/v2\/pages\/50100\/revisions\/50594"}],"up":[{"embeddable":true,"href":"https:\/\/vrip.ubiobio.cl\/inicio\/wp-json\/wp\/v2\/pages\/41711"}],"wp:attachment":[{"href":"https:\/\/vrip.ubiobio.cl\/inicio\/wp-json\/wp\/v2\/media?parent=50100"}],"curies":[{"name":"wp","href":"https:\/\/api.w.org\/{rel}","templated":true}]}}