{"id":49488,"date":"2025-05-05T16:25:04","date_gmt":"2025-05-05T16:25:04","guid":{"rendered":"https:\/\/vrip.ubiobio.cl\/inicio\/?page_id=49488"},"modified":"2025-06-17T12:54:10","modified_gmt":"2025-06-17T12:54:10","slug":"edicion-05-mayo-2025","status":"publish","type":"page","link":"https:\/\/vrip.ubiobio.cl\/inicio\/informativos-vrip\/edicion-05-mayo-2025\/","title":{"rendered":"Informativo VRIP 05 Mayo 2025"},"content":{"rendered":"\t\t<div data-elementor-type=\"wp-page\" data-elementor-id=\"49488\" class=\"elementor elementor-49488\" data-elementor-settings=\"{&quot;ha_cmc_init_switcher&quot;:&quot;no&quot;}\">\n\t\t\t\t\t\t<section class=\"elementor-section elementor-top-section elementor-element elementor-element-f37001d elementor-section-height-min-height elementor-section-boxed elementor-section-height-default elementor-section-items-middle\" data-id=\"f37001d\" data-element_type=\"section\" data-e-type=\"section\" data-settings=\"{&quot;background_background&quot;:&quot;classic&quot;,&quot;_ha_eqh_enable&quot;:false}\">\n\t\t\t\t\t\t<div class=\"elementor-container elementor-column-gap-default\">\n\t\t\t\t\t<div class=\"elementor-column elementor-col-100 elementor-top-column elementor-element elementor-element-34864aa elementor-invisible\" data-id=\"34864aa\" data-element_type=\"column\" data-e-type=\"column\" data-settings=\"{&quot;animation&quot;:&quot;slideInDown&quot;}\">\n\t\t\t<div class=\"elementor-widget-wrap elementor-element-populated\">\n\t\t\t\t\t\t<div class=\"elementor-element elementor-element-98500eb elementor-widget elementor-widget-heading\" data-id=\"98500eb\" data-element_type=\"widget\" data-e-type=\"widget\" data-widget_type=\"heading.default\">\n\t\t\t\t<div class=\"elementor-widget-container\">\n\t\t\t\t\t<h3 class=\"elementor-heading-title elementor-size-xl\">Edici\u00f3n 05 Mayo 2025<\/h3>\t\t\t\t<\/div>\n\t\t\t\t<\/div>\n\t\t\t\t\t<\/div>\n\t\t<\/div>\n\t\t\t\t\t<\/div>\n\t\t<\/section>\n\t\t\t\t<section class=\"elementor-section elementor-top-section elementor-element elementor-element-9e6f6cd elementor-section-boxed elementor-section-height-default elementor-section-height-default\" data-id=\"9e6f6cd\" data-element_type=\"section\" data-e-type=\"section\" data-settings=\"{&quot;_ha_eqh_enable&quot;:false}\">\n\t\t\t\t\t\t<div class=\"elementor-container elementor-column-gap-default\">\n\t\t\t\t\t<div class=\"elementor-column elementor-col-100 elementor-top-column elementor-element elementor-element-7a0d97e\" data-id=\"7a0d97e\" data-element_type=\"column\" data-e-type=\"column\">\n\t\t\t<div class=\"elementor-widget-wrap elementor-element-populated\">\n\t\t\t\t\t\t<div class=\"elementor-element elementor-element-4fa6cef elementor-widget elementor-widget-eael-adv-tabs\" data-id=\"4fa6cef\" data-element_type=\"widget\" data-e-type=\"widget\" data-widget_type=\"eael-adv-tabs.default\">\n\t\t\t\t<div class=\"elementor-widget-container\">\n\t\t\t\t\t        <div data-scroll-on-click=\"no\" data-scroll-speed=\"300\" id=\"eael-advance-tabs-4fa6cef\" class=\"eael-advance-tabs eael-tabs-horizontal eael-tab-auto-active \" data-tabid=\"4fa6cef\">\n            <div class=\"eael-tabs-nav \">\n                <ul class=\"eael-tab-inline-icon\" role=\"tablist\">\n                                            <li id=\"leer-editorial\" class=\"active-default eael-tab-item-trigger eael-tab-nav-item\" aria-selected=\"true\" data-tab=\"1\" role=\"tab\" tabindex=\"0\" aria-controls=\"leer-editorial-tab\" aria-expanded=\"false\">\n                            \n                                                                <i class=\"fas fa-scroll\"><\/i>                                                            \n                                                            <span class=\"eael-tab-title title-after-icon\" >Leer Editorial<\/span>                            \n                                                    <\/li>\n                                            <li id=\"leer-boletn\" class=\"inactive eael-tab-item-trigger eael-tab-nav-item\" aria-selected=\"false\" data-tab=\"2\" role=\"tab\" tabindex=\"-1\" aria-controls=\"leer-boletn-tab\" aria-expanded=\"false\">\n                            \n                                                                <i class=\"far fa-newspaper\"><\/i>                                                            \n                                                            <span class=\"eael-tab-title title-after-icon\" >Leer Bolet\u00edn<\/span>                            \n                                                    <\/li>\n                    \n                                  <\/ul>\n            <\/div>\n            \n            <div class=\"eael-tabs-content\">\n\t\t        \n                    <div id=\"leer-editorial-tab\" class=\"clearfix eael-tab-content-item active-default\" data-title-link=\"leer-editorial-tab\">\n\t\t\t\t        <p><img decoding=\"async\" src=\"https:\/\/flashissue.s3.us-east-1.amazonaws.com\/zr1y47bcRTuozanm0ZZ7_VlJJUF9Cb2xldGluIGJhc2VfZWRpdA==.jpg\" \/><\/p><h3><span style=\"color: #083854\"><strong>Innovaci\u00f3n con sello UBB: un reconocimiento al m\u00e9rito y la proyecci\u00f3n<\/strong><\/span><\/h3><p>En el marco del D\u00eda Mundial de la Propiedad Intelectual, la Universidad del B\u00edo-B\u00edo (UBB) ha sido distinguida por el Instituto Nacional de Propiedad Industrial (INAPI) como una de las instituciones con mayor n\u00famero de solicitudes de patentes en Chile. Este reconocimiento no es solo un motivo de orgullo institucional, sino tambi\u00e9n una se\u00f1al clara del creciente impacto de la investigaci\u00f3n aplicada y de la capacidad innovadora desarrollada desde regiones.<\/p><p>Ubicarse en el segundo lugar a nivel nacional en solicitudes de patentes de invenci\u00f3n, ratifica el compromiso de la UBB con una investigaci\u00f3n orientada a soluciones concretas, con pertinencia territorial y proyecci\u00f3n global. Es, tambi\u00e9n, una validaci\u00f3n del esfuerzo conjunto de sus investigadores, la Oficina de Transferencia y Licenciamiento, y su Direcci\u00f3n de Innovaci\u00f3n, que han sabido crear un ecosistema propicio para que las ideas se transformen en aportes reales al desarrollo econ\u00f3mico y social del pa\u00eds.<\/p><p>Este logro cobra a\u00fan m\u00e1s relevancia en un contexto donde las cifras de INAPI muestran un crecimiento sostenido en las solicitudes de propiedad industrial, reflejo de una cultura nacional que comienza a entender la innovaci\u00f3n como un motor estrat\u00e9gico. En este escenario, la UBB no solo compite, sino que lidera, demostrando que la descentralizaci\u00f3n del conocimiento y la ciencia es no solo posible, sino necesaria.<\/p><p>Celebrar este hito es tambi\u00e9n renovar el compromiso de seguir fortaleciendo la innovaci\u00f3n como un eje central del quehacer universitario, consolidando a la Universidad del B\u00edo-B\u00edo como un referente nacional en investigaci\u00f3n con impacto.<\/p><p style=\"text-align: left;font-weight: 400\"><strong>VRIP Comunicaciones<\/strong><\/p><table align=\"center\"><tbody><tr><td id=\"m_8467858756250299110m_4658873428329236187m_-7901358079350462190gmail-twitter-social-link\"><a href=\"https:\/\/www.twitter.com\/FlashIssue\" target=\"_blank\" rel=\"noopener\"><img decoding=\"async\" class=\"CToWUd alignright\" src=\"https:\/\/ci3.googleusercontent.com\/meips\/ADKq_NZE482hZCyf5-eH5kdodW-i7ynf_Uc3o7Y2qVhkxeaBCGxbbRl4hZDL1bqALThwDN-AV5RNZ6NOZSIkeTJldTdvlbzE_6G1poLwYf9t-LR4fd0q_WAWHZ0f4oGdccihLUnmu9qg=s0-d-e1-ft#https:\/\/app.flashissue.com\/images\/social-icons\/round\/twitter\/grey\/twitter48.png\" \/><\/a><\/td><td>\u00a0<\/td><td id=\"m_8467858756250299110m_4658873428329236187m_-7901358079350462190gmail-youtube-social-link\"><a href=\"https:\/\/www.youtube.com\/channel\/UCf7o8yHRJ7Y_QQLxwu1KQgA\" target=\"_blank\" rel=\"noopener\"><img decoding=\"async\" class=\"CToWUd aligncenter\" src=\"https:\/\/ci3.googleusercontent.com\/meips\/ADKq_NZcx2sA8E3XSq35qpW98I3eb4zPATi0zr1ga9xoEv8HiKSPkRr0My77uw7jNpJiWcrZ-gHmEI2j5re0zjRI8wDsIoJbNevCaWCGyGWLOqc5TP4GPbVwQ1Wro4I6X8LmS5lWPhVl=s0-d-e1-ft#https:\/\/app.flashissue.com\/images\/social-icons\/round\/youtube\/grey\/youtube48.png\" \/><\/a><\/td><td>\u00a0<\/td><td id=\"m_8467858756250299110m_4658873428329236187m_-7901358079350462190gmail-instagram-social-link\"><a href=\"https:\/\/www.instagram.com\/vrip_ubb\" target=\"_blank\" rel=\"noopener\"><img decoding=\"async\" class=\"CToWUd alignleft\" src=\"https:\/\/ci3.googleusercontent.com\/meips\/ADKq_Nan2m-yF-ZY-b4YK_6CQuSq5MrrQfz9h9uFQOtT_j31UVGd75i-QlY9VCEerAvzU-ywj-3R7trnB7YFhU35_iVsR89He9CXg0XLPQaj0mpctOF8T6RDYYJ9UnbXddwozdfwLo1cnkcc6w=s0-d-e1-ft#https:\/\/app.flashissue.com\/images\/social-icons\/round\/instagram\/grey\/instagram48.png\" \/><\/a><\/td><\/tr><\/tbody><\/table><p><a href=\"https:\/\/vrip.ubiobio.cl\/informativos-vrip\/\" target=\"_blank\" rel=\"noopener\"><img fetchpriority=\"high\" decoding=\"async\" class=\"aligncenter\" src=\"https:\/\/flashissue.s3.us-east-1.amazonaws.com\/wn9DyI72QZaEm43a79u8_VlJJUF9Cb2xldGluIGJhc2VfcGllIHBhZw==.jpg\" width=\"616\" height=\"121\" \/><\/a><\/p><p style=\"text-align: center\">Vicerrector\u00eda de Investigaci\u00f3n y Postgrado &#8211; Universidad del B\u00edo-B\u00edo<br \/><span style=\"background-color: transparent\">Todos los derechos reservados.<br \/><\/span><span style=\"background-color: transparent\">Av. Collao 1202, Concepci\u00f3n \/ Av. Andr\u00e9s Bello s\/n, Chill\u00e1n<br \/><\/span><span style=\"background-color: transparent\">Comentarios a:\u00a0<\/span><strong style=\"background-color: transparent\"><a href=\"mailto:vripcomunicaciones@ubiobio.cl?subject=Comentario%20newsletter\" target=\"_blank\" rel=\"noopener\">vripcomunicaciones@ubiobio.cl<\/a><\/strong><\/p>                    <\/div>\n\t\t        \n                    <div id=\"leer-boletn-tab\" class=\"clearfix eael-tab-content-item inactive\" data-title-link=\"leer-boletn-tab\">\n\t\t\t\t        <p><img decoding=\"async\" src=\"https:\/\/flashissue.s3.us-east-1.amazonaws.com\/gGIsEHrdSs2FD5KEhSxm_VlJJUF9Cb2xldGluIGJhc2VfZW5jYWJlemFkbw==.jpg\" \/><\/p><h3><img decoding=\"async\" src=\"https:\/\/flashissue.s3.us-east-1.amazonaws.com\/EOPCpeNCRViJeYoaHfmR_Ng==.png\" \/><\/h3><h3><span style=\"color: #073753\"><strong>UBB celebra el D\u00eda de la Innovaci\u00f3n y el Emprendimiento (I+E UBB) 2025 con emotivo reconocimiento a l\u00edderes en I+D+i+e<\/strong><\/span><\/h3><p>Este 29 de abril de 2025, en una jornada marcada por el reconocimiento al compromiso con la innovaci\u00f3n y el emprendimiento, la Universidad del B\u00edo-B\u00edo celebr\u00f3 por primera vez el \u201cD\u00eda de la I+E UBB\u201d en sus campus de Chill\u00e1n y Concepci\u00f3n, en el marco del 78\u00b0 aniversario institucional.<\/p><p><em>Ver m\u00e1s:\u00a0<\/em><a href=\"https:\/\/vrip.ubiobio.cl\/inicio\/noticias\/ubb-celebra-el-dia-de-la-innovacion-y-el-emprendimiento-ie-ubb-2025-con-emotivo-reconocimiento-a-lideres-en-idie\/\" target=\"_blank\" rel=\"noopener\">https:\/\/vrip.ubiobio.cl\/inicio\/noticias\/ubb-celebra-el-dia-de-la-innovacion-y-el-emprendimiento-ie-ubb-2025-con-emotivo-reconocimiento-a-lideres-en-idie\/<\/a><\/p><hr \/><p><img decoding=\"async\" src=\"https:\/\/flashissue.s3.us-east-1.amazonaws.com\/cmGdKzp9SqOiQdTSYfEQ_NA==.png\" \/><\/p><h3><span style=\"color: #073753\"><strong>INAPI reconoce a la UBB como una de las universidades con mayor n\u00famero de solicitudes de patentes en el pa\u00eds<\/strong><\/span><\/h3><p>En el marco del D\u00eda Mundial de la Propiedad Intelectual (PI), el Instituto Nacional de Propiedad Industrial (INAPI) llev\u00f3 a cabo una ceremonia de reconocimiento para destacar el compromiso de las entidades y personas que contribuyen activamente al ecosistema de la propiedad industrial en Chile.<\/p><p><em>Ver m\u00e1s:\u00a0<\/em><a href=\"https:\/\/vrip.ubiobio.cl\/inicio\/noticias\/inapi-reconoce-a-la-ubb-como-una-de-las-universidades-con-mayor-numero-de-solicitudes-de-patentes-en-el-pais\/\" target=\"_blank\" rel=\"noopener\">https:\/\/vrip.ubiobio.cl\/inicio\/noticias\/inapi-reconoce-a-la-ubb-como-una-de-las-universidades-con-mayor-numero-de-solicitudes-de-patentes-en-el-pais\/<\/a><\/p><hr \/><p><img decoding=\"async\" src=\"https:\/\/flashissue.s3.us-east-1.amazonaws.com\/qBu1mvYrTdaHckY1PIDW_Mg==.png\" \/><\/p><h3><span style=\"color: #073753\"><strong>Investigadora se incorpora a la UBB producto del fondo Subvenci\u00f3n a la Instalaci\u00f3n en la Academia de ANID<\/strong><\/span><\/h3><p>Se trata de la acad\u00e9mica Dra. Tania Fa\u00fandez Carre\u00f1o del Departamento de Artes y Letras de la Facultad de Educaci\u00f3n y Humanidades de la Universidad del B\u00edo-B\u00edo quien impulsa el desarrollo del arte y la educaci\u00f3n art\u00edstica en \u00d1uble gracias a Subvenci\u00f3n a la Instalaci\u00f3n en la Academia de ANID.<\/p><p><em>Ver m\u00e1s:\u00a0<\/em><a href=\"https:\/\/vrip.ubiobio.cl\/inicio\/noticias\/investigadora-se-incorpora-a-la-ubb-producto-del-fondo-subvencion-a-la-instalacion-en-la-academia-de-anid\/\" target=\"_blank\" rel=\"noopener\">https:\/\/vrip.ubiobio.cl\/inicio\/noticias\/investigadora-se-incorpora-a-la-ubb-producto-del-fondo-subvencion-a-la-instalacion-en-la-academia-de-anid\/<\/a><\/p><hr \/><p><img decoding=\"async\" src=\"https:\/\/flashissue.s3.us-east-1.amazonaws.com\/BCB54vfSn6lwtg9GZLAO_Ng==.png\" \/><\/p><h3><span style=\"color: #073753\"><strong>Taller de Innovaci\u00f3n y Emprendimiento entreg\u00f3 herramientas para hacer negocios exitosos<\/strong><\/span><\/h3><p>En las dependencias del Centro de Innovaci\u00f3n de la Universidad del B\u00edo-B\u00edo (UBB), se realiz\u00f3 el taller titulado \u201cInnovaci\u00f3n y Emprendimiento, desde el laboratorio al mercado: Estado del arte, experiencias y herramientas\u201d, impartido por el experto en transferencia tecnol\u00f3gica Hip\u00f3lito Escalona, fundador de la empresa New Genesis. La actividad fue organizada por la Facultad de Ciencias de la UBB en el marco del proyecto Ciencia e Innovaci\u00f3n para el 2030 (Ci2030).<\/p><p><em>Ver m\u00e1s:\u00a0<\/em><a href=\"https:\/\/vrip.ubiobio.cl\/inicio\/noticias\/taller-de-innovacion-y-emprendimiento-entrego-herramientas-para-hacer-negocios-exitosos\/\" target=\"_blank\" rel=\"noopener\">https:\/\/vrip.ubiobio.cl\/inicio\/noticias\/taller-de-innovacion-y-emprendimiento-entrego-herramientas-para-hacer-negocios-exitosos\/<\/a><\/p><hr \/><p><img decoding=\"async\" src=\"https:\/\/flashissue.s3.us-east-1.amazonaws.com\/V2mXDJrkTJOvhuGfrXw0_Mw==.png\" \/><\/p><h3><span style=\"color: #073753\"><strong>Seminario de cierre de proyecto Fondef present\u00f3 innovadores avances tecnol\u00f3gicos en pinturas para mitigar humedad de condensaci\u00f3n en viviendas<\/strong><\/span><\/h3><p>En el Auditorio del Centro de Investigaci\u00f3n en Tecnolog\u00edas de la Construcci\u00f3n (CITEC) de la Universidad del B\u00edo-B\u00edo, se realiz\u00f3 el seminario de cierre del proyecto Fondef ID22I10224, iniciativa que busc\u00f3 enfrentar una problem\u00e1tica creciente en las viviendas chilenas de la zona centro sur: la humedad por condensaci\u00f3n.<\/p><p><em>Ver m\u00e1s:\u00a0<\/em><a href=\"https:\/\/vrip.ubiobio.cl\/inicio\/noticias\/seminario-de-cierre-de-proyecto-fondef-presento-innovadores-avances-tecnologicos-en-pinturas-para-mitigar-humedad-de-condensacion-en-viviendas\/\" target=\"_blank\" rel=\"noopener\">https:\/\/vrip.ubiobio.cl\/inicio\/noticias\/seminario-de-cierre-de-proyecto-fondef-presento-innovadores-avances-tecnologicos-en-pinturas-para-mitigar-humedad-de-condensacion-en-viviendas\/<\/a><\/p><hr \/><p><img decoding=\"async\" src=\"https:\/\/flashissue.s3.us-east-1.amazonaws.com\/dB6uOneuQeWbH2GkFJI1_Mw==.png\" \/><\/p><h3><span style=\"color: #073753\"><strong>Fondecyt UBB identificar\u00e1 p\u00e9ptidos con potencial anticancer\u00edgeno generados durante la digesti\u00f3n gastrointestinal de alimentos<\/strong><\/span><\/h3><p>La acad\u00e9mica del Departamento de Ciencias B\u00e1sicas, Dra. Karem Henr\u00edquez Aedo, directora de la Escuela de Qu\u00edmica y Farmacia lidera el proyecto Fondecyt Regular denominado \u201cEstudio food\u00f3mico de la actividad antitumoral in situ en c\u00e1ncer de colon de p\u00e9ptidos generados durante la digesti\u00f3n gastrointestinal\u201d. \u201cEl descubrimiento de nuevas mol\u00e9culas bioactivas desempe\u00f1a un papel fundamental en la lucha contra el c\u00e1ncer. Esta propuesta establecer\u00e1 una plataforma cient\u00edfica y tecnol\u00f3gica innovadora para detectar e identificar p\u00e9ptidos bioactivos con actividad anticancer\u00edgena formados durante la digesti\u00f3n gastrointestinal (GID), as\u00ed como para proponer sus posibles mecanismos de acci\u00f3n\u201d, se\u00f1al\u00f3.<\/p><p><em>Ver m\u00e1s:<\/em><a href=\"https:\/\/noticias.ubiobio.cl\/2025\/04\/30\/fondecyt-ubb-identificara-peptidos-con-potencial-anticancerigeno-generados-durante-la-digestion-gastrointestinal-de-alimentos\/\" target=\"_blank\" rel=\"noopener\">\u00a0https:\/\/noticias.ubiobio.cl\/2025\/04\/30\/fondecyt-ubb-identificara-peptidos-con-potencial-anticancerigeno-generados-durante-la-digestion-gastrointestinal-de-alimentos\/<\/a><\/p><hr \/><p><img decoding=\"async\" src=\"https:\/\/flashissue.s3.us-east-1.amazonaws.com\/fOVhZEajRYmZ3pD7hhXJ_OA==.png\" \/><\/p><h3><span style=\"color: #073753\"><strong>Nodo Innovaci\u00f3n \u00d1uble, Una plataforma para fortalecer la competitividad del ecosistema regional<\/strong><\/span><\/h3><p>En un esfuerzo por consolidar un ecosistema de innovaci\u00f3n robusto y colaborativo, la Subdirecci\u00f3n de Innovaci\u00f3n de la Universidad del B\u00edo-B\u00edo, junto a actores clave de la regi\u00f3n, forman parte del Nodo Innovaci\u00f3n \u00d1uble, una plataforma que busca impulsar la competitividad, la adopci\u00f3n de tecnolog\u00edas limpias y visibilizar el conocimiento cient\u00edfico-tecnol\u00f3gico disponible en la regi\u00f3n.<\/p><p><em>Ver m\u00e1s:\u00a0<\/em><a href=\"https:\/\/vrip.ubiobio.cl\/inicio\/noticias\/nodo-innovacion-nuble-una-plataforma-para-fortalecer-la-competitividad-del-ecosistema-regional\/\" target=\"_blank\" rel=\"noopener\">https:\/\/vrip.ubiobio.cl\/inicio\/noticias\/nodo-innovacion-nuble-una-plataforma-para-fortalecer-la-competitividad-del-ecosistema-regional\/<\/a><\/p><hr \/><p><img decoding=\"async\" src=\"https:\/\/flashissue.s3.us-east-1.amazonaws.com\/Hg7qFN0VTQawz7sbJ9yU_Mg==.png\" \/><\/p><h3><span style=\"color: #073753\"><strong>Vicerrectora de VRIP-UBB particip\u00f3 en la Comisi\u00f3n de Investigaci\u00f3n del CRUCH en la Universidad de La Serena<\/strong><\/span><\/h3><p>Vicerrectora de Investigaci\u00f3n y Postgrado de la Universidad del B\u00edo-B\u00edo, Dra. Ang\u00e9lica Caro Guti\u00e9rrez particip\u00f3, los d\u00edas 24 y 25 de abril, de la reuni\u00f3n plenaria de la Comisi\u00f3n Asesora de Investigaci\u00f3n del Consejo de rectores y rectoras del CRUCH, realizada en la Universidad de La Serena.<\/p><hr \/><p><img decoding=\"async\" src=\"https:\/\/flashissue.s3.us-east-1.amazonaws.com\/JOLQcIsDRUeGHVkG4UQ1_Nw==.png\" \/><\/p><h3><span style=\"color: #073753\"><strong>Universidad del B\u00edo-B\u00edo inaugura su primer Mag\u00edster en Enfermer\u00eda<\/strong><\/span><\/h3><p>Con una ceremonia de lanzamiento encabezada por autoridades universitarias, acad\u00e9micas y estudiantes, la Universidad del B\u00edo-B\u00edo a trav\u00e9s de su Facultad de Ciencias de la Salud y de los Alimentos, dio inicio al nuevo Programa de Mag\u00edster en Enfermer\u00eda con una primera cohorte de trece profesionales, casi en su totalidad egresados y egresadas de esta casa de estudios.<\/p><p><em>Ver m\u00e1s:\u00a0<\/em><a href=\"https:\/\/noticias.ubiobio.cl\/2025\/04\/29\/universidad-del-bio-bio-inaugura-su-primer-magister-en-enfermeria\/\" target=\"_blank\" rel=\"noopener\">https:\/\/noticias.ubiobio.cl\/2025\/04\/29\/universidad-del-bio-bio-inaugura-su-primer-magister-en-enfermeria\/<\/a><\/p><hr \/><p><img decoding=\"async\" src=\"https:\/\/flashissue.s3.us-east-1.amazonaws.com\/gjUCTLT2TCbScyccjcus_NQ==.png\" \/><\/p><h3><span style=\"color: #073753\"><strong>Lanzamiento del Proyecto 24Pot-In-272821 Incuba \u00d1uble UBB<\/strong><\/span><\/h3><p>El pasado mi\u00e9rcoles 29 de abril, en el marco de la celebraci\u00f3n del D\u00eda de la I+E en Chill\u00e1n, se llev\u00f3 a cabo el lanzamiento oficial de Incuba \u00d1uble UBB \u00abimpulsa tus ideas, potencia tu emprendimiento\u00bb, programa de apoyo al emprendimiento e innovaci\u00f3n regional apoyado por Corfo y ejecutado por la Unidad de Emprendimiento UBB. Esta iniciativa busca fortalecer el ecosistema emprendedor del territorio, conectando talentos, ideas y oportunidades para el desarrollo sostenible de \u00d1uble. Adem\u00e1s, se di\u00f3 a conocer la extensi\u00f3n de plazo de postulaci\u00f3n hasta el 18 de mayo 2025.<\/p><p><em>Postulaciones:\u00a0<\/em><a href=\"https:\/\/docs.google.com\/forms\/d\/e\/1FAIpQLSeRtARz_br6CM_IMbFcXCwuuozl1ZjomjoCHyHUSQAgr16BDA\/viewform\" target=\"_blank\" rel=\"noopener\">https:\/\/docs.google.com\/forms\/d\/e\/1FAIpQLSeRtARz_br6CM_IMbFcXCwuuozl1ZjomjoCHyHUSQAgr16BDA\/viewform<\/a><\/p><hr \/><p><img decoding=\"async\" src=\"https:\/\/flashissue.s3.us-east-1.amazonaws.com\/6rwuC3hdQ8eVAkJb2oCF_VlJJUF9Cb2xldGluIGJhc2VfZWRpdA==.jpg\" \/><\/p><h3><span style=\"color: #073753\"><strong>Editorial |\u00a0Innovaci\u00f3n con sello UBB: un reconocimiento al m\u00e9rito y la proyecci\u00f3n<\/strong><\/span><\/h3><p><em>Ver m\u00e1s:\u00a0<\/em><a href=\"https:\/\/vrip.ubiobio.cl\/inicio\/informativos-vrip\/edicion-05-mayo-2025\/\" target=\"_blank\" rel=\"noopener\">https:\/\/vrip.ubiobio.cl\/inicio\/informativos-vrip\/edicion-05-mayo-2025\/<\/a><\/p><hr \/><p><img decoding=\"async\" src=\"https:\/\/flashissue.s3.us-east-1.amazonaws.com\/vGCRHqu5TAydAm2Ahi5g_VlJJUF9Cb2xldGluIGJhc2VfaW5mbw==.jpg\" \/><\/p><p><img decoding=\"async\" src=\"https:\/\/flashissue.s3.us-east-1.amazonaws.com\/xjI0jbJR6yuOfcd5UuEV_OQ==.png\" \/><\/p><h3><span style=\"color: #073753\"><strong>Dual Hub Summit 2025<\/strong><\/span><\/h3><p>Este evento se realizar\u00e1 los d\u00edas 6 y 7 de mayo en la Universidad del B\u00edo-B\u00edo, en Concepci\u00f3n. Este encuentro \u2014el primero de su tipo en Latinoam\u00e9rica\u2014 reunir\u00e1 a actores del ecosistema de ciencia, tecnolog\u00eda, innovaci\u00f3n y defensa para promover la innovaci\u00f3n dual, entendida como la colaboraci\u00f3n estrat\u00e9gica entre el mundo civil y el sector defensa para el desarrollo de soluciones con alto valor pa\u00eds. Te invitamos a inscribirte en el sitio web<\/p><p><em>Inscripciones:\u00a0<\/em><a href=\"https:\/\/www.dualhub.cl\/\" target=\"_blank\" rel=\"noopener\">https:\/\/www.dualhub.cl\/<\/a><\/p><hr \/><p><img decoding=\"async\" src=\"https:\/\/flashissue.s3.us-east-1.amazonaws.com\/L7KBaclfTdaxrj3MA6Kr_VnJpcCBib2xldGnMgW4gU2VtaW5hcmlvIEludGVybmFjaW9uYWwgQ2llbmNpYSBBYmllcnRhIFVCQg==.png\" \/><\/p><h3><span style=\"color: #073753\"><strong>Seminario Internacional \u00abHorizontes de la Ciencia Abierta\u00bb, Universidad del B\u00edo-B\u00edo<\/strong><\/span><\/h3><p>La Dra. Claudia Mu\u00f1oz Sanguinetti, directora de Investigaci\u00f3n y Creaci\u00f3n Art\u00edstica, les\u00a0invita\u00a0a participar en el Seminario Internacional \u00abHorizontes de la Ciencia Abierta: Investigaci\u00f3n, Innovaci\u00f3n y apertura del conocimiento\u00bb, iniciativa organizada por el proyecto de Revistas Cient\u00edficas FP240007 y el proyecto InES Ciencia Abierta INCA220003 de la Universidad del B\u00edo-B\u00edo, financiado por la Agencia Nacional de Investigaci\u00f3n y Desarrollo (ANID), a realizarse este mi\u00e9rcoles 14 y jueves 15 de mayo en Concepci\u00f3n.<\/p><p>Toda la informaci\u00f3n del seminario internacional, los invitados\/as, el cronograma completo, la ubicaci\u00f3n y los formularios de inscripci\u00f3n los pueden revisar en el sitio web oficial del evento:<a href=\"https:\/\/ciencia-abierta.ubiobio.cl\/seminario-internacional-ciencia-abierta-ubb\/\" target=\"_blank\" rel=\"noopener\">\u00a0https:\/\/ciencia-abierta.ubiobio.cl\/seminario-internacional-ciencia-abierta-ubb\/<\/a><\/p><hr \/><p><img decoding=\"async\" src=\"https:\/\/flashissue.s3.us-east-1.amazonaws.com\/8oQjs5dhQBDnO4JrXuUv_UG9zdGdyYWRvX1Byb2dyYW1hc19pbmZvcm1hdGl2bw==.jpg\" \/><\/p><h3><span style=\"color: #073753\"><strong>Programas de Postgrados UBB disponibles<\/strong><\/span><\/h3><p><a href=\"http:\/\/postgrados.ubiobio.cl\/\" target=\"_blank\" rel=\"noopener\">http:\/\/postgrados.ubiobio.cl\/<\/a><\/p><hr \/><p><img decoding=\"async\" src=\"https:\/\/flashissue.s3.us-east-1.amazonaws.com\/z1WEefyKRQa8qqZwIFzA_YmFubmVyIFBvbGnMgXRpY2Fz.png\" \/><\/p><h3><span style=\"color: #073753\"><strong><span style=\"color: #073753\">\u00a1Descubre la Pol\u00edtica de Investigaci\u00f3n, Desarrollo e Innovaci\u00f3n de la U<\/span>BB!<\/strong><\/span><\/h3><p>En la Universidad del B\u00edo-B\u00edo, como instituci\u00f3n p\u00fablica, nuestra misi\u00f3n es generar conocimiento con impacto real en la sociedad. Por eso, nuestra Pol\u00edtica de Investigaci\u00f3n, Desarrollo e Innovaci\u00f3n es fundamental: gu\u00eda nuestras acciones para fortalecer la ciencia abierta, la equidad y el desarrollo sostenible en las regiones del Biob\u00edo y \u00d1uble.<\/p><p><em>Ver video<\/em>:\u00a0<strong>\u00a0<\/strong><a href=\"https:\/\/youtu.be\/7pTyZF5KW2g\" target=\"_blank\" rel=\"noopener\">https:\/\/youtu.be\/7pTyZF5KW2g<\/a><\/p><hr \/><table align=\"center\"><tbody><tr><td id=\"m_8467858756250299110m_4658873428329236187m_-7901358079350462190gmail-twitter-social-link\"><a href=\"https:\/\/www.twitter.com\/FlashIssue\" target=\"_blank\" rel=\"noopener\"><img decoding=\"async\" class=\"CToWUd alignright\" src=\"https:\/\/app.flashissue.com\/images\/social-icons\/round\/twitter\/grey\/twitter48.png\" \/><\/a><\/td><td>\u00a0<\/td><td id=\"m_8467858756250299110m_4658873428329236187m_-7901358079350462190gmail-youtube-social-link\"><a href=\"https:\/\/www.youtube.com\/channel\/UCf7o8yHRJ7Y_QQLxwu1KQgA\" target=\"_blank\" rel=\"noopener\"><img decoding=\"async\" class=\"CToWUd aligncenter\" src=\"https:\/\/app.flashissue.com\/images\/social-icons\/round\/youtube\/grey\/youtube48.png\" \/><\/a><\/td><td>\u00a0<\/td><td id=\"m_8467858756250299110m_4658873428329236187m_-7901358079350462190gmail-instagram-social-link\"><a href=\"https:\/\/www.instagram.com\/vrip_ubb\" target=\"_blank\" rel=\"noopener\"><img decoding=\"async\" class=\"CToWUd alignleft\" src=\"https:\/\/ci3.googleusercontent.com\/meips\/ADKq_Nan2m-yF-ZY-b4YK_6CQuSq5MrrQfz9h9uFQOtT_j31UVGd75i-QlY9VCEerAvzU-ywj-3R7trnB7YFhU35_iVsR89He9CXg0XLPQaj0mpctOF8T6RDYYJ9UnbXddwozdfwLo1cnkcc6w=s0-d-e1-ft#https:\/\/app.flashissue.com\/images\/social-icons\/round\/instagram\/grey\/instagram48.png\" \/><\/a><\/td><\/tr><\/tbody><\/table><p><img decoding=\"async\" src=\"https:\/\/ci3.googleusercontent.com\/meips\/ADKq_NbrfiXDQiTtYkfq6d0HehCLnaqwTLpn9DVn2wFQhuyhOChjsGB-u4uTBBLI_XdcfQcabcIjBAD8rX7EC-r7IWjgTI-ALR2drhSKp4sw70F_ImmhCnrjgv_De2QVx00eYvNsc-ugRAKJ-yXnaSkYrckYfVdKrfIxPxVeyzteAGgXNw=s0-d-e1-ft#https:\/\/flashissue.s3.us-east-1.amazonaws.com\/wn9DyI72QZaEm43a79u8_VlJJUF9Cb2xldGluIGJhc2VfcGllIHBhZw==.jpg\" \/><\/p><p style=\"text-align: center\">Vicerrector\u00eda de Investigaci\u00f3n y Postgrado &#8211; Universidad del B\u00edo-B\u00edo<br \/><span style=\"background-color: transparent\">Todos los derechos reservados.<br \/><\/span><span style=\"background-color: transparent\">Av. Collao 1202, Concepci\u00f3n \/ Av. Andr\u00e9s Bello s\/n, Chill\u00e1n<br \/><\/span><span style=\"background-color: transparent\">Comentarios a:\u00a0<\/span><strong style=\"background-color: transparent\"><a href=\"mailto:vripcomunicaciones@ubiobio.cl?subject=Comentario%20newsletter\" target=\"_blank\" rel=\"noopener\">vripcomunicaciones@ubiobio.cl<\/a><\/strong><\/p>                    <\/div>\n\t\t                    <\/div>\n        <\/div>\n\t\t\t\t<\/div>\n\t\t\t\t<\/div>\n\t\t\t\t\t<\/div>\n\t\t<\/div>\n\t\t\t\t\t<\/div>\n\t\t<\/section>\n\t\t\t\t<\/div>\n\t\t","protected":false},"excerpt":{"rendered":"<p>Edici\u00f3n 05 Mayo 2025 Leer Editorial Leer Bolet\u00edn Innovaci\u00f3n con sello UBB: un reconocimiento al m\u00e9rito y la proyecci\u00f3n En el marco del D\u00eda Mundial de la Propiedad Intelectual, la Universidad del B\u00edo-B\u00edo (UBB) ha sido distinguida por el Instituto Nacional de Propiedad Industrial (INAPI) como una de las instituciones con mayor n\u00famero de solicitudes&#8230;<\/p>\n","protected":false},"author":1,"featured_media":0,"parent":41711,"menu_order":0,"comment_status":"closed","ping_status":"closed","template":"","meta":{"_kadence_starter_templates_imported_post":false,"_kad_post_transparent":"default","_kad_post_title":"hide","_kad_post_layout":"fullwidth","_kad_post_sidebar_id":"","_kad_post_content_style":"unboxed","_kad_post_vertical_padding":"hide","_kad_post_feature":"hide","_kad_post_feature_position":"","_kad_post_header":false,"_kad_post_footer":false,"footnotes":""},"class_list":["post-49488","page","type-page","status-publish","hentry"],"yoast_head":"<!-- This site is optimized with the Yoast SEO plugin v27.5 - https:\/\/yoast.com\/product\/yoast-seo-wordpress\/ -->\n<title>Informativo VRIP 05 Mayo 2025 - VRIP<\/title>\n<meta name=\"robots\" content=\"index, follow, max-snippet:-1, max-image-preview:large, max-video-preview:-1\" \/>\n<link rel=\"canonical\" href=\"https:\/\/vrip.ubiobio.cl\/inicio\/informativos-vrip\/edicion-05-mayo-2025\/\" \/>\n<meta property=\"og:locale\" content=\"es_ES\" \/>\n<meta property=\"og:type\" content=\"article\" \/>\n<meta property=\"og:title\" content=\"Informativo VRIP 05 Mayo 2025 - VRIP\" \/>\n<meta property=\"og:description\" content=\"Edici\u00f3n 05 Mayo 2025 Leer Editorial Leer Bolet\u00edn Innovaci\u00f3n con sello UBB: un reconocimiento al m\u00e9rito y la proyecci\u00f3n En el marco del D\u00eda Mundial de la Propiedad Intelectual, la Universidad del B\u00edo-B\u00edo (UBB) ha sido distinguida por el Instituto Nacional de Propiedad Industrial (INAPI) como una de las instituciones con mayor n\u00famero de solicitudes...\" \/>\n<meta property=\"og:url\" content=\"https:\/\/vrip.ubiobio.cl\/inicio\/informativos-vrip\/edicion-05-mayo-2025\/\" \/>\n<meta property=\"og:site_name\" content=\"VRIP\" \/>\n<meta property=\"article:modified_time\" content=\"2025-06-17T12:54:10+00:00\" \/>\n<meta property=\"og:image\" content=\"https:\/\/flashissue.s3.us-east-1.amazonaws.com\/zr1y47bcRTuozanm0ZZ7_VlJJUF9Cb2xldGluIGJhc2VfZWRpdA==.jpg\" \/>\n<meta name=\"twitter:card\" content=\"summary_large_image\" \/>\n<meta name=\"twitter:site\" content=\"@vripubb\" \/>\n<meta name=\"twitter:label1\" content=\"Tiempo de lectura\" \/>\n\t<meta name=\"twitter:data1\" content=\"8 minutos\" \/>\n<script type=\"application\/ld+json\" class=\"yoast-schema-graph\">{\"@context\":\"https:\\\/\\\/schema.org\",\"@graph\":[{\"@type\":\"WebPage\",\"@id\":\"https:\\\/\\\/vrip.ubiobio.cl\\\/inicio\\\/informativos-vrip\\\/edicion-05-mayo-2025\\\/\",\"url\":\"https:\\\/\\\/vrip.ubiobio.cl\\\/inicio\\\/informativos-vrip\\\/edicion-05-mayo-2025\\\/\",\"name\":\"Informativo VRIP 05 Mayo 2025 - VRIP\",\"isPartOf\":{\"@id\":\"https:\\\/\\\/vrip.ubiobio.cl\\\/inicio\\\/#website\"},\"primaryImageOfPage\":{\"@id\":\"https:\\\/\\\/vrip.ubiobio.cl\\\/inicio\\\/informativos-vrip\\\/edicion-05-mayo-2025\\\/#primaryimage\"},\"image\":{\"@id\":\"https:\\\/\\\/vrip.ubiobio.cl\\\/inicio\\\/informativos-vrip\\\/edicion-05-mayo-2025\\\/#primaryimage\"},\"thumbnailUrl\":\"https:\\\/\\\/flashissue.s3.us-east-1.amazonaws.com\\\/zr1y47bcRTuozanm0ZZ7_VlJJUF9Cb2xldGluIGJhc2VfZWRpdA==.jpg\",\"datePublished\":\"2025-05-05T16:25:04+00:00\",\"dateModified\":\"2025-06-17T12:54:10+00:00\",\"breadcrumb\":{\"@id\":\"https:\\\/\\\/vrip.ubiobio.cl\\\/inicio\\\/informativos-vrip\\\/edicion-05-mayo-2025\\\/#breadcrumb\"},\"inLanguage\":\"es\",\"potentialAction\":[{\"@type\":\"ReadAction\",\"target\":[\"https:\\\/\\\/vrip.ubiobio.cl\\\/inicio\\\/informativos-vrip\\\/edicion-05-mayo-2025\\\/\"]}]},{\"@type\":\"ImageObject\",\"inLanguage\":\"es\",\"@id\":\"https:\\\/\\\/vrip.ubiobio.cl\\\/inicio\\\/informativos-vrip\\\/edicion-05-mayo-2025\\\/#primaryimage\",\"url\":\"https:\\\/\\\/flashissue.s3.us-east-1.amazonaws.com\\\/zr1y47bcRTuozanm0ZZ7_VlJJUF9Cb2xldGluIGJhc2VfZWRpdA==.jpg\",\"contentUrl\":\"https:\\\/\\\/flashissue.s3.us-east-1.amazonaws.com\\\/zr1y47bcRTuozanm0ZZ7_VlJJUF9Cb2xldGluIGJhc2VfZWRpdA==.jpg\"},{\"@type\":\"BreadcrumbList\",\"@id\":\"https:\\\/\\\/vrip.ubiobio.cl\\\/inicio\\\/informativos-vrip\\\/edicion-05-mayo-2025\\\/#breadcrumb\",\"itemListElement\":[{\"@type\":\"ListItem\",\"position\":1,\"name\":\"Portada\",\"item\":\"https:\\\/\\\/vrip.ubiobio.cl\\\/inicio\\\/\"},{\"@type\":\"ListItem\",\"position\":2,\"name\":\"Informativos VRIP\",\"item\":\"https:\\\/\\\/vrip.ubiobio.cl\\\/inicio\\\/informativos-vrip\\\/\"},{\"@type\":\"ListItem\",\"position\":3,\"name\":\"Informativo VRIP 05 Mayo 2025\"}]},{\"@type\":\"WebSite\",\"@id\":\"https:\\\/\\\/vrip.ubiobio.cl\\\/inicio\\\/#website\",\"url\":\"https:\\\/\\\/vrip.ubiobio.cl\\\/inicio\\\/\",\"name\":\"VRIP\",\"description\":\"Vicerrector\u00eda de Investigaci\u00f3n y Postgrado\",\"publisher\":{\"@id\":\"https:\\\/\\\/vrip.ubiobio.cl\\\/inicio\\\/#organization\"},\"potentialAction\":[{\"@type\":\"SearchAction\",\"target\":{\"@type\":\"EntryPoint\",\"urlTemplate\":\"https:\\\/\\\/vrip.ubiobio.cl\\\/inicio\\\/?s={search_term_string}\"},\"query-input\":{\"@type\":\"PropertyValueSpecification\",\"valueRequired\":true,\"valueName\":\"search_term_string\"}}],\"inLanguage\":\"es\"},{\"@type\":\"Organization\",\"@id\":\"https:\\\/\\\/vrip.ubiobio.cl\\\/inicio\\\/#organization\",\"name\":\"VRIP\",\"url\":\"https:\\\/\\\/vrip.ubiobio.cl\\\/inicio\\\/\",\"logo\":{\"@type\":\"ImageObject\",\"inLanguage\":\"es\",\"@id\":\"https:\\\/\\\/vrip.ubiobio.cl\\\/inicio\\\/#\\\/schema\\\/logo\\\/image\\\/\",\"url\":\"https:\\\/\\\/vrip.ubiobio.cl\\\/wp-content\\\/uploads\\\/2022\\\/10\\\/logo-vrip_Mesa-de-trabajo-1.png\",\"contentUrl\":\"https:\\\/\\\/vrip.ubiobio.cl\\\/wp-content\\\/uploads\\\/2022\\\/10\\\/logo-vrip_Mesa-de-trabajo-1.png\",\"width\":642,\"height\":178,\"caption\":\"VRIP\"},\"image\":{\"@id\":\"https:\\\/\\\/vrip.ubiobio.cl\\\/inicio\\\/#\\\/schema\\\/logo\\\/image\\\/\"},\"sameAs\":[\"https:\\\/\\\/x.com\\\/vripubb\",\"https:\\\/\\\/www.instagram.com\\\/vrip_ubb\\\/\",\"https:\\\/\\\/www.youtube.com\\\/channel\\\/UCf7o8yHRJ7Y_QQLxwu1KQgA\",\"https:\\\/\\\/www.linkedin.com\\\/company\\\/96035097\\\/admin\\\/dashboard\\\/\"]}]}<\/script>\n<!-- \/ Yoast SEO plugin. -->","yoast_head_json":{"title":"Informativo VRIP 05 Mayo 2025 - VRIP","robots":{"index":"index","follow":"follow","max-snippet":"max-snippet:-1","max-image-preview":"max-image-preview:large","max-video-preview":"max-video-preview:-1"},"canonical":"https:\/\/vrip.ubiobio.cl\/inicio\/informativos-vrip\/edicion-05-mayo-2025\/","og_locale":"es_ES","og_type":"article","og_title":"Informativo VRIP 05 Mayo 2025 - VRIP","og_description":"Edici\u00f3n 05 Mayo 2025 Leer Editorial Leer Bolet\u00edn Innovaci\u00f3n con sello UBB: un reconocimiento al m\u00e9rito y la proyecci\u00f3n En el marco del D\u00eda Mundial de la Propiedad Intelectual, la Universidad del B\u00edo-B\u00edo (UBB) ha sido distinguida por el Instituto Nacional de Propiedad Industrial (INAPI) como una de las instituciones con mayor n\u00famero de solicitudes...","og_url":"https:\/\/vrip.ubiobio.cl\/inicio\/informativos-vrip\/edicion-05-mayo-2025\/","og_site_name":"VRIP","article_modified_time":"2025-06-17T12:54:10+00:00","og_image":[{"url":"https:\/\/flashissue.s3.us-east-1.amazonaws.com\/zr1y47bcRTuozanm0ZZ7_VlJJUF9Cb2xldGluIGJhc2VfZWRpdA==.jpg","type":"","width":"","height":""}],"twitter_card":"summary_large_image","twitter_site":"@vripubb","twitter_misc":{"Tiempo de lectura":"8 minutos"},"schema":{"@context":"https:\/\/schema.org","@graph":[{"@type":"WebPage","@id":"https:\/\/vrip.ubiobio.cl\/inicio\/informativos-vrip\/edicion-05-mayo-2025\/","url":"https:\/\/vrip.ubiobio.cl\/inicio\/informativos-vrip\/edicion-05-mayo-2025\/","name":"Informativo VRIP 05 Mayo 2025 - VRIP","isPartOf":{"@id":"https:\/\/vrip.ubiobio.cl\/inicio\/#website"},"primaryImageOfPage":{"@id":"https:\/\/vrip.ubiobio.cl\/inicio\/informativos-vrip\/edicion-05-mayo-2025\/#primaryimage"},"image":{"@id":"https:\/\/vrip.ubiobio.cl\/inicio\/informativos-vrip\/edicion-05-mayo-2025\/#primaryimage"},"thumbnailUrl":"https:\/\/flashissue.s3.us-east-1.amazonaws.com\/zr1y47bcRTuozanm0ZZ7_VlJJUF9Cb2xldGluIGJhc2VfZWRpdA==.jpg","datePublished":"2025-05-05T16:25:04+00:00","dateModified":"2025-06-17T12:54:10+00:00","breadcrumb":{"@id":"https:\/\/vrip.ubiobio.cl\/inicio\/informativos-vrip\/edicion-05-mayo-2025\/#breadcrumb"},"inLanguage":"es","potentialAction":[{"@type":"ReadAction","target":["https:\/\/vrip.ubiobio.cl\/inicio\/informativos-vrip\/edicion-05-mayo-2025\/"]}]},{"@type":"ImageObject","inLanguage":"es","@id":"https:\/\/vrip.ubiobio.cl\/inicio\/informativos-vrip\/edicion-05-mayo-2025\/#primaryimage","url":"https:\/\/flashissue.s3.us-east-1.amazonaws.com\/zr1y47bcRTuozanm0ZZ7_VlJJUF9Cb2xldGluIGJhc2VfZWRpdA==.jpg","contentUrl":"https:\/\/flashissue.s3.us-east-1.amazonaws.com\/zr1y47bcRTuozanm0ZZ7_VlJJUF9Cb2xldGluIGJhc2VfZWRpdA==.jpg"},{"@type":"BreadcrumbList","@id":"https:\/\/vrip.ubiobio.cl\/inicio\/informativos-vrip\/edicion-05-mayo-2025\/#breadcrumb","itemListElement":[{"@type":"ListItem","position":1,"name":"Portada","item":"https:\/\/vrip.ubiobio.cl\/inicio\/"},{"@type":"ListItem","position":2,"name":"Informativos VRIP","item":"https:\/\/vrip.ubiobio.cl\/inicio\/informativos-vrip\/"},{"@type":"ListItem","position":3,"name":"Informativo VRIP 05 Mayo 2025"}]},{"@type":"WebSite","@id":"https:\/\/vrip.ubiobio.cl\/inicio\/#website","url":"https:\/\/vrip.ubiobio.cl\/inicio\/","name":"VRIP","description":"Vicerrector\u00eda de Investigaci\u00f3n y Postgrado","publisher":{"@id":"https:\/\/vrip.ubiobio.cl\/inicio\/#organization"},"potentialAction":[{"@type":"SearchAction","target":{"@type":"EntryPoint","urlTemplate":"https:\/\/vrip.ubiobio.cl\/inicio\/?s={search_term_string}"},"query-input":{"@type":"PropertyValueSpecification","valueRequired":true,"valueName":"search_term_string"}}],"inLanguage":"es"},{"@type":"Organization","@id":"https:\/\/vrip.ubiobio.cl\/inicio\/#organization","name":"VRIP","url":"https:\/\/vrip.ubiobio.cl\/inicio\/","logo":{"@type":"ImageObject","inLanguage":"es","@id":"https:\/\/vrip.ubiobio.cl\/inicio\/#\/schema\/logo\/image\/","url":"https:\/\/vrip.ubiobio.cl\/wp-content\/uploads\/2022\/10\/logo-vrip_Mesa-de-trabajo-1.png","contentUrl":"https:\/\/vrip.ubiobio.cl\/wp-content\/uploads\/2022\/10\/logo-vrip_Mesa-de-trabajo-1.png","width":642,"height":178,"caption":"VRIP"},"image":{"@id":"https:\/\/vrip.ubiobio.cl\/inicio\/#\/schema\/logo\/image\/"},"sameAs":["https:\/\/x.com\/vripubb","https:\/\/www.instagram.com\/vrip_ubb\/","https:\/\/www.youtube.com\/channel\/UCf7o8yHRJ7Y_QQLxwu1KQgA","https:\/\/www.linkedin.com\/company\/96035097\/admin\/dashboard\/"]}]}},"_links":{"self":[{"href":"https:\/\/vrip.ubiobio.cl\/inicio\/wp-json\/wp\/v2\/pages\/49488","targetHints":{"allow":["GET"]}}],"collection":[{"href":"https:\/\/vrip.ubiobio.cl\/inicio\/wp-json\/wp\/v2\/pages"}],"about":[{"href":"https:\/\/vrip.ubiobio.cl\/inicio\/wp-json\/wp\/v2\/types\/page"}],"author":[{"embeddable":true,"href":"https:\/\/vrip.ubiobio.cl\/inicio\/wp-json\/wp\/v2\/users\/1"}],"replies":[{"embeddable":true,"href":"https:\/\/vrip.ubiobio.cl\/inicio\/wp-json\/wp\/v2\/comments?post=49488"}],"version-history":[{"count":19,"href":"https:\/\/vrip.ubiobio.cl\/inicio\/wp-json\/wp\/v2\/pages\/49488\/revisions"}],"predecessor-version":[{"id":50500,"href":"https:\/\/vrip.ubiobio.cl\/inicio\/wp-json\/wp\/v2\/pages\/49488\/revisions\/50500"}],"up":[{"embeddable":true,"href":"https:\/\/vrip.ubiobio.cl\/inicio\/wp-json\/wp\/v2\/pages\/41711"}],"wp:attachment":[{"href":"https:\/\/vrip.ubiobio.cl\/inicio\/wp-json\/wp\/v2\/media?parent=49488"}],"curies":[{"name":"wp","href":"https:\/\/api.w.org\/{rel}","templated":true}]}}