{"id":49066,"date":"2025-04-07T20:55:47","date_gmt":"2025-04-07T20:55:47","guid":{"rendered":"https:\/\/vrip.ubiobio.cl\/inicio\/?page_id=49066"},"modified":"2025-06-17T13:26:43","modified_gmt":"2025-06-17T13:26:43","slug":"edicion-07-abril-2025","status":"publish","type":"page","link":"https:\/\/vrip.ubiobio.cl\/inicio\/informativos-vrip\/edicion-07-abril-2025\/","title":{"rendered":"Informativo VRIP 07 Abril 2025"},"content":{"rendered":"\t\t<div data-elementor-type=\"wp-page\" data-elementor-id=\"49066\" class=\"elementor elementor-49066\" data-elementor-settings=\"{&quot;ha_cmc_init_switcher&quot;:&quot;no&quot;}\">\n\t\t\t\t\t\t<section class=\"elementor-section elementor-top-section elementor-element elementor-element-619a71f elementor-section-height-min-height elementor-section-boxed elementor-section-height-default elementor-section-items-middle\" data-id=\"619a71f\" data-element_type=\"section\" data-e-type=\"section\" data-settings=\"{&quot;background_background&quot;:&quot;classic&quot;,&quot;_ha_eqh_enable&quot;:false}\">\n\t\t\t\t\t\t<div class=\"elementor-container elementor-column-gap-default\">\n\t\t\t\t\t<div class=\"elementor-column elementor-col-100 elementor-top-column elementor-element elementor-element-49770de0 elementor-invisible\" data-id=\"49770de0\" data-element_type=\"column\" data-e-type=\"column\" data-settings=\"{&quot;animation&quot;:&quot;slideInDown&quot;}\">\n\t\t\t<div class=\"elementor-widget-wrap elementor-element-populated\">\n\t\t\t\t\t\t<div class=\"elementor-element elementor-element-5c1ba5a3 elementor-widget elementor-widget-heading\" data-id=\"5c1ba5a3\" data-element_type=\"widget\" data-e-type=\"widget\" data-widget_type=\"heading.default\">\n\t\t\t\t<div class=\"elementor-widget-container\">\n\t\t\t\t\t<h3 class=\"elementor-heading-title elementor-size-xl\">Edici\u00f3n 07 Abril 2025<\/h3>\t\t\t\t<\/div>\n\t\t\t\t<\/div>\n\t\t\t\t\t<\/div>\n\t\t<\/div>\n\t\t\t\t\t<\/div>\n\t\t<\/section>\n\t\t\t\t<section class=\"elementor-section elementor-top-section elementor-element elementor-element-193e492 elementor-section-boxed elementor-section-height-default elementor-section-height-default\" data-id=\"193e492\" data-element_type=\"section\" data-e-type=\"section\" data-settings=\"{&quot;_ha_eqh_enable&quot;:false}\">\n\t\t\t\t\t\t<div class=\"elementor-container elementor-column-gap-default\">\n\t\t\t\t\t<div class=\"elementor-column elementor-col-33 elementor-top-column elementor-element elementor-element-b461630\" data-id=\"b461630\" data-element_type=\"column\" data-e-type=\"column\">\n\t\t\t<div class=\"elementor-widget-wrap\">\n\t\t\t\t\t\t\t<\/div>\n\t\t<\/div>\n\t\t\t\t<div class=\"elementor-column elementor-col-33 elementor-top-column elementor-element elementor-element-2042191\" data-id=\"2042191\" data-element_type=\"column\" data-e-type=\"column\">\n\t\t\t<div class=\"elementor-widget-wrap elementor-element-populated\">\n\t\t\t\t\t\t<div class=\"elementor-element elementor-element-eaf4e0f elementor-widget elementor-widget-image\" data-id=\"eaf4e0f\" data-element_type=\"widget\" data-e-type=\"widget\" data-widget_type=\"image.default\">\n\t\t\t\t<div class=\"elementor-widget-container\">\n\t\t\t\t\t\t\t\t\t\t\t\t\t\t\t<img fetchpriority=\"high\" decoding=\"async\" width=\"1000\" height=\"348\" src=\"https:\/\/vrip.ubiobio.cl\/wp-content\/uploads\/2025\/03\/Boletin-VRIP-2025.jpg\" class=\"attachment-large size-large wp-image-48816\" alt=\"\" srcset=\"https:\/\/vrip.ubiobio.cl\/wp-content\/uploads\/2025\/03\/Boletin-VRIP-2025.jpg 1000w, https:\/\/vrip.ubiobio.cl\/wp-content\/uploads\/2025\/03\/Boletin-VRIP-2025-380x132.jpg 380w, https:\/\/vrip.ubiobio.cl\/wp-content\/uploads\/2025\/03\/Boletin-VRIP-2025-768x267.jpg 768w\" sizes=\"(max-width: 1000px) 100vw, 1000px\" \/>\t\t\t\t\t\t\t\t\t\t\t\t\t\t\t<\/div>\n\t\t\t\t<\/div>\n\t\t\t\t\t<\/div>\n\t\t<\/div>\n\t\t\t\t<div class=\"elementor-column elementor-col-33 elementor-top-column elementor-element elementor-element-efd9d44\" data-id=\"efd9d44\" data-element_type=\"column\" data-e-type=\"column\">\n\t\t\t<div class=\"elementor-widget-wrap\">\n\t\t\t\t\t\t\t<\/div>\n\t\t<\/div>\n\t\t\t\t\t<\/div>\n\t\t<\/section>\n\t\t\t\t<section class=\"elementor-section elementor-top-section elementor-element elementor-element-3970b6e elementor-section-boxed elementor-section-height-default elementor-section-height-default\" data-id=\"3970b6e\" data-element_type=\"section\" data-e-type=\"section\" data-settings=\"{&quot;_ha_eqh_enable&quot;:false}\">\n\t\t\t\t\t\t<div class=\"elementor-container elementor-column-gap-default\">\n\t\t\t\t\t<div class=\"elementor-column elementor-col-33 elementor-top-column elementor-element elementor-element-26c2a57\" data-id=\"26c2a57\" data-element_type=\"column\" data-e-type=\"column\">\n\t\t\t<div class=\"elementor-widget-wrap\">\n\t\t\t\t\t\t\t<\/div>\n\t\t<\/div>\n\t\t\t\t<div class=\"elementor-column elementor-col-33 elementor-top-column elementor-element elementor-element-279be1bf\" data-id=\"279be1bf\" data-element_type=\"column\" data-e-type=\"column\">\n\t\t\t<div class=\"elementor-widget-wrap elementor-element-populated\">\n\t\t\t\t\t\t<div class=\"elementor-element elementor-element-cb53f68 elementor-widget elementor-widget-text-editor\" data-id=\"cb53f68\" data-element_type=\"widget\" data-e-type=\"widget\" data-widget_type=\"text-editor.default\">\n\t\t\t\t<div class=\"elementor-widget-container\">\n\t\t\t\t\t\t\t\t\t<p><img decoding=\"async\" src=\"https:\/\/flashissue.s3.us-east-1.amazonaws.com\/1cUInlSdSJCbARUNBudB_VlJJUF9ESUNSRUFfR2FuYWRvcmVzIENvbmN1cnNvX2luZm9y.jpg\" \/><\/p><h3><span style=\"color: #073753;\"><strong>Ganadores del Concurso Proyectos de Creaci\u00f3n Art\u00edstica<\/strong><\/span><\/h3><p>La Direcci\u00f3n de Investigaci\u00f3n y Creaci\u00f3n Art\u00edstica de la Vicerrector\u00eda de Investigaci\u00f3n y Postgrado, saluda y felicita a todas\/os las\/os postulantes que lograron adjudicaci\u00f3n del Concurso Proyectos de Creaci\u00f3n Art\u00edstica 2024,\u00a0proyectos a ser ejecutados en el periodo 2025-2026.<\/p><p><em>Ver m\u00e1s:\u00a0<\/em><a href=\"https:\/\/www.instagram.com\/p\/DIJdLxXx3jT\" target=\"_blank\" rel=\"noopener\" data-saferedirecturl=\"https:\/\/www.google.com\/url?q=https:\/\/www.instagram.com\/p\/DIJdLxXx3jT&amp;source=gmail&amp;ust=1744143297156000&amp;usg=AOvVaw0EjtPUsrZurGKqfLdvgwZi\">https:\/\/www.instagram.<wbr \/>com\/p\/DIJdLxXx3jT<\/a><\/p><hr \/><p><img decoding=\"async\" src=\"https:\/\/flashissue.s3.us-east-1.amazonaws.com\/bHvROeoQR3Owl4SACTGg_NQ==.png\" \/><\/p><h3><span style=\"color: #073753;\"><strong>AG MET Bio-Bio reconoce a investigadores y coincide con la academia en la promoci\u00f3n y creaci\u00f3n de un Centro Tecnol\u00f3gico de alto impacto para el desarrollo regional<\/strong><\/span><\/h3><p>La Asociaci\u00f3n Gremial Metalmec\u00e1nica, AG MET Bio-Bio, en su trig\u00e9simo quinto a\u00f1o, realiz\u00f3 una emotiva ceremonia de reconocimiento a los investigadores de cuatro universidades de la regi\u00f3n del Biob\u00edo. Este evento, realizado en Sur Activo, destac\u00f3 el compromiso de los acad\u00e9micos con el desarrollo y la transferencia tecnol\u00f3gica, as\u00ed como su contribuci\u00f3n al crecimiento econ\u00f3mico y la competitividad del sector metalmec\u00e1nico de la peque\u00f1a y mediana empresa.<\/p><p><em>Ver m\u00e1s:\u00a0<\/em><a href=\"https:\/\/vrip.ubiobio.cl\/inicio\/noticias\/ag-met-bio-bio-reconoce-a-investigadores-y-coincide-con-la-academia-en-la-promocion-y-creacion-de-un-centro-tecnologico-de-alto-impacto-para-el-desarrollo-regional\/\" target=\"_blank\" rel=\"noopener\" data-saferedirecturl=\"https:\/\/www.google.com\/url?q=https:\/\/vrip.ubiobio.cl\/inicio\/noticias\/ag-met-bio-bio-reconoce-a-investigadores-y-coincide-con-la-academia-en-la-promocion-y-creacion-de-un-centro-tecnologico-de-alto-impacto-para-el-desarrollo-regional\/&amp;source=gmail&amp;ust=1744143297156000&amp;usg=AOvVaw3I4Qy80uSQMv6G6KMCLLuH\">https:\/\/vrip.ubiobio.cl\/<wbr \/>inicio\/noticias\/ag-met-bio-<wbr \/>bio-reconoce-a-investigadores-<wbr \/>y-coincide-con-la-academia-en-<wbr \/>la-promocion-y-creacion-de-un-<wbr \/>centro-tecnologico-de-alto-<wbr \/>impacto-para-el-desarrollo-<wbr \/>regional\/<\/a><\/p><hr \/><p><img decoding=\"async\" src=\"https:\/\/flashissue.s3.us-east-1.amazonaws.com\/LUKSvYQKMaDh2KdclAdC_Mw==.png\" \/><\/p><h3><span style=\"color: #073753;\"><strong>Exalumna UBB finaliza proyecto Fondef VIU patrocinado por la Unidad de Emprendimiento UBB<\/strong><\/span><\/h3><p>Macarena Flores Aguilera, exalumna de la carrera de Dise\u00f1o Industrial de la Universidad del B\u00edo-B\u00edo (UBB), ha culminado con \u00e9xito su proyecto Fondef VIU, titulado \u201cNiebla, captador de aguas residuales\u201d, un innovador captador de part\u00edculas de agua suspendidas. Este proyecto, patrocinado por la Unidad de Emprendimiento de la UBB, busca optimizar la recolecci\u00f3n de fen\u00f3menos clim\u00e1ticos h\u00eddricos en sectores peri rurales costeros, especialmente en per\u00edodos de sequ\u00eda.<\/p><p><em>Ver m\u00e1s:\u00a0<\/em><a href=\"https:\/\/vrip.ubiobio.cl\/inicio\/noticias\/exalumna-ubb-finaliza-proyecto-fondef-viu-patrocinado-por-la-unidad-de-emprendimiento-ubb\/\" target=\"_blank\" rel=\"noopener\" data-saferedirecturl=\"https:\/\/www.google.com\/url?q=https:\/\/vrip.ubiobio.cl\/inicio\/noticias\/exalumna-ubb-finaliza-proyecto-fondef-viu-patrocinado-por-la-unidad-de-emprendimiento-ubb\/&amp;source=gmail&amp;ust=1744143297156000&amp;usg=AOvVaw2R1y7wPv4kYuALlwdrXasw\">https:\/\/vrip.ubiobio.cl\/<wbr \/>inicio\/noticias\/exalumna-ubb-<wbr \/>finaliza-proyecto-fondef-viu-<wbr \/>patrocinado-por-la-unidad-de-<wbr \/>emprendimiento-ubb\/<\/a><\/p><hr \/><p><img decoding=\"async\" src=\"https:\/\/flashissue.s3.us-east-1.amazonaws.com\/PwZc3JGgRgSTFUUFW2qU_NA==.png\" \/><\/p><h3><span style=\"color: #073753;\"><strong>Lanzamiento de TactiSense: Innovaci\u00f3n y dise\u00f1o para la inclusi\u00f3n<\/strong><\/span><\/h3><p>El pasado 4 de abril se llev\u00f3 a cabo el Seminario Inclusivo y Lanzamiento de TactiSense en el Centro de Innovaci\u00f3n UBB, una jornada marcada por conversaciones significativas sobre inclusi\u00f3n, neurodiversidad y dise\u00f1o sensorial. El evento fue el espacio ideal para presentar oficialmente TactiSense, una propuesta que busca transformar la estimulaci\u00f3n sensorial a trav\u00e9s de soluciones innovadoras y accesibles.<\/p><p><em>Ver m\u00e1s:\u00a0<\/em><a href=\"https:\/\/www.instagram.com\/tactisense\" target=\"_blank\" rel=\"noopener\" data-saferedirecturl=\"https:\/\/www.google.com\/url?q=https:\/\/www.instagram.com\/tactisense&amp;source=gmail&amp;ust=1744143297156000&amp;usg=AOvVaw1m09yLrv28s12kzcXckmsm\">https:\/\/www.instagram.<wbr \/>com\/tactisense\/<\/a><\/p><hr \/><p><img decoding=\"async\" src=\"https:\/\/flashissue.s3.us-east-1.amazonaws.com\/dr9130f6SprHwSPNDUPg_Mw==.png\" \/><\/p><h3><span style=\"color: #073753;\"><strong>Postgrado UBB da la bienvenida a estudiantes de los programas de Doctorado y Mag\u00edster 2025<\/strong><\/span><\/h3><p>El equipo de la Direcci\u00f3n de Postgrado de la Universidad del B\u00edo-B\u00edo realiz\u00f3 su tradicional encuentro de inducci\u00f3n para los nuevos estudiantes de los programas de doctorado y mag\u00edster, evento que cont\u00f3 con la participaci\u00f3n de m\u00e1s de 95 asistentes, incluidos directores de programas, acad\u00e9micos y funcionarios de la instituci\u00f3n.<\/p><p><em>Ver m\u00e1s:\u00a0<\/em><a href=\"https:\/\/vrip.ubiobio.cl\/inicio\/noticias\/postgrado-ubb-da-la-bienvenida-a-estudiantes-de-los-programas-de-doctorado-y-magister-2025\/\" target=\"_blank\" rel=\"noopener\" data-saferedirecturl=\"https:\/\/www.google.com\/url?q=https:\/\/vrip.ubiobio.cl\/inicio\/noticias\/postgrado-ubb-da-la-bienvenida-a-estudiantes-de-los-programas-de-doctorado-y-magister-2025\/&amp;source=gmail&amp;ust=1744143297156000&amp;usg=AOvVaw1OhnK_OFZgGMn4tkGK3g0j\">https:\/\/vrip.ubiobio.cl\/<wbr \/>inicio\/noticias\/postgrado-ubb-<wbr \/>da-la-bienvenida-a-<wbr \/>estudiantes-de-los-programas-<wbr \/>de-doctorado-y-magister-2025\/<\/a><\/p><hr \/><p><img decoding=\"async\" src=\"https:\/\/flashissue.s3.us-east-1.amazonaws.com\/0kUUxntET0m9WYyWFeqc_NQ==.png\" \/><\/p><h3><span style=\"color: #073753;\"><strong>Taller presencial de Ciencia Abierta UBB ense\u00f1\u00f3 c\u00f3mo completar un Plan de Gesti\u00f3n de Datos en Investigaci\u00f3n<\/strong><\/span><\/h3><p>El 26 y 27 de marzo, la Universidad del B\u00edo-B\u00edo realiz\u00f3 un taller presencial sobre Ciencia Abierta en los campus Concepci\u00f3n y Chill\u00e1n, dirigido a investigadores e investigadoras interesados en aprender a completar un Plan de Gesti\u00f3n de Datos en Investigaci\u00f3n. Este evento, impulsado por la Direcci\u00f3n de Investigaci\u00f3n y Creaci\u00f3n Art\u00edstica de la Vicerrector\u00eda de Investigaci\u00f3n y Postgrado, fue financiado por la Agencia Nacional de Investigaci\u00f3n y Desarrollo (ANID).<\/p><p><em>Ver m\u00e1s:\u00a0<\/em><a href=\"https:\/\/vrip.ubiobio.cl\/inicio\/noticias\/taller-presencial-de-ciencia-abierta-ubb-enseno-como-completar-un-plan-de-gestion-de-datos-en-investigacion\/\" target=\"_blank\" rel=\"noopener\" data-saferedirecturl=\"https:\/\/www.google.com\/url?q=https:\/\/vrip.ubiobio.cl\/inicio\/noticias\/taller-presencial-de-ciencia-abierta-ubb-enseno-como-completar-un-plan-de-gestion-de-datos-en-investigacion\/&amp;source=gmail&amp;ust=1744143297156000&amp;usg=AOvVaw2aGELT3Y-5eHfdHmHOqMZX\">https:\/\/vrip.ubiobio.cl\/<wbr \/>inicio\/noticias\/taller-<wbr \/>presencial-de-ciencia-abierta-<wbr \/>ubb-enseno-como-completar-un-<wbr \/>plan-de-gestion-de-datos-en-<wbr \/>investigacion\/\u00a0<\/a><\/p><hr \/><p><img decoding=\"async\" src=\"https:\/\/flashissue.s3.us-east-1.amazonaws.com\/YT94x5wTSUeAMVSggT7w_NA==.png\" \/><\/p><h3><span style=\"color: #073753;\"><strong>CETI UBB realiz\u00f3 Encuentro de Investigaci\u00f3n e Innovaci\u00f3n P\u00fablica<\/strong><\/span><\/h3><p>El martes 1 de abril, el Auditorio Paraninfo de la Universidad del B\u00edo-B\u00edo fue el escenario de un encuentro sobre investigaci\u00f3n e innovaci\u00f3n p\u00fablica, organizado por el Centro de Estudios Territoriales e Interdisciplinarios (CETI) de la Universidad del B\u00edo-B\u00edo. Durante este evento, diversos actores clave destacaron la innovaci\u00f3n como un elemento esencial en la gesti\u00f3n p\u00fablica.<\/p><p><em>Ver m\u00e1s:\u00a0<\/em><a href=\"https:\/\/vrip.ubiobio.cl\/inicio\/noticias\/ceti-ubb-realizo-encuentro-de-investigacion-e-innovacion-publica\/\" target=\"_blank\" rel=\"noopener\" data-saferedirecturl=\"https:\/\/www.google.com\/url?q=https:\/\/vrip.ubiobio.cl\/inicio\/noticias\/ceti-ubb-realizo-encuentro-de-investigacion-e-innovacion-publica\/&amp;source=gmail&amp;ust=1744143297156000&amp;usg=AOvVaw0uFwRIiI5FQu9g4ZW509pz\">https:\/\/vrip.ubiobio.cl\/<wbr \/>inicio\/noticias\/ceti-ubb-<wbr \/>realizo-encuentro-de-<wbr \/>investigacion-e-innovacion-<wbr \/>publica\/<\/a><\/p><hr \/><p><img decoding=\"async\" src=\"https:\/\/flashissue.s3.us-east-1.amazonaws.com\/xrAgxzldTsyxG6QfMXRr_Ng==.png\" \/><\/p><h3><span style=\"color: #073753;\"><strong>Lanzamiento del Proyecto Institucional FIUT-UBB en los campus Concepci\u00f3n y Chill\u00e1n<\/strong><\/span><\/h3><p>Con la presencia del seremi de Ciencia, Tecnolog\u00eda, Conocimiento e Innovaci\u00f3n de la Macrozona Centro Sur del Ministerio de Ciencia, Gustavo N\u00fa\u00f1ez Acu\u00f1a, el rector de la Universidad del B\u00edo-B\u00edo, Benito Uma\u00f1a Hermosilla, la prorrectora Julia Fawaz Issi y la directora del proyecto institucional FIUT-UBB, Vicerrectora de Investigaci\u00f3n y Postgrado, Dra. Ang\u00e9lica Caro Guti\u00e9rrez, junto a autoridades acad\u00e9micas e investigadores de los campus Concepci\u00f3n y Chill\u00e1n, se llev\u00f3 a cabo, este viernes 28 de marzo, el lanzamiento oficial de este proyecto que fortalecer\u00e1 las capacidades institucionales en investigaci\u00f3n, desarrollo e innovaci\u00f3n (I+D+i) de la universidad.<\/p><p><em>Ver m\u00e1s:\u00a0<\/em><a href=\"https:\/\/noticias.ubiobio.cl\/2025\/04\/01\/lanzamiento-del-proyecto-institucional-fiut-ubb-en-los-campus-concepcion-y-chillan\/\" target=\"_blank\" rel=\"noopener\" data-saferedirecturl=\"https:\/\/www.google.com\/url?q=https:\/\/noticias.ubiobio.cl\/2025\/04\/01\/lanzamiento-del-proyecto-institucional-fiut-ubb-en-los-campus-concepcion-y-chillan\/&amp;source=gmail&amp;ust=1744143297156000&amp;usg=AOvVaw04SayqHd-uPmGigN955Bgq\">https:\/\/noticias.ubiobio.<wbr \/>cl\/2025\/04\/01\/lanzamiento-del-<wbr \/>proyecto-institucional-fiut-<wbr \/>ubb-en-los-campus-concepcion-<wbr \/>y-chillan\/<\/a><\/p><hr \/><p><img decoding=\"async\" src=\"https:\/\/flashissue.s3.us-east-1.amazonaws.com\/6UfMPzlRT4qWUj1Zl9c3_Nw==.png\" \/><\/p><h3><span style=\"color: #073753;\"><strong>Universidad del B\u00edo-B\u00edo aporta al pa\u00eds nuevos graduados y graduadas de Doctorado y Mag\u00edster en la sede \u00d1uble<\/strong><\/span><\/h3><p>Los 84 nuevos graduados y graduadas cursaron programas de Doctorado y Mag\u00edster en las facultades de Educaci\u00f3n y Humanidades, Ciencias Empresariales, Ciencias y Ciencias de la Salud y de los Alimentos.<\/p><p><em>Ver m\u00e1s:\u00a0<\/em><a href=\"https:\/\/noticias.ubiobio.cl\/2025\/04\/03\/universidad-del-bio-bio-aporta-al-pais-nuevos-graduados-y-graduadas-de-doctorado-y-magister-en-la-sede-nuble\/\" target=\"_blank\" rel=\"noopener\" data-saferedirecturl=\"https:\/\/www.google.com\/url?q=https:\/\/noticias.ubiobio.cl\/2025\/04\/03\/universidad-del-bio-bio-aporta-al-pais-nuevos-graduados-y-graduadas-de-doctorado-y-magister-en-la-sede-nuble\/&amp;source=gmail&amp;ust=1744143297156000&amp;usg=AOvVaw0_XX5wufuOhV7YTvlH6Rxy\">https:\/\/noticias.ubiobio.<wbr \/>cl\/2025\/04\/03\/universidad-del-<wbr \/>bio-bio-aporta-al-pais-nuevos-<wbr \/>graduados-y-graduadas-de-<wbr \/>doctorado-y-magister-en-la-<wbr \/>sede-nuble\/\u00a0<\/a><\/p><hr \/><p><img decoding=\"async\" src=\"https:\/\/flashissue.s3.us-east-1.amazonaws.com\/WLwi9F2eQ1uXKWSOU2zR_VlJJUF9CYW5uZXIgSW5mb3JtYXRpdm8=.png\" \/><\/p><h3><span style=\"color: #073753;\"><strong>Investigadora UBB obtiene Patente de Invenci\u00f3n de INAPI<\/strong><\/span><\/h3><p>La Dra. Mar\u00eda Graciela Aguayo, investigadora del Departamento de Ingenier\u00eda en Madera de la Facultad de Ingenier\u00eda de la Universidad del B\u00edo-B\u00edo (UBB), ha obtenido recientemente la concesi\u00f3n de su patente de invenci\u00f3n N\u00b070759, titulada \u00abUna composici\u00f3n preservante de madera y m\u00e9todo de elaboraci\u00f3n de la misma\u00bb, a la fecha UBB cuenta con 89 patentes.<\/p><p><em>Ver m\u00e1s:\u00a0<\/em><a href=\"https:\/\/noticias.ubiobio.cl\/2025\/03\/31\/investigadora-ubb-obtiene-patente-de-invencion-de-inapi\/\" target=\"_blank\" rel=\"noopener\" data-saferedirecturl=\"https:\/\/www.google.com\/url?q=https:\/\/noticias.ubiobio.cl\/2025\/03\/31\/investigadora-ubb-obtiene-patente-de-invencion-de-inapi\/&amp;source=gmail&amp;ust=1744143297156000&amp;usg=AOvVaw0BMmj0jea6s-WcUHMoFooz\">https:\/\/noticias.ubiobio.<wbr \/>cl\/2025\/03\/31\/investigadora-<wbr \/>ubb-obtiene-patente-de-<wbr \/>invencion-de-inapi\/<\/a><\/p><hr \/><p><img decoding=\"async\" src=\"https:\/\/flashissue.s3.us-east-1.amazonaws.com\/LVXWFRYoQASBpqGnsJwi_Mg==.png\" \/><\/p><h3><span style=\"color: #073753;\"><strong>Unidad de Emprendimiento, colaborador oficial de Made Inn Conce 2025<\/strong><\/span><\/h3><p>Recibimos a Emilio de Made Inn Conce en la Unidad de Emprendimiento UBB para seguir fortaleciendo v\u00ednculos y abrir nuevas oportunidades de colaboraci\u00f3n. Este 2025, adem\u00e1s, nos sumamos con orgullo como colaboradores oficiales del festival de innovaci\u00f3n y emprendimiento m\u00e1s importante del sur de Chile. \u00a1Juntos, seguimos construyendo un ecosistema m\u00e1s conectado y con prop\u00f3sito!<\/p><p><em>Ver m\u00e1s:\u00a0<\/em><a href=\"https:\/\/www.madeinnconce.org\/\" target=\"_blank\" rel=\"noopener\" data-saferedirecturl=\"https:\/\/www.google.com\/url?q=https:\/\/www.madeinnconce.org\/&amp;source=gmail&amp;ust=1744143297156000&amp;usg=AOvVaw0KeL9WaNmbL8cNrlXr_DFD\">https:\/\/www.madeinnconce.<wbr \/>org\/\u00a0<\/a><\/p><hr \/>\t\t\t\t\t\t\t\t<\/div>\n\t\t\t\t<\/div>\n\t\t\t\t<div class=\"elementor-element elementor-element-e1544df elementor-widget elementor-widget-image\" data-id=\"e1544df\" data-element_type=\"widget\" data-e-type=\"widget\" data-widget_type=\"image.default\">\n\t\t\t\t<div class=\"elementor-widget-container\">\n\t\t\t\t\t\t\t\t\t\t\t\t\t\t\t<img decoding=\"async\" width=\"1000\" height=\"102\" src=\"https:\/\/vrip.ubiobio.cl\/wp-content\/uploads\/2025\/03\/informacion-vrip.jpg\" class=\"attachment-large size-large wp-image-48818\" alt=\"\" srcset=\"https:\/\/vrip.ubiobio.cl\/wp-content\/uploads\/2025\/03\/informacion-vrip.jpg 1000w, https:\/\/vrip.ubiobio.cl\/wp-content\/uploads\/2025\/03\/informacion-vrip-380x39.jpg 380w, https:\/\/vrip.ubiobio.cl\/wp-content\/uploads\/2025\/03\/informacion-vrip-768x78.jpg 768w\" sizes=\"(max-width: 1000px) 100vw, 1000px\" \/>\t\t\t\t\t\t\t\t\t\t\t\t\t\t\t<\/div>\n\t\t\t\t<\/div>\n\t\t\t\t\t<\/div>\n\t\t<\/div>\n\t\t\t\t<div class=\"elementor-column elementor-col-33 elementor-top-column elementor-element elementor-element-4029fc3\" data-id=\"4029fc3\" data-element_type=\"column\" data-e-type=\"column\">\n\t\t\t<div class=\"elementor-widget-wrap\">\n\t\t\t\t\t\t\t<\/div>\n\t\t<\/div>\n\t\t\t\t\t<\/div>\n\t\t<\/section>\n\t\t\t\t<section class=\"elementor-section elementor-top-section elementor-element elementor-element-1e7212e elementor-section-boxed elementor-section-height-default elementor-section-height-default\" data-id=\"1e7212e\" data-element_type=\"section\" data-e-type=\"section\" data-settings=\"{&quot;_ha_eqh_enable&quot;:false}\">\n\t\t\t\t\t\t<div class=\"elementor-container elementor-column-gap-default\">\n\t\t\t\t\t<div class=\"elementor-column elementor-col-33 elementor-top-column elementor-element elementor-element-229f337\" data-id=\"229f337\" data-element_type=\"column\" data-e-type=\"column\">\n\t\t\t<div class=\"elementor-widget-wrap\">\n\t\t\t\t\t\t\t<\/div>\n\t\t<\/div>\n\t\t\t\t<div class=\"elementor-column elementor-col-33 elementor-top-column elementor-element elementor-element-43ea34f\" data-id=\"43ea34f\" data-element_type=\"column\" data-e-type=\"column\">\n\t\t\t<div class=\"elementor-widget-wrap elementor-element-populated\">\n\t\t\t\t\t\t<div class=\"elementor-element elementor-element-aa044e2 elementor-widget elementor-widget-text-editor\" data-id=\"aa044e2\" data-element_type=\"widget\" data-e-type=\"widget\" data-widget_type=\"text-editor.default\">\n\t\t\t\t<div class=\"elementor-widget-container\">\n\t\t\t\t\t\t\t\t\t<p><img decoding=\"async\" src=\"https:\/\/ci3.googleusercontent.com\/meips\/ADKq_NaIUYVMAR_ICVRSjmS_6hzOAiq1oFBACnHOuAYY3xKLz93qGR4pgrAyHqqVEB6U05XkuUCBcJQMvf7wYng7F6bypNf6GJjmvQoVAkbfVoRLCvMq7UsuWQGzRuuJK4W7J_3Axb4uBRPqPFE88MqBXN-jtuurKevh9S56grDqVFesSz259IUhTRjon-r8vk0GNJGFrW4D=s0-d-e1-ft#https:\/\/flashissue.s3.us-east-1.amazonaws.com\/66i9C26RVux2qlFRLpow_QmFubmVyIGJvbGV0aW5fYmFubmVyX2luY3ViYSBuzIN1YmxlIHViYg==.jpg\" \/><\/p><h3><span style=\"color: #073753;\"><strong>\u00a1Postula a Incuba \u00d1uble UBB!<\/strong><\/span><\/h3><p>\u00bfTienes una idea innovadora y quieres llevarla al siguiente nivel? Postula a Incuba \u00d1uble UBB, un programa de 8 meses que te entregar\u00e1 mentor\u00edas especializadas, asesor\u00eda en innovaci\u00f3n, acceso a redes de financiamiento, espacios de coworking y vinculaci\u00f3n con el ecosistema emprendedor. Est\u00e1 dirigido a personas mayores de 18 a\u00f1os, con residencia en \u00d1uble, que tengan una idea o emprendimiento en etapa idea o semilla. \u00a1Postula hasta el 30 de abril!<\/p><p><em>Ver m\u00e1s:\u00a0<\/em><a href=\"https:\/\/drive.google.com\/file\/d\/1edR8uDsECvgRhsxIVcFMYYMY2OAFKX5L\/view\" target=\"_blank\" rel=\"noopener\" data-saferedirecturl=\"https:\/\/www.google.com\/url?q=https:\/\/drive.google.com\/file\/d\/1edR8uDsECvgRhsxIVcFMYYMY2OAFKX5L\/view&amp;source=gmail&amp;ust=1744143297156000&amp;usg=AOvVaw0sEycJMC7Utxrymq6beKml\">https:\/\/drive.google.com\/<wbr \/>file\/d\/<wbr \/>1edR8uDsECvgRhsxIVcFMYYMY2OAFK<wbr \/>X5L\/view\u00a0<\/a><\/p><hr \/><p><img decoding=\"async\" src=\"https:\/\/ci3.googleusercontent.com\/meips\/ADKq_Na4k1Mtmoy1l2bsUhA2nPrYPKFoFVWas-5ItUe1PxA4Axq2SMTx8CNB7SqAvJ2QzpHh099m-16IiOFlSjwB7-HbObhqfm0000IhbPhqXWCEx7KRcYj7pf6k1mTMqMMFmY9eMzjyqA9R8ColPjocZPMv=s0-d-e1-ft#https:\/\/flashissue.s3.us-east-1.amazonaws.com\/ix9iRW9hQuiTbB69a4rY_VnJpcCBib2xldGnMgW4=.png\" \/><\/p><h3><span style=\"color: #073753;\"><strong>Glosario Ciencia Abierta UBB<\/strong><\/span><\/h3><p>Aqu\u00ed encontrar\u00e1s conceptos relacionados con la Ciencia Abierta. Este glosario es una herramienta \u00fatil tanto para expertos como para quienes se inician en el fascinante mundo de la Ciencia Abierta.<\/p><p><em>Ver m\u00e1s:\u00a0<\/em><a href=\"https:\/\/ciencia-abierta.ubiobio.cl\/glosario-ciencia-abierta-ubb\/\" target=\"_blank\" rel=\"noopener\" data-saferedirecturl=\"https:\/\/www.google.com\/url?q=https:\/\/ciencia-abierta.ubiobio.cl\/glosario-ciencia-abierta-ubb\/&amp;source=gmail&amp;ust=1744143297156000&amp;usg=AOvVaw1bxrEJBfwgLa96Opf4yARn\">https:\/\/ciencia-abierta.<wbr \/>ubiobio.cl\/glosario-ciencia-<wbr \/>abierta-ubb\/<\/a><\/p><hr \/><p><img decoding=\"async\" src=\"https:\/\/ci3.googleusercontent.com\/meips\/ADKq_NZwEC_AZCanSJax-6J_LBoGUNh6SOstCZTnqIGMUe3b7tez3rDF8y5ltqA_vzoD98aNPMkSfznm6mmLObfXVbrye9bM0HxjDqHIJrdWWhdLnkRwjry2JYZ_vAYWFOgX2dON4OyFDq6MtU1OfH4Dkpar8-ow_S62wxo=s0-d-e1-ft#https:\/\/flashissue.s3.us-east-1.amazonaws.com\/qdXZi0fSAWyuulRjIjCq_VlJJUF9FbmN1ZXN0YV9pbmZvcg==.jpg\" \/><\/p><h3><span style=\"color: #073753;\"><strong>Encuesta Direcci\u00f3n de Investigaci\u00f3n y Creaci\u00f3n Art\u00edstica VRIP<\/strong><\/span><\/h3><p><em>Responde aqu\u00ed la encuesta:\u00a0<\/em><a href=\"https:\/\/rcencuesta.dci.ubiobio.cl\/index.php\/524923\" target=\"_blank\" rel=\"noopener\" data-saferedirecturl=\"https:\/\/www.google.com\/url?q=https:\/\/rcencuesta.dci.ubiobio.cl\/index.php\/524923&amp;source=gmail&amp;ust=1744143297156000&amp;usg=AOvVaw1HRpeFqzwUiMsWmNPjF7JI\">https:\/\/rcencuesta.<wbr \/>dci.ubiobio.cl\/index.php\/<wbr \/>524923<\/a><\/p><hr \/><p><img decoding=\"async\" src=\"https:\/\/ci3.googleusercontent.com\/meips\/ADKq_NbcJjlxiu08eJ5H-z70i5flJUCRbBwrr9vB3tqIVVmolcOeINJFxu7C2hypCiAWn-Vry7HBHnNAojYEvZX5sF91ddeBepVzenzVIc1RCxv9iYGegeOJ5o-inxgM4TUyBNpGGPZJHfwzcWiebVvMK36lBVHdN3UuLl6l5umq=s0-d-e1-ft#https:\/\/flashissue.s3.us-east-1.amazonaws.com\/qz1bAmW5ROWPZVKaiOIz_VlJJUF9CYW5uZXIgSW5mb3JtYXRpdm8=.png\" \/><\/p><h3><span style=\"color: #073753;\"><strong>XV CONCURSO VIU \u2013 \u00a1Impulsa tu investigaci\u00f3n!<\/strong><\/span><\/h3><p>Si realizaste tu tesis y quieres llevarla m\u00e1s all\u00e1, esta es tu oportunidad. Con $36 millones en financiamiento, talleres de apoyo y asesor\u00eda presencial, te ayudamos a potenciar tu proyecto.<\/p><p><em>Ver m\u00e1s:\u00a0<\/em><a href=\"https:\/\/us02web.zoom.us\/meeting\/register\/ru7jnMZtRkyuVSdZxEYuTA#\/registration\" target=\"_blank\" rel=\"noopener\" data-saferedirecturl=\"https:\/\/www.google.com\/url?q=https:\/\/us02web.zoom.us\/meeting\/register\/ru7jnMZtRkyuVSdZxEYuTA%23\/registration&amp;source=gmail&amp;ust=1744143297156000&amp;usg=AOvVaw2OBIbOvxHZeHgW3epWDkyZ\">https:\/\/us02web.zoom.us\/<wbr \/>meeting\/register\/<wbr \/>ru7jnMZtRkyuVSdZxEYuTA#\/<wbr \/>registration\u00a0<\/a><\/p><hr \/><p><img decoding=\"async\" src=\"https:\/\/ci3.googleusercontent.com\/meips\/ADKq_NZOvDQ3k4TSAFsNLEEXjb9h8X8N3ysLZ-BjG4VEHy-8EV-SmYTIPoFxxIqL0JG82hHa-DWctlKuzhAV3BYX0-Ln2N72iVco9DVQO7PQ7qJav_ixfVZ98CE2cQWtCvfSbm4ORj3H3J7sY_OJCH_4l8zBZ19LMg=s0-d-e1-ft#https:\/\/flashissue.s3.us-east-1.amazonaws.com\/z1WEefyKRQa8qqZwIFzA_YmFubmVyIFBvbGnMgXRpY2Fz.png\" \/><\/p><h3><span style=\"color: #073753;\"><strong><span style=\"color: #073753;\">\u00a1Descubre la Pol\u00edtica de Investigaci\u00f3n, Desarrollo e Innovaci\u00f3n de la U<\/span>BB!<\/strong><\/span><\/h3><p>En la Universidad del B\u00edo-B\u00edo, como instituci\u00f3n p\u00fablica, nuestra misi\u00f3n es generar conocimiento con impacto real en la sociedad. Por eso, nuestra Pol\u00edtica de Investigaci\u00f3n, Desarrollo e Innovaci\u00f3n es fundamental: gu\u00eda nuestras acciones para fortalecer la ciencia abierta, la equidad y el desarrollo sostenible en las regiones del Biob\u00edo y \u00d1uble.<\/p><p><em>Ver video<\/em>:\u00a0<strong>\u00a0<\/strong><a href=\"https:\/\/youtu.be\/7pTyZF5KW2g\" target=\"_blank\" rel=\"noopener\" data-saferedirecturl=\"https:\/\/www.google.com\/url?q=https:\/\/youtu.be\/7pTyZF5KW2g&amp;source=gmail&amp;ust=1743075534615000&amp;usg=AOvVaw0eUntua8NMPgjgtgSEZidR\">https:\/\/youtu.be\/<wbr \/>7pTyZF5KW2g<\/a><\/p><hr \/><p><img decoding=\"async\" src=\"https:\/\/ci3.googleusercontent.com\/meips\/ADKq_NbRRtpwnrTItHAFKmVTF7dzzTMOKFh8grUI9Rd1KSIKf_5CJcq5hPbVEoLth4RTO6240j9lqGoc4AipWbU4x8ilq85FW3NiPwlPtmYOVj5mAGw9rx0VdC_UAwCaUdSJb4UFkadBGToolsB9htZk0uyu15Eofb4qjC5evhwMK9jtMxSRoLouZL88=s0-d-e1-ft#https:\/\/flashissue.s3.us-east-1.amazonaws.com\/8oQjs5dhQBDnO4JrXuUv_UG9zdGdyYWRvX1Byb2dyYW1hc19pbmZvcm1hdGl2bw==.jpg\" \/><\/p><h3><span style=\"color: #073753;\"><strong>Programas de Postgrados UBB disponibles<\/strong><\/span><\/h3><p><a href=\"http:\/\/postgrados.ubiobio.cl\/\" target=\"_blank\" rel=\"noopener\" data-saferedirecturl=\"https:\/\/www.google.com\/url?q=http:\/\/postgrados.ubiobio.cl\/&amp;source=gmail&amp;ust=1743075534615000&amp;usg=AOvVaw2Twc6f7L0_KA1mSt3YZ87f\">http:\/\/postgrados.ubiobio.cl\/<\/a><\/p><hr \/><p><img decoding=\"async\" src=\"https:\/\/ci3.googleusercontent.com\/meips\/ADKq_NaSKhWKASZUqpEZi3vmVmZDViMXg3e7oaK6obzsTYu2py0r_NvzBxBAfFbLKS8rzSRNyuPqcNeX7OEm4a4gHeyHezYpyJx6XeCbRV_0s-tH9p4Pkhkq8lwiTxZqIQToQ67Syq-sM8qUUw=s0-d-e1-ft#https:\/\/flashissue.s3.us-east-1.amazonaws.com\/nyAY8sWDTkmuGWIVDiOe_dW5uYW1lZA==.jpg\" \/><\/p><h3><span style=\"color: #073753;\"><strong>Conoce nuestro Portafolio EBCT OTL-UBB<\/strong><\/span><\/h3><p>La Vicerrector\u00eda de Investigaci\u00f3n y Postgrado de la Universidad del B\u00edo-B\u00edo, por medio de la Oficina de Transferencia y Licenciamiento y la Unidad de Emprendimiento, han dise\u00f1ado el portafolio de empresas de base cient\u00edfico tecnol\u00f3gicas, con la finalidad de destacar a las empresas creadas al alero del desarrollo de la ciencia y tecnolog\u00eda de la Universidad, y que han tomado el camino del emprendimiento.<\/p><p><em>Ver m\u00e1s<\/em>:\u00a0<a href=\"https:\/\/vrip.ubiobio.cl\/wp-content\/uploads\/2024\/03\/OTL_Portafolio-EBCT_baja.pdf\" target=\"_blank\" rel=\"noopener\" data-saferedirecturl=\"https:\/\/www.google.com\/url?q=https:\/\/vrip.ubiobio.cl\/wp-content\/uploads\/2024\/03\/OTL_Portafolio-EBCT_baja.pdf&amp;source=gmail&amp;ust=1743075534615000&amp;usg=AOvVaw2QY5qlf78YNv9pHF59fgOa\">https:\/\/vrip.ubiobio.cl\/<wbr \/>wp-content\/uploads\/2024\/03\/<wbr \/>OTL_Portafolio-EBCT_baja.pdf<\/a><\/p><hr \/><p><img decoding=\"async\" src=\"https:\/\/ci3.googleusercontent.com\/meips\/ADKq_NZsTqG24RuVzMMhG6fwZ1IdJ3Krnrn2IwppGhX8uKgR5GUs0r6JqNchd4RFnMPfHW1gkGUEnYzGIJWs0U-hGMoukHPZHei_ly7SDWe6zz906HS4ADsHYhttRCGm73o_15DNWe3tfkOMhZM1ju0=s0-d-e1-ft#https:\/\/flashissue.s3.us-east-1.amazonaws.com\/IaOWQkAMRLayY0wmgstY_dW5uYW1lZCAoMSk=.jpg\" \/><\/p><h3><span style=\"color: #073753;\"><strong>Calendario Anual de Concursos disponibles<\/strong><\/span><\/h3><p><em>Ver m\u00e1s<\/em>:\u00a0<a href=\"https:\/\/vrip.ubiobio.cl\/inicio\/calendario-de-concursos\" target=\"_blank\" rel=\"noopener\" data-saferedirecturl=\"https:\/\/www.google.com\/url?q=https:\/\/vrip.ubiobio.cl\/inicio\/calendario-de-concursos&amp;source=gmail&amp;ust=1743075534615000&amp;usg=AOvVaw1XgjbzCMvwcPoh-9keE4Xg\">https:\/\/vrip.ubiobio.cl\/<wbr \/>inicio\/calendario-de-concursos<\/a><\/p><hr \/>\t\t\t\t\t\t\t\t<\/div>\n\t\t\t\t<\/div>\n\t\t\t\t\t<\/div>\n\t\t<\/div>\n\t\t\t\t<div class=\"elementor-column elementor-col-33 elementor-top-column elementor-element elementor-element-a3b0a58\" data-id=\"a3b0a58\" data-element_type=\"column\" data-e-type=\"column\">\n\t\t\t<div class=\"elementor-widget-wrap\">\n\t\t\t\t\t\t\t<\/div>\n\t\t<\/div>\n\t\t\t\t\t<\/div>\n\t\t<\/section>\n\t\t\t\t<section class=\"elementor-section elementor-top-section elementor-element elementor-element-5e68b69 elementor-section-boxed elementor-section-height-default elementor-section-height-default\" data-id=\"5e68b69\" data-element_type=\"section\" data-e-type=\"section\" data-settings=\"{&quot;_ha_eqh_enable&quot;:false}\">\n\t\t\t\t\t\t<div class=\"elementor-container elementor-column-gap-default\">\n\t\t\t\t\t<div class=\"elementor-column elementor-col-33 elementor-top-column elementor-element elementor-element-feb73eb\" data-id=\"feb73eb\" data-element_type=\"column\" data-e-type=\"column\">\n\t\t\t<div class=\"elementor-widget-wrap\">\n\t\t\t\t\t\t\t<\/div>\n\t\t<\/div>\n\t\t\t\t<div class=\"elementor-column elementor-col-33 elementor-top-column elementor-element elementor-element-bc91de3\" data-id=\"bc91de3\" data-element_type=\"column\" data-e-type=\"column\">\n\t\t\t<div class=\"elementor-widget-wrap elementor-element-populated\">\n\t\t\t\t\t\t<div class=\"elementor-element elementor-element-9f1f03a elementor-widget elementor-widget-text-editor\" data-id=\"9f1f03a\" data-element_type=\"widget\" data-e-type=\"widget\" data-widget_type=\"text-editor.default\">\n\t\t\t\t<div class=\"elementor-widget-container\">\n\t\t\t\t\t\t\t\t\t<table align=\"center\">\n<tbody>\n<tr>\n<td id=\"m_8467858756250299110m_4658873428329236187m_-7901358079350462190gmail-twitter-social-link\"><a href=\"https:\/\/www.twitter.com\/FlashIssue\" target=\"_blank\" rel=\"noopener\" data-saferedirecturl=\"https:\/\/www.google.com\/url?q=https:\/\/www.twitter.com\/FlashIssue&amp;source=gmail&amp;ust=1701886559522000&amp;usg=AOvVaw2YqocBqApBMfCECsazrFYp\"><img decoding=\"async\" class=\"CToWUd alignright\" src=\"https:\/\/ci3.googleusercontent.com\/meips\/ADKq_NZE482hZCyf5-eH5kdodW-i7ynf_Uc3o7Y2qVhkxeaBCGxbbRl4hZDL1bqALThwDN-AV5RNZ6NOZSIkeTJldTdvlbzE_6G1poLwYf9t-LR4fd0q_WAWHZ0f4oGdccihLUnmu9qg=s0-d-e1-ft#https:\/\/app.flashissue.com\/images\/social-icons\/round\/twitter\/grey\/twitter48.png\" data-bit=\"iit\" \/><\/a><\/td>\n<td><\/td>\n<td id=\"m_8467858756250299110m_4658873428329236187m_-7901358079350462190gmail-youtube-social-link\"><a href=\"https:\/\/www.youtube.com\/channel\/UCf7o8yHRJ7Y_QQLxwu1KQgA\" target=\"_blank\" rel=\"noopener\" data-saferedirecturl=\"https:\/\/www.google.com\/url?q=https:\/\/www.youtube.com\/channel\/UCf7o8yHRJ7Y_QQLxwu1KQgA&amp;source=gmail&amp;ust=1701886559523000&amp;usg=AOvVaw0jM7z9DMsgsZI5rYjuzYkv\"><img decoding=\"async\" class=\"CToWUd aligncenter\" src=\"https:\/\/ci3.googleusercontent.com\/meips\/ADKq_NZcx2sA8E3XSq35qpW98I3eb4zPATi0zr1ga9xoEv8HiKSPkRr0My77uw7jNpJiWcrZ-gHmEI2j5re0zjRI8wDsIoJbNevCaWCGyGWLOqc5TP4GPbVwQ1Wro4I6X8LmS5lWPhVl=s0-d-e1-ft#https:\/\/app.flashissue.com\/images\/social-icons\/round\/youtube\/grey\/youtube48.png\" data-bit=\"iit\" \/><\/a><\/td>\n<td><\/td>\n<td id=\"m_8467858756250299110m_4658873428329236187m_-7901358079350462190gmail-instagram-social-link\"><a href=\"https:\/\/www.instagram.com\/vrip_ubb\" target=\"_blank\" rel=\"noopener\" data-saferedirecturl=\"https:\/\/www.google.com\/url?q=https:\/\/www.instagram.com\/vrip_ubb&amp;source=gmail&amp;ust=1701886559523000&amp;usg=AOvVaw2F_KM9oE9lwudPrAZbmCZ0\"><img decoding=\"async\" class=\"CToWUd alignleft\" src=\"https:\/\/ci3.googleusercontent.com\/meips\/ADKq_Nan2m-yF-ZY-b4YK_6CQuSq5MrrQfz9h9uFQOtT_j31UVGd75i-QlY9VCEerAvzU-ywj-3R7trnB7YFhU35_iVsR89He9CXg0XLPQaj0mpctOF8T6RDYYJ9UnbXddwozdfwLo1cnkcc6w=s0-d-e1-ft#https:\/\/app.flashissue.com\/images\/social-icons\/round\/instagram\/grey\/instagram48.png\" data-bit=\"iit\" \/><\/a><\/td>\n<\/tr>\n<\/tbody>\n<\/table>\n<img decoding=\"async\" src=\"https:\/\/ci3.googleusercontent.com\/meips\/ADKq_NaKF-fgJsXFZ_zJQCoYDINB85tkqa3SLNYNXVr7RF7gDTX_gjHBOVPgLRoCVB2ytEuC_QCYcCQEc5o2wednfOInTFO7_6imvAkKPRLqrTdOeW5RmZiOXhLYOU8Z2BXsga_Y5XO26R9TXxqOPl4=s0-d-e1-ft#https:\/\/flashissue.s3.us-east-1.amazonaws.com\/xVesVrgXREOs3TCWMlFA_dXAtZG93bi0wMg==.jpg\" \/>\n<p style=\"text-align: center;\">Vicerrector\u00eda de Investigaci\u00f3n y Postgrado &#8211; Universidad del B\u00edo-B\u00edo<\/p>\n<p style=\"text-align: center;\">Todos los derechos reservados, Av. Collao 1202, Concepci\u00f3n \/ Av. Andr\u00e9s Bello s\/n, Chill\u00e1n<\/p>\n<p style=\"text-align: center;\">Comentarios a:\u00a0<strong><a href=\"mailto:vripcomunicaciones@ubiobio.cl?subject=Comentario%20newsletter\" target=\"_blank\" rel=\"noopener\">vripcomunicaciones@ubiobio.<wbr \/>cl<\/a><\/strong><\/p>\t\t\t\t\t\t\t\t<\/div>\n\t\t\t\t<\/div>\n\t\t\t\t\t<\/div>\n\t\t<\/div>\n\t\t\t\t<div class=\"elementor-column elementor-col-33 elementor-top-column elementor-element elementor-element-c421ef0\" data-id=\"c421ef0\" data-element_type=\"column\" data-e-type=\"column\">\n\t\t\t<div class=\"elementor-widget-wrap\">\n\t\t\t\t\t\t\t<\/div>\n\t\t<\/div>\n\t\t\t\t\t<\/div>\n\t\t<\/section>\n\t\t\t\t<section class=\"elementor-section elementor-top-section elementor-element elementor-element-38f252df elementor-section-boxed elementor-section-height-default elementor-section-height-default\" data-id=\"38f252df\" data-element_type=\"section\" data-e-type=\"section\" data-settings=\"{&quot;_ha_eqh_enable&quot;:false}\">\n\t\t\t\t\t\t<div class=\"elementor-container elementor-column-gap-default\">\n\t\t\t\t\t\t<\/div>\n\t\t<\/section>\n\t\t\t\t<section class=\"elementor-section elementor-top-section elementor-element elementor-element-c05f85d elementor-section-boxed elementor-section-height-default elementor-section-height-default\" data-id=\"c05f85d\" data-element_type=\"section\" data-e-type=\"section\" data-settings=\"{&quot;_ha_eqh_enable&quot;:false}\">\n\t\t\t\t\t\t<div class=\"elementor-container elementor-column-gap-default\">\n\t\t\t\t\t<div class=\"elementor-column elementor-col-100 elementor-top-column elementor-element elementor-element-c588dc1\" data-id=\"c588dc1\" data-element_type=\"column\" data-e-type=\"column\">\n\t\t\t<div class=\"elementor-widget-wrap elementor-element-populated\">\n\t\t\t\t\t\t<div class=\"elementor-element elementor-element-4a24d89 elementor-widget elementor-widget-spacer\" data-id=\"4a24d89\" data-element_type=\"widget\" data-e-type=\"widget\" data-widget_type=\"spacer.default\">\n\t\t\t\t<div class=\"elementor-widget-container\">\n\t\t\t\t\t\t\t<div class=\"elementor-spacer\">\n\t\t\t<div class=\"elementor-spacer-inner\"><\/div>\n\t\t<\/div>\n\t\t\t\t\t\t<\/div>\n\t\t\t\t<\/div>\n\t\t\t\t\t<\/div>\n\t\t<\/div>\n\t\t\t\t\t<\/div>\n\t\t<\/section>\n\t\t\t\t<\/div>\n\t\t","protected":false},"excerpt":{"rendered":"<p>Edici\u00f3n 07 Abril 2025 Ganadores del Concurso Proyectos de Creaci\u00f3n Art\u00edstica La Direcci\u00f3n de Investigaci\u00f3n y Creaci\u00f3n Art\u00edstica de la Vicerrector\u00eda de Investigaci\u00f3n y Postgrado, saluda y felicita a todas\/os las\/os postulantes que lograron adjudicaci\u00f3n del Concurso Proyectos de Creaci\u00f3n Art\u00edstica 2024,\u00a0proyectos a ser ejecutados en el periodo 2025-2026. Ver m\u00e1s:\u00a0https:\/\/www.instagram.com\/p\/DIJdLxXx3jT AG MET Bio-Bio reconoce&#8230;<\/p>\n","protected":false},"author":1,"featured_media":0,"parent":41711,"menu_order":0,"comment_status":"closed","ping_status":"closed","template":"","meta":{"_kadence_starter_templates_imported_post":false,"_kad_post_transparent":"default","_kad_post_title":"hide","_kad_post_layout":"fullwidth","_kad_post_sidebar_id":"","_kad_post_content_style":"unboxed","_kad_post_vertical_padding":"hide","_kad_post_feature":"hide","_kad_post_feature_position":"","_kad_post_header":false,"_kad_post_footer":false,"footnotes":""},"class_list":["post-49066","page","type-page","status-publish","hentry"],"yoast_head":"<!-- This site is optimized with the Yoast SEO plugin v27.5 - https:\/\/yoast.com\/product\/yoast-seo-wordpress\/ -->\n<title>Informativo VRIP 07 Abril 2025 - VRIP<\/title>\n<meta name=\"robots\" content=\"index, follow, max-snippet:-1, max-image-preview:large, max-video-preview:-1\" \/>\n<link rel=\"canonical\" href=\"https:\/\/vrip.ubiobio.cl\/inicio\/informativos-vrip\/edicion-07-abril-2025\/\" \/>\n<meta property=\"og:locale\" content=\"es_ES\" \/>\n<meta property=\"og:type\" content=\"article\" \/>\n<meta property=\"og:title\" content=\"Informativo VRIP 07 Abril 2025 - VRIP\" \/>\n<meta property=\"og:description\" content=\"Edici\u00f3n 07 Abril 2025 Ganadores del Concurso Proyectos de Creaci\u00f3n Art\u00edstica La Direcci\u00f3n de Investigaci\u00f3n y Creaci\u00f3n Art\u00edstica de la Vicerrector\u00eda de Investigaci\u00f3n y Postgrado, saluda y felicita a todas\/os las\/os postulantes que lograron adjudicaci\u00f3n del Concurso Proyectos de Creaci\u00f3n Art\u00edstica 2024,\u00a0proyectos a ser ejecutados en el periodo 2025-2026. Ver m\u00e1s:\u00a0https:\/\/www.instagram.com\/p\/DIJdLxXx3jT AG MET Bio-Bio reconoce...\" \/>\n<meta property=\"og:url\" content=\"https:\/\/vrip.ubiobio.cl\/inicio\/informativos-vrip\/edicion-07-abril-2025\/\" \/>\n<meta property=\"og:site_name\" content=\"VRIP\" \/>\n<meta property=\"article:modified_time\" content=\"2025-06-17T13:26:43+00:00\" \/>\n<meta property=\"og:image\" content=\"https:\/\/vrip.ubiobio.cl\/wp-content\/uploads\/2025\/03\/Boletin-VRIP-2025.jpg\" \/>\n\t<meta property=\"og:image:width\" content=\"1000\" \/>\n\t<meta property=\"og:image:height\" content=\"348\" \/>\n\t<meta property=\"og:image:type\" content=\"image\/jpeg\" \/>\n<meta name=\"twitter:card\" content=\"summary_large_image\" \/>\n<meta name=\"twitter:site\" content=\"@vripubb\" \/>\n<meta name=\"twitter:label1\" content=\"Tiempo de lectura\" \/>\n\t<meta name=\"twitter:data1\" content=\"7 minutos\" \/>\n<script type=\"application\/ld+json\" class=\"yoast-schema-graph\">{\"@context\":\"https:\\\/\\\/schema.org\",\"@graph\":[{\"@type\":\"WebPage\",\"@id\":\"https:\\\/\\\/vrip.ubiobio.cl\\\/inicio\\\/informativos-vrip\\\/edicion-07-abril-2025\\\/\",\"url\":\"https:\\\/\\\/vrip.ubiobio.cl\\\/inicio\\\/informativos-vrip\\\/edicion-07-abril-2025\\\/\",\"name\":\"Informativo VRIP 07 Abril 2025 - VRIP\",\"isPartOf\":{\"@id\":\"https:\\\/\\\/vrip.ubiobio.cl\\\/inicio\\\/#website\"},\"primaryImageOfPage\":{\"@id\":\"https:\\\/\\\/vrip.ubiobio.cl\\\/inicio\\\/informativos-vrip\\\/edicion-07-abril-2025\\\/#primaryimage\"},\"image\":{\"@id\":\"https:\\\/\\\/vrip.ubiobio.cl\\\/inicio\\\/informativos-vrip\\\/edicion-07-abril-2025\\\/#primaryimage\"},\"thumbnailUrl\":\"https:\\\/\\\/vrip.ubiobio.cl\\\/wp-content\\\/uploads\\\/2025\\\/03\\\/Boletin-VRIP-2025.jpg\",\"datePublished\":\"2025-04-07T20:55:47+00:00\",\"dateModified\":\"2025-06-17T13:26:43+00:00\",\"breadcrumb\":{\"@id\":\"https:\\\/\\\/vrip.ubiobio.cl\\\/inicio\\\/informativos-vrip\\\/edicion-07-abril-2025\\\/#breadcrumb\"},\"inLanguage\":\"es\",\"potentialAction\":[{\"@type\":\"ReadAction\",\"target\":[\"https:\\\/\\\/vrip.ubiobio.cl\\\/inicio\\\/informativos-vrip\\\/edicion-07-abril-2025\\\/\"]}]},{\"@type\":\"ImageObject\",\"inLanguage\":\"es\",\"@id\":\"https:\\\/\\\/vrip.ubiobio.cl\\\/inicio\\\/informativos-vrip\\\/edicion-07-abril-2025\\\/#primaryimage\",\"url\":\"https:\\\/\\\/vrip.ubiobio.cl\\\/wp-content\\\/uploads\\\/2025\\\/03\\\/Boletin-VRIP-2025.jpg\",\"contentUrl\":\"https:\\\/\\\/vrip.ubiobio.cl\\\/wp-content\\\/uploads\\\/2025\\\/03\\\/Boletin-VRIP-2025.jpg\"},{\"@type\":\"BreadcrumbList\",\"@id\":\"https:\\\/\\\/vrip.ubiobio.cl\\\/inicio\\\/informativos-vrip\\\/edicion-07-abril-2025\\\/#breadcrumb\",\"itemListElement\":[{\"@type\":\"ListItem\",\"position\":1,\"name\":\"Portada\",\"item\":\"https:\\\/\\\/vrip.ubiobio.cl\\\/inicio\\\/\"},{\"@type\":\"ListItem\",\"position\":2,\"name\":\"Informativos VRIP\",\"item\":\"https:\\\/\\\/vrip.ubiobio.cl\\\/inicio\\\/informativos-vrip\\\/\"},{\"@type\":\"ListItem\",\"position\":3,\"name\":\"Informativo VRIP 07 Abril 2025\"}]},{\"@type\":\"WebSite\",\"@id\":\"https:\\\/\\\/vrip.ubiobio.cl\\\/inicio\\\/#website\",\"url\":\"https:\\\/\\\/vrip.ubiobio.cl\\\/inicio\\\/\",\"name\":\"VRIP\",\"description\":\"Vicerrector\u00eda de Investigaci\u00f3n y Postgrado\",\"publisher\":{\"@id\":\"https:\\\/\\\/vrip.ubiobio.cl\\\/inicio\\\/#organization\"},\"potentialAction\":[{\"@type\":\"SearchAction\",\"target\":{\"@type\":\"EntryPoint\",\"urlTemplate\":\"https:\\\/\\\/vrip.ubiobio.cl\\\/inicio\\\/?s={search_term_string}\"},\"query-input\":{\"@type\":\"PropertyValueSpecification\",\"valueRequired\":true,\"valueName\":\"search_term_string\"}}],\"inLanguage\":\"es\"},{\"@type\":\"Organization\",\"@id\":\"https:\\\/\\\/vrip.ubiobio.cl\\\/inicio\\\/#organization\",\"name\":\"VRIP\",\"url\":\"https:\\\/\\\/vrip.ubiobio.cl\\\/inicio\\\/\",\"logo\":{\"@type\":\"ImageObject\",\"inLanguage\":\"es\",\"@id\":\"https:\\\/\\\/vrip.ubiobio.cl\\\/inicio\\\/#\\\/schema\\\/logo\\\/image\\\/\",\"url\":\"https:\\\/\\\/vrip.ubiobio.cl\\\/wp-content\\\/uploads\\\/2022\\\/10\\\/logo-vrip_Mesa-de-trabajo-1.png\",\"contentUrl\":\"https:\\\/\\\/vrip.ubiobio.cl\\\/wp-content\\\/uploads\\\/2022\\\/10\\\/logo-vrip_Mesa-de-trabajo-1.png\",\"width\":642,\"height\":178,\"caption\":\"VRIP\"},\"image\":{\"@id\":\"https:\\\/\\\/vrip.ubiobio.cl\\\/inicio\\\/#\\\/schema\\\/logo\\\/image\\\/\"},\"sameAs\":[\"https:\\\/\\\/x.com\\\/vripubb\",\"https:\\\/\\\/www.instagram.com\\\/vrip_ubb\\\/\",\"https:\\\/\\\/www.youtube.com\\\/channel\\\/UCf7o8yHRJ7Y_QQLxwu1KQgA\",\"https:\\\/\\\/www.linkedin.com\\\/company\\\/96035097\\\/admin\\\/dashboard\\\/\"]}]}<\/script>\n<!-- \/ Yoast SEO plugin. -->","yoast_head_json":{"title":"Informativo VRIP 07 Abril 2025 - VRIP","robots":{"index":"index","follow":"follow","max-snippet":"max-snippet:-1","max-image-preview":"max-image-preview:large","max-video-preview":"max-video-preview:-1"},"canonical":"https:\/\/vrip.ubiobio.cl\/inicio\/informativos-vrip\/edicion-07-abril-2025\/","og_locale":"es_ES","og_type":"article","og_title":"Informativo VRIP 07 Abril 2025 - VRIP","og_description":"Edici\u00f3n 07 Abril 2025 Ganadores del Concurso Proyectos de Creaci\u00f3n Art\u00edstica La Direcci\u00f3n de Investigaci\u00f3n y Creaci\u00f3n Art\u00edstica de la Vicerrector\u00eda de Investigaci\u00f3n y Postgrado, saluda y felicita a todas\/os las\/os postulantes que lograron adjudicaci\u00f3n del Concurso Proyectos de Creaci\u00f3n Art\u00edstica 2024,\u00a0proyectos a ser ejecutados en el periodo 2025-2026. Ver m\u00e1s:\u00a0https:\/\/www.instagram.com\/p\/DIJdLxXx3jT AG MET Bio-Bio reconoce...","og_url":"https:\/\/vrip.ubiobio.cl\/inicio\/informativos-vrip\/edicion-07-abril-2025\/","og_site_name":"VRIP","article_modified_time":"2025-06-17T13:26:43+00:00","og_image":[{"width":1000,"height":348,"url":"https:\/\/vrip.ubiobio.cl\/wp-content\/uploads\/2025\/03\/Boletin-VRIP-2025.jpg","type":"image\/jpeg"}],"twitter_card":"summary_large_image","twitter_site":"@vripubb","twitter_misc":{"Tiempo de lectura":"7 minutos"},"schema":{"@context":"https:\/\/schema.org","@graph":[{"@type":"WebPage","@id":"https:\/\/vrip.ubiobio.cl\/inicio\/informativos-vrip\/edicion-07-abril-2025\/","url":"https:\/\/vrip.ubiobio.cl\/inicio\/informativos-vrip\/edicion-07-abril-2025\/","name":"Informativo VRIP 07 Abril 2025 - VRIP","isPartOf":{"@id":"https:\/\/vrip.ubiobio.cl\/inicio\/#website"},"primaryImageOfPage":{"@id":"https:\/\/vrip.ubiobio.cl\/inicio\/informativos-vrip\/edicion-07-abril-2025\/#primaryimage"},"image":{"@id":"https:\/\/vrip.ubiobio.cl\/inicio\/informativos-vrip\/edicion-07-abril-2025\/#primaryimage"},"thumbnailUrl":"https:\/\/vrip.ubiobio.cl\/wp-content\/uploads\/2025\/03\/Boletin-VRIP-2025.jpg","datePublished":"2025-04-07T20:55:47+00:00","dateModified":"2025-06-17T13:26:43+00:00","breadcrumb":{"@id":"https:\/\/vrip.ubiobio.cl\/inicio\/informativos-vrip\/edicion-07-abril-2025\/#breadcrumb"},"inLanguage":"es","potentialAction":[{"@type":"ReadAction","target":["https:\/\/vrip.ubiobio.cl\/inicio\/informativos-vrip\/edicion-07-abril-2025\/"]}]},{"@type":"ImageObject","inLanguage":"es","@id":"https:\/\/vrip.ubiobio.cl\/inicio\/informativos-vrip\/edicion-07-abril-2025\/#primaryimage","url":"https:\/\/vrip.ubiobio.cl\/wp-content\/uploads\/2025\/03\/Boletin-VRIP-2025.jpg","contentUrl":"https:\/\/vrip.ubiobio.cl\/wp-content\/uploads\/2025\/03\/Boletin-VRIP-2025.jpg"},{"@type":"BreadcrumbList","@id":"https:\/\/vrip.ubiobio.cl\/inicio\/informativos-vrip\/edicion-07-abril-2025\/#breadcrumb","itemListElement":[{"@type":"ListItem","position":1,"name":"Portada","item":"https:\/\/vrip.ubiobio.cl\/inicio\/"},{"@type":"ListItem","position":2,"name":"Informativos VRIP","item":"https:\/\/vrip.ubiobio.cl\/inicio\/informativos-vrip\/"},{"@type":"ListItem","position":3,"name":"Informativo VRIP 07 Abril 2025"}]},{"@type":"WebSite","@id":"https:\/\/vrip.ubiobio.cl\/inicio\/#website","url":"https:\/\/vrip.ubiobio.cl\/inicio\/","name":"VRIP","description":"Vicerrector\u00eda de Investigaci\u00f3n y Postgrado","publisher":{"@id":"https:\/\/vrip.ubiobio.cl\/inicio\/#organization"},"potentialAction":[{"@type":"SearchAction","target":{"@type":"EntryPoint","urlTemplate":"https:\/\/vrip.ubiobio.cl\/inicio\/?s={search_term_string}"},"query-input":{"@type":"PropertyValueSpecification","valueRequired":true,"valueName":"search_term_string"}}],"inLanguage":"es"},{"@type":"Organization","@id":"https:\/\/vrip.ubiobio.cl\/inicio\/#organization","name":"VRIP","url":"https:\/\/vrip.ubiobio.cl\/inicio\/","logo":{"@type":"ImageObject","inLanguage":"es","@id":"https:\/\/vrip.ubiobio.cl\/inicio\/#\/schema\/logo\/image\/","url":"https:\/\/vrip.ubiobio.cl\/wp-content\/uploads\/2022\/10\/logo-vrip_Mesa-de-trabajo-1.png","contentUrl":"https:\/\/vrip.ubiobio.cl\/wp-content\/uploads\/2022\/10\/logo-vrip_Mesa-de-trabajo-1.png","width":642,"height":178,"caption":"VRIP"},"image":{"@id":"https:\/\/vrip.ubiobio.cl\/inicio\/#\/schema\/logo\/image\/"},"sameAs":["https:\/\/x.com\/vripubb","https:\/\/www.instagram.com\/vrip_ubb\/","https:\/\/www.youtube.com\/channel\/UCf7o8yHRJ7Y_QQLxwu1KQgA","https:\/\/www.linkedin.com\/company\/96035097\/admin\/dashboard\/"]}]}},"_links":{"self":[{"href":"https:\/\/vrip.ubiobio.cl\/inicio\/wp-json\/wp\/v2\/pages\/49066","targetHints":{"allow":["GET"]}}],"collection":[{"href":"https:\/\/vrip.ubiobio.cl\/inicio\/wp-json\/wp\/v2\/pages"}],"about":[{"href":"https:\/\/vrip.ubiobio.cl\/inicio\/wp-json\/wp\/v2\/types\/page"}],"author":[{"embeddable":true,"href":"https:\/\/vrip.ubiobio.cl\/inicio\/wp-json\/wp\/v2\/users\/1"}],"replies":[{"embeddable":true,"href":"https:\/\/vrip.ubiobio.cl\/inicio\/wp-json\/wp\/v2\/comments?post=49066"}],"version-history":[{"count":10,"href":"https:\/\/vrip.ubiobio.cl\/inicio\/wp-json\/wp\/v2\/pages\/49066\/revisions"}],"predecessor-version":[{"id":50507,"href":"https:\/\/vrip.ubiobio.cl\/inicio\/wp-json\/wp\/v2\/pages\/49066\/revisions\/50507"}],"up":[{"embeddable":true,"href":"https:\/\/vrip.ubiobio.cl\/inicio\/wp-json\/wp\/v2\/pages\/41711"}],"wp:attachment":[{"href":"https:\/\/vrip.ubiobio.cl\/inicio\/wp-json\/wp\/v2\/media?parent=49066"}],"curies":[{"name":"wp","href":"https:\/\/api.w.org\/{rel}","templated":true}]}}