{"id":48814,"date":"2025-03-26T11:41:24","date_gmt":"2025-03-26T11:41:24","guid":{"rendered":"https:\/\/vrip.ubiobio.cl\/inicio\/?page_id=48814"},"modified":"2025-03-26T12:08:30","modified_gmt":"2025-03-26T12:08:30","slug":"edicion-25-marzo-2025","status":"publish","type":"page","link":"https:\/\/vrip.ubiobio.cl\/inicio\/informativos-vrip\/edicion-25-marzo-2025\/","title":{"rendered":"Informativo VRIP 25 Marzo 2025"},"content":{"rendered":"\t\t<div data-elementor-type=\"wp-page\" data-elementor-id=\"48814\" class=\"elementor elementor-48814\" data-elementor-settings=\"{&quot;ha_cmc_init_switcher&quot;:&quot;no&quot;}\">\n\t\t\t\t\t\t<section class=\"elementor-section elementor-top-section elementor-element elementor-element-619a71f elementor-section-height-min-height elementor-section-boxed elementor-section-height-default elementor-section-items-middle\" data-id=\"619a71f\" data-element_type=\"section\" data-e-type=\"section\" data-settings=\"{&quot;background_background&quot;:&quot;classic&quot;,&quot;_ha_eqh_enable&quot;:false}\">\n\t\t\t\t\t\t<div class=\"elementor-container elementor-column-gap-default\">\n\t\t\t\t\t<div class=\"elementor-column elementor-col-100 elementor-top-column elementor-element elementor-element-49770de0 elementor-invisible\" data-id=\"49770de0\" data-element_type=\"column\" data-e-type=\"column\" data-settings=\"{&quot;animation&quot;:&quot;slideInDown&quot;}\">\n\t\t\t<div class=\"elementor-widget-wrap elementor-element-populated\">\n\t\t\t\t\t\t<div class=\"elementor-element elementor-element-5c1ba5a3 elementor-widget elementor-widget-heading\" data-id=\"5c1ba5a3\" data-element_type=\"widget\" data-e-type=\"widget\" data-widget_type=\"heading.default\">\n\t\t\t\t<div class=\"elementor-widget-container\">\n\t\t\t\t\t<h3 class=\"elementor-heading-title elementor-size-xl\">Edici\u00f3n 25 Marzo 2025<\/h3>\t\t\t\t<\/div>\n\t\t\t\t<\/div>\n\t\t\t\t\t<\/div>\n\t\t<\/div>\n\t\t\t\t\t<\/div>\n\t\t<\/section>\n\t\t\t\t<section class=\"elementor-section elementor-top-section elementor-element elementor-element-193e492 elementor-section-boxed elementor-section-height-default elementor-section-height-default\" data-id=\"193e492\" data-element_type=\"section\" data-e-type=\"section\" data-settings=\"{&quot;_ha_eqh_enable&quot;:false}\">\n\t\t\t\t\t\t<div class=\"elementor-container elementor-column-gap-default\">\n\t\t\t\t\t<div class=\"elementor-column elementor-col-33 elementor-top-column elementor-element elementor-element-b461630\" data-id=\"b461630\" data-element_type=\"column\" data-e-type=\"column\">\n\t\t\t<div class=\"elementor-widget-wrap\">\n\t\t\t\t\t\t\t<\/div>\n\t\t<\/div>\n\t\t\t\t<div class=\"elementor-column elementor-col-33 elementor-top-column elementor-element elementor-element-2042191\" data-id=\"2042191\" data-element_type=\"column\" data-e-type=\"column\">\n\t\t\t<div class=\"elementor-widget-wrap elementor-element-populated\">\n\t\t\t\t\t\t<div class=\"elementor-element elementor-element-eaf4e0f elementor-widget elementor-widget-image\" data-id=\"eaf4e0f\" data-element_type=\"widget\" data-e-type=\"widget\" data-widget_type=\"image.default\">\n\t\t\t\t<div class=\"elementor-widget-container\">\n\t\t\t\t\t\t\t\t\t\t\t\t\t\t\t<img fetchpriority=\"high\" decoding=\"async\" width=\"1000\" height=\"348\" src=\"https:\/\/vrip.ubiobio.cl\/wp-content\/uploads\/2025\/03\/Boletin-VRIP-2025.jpg\" class=\"attachment-large size-large wp-image-48816\" alt=\"\" srcset=\"https:\/\/vrip.ubiobio.cl\/wp-content\/uploads\/2025\/03\/Boletin-VRIP-2025.jpg 1000w, https:\/\/vrip.ubiobio.cl\/wp-content\/uploads\/2025\/03\/Boletin-VRIP-2025-380x132.jpg 380w, https:\/\/vrip.ubiobio.cl\/wp-content\/uploads\/2025\/03\/Boletin-VRIP-2025-768x267.jpg 768w\" sizes=\"(max-width: 1000px) 100vw, 1000px\" \/>\t\t\t\t\t\t\t\t\t\t\t\t\t\t\t<\/div>\n\t\t\t\t<\/div>\n\t\t\t\t\t<\/div>\n\t\t<\/div>\n\t\t\t\t<div class=\"elementor-column elementor-col-33 elementor-top-column elementor-element elementor-element-efd9d44\" data-id=\"efd9d44\" data-element_type=\"column\" data-e-type=\"column\">\n\t\t\t<div class=\"elementor-widget-wrap\">\n\t\t\t\t\t\t\t<\/div>\n\t\t<\/div>\n\t\t\t\t\t<\/div>\n\t\t<\/section>\n\t\t\t\t<section class=\"elementor-section elementor-top-section elementor-element elementor-element-3970b6e elementor-section-boxed elementor-section-height-default elementor-section-height-default\" data-id=\"3970b6e\" data-element_type=\"section\" data-e-type=\"section\" data-settings=\"{&quot;_ha_eqh_enable&quot;:false}\">\n\t\t\t\t\t\t<div class=\"elementor-container elementor-column-gap-default\">\n\t\t\t\t\t<div class=\"elementor-column elementor-col-33 elementor-top-column elementor-element elementor-element-26c2a57\" data-id=\"26c2a57\" data-element_type=\"column\" data-e-type=\"column\">\n\t\t\t<div class=\"elementor-widget-wrap\">\n\t\t\t\t\t\t\t<\/div>\n\t\t<\/div>\n\t\t\t\t<div class=\"elementor-column elementor-col-33 elementor-top-column elementor-element elementor-element-279be1bf\" data-id=\"279be1bf\" data-element_type=\"column\" data-e-type=\"column\">\n\t\t\t<div class=\"elementor-widget-wrap elementor-element-populated\">\n\t\t\t\t\t\t<div class=\"elementor-element elementor-element-cb53f68 elementor-widget elementor-widget-text-editor\" data-id=\"cb53f68\" data-element_type=\"widget\" data-e-type=\"widget\" data-widget_type=\"text-editor.default\">\n\t\t\t\t<div class=\"elementor-widget-container\">\n\t\t\t\t\t\t\t\t\t<p><img decoding=\"async\" src=\"https:\/\/ci3.googleusercontent.com\/meips\/ADKq_NZ6HelJnowSVc_15lNTc1xhamqTIzSFmVd6pjPZODH-N-9APHO20pfu0LOeU7nkHB-ca1ObsuFlHLZRao3ysHuEPLn4-5-oxAc3HrJ2-vzqlzbW51Qvf9ED5cZLNEDOAUk=s0-d-e1-ft#https:\/\/flashissue.s3.us-east-1.amazonaws.com\/ROnzTI3yQHPNyFmz0crA_Mg==.png\" \/><\/p><h3 class=\"\"><span class=\"\" style=\"color: #073753;\"><strong class=\"\">Nuevo Laboratorio HidroInnova potencia la oferta cient\u00edfico-tecnol\u00f3gica de la UBB<\/strong><\/span><\/h3><p>La Universidad del B\u00edo-B\u00edo (UBB) ha inaugurado su nuevo Laboratorio HidroInnova, una infraestructura especializada en el estudio y an\u00e1lisis de aguas, que potenciar\u00e1 y fortalecer\u00e1 la oferta cient\u00edfico-tecnol\u00f3gica de la instituci\u00f3n. Este laboratorio es el resultado de varios proyectos adjudicados y est\u00e1 liderado por el Dr. Pedro Cisterna Osorio, acad\u00e9mico e investigador del Departamento de Ingenier\u00eda Civil y Ambiental de la Facultad de Ingenier\u00eda.<\/p><p><em>Ver m\u00e1s<\/em>:\u00a0<a href=\"https:\/\/vrip.ubiobio.cl\/inicio\/noticias\/nuevo-laboratorio-hidroinnova-potencia-la-oferta-cientifico-tecnologica-de-la-ubb\/\" target=\"_blank\" rel=\"noopener\" data-saferedirecturl=\"https:\/\/www.google.com\/url?q=https:\/\/vrip.ubiobio.cl\/inicio\/noticias\/nuevo-laboratorio-hidroinnova-potencia-la-oferta-cientifico-tecnologica-de-la-ubb\/&amp;source=gmail&amp;ust=1743075534614000&amp;usg=AOvVaw35sseBtr4uur1TaKLi5VKW\">https:\/\/vrip.ubiobio.cl\/<wbr \/>inicio\/noticias\/nuevo-<wbr \/>laboratorio-hidroinnova-<wbr \/>potencia-la-oferta-cientifico-<wbr \/>tecnologica-de-la-ubb\/<\/a><\/p><hr \/><p><img decoding=\"async\" src=\"https:\/\/ci3.googleusercontent.com\/meips\/ADKq_Nb1pjrLylBLxc2moGFO3pWay_wFzJuuhDUnoQEtx8iOkMG-KfrzWjXqLJOqy75WUUFn6YpVE3cQiP2qO_gbF0X9ymClS2iJp38T0gYtJqwoJhOUwDFst4of58nwhr7m4zM=s0-d-e1-ft#https:\/\/flashissue.s3.us-east-1.amazonaws.com\/6UhXLVYOS1mGrZ0s5oZj_NA==.png\" \/><\/p><h3><span style=\"color: #073753;\"><strong>Ceremonia de Postgrado UBB reconoci\u00f3 a 57 nuevos graduados, Campus Concepci\u00f3n<\/strong><\/span><\/h3><p>Con la presencia del rector Benito Uma\u00f1a, acompa\u00f1ado de vicerrectores, decanos, directores y directoras de programas de Postgrados de la Universidad del B\u00edo-B\u00edo, junto a los graduados, familiares y amigos, se celebr\u00f3 el viernes 21 de marzo de 2025, en el Aula Magna de Concepci\u00f3n, la graduaci\u00f3n de 57 nuevos Doctores y Mag\u00edster.<\/p><p><em>Ver m\u00e1s<\/em>:\u00a0<a href=\"https:\/\/vrip.ubiobio.cl\/inicio\/noticias\/ceremonia-de-postgrado-ubb-reconocio-a-57-nuevos-graduados-campus-concepcion\/\" target=\"_blank\" rel=\"noopener\" data-saferedirecturl=\"https:\/\/www.google.com\/url?q=https:\/\/vrip.ubiobio.cl\/inicio\/noticias\/ceremonia-de-postgrado-ubb-reconocio-a-57-nuevos-graduados-campus-concepcion\/&amp;source=gmail&amp;ust=1743075534614000&amp;usg=AOvVaw1F2Udcyq7bfsuP1ub_n3Eh\">https:\/\/vrip.ubiobio.cl\/<wbr \/>inicio\/noticias\/ceremonia-de-<wbr \/>postgrado-ubb-reconocio-a-57-<wbr \/>nuevos-graduados-campus-<wbr \/>concepcion\/<\/a><\/p><hr \/><p><img decoding=\"async\" src=\"https:\/\/ci3.googleusercontent.com\/meips\/ADKq_Nbm3dZpKFRYEPeNBrbsUbmAOOmleD1C82JZ4SlUCEfdjZkUQn7vq5kWyvjHXOX0x6cUN49RC-0yVLfezFdacm4e55vh4MnWHVD_nmr6aKK0YyfI5ZVo8ZY55mGz7djkSLk=s0-d-e1-ft#https:\/\/flashissue.s3.us-east-1.amazonaws.com\/9nnGwYDT8KPVwbSFBAR5_OA==.png\" \/><\/p><h3><span style=\"color: #073753;\"><strong>Postgrado UBB da la bienvenida a los nuevos directores de programas de Doctorado y Mag\u00edster<\/strong><\/span><\/h3><p>La Direcci\u00f3n de Postgrado de la Universidad del B\u00edo-B\u00edo (UBB), liderada por la Dra. Carolina Luengo, directora de la unidad, y el Dr. Guillermo Latorre, subdirector, ofreci\u00f3 una cordial bienvenida a los nuevos acad\u00e9micos que asumen la direcci\u00f3n de los programas de postgrado. La reuni\u00f3n, realizada de manera online, reuni\u00f3 a los nuevos directivos que estar\u00e1n al frente de los programas, los cuales incluyen 10 programas de doctorado y 21 de mag\u00edster.<\/p><p><em>Ver m\u00e1s<\/em>:\u00a0<a href=\"https:\/\/vrip.ubiobio.cl\/inicio\/noticias\/postgrado-ubb-da-la-bienvenida-a-los-nuevos-directores-de-programas-de-doctorado-y-magister\/\" target=\"_blank\" rel=\"noopener\" data-saferedirecturl=\"https:\/\/www.google.com\/url?q=https:\/\/vrip.ubiobio.cl\/inicio\/noticias\/postgrado-ubb-da-la-bienvenida-a-los-nuevos-directores-de-programas-de-doctorado-y-magister\/&amp;source=gmail&amp;ust=1743075534614000&amp;usg=AOvVaw3sLUpbxsiJVwC7kgFu5304\">https:\/\/vrip.ubiobio.cl\/<wbr \/>inicio\/noticias\/postgrado-ubb-<wbr \/>da-la-bienvenida-a-los-nuevos-<wbr \/>directores-de-programas-de-<wbr \/>doctorado-y-magister\/<\/a><\/p><hr \/><p><img decoding=\"async\" src=\"https:\/\/ci3.googleusercontent.com\/meips\/ADKq_NYIl7Dp2Udu_4mtbzK-9XSVJjel_v9U9RDHjJNppKDeG5nOx0I2-i8H2--qYgn-5GDLf71huX9R_R5hrVV3YhewY8N5_LhsofEuEj1Tb467ebX1skFT1eIXi0on3JaXKV4=s0-d-e1-ft#https:\/\/flashissue.s3.us-east-1.amazonaws.com\/T1qPGukcSam58IFMkLFb_Mg==.png\" \/><\/p><h3><span style=\"color: #073753;\"><strong>FACE UBB opera un Centro de Desarrollo de Negocios Sercotec en la Comuna de San Carlos beneficiando el emprendimiento a siete comunas de \u00d1uble<\/strong><\/span><\/h3><p>Los Centro de Desarrollo de Negocios, CDN, son una iniciativa del Servicio de Cooperaci\u00f3n T\u00e9cnica, SERCOTEC, adjudicada, por cinco a\u00f1os, por la Facultad de Ciencias Empresariales de la Universidad del B\u00edo-B\u00edo, FACE UBB, con el prop\u00f3sito de contribuir al aumento de la productividad y sostenibilidad de las empresas y emprendimientos con el desaf\u00edo de asegurar impacto econ\u00f3mico en los territorios.<\/p><p><em>Ver m\u00e1s<\/em>:\u00a0<a href=\"https:\/\/noticias.ubiobio.cl\/2025\/03\/19\/face-ubb-opera-un-centro-de-desarrollo-de-negocios-sercotec-en-la-comuna-de-san-carlos\/\" target=\"_blank\" rel=\"noopener\" data-saferedirecturl=\"https:\/\/www.google.com\/url?q=https:\/\/noticias.ubiobio.cl\/2025\/03\/19\/face-ubb-opera-un-centro-de-desarrollo-de-negocios-sercotec-en-la-comuna-de-san-carlos\/&amp;source=gmail&amp;ust=1743075534614000&amp;usg=AOvVaw2re05C9GYx9n4wRlkzYid4\">https:\/\/noticias.ubiobio.<wbr \/>cl\/2025\/03\/19\/face-ubb-opera-<wbr \/>un-centro-de-desarrollo-de-<wbr \/>negocios-sercotec-en-la-<wbr \/>comuna-de-san-carlos\/<\/a><\/p><hr \/><p><img decoding=\"async\" src=\"https:\/\/ci3.googleusercontent.com\/meips\/ADKq_NbZM9SQL8WTecECY-Ii5oZhjpMpcr7LeIDilbh1IKtBbWzSDc1adSxi6Moog4tUyuSzFGFItLCD7qGi2_qOr-Sn3JiVEp9Cw53QQH1wRmjAU5zVO79mct4d7fpAj6HeP5I=s0-d-e1-ft#https:\/\/flashissue.s3.us-east-1.amazonaws.com\/nYYylXe0RXy1bbH4QTXJ_NQ==.png\" \/><\/p><h3><span style=\"color: #073753;\"><strong>Estudiantes de postgrado UBB cuentan con nuevo espacio para el desarrollo de sus actividades acad\u00e9micas en la biblioteca Campus La Castilla<\/strong><\/span><\/h3><p>Una Sala de Estudios se habilit\u00f3 recientemente en la biblioteca del Campus La Castilla con la finalidad que estudiantes de postgrado de la Universidad del B\u00edo-B\u00edo, puedan desarrollar c\u00f3modamente sus actividades.<\/p><p><em>Ver m\u00e1s<\/em>:\u00a0<a href=\"https:\/\/vrip.ubiobio.cl\/inicio\/noticias\/estudiantes-de-postgrado-ubb-cuentan-con-nuevo-espacio-para-el-desarrollo-de-sus-actividades-academicas-en-la-biblioteca-campus-la-castilla\/\" target=\"_blank\" rel=\"noopener\" data-saferedirecturl=\"https:\/\/www.google.com\/url?q=https:\/\/vrip.ubiobio.cl\/inicio\/noticias\/estudiantes-de-postgrado-ubb-cuentan-con-nuevo-espacio-para-el-desarrollo-de-sus-actividades-academicas-en-la-biblioteca-campus-la-castilla\/&amp;source=gmail&amp;ust=1743075534614000&amp;usg=AOvVaw18mUnZKROX1ZL-CVLc9GaP\">https:\/\/vrip.ubiobio.cl\/<wbr \/>inicio\/noticias\/estudiantes-<wbr \/>de-postgrado-ubb-cuentan-con-<wbr \/>nuevo-espacio-para-el-<wbr \/>desarrollo-de-sus-actividades-<wbr \/>academicas-en-la-biblioteca-<wbr \/>campus-la-castilla\/<\/a><\/p><hr \/><p><img decoding=\"async\" src=\"https:\/\/ci3.googleusercontent.com\/meips\/ADKq_NZtZ5GP7ECslkG_CnwfRBlGgfpXvepwhQ3qr7AWwywL0ylju7BGl6BA13-3buV6CDipti3r_qJpm1jwLWhFJ8gqpaYSEqDqEzunPzR3rmW-I9xd63lbfBe9lnTf6SoZMEE=s0-d-e1-ft#https:\/\/flashissue.s3.us-east-1.amazonaws.com\/1Gj7mX47QIZxZTMEOpIw_Mw==.png\" \/><\/p><h3><span style=\"color: #073753;\"><strong>Fondecyt UBB analizar\u00e1 representaciones de delincuentes y criminales construidos por la prensa entre 1973 y 1990<\/strong><\/span><\/h3><p>El Dr. Marco Le\u00f3n Le\u00f3n lidera el proyecto Fondecyt Regular titulado \u201cCuesti\u00f3n criminal, medios impresos y dictadura: Representaciones de sujetos y grupos delincuentes\/criminales a trav\u00e9s de la prensa. Chile 1973-1990\u201d, que tiene como objetivo analizar las representaciones sociales construidas respecto de sujetos y grupos catalogados como delincuentes y criminales, mediante la revisi\u00f3n de la prensa diaria de circulaci\u00f3n nacional, contemplando tanto a diarios considerados oficialistas (El Mercurio, Las \u00daltimas Noticias, La Segunda, La Tercera y La Cuarta) como a diarios de oposici\u00f3n (Fort\u00edn Mapocho y La \u00c9poca), entre 1973 y 1990.<\/p><p><em>Ver m\u00e1s<\/em>:\u00a0<a href=\"https:\/\/noticias.ubiobio.cl\/2025\/03\/17\/fondecyt-ubb-analizara-representaciones-de-delincuentes-y-criminales-construidos-por-la-prensa-entre-1973-y-1990\/\" target=\"_blank\" rel=\"noopener\" data-saferedirecturl=\"https:\/\/www.google.com\/url?q=https:\/\/noticias.ubiobio.cl\/2025\/03\/17\/fondecyt-ubb-analizara-representaciones-de-delincuentes-y-criminales-construidos-por-la-prensa-entre-1973-y-1990\/&amp;source=gmail&amp;ust=1743075534614000&amp;usg=AOvVaw0z18KJSSJtlI2T0rfzQA2O\">https:\/\/noticias.ubiobio.<wbr \/>cl\/2025\/03\/17\/fondecyt-ubb-<wbr \/>analizara-representaciones-de-<wbr \/>delincuentes-y-criminales-<wbr \/>construidos-por-la-prensa-<wbr \/>entre-1973-y-1990\/<\/a><\/p><hr \/><p><img decoding=\"async\" src=\"https:\/\/ci3.googleusercontent.com\/meips\/ADKq_NbyQISlgR0irLu30TBlfqUoAOXQuwd7X3TfaHwiltx0eoHiIao2DE0BPuN9bXr99qiMaLW8VxDgYV6vrOhXqbUjv3Zv8qEKmuZ-hed0dDgVE6cPjKa4Nc2GPAwbhQPGk44=s0-d-e1-ft#https:\/\/flashissue.s3.us-east-1.amazonaws.com\/NLg7RrJSRiqeMrIKsoUx_NA==.png\" \/><\/p><h3><span style=\"color: #073753;\"><strong>Nueva directiva del CETI UBB y sus lineamientos para el a\u00f1o 2025<\/strong><\/span><\/h3><p>Con un renovado equipo directivo, el CETI UBB da inicio a su agenda para el a\u00f1o 2025 con importantes compromisos institucionales y de investigaci\u00f3n.<\/p><p><em>Ver m\u00e1s<\/em>:\u00a0<a href=\"https:\/\/noticias.ubiobio.cl\/2025\/03\/17\/nueva-directiva-del-ceti-ubb-y-sus-lineamientos-para-el-ano-2025\/\" target=\"_blank\" rel=\"noopener\" data-saferedirecturl=\"https:\/\/www.google.com\/url?q=https:\/\/noticias.ubiobio.cl\/2025\/03\/17\/nueva-directiva-del-ceti-ubb-y-sus-lineamientos-para-el-ano-2025\/&amp;source=gmail&amp;ust=1743075534614000&amp;usg=AOvVaw3PTywFBJIXeDckn7JremCc\">https:\/\/noticias.ubiobio.<wbr \/>cl\/2025\/03\/17\/nueva-directiva-<wbr \/>del-ceti-ubb-y-sus-<wbr \/>lineamientos-para-el-ano-2025\/<\/a><\/p><hr \/><p><img decoding=\"async\" src=\"https:\/\/ci3.googleusercontent.com\/meips\/ADKq_NaKQf0S8wPUThjHQzXcTtuQ6o9u6GV6bIvhOxPtgMhbmQ9mrvz1_8XHRbN62xgXCuazyNFu4Feg6H_atS4w7yavHXtioW4JHdt7c09cn4GUeSzwL1rYDtHGcpkcIpgFc3f0XCvh8J_PxlNhzNYSnc8aGPFqB4QVq2w=s0-d-e1-ft#https:\/\/flashissue.s3.us-east-1.amazonaws.com\/b7pXUA3qQJSixW3uer47_VlJJUF9Cb2xldGluX2ZvbmRlY3l0.jpg\" \/><\/p><h3><span style=\"color: #073753;\"><strong>Ganadores UBB del concurso Fondecyt Regular 2025 de ANID promueven nuevos conocimientos<\/strong><\/span><\/h3><p>La Universidad del B\u00edo-B\u00edo (UBB) ha logrado una destacada participaci\u00f3n en el Concurso Fondecyt Regular 2025, organizado por la Agencia Nacional de Investigaci\u00f3n y Desarrollo (ANID), adjudic\u00e1ndose 12 proyectos distribuidos entre las Facultades de Ciencias, Ingenier\u00eda y Educaci\u00f3n y Humanidades. Estos proyectos de investigaci\u00f3n buscan promover el desarrollo de nuevos conocimientos, contribuyendo al avance cient\u00edfico y tecnol\u00f3gico.<strong><em>\u00a0<\/em><\/strong><\/p><p><em>Ver m\u00e1s<\/em>:\u00a0<a href=\"https:\/\/noticias.ubiobio.cl\/2025\/03\/13\/ganadores-ubb-del-concurso-fondecyt-regular-2025-de-anid-promueven-nuevos-conocimientos\/\" target=\"_blank\" rel=\"noopener\" data-saferedirecturl=\"https:\/\/www.google.com\/url?q=https:\/\/noticias.ubiobio.cl\/2025\/03\/13\/ganadores-ubb-del-concurso-fondecyt-regular-2025-de-anid-promueven-nuevos-conocimientos\/&amp;source=gmail&amp;ust=1743075534614000&amp;usg=AOvVaw3mbGsJpGT9k1zq6kKHAxN4\">https:\/\/noticias.ubiobio.<wbr \/>cl\/2025\/03\/13\/ganadores-ubb-<wbr \/>del-concurso-fondecyt-regular-<wbr \/>2025-de-anid-promueven-nuevos-<wbr \/>conocimientos\/<\/a><\/p><hr \/><p><img decoding=\"async\" src=\"https:\/\/ci3.googleusercontent.com\/meips\/ADKq_NYYw3rB36ZUBdVTLJf8YHMASVPuUSS_uqfLavNqdK5jgGQ0O5ZsK4NVw0KvlEOTxnqvreuHvn9sn34Gs2ZJ2gJpoTnxrCxNqDlJ7iTdN_dt8zDRhgLX4MfaK1f4dZlckNM=s0-d-e1-ft#https:\/\/flashissue.s3.us-east-1.amazonaws.com\/qVdYXFQWQO21OUPcgp9p_Nw==.png\" \/><\/p><h3><span style=\"color: #073753;\"><strong>Acad\u00e9mico UBB logra el tercer lugar en concurso internacional de la Fundaci\u00f3n Magee de Pittsburgh<\/strong><\/span><\/h3><p>El acad\u00e9mico del Laboratorio de Fisiolog\u00eda Vascular UBB Dr. Carlos Escudero Orozco, present\u00f3 la investigaci\u00f3n denominada \u201cRole of placental small extracelular vesicles in disrupting the blood-brain -barrier and impairing cognition in women with preeclampsia\u201d, referida al papel de las peque\u00f1as ves\u00edculas extracelulares placentarias en la alteraci\u00f3n de la barrera hematoencef\u00e1lica y el deterioro cognitivo en mujeres con preeclampsia.<\/p><p><em>Ver m\u00e1s<\/em>:\u00a0<a href=\"https:\/\/noticias.ubiobio.cl\/2025\/03\/19\/academico-ubb-logra-el-tercer-lugar-en-concurso-internacional-de-la-fundacion-magee-de-pittsburgh\/\" target=\"_blank\" rel=\"noopener\" data-saferedirecturl=\"https:\/\/www.google.com\/url?q=https:\/\/noticias.ubiobio.cl\/2025\/03\/19\/academico-ubb-logra-el-tercer-lugar-en-concurso-internacional-de-la-fundacion-magee-de-pittsburgh\/&amp;source=gmail&amp;ust=1743075534614000&amp;usg=AOvVaw2ILOxZwRaZLFjSqIlwMi1j\">https:\/\/noticias.ubiobio.<wbr \/>cl\/2025\/03\/19\/academico-ubb-<wbr \/>logra-el-tercer-lugar-en-<wbr \/>concurso-internacional-de-la-<wbr \/>fundacion-magee-de-pittsburgh\/<\/a><\/p><hr \/><p><img decoding=\"async\" src=\"https:\/\/ci3.googleusercontent.com\/meips\/ADKq_Nbc1Umg1f0oOQwQkGmLjfaUAw4WwV1HVm5imVx3epVq_sG3FDRHwXb62j8Mpzga3Pr9Zj_tnuQpOPtYstCTRf3U-hbdi7jUm8_onPZ8fCFwx-9ar-ldL4sPfMQSm0aYke4=s0-d-e1-ft#https:\/\/flashissue.s3.us-east-1.amazonaws.com\/WaAfJtl4TjO9RfIi96VM_Mw==.png\" \/><\/p><h3><span style=\"color: #073753;\"><strong>Dra. Figueroa fortalece la IA chilena con colaboraci\u00f3n internacional<\/strong><\/span><\/h3><p>Recientemente, Figueroa realiz\u00f3 una pasant\u00eda en Barcelona gracias al apoyo del Doctorado en Inteligencia Artificial (DIA), a trav\u00e9s del proyecto FIC de la Regi\u00f3n del Biob\u00edo, y de la Universidad del B\u00edo-B\u00edo. Durante su estad\u00eda, trabaj\u00f3 en el Instituto de Investigaci\u00f3n en IA \u2013 CSIC, el Centro de Visi\u00f3n por Computador (CVC-UAB), el Instituto de Ciencias de la Vid y el Vino (ICVV) de la Universidad de La Rioja y la Facultad de Matem\u00e1ticas e Inform\u00e1tica de la Universidad de Barcelona. \u00abFue una experiencia intensa y enriquecedora, donde tuve la oportunidad de colaborar con investigadores de distintos pa\u00edses y compartir visiones sobre el futuro de la IA\u00bb, relata.<\/p><p><em>Ver m\u00e1s<\/em>:\u00a0<a href=\"https:\/\/face.ubiobio.cl\/dra-figueroa-fortalece-la-ia-chilena-con-colaboracion-internacional\/\" target=\"_blank\" rel=\"noopener\" data-saferedirecturl=\"https:\/\/www.google.com\/url?q=https:\/\/face.ubiobio.cl\/dra-figueroa-fortalece-la-ia-chilena-con-colaboracion-internacional\/&amp;source=gmail&amp;ust=1743075534614000&amp;usg=AOvVaw32hjY69qOzPnvwonFopwGe\">https:\/\/face.ubiobio.cl\/<wbr \/>dra-figueroa-fortalece-la-ia-<wbr \/>chilena-con-colaboracion-<wbr \/>internacional\/<\/a><\/p><hr \/>\t\t\t\t\t\t\t\t<\/div>\n\t\t\t\t<\/div>\n\t\t\t\t<div class=\"elementor-element elementor-element-e1544df elementor-widget elementor-widget-image\" data-id=\"e1544df\" data-element_type=\"widget\" data-e-type=\"widget\" data-widget_type=\"image.default\">\n\t\t\t\t<div class=\"elementor-widget-container\">\n\t\t\t\t\t\t\t\t\t\t\t\t\t\t\t<img decoding=\"async\" width=\"1000\" height=\"102\" src=\"https:\/\/vrip.ubiobio.cl\/wp-content\/uploads\/2025\/03\/informacion-vrip.jpg\" class=\"attachment-large size-large wp-image-48818\" alt=\"\" srcset=\"https:\/\/vrip.ubiobio.cl\/wp-content\/uploads\/2025\/03\/informacion-vrip.jpg 1000w, https:\/\/vrip.ubiobio.cl\/wp-content\/uploads\/2025\/03\/informacion-vrip-380x39.jpg 380w, https:\/\/vrip.ubiobio.cl\/wp-content\/uploads\/2025\/03\/informacion-vrip-768x78.jpg 768w\" sizes=\"(max-width: 1000px) 100vw, 1000px\" \/>\t\t\t\t\t\t\t\t\t\t\t\t\t\t\t<\/div>\n\t\t\t\t<\/div>\n\t\t\t\t\t<\/div>\n\t\t<\/div>\n\t\t\t\t<div class=\"elementor-column elementor-col-33 elementor-top-column elementor-element elementor-element-4029fc3\" data-id=\"4029fc3\" data-element_type=\"column\" data-e-type=\"column\">\n\t\t\t<div class=\"elementor-widget-wrap\">\n\t\t\t\t\t\t\t<\/div>\n\t\t<\/div>\n\t\t\t\t\t<\/div>\n\t\t<\/section>\n\t\t\t\t<section class=\"elementor-section elementor-top-section elementor-element elementor-element-1e7212e elementor-section-boxed elementor-section-height-default elementor-section-height-default\" data-id=\"1e7212e\" data-element_type=\"section\" data-e-type=\"section\" data-settings=\"{&quot;_ha_eqh_enable&quot;:false}\">\n\t\t\t\t\t\t<div class=\"elementor-container elementor-column-gap-default\">\n\t\t\t\t\t<div class=\"elementor-column elementor-col-33 elementor-top-column elementor-element elementor-element-229f337\" data-id=\"229f337\" data-element_type=\"column\" data-e-type=\"column\">\n\t\t\t<div class=\"elementor-widget-wrap\">\n\t\t\t\t\t\t\t<\/div>\n\t\t<\/div>\n\t\t\t\t<div class=\"elementor-column elementor-col-33 elementor-top-column elementor-element elementor-element-43ea34f\" data-id=\"43ea34f\" data-element_type=\"column\" data-e-type=\"column\">\n\t\t\t<div class=\"elementor-widget-wrap elementor-element-populated\">\n\t\t\t\t\t\t<div class=\"elementor-element elementor-element-aa044e2 elementor-widget elementor-widget-text-editor\" data-id=\"aa044e2\" data-element_type=\"widget\" data-e-type=\"widget\" data-widget_type=\"text-editor.default\">\n\t\t\t\t<div class=\"elementor-widget-container\">\n\t\t\t\t\t\t\t\t\t<p><img decoding=\"async\" src=\"https:\/\/ci3.googleusercontent.com\/meips\/ADKq_NbcEIZLFsuec8mkPAh1gdLc-ZOJCDy9osyECNt-_5Dl758VK8bU8nl8VkSoHJZS7Pl7TC4txhjW0CeNjCSf3xHnyQQmtQ-HzVPYMf92KihVDmelS-q5PLnCXA1q8uoTvhSy0Escrsl7uEKgTLNVSt7jFgZLNGNAHjkMPbnt21nX1b39Rpk=s0-d-e1-ft#https:\/\/flashissue.s3.us-east-1.amazonaws.com\/E1VV4G8cS0u3RQ08Rvdn_QmFubmVyIFRhbGxlciBDaWVuY2lhIEFiaWVydGE=.png\" \/><\/p><h3><span style=\"color: #073753;\"><strong>TALLER PRESENCIAL DE CIENCIA ABIERTA &#8211; Concepci\u00f3n y Chill\u00e1n<\/strong><\/span><\/h3><p>La Directora de Investigaci\u00f3n y Creaci\u00f3n Art\u00edstica, Dra. Claudia Mu\u00f1oz Sanguinetti, invitamos a la comunidad universitaria a participar del Taller presencial: \u00bfC\u00f3mo completar un plan de gesti\u00f3n de datos y depositar datos de investigaci\u00f3n?, organizado por el proyecto InES Ciencia Abierta UBB INCA220003 y financiado por la Agencia Nacional de Investigaci\u00f3n y Desarrollo (ANID). Para confirmar su participaci\u00f3n, favor completar el siguiente formulario.\u00a0<a href=\"https:\/\/forms.gle\/oVgB5T9LiaBPWt2F6\" target=\"_blank\" rel=\"noopener\" data-saferedirecturl=\"https:\/\/www.google.com\/url?q=https:\/\/forms.gle\/oVgB5T9LiaBPWt2F6&amp;source=gmail&amp;ust=1743075534615000&amp;usg=AOvVaw0TcA-izEOOSB01PZd5Bvpi\">https:\/\/forms.gle\/<wbr \/>oVgB5T9LiaBPWt2F6<\/a><\/p><hr \/><p><img decoding=\"async\" src=\"https:\/\/ci3.googleusercontent.com\/meips\/ADKq_NY5y9ZD_L9dErSmDg-YpjiW6LioivZ7EIpZtaQCcZUDbajrHVcNszYUgb4GspYbqKU-9Rg6YW2H4ChN_-Ml77eSThF3XO2ELuXL7-Ar95aNzdQsIQjoq6x1GM2K-Kv_Y4Qg7QZQi-DLcusppWZPTjpRUmWTTBgeZNs8qPTJ7sJgnqc2alta_fFVINq1MzGuhs4=s0-d-e1-ft#https:\/\/flashissue.s3.us-east-1.amazonaws.com\/T2HGWTLRFaXksuX6kMPA_QmFubmVyIGJvbGV0aW5fYmFubmVyX2NyZWEgdHUgc3RhcnR1cA==.jpg\" \/><\/p><h3><span style=\"color: #073753;\"><strong>Crea tu StartUp \u00a1Postula hasta el 31 de marzo!<\/strong><\/span><\/h3><p>Si eres estudiante de pregrado o postgrado en la UBB y tienes una idea innovadora, esta es tu oportunidad de hacerla realidad. Este programa de 3 meses te brindar\u00e1 capacitaciones, mentor\u00edas y apoyo para formalizar o potenciar tu emprendimiento. \u00a1Postula y lleva tu startup al siguiente nivel!<\/p><p><em>Ver m\u00e1s<\/em>:\u00a0<a href=\"https:\/\/vrip.ubiobio.cl\/inicio\/concursos-internos-di2025\/\" target=\"_blank\" rel=\"noopener\" data-saferedirecturl=\"https:\/\/www.google.com\/url?q=https:\/\/vrip.ubiobio.cl\/inicio\/concursos-internos-di2025\/&amp;source=gmail&amp;ust=1743075534615000&amp;usg=AOvVaw1TdNvbrq2UnnlBrc9q8I5x\">https:\/\/vrip.ubiobio.cl\/<wbr \/>inicio\/concursos-internos-<wbr \/>di2025\/<\/a><\/p><hr \/><p><img decoding=\"async\" src=\"https:\/\/ci3.googleusercontent.com\/meips\/ADKq_NZOvDQ3k4TSAFsNLEEXjb9h8X8N3ysLZ-BjG4VEHy-8EV-SmYTIPoFxxIqL0JG82hHa-DWctlKuzhAV3BYX0-Ln2N72iVco9DVQO7PQ7qJav_ixfVZ98CE2cQWtCvfSbm4ORj3H3J7sY_OJCH_4l8zBZ19LMg=s0-d-e1-ft#https:\/\/flashissue.s3.us-east-1.amazonaws.com\/z1WEefyKRQa8qqZwIFzA_YmFubmVyIFBvbGnMgXRpY2Fz.png\" \/><\/p><h3><span style=\"color: #073753;\"><strong>\u00a1Descubre la Pol\u00edtica de Investigaci\u00f3n, Desarrollo e Innovaci\u00f3n de la UBB!<\/strong><\/span><\/h3><p>En la Universidad del B\u00edo-B\u00edo, como instituci\u00f3n p\u00fablica, nuestra misi\u00f3n es generar conocimiento con impacto real en la sociedad. Por eso, nuestra Pol\u00edtica de Investigaci\u00f3n, Desarrollo e Innovaci\u00f3n es fundamental: gu\u00eda nuestras acciones para fortalecer la ciencia abierta, la equidad y el desarrollo sostenible en las regiones del Biob\u00edo y \u00d1uble.<\/p><p><em>Ver video<\/em>:\u00a0<strong>\u00a0<\/strong><a href=\"https:\/\/youtu.be\/7pTyZF5KW2g\" target=\"_blank\" rel=\"noopener\" data-saferedirecturl=\"https:\/\/www.google.com\/url?q=https:\/\/youtu.be\/7pTyZF5KW2g&amp;source=gmail&amp;ust=1743075534615000&amp;usg=AOvVaw0eUntua8NMPgjgtgSEZidR\">https:\/\/youtu.be\/<wbr \/>7pTyZF5KW2g<\/a><\/p><hr \/><p><img decoding=\"async\" src=\"https:\/\/ci3.googleusercontent.com\/meips\/ADKq_NbbDOAv_eP6dFoUn83HSc0rhKjW7ZnOek9zDxjNfyQ18ifHMTv6p8vfYGlE4I1yd8wLFHaxl11HevlFC2vOF-JHNIc3L1ITMxqixkm2AGMDP7BNTR9iGuMaqOB0YMsbyChxwNb26YIFh2iIEehcIoih87ef3v8MpBjksdDoUhi6gxoRD6k=s0-d-e1-ft#https:\/\/flashissue.s3.us-east-1.amazonaws.com\/km3hAI8UTXeYmiKIgUmN_QmFubmVyIGJvbGV0aW5fYmFubmVyX1NFTUlMTEE=.jpg\" \/><\/p><h3><span style=\"color: #073753;\"><strong>Convocatorias CORFO Semilla: Impulsa tu Emprendimiento<\/strong><\/span><\/h3><p>Si eres mujer y lideras un emprendimiento innovador, esta es tu oportunidad para hacerlo crecer. Corfo tiene dos convocatorias abiertas para apoyar tu negocio con financiamiento y acompa\u00f1amiento estrat\u00e9gico.<\/p><p><em>Ver m\u00e1s<\/em>:\u00a0<a href=\"https:\/\/www.corfo.cl\/sites\/cpp\/inf\/semilla-inicia\" target=\"_blank\" rel=\"noopener\" data-saferedirecturl=\"https:\/\/www.google.com\/url?q=https:\/\/www.corfo.cl\/sites\/cpp\/inf\/semilla-inicia&amp;source=gmail&amp;ust=1743075534615000&amp;usg=AOvVaw3EcYQDqBpA8aNywOnCeAEr\">https:\/\/www.corfo.cl\/<wbr \/>sites\/cpp\/inf\/semilla-inicia\u00a0<\/a>\u00a0<wbr \/>\/\u00a0<a href=\"https:\/\/www.corfo.cl\/sites\/cpp\/inf\/semilla-expande\" target=\"_blank\" rel=\"noopener\" data-saferedirecturl=\"https:\/\/www.google.com\/url?q=https:\/\/www.corfo.cl\/sites\/cpp\/inf\/semilla-expande&amp;source=gmail&amp;ust=1743075534615000&amp;usg=AOvVaw0pX29iYDlezXJtNuBv1xwh\">https:\/\/www.corfo.cl\/sites\/<wbr \/>cpp\/inf\/semilla-expande<\/a><\/p><hr \/><p><img decoding=\"async\" src=\"https:\/\/ci3.googleusercontent.com\/meips\/ADKq_NbfM5wB0tIf73FJYCno8WQ2EUSu-GScgEvr3tQHBXb1YcUUh3yg9tFnnhyWUj_dvVG1dm70vP5MQKSJjrCxSUIMvfCXuMFa5x2zrESrTrWaMhnulmGsr9N3I_f5Q1sUdAUvdq-wcPCq9scipEDEJuI8Q-zmLTe2DxmpC17cpf8oob9epS8=s0-d-e1-ft#https:\/\/flashissue.s3.us-east-1.amazonaws.com\/cdN5M9k8SWiEjf91xNuQ_QmFubmVyIGJvbGV0aW5fYmFubmVyX1ZJUkFMSVpB.jpg\" \/><\/p><h3><span style=\"color: #073753;\"><strong>\u00a1Atenci\u00f3n a quienes impulsan el emprendimiento!\u00a0 Convocatorias Corfo Viraliza<\/strong><\/span><\/h3><p>Si formas parte de una instituci\u00f3n, organizaci\u00f3n o empresa que apoya a emprendedores,\u00a0<strong>CORFO<\/strong>\u00a0tiene\u00a0<strong>4 convocatorias abiertas<\/strong>\u00a0para fortalecer la formaci\u00f3n en \u00e1reas clave de\u00a0<strong>innovaci\u00f3n y sostenibilidad<\/strong>, con financiamiento de hasta\u00a0<strong>$30.000.000<\/strong>. Postula hasta el\u00a0<strong>31 de marzo de 2025<\/strong>\u00a0enviando tu idea de proyecto a\u00a0<strong><a rel=\"noopener\">emprendimiento@ubiobio.cl<\/a><\/strong>.<\/p><p><em>Ver m\u00e1s<\/em>:\u00a0<a href=\"https:\/\/www.corfo.cl\/\" target=\"_blank\" rel=\"noopener\" data-saferedirecturl=\"https:\/\/www.google.com\/url?q=https:\/\/www.corfo.cl\/&amp;source=gmail&amp;ust=1743075534615000&amp;usg=AOvVaw3vXycu_KjVmr85gLEyHZyk\">https:\/\/www.corfo.cl\/<\/a><\/p><hr \/><p><img decoding=\"async\" src=\"https:\/\/ci3.googleusercontent.com\/meips\/ADKq_NbRRtpwnrTItHAFKmVTF7dzzTMOKFh8grUI9Rd1KSIKf_5CJcq5hPbVEoLth4RTO6240j9lqGoc4AipWbU4x8ilq85FW3NiPwlPtmYOVj5mAGw9rx0VdC_UAwCaUdSJb4UFkadBGToolsB9htZk0uyu15Eofb4qjC5evhwMK9jtMxSRoLouZL88=s0-d-e1-ft#https:\/\/flashissue.s3.us-east-1.amazonaws.com\/8oQjs5dhQBDnO4JrXuUv_UG9zdGdyYWRvX1Byb2dyYW1hc19pbmZvcm1hdGl2bw==.jpg\" \/><\/p><h3><span style=\"color: #073753;\"><strong>Programas de Postgrados UBB disponibles<\/strong><\/span><\/h3><p><a href=\"http:\/\/postgrados.ubiobio.cl\/\" target=\"_blank\" rel=\"noopener\" data-saferedirecturl=\"https:\/\/www.google.com\/url?q=http:\/\/postgrados.ubiobio.cl\/&amp;source=gmail&amp;ust=1743075534615000&amp;usg=AOvVaw2Twc6f7L0_KA1mSt3YZ87f\">http:\/\/postgrados.ubiobio.cl\/<\/a><\/p><hr \/><p><img decoding=\"async\" src=\"https:\/\/ci3.googleusercontent.com\/meips\/ADKq_NaSKhWKASZUqpEZi3vmVmZDViMXg3e7oaK6obzsTYu2py0r_NvzBxBAfFbLKS8rzSRNyuPqcNeX7OEm4a4gHeyHezYpyJx6XeCbRV_0s-tH9p4Pkhkq8lwiTxZqIQToQ67Syq-sM8qUUw=s0-d-e1-ft#https:\/\/flashissue.s3.us-east-1.amazonaws.com\/nyAY8sWDTkmuGWIVDiOe_dW5uYW1lZA==.jpg\" \/><\/p><h3><span style=\"color: #073753;\"><strong>Conoce nuestro Portafolio EBCT OTL-UBB<\/strong><\/span><\/h3><p>La Vicerrector\u00eda de Investigaci\u00f3n y Postgrado de la Universidad del B\u00edo-B\u00edo, por medio de la Oficina de Transferencia y Licenciamiento y la Unidad de Emprendimiento, han dise\u00f1ado el portafolio de empresas de base cient\u00edfico tecnol\u00f3gicas, con la finalidad de destacar a las empresas creadas al alero del desarrollo de la ciencia y tecnolog\u00eda de la Universidad, y que han tomado el camino del emprendimiento.<\/p><p><em>Ver m\u00e1s<\/em>:\u00a0<a href=\"https:\/\/vrip.ubiobio.cl\/wp-content\/uploads\/2024\/03\/OTL_Portafolio-EBCT_baja.pdf\" target=\"_blank\" rel=\"noopener\" data-saferedirecturl=\"https:\/\/www.google.com\/url?q=https:\/\/vrip.ubiobio.cl\/wp-content\/uploads\/2024\/03\/OTL_Portafolio-EBCT_baja.pdf&amp;source=gmail&amp;ust=1743075534615000&amp;usg=AOvVaw2QY5qlf78YNv9pHF59fgOa\">https:\/\/vrip.ubiobio.cl\/<wbr \/>wp-content\/uploads\/2024\/03\/<wbr \/>OTL_Portafolio-EBCT_baja.pdf<\/a><\/p><hr \/><p><img decoding=\"async\" src=\"https:\/\/ci3.googleusercontent.com\/meips\/ADKq_NZsTqG24RuVzMMhG6fwZ1IdJ3Krnrn2IwppGhX8uKgR5GUs0r6JqNchd4RFnMPfHW1gkGUEnYzGIJWs0U-hGMoukHPZHei_ly7SDWe6zz906HS4ADsHYhttRCGm73o_15DNWe3tfkOMhZM1ju0=s0-d-e1-ft#https:\/\/flashissue.s3.us-east-1.amazonaws.com\/IaOWQkAMRLayY0wmgstY_dW5uYW1lZCAoMSk=.jpg\" \/><\/p><h3><span style=\"color: #073753;\"><strong>Calendario Anual de Concursos disponibles<\/strong><\/span><\/h3><p><em>Ver m\u00e1s<\/em>:\u00a0<a href=\"https:\/\/vrip.ubiobio.cl\/inicio\/calendario-de-concursos\" target=\"_blank\" rel=\"noopener\" data-saferedirecturl=\"https:\/\/www.google.com\/url?q=https:\/\/vrip.ubiobio.cl\/inicio\/calendario-de-concursos&amp;source=gmail&amp;ust=1743075534615000&amp;usg=AOvVaw1XgjbzCMvwcPoh-9keE4Xg\">https:\/\/vrip.ubiobio.cl\/<wbr \/>inicio\/calendario-de-concursos<\/a><\/p><hr \/>\t\t\t\t\t\t\t\t<\/div>\n\t\t\t\t<\/div>\n\t\t\t\t\t<\/div>\n\t\t<\/div>\n\t\t\t\t<div class=\"elementor-column elementor-col-33 elementor-top-column elementor-element elementor-element-a3b0a58\" data-id=\"a3b0a58\" data-element_type=\"column\" data-e-type=\"column\">\n\t\t\t<div class=\"elementor-widget-wrap\">\n\t\t\t\t\t\t\t<\/div>\n\t\t<\/div>\n\t\t\t\t\t<\/div>\n\t\t<\/section>\n\t\t\t\t<section class=\"elementor-section elementor-top-section elementor-element elementor-element-5e68b69 elementor-section-boxed elementor-section-height-default elementor-section-height-default\" data-id=\"5e68b69\" data-element_type=\"section\" data-e-type=\"section\" data-settings=\"{&quot;_ha_eqh_enable&quot;:false}\">\n\t\t\t\t\t\t<div class=\"elementor-container elementor-column-gap-default\">\n\t\t\t\t\t<div class=\"elementor-column elementor-col-33 elementor-top-column elementor-element elementor-element-feb73eb\" data-id=\"feb73eb\" data-element_type=\"column\" data-e-type=\"column\">\n\t\t\t<div class=\"elementor-widget-wrap\">\n\t\t\t\t\t\t\t<\/div>\n\t\t<\/div>\n\t\t\t\t<div class=\"elementor-column elementor-col-33 elementor-top-column elementor-element elementor-element-bc91de3\" data-id=\"bc91de3\" data-element_type=\"column\" data-e-type=\"column\">\n\t\t\t<div class=\"elementor-widget-wrap elementor-element-populated\">\n\t\t\t\t\t\t<div class=\"elementor-element elementor-element-9f1f03a elementor-widget elementor-widget-text-editor\" data-id=\"9f1f03a\" data-element_type=\"widget\" data-e-type=\"widget\" data-widget_type=\"text-editor.default\">\n\t\t\t\t<div class=\"elementor-widget-container\">\n\t\t\t\t\t\t\t\t\t<table align=\"center\">\n<tbody>\n<tr>\n<td id=\"m_8467858756250299110m_4658873428329236187m_-7901358079350462190gmail-twitter-social-link\"><a href=\"https:\/\/www.twitter.com\/FlashIssue\" target=\"_blank\" rel=\"noopener\" data-saferedirecturl=\"https:\/\/www.google.com\/url?q=https:\/\/www.twitter.com\/FlashIssue&amp;source=gmail&amp;ust=1701886559522000&amp;usg=AOvVaw2YqocBqApBMfCECsazrFYp\"><img decoding=\"async\" class=\"CToWUd alignright\" src=\"https:\/\/ci3.googleusercontent.com\/meips\/ADKq_NZE482hZCyf5-eH5kdodW-i7ynf_Uc3o7Y2qVhkxeaBCGxbbRl4hZDL1bqALThwDN-AV5RNZ6NOZSIkeTJldTdvlbzE_6G1poLwYf9t-LR4fd0q_WAWHZ0f4oGdccihLUnmu9qg=s0-d-e1-ft#https:\/\/app.flashissue.com\/images\/social-icons\/round\/twitter\/grey\/twitter48.png\" data-bit=\"iit\" \/><\/a><\/td>\n<td><\/td>\n<td id=\"m_8467858756250299110m_4658873428329236187m_-7901358079350462190gmail-youtube-social-link\"><a href=\"https:\/\/www.youtube.com\/channel\/UCf7o8yHRJ7Y_QQLxwu1KQgA\" target=\"_blank\" rel=\"noopener\" data-saferedirecturl=\"https:\/\/www.google.com\/url?q=https:\/\/www.youtube.com\/channel\/UCf7o8yHRJ7Y_QQLxwu1KQgA&amp;source=gmail&amp;ust=1701886559523000&amp;usg=AOvVaw0jM7z9DMsgsZI5rYjuzYkv\"><img decoding=\"async\" class=\"CToWUd aligncenter\" src=\"https:\/\/ci3.googleusercontent.com\/meips\/ADKq_NZcx2sA8E3XSq35qpW98I3eb4zPATi0zr1ga9xoEv8HiKSPkRr0My77uw7jNpJiWcrZ-gHmEI2j5re0zjRI8wDsIoJbNevCaWCGyGWLOqc5TP4GPbVwQ1Wro4I6X8LmS5lWPhVl=s0-d-e1-ft#https:\/\/app.flashissue.com\/images\/social-icons\/round\/youtube\/grey\/youtube48.png\" data-bit=\"iit\" \/><\/a><\/td>\n<td><\/td>\n<td id=\"m_8467858756250299110m_4658873428329236187m_-7901358079350462190gmail-instagram-social-link\"><a href=\"https:\/\/www.instagram.com\/vrip_ubb\" target=\"_blank\" rel=\"noopener\" data-saferedirecturl=\"https:\/\/www.google.com\/url?q=https:\/\/www.instagram.com\/vrip_ubb&amp;source=gmail&amp;ust=1701886559523000&amp;usg=AOvVaw2F_KM9oE9lwudPrAZbmCZ0\"><img decoding=\"async\" class=\"CToWUd alignleft\" src=\"https:\/\/ci3.googleusercontent.com\/meips\/ADKq_Nan2m-yF-ZY-b4YK_6CQuSq5MrrQfz9h9uFQOtT_j31UVGd75i-QlY9VCEerAvzU-ywj-3R7trnB7YFhU35_iVsR89He9CXg0XLPQaj0mpctOF8T6RDYYJ9UnbXddwozdfwLo1cnkcc6w=s0-d-e1-ft#https:\/\/app.flashissue.com\/images\/social-icons\/round\/instagram\/grey\/instagram48.png\" data-bit=\"iit\" \/><\/a><\/td>\n<\/tr>\n<\/tbody>\n<\/table>\n<img decoding=\"async\" src=\"https:\/\/ci3.googleusercontent.com\/meips\/ADKq_NaKF-fgJsXFZ_zJQCoYDINB85tkqa3SLNYNXVr7RF7gDTX_gjHBOVPgLRoCVB2ytEuC_QCYcCQEc5o2wednfOInTFO7_6imvAkKPRLqrTdOeW5RmZiOXhLYOU8Z2BXsga_Y5XO26R9TXxqOPl4=s0-d-e1-ft#https:\/\/flashissue.s3.us-east-1.amazonaws.com\/xVesVrgXREOs3TCWMlFA_dXAtZG93bi0wMg==.jpg\" \/>\n<p style=\"text-align: center;\">Vicerrector\u00eda de Investigaci\u00f3n y Postgrado &#8211; Universidad del B\u00edo-B\u00edo<\/p>\n<p style=\"text-align: center;\">Todos los derechos reservados, Av. Collao 1202, Concepci\u00f3n \/ Av. Andr\u00e9s Bello s\/n, Chill\u00e1n<\/p>\n<p style=\"text-align: center;\">Comentarios a:\u00a0<strong><a href=\"mailto:vripcomunicaciones@ubiobio.cl?subject=Comentario%20newsletter\" target=\"_blank\" rel=\"noopener\">vripcomunicaciones@ubiobio.<wbr \/>cl<\/a><\/strong><\/p>\t\t\t\t\t\t\t\t<\/div>\n\t\t\t\t<\/div>\n\t\t\t\t\t<\/div>\n\t\t<\/div>\n\t\t\t\t<div class=\"elementor-column elementor-col-33 elementor-top-column elementor-element elementor-element-c421ef0\" data-id=\"c421ef0\" data-element_type=\"column\" data-e-type=\"column\">\n\t\t\t<div class=\"elementor-widget-wrap\">\n\t\t\t\t\t\t\t<\/div>\n\t\t<\/div>\n\t\t\t\t\t<\/div>\n\t\t<\/section>\n\t\t\t\t<section class=\"elementor-section elementor-top-section elementor-element elementor-element-38f252df elementor-section-boxed elementor-section-height-default elementor-section-height-default\" data-id=\"38f252df\" data-element_type=\"section\" data-e-type=\"section\" data-settings=\"{&quot;_ha_eqh_enable&quot;:false}\">\n\t\t\t\t\t\t<div class=\"elementor-container elementor-column-gap-default\">\n\t\t\t\t\t\t<\/div>\n\t\t<\/section>\n\t\t\t\t<section class=\"elementor-section elementor-top-section elementor-element elementor-element-c05f85d elementor-section-boxed elementor-section-height-default elementor-section-height-default\" data-id=\"c05f85d\" data-element_type=\"section\" data-e-type=\"section\" data-settings=\"{&quot;_ha_eqh_enable&quot;:false}\">\n\t\t\t\t\t\t<div class=\"elementor-container elementor-column-gap-default\">\n\t\t\t\t\t<div class=\"elementor-column elementor-col-100 elementor-top-column elementor-element elementor-element-c588dc1\" data-id=\"c588dc1\" data-element_type=\"column\" data-e-type=\"column\">\n\t\t\t<div class=\"elementor-widget-wrap elementor-element-populated\">\n\t\t\t\t\t\t<div class=\"elementor-element elementor-element-4a24d89 elementor-widget elementor-widget-spacer\" data-id=\"4a24d89\" data-element_type=\"widget\" data-e-type=\"widget\" data-widget_type=\"spacer.default\">\n\t\t\t\t<div class=\"elementor-widget-container\">\n\t\t\t\t\t\t\t<div class=\"elementor-spacer\">\n\t\t\t<div class=\"elementor-spacer-inner\"><\/div>\n\t\t<\/div>\n\t\t\t\t\t\t<\/div>\n\t\t\t\t<\/div>\n\t\t\t\t\t<\/div>\n\t\t<\/div>\n\t\t\t\t\t<\/div>\n\t\t<\/section>\n\t\t\t\t<\/div>\n\t\t","protected":false},"excerpt":{"rendered":"<p>Edici\u00f3n 25 Marzo 2025 Nuevo Laboratorio HidroInnova potencia la oferta cient\u00edfico-tecnol\u00f3gica de la UBB La Universidad del B\u00edo-B\u00edo (UBB) ha inaugurado su nuevo Laboratorio HidroInnova, una infraestructura especializada en el estudio y an\u00e1lisis de aguas, que potenciar\u00e1 y fortalecer\u00e1 la oferta cient\u00edfico-tecnol\u00f3gica de la instituci\u00f3n. Este laboratorio es el resultado de varios proyectos adjudicados y&#8230;<\/p>\n","protected":false},"author":1,"featured_media":0,"parent":41711,"menu_order":0,"comment_status":"closed","ping_status":"closed","template":"","meta":{"_kadence_starter_templates_imported_post":false,"_kad_post_transparent":"default","_kad_post_title":"hide","_kad_post_layout":"fullwidth","_kad_post_sidebar_id":"","_kad_post_content_style":"unboxed","_kad_post_vertical_padding":"hide","_kad_post_feature":"hide","_kad_post_feature_position":"","_kad_post_header":false,"_kad_post_footer":false,"footnotes":""},"class_list":["post-48814","page","type-page","status-publish","hentry"],"yoast_head":"<!-- This site is optimized with the Yoast SEO plugin v27.5 - https:\/\/yoast.com\/product\/yoast-seo-wordpress\/ -->\n<title>Informativo VRIP 25 Marzo 2025 - VRIP<\/title>\n<meta name=\"robots\" content=\"index, follow, max-snippet:-1, max-image-preview:large, max-video-preview:-1\" \/>\n<link rel=\"canonical\" href=\"https:\/\/vrip.ubiobio.cl\/inicio\/informativos-vrip\/edicion-25-marzo-2025\/\" \/>\n<meta property=\"og:locale\" content=\"es_ES\" \/>\n<meta property=\"og:type\" content=\"article\" \/>\n<meta property=\"og:title\" content=\"Informativo VRIP 25 Marzo 2025 - VRIP\" \/>\n<meta property=\"og:description\" content=\"Edici\u00f3n 25 Marzo 2025 Nuevo Laboratorio HidroInnova potencia la oferta cient\u00edfico-tecnol\u00f3gica de la UBB La Universidad del B\u00edo-B\u00edo (UBB) ha inaugurado su nuevo Laboratorio HidroInnova, una infraestructura especializada en el estudio y an\u00e1lisis de aguas, que potenciar\u00e1 y fortalecer\u00e1 la oferta cient\u00edfico-tecnol\u00f3gica de la instituci\u00f3n. Este laboratorio es el resultado de varios proyectos adjudicados y...\" \/>\n<meta property=\"og:url\" content=\"https:\/\/vrip.ubiobio.cl\/inicio\/informativos-vrip\/edicion-25-marzo-2025\/\" \/>\n<meta property=\"og:site_name\" content=\"VRIP\" \/>\n<meta property=\"article:modified_time\" content=\"2025-03-26T12:08:30+00:00\" \/>\n<meta property=\"og:image\" content=\"https:\/\/vrip.ubiobio.cl\/wp-content\/uploads\/2025\/03\/Boletin-VRIP-2025.jpg\" \/>\n\t<meta property=\"og:image:width\" content=\"1000\" \/>\n\t<meta property=\"og:image:height\" content=\"348\" \/>\n\t<meta property=\"og:image:type\" content=\"image\/jpeg\" \/>\n<meta name=\"twitter:card\" content=\"summary_large_image\" \/>\n<meta name=\"twitter:site\" content=\"@vripubb\" \/>\n<meta name=\"twitter:label1\" content=\"Tiempo de lectura\" \/>\n\t<meta name=\"twitter:data1\" content=\"7 minutos\" \/>\n<script type=\"application\/ld+json\" class=\"yoast-schema-graph\">{\"@context\":\"https:\\\/\\\/schema.org\",\"@graph\":[{\"@type\":\"WebPage\",\"@id\":\"https:\\\/\\\/vrip.ubiobio.cl\\\/inicio\\\/informativos-vrip\\\/edicion-25-marzo-2025\\\/\",\"url\":\"https:\\\/\\\/vrip.ubiobio.cl\\\/inicio\\\/informativos-vrip\\\/edicion-25-marzo-2025\\\/\",\"name\":\"Informativo VRIP 25 Marzo 2025 - VRIP\",\"isPartOf\":{\"@id\":\"https:\\\/\\\/vrip.ubiobio.cl\\\/inicio\\\/#website\"},\"primaryImageOfPage\":{\"@id\":\"https:\\\/\\\/vrip.ubiobio.cl\\\/inicio\\\/informativos-vrip\\\/edicion-25-marzo-2025\\\/#primaryimage\"},\"image\":{\"@id\":\"https:\\\/\\\/vrip.ubiobio.cl\\\/inicio\\\/informativos-vrip\\\/edicion-25-marzo-2025\\\/#primaryimage\"},\"thumbnailUrl\":\"https:\\\/\\\/vrip.ubiobio.cl\\\/wp-content\\\/uploads\\\/2025\\\/03\\\/Boletin-VRIP-2025.jpg\",\"datePublished\":\"2025-03-26T11:41:24+00:00\",\"dateModified\":\"2025-03-26T12:08:30+00:00\",\"breadcrumb\":{\"@id\":\"https:\\\/\\\/vrip.ubiobio.cl\\\/inicio\\\/informativos-vrip\\\/edicion-25-marzo-2025\\\/#breadcrumb\"},\"inLanguage\":\"es\",\"potentialAction\":[{\"@type\":\"ReadAction\",\"target\":[\"https:\\\/\\\/vrip.ubiobio.cl\\\/inicio\\\/informativos-vrip\\\/edicion-25-marzo-2025\\\/\"]}]},{\"@type\":\"ImageObject\",\"inLanguage\":\"es\",\"@id\":\"https:\\\/\\\/vrip.ubiobio.cl\\\/inicio\\\/informativos-vrip\\\/edicion-25-marzo-2025\\\/#primaryimage\",\"url\":\"https:\\\/\\\/vrip.ubiobio.cl\\\/wp-content\\\/uploads\\\/2025\\\/03\\\/Boletin-VRIP-2025.jpg\",\"contentUrl\":\"https:\\\/\\\/vrip.ubiobio.cl\\\/wp-content\\\/uploads\\\/2025\\\/03\\\/Boletin-VRIP-2025.jpg\"},{\"@type\":\"BreadcrumbList\",\"@id\":\"https:\\\/\\\/vrip.ubiobio.cl\\\/inicio\\\/informativos-vrip\\\/edicion-25-marzo-2025\\\/#breadcrumb\",\"itemListElement\":[{\"@type\":\"ListItem\",\"position\":1,\"name\":\"Portada\",\"item\":\"https:\\\/\\\/vrip.ubiobio.cl\\\/inicio\\\/\"},{\"@type\":\"ListItem\",\"position\":2,\"name\":\"Informativos VRIP\",\"item\":\"https:\\\/\\\/vrip.ubiobio.cl\\\/inicio\\\/informativos-vrip\\\/\"},{\"@type\":\"ListItem\",\"position\":3,\"name\":\"Informativo VRIP 25 Marzo 2025\"}]},{\"@type\":\"WebSite\",\"@id\":\"https:\\\/\\\/vrip.ubiobio.cl\\\/inicio\\\/#website\",\"url\":\"https:\\\/\\\/vrip.ubiobio.cl\\\/inicio\\\/\",\"name\":\"VRIP\",\"description\":\"Vicerrector\u00eda de Investigaci\u00f3n y Postgrado\",\"publisher\":{\"@id\":\"https:\\\/\\\/vrip.ubiobio.cl\\\/inicio\\\/#organization\"},\"potentialAction\":[{\"@type\":\"SearchAction\",\"target\":{\"@type\":\"EntryPoint\",\"urlTemplate\":\"https:\\\/\\\/vrip.ubiobio.cl\\\/inicio\\\/?s={search_term_string}\"},\"query-input\":{\"@type\":\"PropertyValueSpecification\",\"valueRequired\":true,\"valueName\":\"search_term_string\"}}],\"inLanguage\":\"es\"},{\"@type\":\"Organization\",\"@id\":\"https:\\\/\\\/vrip.ubiobio.cl\\\/inicio\\\/#organization\",\"name\":\"VRIP\",\"url\":\"https:\\\/\\\/vrip.ubiobio.cl\\\/inicio\\\/\",\"logo\":{\"@type\":\"ImageObject\",\"inLanguage\":\"es\",\"@id\":\"https:\\\/\\\/vrip.ubiobio.cl\\\/inicio\\\/#\\\/schema\\\/logo\\\/image\\\/\",\"url\":\"https:\\\/\\\/vrip.ubiobio.cl\\\/wp-content\\\/uploads\\\/2022\\\/10\\\/logo-vrip_Mesa-de-trabajo-1.png\",\"contentUrl\":\"https:\\\/\\\/vrip.ubiobio.cl\\\/wp-content\\\/uploads\\\/2022\\\/10\\\/logo-vrip_Mesa-de-trabajo-1.png\",\"width\":642,\"height\":178,\"caption\":\"VRIP\"},\"image\":{\"@id\":\"https:\\\/\\\/vrip.ubiobio.cl\\\/inicio\\\/#\\\/schema\\\/logo\\\/image\\\/\"},\"sameAs\":[\"https:\\\/\\\/x.com\\\/vripubb\",\"https:\\\/\\\/www.instagram.com\\\/vrip_ubb\\\/\",\"https:\\\/\\\/www.youtube.com\\\/channel\\\/UCf7o8yHRJ7Y_QQLxwu1KQgA\",\"https:\\\/\\\/www.linkedin.com\\\/company\\\/96035097\\\/admin\\\/dashboard\\\/\"]}]}<\/script>\n<!-- \/ Yoast SEO plugin. -->","yoast_head_json":{"title":"Informativo VRIP 25 Marzo 2025 - VRIP","robots":{"index":"index","follow":"follow","max-snippet":"max-snippet:-1","max-image-preview":"max-image-preview:large","max-video-preview":"max-video-preview:-1"},"canonical":"https:\/\/vrip.ubiobio.cl\/inicio\/informativos-vrip\/edicion-25-marzo-2025\/","og_locale":"es_ES","og_type":"article","og_title":"Informativo VRIP 25 Marzo 2025 - VRIP","og_description":"Edici\u00f3n 25 Marzo 2025 Nuevo Laboratorio HidroInnova potencia la oferta cient\u00edfico-tecnol\u00f3gica de la UBB La Universidad del B\u00edo-B\u00edo (UBB) ha inaugurado su nuevo Laboratorio HidroInnova, una infraestructura especializada en el estudio y an\u00e1lisis de aguas, que potenciar\u00e1 y fortalecer\u00e1 la oferta cient\u00edfico-tecnol\u00f3gica de la instituci\u00f3n. Este laboratorio es el resultado de varios proyectos adjudicados y...","og_url":"https:\/\/vrip.ubiobio.cl\/inicio\/informativos-vrip\/edicion-25-marzo-2025\/","og_site_name":"VRIP","article_modified_time":"2025-03-26T12:08:30+00:00","og_image":[{"width":1000,"height":348,"url":"https:\/\/vrip.ubiobio.cl\/wp-content\/uploads\/2025\/03\/Boletin-VRIP-2025.jpg","type":"image\/jpeg"}],"twitter_card":"summary_large_image","twitter_site":"@vripubb","twitter_misc":{"Tiempo de lectura":"7 minutos"},"schema":{"@context":"https:\/\/schema.org","@graph":[{"@type":"WebPage","@id":"https:\/\/vrip.ubiobio.cl\/inicio\/informativos-vrip\/edicion-25-marzo-2025\/","url":"https:\/\/vrip.ubiobio.cl\/inicio\/informativos-vrip\/edicion-25-marzo-2025\/","name":"Informativo VRIP 25 Marzo 2025 - VRIP","isPartOf":{"@id":"https:\/\/vrip.ubiobio.cl\/inicio\/#website"},"primaryImageOfPage":{"@id":"https:\/\/vrip.ubiobio.cl\/inicio\/informativos-vrip\/edicion-25-marzo-2025\/#primaryimage"},"image":{"@id":"https:\/\/vrip.ubiobio.cl\/inicio\/informativos-vrip\/edicion-25-marzo-2025\/#primaryimage"},"thumbnailUrl":"https:\/\/vrip.ubiobio.cl\/wp-content\/uploads\/2025\/03\/Boletin-VRIP-2025.jpg","datePublished":"2025-03-26T11:41:24+00:00","dateModified":"2025-03-26T12:08:30+00:00","breadcrumb":{"@id":"https:\/\/vrip.ubiobio.cl\/inicio\/informativos-vrip\/edicion-25-marzo-2025\/#breadcrumb"},"inLanguage":"es","potentialAction":[{"@type":"ReadAction","target":["https:\/\/vrip.ubiobio.cl\/inicio\/informativos-vrip\/edicion-25-marzo-2025\/"]}]},{"@type":"ImageObject","inLanguage":"es","@id":"https:\/\/vrip.ubiobio.cl\/inicio\/informativos-vrip\/edicion-25-marzo-2025\/#primaryimage","url":"https:\/\/vrip.ubiobio.cl\/wp-content\/uploads\/2025\/03\/Boletin-VRIP-2025.jpg","contentUrl":"https:\/\/vrip.ubiobio.cl\/wp-content\/uploads\/2025\/03\/Boletin-VRIP-2025.jpg"},{"@type":"BreadcrumbList","@id":"https:\/\/vrip.ubiobio.cl\/inicio\/informativos-vrip\/edicion-25-marzo-2025\/#breadcrumb","itemListElement":[{"@type":"ListItem","position":1,"name":"Portada","item":"https:\/\/vrip.ubiobio.cl\/inicio\/"},{"@type":"ListItem","position":2,"name":"Informativos VRIP","item":"https:\/\/vrip.ubiobio.cl\/inicio\/informativos-vrip\/"},{"@type":"ListItem","position":3,"name":"Informativo VRIP 25 Marzo 2025"}]},{"@type":"WebSite","@id":"https:\/\/vrip.ubiobio.cl\/inicio\/#website","url":"https:\/\/vrip.ubiobio.cl\/inicio\/","name":"VRIP","description":"Vicerrector\u00eda de Investigaci\u00f3n y Postgrado","publisher":{"@id":"https:\/\/vrip.ubiobio.cl\/inicio\/#organization"},"potentialAction":[{"@type":"SearchAction","target":{"@type":"EntryPoint","urlTemplate":"https:\/\/vrip.ubiobio.cl\/inicio\/?s={search_term_string}"},"query-input":{"@type":"PropertyValueSpecification","valueRequired":true,"valueName":"search_term_string"}}],"inLanguage":"es"},{"@type":"Organization","@id":"https:\/\/vrip.ubiobio.cl\/inicio\/#organization","name":"VRIP","url":"https:\/\/vrip.ubiobio.cl\/inicio\/","logo":{"@type":"ImageObject","inLanguage":"es","@id":"https:\/\/vrip.ubiobio.cl\/inicio\/#\/schema\/logo\/image\/","url":"https:\/\/vrip.ubiobio.cl\/wp-content\/uploads\/2022\/10\/logo-vrip_Mesa-de-trabajo-1.png","contentUrl":"https:\/\/vrip.ubiobio.cl\/wp-content\/uploads\/2022\/10\/logo-vrip_Mesa-de-trabajo-1.png","width":642,"height":178,"caption":"VRIP"},"image":{"@id":"https:\/\/vrip.ubiobio.cl\/inicio\/#\/schema\/logo\/image\/"},"sameAs":["https:\/\/x.com\/vripubb","https:\/\/www.instagram.com\/vrip_ubb\/","https:\/\/www.youtube.com\/channel\/UCf7o8yHRJ7Y_QQLxwu1KQgA","https:\/\/www.linkedin.com\/company\/96035097\/admin\/dashboard\/"]}]}},"_links":{"self":[{"href":"https:\/\/vrip.ubiobio.cl\/inicio\/wp-json\/wp\/v2\/pages\/48814","targetHints":{"allow":["GET"]}}],"collection":[{"href":"https:\/\/vrip.ubiobio.cl\/inicio\/wp-json\/wp\/v2\/pages"}],"about":[{"href":"https:\/\/vrip.ubiobio.cl\/inicio\/wp-json\/wp\/v2\/types\/page"}],"author":[{"embeddable":true,"href":"https:\/\/vrip.ubiobio.cl\/inicio\/wp-json\/wp\/v2\/users\/1"}],"replies":[{"embeddable":true,"href":"https:\/\/vrip.ubiobio.cl\/inicio\/wp-json\/wp\/v2\/comments?post=48814"}],"version-history":[{"count":4,"href":"https:\/\/vrip.ubiobio.cl\/inicio\/wp-json\/wp\/v2\/pages\/48814\/revisions"}],"predecessor-version":[{"id":48821,"href":"https:\/\/vrip.ubiobio.cl\/inicio\/wp-json\/wp\/v2\/pages\/48814\/revisions\/48821"}],"up":[{"embeddable":true,"href":"https:\/\/vrip.ubiobio.cl\/inicio\/wp-json\/wp\/v2\/pages\/41711"}],"wp:attachment":[{"href":"https:\/\/vrip.ubiobio.cl\/inicio\/wp-json\/wp\/v2\/media?parent=48814"}],"curies":[{"name":"wp","href":"https:\/\/api.w.org\/{rel}","templated":true}]}}