{"id":48329,"date":"2025-01-20T17:48:05","date_gmt":"2025-01-20T17:48:05","guid":{"rendered":"https:\/\/vrip.ubiobio.cl\/inicio\/?page_id=48329"},"modified":"2025-06-17T13:32:19","modified_gmt":"2025-06-17T13:32:19","slug":"edicion-20-enero-2025","status":"publish","type":"page","link":"https:\/\/vrip.ubiobio.cl\/inicio\/informativos-vrip\/edicion-20-enero-2025\/","title":{"rendered":"Informativo VRIP 20 Enero 2025"},"content":{"rendered":"\t\t<div data-elementor-type=\"wp-page\" data-elementor-id=\"48329\" class=\"elementor elementor-48329\" data-elementor-settings=\"{&quot;ha_cmc_init_switcher&quot;:&quot;no&quot;}\">\n\t\t\t\t\t\t<section class=\"elementor-section elementor-top-section elementor-element elementor-element-619a71f elementor-section-height-min-height elementor-section-boxed elementor-section-height-default elementor-section-items-middle\" data-id=\"619a71f\" data-element_type=\"section\" data-e-type=\"section\" data-settings=\"{&quot;background_background&quot;:&quot;classic&quot;,&quot;_ha_eqh_enable&quot;:false}\">\n\t\t\t\t\t\t<div class=\"elementor-container elementor-column-gap-default\">\n\t\t\t\t\t<div class=\"elementor-column elementor-col-100 elementor-top-column elementor-element elementor-element-49770de0 elementor-invisible\" data-id=\"49770de0\" data-element_type=\"column\" data-e-type=\"column\" data-settings=\"{&quot;animation&quot;:&quot;slideInDown&quot;}\">\n\t\t\t<div class=\"elementor-widget-wrap elementor-element-populated\">\n\t\t\t\t\t\t<div class=\"elementor-element elementor-element-5c1ba5a3 elementor-widget elementor-widget-heading\" data-id=\"5c1ba5a3\" data-element_type=\"widget\" data-e-type=\"widget\" data-widget_type=\"heading.default\">\n\t\t\t\t<div class=\"elementor-widget-container\">\n\t\t\t\t\t<h3 class=\"elementor-heading-title elementor-size-xl\">Edici\u00f3n 20 Enero 2025<\/h3>\t\t\t\t<\/div>\n\t\t\t\t<\/div>\n\t\t\t\t\t<\/div>\n\t\t<\/div>\n\t\t\t\t\t<\/div>\n\t\t<\/section>\n\t\t\t\t<section class=\"elementor-section elementor-top-section elementor-element elementor-element-193e492 elementor-section-boxed elementor-section-height-default elementor-section-height-default\" data-id=\"193e492\" data-element_type=\"section\" data-e-type=\"section\" data-settings=\"{&quot;_ha_eqh_enable&quot;:false}\">\n\t\t\t\t\t\t<div class=\"elementor-container elementor-column-gap-default\">\n\t\t\t\t\t<div class=\"elementor-column elementor-col-33 elementor-top-column elementor-element elementor-element-b461630\" data-id=\"b461630\" data-element_type=\"column\" data-e-type=\"column\">\n\t\t\t<div class=\"elementor-widget-wrap\">\n\t\t\t\t\t\t\t<\/div>\n\t\t<\/div>\n\t\t\t\t<div class=\"elementor-column elementor-col-33 elementor-top-column elementor-element elementor-element-2042191\" data-id=\"2042191\" data-element_type=\"column\" data-e-type=\"column\">\n\t\t\t<div class=\"elementor-widget-wrap elementor-element-populated\">\n\t\t\t\t\t\t<div class=\"elementor-element elementor-element-eaf4e0f elementor-widget elementor-widget-image\" data-id=\"eaf4e0f\" data-element_type=\"widget\" data-e-type=\"widget\" data-widget_type=\"image.default\">\n\t\t\t\t<div class=\"elementor-widget-container\">\n\t\t\t\t\t\t\t\t\t\t\t\t\t\t\t<img fetchpriority=\"high\" decoding=\"async\" width=\"834\" height=\"290\" src=\"https:\/\/vrip.ubiobio.cl\/wp-content\/uploads\/2023\/11\/Informativo-VRIP-Banner.jpg\" class=\"attachment-large size-large wp-image-41783\" alt=\"\" srcset=\"https:\/\/vrip.ubiobio.cl\/wp-content\/uploads\/2023\/11\/Informativo-VRIP-Banner.jpg 834w, https:\/\/vrip.ubiobio.cl\/wp-content\/uploads\/2023\/11\/Informativo-VRIP-Banner-380x132.jpg 380w, https:\/\/vrip.ubiobio.cl\/wp-content\/uploads\/2023\/11\/Informativo-VRIP-Banner-768x267.jpg 768w\" sizes=\"(max-width: 834px) 100vw, 834px\" \/>\t\t\t\t\t\t\t\t\t\t\t\t\t\t\t<\/div>\n\t\t\t\t<\/div>\n\t\t\t\t\t<\/div>\n\t\t<\/div>\n\t\t\t\t<div class=\"elementor-column elementor-col-33 elementor-top-column elementor-element elementor-element-efd9d44\" data-id=\"efd9d44\" data-element_type=\"column\" data-e-type=\"column\">\n\t\t\t<div class=\"elementor-widget-wrap\">\n\t\t\t\t\t\t\t<\/div>\n\t\t<\/div>\n\t\t\t\t\t<\/div>\n\t\t<\/section>\n\t\t\t\t<section class=\"elementor-section elementor-top-section elementor-element elementor-element-3970b6e elementor-section-boxed elementor-section-height-default elementor-section-height-default\" data-id=\"3970b6e\" data-element_type=\"section\" data-e-type=\"section\" data-settings=\"{&quot;_ha_eqh_enable&quot;:false}\">\n\t\t\t\t\t\t<div class=\"elementor-container elementor-column-gap-default\">\n\t\t\t\t\t<div class=\"elementor-column elementor-col-33 elementor-top-column elementor-element elementor-element-26c2a57\" data-id=\"26c2a57\" data-element_type=\"column\" data-e-type=\"column\">\n\t\t\t<div class=\"elementor-widget-wrap\">\n\t\t\t\t\t\t\t<\/div>\n\t\t<\/div>\n\t\t\t\t<div class=\"elementor-column elementor-col-33 elementor-top-column elementor-element elementor-element-279be1bf\" data-id=\"279be1bf\" data-element_type=\"column\" data-e-type=\"column\">\n\t\t\t<div class=\"elementor-widget-wrap elementor-element-populated\">\n\t\t\t\t\t\t<div class=\"elementor-element elementor-element-cb53f68 elementor-widget elementor-widget-text-editor\" data-id=\"cb53f68\" data-element_type=\"widget\" data-e-type=\"widget\" data-widget_type=\"text-editor.default\">\n\t\t\t\t<div class=\"elementor-widget-container\">\n\t\t\t\t\t\t\t\t\t<p><img decoding=\"async\" src=\"https:\/\/flashissue.s3.us-east-1.amazonaws.com\/fbg3gc1MRYCXmc1KOyAr_NQ==.png\" \/><\/p><h3><span style=\"color: #0b5394;\"><strong>Jefe de Transferencia y Emprendimiento de la Agencia Nacional de Investigaci\u00f3n y Desarrollo (ANID) visita la UBB<\/strong><\/span><\/h3><p>En su paso por la Regi\u00f3n del Biob\u00edo, Esteban Zapata Espinoza, jefe de Transferencia y Emprendimiento de la Agencia Nacional de Investigaci\u00f3n y Desarrollo (ANID), visit\u00f3 la Universidad del B\u00edo-B\u00edo. Durante su visita, se reuni\u00f3 con ejecutivos y directivos de la Unidad de Emprendimiento y la Direcci\u00f3n de Innovaci\u00f3n, encabezada por el Dr. Mario N\u00fa\u00f1ez.<\/p><p><em>Ver m\u00e1s<\/em>:\u00a0<a href=\"https:\/\/vrip.ubiobio.cl\/inicio\/noticias\/jefe-de-transferencia-y-emprendimiento-de-la-agencia-nacional-de-investigacion-y-desarrollo-anid-visita-la-ubb\/\" target=\"_blank\" rel=\"noopener\" data-saferedirecturl=\"https:\/\/www.google.com\/url?q=https:\/\/vrip.ubiobio.cl\/inicio\/noticias\/jefe-de-transferencia-y-emprendimiento-de-la-agencia-nacional-de-investigacion-y-desarrollo-anid-visita-la-ubb\/&amp;source=gmail&amp;ust=1737481550278000&amp;usg=AOvVaw1J_88pY1bOc_2LDHgWHeYa\">https:\/\/vrip.ubiobio.cl\/<wbr \/>inicio\/noticias\/jefe-de-<wbr \/>transferencia-y-<wbr \/>emprendimiento-de-la-agencia-<wbr \/>nacional-de-investigacion-y-<wbr \/>desarrollo-anid-visita-la-ubb\/<\/a><\/p><hr \/><p><img decoding=\"async\" src=\"https:\/\/flashissue.s3.us-east-1.amazonaws.com\/mWLkBGOlRpqbAuIqjFqg_MQ==.png\" \/><\/p><h3><span style=\"color: #0b5394;\"><strong>Ex alumno del Mag\u00edster y Doctorado en Matem\u00e1tica Aplicada UBB, es el ganador del Concurso Fondecyt Postdoctorado 2025<\/strong><\/span><\/h3><p>El ex alumno del Mag\u00edster y Doctorado en Matem\u00e1tica Aplicada de la Universidad del B\u00edo-B\u00edo (UBB), Dilver Espejo Rimapa, ha sido seleccionado como el ganador del Concurso Fondecyt Postdoctorado 2025. Este concurso, organizado por la Agencia Nacional de Investigaci\u00f3n y Desarrollo (ANID), busca apoyar a aquellos que recientemente han obtenido su grado de doctor, promoviendo su inserci\u00f3n en la academia y fomentando el desarrollo de proyectos innovadores que ampl\u00eden los l\u00edmites del conocimiento.<\/p><p><em>Ver m\u00e1s<\/em>:\u00a0\u00a0<a href=\"https:\/\/vrip.ubiobio.cl\/inicio\/noticias\/ex-alumno-del-magister-y-doctorado-en-matematica-aplicada-ubb-es-el-ganador-del-concurso-fondecyt-postdoctorado-2025\" target=\"_blank\" rel=\"noopener\" data-saferedirecturl=\"https:\/\/www.google.com\/url?q=https:\/\/vrip.ubiobio.cl\/inicio\/noticias\/ex-alumno-del-magister-y-doctorado-en-matematica-aplicada-ubb-es-el-ganador-del-concurso-fondecyt-postdoctorado-2025&amp;source=gmail&amp;ust=1737481550278000&amp;usg=AOvVaw3gR3qbT7BtwTNONHBvPoFO\">https:\/\/vrip.ubiobio.cl\/<wbr \/>inicio\/noticias\/ex-alumno-del-<wbr \/>magister-y-doctorado-en-<wbr \/>matematica-aplicada-ubb-es-el-<wbr \/>ganador-del-concurso-fondecyt-<wbr \/>postdoctorado-2025<\/a><\/p><hr \/><p><img decoding=\"async\" src=\"https:\/\/flashissue.s3.us-east-1.amazonaws.com\/24v0wYfrROSmL5hsB8Hl_NA==.png\" \/><\/p><h3><span style=\"color: #0b5394;\"><strong>Cortometraje \u201cAm\u00e1rrate a Salamanca\u201d se present\u00f3 en el 6\u00b0 Festival de Cine Nacional de \u00d1uble<\/strong><\/span><\/h3><p>El pasado martes 14 de enero, el cortometraje \u201cAm\u00e1rrate a Salamanca\u201d fue presentado en el marco de la secci\u00f3n Hecho en \u00d1uble del 6\u00b0 Festival de Cine Nacional de \u00d1uble. Este proyecto audiovisual, dirigido por Ed\u00e9n Rodr\u00edguez (Extensi\u00f3n UBB), cont\u00f3 con la participaci\u00f3n destacada de los acad\u00e9micos del Departamento de Artes y Letras de la Universidad del B\u00edo-B\u00edo, el Dr. Rodrigo Fa\u00fandez (asistente de direcci\u00f3n y producci\u00f3n) y la Dra. Tania Fa\u00fandez (actriz).<\/p><p><em>Ver m\u00e1s<\/em>:\u00a0<a href=\"https:\/\/vrip.ubiobio.cl\/inicio\/noticias\/cortometraje-amarrate-a-salamanca-se-presento-en-el-6-festival-de-cine-nacional-de-nuble\/\" target=\"_blank\" rel=\"noopener\" data-saferedirecturl=\"https:\/\/www.google.com\/url?q=https:\/\/vrip.ubiobio.cl\/inicio\/noticias\/cortometraje-amarrate-a-salamanca-se-presento-en-el-6-festival-de-cine-nacional-de-nuble\/&amp;source=gmail&amp;ust=1737481550278000&amp;usg=AOvVaw04mY02WBo82FOhGmBktozz\">https:\/\/vrip.ubiobio.cl\/<wbr \/>inicio\/noticias\/cortometraje-<wbr \/>amarrate-a-salamanca-se-<wbr \/>presento-en-el-6-festival-de-<wbr \/>cine-nacional-de-nuble\/<\/a><\/p><hr \/><p><img decoding=\"async\" src=\"https:\/\/flashissue.s3.us-east-1.amazonaws.com\/7bvHqOHQEmx4F6OghU62_VlJJUF9CYW5uZXIgSW5mb3JtYXRpdm8=.png\" \/><\/p><h3><span style=\"color: #0b5394;\"><strong>Ganadores UBB de proyectos Fondecyt Iniciaci\u00f3n 2025 de ANID destacan el apoyo a la promoci\u00f3n de nuevos investigadores<\/strong><\/span><\/h3><p>La Agencia Nacional de Investigaci\u00f3n y Desarrollo (ANID) public\u00f3 recientemente los resultados de su Concurso Fondecyt de Iniciaci\u00f3n en Investigaci\u00f3n 2025, favoreciendo a cuatro facultades de la Universidad del B\u00edo-B\u00edo, con sus cinco adjudicaciones.<\/p><p><em>Ver m\u00e1s<\/em>:\u00a0<a href=\"https:\/\/noticias.ubiobio.cl\/2025\/01\/13\/ganadores-ubb-de-proyectos-fondecyt-iniciacion-2025-de-anid-destacan-el-apoyo-a-la-promocion-de-nuevos-investigadores\/\" target=\"_blank\" rel=\"noopener\" data-saferedirecturl=\"https:\/\/www.google.com\/url?q=https:\/\/noticias.ubiobio.cl\/2025\/01\/13\/ganadores-ubb-de-proyectos-fondecyt-iniciacion-2025-de-anid-destacan-el-apoyo-a-la-promocion-de-nuevos-investigadores\/&amp;source=gmail&amp;ust=1737481550278000&amp;usg=AOvVaw04_YkBeYKtU-Pa2bUA_Djf\">https:\/\/noticias.ubiobio.<wbr \/>cl\/2025\/01\/13\/ganadores-ubb-<wbr \/>de-proyectos-fondecyt-<wbr \/>iniciacion-2025-de-anid-<wbr \/>destacan-el-apoyo-a-la-<wbr \/>promocion-de-nuevos-<wbr \/>investigadores\/<\/a><\/p><hr \/><p><img decoding=\"async\" src=\"https:\/\/flashissue.s3.us-east-1.amazonaws.com\/bauDUlh6TN6NnYTmamoq_Nw==.png\" \/><\/p><h3><span style=\"color: #0b5394;\"><strong>Investigadores UBB realizan encuentro de coordinaci\u00f3n para la ejecuci\u00f3n del proyecto PATI de CORFO<\/strong><\/span><\/h3><p>En el Auditorio de Ingenier\u00eda en Maderas de la Universidad del B\u00edo-B\u00edo (UBB), se llev\u00f3 a cabo una importante reuni\u00f3n de coordinaci\u00f3n del proyecto \u201cDatos y sistemas inteligentes 4.0 para desarrollos de alto potencial en empresas manufactureras y de ingenier\u00eda\u201d, correspondiente al c\u00f3digo 24PATI-272012. La iniciativa, tiene como objetivo mejorar las capacidades de innovaci\u00f3n tecnol\u00f3gica en empresas, especialmente en PYMES.<\/p><p><em>Ver m\u00e1s<\/em>:\u00a0<a href=\"https:\/\/vrip.ubiobio.cl\/inicio\/noticias\/investigadores-ubb-realizan-encuentro-de-coordinacion-para-la-ejecucion-del-proyecto-pati-de-corfo\" target=\"_blank\" rel=\"noopener\" data-saferedirecturl=\"https:\/\/www.google.com\/url?q=https:\/\/vrip.ubiobio.cl\/inicio\/noticias\/investigadores-ubb-realizan-encuentro-de-coordinacion-para-la-ejecucion-del-proyecto-pati-de-corfo&amp;source=gmail&amp;ust=1737481550278000&amp;usg=AOvVaw07u2J4dMorojHfJYtRooOA\">https:\/\/vrip.ubiobio.cl\/<wbr \/>inicio\/noticias\/<wbr \/>investigadores-ubb-realizan-<wbr \/>encuentro-de-coordinacion-<wbr \/>para-la-ejecucion-del-<wbr \/>proyecto-pati-de-corfo<\/a><\/p><hr \/><p><img decoding=\"async\" src=\"https:\/\/flashissue.s3.us-east-1.amazonaws.com\/3yyfx4wRtOlzQaBL6PHo_VlJJUF9CYW5uZXIgSW5mb3JtYXRpdm8=.png\" \/><\/p><h3><span style=\"color: #0b5394;\"><strong>Taller pr\u00e1ctico sobre Planes de Gesti\u00f3n de Datos en Chill\u00e1n y Concepci\u00f3n en el marco del proceso de formaci\u00f3n en Ciencia Abierta UBB<\/strong><\/span><\/h3><p>En los campus de Chill\u00e1n y Concepci\u00f3n se llev\u00f3 a cabo un taller pr\u00e1ctico sobre Planes de Gesti\u00f3n de Datos, como parte del proceso de formaci\u00f3n en Ciencia Abierta impulsado por la Universidad del B\u00edo-B\u00edo (UBB). Esta actividad se enmarca dentro del proyecto InES Ciencia Abierta UBB (INCA220003), financiado por la Agencia Nacional de Investigaci\u00f3n y Desarrollo (ANID) y liderado desde la Direcci\u00f3n de Investigaci\u00f3n y Creaci\u00f3n Art\u00edstica.<\/p><p><em>Ver m\u00e1s<\/em>:\u00a0<a href=\"https:\/\/vrip.ubiobio.cl\/inicio\/noticias\/taller-practico-sobre-planes-de-gestion-de-datos-en-chillan-y-concepcion-en-el-marco-del-proceso-de-formacion-en-ciencia-abierta-ubb\" target=\"_blank\" rel=\"noopener\" data-saferedirecturl=\"https:\/\/www.google.com\/url?q=https:\/\/vrip.ubiobio.cl\/inicio\/noticias\/taller-practico-sobre-planes-de-gestion-de-datos-en-chillan-y-concepcion-en-el-marco-del-proceso-de-formacion-en-ciencia-abierta-ubb&amp;source=gmail&amp;ust=1737481550278000&amp;usg=AOvVaw14fh5Fo1yqiTcYg6UcI-72\">https:\/\/vrip.ubiobio.cl\/<wbr \/>inicio\/noticias\/taller-<wbr \/>practico-sobre-planes-de-<wbr \/>gestion-de-datos-en-chillan-y-<wbr \/>concepcion-en-el-marco-del-<wbr \/>proceso-de-formacion-en-<wbr \/>ciencia-abierta-ubb<\/a><\/p><hr \/><p><img decoding=\"async\" src=\"https:\/\/flashissue.s3.us-east-1.amazonaws.com\/e5TbiFZCSBitI9tXY73r_MQ==.png\" \/><\/p><h3><span style=\"color: #0b5394;\"><strong>Congreso Futuro Biob\u00edo congreg\u00f3 a especialistas y p\u00fablico general en torno a la f\u00edsica cu\u00e1ntica y la neurociencia<\/strong><\/span><\/h3><p>El Premio Nobel de F\u00edsica Dr. Serge Haroche y la soci\u00f3loga y antrop\u00f3loga Claudine Haroche fueron los invitados internacionales de la edici\u00f3n regional Biob\u00edo del Congreso Futuro, realizada el jueves 16 de enero en el Teatro Biob\u00edo. El encuentro cont\u00f3 tambi\u00e9n con la participaci\u00f3n de acad\u00e9micos y acad\u00e9micas de las universidades del Consejo de Rectores de las Regiones y \u00d1uble (CRUCH Biob\u00edo-\u00d1uble) y congreg\u00f3 a gran cantidad de p\u00fablico.<\/p><p><em>Ver m\u00e1s<\/em>:\u00a0<a href=\"https:\/\/noticias.ubiobio.cl\/2025\/01\/20\/congreso-futuro-biobio-congrego-a-especialistas-y-publico-general-en-torno-a-la-fisica-cuantica-y-la-neurociencia\/\" target=\"_blank\" rel=\"noopener\" data-saferedirecturl=\"https:\/\/www.google.com\/url?q=https:\/\/noticias.ubiobio.cl\/2025\/01\/20\/congreso-futuro-biobio-congrego-a-especialistas-y-publico-general-en-torno-a-la-fisica-cuantica-y-la-neurociencia\/&amp;source=gmail&amp;ust=1737481550278000&amp;usg=AOvVaw2rOFeTEiz8-MKT1zWqCzXK\">https:\/\/noticias.ubiobio.<wbr \/>cl\/2025\/01\/20\/congreso-futuro-<wbr \/>biobio-congrego-a-<wbr \/>especialistas-y-publico-<wbr \/>general-en-torno-a-la-fisica-<wbr \/>cuantica-y-la-neurociencia\/<\/a><\/p><hr \/><p><img decoding=\"async\" src=\"https:\/\/flashissue.s3.us-east-1.amazonaws.com\/baLVDRztSaCL4TdrCweP_Mw==.png\" \/><\/p><h3><span style=\"color: #0b5394;\"><strong>Congreso Futuro \u00d1uble 2025: Experto internacional propone construcci\u00f3n de embalses de arena para afrontar escasez h\u00eddrica<\/strong><\/span><\/h3><p>La versi\u00f3n regional de Congreso Futuro organizada por el CRUCH Biob\u00edo \u00d1uble y el Gobierno Regional de \u00d1uble, se enfoc\u00f3 en el uso sostenible de los recursos h\u00eddricos considerando los desaf\u00edos que plantea el cambio clim\u00e1tico. El conferencista internacional Dr. John Selker de la Universidad Estatal de Oregon plantea que en \u00d1uble se dan las condiciones para construir embalses de arena que permitan incrementar las reservas en acu\u00edferos.<\/p><p><em>Ver m\u00e1s<\/em>:<a href=\"https:\/\/vrip.ubiobio.cl\/inicio\/noticias\/congreso-futuro-nuble-2025-experto-internacional-propone-construccion-de-embalses-de-arena-para-afrontar-escasez-hidrica\/\" target=\"_blank\" rel=\"noopener\" data-saferedirecturl=\"https:\/\/www.google.com\/url?q=https:\/\/vrip.ubiobio.cl\/inicio\/noticias\/congreso-futuro-nuble-2025-experto-internacional-propone-construccion-de-embalses-de-arena-para-afrontar-escasez-hidrica\/&amp;source=gmail&amp;ust=1737481550278000&amp;usg=AOvVaw0OWsqS7TDJcaJOJ4twkqWz\">\u00a0https:\/\/vrip.ubiobio.cl\/<wbr \/>inicio\/noticias\/congreso-<wbr \/>futuro-nuble-2025-experto-<wbr \/>internacional-propone-<wbr \/>construccion-de-embalses-de-<wbr \/>arena-para-afrontar-escasez-<wbr \/>hidrica\/<\/a><\/p><hr \/><p><img decoding=\"async\" src=\"https:\/\/flashissue.s3.us-east-1.amazonaws.com\/XpOcJNFcRsKoGHM34NHM_NA==.png\" \/><\/p><h3><span style=\"color: #0b5394;\"><strong>Editora de la Revista Maderas, Ciencia y Tecnolog\u00eda UBB forma parte del nuevo Consejo Consultivo de SciELO Chile<\/strong><\/span><\/h3><p>Se trata de Linette Salvo Sep\u00falveda del Departamento de Ingenier\u00eda en Maderas de la Facultad de Ingenier\u00eda de la Universidad del B\u00edo-B\u00edo, Mag\u00edster en Ciencia y Tecnolog\u00eda de la Madera e Ingeniera Civil, ha dedicado m\u00e1s de 26 a\u00f1os a la edici\u00f3n cient\u00edfica, realizando docencia e investigaci\u00f3n en nuestra casa estudios, donde se ha destacado como editora de la revista Maderas, Ciencia y Tecnolog\u00eda, con un gran compromiso por la mejora continua alcanzando altos niveles de calidad y madurez editorial que caracterizan a la publicaci\u00f3n en la actualidad, es nuestra flamante integrante del Consejo Consultivo de SciELO Chile.<\/p><p><em>Ver m\u00e1s<\/em>:\u00a0<a href=\"https:\/\/noticias.ubiobio.cl\/2025\/01\/08\/editora-de-la-revista-maderas-ciencia-y-tecnologia-ubb-forma-parte-del-nuevo-consejo-consultivo-de-scielo-chile\/\" target=\"_blank\" rel=\"noopener\" data-saferedirecturl=\"https:\/\/www.google.com\/url?q=https:\/\/noticias.ubiobio.cl\/2025\/01\/08\/editora-de-la-revista-maderas-ciencia-y-tecnologia-ubb-forma-parte-del-nuevo-consejo-consultivo-de-scielo-chile\/&amp;source=gmail&amp;ust=1737481550278000&amp;usg=AOvVaw20iPZl0bIam1hH3C3_6xSH\">https:\/\/noticias.ubiobio.<wbr \/>cl\/2025\/01\/08\/editora-de-la-<wbr \/>revista-maderas-ciencia-y-<wbr \/>tecnologia-ubb-forma-parte-<wbr \/>del-nuevo-consejo-consultivo-<wbr \/>de-scielo-chile\/<\/a><\/p><hr \/><p><img decoding=\"async\" src=\"https:\/\/flashissue.s3.us-east-1.amazonaws.com\/BHpsUF1hRUSMbc9RNGES_Mg==.png\" \/><\/p><h3><span style=\"color: #0b5394;\"><strong>Gran inter\u00e9s por primer simposio \u201cIntegrando investigaci\u00f3n y desarrollo profesional en ciencias qu\u00edmicas, farmac\u00e9uticas y biol\u00f3gicas\u201d<\/strong><\/span><\/h3><p>El Doctorado en Ciencias con menci\u00f3n en Recursos Naturales Renovables y la Escuela de Qu\u00edmica y Farmacia de la Universidad del B\u00edo-B\u00edo organizaron el primer Simposio \u201cIntegrando investigaci\u00f3n y desarrollo profesional en ciencias qu\u00edmicas, farmac\u00e9uticas y biol\u00f3gicas\u201d, con el objetivo de resaltar la importancia de vincular la investigaci\u00f3n avanzada con el desarrollo profesional en estos campos del conocimiento.<\/p><p><em>Ver m\u00e1s<\/em>:\u00a0<a href=\"https:\/\/noticias.ubiobio.cl\/2025\/01\/10\/gran-interes-por-primer-simposio-integrando-investigacion-y-desarrollo-profesional-en-ciencias-quimicas-farmaceuticas-y-biologicas\/\" target=\"_blank\" rel=\"noopener\" data-saferedirecturl=\"https:\/\/www.google.com\/url?q=https:\/\/noticias.ubiobio.cl\/2025\/01\/10\/gran-interes-por-primer-simposio-integrando-investigacion-y-desarrollo-profesional-en-ciencias-quimicas-farmaceuticas-y-biologicas\/&amp;source=gmail&amp;ust=1737481550278000&amp;usg=AOvVaw1RgveldNbE9zcnX52yez6W\">https:\/\/noticias.ubiobio.<wbr \/>cl\/2025\/01\/10\/gran-interes-<wbr \/>por-primer-simposio-<wbr \/>integrando-investigacion-y-<wbr \/>desarrollo-profesional-en-<wbr \/>ciencias-quimicas-<wbr \/>farmaceuticas-y-biologicas\/<\/a><\/p><hr \/><p><img decoding=\"async\" src=\"https:\/\/flashissue.s3.us-east-1.amazonaws.com\/pbsJ8wK9QfWPGXgptlny_Mg==.png\" \/><\/p><h3><span style=\"color: #0b5394;\"><strong>Protegiendo los cielos pr\u00edstinos del norte de Chile<\/strong><\/span><\/h3><p>El Consorcio de Universidades del Estado de Chile (CUECH) hace un llamado a las autoridades para que protejan las cualidades \u00fanicas que tienen los cielos del Desierto de Atacama para la astronom\u00eda.<\/p><p>Ver m\u00e1s:\u00a0<a href=\"https:\/\/noticias.uestatales.cl\/protegiendo-los-cielos-pristinos-del-norte-de-chile\" target=\"_blank\" rel=\"noopener\" data-saferedirecturl=\"https:\/\/www.google.com\/url?q=https:\/\/noticias.uestatales.cl\/protegiendo-los-cielos-pristinos-del-norte-de-chile&amp;source=gmail&amp;ust=1737481550278000&amp;usg=AOvVaw0BffJkONhqQNMxsv1retXh\">https:\/\/noticias.<wbr \/>uestatales.cl\/protegiendo-los-<wbr \/>cielos-pristinos-del-norte-de-<wbr \/>chile<\/a><\/p><hr \/>\t\t\t\t\t\t\t\t<\/div>\n\t\t\t\t<\/div>\n\t\t\t\t\t<\/div>\n\t\t<\/div>\n\t\t\t\t<div class=\"elementor-column elementor-col-33 elementor-top-column elementor-element elementor-element-4029fc3\" data-id=\"4029fc3\" data-element_type=\"column\" data-e-type=\"column\">\n\t\t\t<div class=\"elementor-widget-wrap\">\n\t\t\t\t\t\t\t<\/div>\n\t\t<\/div>\n\t\t\t\t\t<\/div>\n\t\t<\/section>\n\t\t\t\t<section class=\"elementor-section elementor-top-section elementor-element elementor-element-a485fdf elementor-section-boxed elementor-section-height-default elementor-section-height-default\" data-id=\"a485fdf\" data-element_type=\"section\" data-e-type=\"section\" data-settings=\"{&quot;_ha_eqh_enable&quot;:false}\">\n\t\t\t\t\t\t<div class=\"elementor-container elementor-column-gap-default\">\n\t\t\t\t\t<div class=\"elementor-column elementor-col-33 elementor-top-column elementor-element elementor-element-ece34e2\" data-id=\"ece34e2\" data-element_type=\"column\" data-e-type=\"column\">\n\t\t\t<div class=\"elementor-widget-wrap\">\n\t\t\t\t\t\t\t<\/div>\n\t\t<\/div>\n\t\t\t\t<div class=\"elementor-column elementor-col-33 elementor-top-column elementor-element elementor-element-c4e8f33\" data-id=\"c4e8f33\" data-element_type=\"column\" data-e-type=\"column\">\n\t\t\t<div class=\"elementor-widget-wrap elementor-element-populated\">\n\t\t\t\t\t\t<div class=\"elementor-element elementor-element-1f67c8a elementor-widget elementor-widget-heading\" data-id=\"1f67c8a\" data-element_type=\"widget\" data-e-type=\"widget\" data-widget_type=\"heading.default\">\n\t\t\t\t<div class=\"elementor-widget-container\">\n\t\t\t\t\t<h1 class=\"elementor-heading-title elementor-size-default\">Informaci\u00f3n VRIP<\/h1>\t\t\t\t<\/div>\n\t\t\t\t<\/div>\n\t\t\t\t\t<\/div>\n\t\t<\/div>\n\t\t\t\t<div class=\"elementor-column elementor-col-33 elementor-top-column elementor-element elementor-element-1f18c8e\" data-id=\"1f18c8e\" data-element_type=\"column\" data-e-type=\"column\">\n\t\t\t<div class=\"elementor-widget-wrap\">\n\t\t\t\t\t\t\t<\/div>\n\t\t<\/div>\n\t\t\t\t\t<\/div>\n\t\t<\/section>\n\t\t\t\t<section class=\"elementor-section elementor-top-section elementor-element elementor-element-1e7212e elementor-section-boxed elementor-section-height-default elementor-section-height-default\" data-id=\"1e7212e\" data-element_type=\"section\" data-e-type=\"section\" data-settings=\"{&quot;_ha_eqh_enable&quot;:false}\">\n\t\t\t\t\t\t<div class=\"elementor-container elementor-column-gap-default\">\n\t\t\t\t\t<div class=\"elementor-column elementor-col-33 elementor-top-column elementor-element elementor-element-229f337\" data-id=\"229f337\" data-element_type=\"column\" data-e-type=\"column\">\n\t\t\t<div class=\"elementor-widget-wrap\">\n\t\t\t\t\t\t\t<\/div>\n\t\t<\/div>\n\t\t\t\t<div class=\"elementor-column elementor-col-33 elementor-top-column elementor-element elementor-element-43ea34f\" data-id=\"43ea34f\" data-element_type=\"column\" data-e-type=\"column\">\n\t\t\t<div class=\"elementor-widget-wrap elementor-element-populated\">\n\t\t\t\t\t\t<div class=\"elementor-element elementor-element-aa044e2 elementor-widget elementor-widget-text-editor\" data-id=\"aa044e2\" data-element_type=\"widget\" data-e-type=\"widget\" data-widget_type=\"text-editor.default\">\n\t\t\t\t<div class=\"elementor-widget-container\">\n\t\t\t\t\t\t\t\t\t<p><img decoding=\"async\" src=\"https:\/\/ci3.googleusercontent.com\/meips\/ADKq_NZHWya_XRFAIvhkWmbpM5vIulcdiY2zWh8MUY5ADp4qEO75wWw6TqfPgfrNPMbwgEzEaqbWYHRmNMctuUGEME1SkR-hZZBMiZ0E3lBgGVhNsS0XRCDSM25LeLlnAY9NNRbg37Irys_IIB9-DxzNVbaXl-0fQVEJ1RZ4eMLbhn4Dug=s0-d-e1-ft#https:\/\/flashissue.s3.us-east-1.amazonaws.com\/l87CG1YSpSBm3GnqfDeb_RElfQ29uY3Vyc29zIDI1X2luZm9ybWF0aXZv.jpg\" \/><\/p><h3><span style=\"color: #0b5394;\"><strong>Concursos Internos 2025- Direcci\u00f3n de Innovaci\u00f3n VRIP<\/strong><\/span><\/h3><p>La Direcci\u00f3n de Innovaci\u00f3n de la Vicerrector\u00eda de Investigaci\u00f3n y Postgrado, informa que a partir del 20-01-2025 se encuentran abiertas las siguientes Convocatorias:<\/p><p><em>M\u00e1s informaci\u00f3n<\/em>:\u00a0<a href=\"https:\/\/vrip.ubiobio.cl\/inicio\/concursos-internos-di2025\/\" target=\"_blank\" rel=\"noopener\" data-saferedirecturl=\"https:\/\/www.google.com\/url?q=https:\/\/vrip.ubiobio.cl\/inicio\/concursos-internos-di2025\/&amp;source=gmail&amp;ust=1737481550278000&amp;usg=AOvVaw3O5PlX2gxyha2-ztU54G1P\">https:\/\/vrip.<wbr \/>ubiobio.cl\/inicio\/concursos-<wbr \/>internos-di2025\/<\/a><\/p><hr \/><p><img decoding=\"async\" src=\"https:\/\/ci3.googleusercontent.com\/meips\/ADKq_NYFkJHfoEIWGZD2pMvVVqzlbLwmrRCsu04P5CTdFAFwUHClrVwX0-ZUkWCLcIe4wN8xrne6foh55clgUkLDP2PI9LfKco-Y3Xm__wZIJwS_u1LO64en7vZJcxFZeoORUQfcmNQD4YQGZZeTpA0kTreU6Bp5T_PwZFNc4MfMKca8rEpb9mSC5K7g=s0-d-e1-ft#https:\/\/flashissue.s3.us-east-1.amazonaws.com\/y0OAYRvPSpKw5pBTWrKu_RElDUkVBX1Byb3kgSW52IDIwMjVfaW5mb3JtYXRpdm8=.jpg\" \/><\/p><p>M\u00e1s informaci\u00f3n:\u00a0<a href=\"https:\/\/vrip.ubiobio.cl\/inicio\/proyectos-de-investigacion-iniciacion-y-regular-2025\/\" target=\"_blank\" rel=\"noopener\" data-saferedirecturl=\"https:\/\/www.google.com\/url?q=https:\/\/vrip.ubiobio.cl\/inicio\/proyectos-de-investigacion-iniciacion-y-regular-2025\/&amp;source=gmail&amp;ust=1737481550278000&amp;usg=AOvVaw19cleiXX0Ts1FvXIKq9C_8\">https:\/\/vrip.<wbr \/>ubiobio.cl\/inicio\/proyectos-<wbr \/>de-investigacion-iniciacion-y-<wbr \/>regular-2025\/<\/a><\/p><hr \/><p><img decoding=\"async\" src=\"https:\/\/ci3.googleusercontent.com\/meips\/ADKq_NY-lupbAKzKt2G-0b0rhTAjLhmaUA_IrTOPl7ATW0dPeLKQ7zCxvWFt1FF-80_IQEdosUG958xk2d_SBYJUIuXGXnF_FrRWPPZJMWfR3OuAHHE1MEmCbytyFR8dov6SHZQ=s0-d-e1-ft#https:\/\/flashissue.s3.us-east-1.amazonaws.com\/0qoXqNGjRgqqan8zx6oH_Ng==.png\" \/><\/p><h3><strong><span style=\"color: #0b5394;\">Gui\u0301a de registro de publicaciones y proyectos en la Universidad del Bi\u0301o-Bi\u0301o.\u00a0Ciencia Abierta &#8211; DICREA<\/span>\u00a0<\/strong><\/h3><p>\u00a0La Direcci\u00f3n de Investigaci\u00f3n y Creaci\u00f3n Art\u00edstica de la Vicerrector\u00eda de Investigaci\u00f3n y Postgrado, invita a toda la comunidad universitaria a visualizar la Gu\u00eda de registro de publicaciones y proyectos. Este recurso tiene como objetivo facilitar el proceso de registro y promover la correcta gesti\u00f3n de informaci\u00f3n acad\u00e9mica y cient\u00edfica. \u00a1Te invitamos a conocerla!<\/p><p><em>Ver m\u00e1s:\u00a0<\/em><a href=\"https:\/\/youtu.be\/KA3RsAcnsjQ?si=rM1LqBTsVdEP4J9e\" target=\"_blank\" rel=\"noopener\" data-saferedirecturl=\"https:\/\/www.google.com\/url?q=https:\/\/youtu.be\/KA3RsAcnsjQ?si%3DrM1LqBTsVdEP4J9e&amp;source=gmail&amp;ust=1737481550279000&amp;usg=AOvVaw0D1AFTATg0sydP74r9w4Rq\">https:\/\/youtu.be\/<wbr \/>KA3RsAcnsjQ?si=<wbr \/>rM1LqBTsVdEP4J9e<\/a><\/p><hr \/><p><img decoding=\"async\" src=\"https:\/\/ci3.googleusercontent.com\/meips\/ADKq_NaSKhWKASZUqpEZi3vmVmZDViMXg3e7oaK6obzsTYu2py0r_NvzBxBAfFbLKS8rzSRNyuPqcNeX7OEm4a4gHeyHezYpyJx6XeCbRV_0s-tH9p4Pkhkq8lwiTxZqIQToQ67Syq-sM8qUUw=s0-d-e1-ft#https:\/\/flashissue.s3.us-east-1.amazonaws.com\/nyAY8sWDTkmuGWIVDiOe_dW5uYW1lZA==.jpg\" \/><\/p><h3><span style=\"color: #0b5394;\"><strong>C<span style=\"color: #0b5394;\">onoce nuestro Portafolio EBCT OTL-UBB<\/span><\/strong><\/span><\/h3><p>La Vicerrector\u00eda de Investigaci\u00f3n y Postgrado de la Universidad del B\u00edo-B\u00edo, por medio de la Oficina de Transferencia y Licenciamiento y la Unidad de Emprendimiento, han dise\u00f1ado el portafolio de empresas de base cient\u00edfico tecnol\u00f3gicas, con la finalidad de destacar a las empresas creadas al alero del desarrollo de la ciencia y tecnolog\u00eda de la Universidad, y que han tomado el camino del emprendimiento.<\/p><p><em>Ver m\u00e1s<\/em>:\u00a0<a href=\"https:\/\/vrip.ubiobio.cl\/wp-content\/uploads\/2024\/03\/OTL_Portafolio-EBCT_baja.pdf\" target=\"_blank\" rel=\"noopener\" data-saferedirecturl=\"https:\/\/www.google.com\/url?q=https:\/\/vrip.ubiobio.cl\/wp-content\/uploads\/2024\/03\/OTL_Portafolio-EBCT_baja.pdf&amp;source=gmail&amp;ust=1725983478869000&amp;usg=AOvVaw0URS0b-SVWbwIf-NETbN_Y\">https:\/\/vrip.ubiobio.cl\/<wbr \/>wp-content\/uploads\/2024\/03\/<wbr \/>OTL_Portafolio-EBCT_baja.pdf<\/a><\/p><hr \/><p><img decoding=\"async\" src=\"https:\/\/ci3.googleusercontent.com\/meips\/ADKq_NbjGU4VYNgX4pZzNtSDbWqrGiIuv4GxKS1vTVvfRcWb8qdE3g0jM4v3ciT-mYurKJtsXt-_v_dYhgNxIHaKPH3mByx8wBdJpbzgymNLI7mT9JSe6fCu87NB-aK_5Q82RvBYqU4rtoocfM1JrYhWWwRLv6fUOFIvRFovZRE-eIyaTPTScb-zpIdt=s0-d-e1-ft#https:\/\/flashissue.s3.us-east-1.amazonaws.com\/8ZFeNA80SZmjlpvkYt1X_VlJJUF9JbmZvcm1hdGl2b19CYW5uZXJfUG9zdGdyYWRv.jpg\" \/><\/p><h3><span style=\"color: #0b5394;\"><strong>Programas de Postgrados UBB disponibles<\/strong><\/span><\/h3><p><em>\u00a0<\/em><a href=\"http:\/\/postgrados.ubiobio.cl\/\" target=\"_blank\" rel=\"noopener\" data-saferedirecturl=\"https:\/\/www.google.com\/url?q=http:\/\/postgrados.ubiobio.cl\/&amp;source=gmail&amp;ust=1725983478869000&amp;usg=AOvVaw05Mvqa1QuebRCzbFxmNwRH\">http:\/\/postgrados.<wbr \/>ubiobio.cl\/<\/a><\/p><hr \/><p><img decoding=\"async\" src=\"https:\/\/ci3.googleusercontent.com\/meips\/ADKq_NZ1aGcj8JERM0357RJW01KC_bef6XqcLsx7y8tvb-vVFpdgqOOuuRAtPsZFTXwBrNbVKwCFyr7-gL188o80VS4cWHDf5_SOkpXOVWMGwskQdeAVFmfs0VgLZZiSNd7mHT6qz9jo24fABYJ8Q24=s0-d-e1-ft#https:\/\/flashissue.s3.us-east-1.amazonaws.com\/YFBSHtsQMCJK9jFaMUfv_aW5mb3JtYXRpdm8=.jpg\" \/><\/p><h3><span style=\"color: #0b5394;\"><strong>Calendario Anual de Concursos disponibles<\/strong><\/span><\/h3><p>Ver m\u00e1s:\u00a0<a href=\"https:\/\/vrip.ubiobio.cl\/inicio\/calendario-de-concursos\" target=\"_blank\" rel=\"noopener\" data-saferedirecturl=\"https:\/\/www.google.com\/url?q=https:\/\/vrip.ubiobio.cl\/inicio\/calendario-de-concursos&amp;source=gmail&amp;ust=1733225298952000&amp;usg=AOvVaw0FRNFgMJ_1cGx5iVZMBtmT\">https:\/\/vrip.ubiobio.cl\/<wbr \/>inicio\/calendario-de-concursos<\/a><\/p><hr \/>\t\t\t\t\t\t\t\t<\/div>\n\t\t\t\t<\/div>\n\t\t\t\t\t<\/div>\n\t\t<\/div>\n\t\t\t\t<div class=\"elementor-column elementor-col-33 elementor-top-column elementor-element elementor-element-a3b0a58\" data-id=\"a3b0a58\" data-element_type=\"column\" data-e-type=\"column\">\n\t\t\t<div class=\"elementor-widget-wrap\">\n\t\t\t\t\t\t\t<\/div>\n\t\t<\/div>\n\t\t\t\t\t<\/div>\n\t\t<\/section>\n\t\t\t\t<section class=\"elementor-section elementor-top-section elementor-element elementor-element-5e68b69 elementor-section-boxed elementor-section-height-default elementor-section-height-default\" data-id=\"5e68b69\" data-element_type=\"section\" data-e-type=\"section\" data-settings=\"{&quot;_ha_eqh_enable&quot;:false}\">\n\t\t\t\t\t\t<div class=\"elementor-container elementor-column-gap-default\">\n\t\t\t\t\t<div class=\"elementor-column elementor-col-33 elementor-top-column elementor-element elementor-element-feb73eb\" data-id=\"feb73eb\" data-element_type=\"column\" data-e-type=\"column\">\n\t\t\t<div class=\"elementor-widget-wrap\">\n\t\t\t\t\t\t\t<\/div>\n\t\t<\/div>\n\t\t\t\t<div class=\"elementor-column elementor-col-33 elementor-top-column elementor-element elementor-element-bc91de3\" data-id=\"bc91de3\" data-element_type=\"column\" data-e-type=\"column\">\n\t\t\t<div class=\"elementor-widget-wrap elementor-element-populated\">\n\t\t\t\t\t\t<div class=\"elementor-element elementor-element-9f1f03a elementor-widget elementor-widget-text-editor\" data-id=\"9f1f03a\" data-element_type=\"widget\" data-e-type=\"widget\" data-widget_type=\"text-editor.default\">\n\t\t\t\t<div class=\"elementor-widget-container\">\n\t\t\t\t\t\t\t\t\t<table align=\"center\">\n<tbody>\n<tr>\n<td id=\"m_8467858756250299110m_4658873428329236187m_-7901358079350462190gmail-twitter-social-link\"><a href=\"https:\/\/www.twitter.com\/FlashIssue\" target=\"_blank\" rel=\"noopener\" data-saferedirecturl=\"https:\/\/www.google.com\/url?q=https:\/\/www.twitter.com\/FlashIssue&amp;source=gmail&amp;ust=1701886559522000&amp;usg=AOvVaw2YqocBqApBMfCECsazrFYp\"><img decoding=\"async\" class=\"CToWUd alignright\" src=\"https:\/\/ci3.googleusercontent.com\/meips\/ADKq_NZE482hZCyf5-eH5kdodW-i7ynf_Uc3o7Y2qVhkxeaBCGxbbRl4hZDL1bqALThwDN-AV5RNZ6NOZSIkeTJldTdvlbzE_6G1poLwYf9t-LR4fd0q_WAWHZ0f4oGdccihLUnmu9qg=s0-d-e1-ft#https:\/\/app.flashissue.com\/images\/social-icons\/round\/twitter\/grey\/twitter48.png\" data-bit=\"iit\" \/><\/a><\/td>\n<td><\/td>\n<td id=\"m_8467858756250299110m_4658873428329236187m_-7901358079350462190gmail-youtube-social-link\"><a href=\"https:\/\/www.youtube.com\/channel\/UCf7o8yHRJ7Y_QQLxwu1KQgA\" target=\"_blank\" rel=\"noopener\" data-saferedirecturl=\"https:\/\/www.google.com\/url?q=https:\/\/www.youtube.com\/channel\/UCf7o8yHRJ7Y_QQLxwu1KQgA&amp;source=gmail&amp;ust=1701886559523000&amp;usg=AOvVaw0jM7z9DMsgsZI5rYjuzYkv\"><img decoding=\"async\" class=\"CToWUd aligncenter\" src=\"https:\/\/ci3.googleusercontent.com\/meips\/ADKq_NZcx2sA8E3XSq35qpW98I3eb4zPATi0zr1ga9xoEv8HiKSPkRr0My77uw7jNpJiWcrZ-gHmEI2j5re0zjRI8wDsIoJbNevCaWCGyGWLOqc5TP4GPbVwQ1Wro4I6X8LmS5lWPhVl=s0-d-e1-ft#https:\/\/app.flashissue.com\/images\/social-icons\/round\/youtube\/grey\/youtube48.png\" data-bit=\"iit\" \/><\/a><\/td>\n<td><\/td>\n<td id=\"m_8467858756250299110m_4658873428329236187m_-7901358079350462190gmail-instagram-social-link\"><a href=\"https:\/\/www.instagram.com\/vrip_ubb\" target=\"_blank\" rel=\"noopener\" data-saferedirecturl=\"https:\/\/www.google.com\/url?q=https:\/\/www.instagram.com\/vrip_ubb&amp;source=gmail&amp;ust=1701886559523000&amp;usg=AOvVaw2F_KM9oE9lwudPrAZbmCZ0\"><img decoding=\"async\" class=\"CToWUd alignleft\" src=\"https:\/\/ci3.googleusercontent.com\/meips\/ADKq_Nan2m-yF-ZY-b4YK_6CQuSq5MrrQfz9h9uFQOtT_j31UVGd75i-QlY9VCEerAvzU-ywj-3R7trnB7YFhU35_iVsR89He9CXg0XLPQaj0mpctOF8T6RDYYJ9UnbXddwozdfwLo1cnkcc6w=s0-d-e1-ft#https:\/\/app.flashissue.com\/images\/social-icons\/round\/instagram\/grey\/instagram48.png\" data-bit=\"iit\" \/><\/a><\/td>\n<\/tr>\n<\/tbody>\n<\/table>\n<img decoding=\"async\" src=\"https:\/\/ci3.googleusercontent.com\/meips\/ADKq_NaKF-fgJsXFZ_zJQCoYDINB85tkqa3SLNYNXVr7RF7gDTX_gjHBOVPgLRoCVB2ytEuC_QCYcCQEc5o2wednfOInTFO7_6imvAkKPRLqrTdOeW5RmZiOXhLYOU8Z2BXsga_Y5XO26R9TXxqOPl4=s0-d-e1-ft#https:\/\/flashissue.s3.us-east-1.amazonaws.com\/xVesVrgXREOs3TCWMlFA_dXAtZG93bi0wMg==.jpg\" \/>\n<p style=\"text-align: center;\">Vicerrector\u00eda de Investigaci\u00f3n y Postgrado &#8211; Universidad del B\u00edo-B\u00edo<\/p>\n<p style=\"text-align: center;\">Todos los derechos reservados, Av. Collao 1202, Concepci\u00f3n \/ Av. Andr\u00e9s Bello s\/n, Chill\u00e1n<\/p>\n<p style=\"text-align: center;\">Comentarios a:\u00a0<strong><a href=\"mailto:vripcomunicaciones@ubiobio.cl?subject=Comentario%20newsletter\" target=\"_blank\" rel=\"noopener\">vripcomunicaciones@ubiobio.<wbr \/>cl<\/a><\/strong><\/p>\t\t\t\t\t\t\t\t<\/div>\n\t\t\t\t<\/div>\n\t\t\t\t\t<\/div>\n\t\t<\/div>\n\t\t\t\t<div class=\"elementor-column elementor-col-33 elementor-top-column elementor-element elementor-element-c421ef0\" data-id=\"c421ef0\" data-element_type=\"column\" data-e-type=\"column\">\n\t\t\t<div class=\"elementor-widget-wrap\">\n\t\t\t\t\t\t\t<\/div>\n\t\t<\/div>\n\t\t\t\t\t<\/div>\n\t\t<\/section>\n\t\t\t\t<section class=\"elementor-section elementor-top-section elementor-element elementor-element-38f252df elementor-section-boxed elementor-section-height-default elementor-section-height-default\" data-id=\"38f252df\" data-element_type=\"section\" data-e-type=\"section\" data-settings=\"{&quot;_ha_eqh_enable&quot;:false}\">\n\t\t\t\t\t\t<div class=\"elementor-container elementor-column-gap-default\">\n\t\t\t\t\t\t<\/div>\n\t\t<\/section>\n\t\t\t\t<section class=\"elementor-section elementor-top-section elementor-element elementor-element-c05f85d elementor-section-boxed elementor-section-height-default elementor-section-height-default\" data-id=\"c05f85d\" data-element_type=\"section\" data-e-type=\"section\" data-settings=\"{&quot;_ha_eqh_enable&quot;:false}\">\n\t\t\t\t\t\t<div class=\"elementor-container elementor-column-gap-default\">\n\t\t\t\t\t<div class=\"elementor-column elementor-col-100 elementor-top-column elementor-element elementor-element-c588dc1\" data-id=\"c588dc1\" data-element_type=\"column\" data-e-type=\"column\">\n\t\t\t<div class=\"elementor-widget-wrap elementor-element-populated\">\n\t\t\t\t\t\t<div class=\"elementor-element elementor-element-4a24d89 elementor-widget elementor-widget-spacer\" data-id=\"4a24d89\" data-element_type=\"widget\" data-e-type=\"widget\" data-widget_type=\"spacer.default\">\n\t\t\t\t<div class=\"elementor-widget-container\">\n\t\t\t\t\t\t\t<div class=\"elementor-spacer\">\n\t\t\t<div class=\"elementor-spacer-inner\"><\/div>\n\t\t<\/div>\n\t\t\t\t\t\t<\/div>\n\t\t\t\t<\/div>\n\t\t\t\t\t<\/div>\n\t\t<\/div>\n\t\t\t\t\t<\/div>\n\t\t<\/section>\n\t\t\t\t<\/div>\n\t\t","protected":false},"excerpt":{"rendered":"<p>Edici\u00f3n 20 Enero 2025 Jefe de Transferencia y Emprendimiento de la Agencia Nacional de Investigaci\u00f3n y Desarrollo (ANID) visita la UBB En su paso por la Regi\u00f3n del Biob\u00edo, Esteban Zapata Espinoza, jefe de Transferencia y Emprendimiento de la Agencia Nacional de Investigaci\u00f3n y Desarrollo (ANID), visit\u00f3 la Universidad del B\u00edo-B\u00edo. Durante su visita, se&#8230;<\/p>\n","protected":false},"author":1,"featured_media":0,"parent":41711,"menu_order":0,"comment_status":"closed","ping_status":"closed","template":"","meta":{"_kadence_starter_templates_imported_post":false,"_kad_post_transparent":"default","_kad_post_title":"hide","_kad_post_layout":"fullwidth","_kad_post_sidebar_id":"","_kad_post_content_style":"unboxed","_kad_post_vertical_padding":"hide","_kad_post_feature":"hide","_kad_post_feature_position":"","_kad_post_header":false,"_kad_post_footer":false,"footnotes":""},"class_list":["post-48329","page","type-page","status-publish","hentry"],"yoast_head":"<!-- This site is optimized with the Yoast SEO plugin v27.5 - https:\/\/yoast.com\/product\/yoast-seo-wordpress\/ -->\n<title>Informativo VRIP 20 Enero 2025 - VRIP<\/title>\n<meta name=\"robots\" content=\"index, follow, max-snippet:-1, max-image-preview:large, max-video-preview:-1\" \/>\n<link rel=\"canonical\" href=\"https:\/\/vrip.ubiobio.cl\/inicio\/informativos-vrip\/edicion-20-enero-2025\/\" \/>\n<meta property=\"og:locale\" content=\"es_ES\" \/>\n<meta property=\"og:type\" content=\"article\" \/>\n<meta property=\"og:title\" content=\"Informativo VRIP 20 Enero 2025 - VRIP\" \/>\n<meta property=\"og:description\" content=\"Edici\u00f3n 20 Enero 2025 Jefe de Transferencia y Emprendimiento de la Agencia Nacional de Investigaci\u00f3n y Desarrollo (ANID) visita la UBB En su paso por la Regi\u00f3n del Biob\u00edo, Esteban Zapata Espinoza, jefe de Transferencia y Emprendimiento de la Agencia Nacional de Investigaci\u00f3n y Desarrollo (ANID), visit\u00f3 la Universidad del B\u00edo-B\u00edo. Durante su visita, se...\" \/>\n<meta property=\"og:url\" content=\"https:\/\/vrip.ubiobio.cl\/inicio\/informativos-vrip\/edicion-20-enero-2025\/\" \/>\n<meta property=\"og:site_name\" content=\"VRIP\" \/>\n<meta property=\"article:modified_time\" content=\"2025-06-17T13:32:19+00:00\" \/>\n<meta property=\"og:image\" content=\"https:\/\/vrip.ubiobio.cl\/wp-content\/uploads\/2023\/11\/Informativo-VRIP-Banner.jpg\" \/>\n\t<meta property=\"og:image:width\" content=\"834\" \/>\n\t<meta property=\"og:image:height\" content=\"290\" \/>\n\t<meta property=\"og:image:type\" content=\"image\/jpeg\" \/>\n<meta name=\"twitter:card\" content=\"summary_large_image\" \/>\n<meta name=\"twitter:site\" content=\"@vripubb\" \/>\n<meta name=\"twitter:label1\" content=\"Tiempo de lectura\" \/>\n\t<meta name=\"twitter:data1\" content=\"7 minutos\" \/>\n<script type=\"application\/ld+json\" class=\"yoast-schema-graph\">{\"@context\":\"https:\\\/\\\/schema.org\",\"@graph\":[{\"@type\":\"WebPage\",\"@id\":\"https:\\\/\\\/vrip.ubiobio.cl\\\/inicio\\\/informativos-vrip\\\/edicion-20-enero-2025\\\/\",\"url\":\"https:\\\/\\\/vrip.ubiobio.cl\\\/inicio\\\/informativos-vrip\\\/edicion-20-enero-2025\\\/\",\"name\":\"Informativo VRIP 20 Enero 2025 - VRIP\",\"isPartOf\":{\"@id\":\"https:\\\/\\\/vrip.ubiobio.cl\\\/inicio\\\/#website\"},\"primaryImageOfPage\":{\"@id\":\"https:\\\/\\\/vrip.ubiobio.cl\\\/inicio\\\/informativos-vrip\\\/edicion-20-enero-2025\\\/#primaryimage\"},\"image\":{\"@id\":\"https:\\\/\\\/vrip.ubiobio.cl\\\/inicio\\\/informativos-vrip\\\/edicion-20-enero-2025\\\/#primaryimage\"},\"thumbnailUrl\":\"https:\\\/\\\/vrip.ubiobio.cl\\\/wp-content\\\/uploads\\\/2023\\\/11\\\/Informativo-VRIP-Banner.jpg\",\"datePublished\":\"2025-01-20T17:48:05+00:00\",\"dateModified\":\"2025-06-17T13:32:19+00:00\",\"breadcrumb\":{\"@id\":\"https:\\\/\\\/vrip.ubiobio.cl\\\/inicio\\\/informativos-vrip\\\/edicion-20-enero-2025\\\/#breadcrumb\"},\"inLanguage\":\"es\",\"potentialAction\":[{\"@type\":\"ReadAction\",\"target\":[\"https:\\\/\\\/vrip.ubiobio.cl\\\/inicio\\\/informativos-vrip\\\/edicion-20-enero-2025\\\/\"]}]},{\"@type\":\"ImageObject\",\"inLanguage\":\"es\",\"@id\":\"https:\\\/\\\/vrip.ubiobio.cl\\\/inicio\\\/informativos-vrip\\\/edicion-20-enero-2025\\\/#primaryimage\",\"url\":\"https:\\\/\\\/vrip.ubiobio.cl\\\/wp-content\\\/uploads\\\/2023\\\/11\\\/Informativo-VRIP-Banner.jpg\",\"contentUrl\":\"https:\\\/\\\/vrip.ubiobio.cl\\\/wp-content\\\/uploads\\\/2023\\\/11\\\/Informativo-VRIP-Banner.jpg\"},{\"@type\":\"BreadcrumbList\",\"@id\":\"https:\\\/\\\/vrip.ubiobio.cl\\\/inicio\\\/informativos-vrip\\\/edicion-20-enero-2025\\\/#breadcrumb\",\"itemListElement\":[{\"@type\":\"ListItem\",\"position\":1,\"name\":\"Portada\",\"item\":\"https:\\\/\\\/vrip.ubiobio.cl\\\/inicio\\\/\"},{\"@type\":\"ListItem\",\"position\":2,\"name\":\"Informativos VRIP\",\"item\":\"https:\\\/\\\/vrip.ubiobio.cl\\\/inicio\\\/informativos-vrip\\\/\"},{\"@type\":\"ListItem\",\"position\":3,\"name\":\"Informativo VRIP 20 Enero 2025\"}]},{\"@type\":\"WebSite\",\"@id\":\"https:\\\/\\\/vrip.ubiobio.cl\\\/inicio\\\/#website\",\"url\":\"https:\\\/\\\/vrip.ubiobio.cl\\\/inicio\\\/\",\"name\":\"VRIP\",\"description\":\"Vicerrector\u00eda de Investigaci\u00f3n y Postgrado\",\"publisher\":{\"@id\":\"https:\\\/\\\/vrip.ubiobio.cl\\\/inicio\\\/#organization\"},\"potentialAction\":[{\"@type\":\"SearchAction\",\"target\":{\"@type\":\"EntryPoint\",\"urlTemplate\":\"https:\\\/\\\/vrip.ubiobio.cl\\\/inicio\\\/?s={search_term_string}\"},\"query-input\":{\"@type\":\"PropertyValueSpecification\",\"valueRequired\":true,\"valueName\":\"search_term_string\"}}],\"inLanguage\":\"es\"},{\"@type\":\"Organization\",\"@id\":\"https:\\\/\\\/vrip.ubiobio.cl\\\/inicio\\\/#organization\",\"name\":\"VRIP\",\"url\":\"https:\\\/\\\/vrip.ubiobio.cl\\\/inicio\\\/\",\"logo\":{\"@type\":\"ImageObject\",\"inLanguage\":\"es\",\"@id\":\"https:\\\/\\\/vrip.ubiobio.cl\\\/inicio\\\/#\\\/schema\\\/logo\\\/image\\\/\",\"url\":\"https:\\\/\\\/vrip.ubiobio.cl\\\/wp-content\\\/uploads\\\/2022\\\/10\\\/logo-vrip_Mesa-de-trabajo-1.png\",\"contentUrl\":\"https:\\\/\\\/vrip.ubiobio.cl\\\/wp-content\\\/uploads\\\/2022\\\/10\\\/logo-vrip_Mesa-de-trabajo-1.png\",\"width\":642,\"height\":178,\"caption\":\"VRIP\"},\"image\":{\"@id\":\"https:\\\/\\\/vrip.ubiobio.cl\\\/inicio\\\/#\\\/schema\\\/logo\\\/image\\\/\"},\"sameAs\":[\"https:\\\/\\\/x.com\\\/vripubb\",\"https:\\\/\\\/www.instagram.com\\\/vrip_ubb\\\/\",\"https:\\\/\\\/www.youtube.com\\\/channel\\\/UCf7o8yHRJ7Y_QQLxwu1KQgA\",\"https:\\\/\\\/www.linkedin.com\\\/company\\\/96035097\\\/admin\\\/dashboard\\\/\"]}]}<\/script>\n<!-- \/ Yoast SEO plugin. -->","yoast_head_json":{"title":"Informativo VRIP 20 Enero 2025 - VRIP","robots":{"index":"index","follow":"follow","max-snippet":"max-snippet:-1","max-image-preview":"max-image-preview:large","max-video-preview":"max-video-preview:-1"},"canonical":"https:\/\/vrip.ubiobio.cl\/inicio\/informativos-vrip\/edicion-20-enero-2025\/","og_locale":"es_ES","og_type":"article","og_title":"Informativo VRIP 20 Enero 2025 - VRIP","og_description":"Edici\u00f3n 20 Enero 2025 Jefe de Transferencia y Emprendimiento de la Agencia Nacional de Investigaci\u00f3n y Desarrollo (ANID) visita la UBB En su paso por la Regi\u00f3n del Biob\u00edo, Esteban Zapata Espinoza, jefe de Transferencia y Emprendimiento de la Agencia Nacional de Investigaci\u00f3n y Desarrollo (ANID), visit\u00f3 la Universidad del B\u00edo-B\u00edo. Durante su visita, se...","og_url":"https:\/\/vrip.ubiobio.cl\/inicio\/informativos-vrip\/edicion-20-enero-2025\/","og_site_name":"VRIP","article_modified_time":"2025-06-17T13:32:19+00:00","og_image":[{"width":834,"height":290,"url":"https:\/\/vrip.ubiobio.cl\/wp-content\/uploads\/2023\/11\/Informativo-VRIP-Banner.jpg","type":"image\/jpeg"}],"twitter_card":"summary_large_image","twitter_site":"@vripubb","twitter_misc":{"Tiempo de lectura":"7 minutos"},"schema":{"@context":"https:\/\/schema.org","@graph":[{"@type":"WebPage","@id":"https:\/\/vrip.ubiobio.cl\/inicio\/informativos-vrip\/edicion-20-enero-2025\/","url":"https:\/\/vrip.ubiobio.cl\/inicio\/informativos-vrip\/edicion-20-enero-2025\/","name":"Informativo VRIP 20 Enero 2025 - VRIP","isPartOf":{"@id":"https:\/\/vrip.ubiobio.cl\/inicio\/#website"},"primaryImageOfPage":{"@id":"https:\/\/vrip.ubiobio.cl\/inicio\/informativos-vrip\/edicion-20-enero-2025\/#primaryimage"},"image":{"@id":"https:\/\/vrip.ubiobio.cl\/inicio\/informativos-vrip\/edicion-20-enero-2025\/#primaryimage"},"thumbnailUrl":"https:\/\/vrip.ubiobio.cl\/wp-content\/uploads\/2023\/11\/Informativo-VRIP-Banner.jpg","datePublished":"2025-01-20T17:48:05+00:00","dateModified":"2025-06-17T13:32:19+00:00","breadcrumb":{"@id":"https:\/\/vrip.ubiobio.cl\/inicio\/informativos-vrip\/edicion-20-enero-2025\/#breadcrumb"},"inLanguage":"es","potentialAction":[{"@type":"ReadAction","target":["https:\/\/vrip.ubiobio.cl\/inicio\/informativos-vrip\/edicion-20-enero-2025\/"]}]},{"@type":"ImageObject","inLanguage":"es","@id":"https:\/\/vrip.ubiobio.cl\/inicio\/informativos-vrip\/edicion-20-enero-2025\/#primaryimage","url":"https:\/\/vrip.ubiobio.cl\/wp-content\/uploads\/2023\/11\/Informativo-VRIP-Banner.jpg","contentUrl":"https:\/\/vrip.ubiobio.cl\/wp-content\/uploads\/2023\/11\/Informativo-VRIP-Banner.jpg"},{"@type":"BreadcrumbList","@id":"https:\/\/vrip.ubiobio.cl\/inicio\/informativos-vrip\/edicion-20-enero-2025\/#breadcrumb","itemListElement":[{"@type":"ListItem","position":1,"name":"Portada","item":"https:\/\/vrip.ubiobio.cl\/inicio\/"},{"@type":"ListItem","position":2,"name":"Informativos VRIP","item":"https:\/\/vrip.ubiobio.cl\/inicio\/informativos-vrip\/"},{"@type":"ListItem","position":3,"name":"Informativo VRIP 20 Enero 2025"}]},{"@type":"WebSite","@id":"https:\/\/vrip.ubiobio.cl\/inicio\/#website","url":"https:\/\/vrip.ubiobio.cl\/inicio\/","name":"VRIP","description":"Vicerrector\u00eda de Investigaci\u00f3n y Postgrado","publisher":{"@id":"https:\/\/vrip.ubiobio.cl\/inicio\/#organization"},"potentialAction":[{"@type":"SearchAction","target":{"@type":"EntryPoint","urlTemplate":"https:\/\/vrip.ubiobio.cl\/inicio\/?s={search_term_string}"},"query-input":{"@type":"PropertyValueSpecification","valueRequired":true,"valueName":"search_term_string"}}],"inLanguage":"es"},{"@type":"Organization","@id":"https:\/\/vrip.ubiobio.cl\/inicio\/#organization","name":"VRIP","url":"https:\/\/vrip.ubiobio.cl\/inicio\/","logo":{"@type":"ImageObject","inLanguage":"es","@id":"https:\/\/vrip.ubiobio.cl\/inicio\/#\/schema\/logo\/image\/","url":"https:\/\/vrip.ubiobio.cl\/wp-content\/uploads\/2022\/10\/logo-vrip_Mesa-de-trabajo-1.png","contentUrl":"https:\/\/vrip.ubiobio.cl\/wp-content\/uploads\/2022\/10\/logo-vrip_Mesa-de-trabajo-1.png","width":642,"height":178,"caption":"VRIP"},"image":{"@id":"https:\/\/vrip.ubiobio.cl\/inicio\/#\/schema\/logo\/image\/"},"sameAs":["https:\/\/x.com\/vripubb","https:\/\/www.instagram.com\/vrip_ubb\/","https:\/\/www.youtube.com\/channel\/UCf7o8yHRJ7Y_QQLxwu1KQgA","https:\/\/www.linkedin.com\/company\/96035097\/admin\/dashboard\/"]}]}},"_links":{"self":[{"href":"https:\/\/vrip.ubiobio.cl\/inicio\/wp-json\/wp\/v2\/pages\/48329","targetHints":{"allow":["GET"]}}],"collection":[{"href":"https:\/\/vrip.ubiobio.cl\/inicio\/wp-json\/wp\/v2\/pages"}],"about":[{"href":"https:\/\/vrip.ubiobio.cl\/inicio\/wp-json\/wp\/v2\/types\/page"}],"author":[{"embeddable":true,"href":"https:\/\/vrip.ubiobio.cl\/inicio\/wp-json\/wp\/v2\/users\/1"}],"replies":[{"embeddable":true,"href":"https:\/\/vrip.ubiobio.cl\/inicio\/wp-json\/wp\/v2\/comments?post=48329"}],"version-history":[{"count":7,"href":"https:\/\/vrip.ubiobio.cl\/inicio\/wp-json\/wp\/v2\/pages\/48329\/revisions"}],"predecessor-version":[{"id":50511,"href":"https:\/\/vrip.ubiobio.cl\/inicio\/wp-json\/wp\/v2\/pages\/48329\/revisions\/50511"}],"up":[{"embeddable":true,"href":"https:\/\/vrip.ubiobio.cl\/inicio\/wp-json\/wp\/v2\/pages\/41711"}],"wp:attachment":[{"href":"https:\/\/vrip.ubiobio.cl\/inicio\/wp-json\/wp\/v2\/media?parent=48329"}],"curies":[{"name":"wp","href":"https:\/\/api.w.org\/{rel}","templated":true}]}}