{"id":47109,"date":"2024-10-21T20:08:06","date_gmt":"2024-10-21T20:08:06","guid":{"rendered":"https:\/\/vrip.ubiobio.cl\/inicio\/?page_id=47109"},"modified":"2025-06-17T15:45:59","modified_gmt":"2025-06-17T15:45:59","slug":"edicion-21-octubre-2024","status":"publish","type":"page","link":"https:\/\/vrip.ubiobio.cl\/inicio\/informativos-vrip\/edicion-21-octubre-2024\/","title":{"rendered":"Informativo VRIP 21 Octubre 2024"},"content":{"rendered":"\t\t<div data-elementor-type=\"wp-page\" data-elementor-id=\"47109\" class=\"elementor elementor-47109\" data-elementor-settings=\"{&quot;ha_cmc_init_switcher&quot;:&quot;no&quot;}\">\n\t\t\t\t\t\t<section class=\"elementor-section elementor-top-section elementor-element elementor-element-619a71f elementor-section-height-min-height elementor-section-boxed elementor-section-height-default elementor-section-items-middle\" data-id=\"619a71f\" data-element_type=\"section\" data-e-type=\"section\" data-settings=\"{&quot;background_background&quot;:&quot;classic&quot;,&quot;_ha_eqh_enable&quot;:false}\">\n\t\t\t\t\t\t<div class=\"elementor-container elementor-column-gap-default\">\n\t\t\t\t\t<div class=\"elementor-column elementor-col-100 elementor-top-column elementor-element elementor-element-49770de0 elementor-invisible\" data-id=\"49770de0\" data-element_type=\"column\" data-e-type=\"column\" data-settings=\"{&quot;animation&quot;:&quot;slideInDown&quot;}\">\n\t\t\t<div class=\"elementor-widget-wrap elementor-element-populated\">\n\t\t\t\t\t\t<div class=\"elementor-element elementor-element-5c1ba5a3 elementor-widget elementor-widget-heading\" data-id=\"5c1ba5a3\" data-element_type=\"widget\" data-e-type=\"widget\" data-widget_type=\"heading.default\">\n\t\t\t\t<div class=\"elementor-widget-container\">\n\t\t\t\t\t<h3 class=\"elementor-heading-title elementor-size-xl\">Edici\u00f3n 21 Octubre 2024<\/h3>\t\t\t\t<\/div>\n\t\t\t\t<\/div>\n\t\t\t\t\t<\/div>\n\t\t<\/div>\n\t\t\t\t\t<\/div>\n\t\t<\/section>\n\t\t\t\t<section class=\"elementor-section elementor-top-section elementor-element elementor-element-193e492 elementor-section-boxed elementor-section-height-default elementor-section-height-default\" data-id=\"193e492\" data-element_type=\"section\" data-e-type=\"section\" data-settings=\"{&quot;_ha_eqh_enable&quot;:false}\">\n\t\t\t\t\t\t<div class=\"elementor-container elementor-column-gap-default\">\n\t\t\t\t\t<div class=\"elementor-column elementor-col-33 elementor-top-column elementor-element elementor-element-b461630\" data-id=\"b461630\" data-element_type=\"column\" data-e-type=\"column\">\n\t\t\t<div class=\"elementor-widget-wrap\">\n\t\t\t\t\t\t\t<\/div>\n\t\t<\/div>\n\t\t\t\t<div class=\"elementor-column elementor-col-33 elementor-top-column elementor-element elementor-element-2042191\" data-id=\"2042191\" data-element_type=\"column\" data-e-type=\"column\">\n\t\t\t<div class=\"elementor-widget-wrap elementor-element-populated\">\n\t\t\t\t\t\t<div class=\"elementor-element elementor-element-eaf4e0f elementor-widget elementor-widget-image\" data-id=\"eaf4e0f\" data-element_type=\"widget\" data-e-type=\"widget\" data-widget_type=\"image.default\">\n\t\t\t\t<div class=\"elementor-widget-container\">\n\t\t\t\t\t\t\t\t\t\t\t\t\t\t\t<img fetchpriority=\"high\" decoding=\"async\" width=\"834\" height=\"290\" src=\"https:\/\/vrip.ubiobio.cl\/wp-content\/uploads\/2023\/11\/Informativo-VRIP-Banner.jpg\" class=\"attachment-large size-large wp-image-41783\" alt=\"\" srcset=\"https:\/\/vrip.ubiobio.cl\/wp-content\/uploads\/2023\/11\/Informativo-VRIP-Banner.jpg 834w, https:\/\/vrip.ubiobio.cl\/wp-content\/uploads\/2023\/11\/Informativo-VRIP-Banner-380x132.jpg 380w, https:\/\/vrip.ubiobio.cl\/wp-content\/uploads\/2023\/11\/Informativo-VRIP-Banner-768x267.jpg 768w\" sizes=\"(max-width: 834px) 100vw, 834px\" \/>\t\t\t\t\t\t\t\t\t\t\t\t\t\t\t<\/div>\n\t\t\t\t<\/div>\n\t\t\t\t\t<\/div>\n\t\t<\/div>\n\t\t\t\t<div class=\"elementor-column elementor-col-33 elementor-top-column elementor-element elementor-element-efd9d44\" data-id=\"efd9d44\" data-element_type=\"column\" data-e-type=\"column\">\n\t\t\t<div class=\"elementor-widget-wrap\">\n\t\t\t\t\t\t\t<\/div>\n\t\t<\/div>\n\t\t\t\t\t<\/div>\n\t\t<\/section>\n\t\t\t\t<section class=\"elementor-section elementor-top-section elementor-element elementor-element-3970b6e elementor-section-boxed elementor-section-height-default elementor-section-height-default\" data-id=\"3970b6e\" data-element_type=\"section\" data-e-type=\"section\" data-settings=\"{&quot;_ha_eqh_enable&quot;:false}\">\n\t\t\t\t\t\t<div class=\"elementor-container elementor-column-gap-default\">\n\t\t\t\t\t<div class=\"elementor-column elementor-col-33 elementor-top-column elementor-element elementor-element-26c2a57\" data-id=\"26c2a57\" data-element_type=\"column\" data-e-type=\"column\">\n\t\t\t<div class=\"elementor-widget-wrap\">\n\t\t\t\t\t\t\t<\/div>\n\t\t<\/div>\n\t\t\t\t<div class=\"elementor-column elementor-col-33 elementor-top-column elementor-element elementor-element-279be1bf\" data-id=\"279be1bf\" data-element_type=\"column\" data-e-type=\"column\">\n\t\t\t<div class=\"elementor-widget-wrap elementor-element-populated\">\n\t\t\t\t\t\t<div class=\"elementor-element elementor-element-cb53f68 elementor-widget elementor-widget-text-editor\" data-id=\"cb53f68\" data-element_type=\"widget\" data-e-type=\"widget\" data-widget_type=\"text-editor.default\">\n\t\t\t\t<div class=\"elementor-widget-container\">\n\t\t\t\t\t\t\t\t\t<p><img decoding=\"async\" src=\"https:\/\/flashissue.s3.us-east-1.amazonaws.com\/DWjf3esRimPbkC2ye7ow_MQ==.png\" \/><\/p><h3><span style=\"color: #0b5394;\"><strong>Exitosa presentaci\u00f3n de la Universidad del B\u00edo-B\u00edo en Feria Internacional de la Construcci\u00f3n, Edifica 2024<\/strong><\/span><\/h3><p>Durante tres d\u00edas (15 al 17 de oct) la Universidad del B\u00edo-B\u00edo, fue invitada por la C\u00e1mara Chilena de la Construcci\u00f3n, CChC, a participar en la Feria Internacional de la Construcci\u00f3n, Edifica 2024, oportunidad en la que se dio a conocer la Impresora 3D y su oferta acad\u00e9mica relacionada a esta tem\u00e1tica que incluye nuevos paradigmas en la Construcci\u00f3n.<\/p><p><em>Ver m\u00e1s<\/em>:\u00a0<a href=\"https:\/\/vrip.ubiobio.cl\/inicio\/noticias\/exitosa-presentacion-de-la-universidad-del-bio-bio-en-la-feria-internacional-de-la-construccion-edifica-2024\/\" target=\"_blank\" rel=\"noopener\" data-saferedirecturl=\"https:\/\/www.google.com\/url?q=https:\/\/vrip.ubiobio.cl\/inicio\/noticias\/exitosa-presentacion-de-la-universidad-del-bio-bio-en-la-feria-internacional-de-la-construccion-edifica-2024\/&amp;source=gmail&amp;ust=1729627376950000&amp;usg=AOvVaw1TM0dCgRbk1nd68twM1f36\">https:\/\/vrip.ubiobio.cl\/<wbr \/>inicio\/noticias\/exitosa-<wbr \/>presentacion-de-la-<wbr \/>universidad-del-bio-bio-en-la-<wbr \/>feria-internacional-de-la-<wbr \/>construccion-edifica-2024\/<\/a><\/p><hr \/><p><img decoding=\"async\" src=\"https:\/\/flashissue.s3.us-east-1.amazonaws.com\/9b0PYCTpTDaKVWOv2ERI_Mg==.png\" \/><\/p><h3><span style=\"color: #0b5394;\"><strong>Proyecto de investigaci\u00f3n aplicada UBB entrega nuevas funcionalidades a la madera<\/strong><\/span><\/h3><p>En el Auditorio de Ingenier\u00eda en Maderas se desarroll\u00f3 este viernes 18 de octubre el cierre del proyecto Fondef ID22I10198: \u201cProcedimiento RFV\/MTM para productos de madera de alto valor\u201d dirigido por el Dr. Rub\u00e9n Anan\u00edas Abuter; del Departamento de Ingenier\u00eda en Maderas, de la Facultad de Ingenier\u00eda, una iniciativa apoyada por la Agencia Nacional de Investigaci\u00f3n y Desarrollo, ANID.<\/p><p><em>Ver m\u00e1s<\/em>:\u00a0<a href=\"https:\/\/vrip.ubiobio.cl\/inicio\/noticias\/proyecto-de-investigacion-aplicada-ubb-entrega-nuevas-funcionalidades-a-la-madera\/\" target=\"_blank\" rel=\"noopener\" data-saferedirecturl=\"https:\/\/www.google.com\/url?q=https:\/\/vrip.ubiobio.cl\/inicio\/noticias\/proyecto-de-investigacion-aplicada-ubb-entrega-nuevas-funcionalidades-a-la-madera\/&amp;source=gmail&amp;ust=1729627376950000&amp;usg=AOvVaw1JYTEHRrV9UcNNrrrhYjRX\">https:\/\/vrip.ubiobio.cl\/<wbr \/>inicio\/noticias\/proyecto-de-<wbr \/>investigacion-aplicada-ubb-<wbr \/>entrega-nuevas-<wbr \/>funcionalidades-a-la-madera\/<\/a><\/p><hr \/><p><img decoding=\"async\" src=\"https:\/\/flashissue.s3.us-east-1.amazonaws.com\/HqkM7QWyTYaFXXm8XqMp_Mw==.png\" \/><\/p><h3><span style=\"color: #0b5394;\"><strong>OTL y CORFO realizan nuevo Matchmaking en la UBB<\/strong><\/span><\/h3><p>Este jueves 17 de octubre, en el sal\u00f3n de reuniones del CETI, se llev\u00f3 a cabo un nuevo encuentro denominado Matchmaking, impulsados por la Oficina de Transferencia y Licenciamiento (OTL-UBB) y CORFO, oportunidad en la que participaron representantes de empresas e investigadores UBB, quienes fueron invitados para hacer \u201cmatch\u201d, explorando posibles asociaciones en la creaci\u00f3n y\/o consolidaci\u00f3n de nuevos emprendimientos.<\/p><p><em>Ver m\u00e1s<\/em>:\u00a0<a href=\"https:\/\/vrip.ubiobio.cl\/inicio\/noticias\/otl-y-corfo-realizan-nuevo-matchmaking-en-la-ubb\/\" target=\"_blank\" rel=\"noopener\" data-saferedirecturl=\"https:\/\/www.google.com\/url?q=https:\/\/vrip.ubiobio.cl\/inicio\/noticias\/otl-y-corfo-realizan-nuevo-matchmaking-en-la-ubb\/&amp;source=gmail&amp;ust=1729627376950000&amp;usg=AOvVaw03lqxIOJR3otqUC1MPrFNO\">https:\/\/vrip.ubiobio.cl\/<wbr \/>inicio\/noticias\/otl-y-corfo-<wbr \/>realizan-nuevo-matchmaking-en-<wbr \/>la-ubb\/<\/a><\/p><hr \/><p><img decoding=\"async\" src=\"https:\/\/flashissue.s3.us-east-1.amazonaws.com\/Flw2Vu71Tm6AsntE3JTh_Ng==.png\" \/><\/p><h3><span style=\"color: #0b5394;\"><strong>Encuentro EPANUM 2024, permiti\u00f3 resaltar l\u00edneas de investigaci\u00f3n de los programas de Postgrados en Matem\u00e1tica de las universidades, UBB, UCSC y UdeC<\/strong><\/span><\/h3><p>El objetivo de este encuentro fue informar a estudiantes chilenos y extranjeros, acerca de la l\u00ednea de An\u00e1lisis Num\u00e9rico de Ecuaciones Diferenciales Parciales (AN de EDPs) que se desarrolla en los programas de postgrado en Matem\u00e1tica Aplicada que dictan las tres principales universidades de las regiones de Biob\u00edo y \u00d1uble, de las cuales los organizadores son acad\u00e9micos: Universidad de Concepci\u00f3n (UdeC), Universidad del B\u00edo-B\u00edo (UBB) y Universidad Cat\u00f3lica de la Sant\u00edsima Concepci\u00f3n (UCSC).<\/p><p><em>Ver m\u00e1s<\/em>:\u00a0<a href=\"https:\/\/vrip.ubiobio.cl\/inicio\/noticias\/encuentro-epanum-2024-permitio-resaltar-lineas-de-investigacion-de-los-programas-de-postgrados-en-matematica-de-las-universidades-ubb-ucsc-y-udec\" target=\"_blank\" rel=\"noopener\" data-saferedirecturl=\"https:\/\/www.google.com\/url?q=https:\/\/vrip.ubiobio.cl\/inicio\/noticias\/encuentro-epanum-2024-permitio-resaltar-lineas-de-investigacion-de-los-programas-de-postgrados-en-matematica-de-las-universidades-ubb-ucsc-y-udec&amp;source=gmail&amp;ust=1729627376950000&amp;usg=AOvVaw3A2S-f_8AR4HiBXyr9ibAE\">https:\/\/vrip.ubiobio.cl\/<wbr \/>inicio\/noticias\/encuentro-<wbr \/>epanum-2024-permitio-resaltar-<wbr \/>lineas-de-investigacion-de-<wbr \/>los-programas-de-postgrados-<wbr \/>en-matematica-de-las-<wbr \/>universidades-ubb-ucsc-y-udec<\/a><\/p><hr \/><p><img decoding=\"async\" src=\"https:\/\/flashissue.s3.us-east-1.amazonaws.com\/yRVJPdVIRpmyoTBddJem_Nw==.png\" \/><\/p><h3><span style=\"color: #0b5394;\"><strong>Encuentro regional en \u00d1uble permiti\u00f3 promocionar el mercado de los cerezos, ar\u00e1ndanos y productos c\u00e1rnicos<\/strong><\/span><\/h3><p>La actividad impulsada por la fundaci\u00f3n de Grupos de Transferencia Tecnol\u00f3gica (GTT) se llev\u00f3 a cabo en el Liceo Agr\u00edcola de Cato, bajo la modalidad de \u201cD\u00eda de Campo\u201d, con el objetivo de conocer y promocionar las tendencias del mercado de cerezos, ar\u00e1ndanos y productos c\u00e1rnicos, lo que permiti\u00f3 reunir a diversos actores del ecosistema rural en colaboraci\u00f3n entre empresarios y acad\u00e9micos que trabajan en investigaciones de dichas \u00e1reas.<\/p><p><em>Ver m\u00e1s<\/em>:\u00a0<a href=\"https:\/\/vrip.ubiobio.cl\/inicio\/noticias\/encuentro-regional-en-nuble-permitio-promocionar-el-mercado-de-los-cerezos-arandanos-y-productos-carnicos\" target=\"_blank\" rel=\"noopener\" data-saferedirecturl=\"https:\/\/www.google.com\/url?q=https:\/\/vrip.ubiobio.cl\/inicio\/noticias\/encuentro-regional-en-nuble-permitio-promocionar-el-mercado-de-los-cerezos-arandanos-y-productos-carnicos&amp;source=gmail&amp;ust=1729627376950000&amp;usg=AOvVaw3Y_V-7UK8zGk_1TMXyKKVZ\">https:\/\/vrip.ubiobio.cl\/<wbr \/>inicio\/noticias\/encuentro-<wbr \/>regional-en-nuble-permitio-<wbr \/>promocionar-el-mercado-de-los-<wbr \/>cerezos-arandanos-y-productos-<wbr \/>carnicos<\/a><\/p><hr \/><p><img decoding=\"async\" src=\"https:\/\/flashissue.s3.us-east-1.amazonaws.com\/PDaGb3DQSaVGbQNiEXNA_MQ==.png\" \/><\/p><h3><span style=\"color: #0b5394;\"><strong>Acad\u00e9mico FACSA recibe el Premio Categor\u00eda Trayectoria del Colegio de Ingenieros de Alimentos de Chile 2024<\/strong><\/span><\/h3><p>El acad\u00e9mico del Departamento de Ingenier\u00eda en Alimentos de la Facultad de Ciencias de la Salud y de los Alimentos, Dr. Guillermo Petzold Maldonado, fue galardonado con el Premio Categor\u00eda Trayectoria del Colegio de Ingenieros de Alimentos de Chile 2024.<\/p><p><em>Ver m\u00e1s<\/em>:\u00a0<a href=\"https:\/\/noticias.ubiobio.cl\/2024\/10\/16\/academico-facsa-recibe-el-premio-categoria-trayectoria-del-colegio-de-ingenieros-de-alimentos-de-chile-2024\/\" target=\"_blank\" rel=\"noopener\" data-saferedirecturl=\"https:\/\/www.google.com\/url?q=https:\/\/noticias.ubiobio.cl\/2024\/10\/16\/academico-facsa-recibe-el-premio-categoria-trayectoria-del-colegio-de-ingenieros-de-alimentos-de-chile-2024\/&amp;source=gmail&amp;ust=1729627376950000&amp;usg=AOvVaw0soRrN1mV17V8L_V5OZisP\">https:\/\/noticias.ubiobio.<wbr \/>cl\/2024\/10\/16\/academico-facsa-<wbr \/>recibe-el-premio-categoria-<wbr \/>trayectoria-del-colegio-de-<wbr \/>ingenieros-de-alimentos-de-<wbr \/>chile-2024\/<\/a><\/p><hr \/><p><img decoding=\"async\" src=\"https:\/\/flashissue.s3.us-east-1.amazonaws.com\/Jdbujq9SPCYFqZgK7nWg_Mg==.png\" \/><\/p><h3><span style=\"color: #0b5394;\"><strong>Grupo de Investigaci\u00f3n UBB inicia tercera versi\u00f3n del programa de inmersi\u00f3n en habilidades del siglo XXI para j\u00f3venes mapuche<\/strong><\/span><\/h3><p>En la Provincia de Arauco, Regi\u00f3n del Biob\u00edo, los acad\u00e9micos\u00a0<em>del Departamento de Ciencias de la Educaci\u00f3n,<\/em>\u00a0Dr. H\u00e9ctor Torres Cuevas y Dr. Miguel Friz Carrillo se encuentran liderando la implementaci\u00f3n de la<strong>\u00a0<\/strong>tercera versi\u00f3n del programa de inmersi\u00f3n en habilidades del siglo XXI para j\u00f3venes mapuche.<\/p><p><em>Ver m\u00e1s<\/em>:\u00a0<a href=\"https:\/\/noticias.ubiobio.cl\/2024\/10\/18\/grupo-de-investigacion-ubb-inicia-programa-de-inmersion-en-habilidades-del-siglo-xxi-para-jovenes-mapuche\/\" target=\"_blank\" rel=\"noopener\" data-saferedirecturl=\"https:\/\/www.google.com\/url?q=https:\/\/noticias.ubiobio.cl\/2024\/10\/18\/grupo-de-investigacion-ubb-inicia-programa-de-inmersion-en-habilidades-del-siglo-xxi-para-jovenes-mapuche\/&amp;source=gmail&amp;ust=1729627376950000&amp;usg=AOvVaw0b7Hzz402GOdrMWl0HTlgO\">https:\/\/noticias.ubiobio.<wbr \/>cl\/2024\/10\/18\/grupo-de-<wbr \/>investigacion-ubb-inicia-<wbr \/>programa-de-inmersion-en-<wbr \/>habilidades-del-siglo-xxi-<wbr \/>para-jovenes-mapuche\/<\/a><\/p><hr \/><p><img decoding=\"async\" src=\"https:\/\/flashissue.s3.us-east-1.amazonaws.com\/X2Qyl7y5QECTJESP3OdT_NQ==.png\" \/><\/p><h3><span style=\"color: #0b5394;\"><strong>Estudiante de Doctorado en Ingenier\u00eda\u00a0UBB, obtuvo el 1er lugar en concurso que se enmarca en la Semana de la Madera de CORMA<\/strong><\/span><\/h3><p>Se trata del estudiante de Doctorado en Ingenier\u00eda, Alan Jara Cisternas,\u00a0quien, bajo la direcci\u00f3n del\u00a0acad\u00e9mico del Departamento de Ingenier\u00eda Civil y Ambiental, Dr. Alexander Opazo, obtuvo el primer lugar en la categor\u00eda Ingenier\u00eda y Construcci\u00f3n, en el marco de la Semana de la Madera impulsado por CORMA.<\/p><p><em>Ver m\u00e1s<\/em>:\u00a0<a href=\"https:\/\/noticias.ubiobio.cl\/2024\/10\/14\/estudiante-de-doctorado-en-ingenieria-ubb-obtuvo-el-1er-lugar-en-concurso-que-se-enmarca-en-la-semana-de-la-madera-de-corma\/\" target=\"_blank\" rel=\"noopener\" data-saferedirecturl=\"https:\/\/www.google.com\/url?q=https:\/\/noticias.ubiobio.cl\/2024\/10\/14\/estudiante-de-doctorado-en-ingenieria-ubb-obtuvo-el-1er-lugar-en-concurso-que-se-enmarca-en-la-semana-de-la-madera-de-corma\/&amp;source=gmail&amp;ust=1729627376950000&amp;usg=AOvVaw29x84D7oTteBaqAZySXynb\">https:\/\/noticias.ubiobio.<wbr \/>cl\/2024\/10\/14\/estudiante-de-<wbr \/>doctorado-en-ingenieria-ubb-<wbr \/>obtuvo-el-1er-lugar-en-<wbr \/>concurso-que-se-enmarca-en-la-<wbr \/>semana-de-la-madera-de-corma\/<\/a><\/p><p><img decoding=\"async\" src=\"https:\/\/flashissue.s3.us-east-1.amazonaws.com\/5ViSzodKSEWMiY63rl3K_Mw==.png\" \/><\/p><h3><span style=\"color: #0b5394;\"><strong>Proyecto FIC UBB impulsa apoyo integral a ni\u00f1os, ni\u00f1as y adolescentes de 6 residencias de protecci\u00f3n de \u00d1uble<\/strong><\/span><\/h3><p>Convocados por la decana de la Facultad de Educaci\u00f3n y Humanidades Dra. Fancy Castro Rubilar, un equipo de acad\u00e9micos de la facultad en alianza con acad\u00e9micos de la Facultad de Ciencias Empresariales, postularon y adjudicaron este importante proyecto. El acad\u00e9mico del Departamento de Ciencias Sociales UBB Mg. Marcelo Gallegos Fuentes, quien lidera la iniciativa, destac\u00f3 la pertinencia y necesidad del mismo, toda vez que \u201c\u00d1uble es una de las regiones con mayores \u00edndices de vulneraci\u00f3n de derechos de ni\u00f1os, ni\u00f1as y j\u00f3venes del pa\u00eds\u201d.<\/p><p><em>Ver m\u00e1s<\/em>:\u00a0<a href=\"https:\/\/noticias.ubiobio.cl\/2024\/10\/10\/proyecto-fic-ubb-impulsa-apoyo-integral-a-ninos-ninas-y-adolescentes-de-6-residencias-de-proteccion-de-nuble\/\" target=\"_blank\" rel=\"noopener\" data-saferedirecturl=\"https:\/\/www.google.com\/url?q=https:\/\/noticias.ubiobio.cl\/2024\/10\/10\/proyecto-fic-ubb-impulsa-apoyo-integral-a-ninos-ninas-y-adolescentes-de-6-residencias-de-proteccion-de-nuble\/&amp;source=gmail&amp;ust=1729627376950000&amp;usg=AOvVaw0N2hXUHY2Fl_AnkoD0M9mp\">https:\/\/noticias.ubiobio.<wbr \/>cl\/2024\/10\/10\/proyecto-fic-<wbr \/>ubb-impulsa-apoyo-integral-a-<wbr \/>ninos-ninas-y-adolescentes-de-<wbr \/>6-residencias-de-proteccion-<wbr \/>de-nuble\/<\/a><\/p><hr \/><p><img decoding=\"async\" src=\"https:\/\/flashissue.s3.us-east-1.amazonaws.com\/b7hRiyVJR4mYVEnrOG5x_OA==.png\" \/><\/p><h3><span style=\"color: #0b5394;\"><strong>Acad\u00e9mica UBB expuso sobre IA en contextos de simulaci\u00f3n en Congreso de la Sociedad Argentina de Simulaci\u00f3n Cl\u00ednica<\/strong><\/span><\/h3><p>Un destacado cometido tuvo la acad\u00e9mica del Departamento de Ciencias de la Rehabilitaci\u00f3n en Salud de la Facultad de Ciencias de la Salud y de los Alimentos, Dra. M\u00f3nica Cardona Valencia, en el tercer Congreso Argentino de Simulaci\u00f3n Cl\u00ednica y Seguridad del Paciente convocado por la Sociedad Argentina de Simulaci\u00f3n Cl\u00ednica, SASIM.<\/p><p><em>Ver m\u00e1s<\/em>:\u00a0<a href=\"https:\/\/noticias.ubiobio.cl\/2024\/10\/09\/academica-ubb-expuso-sobre-ia-en-contextos-de-simulacion-en-congreso-de-la-sociedad-argentina-de-simulacion-clinica\/\" target=\"_blank\" rel=\"noopener\" data-saferedirecturl=\"https:\/\/www.google.com\/url?q=https:\/\/noticias.ubiobio.cl\/2024\/10\/09\/academica-ubb-expuso-sobre-ia-en-contextos-de-simulacion-en-congreso-de-la-sociedad-argentina-de-simulacion-clinica\/&amp;source=gmail&amp;ust=1729627376950000&amp;usg=AOvVaw0_6pb1TBnh9YH0NYnEFlSr\">https:\/\/noticias.ubiobio.<wbr \/>cl\/2024\/10\/09\/academica-ubb-<wbr \/>expuso-sobre-ia-en-contextos-<wbr \/>de-simulacion-en-congreso-de-<wbr \/>la-sociedad-argentina-de-<wbr \/>simulacion-clinica\/<\/a><\/p><hr \/><p><img decoding=\"async\" src=\"https:\/\/flashissue.s3.us-east-1.amazonaws.com\/al2uhtS2iglR5PNDtCwo_NA==.png\" \/><\/p><h3><span style=\"color: #0b5394;\"><strong>Exposici\u00f3n Atracciones II complementa ciencia y arte en Galer\u00eda FEDUH del campus La Castilla<\/strong><\/span><\/h3><p>Ocho obras componen esta muestra en la Facultad de Educaci\u00f3n y Humanidades. A trav\u00e9s de sus conocimientos, acad\u00e9micos UBB inspiran a artistas y artesanas de \u00d1uble.<\/p><p><em>Ver m\u00e1s<\/em>:\u00a0<a href=\"https:\/\/noticias.ubiobio.cl\/2024\/10\/09\/exposicion-atracciones-ii-complementa-ciencia-y-arte-en-galeria-feduh-del-campus-la-castilla\/\" target=\"_blank\" rel=\"noopener\" data-saferedirecturl=\"https:\/\/www.google.com\/url?q=https:\/\/noticias.ubiobio.cl\/2024\/10\/09\/exposicion-atracciones-ii-complementa-ciencia-y-arte-en-galeria-feduh-del-campus-la-castilla\/&amp;source=gmail&amp;ust=1729627376950000&amp;usg=AOvVaw1aYtS4j_lZGi4EYP2UYsBb\">https:\/\/noticias.ubiobio.<wbr \/>cl\/2024\/10\/09\/exposicion-<wbr \/>atracciones-ii-complementa-<wbr \/>ciencia-y-arte-en-galeria-<wbr \/>feduh-del-campus-la-castilla\/<\/a><\/p><hr \/>\t\t\t\t\t\t\t\t<\/div>\n\t\t\t\t<\/div>\n\t\t\t\t\t<\/div>\n\t\t<\/div>\n\t\t\t\t<div class=\"elementor-column elementor-col-33 elementor-top-column elementor-element elementor-element-4029fc3\" data-id=\"4029fc3\" data-element_type=\"column\" data-e-type=\"column\">\n\t\t\t<div class=\"elementor-widget-wrap\">\n\t\t\t\t\t\t\t<\/div>\n\t\t<\/div>\n\t\t\t\t\t<\/div>\n\t\t<\/section>\n\t\t\t\t<section class=\"elementor-section elementor-top-section elementor-element elementor-element-a485fdf elementor-section-boxed elementor-section-height-default elementor-section-height-default\" data-id=\"a485fdf\" data-element_type=\"section\" data-e-type=\"section\" data-settings=\"{&quot;_ha_eqh_enable&quot;:false}\">\n\t\t\t\t\t\t<div class=\"elementor-container elementor-column-gap-default\">\n\t\t\t\t\t<div class=\"elementor-column elementor-col-33 elementor-top-column elementor-element elementor-element-ece34e2\" data-id=\"ece34e2\" data-element_type=\"column\" data-e-type=\"column\">\n\t\t\t<div class=\"elementor-widget-wrap\">\n\t\t\t\t\t\t\t<\/div>\n\t\t<\/div>\n\t\t\t\t<div class=\"elementor-column elementor-col-33 elementor-top-column elementor-element elementor-element-c4e8f33\" data-id=\"c4e8f33\" data-element_type=\"column\" data-e-type=\"column\">\n\t\t\t<div class=\"elementor-widget-wrap elementor-element-populated\">\n\t\t\t\t\t\t<div class=\"elementor-element elementor-element-1f67c8a elementor-widget elementor-widget-heading\" data-id=\"1f67c8a\" data-element_type=\"widget\" data-e-type=\"widget\" data-widget_type=\"heading.default\">\n\t\t\t\t<div class=\"elementor-widget-container\">\n\t\t\t\t\t<h1 class=\"elementor-heading-title elementor-size-default\">Informaci\u00f3n VRIP<\/h1>\t\t\t\t<\/div>\n\t\t\t\t<\/div>\n\t\t\t\t\t<\/div>\n\t\t<\/div>\n\t\t\t\t<div class=\"elementor-column elementor-col-33 elementor-top-column elementor-element elementor-element-1f18c8e\" data-id=\"1f18c8e\" data-element_type=\"column\" data-e-type=\"column\">\n\t\t\t<div class=\"elementor-widget-wrap\">\n\t\t\t\t\t\t\t<\/div>\n\t\t<\/div>\n\t\t\t\t\t<\/div>\n\t\t<\/section>\n\t\t\t\t<section class=\"elementor-section elementor-top-section elementor-element elementor-element-1e7212e elementor-section-boxed elementor-section-height-default elementor-section-height-default\" data-id=\"1e7212e\" data-element_type=\"section\" data-e-type=\"section\" data-settings=\"{&quot;_ha_eqh_enable&quot;:false}\">\n\t\t\t\t\t\t<div class=\"elementor-container elementor-column-gap-default\">\n\t\t\t\t\t<div class=\"elementor-column elementor-col-33 elementor-top-column elementor-element elementor-element-229f337\" data-id=\"229f337\" data-element_type=\"column\" data-e-type=\"column\">\n\t\t\t<div class=\"elementor-widget-wrap\">\n\t\t\t\t\t\t\t<\/div>\n\t\t<\/div>\n\t\t\t\t<div class=\"elementor-column elementor-col-33 elementor-top-column elementor-element elementor-element-43ea34f\" data-id=\"43ea34f\" data-element_type=\"column\" data-e-type=\"column\">\n\t\t\t<div class=\"elementor-widget-wrap elementor-element-populated\">\n\t\t\t\t\t\t<div class=\"elementor-element elementor-element-aa044e2 elementor-widget elementor-widget-text-editor\" data-id=\"aa044e2\" data-element_type=\"widget\" data-e-type=\"widget\" data-widget_type=\"text-editor.default\">\n\t\t\t\t<div class=\"elementor-widget-container\">\n\t\t\t\t\t\t\t\t\t<p><img decoding=\"async\" src=\"https:\/\/flashissue.s3.us-east-1.amazonaws.com\/DdxDQZLMTRCeSbHCd5vB_RElfQ29uY3Vyc29zIDI0X0luZm9ybWF0aXZv.jpg\" \/><\/p><h3><span style=\"color: #0b5394;\"><strong>Concursos Internos D<span style=\"color: #0b5394;\">irecci\u00f3n de Inno<\/span>vaci\u00f3n<\/strong><\/span><\/h3><p>Bases e informaci\u00f3n:\u00a0<a href=\"https:\/\/vrip.ubiobio.cl\/inicio\/concursos-internos-di2024\/\" target=\"_blank\" rel=\"noopener\" data-saferedirecturl=\"https:\/\/www.google.com\/url?q=https:\/\/vrip.ubiobio.cl\/inicio\/concursos-internos-di2024\/&amp;source=gmail&amp;ust=1728478638972000&amp;usg=AOvVaw1anNtSqnP180ritTpdZOcg\">https:\/\/vrip.<wbr \/>ubiobio.cl\/inicio\/concursos-<wbr \/>internos-di2024\/<\/a><\/p><hr \/><p><img decoding=\"async\" src=\"https:\/\/flashissue.s3.us-east-1.amazonaws.com\/PCKQ8IDRyiqBzQdecNoA_RElDUkVBX0VxdWlwYW1pZW50byAyMDI0X0luZm9ybWF0aXZv.jpg\" \/><\/p><h3><span style=\"color: #0b5394;\"><strong>Concurso Equipamiento Cient\u00edfico-tecnol\u00f3gico 2024<\/strong><\/span><\/h3><p>Postulaciones:\u00a0<a href=\"mailto:postulaciones-dicrea@ubiobio.cl\" target=\"_blank\" rel=\"noopener\">postulaciones-<wbr \/>dicrea@ubiobio.cl<\/a><\/p><p>Ver m\u00e1s:\u00a0<a href=\"https:\/\/vrip.ubiobio.cl\/inicio\/concurso-adquisicion-mantenimiento-y-reposicion-de-equipamiento-cientifico-tecnologico-2024\/\" target=\"_blank\" rel=\"noopener\" data-saferedirecturl=\"https:\/\/www.google.com\/url?q=https:\/\/vrip.ubiobio.cl\/inicio\/concurso-adquisicion-mantenimiento-y-reposicion-de-equipamiento-cientifico-tecnologico-2024\/&amp;source=gmail&amp;ust=1728478638972000&amp;usg=AOvVaw1dHXLFid5YvyeNHYbZ6L5v\">https:\/\/vrip.ubiobio.cl\/<wbr \/>inicio\/concurso-adquisicion-<wbr \/>mantenimiento-y-reposicion-de-<wbr \/>equipamiento-cientifico-<wbr \/>tecnologico-2024\/<\/a><\/p><hr \/><p><img decoding=\"async\" src=\"https:\/\/flashissue.s3.us-east-1.amazonaws.com\/QiqHtRLi7YJBMNRSkAbq_Mw==.png\" \/><\/p><h3><span style=\"color: #0b5394;\"><strong>Apertura del \u00abConcurso Proyectos de Creaci\u00f3n Art\u00edstica 2024\u00bb<\/strong><\/span><\/h3><p><em>Ver m\u00e1s<\/em>:\u00a0<a href=\"https:\/\/vrip.ubiobio.cl\/\" target=\"_blank\" rel=\"noopener\" data-saferedirecturl=\"https:\/\/www.google.com\/url?q=https:\/\/vrip.ubiobio.cl\/&amp;source=gmail&amp;ust=1729627376951000&amp;usg=AOvVaw3ebkxYRTdnR2I3ChkUVQcH\">https:\/\/vrip.ubiobio.cl\/<\/a>\u00a0<wbr \/>|\u00a0<a href=\"mailto:postulaciones-dicrea@ubiobio.cl\" target=\"_blank\" rel=\"noopener\">postulaciones-dicrea@ubiobio.<wbr \/>cl<\/a><\/p><hr \/><p><img decoding=\"async\" src=\"https:\/\/flashissue.s3.us-east-1.amazonaws.com\/JOoZ7pHGQ9SlWDzHRww6_NA==.png\" \/><\/p><h3><span style=\"color: #0b5394;\"><strong>Concurso \u201cProyectos de Investigaci\u00f3n en Docencia y Aprendizaje UBB 2025\u201d<\/strong><\/span><\/h3><p><em>Ver m\u00e1s<\/em>:\u00a0<a href=\"http:\/\/petra.ubiobio.cl\/pproyectos\" target=\"_blank\" rel=\"noopener\" data-saferedirecturl=\"https:\/\/www.google.com\/url?q=http:\/\/petra.ubiobio.cl\/pproyectos&amp;source=gmail&amp;ust=1729627376951000&amp;usg=AOvVaw1HukZAT8WnlnM89_u5jJ4e\">http:\/\/petra.ubiobio.cl\/<wbr \/>pproyectos<\/a><br \/>Bases y formularios en\u00a0<a href=\"http:\/\/pida.ubiobio.cl\/\" target=\"_blank\" rel=\"noopener\" data-saferedirecturl=\"https:\/\/www.google.com\/url?q=http:\/\/pida.ubiobio.cl&amp;source=gmail&amp;ust=1729627376951000&amp;usg=AOvVaw1o349-0xz9sDtN0JEN3Rma\">pida.ubiobio.cl<\/a>\u00a0y\u00a0<a href=\"http:\/\/vrip.ubiobio.cl\/\" target=\"_blank\" rel=\"noopener\" data-saferedirecturl=\"https:\/\/www.google.com\/url?q=http:\/\/vrip.ubiobio.cl&amp;source=gmail&amp;ust=1729627376951000&amp;usg=AOvVaw2dUX4OI-TOncJqcxqyMMS3\">vrip.ubiobio.cl<\/a> | \u00a0<a href=\"mailto:pida@ubiobio.cl\" target=\"_blank\" rel=\"noopener\">pida@ubiobio.cl<\/a><\/p><hr \/><p><img decoding=\"async\" src=\"https:\/\/flashissue.s3.us-east-1.amazonaws.com\/LKAhW3hQRKunkZyvL4u2_MQ==.png\" \/><\/p><h3><span style=\"color: #0b5394;\"><strong>11ma\u00a0c\u00e1psula\u00a0de Ciencia Abierta UBB: \u00abDatos de investigaci\u00f3n\u00bb<\/strong><\/span><\/h3><p>\u00bfSab\u00edas que la UBB est\u00e1 ejecutando un proyecto de Ciencia Abierta? Te gustar\u00eda saber m\u00e1s acerca de este movimiento? Les invitamos a visualizar nuestra und\u00e9cima c\u00e1psula de Ciencia Abierta UBB.<\/p><p>Cada dos semanas se liberar\u00e1n c\u00e1psulas acerca de este interesante proyecto, lo cual nos ayudar\u00e1 a comprender distintos elementos que componen el concepto general de Ciencia Abierta.<\/p><p><em>Ver m\u00e1s<\/em>: Todas nuestras c\u00e1psulas en\u00a0<a href=\"https:\/\/ciencia-abierta.ubiobio.cl\/\" target=\"_blank\" rel=\"noopener\" data-saferedirecturl=\"https:\/\/www.google.com\/url?q=https:\/\/ciencia-abierta.ubiobio.cl\/&amp;source=gmail&amp;ust=1729627376951000&amp;usg=AOvVaw312CdrrUmFozmndOw5-69J\">https:\/\/ciencia-abierta.<wbr \/>ubiobio.cl\/<\/a>\u00a0o nuestra cuenta de YouTube DICREA UBB.<\/p><hr \/><p><img decoding=\"async\" src=\"https:\/\/flashissue.s3.us-east-1.amazonaws.com\/OiibVdIoTdGtB6YFQ6H2_VlJJUF9CYW5uZXIgSW5mb3JtYXRpdm8=.png\" \/><\/p><h3><span style=\"color: #0b5394;\"><strong>Encuentro de estudiantes de Postgrados<\/strong><\/span><\/h3><p><em>Ver m\u00e1s<\/em>:\u00a0<a href=\"https:\/\/encuentropostgrado.ubiobio.cl\/\" target=\"_blank\" rel=\"noopener\" data-saferedirecturl=\"https:\/\/www.google.com\/url?q=https:\/\/encuentropostgrado.ubiobio.cl\/&amp;source=gmail&amp;ust=1725983478869000&amp;usg=AOvVaw1XtiLQ_YFM-UtdxP8Rrlk7\">https:\/\/<wbr \/>encuentropostgrado.ubiobio.cl\/<\/a><\/p><hr \/><p><img decoding=\"async\" src=\"https:\/\/flashissue.s3.us-east-1.amazonaws.com\/nyAY8sWDTkmuGWIVDiOe_dW5uYW1lZA==.jpg\" \/><\/p><h3><span style=\"color: #0b5394;\"><strong>Conoce nuestro Portafolio EBCT OTL-UBB<\/strong><\/span><\/h3><p>La Vicerrector\u00eda de Investigaci\u00f3n y Postgrado de la Universidad del B\u00edo-B\u00edo, por medio de la Oficina de Transferencia y Licenciamiento y la Unidad de Emprendimiento, han dise\u00f1ado el portafolio de empresas de base cient\u00edfico tecnol\u00f3gicas, con la finalidad de destacar a las empresas creadas al alero del desarrollo de la ciencia y tecnolog\u00eda de la Universidad, y que han tomado el camino del emprendimiento.<\/p><p><em>Ver m\u00e1s<\/em>:\u00a0<a href=\"https:\/\/vrip.ubiobio.cl\/wp-content\/uploads\/2024\/03\/OTL_Portafolio-EBCT_baja.pdf\" target=\"_blank\" rel=\"noopener\" data-saferedirecturl=\"https:\/\/www.google.com\/url?q=https:\/\/vrip.ubiobio.cl\/wp-content\/uploads\/2024\/03\/OTL_Portafolio-EBCT_baja.pdf&amp;source=gmail&amp;ust=1725983478869000&amp;usg=AOvVaw0URS0b-SVWbwIf-NETbN_Y\">https:\/\/vrip.ubiobio.cl\/<wbr \/>wp-content\/uploads\/2024\/03\/<wbr \/>OTL_Portafolio-EBCT_baja.pdf<\/a><\/p><hr \/><p><img decoding=\"async\" src=\"https:\/\/flashissue.s3.us-east-1.amazonaws.com\/8ZFeNA80SZmjlpvkYt1X_VlJJUF9JbmZvcm1hdGl2b19CYW5uZXJfUG9zdGdyYWRv.jpg\" \/><\/p><h3><span style=\"color: #0b5394;\"><strong>Programas de Postgrados UBB disponibles<\/strong><\/span><\/h3><p><em>Ver m\u00e1s:\u00a0<\/em><a href=\"http:\/\/postgrados.ubiobio.cl\/\" target=\"_blank\" rel=\"noopener\" data-saferedirecturl=\"https:\/\/www.google.com\/url?q=http:\/\/postgrados.ubiobio.cl\/&amp;source=gmail&amp;ust=1725983478869000&amp;usg=AOvVaw05Mvqa1QuebRCzbFxmNwRH\">http:\/\/postgrados.<wbr \/>ubiobio.cl\/<\/a><\/p><hr \/><p><img decoding=\"async\" src=\"https:\/\/flashissue.s3.us-east-1.amazonaws.com\/pgp2YATFS6qVgAVNNMH9_Y2FsZW5kYXJpbw==.jpg\" \/><\/p><h3><span style=\"color: #0b5394;\"><strong>Calendario Anual de Concursos disponibles<\/strong><\/span><\/h3><p><em>Ver m\u00e1s:<\/em>\u00a0<a href=\"https:\/\/vrip.ubiobio.cl\/inicio\/calendario-de-concursos\/\" target=\"_blank\" rel=\"noopener\" data-saferedirecturl=\"https:\/\/www.google.com\/url?q=https:\/\/vrip.ubiobio.cl\/inicio\/calendario-de-concursos\/&amp;source=gmail&amp;ust=1725983478869000&amp;usg=AOvVaw0rHLa4LW1XktKKL9QXBy-L\">https:\/\/vrip.ubiobio.cl\/<wbr \/>inicio\/calendario-de-<wbr \/>concursos\/<\/a><\/p><hr \/>\t\t\t\t\t\t\t\t<\/div>\n\t\t\t\t<\/div>\n\t\t\t\t\t<\/div>\n\t\t<\/div>\n\t\t\t\t<div class=\"elementor-column elementor-col-33 elementor-top-column elementor-element elementor-element-a3b0a58\" data-id=\"a3b0a58\" data-element_type=\"column\" data-e-type=\"column\">\n\t\t\t<div class=\"elementor-widget-wrap\">\n\t\t\t\t\t\t\t<\/div>\n\t\t<\/div>\n\t\t\t\t\t<\/div>\n\t\t<\/section>\n\t\t\t\t<section class=\"elementor-section elementor-top-section elementor-element elementor-element-5e68b69 elementor-section-boxed elementor-section-height-default elementor-section-height-default\" data-id=\"5e68b69\" data-element_type=\"section\" data-e-type=\"section\" data-settings=\"{&quot;_ha_eqh_enable&quot;:false}\">\n\t\t\t\t\t\t<div class=\"elementor-container elementor-column-gap-default\">\n\t\t\t\t\t<div class=\"elementor-column elementor-col-33 elementor-top-column elementor-element elementor-element-feb73eb\" data-id=\"feb73eb\" data-element_type=\"column\" data-e-type=\"column\">\n\t\t\t<div class=\"elementor-widget-wrap\">\n\t\t\t\t\t\t\t<\/div>\n\t\t<\/div>\n\t\t\t\t<div class=\"elementor-column elementor-col-33 elementor-top-column elementor-element elementor-element-bc91de3\" data-id=\"bc91de3\" data-element_type=\"column\" data-e-type=\"column\">\n\t\t\t<div class=\"elementor-widget-wrap elementor-element-populated\">\n\t\t\t\t\t\t<div class=\"elementor-element elementor-element-9f1f03a elementor-widget elementor-widget-text-editor\" data-id=\"9f1f03a\" data-element_type=\"widget\" data-e-type=\"widget\" data-widget_type=\"text-editor.default\">\n\t\t\t\t<div class=\"elementor-widget-container\">\n\t\t\t\t\t\t\t\t\t<table align=\"center\"><tbody><tr><td id=\"m_8467858756250299110m_4658873428329236187m_-7901358079350462190gmail-twitter-social-link\"><a href=\"https:\/\/www.twitter.com\/FlashIssue\" target=\"_blank\" rel=\"noopener\" data-saferedirecturl=\"https:\/\/www.google.com\/url?q=https:\/\/www.twitter.com\/FlashIssue&amp;source=gmail&amp;ust=1701886559522000&amp;usg=AOvVaw2YqocBqApBMfCECsazrFYp\"><img decoding=\"async\" class=\"CToWUd alignright\" src=\"https:\/\/app.flashissue.com\/images\/social-icons\/round\/twitter\/grey\/twitter48.png\" data-bit=\"iit\" \/><\/a><\/td><td>\u00a0<\/td><td id=\"m_8467858756250299110m_4658873428329236187m_-7901358079350462190gmail-youtube-social-link\"><a href=\"https:\/\/www.youtube.com\/channel\/UCf7o8yHRJ7Y_QQLxwu1KQgA\" target=\"_blank\" rel=\"noopener\" data-saferedirecturl=\"https:\/\/www.google.com\/url?q=https:\/\/www.youtube.com\/channel\/UCf7o8yHRJ7Y_QQLxwu1KQgA&amp;source=gmail&amp;ust=1701886559523000&amp;usg=AOvVaw0jM7z9DMsgsZI5rYjuzYkv\"><img decoding=\"async\" class=\"CToWUd aligncenter\" src=\"https:\/\/app.flashissue.com\/images\/social-icons\/round\/youtube\/grey\/youtube48.png\" data-bit=\"iit\" \/><\/a><\/td><td>\u00a0<\/td><td id=\"m_8467858756250299110m_4658873428329236187m_-7901358079350462190gmail-instagram-social-link\"><a href=\"https:\/\/www.instagram.com\/vrip_ubb\" target=\"_blank\" rel=\"noopener\" data-saferedirecturl=\"https:\/\/www.google.com\/url?q=https:\/\/www.instagram.com\/vrip_ubb&amp;source=gmail&amp;ust=1701886559523000&amp;usg=AOvVaw2F_KM9oE9lwudPrAZbmCZ0\"><img decoding=\"async\" class=\"CToWUd alignleft\" src=\"https:\/\/app.flashissue.com\/images\/social-icons\/round\/instagram\/grey\/instagram48.png\" data-bit=\"iit\" \/><\/a><\/td><\/tr><\/tbody><\/table><p><img decoding=\"async\" src=\"https:\/\/flashissue.s3.us-east-1.amazonaws.com\/xVesVrgXREOs3TCWMlFA_dXAtZG93bi0wMg==.jpg\" \/><\/p><p style=\"text-align: center;\">Vicerrector\u00eda de Investigaci\u00f3n y Postgrado &#8211; Universidad del B\u00edo-B\u00edo<\/p><p style=\"text-align: center;\">Todos los derechos reservados, Av. Collao 1202, Concepci\u00f3n \/ Av. Andr\u00e9s Bello s\/n, Chill\u00e1n<\/p><p style=\"text-align: center;\">Comentarios a:\u00a0<strong><a href=\"mailto:vripcomunicaciones@ubiobio.cl?subject=Comentario%20newsletter\" target=\"_blank\" rel=\"noopener\">vripcomunicaciones@ubiobio.<wbr \/>cl<\/a><\/strong><\/p>\t\t\t\t\t\t\t\t<\/div>\n\t\t\t\t<\/div>\n\t\t\t\t\t<\/div>\n\t\t<\/div>\n\t\t\t\t<div class=\"elementor-column elementor-col-33 elementor-top-column elementor-element elementor-element-c421ef0\" data-id=\"c421ef0\" data-element_type=\"column\" data-e-type=\"column\">\n\t\t\t<div class=\"elementor-widget-wrap\">\n\t\t\t\t\t\t\t<\/div>\n\t\t<\/div>\n\t\t\t\t\t<\/div>\n\t\t<\/section>\n\t\t\t\t<section class=\"elementor-section elementor-top-section elementor-element elementor-element-38f252df elementor-section-boxed elementor-section-height-default elementor-section-height-default\" data-id=\"38f252df\" data-element_type=\"section\" data-e-type=\"section\" data-settings=\"{&quot;_ha_eqh_enable&quot;:false}\">\n\t\t\t\t\t\t<div class=\"elementor-container elementor-column-gap-default\">\n\t\t\t\t\t\t<\/div>\n\t\t<\/section>\n\t\t\t\t<section class=\"elementor-section elementor-top-section elementor-element elementor-element-c05f85d elementor-section-boxed elementor-section-height-default elementor-section-height-default\" data-id=\"c05f85d\" data-element_type=\"section\" data-e-type=\"section\" data-settings=\"{&quot;_ha_eqh_enable&quot;:false}\">\n\t\t\t\t\t\t<div class=\"elementor-container elementor-column-gap-default\">\n\t\t\t\t\t<div class=\"elementor-column elementor-col-100 elementor-top-column elementor-element elementor-element-c588dc1\" data-id=\"c588dc1\" data-element_type=\"column\" data-e-type=\"column\">\n\t\t\t<div class=\"elementor-widget-wrap elementor-element-populated\">\n\t\t\t\t\t\t<div class=\"elementor-element elementor-element-4a24d89 elementor-widget elementor-widget-spacer\" data-id=\"4a24d89\" data-element_type=\"widget\" data-e-type=\"widget\" data-widget_type=\"spacer.default\">\n\t\t\t\t<div class=\"elementor-widget-container\">\n\t\t\t\t\t\t\t<div class=\"elementor-spacer\">\n\t\t\t<div class=\"elementor-spacer-inner\"><\/div>\n\t\t<\/div>\n\t\t\t\t\t\t<\/div>\n\t\t\t\t<\/div>\n\t\t\t\t\t<\/div>\n\t\t<\/div>\n\t\t\t\t\t<\/div>\n\t\t<\/section>\n\t\t\t\t<\/div>\n\t\t","protected":false},"excerpt":{"rendered":"<p>Edici\u00f3n 21 Octubre 2024 Exitosa presentaci\u00f3n de la Universidad del B\u00edo-B\u00edo en Feria Internacional de la Construcci\u00f3n, Edifica 2024 Durante tres d\u00edas (15 al 17 de oct) la Universidad del B\u00edo-B\u00edo, fue invitada por la C\u00e1mara Chilena de la Construcci\u00f3n, CChC, a participar en la Feria Internacional de la Construcci\u00f3n, Edifica 2024, oportunidad en la&#8230;<\/p>\n","protected":false},"author":1,"featured_media":0,"parent":41711,"menu_order":0,"comment_status":"closed","ping_status":"closed","template":"","meta":{"_kadence_starter_templates_imported_post":false,"_kad_post_transparent":"default","_kad_post_title":"hide","_kad_post_layout":"fullwidth","_kad_post_sidebar_id":"","_kad_post_content_style":"unboxed","_kad_post_vertical_padding":"hide","_kad_post_feature":"hide","_kad_post_feature_position":"","_kad_post_header":false,"_kad_post_footer":false,"footnotes":""},"class_list":["post-47109","page","type-page","status-publish","hentry"],"yoast_head":"<!-- This site is optimized with the Yoast SEO plugin v27.5 - https:\/\/yoast.com\/product\/yoast-seo-wordpress\/ -->\n<title>Informativo VRIP 21 Octubre 2024 - VRIP<\/title>\n<meta name=\"robots\" content=\"index, follow, max-snippet:-1, max-image-preview:large, max-video-preview:-1\" \/>\n<link rel=\"canonical\" href=\"https:\/\/vrip.ubiobio.cl\/inicio\/informativos-vrip\/edicion-21-octubre-2024\/\" \/>\n<meta property=\"og:locale\" content=\"es_ES\" \/>\n<meta property=\"og:type\" content=\"article\" \/>\n<meta property=\"og:title\" content=\"Informativo VRIP 21 Octubre 2024 - VRIP\" \/>\n<meta property=\"og:description\" content=\"Edici\u00f3n 21 Octubre 2024 Exitosa presentaci\u00f3n de la Universidad del B\u00edo-B\u00edo en Feria Internacional de la Construcci\u00f3n, Edifica 2024 Durante tres d\u00edas (15 al 17 de oct) la Universidad del B\u00edo-B\u00edo, fue invitada por la C\u00e1mara Chilena de la Construcci\u00f3n, CChC, a participar en la Feria Internacional de la Construcci\u00f3n, Edifica 2024, oportunidad en la...\" \/>\n<meta property=\"og:url\" content=\"https:\/\/vrip.ubiobio.cl\/inicio\/informativos-vrip\/edicion-21-octubre-2024\/\" \/>\n<meta property=\"og:site_name\" content=\"VRIP\" \/>\n<meta property=\"article:modified_time\" content=\"2025-06-17T15:45:59+00:00\" \/>\n<meta property=\"og:image\" content=\"https:\/\/vrip.ubiobio.cl\/wp-content\/uploads\/2023\/11\/Informativo-VRIP-Banner.jpg\" \/>\n\t<meta property=\"og:image:width\" content=\"834\" \/>\n\t<meta property=\"og:image:height\" content=\"290\" \/>\n\t<meta property=\"og:image:type\" content=\"image\/jpeg\" \/>\n<meta name=\"twitter:card\" content=\"summary_large_image\" \/>\n<meta name=\"twitter:site\" content=\"@vripubb\" \/>\n<meta name=\"twitter:label1\" content=\"Tiempo de lectura\" \/>\n\t<meta name=\"twitter:data1\" content=\"7 minutos\" \/>\n<script type=\"application\/ld+json\" class=\"yoast-schema-graph\">{\"@context\":\"https:\\\/\\\/schema.org\",\"@graph\":[{\"@type\":\"WebPage\",\"@id\":\"https:\\\/\\\/vrip.ubiobio.cl\\\/inicio\\\/informativos-vrip\\\/edicion-21-octubre-2024\\\/\",\"url\":\"https:\\\/\\\/vrip.ubiobio.cl\\\/inicio\\\/informativos-vrip\\\/edicion-21-octubre-2024\\\/\",\"name\":\"Informativo VRIP 21 Octubre 2024 - VRIP\",\"isPartOf\":{\"@id\":\"https:\\\/\\\/vrip.ubiobio.cl\\\/inicio\\\/#website\"},\"primaryImageOfPage\":{\"@id\":\"https:\\\/\\\/vrip.ubiobio.cl\\\/inicio\\\/informativos-vrip\\\/edicion-21-octubre-2024\\\/#primaryimage\"},\"image\":{\"@id\":\"https:\\\/\\\/vrip.ubiobio.cl\\\/inicio\\\/informativos-vrip\\\/edicion-21-octubre-2024\\\/#primaryimage\"},\"thumbnailUrl\":\"https:\\\/\\\/vrip.ubiobio.cl\\\/wp-content\\\/uploads\\\/2023\\\/11\\\/Informativo-VRIP-Banner.jpg\",\"datePublished\":\"2024-10-21T20:08:06+00:00\",\"dateModified\":\"2025-06-17T15:45:59+00:00\",\"breadcrumb\":{\"@id\":\"https:\\\/\\\/vrip.ubiobio.cl\\\/inicio\\\/informativos-vrip\\\/edicion-21-octubre-2024\\\/#breadcrumb\"},\"inLanguage\":\"es\",\"potentialAction\":[{\"@type\":\"ReadAction\",\"target\":[\"https:\\\/\\\/vrip.ubiobio.cl\\\/inicio\\\/informativos-vrip\\\/edicion-21-octubre-2024\\\/\"]}]},{\"@type\":\"ImageObject\",\"inLanguage\":\"es\",\"@id\":\"https:\\\/\\\/vrip.ubiobio.cl\\\/inicio\\\/informativos-vrip\\\/edicion-21-octubre-2024\\\/#primaryimage\",\"url\":\"https:\\\/\\\/vrip.ubiobio.cl\\\/wp-content\\\/uploads\\\/2023\\\/11\\\/Informativo-VRIP-Banner.jpg\",\"contentUrl\":\"https:\\\/\\\/vrip.ubiobio.cl\\\/wp-content\\\/uploads\\\/2023\\\/11\\\/Informativo-VRIP-Banner.jpg\"},{\"@type\":\"BreadcrumbList\",\"@id\":\"https:\\\/\\\/vrip.ubiobio.cl\\\/inicio\\\/informativos-vrip\\\/edicion-21-octubre-2024\\\/#breadcrumb\",\"itemListElement\":[{\"@type\":\"ListItem\",\"position\":1,\"name\":\"Portada\",\"item\":\"https:\\\/\\\/vrip.ubiobio.cl\\\/inicio\\\/\"},{\"@type\":\"ListItem\",\"position\":2,\"name\":\"Informativos VRIP\",\"item\":\"https:\\\/\\\/vrip.ubiobio.cl\\\/inicio\\\/informativos-vrip\\\/\"},{\"@type\":\"ListItem\",\"position\":3,\"name\":\"Informativo VRIP 21 Octubre 2024\"}]},{\"@type\":\"WebSite\",\"@id\":\"https:\\\/\\\/vrip.ubiobio.cl\\\/inicio\\\/#website\",\"url\":\"https:\\\/\\\/vrip.ubiobio.cl\\\/inicio\\\/\",\"name\":\"VRIP\",\"description\":\"Vicerrector\u00eda de Investigaci\u00f3n y Postgrado\",\"publisher\":{\"@id\":\"https:\\\/\\\/vrip.ubiobio.cl\\\/inicio\\\/#organization\"},\"potentialAction\":[{\"@type\":\"SearchAction\",\"target\":{\"@type\":\"EntryPoint\",\"urlTemplate\":\"https:\\\/\\\/vrip.ubiobio.cl\\\/inicio\\\/?s={search_term_string}\"},\"query-input\":{\"@type\":\"PropertyValueSpecification\",\"valueRequired\":true,\"valueName\":\"search_term_string\"}}],\"inLanguage\":\"es\"},{\"@type\":\"Organization\",\"@id\":\"https:\\\/\\\/vrip.ubiobio.cl\\\/inicio\\\/#organization\",\"name\":\"VRIP\",\"url\":\"https:\\\/\\\/vrip.ubiobio.cl\\\/inicio\\\/\",\"logo\":{\"@type\":\"ImageObject\",\"inLanguage\":\"es\",\"@id\":\"https:\\\/\\\/vrip.ubiobio.cl\\\/inicio\\\/#\\\/schema\\\/logo\\\/image\\\/\",\"url\":\"https:\\\/\\\/vrip.ubiobio.cl\\\/wp-content\\\/uploads\\\/2022\\\/10\\\/logo-vrip_Mesa-de-trabajo-1.png\",\"contentUrl\":\"https:\\\/\\\/vrip.ubiobio.cl\\\/wp-content\\\/uploads\\\/2022\\\/10\\\/logo-vrip_Mesa-de-trabajo-1.png\",\"width\":642,\"height\":178,\"caption\":\"VRIP\"},\"image\":{\"@id\":\"https:\\\/\\\/vrip.ubiobio.cl\\\/inicio\\\/#\\\/schema\\\/logo\\\/image\\\/\"},\"sameAs\":[\"https:\\\/\\\/x.com\\\/vripubb\",\"https:\\\/\\\/www.instagram.com\\\/vrip_ubb\\\/\",\"https:\\\/\\\/www.youtube.com\\\/channel\\\/UCf7o8yHRJ7Y_QQLxwu1KQgA\",\"https:\\\/\\\/www.linkedin.com\\\/company\\\/96035097\\\/admin\\\/dashboard\\\/\"]}]}<\/script>\n<!-- \/ Yoast SEO plugin. -->","yoast_head_json":{"title":"Informativo VRIP 21 Octubre 2024 - VRIP","robots":{"index":"index","follow":"follow","max-snippet":"max-snippet:-1","max-image-preview":"max-image-preview:large","max-video-preview":"max-video-preview:-1"},"canonical":"https:\/\/vrip.ubiobio.cl\/inicio\/informativos-vrip\/edicion-21-octubre-2024\/","og_locale":"es_ES","og_type":"article","og_title":"Informativo VRIP 21 Octubre 2024 - VRIP","og_description":"Edici\u00f3n 21 Octubre 2024 Exitosa presentaci\u00f3n de la Universidad del B\u00edo-B\u00edo en Feria Internacional de la Construcci\u00f3n, Edifica 2024 Durante tres d\u00edas (15 al 17 de oct) la Universidad del B\u00edo-B\u00edo, fue invitada por la C\u00e1mara Chilena de la Construcci\u00f3n, CChC, a participar en la Feria Internacional de la Construcci\u00f3n, Edifica 2024, oportunidad en la...","og_url":"https:\/\/vrip.ubiobio.cl\/inicio\/informativos-vrip\/edicion-21-octubre-2024\/","og_site_name":"VRIP","article_modified_time":"2025-06-17T15:45:59+00:00","og_image":[{"width":834,"height":290,"url":"https:\/\/vrip.ubiobio.cl\/wp-content\/uploads\/2023\/11\/Informativo-VRIP-Banner.jpg","type":"image\/jpeg"}],"twitter_card":"summary_large_image","twitter_site":"@vripubb","twitter_misc":{"Tiempo de lectura":"7 minutos"},"schema":{"@context":"https:\/\/schema.org","@graph":[{"@type":"WebPage","@id":"https:\/\/vrip.ubiobio.cl\/inicio\/informativos-vrip\/edicion-21-octubre-2024\/","url":"https:\/\/vrip.ubiobio.cl\/inicio\/informativos-vrip\/edicion-21-octubre-2024\/","name":"Informativo VRIP 21 Octubre 2024 - VRIP","isPartOf":{"@id":"https:\/\/vrip.ubiobio.cl\/inicio\/#website"},"primaryImageOfPage":{"@id":"https:\/\/vrip.ubiobio.cl\/inicio\/informativos-vrip\/edicion-21-octubre-2024\/#primaryimage"},"image":{"@id":"https:\/\/vrip.ubiobio.cl\/inicio\/informativos-vrip\/edicion-21-octubre-2024\/#primaryimage"},"thumbnailUrl":"https:\/\/vrip.ubiobio.cl\/wp-content\/uploads\/2023\/11\/Informativo-VRIP-Banner.jpg","datePublished":"2024-10-21T20:08:06+00:00","dateModified":"2025-06-17T15:45:59+00:00","breadcrumb":{"@id":"https:\/\/vrip.ubiobio.cl\/inicio\/informativos-vrip\/edicion-21-octubre-2024\/#breadcrumb"},"inLanguage":"es","potentialAction":[{"@type":"ReadAction","target":["https:\/\/vrip.ubiobio.cl\/inicio\/informativos-vrip\/edicion-21-octubre-2024\/"]}]},{"@type":"ImageObject","inLanguage":"es","@id":"https:\/\/vrip.ubiobio.cl\/inicio\/informativos-vrip\/edicion-21-octubre-2024\/#primaryimage","url":"https:\/\/vrip.ubiobio.cl\/wp-content\/uploads\/2023\/11\/Informativo-VRIP-Banner.jpg","contentUrl":"https:\/\/vrip.ubiobio.cl\/wp-content\/uploads\/2023\/11\/Informativo-VRIP-Banner.jpg"},{"@type":"BreadcrumbList","@id":"https:\/\/vrip.ubiobio.cl\/inicio\/informativos-vrip\/edicion-21-octubre-2024\/#breadcrumb","itemListElement":[{"@type":"ListItem","position":1,"name":"Portada","item":"https:\/\/vrip.ubiobio.cl\/inicio\/"},{"@type":"ListItem","position":2,"name":"Informativos VRIP","item":"https:\/\/vrip.ubiobio.cl\/inicio\/informativos-vrip\/"},{"@type":"ListItem","position":3,"name":"Informativo VRIP 21 Octubre 2024"}]},{"@type":"WebSite","@id":"https:\/\/vrip.ubiobio.cl\/inicio\/#website","url":"https:\/\/vrip.ubiobio.cl\/inicio\/","name":"VRIP","description":"Vicerrector\u00eda de Investigaci\u00f3n y Postgrado","publisher":{"@id":"https:\/\/vrip.ubiobio.cl\/inicio\/#organization"},"potentialAction":[{"@type":"SearchAction","target":{"@type":"EntryPoint","urlTemplate":"https:\/\/vrip.ubiobio.cl\/inicio\/?s={search_term_string}"},"query-input":{"@type":"PropertyValueSpecification","valueRequired":true,"valueName":"search_term_string"}}],"inLanguage":"es"},{"@type":"Organization","@id":"https:\/\/vrip.ubiobio.cl\/inicio\/#organization","name":"VRIP","url":"https:\/\/vrip.ubiobio.cl\/inicio\/","logo":{"@type":"ImageObject","inLanguage":"es","@id":"https:\/\/vrip.ubiobio.cl\/inicio\/#\/schema\/logo\/image\/","url":"https:\/\/vrip.ubiobio.cl\/wp-content\/uploads\/2022\/10\/logo-vrip_Mesa-de-trabajo-1.png","contentUrl":"https:\/\/vrip.ubiobio.cl\/wp-content\/uploads\/2022\/10\/logo-vrip_Mesa-de-trabajo-1.png","width":642,"height":178,"caption":"VRIP"},"image":{"@id":"https:\/\/vrip.ubiobio.cl\/inicio\/#\/schema\/logo\/image\/"},"sameAs":["https:\/\/x.com\/vripubb","https:\/\/www.instagram.com\/vrip_ubb\/","https:\/\/www.youtube.com\/channel\/UCf7o8yHRJ7Y_QQLxwu1KQgA","https:\/\/www.linkedin.com\/company\/96035097\/admin\/dashboard\/"]}]}},"_links":{"self":[{"href":"https:\/\/vrip.ubiobio.cl\/inicio\/wp-json\/wp\/v2\/pages\/47109","targetHints":{"allow":["GET"]}}],"collection":[{"href":"https:\/\/vrip.ubiobio.cl\/inicio\/wp-json\/wp\/v2\/pages"}],"about":[{"href":"https:\/\/vrip.ubiobio.cl\/inicio\/wp-json\/wp\/v2\/types\/page"}],"author":[{"embeddable":true,"href":"https:\/\/vrip.ubiobio.cl\/inicio\/wp-json\/wp\/v2\/users\/1"}],"replies":[{"embeddable":true,"href":"https:\/\/vrip.ubiobio.cl\/inicio\/wp-json\/wp\/v2\/comments?post=47109"}],"version-history":[{"count":10,"href":"https:\/\/vrip.ubiobio.cl\/inicio\/wp-json\/wp\/v2\/pages\/47109\/revisions"}],"predecessor-version":[{"id":50532,"href":"https:\/\/vrip.ubiobio.cl\/inicio\/wp-json\/wp\/v2\/pages\/47109\/revisions\/50532"}],"up":[{"embeddable":true,"href":"https:\/\/vrip.ubiobio.cl\/inicio\/wp-json\/wp\/v2\/pages\/41711"}],"wp:attachment":[{"href":"https:\/\/vrip.ubiobio.cl\/inicio\/wp-json\/wp\/v2\/media?parent=47109"}],"curies":[{"name":"wp","href":"https:\/\/api.w.org\/{rel}","templated":true}]}}