{"id":46960,"date":"2024-10-14T18:11:56","date_gmt":"2024-10-14T18:11:56","guid":{"rendered":"https:\/\/vrip.ubiobio.cl\/inicio\/?page_id=46960"},"modified":"2025-04-10T19:11:01","modified_gmt":"2025-04-10T19:11:01","slug":"concurso-proyectos-pida-2025","status":"publish","type":"page","link":"https:\/\/vrip.ubiobio.cl\/inicio\/concurso-proyectos-pida-2025\/","title":{"rendered":"Concurso Proyectos de Investigaci\u00f3n en Docencia y Aprendizaje 2025"},"content":{"rendered":"\t\t<div data-elementor-type=\"wp-page\" data-elementor-id=\"46960\" class=\"elementor elementor-46960\">\n\t\t\t\t\t\t<section class=\"elementor-section elementor-top-section elementor-element elementor-element-350ec75 elementor-section-boxed elementor-section-height-default elementor-section-height-default\" data-id=\"350ec75\" data-element_type=\"section\" data-settings=\"{&quot;_ha_eqh_enable&quot;:false}\">\n\t\t\t\t\t\t<div class=\"elementor-container elementor-column-gap-default\">\n\t\t\t\t\t<div class=\"elementor-column elementor-col-100 elementor-top-column elementor-element elementor-element-e1e0d1a\" data-id=\"e1e0d1a\" data-element_type=\"column\">\n\t\t\t<div class=\"elementor-widget-wrap elementor-element-populated\">\n\t\t\t\t\t\t<div class=\"elementor-element elementor-element-6fec034 elementor-widget elementor-widget-image\" data-id=\"6fec034\" data-element_type=\"widget\" data-widget_type=\"image.default\">\n\t\t\t\t<div class=\"elementor-widget-container\">\n\t\t\t\t\t\t\t\t\t\t\t\t\t\t<a href=\"https:\/\/vrip.ubiobio.cl\/wp-content\/uploads\/2024\/11\/VRIP_Concurso-PIDA-Etapa-de-Postulacion-en-Extenso.png\" data-elementor-open-lightbox=\"no\">\n\t\t\t\t\t\t\t<img fetchpriority=\"high\" decoding=\"async\" width=\"1024\" height=\"350\" src=\"https:\/\/vrip.ubiobio.cl\/wp-content\/uploads\/2024\/11\/VRIP_Concurso-PIDA-Etapa-de-Postulacion-en-Extenso-1024x350.png\" class=\"attachment-large size-large wp-image-47658\" alt=\"\" srcset=\"https:\/\/vrip.ubiobio.cl\/wp-content\/uploads\/2024\/11\/VRIP_Concurso-PIDA-Etapa-de-Postulacion-en-Extenso-1024x350.png 1024w, https:\/\/vrip.ubiobio.cl\/wp-content\/uploads\/2024\/11\/VRIP_Concurso-PIDA-Etapa-de-Postulacion-en-Extenso-380x130.png 380w, https:\/\/vrip.ubiobio.cl\/wp-content\/uploads\/2024\/11\/VRIP_Concurso-PIDA-Etapa-de-Postulacion-en-Extenso-768x262.png 768w, https:\/\/vrip.ubiobio.cl\/wp-content\/uploads\/2024\/11\/VRIP_Concurso-PIDA-Etapa-de-Postulacion-en-Extenso-1536x524.png 1536w, https:\/\/vrip.ubiobio.cl\/wp-content\/uploads\/2024\/11\/VRIP_Concurso-PIDA-Etapa-de-Postulacion-en-Extenso-2048x699.png 2048w\" sizes=\"(max-width: 1024px) 100vw, 1024px\" \/>\t\t\t\t\t\t\t\t<\/a>\n\t\t\t\t\t\t\t\t\t\t\t\t\t<\/div>\n\t\t\t\t<\/div>\n\t\t\t\t\t<\/div>\n\t\t<\/div>\n\t\t\t\t\t<\/div>\n\t\t<\/section>\n\t\t\t\t<section class=\"elementor-section elementor-top-section elementor-element elementor-element-7fe7f59 elementor-section-boxed elementor-section-height-default elementor-section-height-default\" data-id=\"7fe7f59\" data-element_type=\"section\" data-settings=\"{&quot;_ha_eqh_enable&quot;:false}\">\n\t\t\t\t\t\t<div class=\"elementor-container elementor-column-gap-default\">\n\t\t\t\t\t<div class=\"elementor-column elementor-col-100 elementor-top-column elementor-element elementor-element-742ad038\" data-id=\"742ad038\" data-element_type=\"column\">\n\t\t\t<div class=\"elementor-widget-wrap elementor-element-populated\">\n\t\t\t\t\t\t<div class=\"elementor-element elementor-element-596f5107 elementor-widget elementor-widget-text-editor\" data-id=\"596f5107\" data-element_type=\"widget\" data-widget_type=\"text-editor.default\">\n\t\t\t\t<div class=\"elementor-widget-container\">\n\t\t\t\t\t\t\t<p>La<strong> Vicerrector\u00eda de Investigaci\u00f3n y Postgrado<\/strong>, en conjunto con la <strong>Vicerrector\u00eda Acad\u00e9mica<\/strong>, llama a postular al Concurso \u201c<strong>Proyectos de Investigaci\u00f3n en Docencia y Aprendizaje UBB 2025<\/strong>\u201d, que tienen como objetivo impulsar la investigaci\u00f3n educativa dentro de la Universidad del B\u00edo-B\u00edo.<\/p><p>Esta convocatoria tiene como prop\u00f3sito promover la reflexi\u00f3n y an\u00e1lisis de los procesos de docencia y aprendizaje que se desarrollan al interior de nuestra casa de estudios y en los entornos educativos asociados.<\/p><p>El cronograma del Concurso \u201c<strong>Proyectos de Investigaci\u00f3n en Docencia y Aprendizaje UBB 2025<\/strong>\u201d es el siguiente:<\/p><ul><li><strong>Postulaci\u00f3n de Pre-Admisibilidad:<\/strong> desde <strong>14 de octubre hasta el 14 de noviembre de 2024 <\/strong>a las 18:00 hrs. a trav\u00e9s de <a href=\"https:\/\/vrip.ubiobio.cl\/inicio\/formulario-pre-adm-pida2025\/\" target=\"_blank\" rel=\"noopener\">formulario<\/a> que debe ser enviado a <a href=\"mailto:pida@ubiobio.cl\">pida@ubiobio.cl<\/a>.<\/li><li><strong>Postulaci\u00f3n En Extenso:<\/strong> desde el <strong>28 de noviembre de 2024 al 13 de enero de 2025<\/strong> a las 18:00 hrs. (a trav\u00e9s de <a href=\"http:\/\/petra.ubiobio.cl\/pproyectos\" target=\"_blank\" rel=\"noopener\">http:\/\/petra.ubiobio.cl\/pproyectos<\/a>).<\/li><li><strong>Patrocinio:<\/strong> desde el <strong>14 al 20 de enero de 2025<\/strong>.<\/li><li><strong>Admisibilidad<\/strong>: desde el <strong>20 al 25 de enero de 2025<\/strong>.<\/li><li><strong>Evaluaci\u00f3n:<\/strong> desde el <strong>20 de enero al 31 de marzo de 2025<\/strong>.<\/li><\/ul><p><a href=\"https:\/\/vrip.ubiobio.cl\/wp-content\/uploads\/2024\/10\/Bases_Proyectos_PIDA-2025-2027-FINAL.pdf\" target=\"_blank\" rel=\"noopener\">Bases del Concurso<\/a><br \/><a href=\"https:\/\/vrip.ubiobio.cl\/wp-content\/uploads\/2025\/04\/VRIP_Resultados-Concurso__Docen_Mailing.pdf\" target=\"_blank\" rel=\"noopener\">Resultados<\/a><\/p><p><span style=\"color: var(--global-palette4); font-family: var(--global-body-font-family);\">Para dudas o consultas, favor comunicarse con<\/span><strong style=\"color: var(--global-palette4); font-family: var(--global-body-font-family);\"> Rodrigo Ortiz Salgado<\/strong><span style=\"color: var(--global-palette4); font-family: var(--global-body-font-family);\">,\u00a0<\/span><a style=\"font-family: var(--global-body-font-family);\" role=\"link\" href=\"http:\/\/pida.ubiobio.cl\/\" target=\"\" rel=\"noopener noreferrer\">Coordinador del Programa de Investigaci\u00f3n en Docencia y Aprendizaje<\/a><span style=\"color: var(--global-palette4); font-family: var(--global-body-font-family);\">:\u00a0<\/span><strong style=\"color: var(--global-palette4); font-family: var(--global-body-font-family);\"><a role=\"link\" href=\"mailto:pida@ubiobio.cl\" target=\"_blank\" rel=\"noopener noreferrer\">pida@ubiobio.cl<\/a><\/strong><span style=\"color: var(--global-palette4); font-family: var(--global-body-font-family);\"> y <\/span><strong style=\"color: var(--global-palette4); font-family: var(--global-body-font-family);\">Beatriz Henr\u00edquez<\/strong><span style=\"color: var(--global-palette4); font-family: var(--global-body-font-family);\">, Asistente Ejecutiva PIDA, <\/span><strong style=\"color: var(--global-palette4); font-family: var(--global-body-font-family);\"><a href=\"mailto:beahenriquez@ubiobio.cl\" target=\"_blank\" rel=\"noopener noreferrer\">beahenriquez@ubiobio.cl<\/a><\/strong><span style=\"color: var(--global-palette4); font-family: var(--global-body-font-family);\"> o al tel\u00e9fono +56 (42) 246 <\/span><strong style=\"color: var(--global-palette4); font-family: var(--global-body-font-family);\">3366<\/strong><span style=\"color: var(--global-palette4); font-family: var(--global-body-font-family);\">.<\/span><\/p><p><span style=\"color: var( --e-global-color-text ); font-style: var( --e-global-typography-text-font-style ); font-weight: var( --e-global-typography-text-font-weight );\">Para consultas t\u00e9cnicas sobre la plataforma de postulaci\u00f3n, favor contactarse con: Karina Leiva Parra, Ingeniera Civil en Inform\u00e1tica: <\/span><a style=\"font-style: var( --e-global-typography-text-font-style ); font-weight: var( --e-global-typography-text-font-weight );\" href=\"mailto:kleiva@ubiobio.cl\" target=\"_blank\" rel=\"noopener noreferrer\">kleiva@ubiobio.cl<\/a><\/p><div><p><b>\u00a0<\/b><\/p><\/div>\t\t\t\t\t\t<\/div>\n\t\t\t\t<\/div>\n\t\t\t\t\t<\/div>\n\t\t<\/div>\n\t\t\t\t\t<\/div>\n\t\t<\/section>\n\t\t\t\t<section class=\"elementor-section elementor-top-section elementor-element elementor-element-fc4578c elementor-section-boxed elementor-section-height-default elementor-section-height-default\" data-id=\"fc4578c\" data-element_type=\"section\" data-settings=\"{&quot;_ha_eqh_enable&quot;:false}\">\n\t\t\t\t\t\t<div class=\"elementor-container elementor-column-gap-default\">\n\t\t\t\t\t<div class=\"elementor-column elementor-col-100 elementor-top-column elementor-element elementor-element-dc4a792\" data-id=\"dc4a792\" data-element_type=\"column\">\n\t\t\t<div class=\"elementor-widget-wrap elementor-element-populated\">\n\t\t\t\t\t\t<div class=\"elementor-element elementor-element-8b3e515 elementor-widget elementor-widget-heading\" data-id=\"8b3e515\" data-element_type=\"widget\" data-widget_type=\"heading.default\">\n\t\t\t\t<div class=\"elementor-widget-container\">\n\t\t\t<h3 class=\"elementor-heading-title elementor-size-default\">Preguntas frecuentes<\/h3>\t\t<\/div>\n\t\t\t\t<\/div>\n\t\t\t\t\t<\/div>\n\t\t<\/div>\n\t\t\t\t\t<\/div>\n\t\t<\/section>\n\t\t\t\t<section class=\"elementor-section elementor-top-section elementor-element elementor-element-6cfb8f8 elementor-section-boxed elementor-section-height-default elementor-section-height-default\" data-id=\"6cfb8f8\" data-element_type=\"section\" data-settings=\"{&quot;_ha_eqh_enable&quot;:false}\">\n\t\t\t\t\t\t<div class=\"elementor-container elementor-column-gap-default\">\n\t\t\t\t\t<div class=\"elementor-column elementor-col-100 elementor-top-column elementor-element elementor-element-1e39c89\" data-id=\"1e39c89\" data-element_type=\"column\">\n\t\t\t<div class=\"elementor-widget-wrap elementor-element-populated\">\n\t\t\t\t\t\t<div class=\"elementor-element elementor-element-c31fed6 elementor-widget elementor-widget-accordion\" data-id=\"c31fed6\" data-element_type=\"widget\" data-widget_type=\"accordion.default\">\n\t\t\t\t<div class=\"elementor-widget-container\">\n\t\t\t\t\t<div class=\"elementor-accordion\">\n\t\t\t\t\t\t\t<div class=\"elementor-accordion-item\">\n\t\t\t\t\t<div id=\"elementor-tab-title-2041\" class=\"elementor-tab-title\" data-tab=\"1\" role=\"button\" aria-controls=\"elementor-tab-content-2041\" aria-expanded=\"false\">\n\t\t\t\t\t\t\t\t\t\t\t\t\t<span class=\"elementor-accordion-icon elementor-accordion-icon-left\" aria-hidden=\"true\">\n\t\t\t\t\t\t\t\t\t\t\t\t\t\t\t<span class=\"elementor-accordion-icon-closed\"><i class=\"fas fa-plus\"><\/i><\/span>\n\t\t\t\t\t\t\t\t<span class=\"elementor-accordion-icon-opened\"><i class=\"fas fa-minus\"><\/i><\/span>\n\t\t\t\t\t\t\t\t\t\t\t\t\t\t<\/span>\n\t\t\t\t\t\t\t\t\t\t\t\t<a class=\"elementor-accordion-title\" tabindex=\"0\">1. \u00bfQu\u00e9 temas abordan los proyectos investigaci\u00f3n en docencia y aprendizaje?<\/a>\n\t\t\t\t\t<\/div>\n\t\t\t\t\t<div id=\"elementor-tab-content-2041\" class=\"elementor-tab-content elementor-clearfix\" data-tab=\"1\" role=\"region\" aria-labelledby=\"elementor-tab-title-2041\"><p>El \u00e9nfasis de este tipo de proyectos est\u00e1 relacionado con la problematizaci\u00f3n de fen\u00f3menos de la Docencia, las Experiencias de Aprendizaje de los Estudiantes y la Educaci\u00f3n Superior en general.<\/p><p>Recientemente se ampli\u00f3 el alcance a investigaciones sobre el Sistema Escolar y Formaci\u00f3n Inicial Docente, con el objeto de fortalecer la vinculaci\u00f3n y articulaci\u00f3n entre nuestra casa de estudios con las comunidades locales. Adem\u00e1s, en la presente convocatoria (2025) se incluyeron l\u00edneas de estudios relacionadas con la perspectiva de g\u00e9nero y el enfoque intercultural. \u00a0\u00a0<\/p><\/div>\n\t\t\t\t<\/div>\n\t\t\t\t\t\t\t<div class=\"elementor-accordion-item\">\n\t\t\t\t\t<div id=\"elementor-tab-title-2042\" class=\"elementor-tab-title\" data-tab=\"2\" role=\"button\" aria-controls=\"elementor-tab-content-2042\" aria-expanded=\"false\">\n\t\t\t\t\t\t\t\t\t\t\t\t\t<span class=\"elementor-accordion-icon elementor-accordion-icon-left\" aria-hidden=\"true\">\n\t\t\t\t\t\t\t\t\t\t\t\t\t\t\t<span class=\"elementor-accordion-icon-closed\"><i class=\"fas fa-plus\"><\/i><\/span>\n\t\t\t\t\t\t\t\t<span class=\"elementor-accordion-icon-opened\"><i class=\"fas fa-minus\"><\/i><\/span>\n\t\t\t\t\t\t\t\t\t\t\t\t\t\t<\/span>\n\t\t\t\t\t\t\t\t\t\t\t\t<a class=\"elementor-accordion-title\" tabindex=\"0\">2. \u00bfCu\u00e1les son los requisitos para postular?<\/a>\n\t\t\t\t\t<\/div>\n\t\t\t\t\t<div id=\"elementor-tab-content-2042\" class=\"elementor-tab-content elementor-clearfix\" data-tab=\"2\" role=\"region\" aria-labelledby=\"elementor-tab-title-2042\"><p>El requisito para postular como investigador principal es ser acad\u00e9mico\/a de la UBB media jornada o completa y no tener proyectos vigentes o pendientes en la Vicerrector\u00eda de Investigaci\u00f3n y Postgrado (VRIP). Cada propuesta debe considerar la participaci\u00f3n de al menos un co-investigador y un estudiante de pre o post grado.<\/p><p>Los\/as acad\u00e9micos\/as pueden postular como Investigador responsable s\u00f3lo en un proyecto, con un m\u00e1ximo de asignaci\u00f3n horaria de 8 horas, y como co-investigador\/a en otro, con asignaci\u00f3n horaria m\u00e1xima de 4 horas.<\/p><\/div>\n\t\t\t\t<\/div>\n\t\t\t\t\t\t\t<div class=\"elementor-accordion-item\">\n\t\t\t\t\t<div id=\"elementor-tab-title-2043\" class=\"elementor-tab-title\" data-tab=\"3\" role=\"button\" aria-controls=\"elementor-tab-content-2043\" aria-expanded=\"false\">\n\t\t\t\t\t\t\t\t\t\t\t\t\t<span class=\"elementor-accordion-icon elementor-accordion-icon-left\" aria-hidden=\"true\">\n\t\t\t\t\t\t\t\t\t\t\t\t\t\t\t<span class=\"elementor-accordion-icon-closed\"><i class=\"fas fa-plus\"><\/i><\/span>\n\t\t\t\t\t\t\t\t<span class=\"elementor-accordion-icon-opened\"><i class=\"fas fa-minus\"><\/i><\/span>\n\t\t\t\t\t\t\t\t\t\t\t\t\t\t<\/span>\n\t\t\t\t\t\t\t\t\t\t\t\t<a class=\"elementor-accordion-title\" tabindex=\"0\">3. \u00bfCu\u00e1les son los tipos de proyectos, monto de financiamiento y duraci\u00f3n?<\/a>\n\t\t\t\t\t<\/div>\n\t\t\t\t\t<div id=\"elementor-tab-content-2043\" class=\"elementor-tab-content elementor-clearfix\" data-tab=\"3\" role=\"region\" aria-labelledby=\"elementor-tab-title-2043\"><p>Los proyectos pueden ser de 2 tipos: de <em>iniciaci\u00f3n<\/em>, para acad\u00e9micos que comienzan en este tipo de investigaciones; y <em>regulares<\/em>, para docentes que cuentas con experiencia en la materia y lo puedan demostrar con publicaciones y proyectos ejecutados anteriormente. Ambas modalidades tienen un plazo m\u00e1ximo de 2 a\u00f1os para implementarse.<\/p><p>El monto m\u00e1ximo de financiamiento es de $3.000.000 de pesos para Proyectos de Iniciaci\u00f3n y de $5.000.000 por Proyectos Regulares.<\/p><\/div>\n\t\t\t\t<\/div>\n\t\t\t\t\t\t\t<div class=\"elementor-accordion-item\">\n\t\t\t\t\t<div id=\"elementor-tab-title-2044\" class=\"elementor-tab-title\" data-tab=\"4\" role=\"button\" aria-controls=\"elementor-tab-content-2044\" aria-expanded=\"false\">\n\t\t\t\t\t\t\t\t\t\t\t\t\t<span class=\"elementor-accordion-icon elementor-accordion-icon-left\" aria-hidden=\"true\">\n\t\t\t\t\t\t\t\t\t\t\t\t\t\t\t<span class=\"elementor-accordion-icon-closed\"><i class=\"fas fa-plus\"><\/i><\/span>\n\t\t\t\t\t\t\t\t<span class=\"elementor-accordion-icon-opened\"><i class=\"fas fa-minus\"><\/i><\/span>\n\t\t\t\t\t\t\t\t\t\t\t\t\t\t<\/span>\n\t\t\t\t\t\t\t\t\t\t\t\t<a class=\"elementor-accordion-title\" tabindex=\"0\">4. \u00bfQu\u00e9 debe contener una buena presentaci\u00f3n y justificaci\u00f3n del Proyecto?<\/a>\n\t\t\t\t\t<\/div>\n\t\t\t\t\t<div id=\"elementor-tab-content-2044\" class=\"elementor-tab-content elementor-clearfix\" data-tab=\"4\" role=\"region\" aria-labelledby=\"elementor-tab-title-2044\"><p>Como todo tipo de proyecto, en primer lugar, una propuesta debe responder a los requisitos formales de postulaci\u00f3n (todas las secciones que contiene la plataforma institucional) adem\u00e1s de considerar elementos ret\u00f3ricos y de escritura adecuados.<\/p><p>Un buen proyecto debe delimitar claramente la propuesta de investigaci\u00f3n, considerando una justificaci\u00f3n que aborde el contexto (con antecedentes nacionales e internacionales), argumentando la contribuci\u00f3n al campo de estudio, declarando una brecha de investigaci\u00f3n y el problema, que debe estar situado en aspectos concretos a desarrollar. Es deseable que la justificaci\u00f3n considere referencias actuales y se sugiere que el estilo argumentativo vaya de lo m\u00e1s general a m\u00e1s particular (l\u00f3gica del embudo).<\/p><\/div>\n\t\t\t\t<\/div>\n\t\t\t\t\t\t\t<div class=\"elementor-accordion-item\">\n\t\t\t\t\t<div id=\"elementor-tab-title-2045\" class=\"elementor-tab-title\" data-tab=\"5\" role=\"button\" aria-controls=\"elementor-tab-content-2045\" aria-expanded=\"false\">\n\t\t\t\t\t\t\t\t\t\t\t\t\t<span class=\"elementor-accordion-icon elementor-accordion-icon-left\" aria-hidden=\"true\">\n\t\t\t\t\t\t\t\t\t\t\t\t\t\t\t<span class=\"elementor-accordion-icon-closed\"><i class=\"fas fa-plus\"><\/i><\/span>\n\t\t\t\t\t\t\t\t<span class=\"elementor-accordion-icon-opened\"><i class=\"fas fa-minus\"><\/i><\/span>\n\t\t\t\t\t\t\t\t\t\t\t\t\t\t<\/span>\n\t\t\t\t\t\t\t\t\t\t\t\t<a class=\"elementor-accordion-title\" tabindex=\"0\">5. \u00bfQu\u00e9 deben considerar las preguntas, objetivos e hip\u00f3tesis de investigaci\u00f3n?<\/a>\n\t\t\t\t\t<\/div>\n\t\t\t\t\t<div id=\"elementor-tab-content-2045\" class=\"elementor-tab-content elementor-clearfix\" data-tab=\"5\" role=\"region\" aria-labelledby=\"elementor-tab-title-2045\"><p>Una buena pregunta de investigaci\u00f3n es clave en la evaluaci\u00f3n de un proyecto. La pregunta debe estar conectada con la justificaci\u00f3n del proyecto y ser factible de responder (precisa). Los objetivos deben estar alineados con la pregunta y las hip\u00f3tesis en coherencia tanto con la pregunta como con los objetivos.<\/p><\/div>\n\t\t\t\t<\/div>\n\t\t\t\t\t\t\t<div class=\"elementor-accordion-item\">\n\t\t\t\t\t<div id=\"elementor-tab-title-2046\" class=\"elementor-tab-title\" data-tab=\"6\" role=\"button\" aria-controls=\"elementor-tab-content-2046\" aria-expanded=\"false\">\n\t\t\t\t\t\t\t\t\t\t\t\t\t<span class=\"elementor-accordion-icon elementor-accordion-icon-left\" aria-hidden=\"true\">\n\t\t\t\t\t\t\t\t\t\t\t\t\t\t\t<span class=\"elementor-accordion-icon-closed\"><i class=\"fas fa-plus\"><\/i><\/span>\n\t\t\t\t\t\t\t\t<span class=\"elementor-accordion-icon-opened\"><i class=\"fas fa-minus\"><\/i><\/span>\n\t\t\t\t\t\t\t\t\t\t\t\t\t\t<\/span>\n\t\t\t\t\t\t\t\t\t\t\t\t<a class=\"elementor-accordion-title\" tabindex=\"0\">6. \u00bfQu\u00e9 elementos debe contener la metodolog\u00eda del proyecto?<\/a>\n\t\t\t\t\t<\/div>\n\t\t\t\t\t<div id=\"elementor-tab-content-2046\" class=\"elementor-tab-content elementor-clearfix\" data-tab=\"6\" role=\"region\" aria-labelledby=\"elementor-tab-title-2046\"><p>Debe incluir aspectos b\u00e1sicos del dise\u00f1o metodol\u00f3gico (muestra; criterios de selecci\u00f3n de los participantes; descripci\u00f3n de los instrumentos de recolecci\u00f3n de los datos; procedimientos; estrategias de an\u00e1lisis), explicar procedimientos para construir, validar y\/o adaptar los instrumentos de recolecci\u00f3n de los datos, y describir con detalle los pasos a desarrollar en el an\u00e1lisis de los datos.<\/p><\/div>\n\t\t\t\t<\/div>\n\t\t\t\t\t\t\t<div class=\"elementor-accordion-item\">\n\t\t\t\t\t<div id=\"elementor-tab-title-2047\" class=\"elementor-tab-title\" data-tab=\"7\" role=\"button\" aria-controls=\"elementor-tab-content-2047\" aria-expanded=\"false\">\n\t\t\t\t\t\t\t\t\t\t\t\t\t<span class=\"elementor-accordion-icon elementor-accordion-icon-left\" aria-hidden=\"true\">\n\t\t\t\t\t\t\t\t\t\t\t\t\t\t\t<span class=\"elementor-accordion-icon-closed\"><i class=\"fas fa-plus\"><\/i><\/span>\n\t\t\t\t\t\t\t\t<span class=\"elementor-accordion-icon-opened\"><i class=\"fas fa-minus\"><\/i><\/span>\n\t\t\t\t\t\t\t\t\t\t\t\t\t\t<\/span>\n\t\t\t\t\t\t\t\t\t\t\t\t<a class=\"elementor-accordion-title\" tabindex=\"0\">7. \u00bfQu\u00e9 se eval\u00faa en relaci\u00f3n a la factibilidad de un proyecto?<\/a>\n\t\t\t\t\t<\/div>\n\t\t\t\t\t<div id=\"elementor-tab-content-2047\" class=\"elementor-tab-content elementor-clearfix\" data-tab=\"7\" role=\"region\" aria-labelledby=\"elementor-tab-title-2047\"><p>Un buen proyecto deber\u00eda considerar una planificaci\u00f3n adecuada, preferentemente con una carta Gantt con tiempos posibles de realizar. Se valora la inclusi\u00f3n de actividades relacionadas con: el fortalecimiento y actualizaci\u00f3n de la literatura, el dise\u00f1o y validaci\u00f3n e instrumentos de recolecci\u00f3n de los datos, an\u00e1lisis de datos y escritura de art\u00edculos o informes de investigaci\u00f3n.<\/p><p>Adem\u00e1s, debe considerar la coherencia del presupuesto con las tareas y la incorporaci\u00f3n de estudiantes, ayudantes o actores relevantes.<\/p><\/div>\n\t\t\t\t<\/div>\n\t\t\t\t\t\t\t<div class=\"elementor-accordion-item\">\n\t\t\t\t\t<div id=\"elementor-tab-title-2048\" class=\"elementor-tab-title\" data-tab=\"8\" role=\"button\" aria-controls=\"elementor-tab-content-2048\" aria-expanded=\"false\">\n\t\t\t\t\t\t\t\t\t\t\t\t\t<span class=\"elementor-accordion-icon elementor-accordion-icon-left\" aria-hidden=\"true\">\n\t\t\t\t\t\t\t\t\t\t\t\t\t\t\t<span class=\"elementor-accordion-icon-closed\"><i class=\"fas fa-plus\"><\/i><\/span>\n\t\t\t\t\t\t\t\t<span class=\"elementor-accordion-icon-opened\"><i class=\"fas fa-minus\"><\/i><\/span>\n\t\t\t\t\t\t\t\t\t\t\t\t\t\t<\/span>\n\t\t\t\t\t\t\t\t\t\t\t\t<a class=\"elementor-accordion-title\" tabindex=\"0\">8. \u00bfCu\u00e1ndo un proyecto es innovador?<\/a>\n\t\t\t\t\t<\/div>\n\t\t\t\t\t<div id=\"elementor-tab-content-2048\" class=\"elementor-tab-content elementor-clearfix\" data-tab=\"8\" role=\"region\" aria-labelledby=\"elementor-tab-title-2048\"><p>Las innovaciones en el aula y el desarrollo de metodolog\u00edas activas son muy importantes para generar aprendizajes profundos en los estudiantes. Los proyectos de investigaci\u00f3n en docencia deben avanzar en la problematizaci\u00f3n y an\u00e1lisis de sus impactos, con m\u00e9todos cuantitativos, cualitativos o mixtos, ad hoc a cada propuesta.<\/p><p>Por ello, tanto la innovaci\u00f3n en el aula como la innovaci\u00f3n te\u00f3rica y metodol\u00f3gica es valorada en \u00e9ste tipo de propuestas.<\/p><\/div>\n\t\t\t\t<\/div>\n\t\t\t\t\t\t\t<div class=\"elementor-accordion-item\">\n\t\t\t\t\t<div id=\"elementor-tab-title-2049\" class=\"elementor-tab-title\" data-tab=\"9\" role=\"button\" aria-controls=\"elementor-tab-content-2049\" aria-expanded=\"false\">\n\t\t\t\t\t\t\t\t\t\t\t\t\t<span class=\"elementor-accordion-icon elementor-accordion-icon-left\" aria-hidden=\"true\">\n\t\t\t\t\t\t\t\t\t\t\t\t\t\t\t<span class=\"elementor-accordion-icon-closed\"><i class=\"fas fa-plus\"><\/i><\/span>\n\t\t\t\t\t\t\t\t<span class=\"elementor-accordion-icon-opened\"><i class=\"fas fa-minus\"><\/i><\/span>\n\t\t\t\t\t\t\t\t\t\t\t\t\t\t<\/span>\n\t\t\t\t\t\t\t\t\t\t\t\t<a class=\"elementor-accordion-title\" tabindex=\"0\">9. \u00bfPuedo tener ayuda para la formulaci\u00f3n de un proyecto?<\/a>\n\t\t\t\t\t<\/div>\n\t\t\t\t\t<div id=\"elementor-tab-content-2049\" class=\"elementor-tab-content elementor-clearfix\" data-tab=\"9\" role=\"region\" aria-labelledby=\"elementor-tab-title-2049\"><p>Para solicitar orientaciones para la formulaci\u00f3n de propuestas, puede contactarse al correo <a href=\"mailto:pida@ubiobio.cl\">pida@ubiobio.cl<\/a> para coordinar talleres o reuniones focalizadas. Para m\u00e1s informaci\u00f3n puede visitar la p\u00e1gina del <strong><em>\u201cPrograma de Investigaci\u00f3n en Docencia y Aprendizaje<\/em><\/strong>\u201d (<a href=\"http:\/\/pida.ubiobio.cl\/\">http:\/\/pida.ubiobio.cl\/<\/a>)\u00a0<\/p><\/div>\n\t\t\t\t<\/div>\n\t\t\t\t\t\t\t\t<\/div>\n\t\t\t\t<\/div>\n\t\t\t\t<\/div>\n\t\t\t\t\t<\/div>\n\t\t<\/div>\n\t\t\t\t\t<\/div>\n\t\t<\/section>\n\t\t\t\t<\/div>\n\t\t","protected":false},"excerpt":{"rendered":"<p>La Vicerrector\u00eda de Investigaci\u00f3n y Postgrado, en conjunto con la Vicerrector\u00eda Acad\u00e9mica, llama a postular al Concurso \u201cProyectos de Investigaci\u00f3n en Docencia y Aprendizaje UBB 2025\u201d, que tienen como objetivo impulsar la investigaci\u00f3n educativa dentro de la Universidad del B\u00edo-B\u00edo. Esta convocatoria tiene como prop\u00f3sito promover la reflexi\u00f3n y an\u00e1lisis de los procesos de docencia&#8230;<\/p>\n","protected":false},"author":1,"featured_media":0,"parent":0,"menu_order":0,"comment_status":"closed","ping_status":"closed","template":"","meta":{"_kadence_starter_templates_imported_post":false,"_kad_post_transparent":"default","_kad_post_title":"hide","_kad_post_layout":"narrow","_kad_post_sidebar_id":"","_kad_post_content_style":"boxed","_kad_post_vertical_padding":"bottom","_kad_post_feature":"","_kad_post_feature_position":"","_kad_post_header":false,"_kad_post_footer":false,"footnotes":""},"_links":{"self":[{"href":"https:\/\/vrip.ubiobio.cl\/inicio\/wp-json\/wp\/v2\/pages\/46960"}],"collection":[{"href":"https:\/\/vrip.ubiobio.cl\/inicio\/wp-json\/wp\/v2\/pages"}],"about":[{"href":"https:\/\/vrip.ubiobio.cl\/inicio\/wp-json\/wp\/v2\/types\/page"}],"author":[{"embeddable":true,"href":"https:\/\/vrip.ubiobio.cl\/inicio\/wp-json\/wp\/v2\/users\/1"}],"replies":[{"embeddable":true,"href":"https:\/\/vrip.ubiobio.cl\/inicio\/wp-json\/wp\/v2\/comments?post=46960"}],"version-history":[{"count":34,"href":"https:\/\/vrip.ubiobio.cl\/inicio\/wp-json\/wp\/v2\/pages\/46960\/revisions"}],"predecessor-version":[{"id":49113,"href":"https:\/\/vrip.ubiobio.cl\/inicio\/wp-json\/wp\/v2\/pages\/46960\/revisions\/49113"}],"wp:attachment":[{"href":"https:\/\/vrip.ubiobio.cl\/inicio\/wp-json\/wp\/v2\/media?parent=46960"}],"curies":[{"name":"wp","href":"https:\/\/api.w.org\/{rel}","templated":true}]}}