{"id":46885,"date":"2024-10-08T13:02:47","date_gmt":"2024-10-08T13:02:47","guid":{"rendered":"https:\/\/vrip.ubiobio.cl\/inicio\/?page_id=46885"},"modified":"2025-06-17T15:31:22","modified_gmt":"2025-06-17T15:31:22","slug":"edicion-07-octubre-2024","status":"publish","type":"page","link":"https:\/\/vrip.ubiobio.cl\/inicio\/informativos-vrip\/edicion-07-octubre-2024\/","title":{"rendered":"Informativo VRIP 07 Octubre 2024"},"content":{"rendered":"\t\t<div data-elementor-type=\"wp-page\" data-elementor-id=\"46885\" class=\"elementor elementor-46885\" data-elementor-settings=\"{&quot;ha_cmc_init_switcher&quot;:&quot;no&quot;}\">\n\t\t\t\t\t\t<section class=\"elementor-section elementor-top-section elementor-element elementor-element-619a71f elementor-section-height-min-height elementor-section-boxed elementor-section-height-default elementor-section-items-middle\" data-id=\"619a71f\" data-element_type=\"section\" data-e-type=\"section\" data-settings=\"{&quot;background_background&quot;:&quot;classic&quot;,&quot;_ha_eqh_enable&quot;:false}\">\n\t\t\t\t\t\t<div class=\"elementor-container elementor-column-gap-default\">\n\t\t\t\t\t<div class=\"elementor-column elementor-col-100 elementor-top-column elementor-element elementor-element-49770de0 elementor-invisible\" data-id=\"49770de0\" data-element_type=\"column\" data-e-type=\"column\" data-settings=\"{&quot;animation&quot;:&quot;slideInDown&quot;}\">\n\t\t\t<div class=\"elementor-widget-wrap elementor-element-populated\">\n\t\t\t\t\t\t<div class=\"elementor-element elementor-element-5c1ba5a3 elementor-widget elementor-widget-heading\" data-id=\"5c1ba5a3\" data-element_type=\"widget\" data-e-type=\"widget\" data-widget_type=\"heading.default\">\n\t\t\t\t<div class=\"elementor-widget-container\">\n\t\t\t\t\t<h3 class=\"elementor-heading-title elementor-size-xl\">Edici\u00f3n 07 Octubre 2024<\/h3>\t\t\t\t<\/div>\n\t\t\t\t<\/div>\n\t\t\t\t\t<\/div>\n\t\t<\/div>\n\t\t\t\t\t<\/div>\n\t\t<\/section>\n\t\t\t\t<section class=\"elementor-section elementor-top-section elementor-element elementor-element-193e492 elementor-section-boxed elementor-section-height-default elementor-section-height-default\" data-id=\"193e492\" data-element_type=\"section\" data-e-type=\"section\" data-settings=\"{&quot;_ha_eqh_enable&quot;:false}\">\n\t\t\t\t\t\t<div class=\"elementor-container elementor-column-gap-default\">\n\t\t\t\t\t<div class=\"elementor-column elementor-col-33 elementor-top-column elementor-element elementor-element-b461630\" data-id=\"b461630\" data-element_type=\"column\" data-e-type=\"column\">\n\t\t\t<div class=\"elementor-widget-wrap\">\n\t\t\t\t\t\t\t<\/div>\n\t\t<\/div>\n\t\t\t\t<div class=\"elementor-column elementor-col-33 elementor-top-column elementor-element elementor-element-2042191\" data-id=\"2042191\" data-element_type=\"column\" data-e-type=\"column\">\n\t\t\t<div class=\"elementor-widget-wrap elementor-element-populated\">\n\t\t\t\t\t\t<div class=\"elementor-element elementor-element-eaf4e0f elementor-widget elementor-widget-image\" data-id=\"eaf4e0f\" data-element_type=\"widget\" data-e-type=\"widget\" data-widget_type=\"image.default\">\n\t\t\t\t<div class=\"elementor-widget-container\">\n\t\t\t\t\t\t\t\t\t\t\t\t\t\t\t<img fetchpriority=\"high\" decoding=\"async\" width=\"834\" height=\"290\" src=\"https:\/\/vrip.ubiobio.cl\/wp-content\/uploads\/2023\/11\/Informativo-VRIP-Banner.jpg\" class=\"attachment-large size-large wp-image-41783\" alt=\"\" srcset=\"https:\/\/vrip.ubiobio.cl\/wp-content\/uploads\/2023\/11\/Informativo-VRIP-Banner.jpg 834w, https:\/\/vrip.ubiobio.cl\/wp-content\/uploads\/2023\/11\/Informativo-VRIP-Banner-380x132.jpg 380w, https:\/\/vrip.ubiobio.cl\/wp-content\/uploads\/2023\/11\/Informativo-VRIP-Banner-768x267.jpg 768w\" sizes=\"(max-width: 834px) 100vw, 834px\" \/>\t\t\t\t\t\t\t\t\t\t\t\t\t\t\t<\/div>\n\t\t\t\t<\/div>\n\t\t\t\t\t<\/div>\n\t\t<\/div>\n\t\t\t\t<div class=\"elementor-column elementor-col-33 elementor-top-column elementor-element elementor-element-efd9d44\" data-id=\"efd9d44\" data-element_type=\"column\" data-e-type=\"column\">\n\t\t\t<div class=\"elementor-widget-wrap\">\n\t\t\t\t\t\t\t<\/div>\n\t\t<\/div>\n\t\t\t\t\t<\/div>\n\t\t<\/section>\n\t\t\t\t<section class=\"elementor-section elementor-top-section elementor-element elementor-element-3970b6e elementor-section-boxed elementor-section-height-default elementor-section-height-default\" data-id=\"3970b6e\" data-element_type=\"section\" data-e-type=\"section\" data-settings=\"{&quot;_ha_eqh_enable&quot;:false}\">\n\t\t\t\t\t\t<div class=\"elementor-container elementor-column-gap-default\">\n\t\t\t\t\t<div class=\"elementor-column elementor-col-33 elementor-top-column elementor-element elementor-element-26c2a57\" data-id=\"26c2a57\" data-element_type=\"column\" data-e-type=\"column\">\n\t\t\t<div class=\"elementor-widget-wrap\">\n\t\t\t\t\t\t\t<\/div>\n\t\t<\/div>\n\t\t\t\t<div class=\"elementor-column elementor-col-33 elementor-top-column elementor-element elementor-element-279be1bf\" data-id=\"279be1bf\" data-element_type=\"column\" data-e-type=\"column\">\n\t\t\t<div class=\"elementor-widget-wrap elementor-element-populated\">\n\t\t\t\t\t\t<div class=\"elementor-element elementor-element-cb53f68 elementor-widget elementor-widget-text-editor\" data-id=\"cb53f68\" data-element_type=\"widget\" data-e-type=\"widget\" data-widget_type=\"text-editor.default\">\n\t\t\t\t<div class=\"elementor-widget-container\">\n\t\t\t\t\t\t\t\t\t<p><img decoding=\"async\" src=\"https:\/\/flashissue.s3.us-east-1.amazonaws.com\/iulZQkNFSkKYnekzDkbD_MQ==.png\" \/><\/p><h3><span style=\"color: #0b5394;\"><strong>Universidad del B\u00edo-B\u00edo e Inmobiliaria Aconcagua inauguran la primera casa impresa 3D de Latinoam\u00e9rica<\/strong><\/span><\/h3><p>Se trata del primer prototipo de este tipo de vivienda en Chile y en la regi\u00f3n, denominado \u201cCasa-Semilla\u201d que nace gracias a la colaboraci\u00f3n p\u00fablico-privada.<\/p><p><em>Ver m\u00e1s:<a href=\"https:\/\/noticias.ubiobio.cl\/2024\/10\/07\/universidad-del-bio-bio-e-inmobiliaria-aconcagua-inauguran-la-primera-casa-impresa-3d-de-latinoamerica\/\" target=\"_blank\" rel=\"noopener\" data-saferedirecturl=\"https:\/\/www.google.com\/url?q=https:\/\/noticias.ubiobio.cl\/2024\/10\/07\/universidad-del-bio-bio-e-inmobiliaria-aconcagua-inauguran-la-primera-casa-impresa-3d-de-latinoamerica\/&amp;source=gmail&amp;ust=1728478638972000&amp;usg=AOvVaw1AwNIC1Q32OyBpFl1a83mJ\">\u00a0<\/a><\/em><a href=\"https:\/\/noticias.ubiobio.cl\/2024\/10\/07\/universidad-del-bio-bio-e-inmobiliaria-aconcagua-inauguran-la-primera-casa-impresa-3d-de-latinoamerica\/\" target=\"_blank\" rel=\"noopener\" data-saferedirecturl=\"https:\/\/www.google.com\/url?q=https:\/\/noticias.ubiobio.cl\/2024\/10\/07\/universidad-del-bio-bio-e-inmobiliaria-aconcagua-inauguran-la-primera-casa-impresa-3d-de-latinoamerica\/&amp;source=gmail&amp;ust=1728478638972000&amp;usg=AOvVaw1AwNIC1Q32OyBpFl1a83mJ\">https:\/\/noticias.ubiobio.<wbr \/>cl\/2024\/10\/07\/universidad-del-<wbr \/>bio-bio-e-inmobiliaria-<wbr \/>aconcagua-inauguran-la-<wbr \/>primera-casa-impresa-3d-de-<wbr \/>latinoamerica\/<\/a><\/p><hr \/><p><img decoding=\"async\" src=\"https:\/\/flashissue.s3.us-east-1.amazonaws.com\/2Nnr4etPTKUNnbYDuaGA_Mw==.png\" \/><\/p><h3><span style=\"color: #0b5394;\"><strong>En la UBB se realiz\u00f3 taller de postulaci\u00f3n del Fondo Estructural de I+D+i Universitario (FIU)<\/strong><\/span><\/h3><p>En dependencias del Edificio de Innovaci\u00f3n de la Universidad del B\u00edo-B\u00edo, se llev\u00f3 a cabo, este martes 1\u00b0 de octubre, v\u00eda plataforma remota, el taller de postulaci\u00f3n del Fondo Estructural de I+D+i Universitario (FIU). La invitaci\u00f3n consideraba a 3 representantes por instituci\u00f3n de educaci\u00f3n superior de la regi\u00f3n.<\/p><p><em>Ver m\u00e1s<\/em>:\u00a0<a href=\"https:\/\/vrip.ubiobio.cl\/inicio\/noticias\/en-la-ubb-se-realizo-taller-de-postulacion-del-fondo-estructural-de-idi-universitario-fiu\/\" target=\"_blank\" rel=\"noopener\" data-saferedirecturl=\"https:\/\/www.google.com\/url?q=https:\/\/vrip.ubiobio.cl\/inicio\/noticias\/en-la-ubb-se-realizo-taller-de-postulacion-del-fondo-estructural-de-idi-universitario-fiu\/&amp;source=gmail&amp;ust=1728478638972000&amp;usg=AOvVaw1n6LqAKB2Va4SfirHycSKD\">https:\/\/vrip.ubiobio.cl\/<wbr \/>inicio\/noticias\/en-la-ubb-se-<wbr \/>realizo-taller-de-postulacion-<wbr \/>del-fondo-estructural-de-idi-<wbr \/>universitario-fiu\/<\/a><\/p><hr \/><p><img decoding=\"async\" src=\"https:\/\/flashissue.s3.us-east-1.amazonaws.com\/5G5WHlA6T7y0w7NHVCwP_Mg==.png\" \/><\/p><h3><span style=\"color: #0b5394;\"><strong>Acad\u00e9micos de la USACH visitan la UBB<\/strong><\/span><\/h3><p>Una delegaci\u00f3n de la Universidad de Santiago, USACH, encabezada por el decano de la Facultad Tecnol\u00f3gica, Sebasti\u00e1n Aguirre, visitaron, este jueves 26 de septiembre, la Universidad del B\u00edo-B\u00edo, oportunidad en la que fueron recibidos por el decano de la Facultad de Arquitectura, Construcci\u00f3n y Dise\u00f1o, Roberto Burdiles, junto a acad\u00e9micos del Departamento de Artes y Tecnolog\u00edas del Dise\u00f1o, UBB.<\/p><p><em>Ver m\u00e1s<\/em>:\u00a0<a href=\"https:\/\/vrip.ubiobio.cl\/inicio\/noticias\/academicos-de-la-usach-visitan-la-ubb\/\" target=\"_blank\" rel=\"noopener\" data-saferedirecturl=\"https:\/\/www.google.com\/url?q=https:\/\/vrip.ubiobio.cl\/inicio\/noticias\/academicos-de-la-usach-visitan-la-ubb\/&amp;source=gmail&amp;ust=1728478638972000&amp;usg=AOvVaw2-PRWUGPHEF8WtF_IlpAru\">https:\/\/vrip.ubiobio.cl\/<wbr \/>inicio\/noticias\/academicos-de-<wbr \/>la-usach-visitan-la-ubb\/<\/a><\/p><hr \/><p><img decoding=\"async\" src=\"https:\/\/flashissue.s3.us-east-1.amazonaws.com\/OIgeeufRXq2RyI5JyTQV_VlJJUF9CYW5uZXIgSW5mb3JtYXRpdm8gKDEp.png\" \/><\/p><h3><span style=\"color: #0b5394;\"><strong>Acad\u00e9mica Fondecyt UBB present\u00f3 resultados de su investigaci\u00f3n en Congreso Internacional de Educaci\u00f3n Evaluaci\u00f3n desarrollado en Tlaxcala- M\u00e9xico<\/strong><\/span><\/h3><p>La acad\u00e9mica del Departamento Ciencias de la Educaci\u00f3n, Dra. Ana Carolina Maldonado-Fuentes, present\u00f3 resultados de su investigaci\u00f3n sobre \u00a0el sentido atribuido a la Evaluaci\u00f3n Educativa por futuros profesores en el marco de su proyecto Fondecyt Iniciaci\u00f3n 11220291 \u201cAlfabetizaci\u00f3n en Evaluaci\u00f3n: Representaciones de la Evaluaci\u00f3n de los Aprendizajes en ingresantes a la Formaci\u00f3n Inicial Docente a partir de su trayectoria escolar\u201d, financiado por la Agencia Nacional de Investigaci\u00f3n y Desarrollo (ANID) de Chile.<\/p><p><em>Ver m\u00e1s<\/em>:\u00a0<a href=\"https:\/\/vrip.ubiobio.cl\/inicio\/noticias\/academica-fondecyt-ubb-presento-resultados-de-su-investigacion-en-congreso-internacional-de-educacion-evaluacion-desarrollado-en-tlaxcala-mexico\/\" target=\"_blank\" rel=\"noopener\" data-saferedirecturl=\"https:\/\/www.google.com\/url?q=https:\/\/vrip.ubiobio.cl\/inicio\/noticias\/academica-fondecyt-ubb-presento-resultados-de-su-investigacion-en-congreso-internacional-de-educacion-evaluacion-desarrollado-en-tlaxcala-mexico\/&amp;source=gmail&amp;ust=1728478638972000&amp;usg=AOvVaw1CvXJMrOd3dhMlhdNQVY_T\">https:\/\/vrip.ubiobio.cl\/<wbr \/>inicio\/noticias\/academica-<wbr \/>fondecyt-ubb-presento-<wbr \/>resultados-de-su-<wbr \/>investigacion-en-congreso-<wbr \/>internacional-de-educacion-<wbr \/>evaluacion-desarrollado-en-<wbr \/>tlaxcala-mexico\/<\/a><\/p><hr \/><p><img decoding=\"async\" src=\"https:\/\/flashissue.s3.us-east-1.amazonaws.com\/hPvdkQxR96EZeCLs2T4g_NA==.png\" \/><\/p><h3><span style=\"color: #0b5394;\"><strong>Seminario Internacional en la FACSA: Nanoencapsulaci\u00f3n y microencapsulaci\u00f3n en tecnolog\u00eda Agroalimentaria<\/strong><\/span><\/h3><p>El Doctorado en Ingenier\u00eda de Alimentos de la Facultad de Ciencias de la Salud y de los Alimentos llev\u00f3 a cabo el Seminario Internacional: \u00ab \u201cT\u00e9cnicas de nanoencapsulaci\u00f3n para la optimizaci\u00f3n de plaguicidas y microencapsulaci\u00f3n de microorganismos\u00a0 de inter\u00e9s agr\u00edcola\u201d, en el marco del Proyecto Fondecyt Regular 1221815 obtenido por el acad\u00e9mico del Departamento de Ingenier\u00eda en Alimentos, Dr. Ricardo Villalobos Carvajal.<\/p><p><em>Ver m\u00e1s<\/em>:\u00a0<a href=\"https:\/\/noticias.ubiobio.cl\/2024\/10\/03\/seminario-internacional-en-la-facsa-nanoencapsulacion-y-microencapsulacion-en-tecnologia-agroalimentaria\/\" target=\"_blank\" rel=\"noopener\" data-saferedirecturl=\"https:\/\/www.google.com\/url?q=https:\/\/noticias.ubiobio.cl\/2024\/10\/03\/seminario-internacional-en-la-facsa-nanoencapsulacion-y-microencapsulacion-en-tecnologia-agroalimentaria\/&amp;source=gmail&amp;ust=1728478638972000&amp;usg=AOvVaw2qFrTqReUJJX1aLpC16pUf\">https:\/\/noticias.ubiobio.<wbr \/>cl\/2024\/10\/03\/seminario-<wbr \/>internacional-en-la-facsa-<wbr \/>nanoencapsulacion-y-<wbr \/>microencapsulacion-en-<wbr \/>tecnologia-agroalimentaria\/<\/a><\/p><hr \/><p><img decoding=\"async\" src=\"https:\/\/flashissue.s3.us-east-1.amazonaws.com\/VZg4dlmhRV6jdAI17c2c_Ng==.png\" \/><\/p><h3><span style=\"color: #0b5394;\"><strong>Acad\u00e9mico del Departamento de F\u00edsica UBB present\u00f3 sus investigaciones en Polonia y Espa\u00f1a<\/strong><\/span><\/h3><p>El acad\u00e9mico del Departamento de F\u00edsica de la Universidad del B\u00edo-B\u00edo (UBB), Dr. Javier Pulgar Neira, realiz\u00f3 un viaje acad\u00e9mico que lo llev\u00f3 a presentar sus investigaciones en el \u201c4to Congreso Mundial de Ense\u00f1anza de la F\u00edsica\u201d desarrollado en la Universidad Jaguel\u00f3nica de Cracovia, Polonia. Asimismo, llev\u00f3 a cabo una visita de colaboraci\u00f3n con investigadores de la Universidad del Pa\u00eds Vasco en San Sebasti\u00e1n, Espa\u00f1a.<\/p><p><em>Ver m\u00e1s<\/em>:\u00a0<a href=\"https:\/\/noticias.ubiobio.cl\/2024\/10\/02\/academico-del-departamento-de-fisica-ubb-presento-sus-investigaciones-en-polonia-y-espana\/\" target=\"_blank\" rel=\"noopener\" data-saferedirecturl=\"https:\/\/www.google.com\/url?q=https:\/\/noticias.ubiobio.cl\/2024\/10\/02\/academico-del-departamento-de-fisica-ubb-presento-sus-investigaciones-en-polonia-y-espana\/&amp;source=gmail&amp;ust=1728478638972000&amp;usg=AOvVaw2T_OIE8YOhAk0S6JzMrdmu\">https:\/\/noticias.ubiobio.<wbr \/>cl\/2024\/10\/02\/academico-del-<wbr \/>departamento-de-fisica-ubb-<wbr \/>presento-sus-investigaciones-<wbr \/>en-polonia-y-espana\/<\/a><\/p><hr \/><p><img decoding=\"async\" src=\"https:\/\/flashissue.s3.us-east-1.amazonaws.com\/opWiUlmHR9mDxMJgeHXQ_NQ==.png\" \/><\/p><h3><span style=\"color: #0b5394;\"><strong>Estudiantes del Mag\u00edster en Ciencias Biol\u00f3gicas organizaron taller de ilustraci\u00f3n cient\u00edfica<\/strong><\/span><\/h3><p>A trav\u00e9s del Fondo de Apoyo a las Artes y la Cultura de la Direcci\u00f3n de Desarrollo Estudiantil (DDE) los y las estudiantes del Mag\u00edster en Ciencias Biol\u00f3gicas, Claudia Leal Medina, Nicol\u00e1s Reyes Quinteros y Jaime Gangas Cisternas, realizaron el taller \u201cBioilustra acuarela: Introducci\u00f3n a la ilustraci\u00f3n cient\u00edfica de aves y anfibios de Chile\u201d, instancia donde quienes participaron adquirieron la capacidad de representar gr\u00e1ficamente a cuatro especies modelo mediante t\u00e9cnicas de acuarela.<\/p><p><em>Ver m\u00e1s<\/em>:\u00a0<a href=\"https:\/\/noticias.ubiobio.cl\/2024\/09\/27\/estudiantes-del-magister-en-ciencias-biologicas-organizaron-taller-de-ilustracion-cientifica\/\" target=\"_blank\" rel=\"noopener\" data-saferedirecturl=\"https:\/\/www.google.com\/url?q=https:\/\/noticias.ubiobio.cl\/2024\/09\/27\/estudiantes-del-magister-en-ciencias-biologicas-organizaron-taller-de-ilustracion-cientifica\/&amp;source=gmail&amp;ust=1728478638972000&amp;usg=AOvVaw2M-Jqs6CcfOi0Z9D2PmNwd\">https:\/\/noticias.ubiobio.<wbr \/>cl\/2024\/09\/27\/estudiantes-del-<wbr \/>magister-en-ciencias-<wbr \/>biologicas-organizaron-taller-<wbr \/>de-ilustracion-cientifica\/<\/a><\/p><hr \/><p><img decoding=\"async\" src=\"https:\/\/flashissue.s3.us-east-1.amazonaws.com\/oB6lAE0RNKTEBM81m0fw_RElfUmVzdWx0YWRvIENvcmZv.jpg\" \/><\/p><hr \/>\t\t\t\t\t\t\t\t<\/div>\n\t\t\t\t<\/div>\n\t\t\t\t\t<\/div>\n\t\t<\/div>\n\t\t\t\t<div class=\"elementor-column elementor-col-33 elementor-top-column elementor-element elementor-element-4029fc3\" data-id=\"4029fc3\" data-element_type=\"column\" data-e-type=\"column\">\n\t\t\t<div class=\"elementor-widget-wrap\">\n\t\t\t\t\t\t\t<\/div>\n\t\t<\/div>\n\t\t\t\t\t<\/div>\n\t\t<\/section>\n\t\t\t\t<section class=\"elementor-section elementor-top-section elementor-element elementor-element-a485fdf elementor-section-boxed elementor-section-height-default elementor-section-height-default\" data-id=\"a485fdf\" data-element_type=\"section\" data-e-type=\"section\" data-settings=\"{&quot;_ha_eqh_enable&quot;:false}\">\n\t\t\t\t\t\t<div class=\"elementor-container elementor-column-gap-default\">\n\t\t\t\t\t<div class=\"elementor-column elementor-col-33 elementor-top-column elementor-element elementor-element-ece34e2\" data-id=\"ece34e2\" data-element_type=\"column\" data-e-type=\"column\">\n\t\t\t<div class=\"elementor-widget-wrap\">\n\t\t\t\t\t\t\t<\/div>\n\t\t<\/div>\n\t\t\t\t<div class=\"elementor-column elementor-col-33 elementor-top-column elementor-element elementor-element-c4e8f33\" data-id=\"c4e8f33\" data-element_type=\"column\" data-e-type=\"column\">\n\t\t\t<div class=\"elementor-widget-wrap elementor-element-populated\">\n\t\t\t\t\t\t<div class=\"elementor-element elementor-element-1f67c8a elementor-widget elementor-widget-heading\" data-id=\"1f67c8a\" data-element_type=\"widget\" data-e-type=\"widget\" data-widget_type=\"heading.default\">\n\t\t\t\t<div class=\"elementor-widget-container\">\n\t\t\t\t\t<h1 class=\"elementor-heading-title elementor-size-default\">Informaci\u00f3n VRIP<\/h1>\t\t\t\t<\/div>\n\t\t\t\t<\/div>\n\t\t\t\t\t<\/div>\n\t\t<\/div>\n\t\t\t\t<div class=\"elementor-column elementor-col-33 elementor-top-column elementor-element elementor-element-1f18c8e\" data-id=\"1f18c8e\" data-element_type=\"column\" data-e-type=\"column\">\n\t\t\t<div class=\"elementor-widget-wrap\">\n\t\t\t\t\t\t\t<\/div>\n\t\t<\/div>\n\t\t\t\t\t<\/div>\n\t\t<\/section>\n\t\t\t\t<section class=\"elementor-section elementor-top-section elementor-element elementor-element-1e7212e elementor-section-boxed elementor-section-height-default elementor-section-height-default\" data-id=\"1e7212e\" data-element_type=\"section\" data-e-type=\"section\" data-settings=\"{&quot;_ha_eqh_enable&quot;:false}\">\n\t\t\t\t\t\t<div class=\"elementor-container elementor-column-gap-default\">\n\t\t\t\t\t<div class=\"elementor-column elementor-col-33 elementor-top-column elementor-element elementor-element-229f337\" data-id=\"229f337\" data-element_type=\"column\" data-e-type=\"column\">\n\t\t\t<div class=\"elementor-widget-wrap\">\n\t\t\t\t\t\t\t<\/div>\n\t\t<\/div>\n\t\t\t\t<div class=\"elementor-column elementor-col-33 elementor-top-column elementor-element elementor-element-43ea34f\" data-id=\"43ea34f\" data-element_type=\"column\" data-e-type=\"column\">\n\t\t\t<div class=\"elementor-widget-wrap elementor-element-populated\">\n\t\t\t\t\t\t<div class=\"elementor-element elementor-element-aa044e2 elementor-widget elementor-widget-text-editor\" data-id=\"aa044e2\" data-element_type=\"widget\" data-e-type=\"widget\" data-widget_type=\"text-editor.default\">\n\t\t\t\t<div class=\"elementor-widget-container\">\n\t\t\t\t\t\t\t\t\t<p><img decoding=\"async\" src=\"https:\/\/flashissue.s3.us-east-1.amazonaws.com\/DdxDQZLMTRCeSbHCd5vB_RElfQ29uY3Vyc29zIDI0X0luZm9ybWF0aXZv.jpg\" \/><\/p><h3><span style=\"color: #0b5394;\"><strong>Concursos Internos Direcci\u00f3n de Innovaci\u00f3n<\/strong><\/span><\/h3><p>Bases e informaci\u00f3n:\u00a0<a href=\"https:\/\/vrip.ubiobio.cl\/inicio\/concursos-internos-di2024\/\" target=\"_blank\" rel=\"noopener\" data-saferedirecturl=\"https:\/\/www.google.com\/url?q=https:\/\/vrip.ubiobio.cl\/inicio\/concursos-internos-di2024\/&amp;source=gmail&amp;ust=1728478638972000&amp;usg=AOvVaw1anNtSqnP180ritTpdZOcg\">https:\/\/vrip.<wbr \/>ubiobio.cl\/inicio\/concursos-<wbr \/>internos-di2024\/<\/a><\/p><hr \/><p><img decoding=\"async\" src=\"https:\/\/flashissue.s3.us-east-1.amazonaws.com\/PCKQ8IDRyiqBzQdecNoA_RElDUkVBX0VxdWlwYW1pZW50byAyMDI0X0luZm9ybWF0aXZv.jpg\" \/><\/p><h3><span style=\"color: #0b5394;\"><strong>Concurso Equipamiento Cient\u00edfico-tecnol\u00f3gico 2024<\/strong><\/span><\/h3><p>Postulaciones:\u00a0<a href=\"mailto:postulaciones-dicrea@ubiobio.cl\" target=\"_blank\" rel=\"noopener\">postulaciones-<wbr \/>dicrea@ubiobio.cl<\/a><\/p><p>Ver m\u00e1s:\u00a0<a href=\"https:\/\/vrip.ubiobio.cl\/inicio\/concurso-adquisicion-mantenimiento-y-reposicion-de-equipamiento-cientifico-tecnologico-2024\/\" target=\"_blank\" rel=\"noopener\" data-saferedirecturl=\"https:\/\/www.google.com\/url?q=https:\/\/vrip.ubiobio.cl\/inicio\/concurso-adquisicion-mantenimiento-y-reposicion-de-equipamiento-cientifico-tecnologico-2024\/&amp;source=gmail&amp;ust=1728478638972000&amp;usg=AOvVaw1dHXLFid5YvyeNHYbZ6L5v\">https:\/\/vrip.ubiobio.cl\/<wbr \/>inicio\/concurso-adquisicion-<wbr \/>mantenimiento-y-reposicion-de-<wbr \/>equipamiento-cientifico-<wbr \/>tecnologico-2024\/<\/a><\/p><hr \/><p><img decoding=\"async\" src=\"https:\/\/flashissue.s3.us-east-1.amazonaws.com\/OiibVdIoTdGtB6YFQ6H2_VlJJUF9CYW5uZXIgSW5mb3JtYXRpdm8=.png\" \/><\/p><h3><span style=\"color: #0b5394;\"><strong>Encuentro de estudiantes de Postgrados<\/strong><\/span><\/h3><p><em>Ver m\u00e1s<\/em>:\u00a0<a href=\"https:\/\/encuentropostgrado.ubiobio.cl\/\" target=\"_blank\" rel=\"noopener\" data-saferedirecturl=\"https:\/\/www.google.com\/url?q=https:\/\/encuentropostgrado.ubiobio.cl\/&amp;source=gmail&amp;ust=1725983478869000&amp;usg=AOvVaw1XtiLQ_YFM-UtdxP8Rrlk7\">https:\/\/<wbr \/>encuentropostgrado.ubiobio.cl\/<\/a><\/p><hr \/><p><img decoding=\"async\" src=\"https:\/\/flashissue.s3.us-east-1.amazonaws.com\/UevjvTwFT9iwjtwBsobg_Mg==.png\" \/><\/p><h3><span style=\"color: #0b5394;\"><strong>Hackat\u00f3n, <span style=\"color: #0b5394;\">Ciencia<\/span> 2030<\/strong><\/span><\/h3><p><em>Ver m\u00e1s<\/em>:\u00a0<a href=\"https:\/\/ciencia2030.cl\/\" target=\"_blank\" rel=\"noopener\" data-saferedirecturl=\"https:\/\/www.google.com\/url?q=https:\/\/ciencia2030.cl\/&amp;source=gmail&amp;ust=1725983478869000&amp;usg=AOvVaw2b3SOr2GttOiYbBUnL_iMw\">https:\/\/ciencia2030.cl\/<\/a><\/p><hr \/><p><img decoding=\"async\" src=\"https:\/\/flashissue.s3.us-east-1.amazonaws.com\/nyAY8sWDTkmuGWIVDiOe_dW5uYW1lZA==.jpg\" \/><\/p><h3><span style=\"color: #0b5394;\"><strong>Conoce nuestro Portafolio EBCT OTL-UBB<\/strong><\/span><\/h3><p>La Vicerrector\u00eda de Investigaci\u00f3n y Postgrado de la Universidad del B\u00edo-B\u00edo, por medio de la Oficina de Transferencia y Licenciamiento y la Unidad de Emprendimiento, han dise\u00f1ado el portafolio de empresas de base cient\u00edfico tecnol\u00f3gicas, con la finalidad de destacar a las empresas creadas al alero del desarrollo de la ciencia y tecnolog\u00eda de la Universidad, y que han tomado el camino del emprendimiento.<\/p><p><em>Ver m\u00e1s<\/em>:\u00a0<a href=\"https:\/\/vrip.ubiobio.cl\/wp-content\/uploads\/2024\/03\/OTL_Portafolio-EBCT_baja.pdf\" target=\"_blank\" rel=\"noopener\" data-saferedirecturl=\"https:\/\/www.google.com\/url?q=https:\/\/vrip.ubiobio.cl\/wp-content\/uploads\/2024\/03\/OTL_Portafolio-EBCT_baja.pdf&amp;source=gmail&amp;ust=1725983478869000&amp;usg=AOvVaw0URS0b-SVWbwIf-NETbN_Y\">https:\/\/vrip.ubiobio.cl\/<wbr \/>wp-content\/uploads\/2024\/03\/<wbr \/>OTL_Portafolio-EBCT_baja.pdf<\/a><\/p><hr \/><p><img decoding=\"async\" src=\"https:\/\/flashissue.s3.us-east-1.amazonaws.com\/8ZFeNA80SZmjlpvkYt1X_VlJJUF9JbmZvcm1hdGl2b19CYW5uZXJfUG9zdGdyYWRv.jpg\" \/><\/p><h3><span style=\"color: #0b5394;\"><strong>Programas de Postgrados UBB disponibles<\/strong><\/span><\/h3><p><em>Ver m\u00e1s:\u00a0<\/em><a href=\"http:\/\/postgrados.ubiobio.cl\/\" target=\"_blank\" rel=\"noopener\" data-saferedirecturl=\"https:\/\/www.google.com\/url?q=http:\/\/postgrados.ubiobio.cl\/&amp;source=gmail&amp;ust=1725983478869000&amp;usg=AOvVaw05Mvqa1QuebRCzbFxmNwRH\">http:\/\/postgrados.<wbr \/>ubiobio.cl\/<\/a><\/p><hr \/><p><img decoding=\"async\" src=\"https:\/\/flashissue.s3.us-east-1.amazonaws.com\/pgp2YATFS6qVgAVNNMH9_Y2FsZW5kYXJpbw==.jpg\" \/><\/p><h3><span style=\"color: #0b5394;\"><strong>Calendario Anual de Concursos disponibles<\/strong><\/span><\/h3><p><em>Ver m\u00e1s:<\/em>\u00a0<a href=\"https:\/\/vrip.ubiobio.cl\/inicio\/calendario-de-concursos\/\" target=\"_blank\" rel=\"noopener\" data-saferedirecturl=\"https:\/\/www.google.com\/url?q=https:\/\/vrip.ubiobio.cl\/inicio\/calendario-de-concursos\/&amp;source=gmail&amp;ust=1725983478869000&amp;usg=AOvVaw0rHLa4LW1XktKKL9QXBy-L\">https:\/\/vrip.ubiobio.cl\/<wbr \/>inicio\/calendario-de-<wbr \/>concursos\/<\/a><\/p><hr \/><p><img decoding=\"async\" src=\"https:\/\/flashissue.s3.us-east-1.amazonaws.com\/a44w9pKT5WwTFBydUeGY_VlJJUF9CYW5uZXIgSW5mb3JtYXRpdm8=.png\" \/><\/p><h3><span style=\"color: #0b5394;\"><strong>Concurso Eco-Influencers<\/strong><\/span><\/h3><p><em>Ver m\u00e1s<\/em>:\u00a0<a href=\"https:\/\/rrii.ubiobio.cl\/convocatoria-concurso-eco-influencers\/\" target=\"_blank\" rel=\"noopener\" data-saferedirecturl=\"https:\/\/www.google.com\/url?q=https:\/\/rrii.ubiobio.cl\/convocatoria-concurso-eco-influencers\/&amp;source=gmail&amp;ust=1728478638973000&amp;usg=AOvVaw2OT2utinCi8ujQeCX8xBoU\">https:\/\/rrii.ubiobio.cl\/<wbr \/>convocatoria-concurso-eco-<wbr \/>influencers\/<\/a><\/p><hr \/>\t\t\t\t\t\t\t\t<\/div>\n\t\t\t\t<\/div>\n\t\t\t\t\t<\/div>\n\t\t<\/div>\n\t\t\t\t<div class=\"elementor-column elementor-col-33 elementor-top-column elementor-element elementor-element-a3b0a58\" data-id=\"a3b0a58\" data-element_type=\"column\" data-e-type=\"column\">\n\t\t\t<div class=\"elementor-widget-wrap\">\n\t\t\t\t\t\t\t<\/div>\n\t\t<\/div>\n\t\t\t\t\t<\/div>\n\t\t<\/section>\n\t\t\t\t<section class=\"elementor-section elementor-top-section elementor-element elementor-element-5e68b69 elementor-section-boxed elementor-section-height-default elementor-section-height-default\" data-id=\"5e68b69\" data-element_type=\"section\" data-e-type=\"section\" data-settings=\"{&quot;_ha_eqh_enable&quot;:false}\">\n\t\t\t\t\t\t<div class=\"elementor-container elementor-column-gap-default\">\n\t\t\t\t\t<div class=\"elementor-column elementor-col-33 elementor-top-column elementor-element elementor-element-feb73eb\" data-id=\"feb73eb\" data-element_type=\"column\" data-e-type=\"column\">\n\t\t\t<div class=\"elementor-widget-wrap\">\n\t\t\t\t\t\t\t<\/div>\n\t\t<\/div>\n\t\t\t\t<div class=\"elementor-column elementor-col-33 elementor-top-column elementor-element elementor-element-bc91de3\" data-id=\"bc91de3\" data-element_type=\"column\" data-e-type=\"column\">\n\t\t\t<div class=\"elementor-widget-wrap elementor-element-populated\">\n\t\t\t\t\t\t<div class=\"elementor-element elementor-element-9f1f03a elementor-widget elementor-widget-text-editor\" data-id=\"9f1f03a\" data-element_type=\"widget\" data-e-type=\"widget\" data-widget_type=\"text-editor.default\">\n\t\t\t\t<div class=\"elementor-widget-container\">\n\t\t\t\t\t\t\t\t\t<table align=\"center\"><tbody><tr><td id=\"m_8467858756250299110m_4658873428329236187m_-7901358079350462190gmail-twitter-social-link\"><a href=\"https:\/\/www.twitter.com\/FlashIssue\" target=\"_blank\" rel=\"noopener\" data-saferedirecturl=\"https:\/\/www.google.com\/url?q=https:\/\/www.twitter.com\/FlashIssue&amp;source=gmail&amp;ust=1701886559522000&amp;usg=AOvVaw2YqocBqApBMfCECsazrFYp\"><img decoding=\"async\" class=\"CToWUd alignright\" src=\"https:\/\/app.flashissue.com\/images\/social-icons\/round\/twitter\/grey\/twitter48.png\" data-bit=\"iit\" \/><\/a><\/td><td>\u00a0<\/td><td id=\"m_8467858756250299110m_4658873428329236187m_-7901358079350462190gmail-youtube-social-link\"><a href=\"https:\/\/www.youtube.com\/channel\/UCf7o8yHRJ7Y_QQLxwu1KQgA\" target=\"_blank\" rel=\"noopener\" data-saferedirecturl=\"https:\/\/www.google.com\/url?q=https:\/\/www.youtube.com\/channel\/UCf7o8yHRJ7Y_QQLxwu1KQgA&amp;source=gmail&amp;ust=1701886559523000&amp;usg=AOvVaw0jM7z9DMsgsZI5rYjuzYkv\"><img decoding=\"async\" class=\"CToWUd aligncenter\" src=\"https:\/\/ci3.googleusercontent.com\/meips\/ADKq_NZcx2sA8E3XSq35qpW98I3eb4zPATi0zr1ga9xoEv8HiKSPkRr0My77uw7jNpJiWcrZ-gHmEI2j5re0zjRI8wDsIoJbNevCaWCGyGWLOqc5TP4GPbVwQ1Wro4I6X8LmS5lWPhVl=s0-d-e1-ft#https:\/\/app.flashissue.com\/images\/social-icons\/round\/youtube\/grey\/youtube48.png\" data-bit=\"iit\" \/><\/a><\/td><td>\u00a0<\/td><td id=\"m_8467858756250299110m_4658873428329236187m_-7901358079350462190gmail-instagram-social-link\"><a href=\"https:\/\/www.instagram.com\/vrip_ubb\" target=\"_blank\" rel=\"noopener\" data-saferedirecturl=\"https:\/\/www.google.com\/url?q=https:\/\/www.instagram.com\/vrip_ubb&amp;source=gmail&amp;ust=1701886559523000&amp;usg=AOvVaw2F_KM9oE9lwudPrAZbmCZ0\"><img decoding=\"async\" class=\"CToWUd alignleft\" src=\"https:\/\/ci3.googleusercontent.com\/meips\/ADKq_Nan2m-yF-ZY-b4YK_6CQuSq5MrrQfz9h9uFQOtT_j31UVGd75i-QlY9VCEerAvzU-ywj-3R7trnB7YFhU35_iVsR89He9CXg0XLPQaj0mpctOF8T6RDYYJ9UnbXddwozdfwLo1cnkcc6w=s0-d-e1-ft#https:\/\/app.flashissue.com\/images\/social-icons\/round\/instagram\/grey\/instagram48.png\" data-bit=\"iit\" \/><\/a><\/td><\/tr><\/tbody><\/table><p><img decoding=\"async\" src=\"https:\/\/ci3.googleusercontent.com\/meips\/ADKq_NaKF-fgJsXFZ_zJQCoYDINB85tkqa3SLNYNXVr7RF7gDTX_gjHBOVPgLRoCVB2ytEuC_QCYcCQEc5o2wednfOInTFO7_6imvAkKPRLqrTdOeW5RmZiOXhLYOU8Z2BXsga_Y5XO26R9TXxqOPl4=s0-d-e1-ft#https:\/\/flashissue.s3.us-east-1.amazonaws.com\/xVesVrgXREOs3TCWMlFA_dXAtZG93bi0wMg==.jpg\" \/><\/p><p style=\"text-align: center;\">Vicerrector\u00eda de Investigaci\u00f3n y Postgrado &#8211; Universidad del B\u00edo-B\u00edo<\/p><p style=\"text-align: center;\">Todos los derechos reservados, Av. Collao 1202, Concepci\u00f3n \/ Av. Andr\u00e9s Bello s\/n, Chill\u00e1n<\/p><p style=\"text-align: center;\">Comentarios a:\u00a0<strong><a href=\"mailto:vripcomunicaciones@ubiobio.cl?subject=Comentario%20newsletter\" target=\"_blank\" rel=\"noopener\">vripcomunicaciones@ubiobio.<wbr \/>cl<\/a><\/strong><\/p>\t\t\t\t\t\t\t\t<\/div>\n\t\t\t\t<\/div>\n\t\t\t\t\t<\/div>\n\t\t<\/div>\n\t\t\t\t<div class=\"elementor-column elementor-col-33 elementor-top-column elementor-element elementor-element-c421ef0\" data-id=\"c421ef0\" data-element_type=\"column\" data-e-type=\"column\">\n\t\t\t<div class=\"elementor-widget-wrap\">\n\t\t\t\t\t\t\t<\/div>\n\t\t<\/div>\n\t\t\t\t\t<\/div>\n\t\t<\/section>\n\t\t\t\t<section class=\"elementor-section elementor-top-section elementor-element elementor-element-38f252df elementor-section-boxed elementor-section-height-default elementor-section-height-default\" data-id=\"38f252df\" data-element_type=\"section\" data-e-type=\"section\" data-settings=\"{&quot;_ha_eqh_enable&quot;:false}\">\n\t\t\t\t\t\t<div class=\"elementor-container elementor-column-gap-default\">\n\t\t\t\t\t\t<\/div>\n\t\t<\/section>\n\t\t\t\t<section class=\"elementor-section elementor-top-section elementor-element elementor-element-c05f85d elementor-section-boxed elementor-section-height-default elementor-section-height-default\" data-id=\"c05f85d\" data-element_type=\"section\" data-e-type=\"section\" data-settings=\"{&quot;_ha_eqh_enable&quot;:false}\">\n\t\t\t\t\t\t<div class=\"elementor-container elementor-column-gap-default\">\n\t\t\t\t\t<div class=\"elementor-column elementor-col-100 elementor-top-column elementor-element elementor-element-c588dc1\" data-id=\"c588dc1\" data-element_type=\"column\" data-e-type=\"column\">\n\t\t\t<div class=\"elementor-widget-wrap elementor-element-populated\">\n\t\t\t\t\t\t<div class=\"elementor-element elementor-element-4a24d89 elementor-widget elementor-widget-spacer\" data-id=\"4a24d89\" data-element_type=\"widget\" data-e-type=\"widget\" data-widget_type=\"spacer.default\">\n\t\t\t\t<div class=\"elementor-widget-container\">\n\t\t\t\t\t\t\t<div class=\"elementor-spacer\">\n\t\t\t<div class=\"elementor-spacer-inner\"><\/div>\n\t\t<\/div>\n\t\t\t\t\t\t<\/div>\n\t\t\t\t<\/div>\n\t\t\t\t\t<\/div>\n\t\t<\/div>\n\t\t\t\t\t<\/div>\n\t\t<\/section>\n\t\t\t\t<\/div>\n\t\t","protected":false},"excerpt":{"rendered":"<p>Edici\u00f3n 07 Octubre 2024 Universidad del B\u00edo-B\u00edo e Inmobiliaria Aconcagua inauguran la primera casa impresa 3D de Latinoam\u00e9rica Se trata del primer prototipo de este tipo de vivienda en Chile y en la regi\u00f3n, denominado \u201cCasa-Semilla\u201d que nace gracias a la colaboraci\u00f3n p\u00fablico-privada. Ver m\u00e1s:\u00a0https:\/\/noticias.ubiobio.cl\/2024\/10\/07\/universidad-del-bio-bio-e-inmobiliaria-aconcagua-inauguran-la-primera-casa-impresa-3d-de-latinoamerica\/ En la UBB se realiz\u00f3 taller de postulaci\u00f3n del Fondo&#8230;<\/p>\n","protected":false},"author":1,"featured_media":0,"parent":41711,"menu_order":0,"comment_status":"closed","ping_status":"closed","template":"","meta":{"_kadence_starter_templates_imported_post":false,"_kad_post_transparent":"default","_kad_post_title":"hide","_kad_post_layout":"fullwidth","_kad_post_sidebar_id":"","_kad_post_content_style":"unboxed","_kad_post_vertical_padding":"hide","_kad_post_feature":"hide","_kad_post_feature_position":"","_kad_post_header":false,"_kad_post_footer":false,"footnotes":""},"class_list":["post-46885","page","type-page","status-publish","hentry"],"yoast_head":"<!-- This site is optimized with the Yoast SEO plugin v27.5 - https:\/\/yoast.com\/product\/yoast-seo-wordpress\/ -->\n<title>Informativo VRIP 07 Octubre 2024 - VRIP<\/title>\n<meta name=\"robots\" content=\"index, follow, max-snippet:-1, max-image-preview:large, max-video-preview:-1\" \/>\n<link rel=\"canonical\" href=\"https:\/\/vrip.ubiobio.cl\/inicio\/informativos-vrip\/edicion-07-octubre-2024\/\" \/>\n<meta property=\"og:locale\" content=\"es_ES\" \/>\n<meta property=\"og:type\" content=\"article\" \/>\n<meta property=\"og:title\" content=\"Informativo VRIP 07 Octubre 2024 - VRIP\" \/>\n<meta property=\"og:description\" content=\"Edici\u00f3n 07 Octubre 2024 Universidad del B\u00edo-B\u00edo e Inmobiliaria Aconcagua inauguran la primera casa impresa 3D de Latinoam\u00e9rica Se trata del primer prototipo de este tipo de vivienda en Chile y en la regi\u00f3n, denominado \u201cCasa-Semilla\u201d que nace gracias a la colaboraci\u00f3n p\u00fablico-privada. Ver m\u00e1s:\u00a0https:\/\/noticias.ubiobio.cl\/2024\/10\/07\/universidad-del-bio-bio-e-inmobiliaria-aconcagua-inauguran-la-primera-casa-impresa-3d-de-latinoamerica\/ En la UBB se realiz\u00f3 taller de postulaci\u00f3n del Fondo...\" \/>\n<meta property=\"og:url\" content=\"https:\/\/vrip.ubiobio.cl\/inicio\/informativos-vrip\/edicion-07-octubre-2024\/\" \/>\n<meta property=\"og:site_name\" content=\"VRIP\" \/>\n<meta property=\"article:modified_time\" content=\"2025-06-17T15:31:22+00:00\" \/>\n<meta property=\"og:image\" content=\"https:\/\/vrip.ubiobio.cl\/wp-content\/uploads\/2023\/11\/Informativo-VRIP-Banner.jpg\" \/>\n\t<meta property=\"og:image:width\" content=\"834\" \/>\n\t<meta property=\"og:image:height\" content=\"290\" \/>\n\t<meta property=\"og:image:type\" content=\"image\/jpeg\" \/>\n<meta name=\"twitter:card\" content=\"summary_large_image\" \/>\n<meta name=\"twitter:site\" content=\"@vripubb\" \/>\n<meta name=\"twitter:label1\" content=\"Tiempo de lectura\" \/>\n\t<meta name=\"twitter:data1\" content=\"4 minutos\" \/>\n<script type=\"application\/ld+json\" class=\"yoast-schema-graph\">{\"@context\":\"https:\\\/\\\/schema.org\",\"@graph\":[{\"@type\":\"WebPage\",\"@id\":\"https:\\\/\\\/vrip.ubiobio.cl\\\/inicio\\\/informativos-vrip\\\/edicion-07-octubre-2024\\\/\",\"url\":\"https:\\\/\\\/vrip.ubiobio.cl\\\/inicio\\\/informativos-vrip\\\/edicion-07-octubre-2024\\\/\",\"name\":\"Informativo VRIP 07 Octubre 2024 - VRIP\",\"isPartOf\":{\"@id\":\"https:\\\/\\\/vrip.ubiobio.cl\\\/inicio\\\/#website\"},\"primaryImageOfPage\":{\"@id\":\"https:\\\/\\\/vrip.ubiobio.cl\\\/inicio\\\/informativos-vrip\\\/edicion-07-octubre-2024\\\/#primaryimage\"},\"image\":{\"@id\":\"https:\\\/\\\/vrip.ubiobio.cl\\\/inicio\\\/informativos-vrip\\\/edicion-07-octubre-2024\\\/#primaryimage\"},\"thumbnailUrl\":\"https:\\\/\\\/vrip.ubiobio.cl\\\/wp-content\\\/uploads\\\/2023\\\/11\\\/Informativo-VRIP-Banner.jpg\",\"datePublished\":\"2024-10-08T13:02:47+00:00\",\"dateModified\":\"2025-06-17T15:31:22+00:00\",\"breadcrumb\":{\"@id\":\"https:\\\/\\\/vrip.ubiobio.cl\\\/inicio\\\/informativos-vrip\\\/edicion-07-octubre-2024\\\/#breadcrumb\"},\"inLanguage\":\"es\",\"potentialAction\":[{\"@type\":\"ReadAction\",\"target\":[\"https:\\\/\\\/vrip.ubiobio.cl\\\/inicio\\\/informativos-vrip\\\/edicion-07-octubre-2024\\\/\"]}]},{\"@type\":\"ImageObject\",\"inLanguage\":\"es\",\"@id\":\"https:\\\/\\\/vrip.ubiobio.cl\\\/inicio\\\/informativos-vrip\\\/edicion-07-octubre-2024\\\/#primaryimage\",\"url\":\"https:\\\/\\\/vrip.ubiobio.cl\\\/wp-content\\\/uploads\\\/2023\\\/11\\\/Informativo-VRIP-Banner.jpg\",\"contentUrl\":\"https:\\\/\\\/vrip.ubiobio.cl\\\/wp-content\\\/uploads\\\/2023\\\/11\\\/Informativo-VRIP-Banner.jpg\"},{\"@type\":\"BreadcrumbList\",\"@id\":\"https:\\\/\\\/vrip.ubiobio.cl\\\/inicio\\\/informativos-vrip\\\/edicion-07-octubre-2024\\\/#breadcrumb\",\"itemListElement\":[{\"@type\":\"ListItem\",\"position\":1,\"name\":\"Portada\",\"item\":\"https:\\\/\\\/vrip.ubiobio.cl\\\/inicio\\\/\"},{\"@type\":\"ListItem\",\"position\":2,\"name\":\"Informativos VRIP\",\"item\":\"https:\\\/\\\/vrip.ubiobio.cl\\\/inicio\\\/informativos-vrip\\\/\"},{\"@type\":\"ListItem\",\"position\":3,\"name\":\"Informativo VRIP 07 Octubre 2024\"}]},{\"@type\":\"WebSite\",\"@id\":\"https:\\\/\\\/vrip.ubiobio.cl\\\/inicio\\\/#website\",\"url\":\"https:\\\/\\\/vrip.ubiobio.cl\\\/inicio\\\/\",\"name\":\"VRIP\",\"description\":\"Vicerrector\u00eda de Investigaci\u00f3n y Postgrado\",\"publisher\":{\"@id\":\"https:\\\/\\\/vrip.ubiobio.cl\\\/inicio\\\/#organization\"},\"potentialAction\":[{\"@type\":\"SearchAction\",\"target\":{\"@type\":\"EntryPoint\",\"urlTemplate\":\"https:\\\/\\\/vrip.ubiobio.cl\\\/inicio\\\/?s={search_term_string}\"},\"query-input\":{\"@type\":\"PropertyValueSpecification\",\"valueRequired\":true,\"valueName\":\"search_term_string\"}}],\"inLanguage\":\"es\"},{\"@type\":\"Organization\",\"@id\":\"https:\\\/\\\/vrip.ubiobio.cl\\\/inicio\\\/#organization\",\"name\":\"VRIP\",\"url\":\"https:\\\/\\\/vrip.ubiobio.cl\\\/inicio\\\/\",\"logo\":{\"@type\":\"ImageObject\",\"inLanguage\":\"es\",\"@id\":\"https:\\\/\\\/vrip.ubiobio.cl\\\/inicio\\\/#\\\/schema\\\/logo\\\/image\\\/\",\"url\":\"https:\\\/\\\/vrip.ubiobio.cl\\\/wp-content\\\/uploads\\\/2022\\\/10\\\/logo-vrip_Mesa-de-trabajo-1.png\",\"contentUrl\":\"https:\\\/\\\/vrip.ubiobio.cl\\\/wp-content\\\/uploads\\\/2022\\\/10\\\/logo-vrip_Mesa-de-trabajo-1.png\",\"width\":642,\"height\":178,\"caption\":\"VRIP\"},\"image\":{\"@id\":\"https:\\\/\\\/vrip.ubiobio.cl\\\/inicio\\\/#\\\/schema\\\/logo\\\/image\\\/\"},\"sameAs\":[\"https:\\\/\\\/x.com\\\/vripubb\",\"https:\\\/\\\/www.instagram.com\\\/vrip_ubb\\\/\",\"https:\\\/\\\/www.youtube.com\\\/channel\\\/UCf7o8yHRJ7Y_QQLxwu1KQgA\",\"https:\\\/\\\/www.linkedin.com\\\/company\\\/96035097\\\/admin\\\/dashboard\\\/\"]}]}<\/script>\n<!-- \/ Yoast SEO plugin. -->","yoast_head_json":{"title":"Informativo VRIP 07 Octubre 2024 - VRIP","robots":{"index":"index","follow":"follow","max-snippet":"max-snippet:-1","max-image-preview":"max-image-preview:large","max-video-preview":"max-video-preview:-1"},"canonical":"https:\/\/vrip.ubiobio.cl\/inicio\/informativos-vrip\/edicion-07-octubre-2024\/","og_locale":"es_ES","og_type":"article","og_title":"Informativo VRIP 07 Octubre 2024 - VRIP","og_description":"Edici\u00f3n 07 Octubre 2024 Universidad del B\u00edo-B\u00edo e Inmobiliaria Aconcagua inauguran la primera casa impresa 3D de Latinoam\u00e9rica Se trata del primer prototipo de este tipo de vivienda en Chile y en la regi\u00f3n, denominado \u201cCasa-Semilla\u201d que nace gracias a la colaboraci\u00f3n p\u00fablico-privada. Ver m\u00e1s:\u00a0https:\/\/noticias.ubiobio.cl\/2024\/10\/07\/universidad-del-bio-bio-e-inmobiliaria-aconcagua-inauguran-la-primera-casa-impresa-3d-de-latinoamerica\/ En la UBB se realiz\u00f3 taller de postulaci\u00f3n del Fondo...","og_url":"https:\/\/vrip.ubiobio.cl\/inicio\/informativos-vrip\/edicion-07-octubre-2024\/","og_site_name":"VRIP","article_modified_time":"2025-06-17T15:31:22+00:00","og_image":[{"width":834,"height":290,"url":"https:\/\/vrip.ubiobio.cl\/wp-content\/uploads\/2023\/11\/Informativo-VRIP-Banner.jpg","type":"image\/jpeg"}],"twitter_card":"summary_large_image","twitter_site":"@vripubb","twitter_misc":{"Tiempo de lectura":"4 minutos"},"schema":{"@context":"https:\/\/schema.org","@graph":[{"@type":"WebPage","@id":"https:\/\/vrip.ubiobio.cl\/inicio\/informativos-vrip\/edicion-07-octubre-2024\/","url":"https:\/\/vrip.ubiobio.cl\/inicio\/informativos-vrip\/edicion-07-octubre-2024\/","name":"Informativo VRIP 07 Octubre 2024 - VRIP","isPartOf":{"@id":"https:\/\/vrip.ubiobio.cl\/inicio\/#website"},"primaryImageOfPage":{"@id":"https:\/\/vrip.ubiobio.cl\/inicio\/informativos-vrip\/edicion-07-octubre-2024\/#primaryimage"},"image":{"@id":"https:\/\/vrip.ubiobio.cl\/inicio\/informativos-vrip\/edicion-07-octubre-2024\/#primaryimage"},"thumbnailUrl":"https:\/\/vrip.ubiobio.cl\/wp-content\/uploads\/2023\/11\/Informativo-VRIP-Banner.jpg","datePublished":"2024-10-08T13:02:47+00:00","dateModified":"2025-06-17T15:31:22+00:00","breadcrumb":{"@id":"https:\/\/vrip.ubiobio.cl\/inicio\/informativos-vrip\/edicion-07-octubre-2024\/#breadcrumb"},"inLanguage":"es","potentialAction":[{"@type":"ReadAction","target":["https:\/\/vrip.ubiobio.cl\/inicio\/informativos-vrip\/edicion-07-octubre-2024\/"]}]},{"@type":"ImageObject","inLanguage":"es","@id":"https:\/\/vrip.ubiobio.cl\/inicio\/informativos-vrip\/edicion-07-octubre-2024\/#primaryimage","url":"https:\/\/vrip.ubiobio.cl\/wp-content\/uploads\/2023\/11\/Informativo-VRIP-Banner.jpg","contentUrl":"https:\/\/vrip.ubiobio.cl\/wp-content\/uploads\/2023\/11\/Informativo-VRIP-Banner.jpg"},{"@type":"BreadcrumbList","@id":"https:\/\/vrip.ubiobio.cl\/inicio\/informativos-vrip\/edicion-07-octubre-2024\/#breadcrumb","itemListElement":[{"@type":"ListItem","position":1,"name":"Portada","item":"https:\/\/vrip.ubiobio.cl\/inicio\/"},{"@type":"ListItem","position":2,"name":"Informativos VRIP","item":"https:\/\/vrip.ubiobio.cl\/inicio\/informativos-vrip\/"},{"@type":"ListItem","position":3,"name":"Informativo VRIP 07 Octubre 2024"}]},{"@type":"WebSite","@id":"https:\/\/vrip.ubiobio.cl\/inicio\/#website","url":"https:\/\/vrip.ubiobio.cl\/inicio\/","name":"VRIP","description":"Vicerrector\u00eda de Investigaci\u00f3n y Postgrado","publisher":{"@id":"https:\/\/vrip.ubiobio.cl\/inicio\/#organization"},"potentialAction":[{"@type":"SearchAction","target":{"@type":"EntryPoint","urlTemplate":"https:\/\/vrip.ubiobio.cl\/inicio\/?s={search_term_string}"},"query-input":{"@type":"PropertyValueSpecification","valueRequired":true,"valueName":"search_term_string"}}],"inLanguage":"es"},{"@type":"Organization","@id":"https:\/\/vrip.ubiobio.cl\/inicio\/#organization","name":"VRIP","url":"https:\/\/vrip.ubiobio.cl\/inicio\/","logo":{"@type":"ImageObject","inLanguage":"es","@id":"https:\/\/vrip.ubiobio.cl\/inicio\/#\/schema\/logo\/image\/","url":"https:\/\/vrip.ubiobio.cl\/wp-content\/uploads\/2022\/10\/logo-vrip_Mesa-de-trabajo-1.png","contentUrl":"https:\/\/vrip.ubiobio.cl\/wp-content\/uploads\/2022\/10\/logo-vrip_Mesa-de-trabajo-1.png","width":642,"height":178,"caption":"VRIP"},"image":{"@id":"https:\/\/vrip.ubiobio.cl\/inicio\/#\/schema\/logo\/image\/"},"sameAs":["https:\/\/x.com\/vripubb","https:\/\/www.instagram.com\/vrip_ubb\/","https:\/\/www.youtube.com\/channel\/UCf7o8yHRJ7Y_QQLxwu1KQgA","https:\/\/www.linkedin.com\/company\/96035097\/admin\/dashboard\/"]}]}},"_links":{"self":[{"href":"https:\/\/vrip.ubiobio.cl\/inicio\/wp-json\/wp\/v2\/pages\/46885","targetHints":{"allow":["GET"]}}],"collection":[{"href":"https:\/\/vrip.ubiobio.cl\/inicio\/wp-json\/wp\/v2\/pages"}],"about":[{"href":"https:\/\/vrip.ubiobio.cl\/inicio\/wp-json\/wp\/v2\/types\/page"}],"author":[{"embeddable":true,"href":"https:\/\/vrip.ubiobio.cl\/inicio\/wp-json\/wp\/v2\/users\/1"}],"replies":[{"embeddable":true,"href":"https:\/\/vrip.ubiobio.cl\/inicio\/wp-json\/wp\/v2\/comments?post=46885"}],"version-history":[{"count":13,"href":"https:\/\/vrip.ubiobio.cl\/inicio\/wp-json\/wp\/v2\/pages\/46885\/revisions"}],"predecessor-version":[{"id":50523,"href":"https:\/\/vrip.ubiobio.cl\/inicio\/wp-json\/wp\/v2\/pages\/46885\/revisions\/50523"}],"up":[{"embeddable":true,"href":"https:\/\/vrip.ubiobio.cl\/inicio\/wp-json\/wp\/v2\/pages\/41711"}],"wp:attachment":[{"href":"https:\/\/vrip.ubiobio.cl\/inicio\/wp-json\/wp\/v2\/media?parent=46885"}],"curies":[{"name":"wp","href":"https:\/\/api.w.org\/{rel}","templated":true}]}}