{"id":46233,"date":"2024-08-13T14:00:38","date_gmt":"2024-08-13T14:00:38","guid":{"rendered":"https:\/\/vrip.ubiobio.cl\/inicio\/?page_id=46233"},"modified":"2024-08-13T14:27:24","modified_gmt":"2024-08-13T14:27:24","slug":"edicion-12-agosto-2024","status":"publish","type":"page","link":"https:\/\/vrip.ubiobio.cl\/inicio\/informativos-vrip\/edicion-12-agosto-2024\/","title":{"rendered":"Informativo VRIP 12 Agosto 2024"},"content":{"rendered":"\t\t<div data-elementor-type=\"wp-page\" data-elementor-id=\"46233\" class=\"elementor elementor-46233\" data-elementor-settings=\"{&quot;ha_cmc_init_switcher&quot;:&quot;no&quot;}\">\n\t\t\t\t\t\t<section class=\"elementor-section elementor-top-section elementor-element elementor-element-619a71f elementor-section-height-min-height elementor-section-boxed elementor-section-height-default elementor-section-items-middle\" data-id=\"619a71f\" data-element_type=\"section\" data-e-type=\"section\" data-settings=\"{&quot;background_background&quot;:&quot;classic&quot;,&quot;_ha_eqh_enable&quot;:false}\">\n\t\t\t\t\t\t<div class=\"elementor-container elementor-column-gap-default\">\n\t\t\t\t\t<div class=\"elementor-column elementor-col-100 elementor-top-column elementor-element elementor-element-49770de0 elementor-invisible\" data-id=\"49770de0\" data-element_type=\"column\" data-e-type=\"column\" data-settings=\"{&quot;animation&quot;:&quot;slideInDown&quot;}\">\n\t\t\t<div class=\"elementor-widget-wrap elementor-element-populated\">\n\t\t\t\t\t\t<div class=\"elementor-element elementor-element-5c1ba5a3 elementor-widget elementor-widget-heading\" data-id=\"5c1ba5a3\" data-element_type=\"widget\" data-e-type=\"widget\" data-widget_type=\"heading.default\">\n\t\t\t\t<div class=\"elementor-widget-container\">\n\t\t\t\t\t<h3 class=\"elementor-heading-title elementor-size-xl\">Edici\u00f3n 12 Agosto 2024<\/h3>\t\t\t\t<\/div>\n\t\t\t\t<\/div>\n\t\t\t\t\t<\/div>\n\t\t<\/div>\n\t\t\t\t\t<\/div>\n\t\t<\/section>\n\t\t\t\t<section class=\"elementor-section elementor-top-section elementor-element elementor-element-193e492 elementor-section-boxed elementor-section-height-default elementor-section-height-default\" data-id=\"193e492\" data-element_type=\"section\" data-e-type=\"section\" data-settings=\"{&quot;_ha_eqh_enable&quot;:false}\">\n\t\t\t\t\t\t<div class=\"elementor-container elementor-column-gap-default\">\n\t\t\t\t\t<div class=\"elementor-column elementor-col-33 elementor-top-column elementor-element elementor-element-b461630\" data-id=\"b461630\" data-element_type=\"column\" data-e-type=\"column\">\n\t\t\t<div class=\"elementor-widget-wrap\">\n\t\t\t\t\t\t\t<\/div>\n\t\t<\/div>\n\t\t\t\t<div class=\"elementor-column elementor-col-33 elementor-top-column elementor-element elementor-element-2042191\" data-id=\"2042191\" data-element_type=\"column\" data-e-type=\"column\">\n\t\t\t<div class=\"elementor-widget-wrap elementor-element-populated\">\n\t\t\t\t\t\t<div class=\"elementor-element elementor-element-eaf4e0f elementor-widget elementor-widget-image\" data-id=\"eaf4e0f\" data-element_type=\"widget\" data-e-type=\"widget\" data-widget_type=\"image.default\">\n\t\t\t\t<div class=\"elementor-widget-container\">\n\t\t\t\t\t\t\t\t\t\t\t\t\t\t\t<img fetchpriority=\"high\" decoding=\"async\" width=\"834\" height=\"290\" src=\"https:\/\/vrip.ubiobio.cl\/wp-content\/uploads\/2023\/11\/Informativo-VRIP-Banner.jpg\" class=\"attachment-large size-large wp-image-41783\" alt=\"\" srcset=\"https:\/\/vrip.ubiobio.cl\/wp-content\/uploads\/2023\/11\/Informativo-VRIP-Banner.jpg 834w, https:\/\/vrip.ubiobio.cl\/wp-content\/uploads\/2023\/11\/Informativo-VRIP-Banner-380x132.jpg 380w, https:\/\/vrip.ubiobio.cl\/wp-content\/uploads\/2023\/11\/Informativo-VRIP-Banner-768x267.jpg 768w\" sizes=\"(max-width: 834px) 100vw, 834px\" \/>\t\t\t\t\t\t\t\t\t\t\t\t\t\t\t<\/div>\n\t\t\t\t<\/div>\n\t\t\t\t\t<\/div>\n\t\t<\/div>\n\t\t\t\t<div class=\"elementor-column elementor-col-33 elementor-top-column elementor-element elementor-element-efd9d44\" data-id=\"efd9d44\" data-element_type=\"column\" data-e-type=\"column\">\n\t\t\t<div class=\"elementor-widget-wrap\">\n\t\t\t\t\t\t\t<\/div>\n\t\t<\/div>\n\t\t\t\t\t<\/div>\n\t\t<\/section>\n\t\t\t\t<section class=\"elementor-section elementor-top-section elementor-element elementor-element-3970b6e elementor-section-boxed elementor-section-height-default elementor-section-height-default\" data-id=\"3970b6e\" data-element_type=\"section\" data-e-type=\"section\" data-settings=\"{&quot;_ha_eqh_enable&quot;:false}\">\n\t\t\t\t\t\t<div class=\"elementor-container elementor-column-gap-default\">\n\t\t\t\t\t<div class=\"elementor-column elementor-col-33 elementor-top-column elementor-element elementor-element-26c2a57\" data-id=\"26c2a57\" data-element_type=\"column\" data-e-type=\"column\">\n\t\t\t<div class=\"elementor-widget-wrap\">\n\t\t\t\t\t\t\t<\/div>\n\t\t<\/div>\n\t\t\t\t<div class=\"elementor-column elementor-col-33 elementor-top-column elementor-element elementor-element-279be1bf\" data-id=\"279be1bf\" data-element_type=\"column\" data-e-type=\"column\">\n\t\t\t<div class=\"elementor-widget-wrap elementor-element-populated\">\n\t\t\t\t\t\t<div class=\"elementor-element elementor-element-cb53f68 elementor-widget elementor-widget-text-editor\" data-id=\"cb53f68\" data-element_type=\"widget\" data-e-type=\"widget\" data-widget_type=\"text-editor.default\">\n\t\t\t\t<div class=\"elementor-widget-container\">\n\t\t\t\t\t\t\t\t\t<p><img decoding=\"async\" src=\"https:\/\/ci3.googleusercontent.com\/meips\/ADKq_Na9u1-nH-5GgL1E-FuLtqoeh63fovWrgbwfbt1f3X-Y1HSIMhwJzCDWa15ANHp9BjtuEOOrFEy_KNETEtQaS_CI2iceVr9GRXbljPlEAkNh3rfGYgALdrNFs73eAtmDMos=s0-d-e1-ft#https:\/\/flashissue.s3.us-east-1.amazonaws.com\/UgmQT0blTYeObCvPl3Tt_MQ==.png\" \/><\/p><h3><span style=\"color: #0b5394;\"><strong>UBB se har\u00e1 presente en la Feria Internacional de la Construcci\u00f3n, Edifica 2024<\/strong><\/span><\/h3><p>El evento se dar\u00e1 cita entre el 15 y el 17 de octubre de 2024, en Espacio Riesco, y un equipo de acad\u00e9micos y profesionales, liderados desde el Centro de Investigaci\u00f3n en Tecnolog\u00edas de la Construcci\u00f3n de la Universidad del B\u00edo-B\u00edo, (CITEC) ya se est\u00e1n preparando para estar presentes en este importante encuentro de la construcci\u00f3n.<\/p><p><em>Ver m\u00e1s<\/em>:\u00a0<a href=\"https:\/\/vrip.ubiobio.cl\/inicio\/noticias\/ubb-se-hara-presente-en-la-feria-internacional-de-la-construccion-edifica-2024\" target=\"_blank\" rel=\"noopener\" data-saferedirecturl=\"https:\/\/www.google.com\/url?q=https:\/\/vrip.ubiobio.cl\/inicio\/noticias\/ubb-se-hara-presente-en-la-feria-internacional-de-la-construccion-edifica-2024&amp;source=gmail&amp;ust=1723643209441000&amp;usg=AOvVaw1A4S8EbB19DuvpFNYcJV6D\">https:\/\/vrip.ubiobio.cl\/<wbr \/>inicio\/noticias\/ubb-se-hara-<wbr \/>presente-en-la-feria-<wbr \/>internacional-de-la-<wbr \/>construccion-edifica-2024<\/a><\/p><hr \/><p><img decoding=\"async\" src=\"https:\/\/ci3.googleusercontent.com\/meips\/ADKq_NYgUbeMb_4qdpIPZgWv68Pdsb3K5aT_8yP-C-2-eTPtip7D2AdtHgNJaOxqbQ1F1EXt_3vh9dvlTCbEsXAN6zKqbhSXNlemqosVcQQGoKIUqyGRBvFeSmEuwkN9WNOsMXY=s0-d-e1-ft#https:\/\/flashissue.s3.us-east-1.amazonaws.com\/2jW2RhUPQG6voTKs2ozn_Mg==.png\" \/><\/p><h3><span style=\"color: #0b5394;\"><strong>Comit\u00e9 \u00c9tico Cient\u00edfico UBB se articula para responder a las necesidades institucionales<\/strong><\/span><\/h3><p>Este mi\u00e9rcoles 7 de agosto se constituy\u00f3 el Comit\u00e9 \u00c9tico Cient\u00edfico de la Universidad del B\u00edo-B\u00edo, iniciativa que garantizar\u00e1 que la investigaci\u00f3n se realice de manera \u00e9tica, legal y de alta calidad, lo que beneficiar\u00e1 a todas las \u00e1reas de las ciencias a nivel institucional.<\/p><p><em>Ver m\u00e1s<\/em>:\u00a0<a href=\"https:\/\/vrip.ubiobio.cl\/inicio\/noticias\/comite-etico-cientifico-ubb-se-articula-para-responder-a-las-necesidades-institucionales\" target=\"_blank\" rel=\"noopener\" data-saferedirecturl=\"https:\/\/www.google.com\/url?q=https:\/\/vrip.ubiobio.cl\/inicio\/noticias\/comite-etico-cientifico-ubb-se-articula-para-responder-a-las-necesidades-institucionales&amp;source=gmail&amp;ust=1723643209441000&amp;usg=AOvVaw2henX6f6OIeaOmZMas5rFe\">https:\/\/vrip.ubiobio.cl\/<wbr \/>inicio\/noticias\/comite-etico-<wbr \/>cientifico-ubb-se-articula-<wbr \/>para-responder-a-las-<wbr \/>necesidades-institucionales<\/a><\/p><hr \/><p><img decoding=\"async\" src=\"https:\/\/ci3.googleusercontent.com\/meips\/ADKq_NY0xgqnonO-T7ae9UWmOXDsFM6nTYpFaLY9DVOx9kABDvyKQlXYHbolbWZCNXqV1pL17vGcOuwBb2Hq7KRTY42fpLc8YXZIaJ7Z1dQoQfXrexmEHDmH9V79WHIOlBgNYhc=s0-d-e1-ft#https:\/\/flashissue.s3.us-east-1.amazonaws.com\/16Yvb6bQd69kaDjF2ukg_Mw==.png\" \/><\/p><h3><span style=\"color: #0b5394;\"><strong>Universidades del Estado avanzan hacia el reconocimiento de la Creaci\u00f3n Art\u00edstica<\/strong><\/span><\/h3><p>La Ley N\u00b0 21.091 promulgada el a\u00f1o 2018 reconoce la creaci\u00f3n art\u00edstica como actividad a trav\u00e9s de la cual las universidades cumplen con su misi\u00f3n como instituciones de educaci\u00f3n superior. A partir de esto, varias universidades estatales han reformulado o est\u00e1n en proceso de actualizar sus pol\u00edticas institucionales, ampliando la concepci\u00f3n de investigaci\u00f3n de cara a una sociedad diversa y plural. Este proceso se ha desarrollado en paralelo al trabajo del Ministerio de Ciencia, Tecnolog\u00eda, Conocimiento e Innovaci\u00f3n, desde donde se han impulsado nuevos lineamientos para el reconocimiento de las Humanidades, las Artes y las Ciencias Sociales (HACS).<\/p><p><em>Ver m\u00e1s<\/em>:\u00a0<a href=\"https:\/\/vrip.ubiobio.cl\/inicio\/noticias\/universidades-del-estado-avanzan-hacia-el-reconocimiento-de-la-creacion-artistica\" target=\"_blank\" rel=\"noopener\" data-saferedirecturl=\"https:\/\/www.google.com\/url?q=https:\/\/vrip.ubiobio.cl\/inicio\/noticias\/universidades-del-estado-avanzan-hacia-el-reconocimiento-de-la-creacion-artistica&amp;source=gmail&amp;ust=1723643209441000&amp;usg=AOvVaw2_kexTTD6b2l2kFhgQKzYK\">https:\/\/vrip.ubiobio.cl\/<wbr \/>inicio\/noticias\/universidades-<wbr \/>del-estado-avanzan-hacia-el-<wbr \/>reconocimiento-de-la-creacion-<wbr \/>artistica<\/a><\/p><hr \/><p><img decoding=\"async\" src=\"https:\/\/ci3.googleusercontent.com\/meips\/ADKq_NZssnKnfBvLgieTUUHFQ4lckUA_IKJ_-ZWqeNT-woqORBq4K33JIWF_vIkz9JE7zvRzWBPFI2phNQ45ep4J2XKyzFoI0SEbkjx9-hQbB108nvgW6LW98g-I7S_j53c6Dvw=s0-d-e1-ft#https:\/\/flashissue.s3.us-east-1.amazonaws.com\/69fNq23mTz6YJz7TAQ7T_NA==.png\" \/><\/p><h3><span style=\"color: #0b5394;\"><strong>Segundo Taller de Ciencia Abierta, trat\u00f3 de conceptos y herramientas para la publicaci\u00f3n en Acceso Abierto<\/strong><\/span><\/h3><p>La acad\u00e9mica, Jocelyn Patterson Leal, asesora del proyecto InES Ciencia Abierta UBB, expuso en formato online, el segundo de los tres talleres planificados para fortalecer y conocer los alcances del programa de Ciencia Abierta que impulsa la Direcci\u00f3n de Investigaci\u00f3n y Creaci\u00f3n Art\u00edstica de la Universidad del B\u00edo-B\u00edo. En esta oportunidad se desarrollaron conceptos y herramientas para la publicaci\u00f3n en Acceso Abierto.<\/p><p><em>Ver m\u00e1s<\/em>:\u00a0<a href=\"https:\/\/vrip.ubiobio.cl\/inicio\/noticias\/segundo-taller-de-ciencia-abierta-trato-de-conceptos-y-herramientas-para-la-publicacion-en-acceso-abierto\" target=\"_blank\" rel=\"noopener\" data-saferedirecturl=\"https:\/\/www.google.com\/url?q=https:\/\/vrip.ubiobio.cl\/inicio\/noticias\/segundo-taller-de-ciencia-abierta-trato-de-conceptos-y-herramientas-para-la-publicacion-en-acceso-abierto&amp;source=gmail&amp;ust=1723643209442000&amp;usg=AOvVaw0zOIqXmJdk4aVar6--7URO\">https:\/\/vrip.ubiobio.cl\/<wbr \/>inicio\/noticias\/segundo-<wbr \/>taller-de-ciencia-abierta-<wbr \/>trato-de-conceptos-y-<wbr \/>herramientas-para-la-<wbr \/>publicacion-en-acceso-abierto<\/a><\/p><hr \/><p><img decoding=\"async\" src=\"https:\/\/ci3.googleusercontent.com\/meips\/ADKq_NaBudiuC6jf-SEuEz4JBha1bj7n90CTPkdPUKt7epFG8CWdwiDDbgCWcB3bX7Vi3EpprY3rG6C6xxpZdTBxY_LXem30GzARQDFD1xXa8VzKnzwg4l_W_jlnM5jhf6_7Nb0=s0-d-e1-ft#https:\/\/flashissue.s3.us-east-1.amazonaws.com\/jXrxvXBSSrCaX99h9aX8_NQ==.png\" \/><\/p><h3><span style=\"color: #0b5394;\"><strong>Ejecutivo de la VRIP visita UNICARIBE en el marco del proyecto\u00a0<\/strong><strong>CYTED<\/strong><\/span><\/h3><p>Se trata del coordinador de la Unidad de Proyecto de la Direcci\u00f3n de Innovaci\u00f3n de la Vicerrector\u00eda de Investigaci\u00f3n y Postgrado, ingeniero Fernando Garc\u00eda, quien visit\u00f3 la Universidad del Caribe en Santo Domingo Rep\u00fablica Dominicana en el marco del proyecto CYTED \u00abDesarrollo de capacidades en gesti\u00f3n de i+i a partir de su modernizaci\u00f3n y trabajo en red\u00bb donde participan universidades de M\u00e9xico, Per\u00fa, Colombia, Paraguay, Espa\u00f1a, Rep\u00fablica Dominicana y Chile.<\/p><p><em>Ver m\u00e1s<\/em>:\u00a0<a href=\"https:\/\/vrip.ubiobio.cl\/inicio\/noticias\/ejecutivo-vrip-visita-unicaribe-en-el-marco-del-proyecto-cyted\" target=\"_blank\" rel=\"noopener\" data-saferedirecturl=\"https:\/\/www.google.com\/url?q=https:\/\/vrip.ubiobio.cl\/inicio\/noticias\/ejecutivo-vrip-visita-unicaribe-en-el-marco-del-proyecto-cyted&amp;source=gmail&amp;ust=1723643209442000&amp;usg=AOvVaw1g3lfBUCsp1uqt8Hw90Haj\">https:\/\/vrip.ubiobio.cl\/<wbr \/>inicio\/noticias\/ejecutivo-<wbr \/>vrip-visita-unicaribe-en-el-<wbr \/>marco-del-proyecto-cyted<\/a><\/p><hr \/><p><img decoding=\"async\" src=\"https:\/\/ci3.googleusercontent.com\/meips\/ADKq_Na4qjwWNI2ZvA0b_bvrBL2bkVL2E5ngZOls0MuLxVr7EQCNVY_OyCJ5J_-e9g8S00lkNvL_F6-0h57_hW18mLv88uvdqueTwN0N4Fde8hCCnNvDSlSbJkNQ9oFIm8PDXRI=s0-d-e1-ft#https:\/\/flashissue.s3.us-east-1.amazonaws.com\/fg7j4gvPTk951xFM9VCA_Ng==.png\" \/><\/p><h3><span style=\"color: #0b5394;\"><strong>Investigadoras y estudiantes de postgrado UBB presentes en Wikipedia<\/strong><\/span><\/h3><p>La actividad\u00a0\u201cMujeres visibles en la Wiki: Creaci\u00f3n de biograf\u00edas de acad\u00e9micas en\u00a0Wikipedia\u201d, llevado a cabo el mi\u00e9rcoles 31 de julio en la Sala de Seminario de la Facultad de Ciencias, en Concepci\u00f3n, fue un taller que tuvo como objeto precisamente visibilizar el trabajo de las mujeres en ciencia de la Universidad del B\u00edo-B\u00edo en esta plataforma digital. Esta es una iniciativa impulsada por el proyecto Ciencia2030 con la colaboraci\u00f3n del proyecto InES G\u00e9nero UBB y la Digergen.<\/p><p><em>Ver m\u00e1s<\/em>:\u00a0<a href=\"https:\/\/noticias.ubiobio.cl\/2024\/08\/05\/investigadoras-y-estudiantes-de-postgrado-ubb-presentes-en-wikipedia\/\" target=\"_blank\" rel=\"noopener\" data-saferedirecturl=\"https:\/\/www.google.com\/url?q=https:\/\/noticias.ubiobio.cl\/2024\/08\/05\/investigadoras-y-estudiantes-de-postgrado-ubb-presentes-en-wikipedia\/&amp;source=gmail&amp;ust=1723643209442000&amp;usg=AOvVaw1_lw-EnsrXT2wO8AMNO2xY\">https:\/\/noticias.ubiobio.<wbr \/>cl\/2024\/08\/05\/investigadoras-<wbr \/>y-estudiantes-de-postgrado-<wbr \/>ubb-presentes-en-wikipedia\/<\/a><\/p><hr \/><p><img decoding=\"async\" src=\"https:\/\/ci3.googleusercontent.com\/meips\/ADKq_NZteqFTe5FAvKDHEXtd7r0Vn5JIWVTIyJjhdUZqWrRGjduXyan2fotAjIvSqh3TjGeCNdcXFFdc29VVI9UeZpd1h5Z185sc-nq8JNV9MuopmZ3AiQIdH0P5fFCmOi0UuDc=s0-d-e1-ft#https:\/\/flashissue.s3.us-east-1.amazonaws.com\/CjuTU8DT5KyUC89E5ucv_Nw==.png\" \/><\/p><h3><span style=\"color: #0b5394;\"><strong>Director UBB del Doctorado en Ingenier\u00eda en consorcio destaca aportes y avances de este programa y su v\u00ednculo con la industria<\/strong><\/span><\/h3><p>El Dr. Luis E. Arteaga P\u00e9rez, acad\u00e9mico del Departamento de Ingenier\u00eda en Maderas, y director UBB del Doctorado en Ingenier\u00eda consorciado con la Universidad de la Frontera y la Universidad de Talca, resalta avances y logros de este programa de postgrado y su impacto en la vinculaci\u00f3n con la industria.<\/p><p><em>Ver m\u00e1s<\/em>:\u00a0<a href=\"https:\/\/noticias.ubiobio.cl\/2024\/08\/02\/director-ubb-del-doctorado-en-ingenieria-destaca-aportes-y-avances-de-este-programa-y-su-vinculo-con-la-industria\/\" target=\"_blank\" rel=\"noopener\" data-saferedirecturl=\"https:\/\/www.google.com\/url?q=https:\/\/noticias.ubiobio.cl\/2024\/08\/02\/director-ubb-del-doctorado-en-ingenieria-destaca-aportes-y-avances-de-este-programa-y-su-vinculo-con-la-industria\/&amp;source=gmail&amp;ust=1723643209442000&amp;usg=AOvVaw0cFKljMPAF_w_j3MWu5o7q\">https:\/\/noticias.ubiobio.<wbr \/>cl\/2024\/08\/02\/director-ubb-<wbr \/>del-doctorado-en-ingenieria-<wbr \/>destaca-aportes-y-avances-de-<wbr \/>este-programa-y-su-vinculo-<wbr \/>con-la-industria\/<\/a><\/p><hr \/><p><img decoding=\"async\" src=\"https:\/\/ci3.googleusercontent.com\/meips\/ADKq_NY0mtQg_F7LG-vfgx5DJPYWeXuVeMx5SSHhdquKjHlXCTZguDwhYMDIJesn6UfzdKfXGne6-PDo1WRirO-8pTO2IyJZQueiBunsxG_daxMEupYNlr0YNB6PNEKMbsi09Yo=s0-d-e1-ft#https:\/\/flashissue.s3.us-east-1.amazonaws.com\/QGCPR2QcW4HDXlohOJgw_OQ==.png\" \/><\/p><h3><span style=\"color: #0b5394;\"><strong>Acad\u00e9mica UBB integra el Consejo de la Sociedad Civil de ANID en el estamento de educaci\u00f3n superior<\/strong><\/span><\/h3><p>La acad\u00e9mica del Departamento de Ciencias B\u00e1sicas de la Facultad de Ciencias, Dra. Patricia Arancibia \u00c1vila, fue elegida para integrar el Consejo de la Sociedad Civil de la Agencia Nacional de Investigaci\u00f3n y Desarrollo (ANID) en el estamento de \u201cEducaci\u00f3n superior: personas acad\u00e9micas o directivas de universidad estatal acreditada\u201d para el periodo 2024-2026.<\/p><p><em>Ver m\u00e1s<\/em>:\u00a0<a href=\"https:\/\/noticias.ubiobio.cl\/2024\/08\/02\/academica-ubb-integra-el-consejo-de-la-sociedad-civil-de-anid-en-el-estamento-de-educacion-superior\/\" target=\"_blank\" rel=\"noopener\" data-saferedirecturl=\"https:\/\/www.google.com\/url?q=https:\/\/noticias.ubiobio.cl\/2024\/08\/02\/academica-ubb-integra-el-consejo-de-la-sociedad-civil-de-anid-en-el-estamento-de-educacion-superior\/&amp;source=gmail&amp;ust=1723643209442000&amp;usg=AOvVaw2Z70La08CJJSjmLETWxpZ-\">https:\/\/noticias.ubiobio.<wbr \/>cl\/2024\/08\/02\/academica-ubb-<wbr \/>integra-el-consejo-de-la-<wbr \/>sociedad-civil-de-anid-en-el-<wbr \/>estamento-de-educacion-<wbr \/>superior\/<\/a><\/p><hr \/><p><img decoding=\"async\" src=\"https:\/\/ci3.googleusercontent.com\/meips\/ADKq_NaFqo2VqECy25HTtBaJorfbKvzygb3xQtMWRk4tIGQKJd3bCtcFDIntm2fo_hM1UlFNBclA-U9iQstCM9ljJf6oLuCM9Lrh6AkgxKzP6q2hobV7yIgiJ5YMIuNjDXJjKiQ=s0-d-e1-ft#https:\/\/flashissue.s3.us-east-1.amazonaws.com\/Mp5XRXSRTv2rKP7d13Bw_OA==.png\" \/><\/p><h3><span style=\"color: #0b5394;\"><strong>Acad\u00e9mica UBB y Seremi de Salud lideran proyecto FIC \u00d1uble orientado a la prevenci\u00f3n y detecci\u00f3n precoz del c\u00e1ncer colorrectal<\/strong><\/span><\/h3><p>La acad\u00e9mica del Departamento de Enfermer\u00eda Dra. Carmen Luz Mu\u00f1oz Mendoza junto a los profesionales del Departamento de Salud P\u00fablica de la Seremi de Salud, Mg. J\u00e9ssica Inzunza Reyes y Mg. V\u00edctor C\u00e1diz Medina, explicaron que el programa, que beneficiar\u00e1 a la poblaci\u00f3n de 45 a 74 a\u00f1os beneficiarios de Fonasa de la regi\u00f3n de \u00d1uble, considera implementar un tamizaje para la detecci\u00f3n precoz del c\u00e1ncer colorrectal; desarrollar un sistema de gesti\u00f3n de informaci\u00f3n para el registro y seguimiento del c\u00e1ncer; y realizar una campa\u00f1a de prevenci\u00f3n del c\u00e1ncer colorrectal.<\/p><p><em>Ver m\u00e1s<\/em>:\u00a0<a href=\"https:\/\/noticias.ubiobio.cl\/2024\/08\/05\/academica-ubb-y-seremi-de-salud-lideran-proyecto-fic-nuble-orientado-a-la-prevencion-y-deteccion-precoz-del-cancer-colorrectal\/\" target=\"_blank\" rel=\"noopener\" data-saferedirecturl=\"https:\/\/www.google.com\/url?q=https:\/\/noticias.ubiobio.cl\/2024\/08\/05\/academica-ubb-y-seremi-de-salud-lideran-proyecto-fic-nuble-orientado-a-la-prevencion-y-deteccion-precoz-del-cancer-colorrectal\/&amp;source=gmail&amp;ust=1723643209442000&amp;usg=AOvVaw03t062zyYm5PR_-Aks2WfG\">https:\/\/noticias.ubiobio.<wbr \/>cl\/2024\/08\/05\/academica-ubb-y-<wbr \/>seremi-de-salud-lideran-<wbr \/>proyecto-fic-nuble-orientado-<wbr \/>a-la-prevencion-y-deteccion-<wbr \/>precoz-del-cancer-colorrectal\/<\/a><\/p><hr \/><p><img decoding=\"async\" src=\"https:\/\/ci3.googleusercontent.com\/meips\/ADKq_NatN0kyniHC19GaCVdgYDerLeGk128n3abPer1X15ES8QjAt7NyD6_15onBmHNtjYusQQNFyhTxhGYf_1cH8jSW7fuVUB9F9IUxAeSoA83fmTHts7amuzJ63xFX01GKqgQ=s0-d-e1-ft#https:\/\/flashissue.s3.us-east-1.amazonaws.com\/6nN8ioNBTTeqGHLgMxdB_MTA=.png\" \/><\/p><h3><span style=\"color: #0b5394;\"><strong>UBB dicta cursos sobre caracterizaci\u00f3n tecnol\u00f3gica y clasificaci\u00f3n de madera estructural a Pymes regionales<\/strong><\/span><\/h3><p dir=\"ltr\">Un total de seis cursos certificados fueron ejecutados por la Universidad del B\u00edo-B\u00edo para profesionales de la industria madera de la Regi\u00f3n. Iniciativa gratuita que se enmarca en el proyecto Ecosistema PYME para construir en Madera, financiado por el Gobierno Regional del Biob\u00edo, a trav\u00e9s del Fondo de Innovaci\u00f3n para la Competitividad (FIC-R). Prontamente se espera el desarrollo de un nuevo seminario y una gira tecnol\u00f3gica por el sur de Chile.<\/p><p dir=\"ltr\">Ver m\u00e1s:\u00a0<a href=\"https:\/\/noticias.ubiobio.cl\/2024\/08\/02\/ubb-dicta-cursos-sobre-caracterizacion-tecnologica-y-clasificacion-de-madera-estructural-a-pymes-regionales\/\" target=\"_blank\" rel=\"noopener\" data-saferedirecturl=\"https:\/\/www.google.com\/url?q=https:\/\/noticias.ubiobio.cl\/2024\/08\/02\/ubb-dicta-cursos-sobre-caracterizacion-tecnologica-y-clasificacion-de-madera-estructural-a-pymes-regionales\/&amp;source=gmail&amp;ust=1723643209442000&amp;usg=AOvVaw0GqcXzRWaqb14rRHCrrhM9\">https:\/\/noticias.ubiobio.<wbr \/>cl\/2024\/08\/02\/ubb-dicta-<wbr \/>cursos-sobre-caracterizacion-<wbr \/>tecnologica-y-clasificacion-<wbr \/>de-madera-estructural-a-pymes-<wbr \/>regionales\/<\/a><\/p><hr \/><p><img decoding=\"async\" src=\"https:\/\/ci3.googleusercontent.com\/meips\/ADKq_NZSbwVKzq5JimX6t7hHxQbdzCkByzlW_AbqWHaGUTSqVUu0aeKNvqELMzS75E_ImGufkyOK2y2eKxhSTIBYaOFHJH4bcL8Owww6cx2yyH-oOS_DIVzSBAA6fpKkgNF45fY=s0-d-e1-ft#https:\/\/flashissue.s3.us-east-1.amazonaws.com\/U8uF2VzMTza1Ryc7KAl9_MTE=.png\" \/><\/p><h3><span style=\"color: #0b5394;\"><strong>Investigadora present\u00f3 charla sobre especies de roedores colilargos y reservorios de hantavirus<\/strong><\/span><\/h3><p dir=\"ltr\">La Dra. Natal\u00ed Hurtado Miranda realiz\u00f3 la charla \u201c\u00bfExisten tantas cepas de hantavirus como especies de roedores colilargos?\u201d en actividad organizada por la Facultad de Ciencias, el Doctorado en Ciencias con menci\u00f3n en Recursos Naturales Renovables y el Mag\u00edster en Ciencias Biol\u00f3gicas.<\/p><p dir=\"ltr\">Ver m\u00e1s:\u00a0<a href=\"https:\/\/noticias.ubiobio.cl\/2024\/08\/02\/investigadora-presento-charla-sobre-especies-de-roedores-colilargos-y-reservorios-de-hantavirus\/\" target=\"_blank\" rel=\"noopener\" data-saferedirecturl=\"https:\/\/www.google.com\/url?q=https:\/\/noticias.ubiobio.cl\/2024\/08\/02\/investigadora-presento-charla-sobre-especies-de-roedores-colilargos-y-reservorios-de-hantavirus\/&amp;source=gmail&amp;ust=1723643209442000&amp;usg=AOvVaw3wiCXB1Qc61tOVnAdokGHv\">https:\/\/noticias.ubiobio.<wbr \/>cl\/2024\/08\/02\/investigadora-<wbr \/>presento-charla-sobre-<wbr \/>especies-de-roedores-<wbr \/>colilargos-y-reservorios-de-<wbr \/>hantavirus\/<\/a><\/p><hr \/><p><img decoding=\"async\" src=\"https:\/\/ci3.googleusercontent.com\/meips\/ADKq_NbLx22XEPVPDn1mJk2f3w4RHDy4I73Cetgiu42XNHbFUFjfAb7DVSx6xWh6jT5aPIdiMViFwLmNxXkchOGhZIYsxkowVA-nmbT9rTDtvL7jPGmyIryMSW82SzDq9zR5rgU=s0-d-e1-ft#https:\/\/flashissue.s3.us-east-1.amazonaws.com\/5eti0BgkTmy412qVAS9e_MTI=.png\" \/><\/p><h3><span style=\"color: #0b5394;\"><strong>Cortometraje\u00a0\u00abAm\u00e1rrate a Salamanca\u00bb se estren\u00f3 en el Aula Magna UBB<\/strong><\/span><\/h3><p dir=\"ltr\">Tras exitosas participaciones en festivales, el jueves 1 de agosto fue la avant premiere oficial el cortometraje \u201cAm\u00e1rrate a Salamanca\u201d, bajo la direcci\u00f3n del cineasta Ed\u00e9n Rodr\u00edguez, quien es funcionario de la Direcci\u00f3n de Extensi\u00f3n de la Universidad del B\u00edo-B\u00edo. Pese a la lluvia y el viento, la actividad congreg\u00f3 a numeroso p\u00fablico, desde las 14:10 horas, en el Aula Magna del Campus Fernando May. Su productor ejecutivo es el acad\u00e9mico Rodrigo Fa\u00fandez. Cuenta con la colaboraci\u00f3n de la Facultad de Educaci\u00f3n y Humanidades y su financiamiento est\u00e1 bajo el amparo de la Vicerrector\u00eda de Investigaci\u00f3n y Postgrado (VRIP) UBB.<\/p><p dir=\"ltr\">Ver m\u00e1s:\u00a0<a href=\"https:\/\/noticias.ubiobio.cl\/2024\/08\/02\/cortometraje-amarrate-a-salamanca-se-estreno-en-el-aula-magna-ubb\/\" target=\"_blank\" rel=\"noopener\" data-saferedirecturl=\"https:\/\/www.google.com\/url?q=https:\/\/noticias.ubiobio.cl\/2024\/08\/02\/cortometraje-amarrate-a-salamanca-se-estreno-en-el-aula-magna-ubb\/&amp;source=gmail&amp;ust=1723643209442000&amp;usg=AOvVaw3MQyFWX1jxUAbNUtAd7XX9\">https:\/\/noticias.ubiobio.<wbr \/>cl\/2024\/08\/02\/cortometraje-<wbr \/>amarrate-a-salamanca-se-<wbr \/>estreno-en-el-aula-magna-ubb\/<\/a><\/p><hr \/>\t\t\t\t\t\t\t\t<\/div>\n\t\t\t\t<\/div>\n\t\t\t\t\t<\/div>\n\t\t<\/div>\n\t\t\t\t<div class=\"elementor-column elementor-col-33 elementor-top-column elementor-element elementor-element-4029fc3\" data-id=\"4029fc3\" data-element_type=\"column\" data-e-type=\"column\">\n\t\t\t<div class=\"elementor-widget-wrap\">\n\t\t\t\t\t\t\t<\/div>\n\t\t<\/div>\n\t\t\t\t\t<\/div>\n\t\t<\/section>\n\t\t\t\t<section class=\"elementor-section elementor-top-section elementor-element elementor-element-a485fdf elementor-section-boxed elementor-section-height-default elementor-section-height-default\" data-id=\"a485fdf\" data-element_type=\"section\" data-e-type=\"section\" data-settings=\"{&quot;_ha_eqh_enable&quot;:false}\">\n\t\t\t\t\t\t<div class=\"elementor-container elementor-column-gap-default\">\n\t\t\t\t\t<div class=\"elementor-column elementor-col-33 elementor-top-column elementor-element elementor-element-ece34e2\" data-id=\"ece34e2\" data-element_type=\"column\" data-e-type=\"column\">\n\t\t\t<div class=\"elementor-widget-wrap\">\n\t\t\t\t\t\t\t<\/div>\n\t\t<\/div>\n\t\t\t\t<div class=\"elementor-column elementor-col-33 elementor-top-column elementor-element elementor-element-c4e8f33\" data-id=\"c4e8f33\" data-element_type=\"column\" data-e-type=\"column\">\n\t\t\t<div class=\"elementor-widget-wrap elementor-element-populated\">\n\t\t\t\t\t\t<div class=\"elementor-element elementor-element-1f67c8a elementor-widget elementor-widget-heading\" data-id=\"1f67c8a\" data-element_type=\"widget\" data-e-type=\"widget\" data-widget_type=\"heading.default\">\n\t\t\t\t<div class=\"elementor-widget-container\">\n\t\t\t\t\t<h1 class=\"elementor-heading-title elementor-size-default\">Informaci\u00f3n VRIP<\/h1>\t\t\t\t<\/div>\n\t\t\t\t<\/div>\n\t\t\t\t\t<\/div>\n\t\t<\/div>\n\t\t\t\t<div class=\"elementor-column elementor-col-33 elementor-top-column elementor-element elementor-element-1f18c8e\" data-id=\"1f18c8e\" data-element_type=\"column\" data-e-type=\"column\">\n\t\t\t<div class=\"elementor-widget-wrap\">\n\t\t\t\t\t\t\t<\/div>\n\t\t<\/div>\n\t\t\t\t\t<\/div>\n\t\t<\/section>\n\t\t\t\t<section class=\"elementor-section elementor-top-section elementor-element elementor-element-1e7212e elementor-section-boxed elementor-section-height-default elementor-section-height-default\" data-id=\"1e7212e\" data-element_type=\"section\" data-e-type=\"section\" data-settings=\"{&quot;_ha_eqh_enable&quot;:false}\">\n\t\t\t\t\t\t<div class=\"elementor-container elementor-column-gap-default\">\n\t\t\t\t\t<div class=\"elementor-column elementor-col-33 elementor-top-column elementor-element elementor-element-229f337\" data-id=\"229f337\" data-element_type=\"column\" data-e-type=\"column\">\n\t\t\t<div class=\"elementor-widget-wrap\">\n\t\t\t\t\t\t\t<\/div>\n\t\t<\/div>\n\t\t\t\t<div class=\"elementor-column elementor-col-33 elementor-top-column elementor-element elementor-element-43ea34f\" data-id=\"43ea34f\" data-element_type=\"column\" data-e-type=\"column\">\n\t\t\t<div class=\"elementor-widget-wrap elementor-element-populated\">\n\t\t\t\t\t\t<div class=\"elementor-element elementor-element-aa044e2 elementor-widget elementor-widget-text-editor\" data-id=\"aa044e2\" data-element_type=\"widget\" data-e-type=\"widget\" data-widget_type=\"text-editor.default\">\n\t\t\t\t<div class=\"elementor-widget-container\">\n\t\t\t\t\t\t\t\t\t<p><img decoding=\"async\" src=\"https:\/\/ci3.googleusercontent.com\/meips\/ADKq_NYTJ64TmYGyfmknFhjSMm6v_NPrn2nApu4NjZK1Jg2AjJdB2sBV6C-gNpcOo0AI3fnnwSWzES1UzBZtBVZrp0BBuGr4fica84OUc00Q77wNrF9GJUZbGNcyO5SywOksfI_MIbAW0YxqSpX3D6RvivqHAqa0g6Tido7FKs_YLK5-3w=s0-d-e1-ft#https:\/\/flashissue.s3.us-east-1.amazonaws.com\/KP9q5sZqT5C7I6rap2ju_SW5mb3JtYXRpdm8gQ2Fwc3VsYSA4IENBVUJC.png\" \/><\/p><h3><span style=\"color: #0b5394;\"><strong>8va c\u00e1psula de Ciencia Abierta UBB:\u00a0\u201cPropiedad Intelectual y Ciencia Abierta\u201d<\/strong><\/span><\/h3><p><span style=\"color: var(--global-palette4); font-family: var(--global-body-font-family);\">Sab\u00edas que la UBB est\u00e1 ejecutando un proyecto de Ciencia Abierta? Te gustar\u00eda saber m\u00e1s acerca de este movimiento? Les invitamos a visualizar nuestra octava c\u00e1psula de Ciencia Abierta UBB, titulada \u201cPropiedad Intelectual y Ciencia Abierta\u201d.<\/span><\/p><p>Cada dos semanas se liberar\u00e1n c\u00e1psulas acerca de este interesante proyecto, lo cual nos ayudar\u00e1 a comprender distintos elementos que componen el concepto general de Ciencia Abierta.<\/p><p>Ver todas nuestras c\u00e1psulas en\u00a0<a href=\"https:\/\/ciencia-abierta.ubiobio.cl\/\" target=\"_blank\" rel=\"noopener\" data-saferedirecturl=\"https:\/\/www.google.com\/url?q=https:\/\/ciencia-abierta.ubiobio.cl\/&amp;source=gmail&amp;ust=1723643209442000&amp;usg=AOvVaw07EmsLQnwzx2lKGxlF-jYf\">https:\/\/ciencia-abierta.<wbr \/>ubiobio.cl\/<\/a>\u00a0o nuestra cuenta de YouTube DICREA UBB.<\/p><p><em>Ver m\u00e1s<\/em>:\u00a0<a href=\"https:\/\/www.youtube.com\/watch?v=BywWKqgg96E\" target=\"_blank\" rel=\"noopener\" data-saferedirecturl=\"https:\/\/www.google.com\/url?q=https:\/\/www.youtube.com\/watch?v%3DBywWKqgg96E&amp;source=gmail&amp;ust=1723643209442000&amp;usg=AOvVaw3DBfchWQ9fYfpEZXUMVKP2\">https:\/\/www.youtube.com\/<wbr \/>watch?v=BywWKqgg96E<\/a><\/p><hr \/><p><img decoding=\"async\" src=\"https:\/\/ci3.googleusercontent.com\/meips\/ADKq_NYK8EGalEfHuyeHX9LnfTcEEFdxkU0WWbrtCtUu5SQh2iguAWcutQPdcaTywawdH10FPV7KelRjMpH-pDiI5uSsAr6X_3y5eJJr57gc8qjno4_KaW7zTtMjgvBD0s7hSLb-m0nf0-G-CFgtZ8b7celBmSKdhtTS2ise0TLA=s0-d-e1-ft#https:\/\/flashissue.s3.us-east-1.amazonaws.com\/9DtdzAlnTJW1yRrFM0BC_VlJJUF9CYW5uZXIgSW5mb3JtYXRpdm8=.png\" \/><\/p><h3><span style=\"color: #0b5394;\"><strong>Encuentro de Estudiantes de Postgrado UBB 2024<\/strong><\/span><\/h3><p><em>Ver m\u00e1s<\/em>:\u00a0<a href=\"https:\/\/encuentropostgrado.ubiobio.cl\/\" target=\"_blank\" rel=\"noopener\" data-saferedirecturl=\"https:\/\/www.google.com\/url?q=https:\/\/encuentropostgrado.ubiobio.cl\/&amp;source=gmail&amp;ust=1723643209442000&amp;usg=AOvVaw0Jj5Uu-fjUJweQggSM5ZC5\">https:\/\/<wbr \/>encuentropostgrado.ubiobio.cl\/<\/a><\/p><hr \/><p><img decoding=\"async\" src=\"https:\/\/ci3.googleusercontent.com\/meips\/ADKq_NaSKhWKASZUqpEZi3vmVmZDViMXg3e7oaK6obzsTYu2py0r_NvzBxBAfFbLKS8rzSRNyuPqcNeX7OEm4a4gHeyHezYpyJx6XeCbRV_0s-tH9p4Pkhkq8lwiTxZqIQToQ67Syq-sM8qUUw=s0-d-e1-ft#https:\/\/flashissue.s3.us-east-1.amazonaws.com\/nyAY8sWDTkmuGWIVDiOe_dW5uYW1lZA==.jpg\" \/><\/p><h3><span style=\"color: #0b5394;\"><strong>Conoce nuestro Portafolio EBCT OTL-UBB<\/strong><\/span><\/h3><p>La Vicerrector\u00eda de Investigaci\u00f3n y Postgrado de la Universidad del B\u00edo-B\u00edo, por medio de la Oficina de Transferencia y Licenciamiento y la Unidad de Emprendimiento, han dise\u00f1ado el portafolio de empresas de base cient\u00edfico tecnol\u00f3gicas, con la finalidad de destacar a las empresas creadas al alero del desarrollo de la ciencia y tecnolog\u00eda de la Universidad, y que han tomado el camino del emprendimiento.<\/p><p><em>Ver m\u00e1s<\/em>:\u00a0<a href=\"https:\/\/vrip.ubiobio.cl\/wp-content\/uploads\/2024\/03\/OTL_Portafolio-EBCT_baja.pdf\" target=\"_blank\" rel=\"noopener\" data-saferedirecturl=\"https:\/\/www.google.com\/url?q=https:\/\/vrip.ubiobio.cl\/wp-content\/uploads\/2024\/03\/OTL_Portafolio-EBCT_baja.pdf&amp;source=gmail&amp;ust=1723643209442000&amp;usg=AOvVaw3v1jdCMjpE8tLhk7U0VqBS\">https:\/\/vrip.ubiobio.cl\/<wbr \/>wp-content\/uploads\/2024\/03\/<wbr \/>OTL_Portafolio-EBCT_baja.pdf<\/a><\/p><hr \/><p><img decoding=\"async\" src=\"https:\/\/ci3.googleusercontent.com\/meips\/ADKq_NbjGU4VYNgX4pZzNtSDbWqrGiIuv4GxKS1vTVvfRcWb8qdE3g0jM4v3ciT-mYurKJtsXt-_v_dYhgNxIHaKPH3mByx8wBdJpbzgymNLI7mT9JSe6fCu87NB-aK_5Q82RvBYqU4rtoocfM1JrYhWWwRLv6fUOFIvRFovZRE-eIyaTPTScb-zpIdt=s0-d-e1-ft#https:\/\/flashissue.s3.us-east-1.amazonaws.com\/8ZFeNA80SZmjlpvkYt1X_VlJJUF9JbmZvcm1hdGl2b19CYW5uZXJfUG9zdGdyYWRv.jpg\" \/><\/p><h3><span style=\"color: #0b5394;\"><strong><span style=\"color: #0b5394;\">Programas de<\/span> Postgrados UBB disponibles<\/strong><\/span><\/h3><p><em>M\u00e1s info:<\/em>\u00a0<a href=\"http:\/\/postgrados.ubiobio.cl\/\" target=\"_blank\" rel=\"noopener\" data-saferedirecturl=\"https:\/\/www.google.com\/url?q=http:\/\/postgrados.ubiobio.cl\/&amp;source=gmail&amp;ust=1718131090002000&amp;usg=AOvVaw3KVEg-FP9aCWkixZnAQrAJ\">http:\/\/postgrados.<wbr \/>ubiobio.cl\/<\/a><\/p><hr \/>\t\t\t\t\t\t\t\t<\/div>\n\t\t\t\t<\/div>\n\t\t\t\t\t<\/div>\n\t\t<\/div>\n\t\t\t\t<div class=\"elementor-column elementor-col-33 elementor-top-column elementor-element elementor-element-a3b0a58\" data-id=\"a3b0a58\" data-element_type=\"column\" data-e-type=\"column\">\n\t\t\t<div class=\"elementor-widget-wrap\">\n\t\t\t\t\t\t\t<\/div>\n\t\t<\/div>\n\t\t\t\t\t<\/div>\n\t\t<\/section>\n\t\t\t\t<section class=\"elementor-section elementor-top-section elementor-element elementor-element-5e68b69 elementor-section-boxed elementor-section-height-default elementor-section-height-default\" data-id=\"5e68b69\" data-element_type=\"section\" data-e-type=\"section\" data-settings=\"{&quot;_ha_eqh_enable&quot;:false}\">\n\t\t\t\t\t\t<div class=\"elementor-container elementor-column-gap-default\">\n\t\t\t\t\t<div class=\"elementor-column elementor-col-33 elementor-top-column elementor-element elementor-element-feb73eb\" data-id=\"feb73eb\" data-element_type=\"column\" data-e-type=\"column\">\n\t\t\t<div class=\"elementor-widget-wrap\">\n\t\t\t\t\t\t\t<\/div>\n\t\t<\/div>\n\t\t\t\t<div class=\"elementor-column elementor-col-33 elementor-top-column elementor-element elementor-element-bc91de3\" data-id=\"bc91de3\" data-element_type=\"column\" data-e-type=\"column\">\n\t\t\t<div class=\"elementor-widget-wrap elementor-element-populated\">\n\t\t\t\t\t\t<div class=\"elementor-element elementor-element-9f1f03a elementor-widget elementor-widget-text-editor\" data-id=\"9f1f03a\" data-element_type=\"widget\" data-e-type=\"widget\" data-widget_type=\"text-editor.default\">\n\t\t\t\t<div class=\"elementor-widget-container\">\n\t\t\t\t\t\t\t\t\t<table align=\"center\">\n<tbody>\n<tr>\n<td id=\"m_8467858756250299110m_4658873428329236187m_-7901358079350462190gmail-twitter-social-link\"><a href=\"https:\/\/www.twitter.com\/FlashIssue\" target=\"_blank\" rel=\"noopener\" data-saferedirecturl=\"https:\/\/www.google.com\/url?q=https:\/\/www.twitter.com\/FlashIssue&amp;source=gmail&amp;ust=1701886559522000&amp;usg=AOvVaw2YqocBqApBMfCECsazrFYp\"><img decoding=\"async\" class=\"CToWUd alignright\" src=\"https:\/\/ci3.googleusercontent.com\/meips\/ADKq_NZE482hZCyf5-eH5kdodW-i7ynf_Uc3o7Y2qVhkxeaBCGxbbRl4hZDL1bqALThwDN-AV5RNZ6NOZSIkeTJldTdvlbzE_6G1poLwYf9t-LR4fd0q_WAWHZ0f4oGdccihLUnmu9qg=s0-d-e1-ft#https:\/\/app.flashissue.com\/images\/social-icons\/round\/twitter\/grey\/twitter48.png\" data-bit=\"iit\" \/><\/a><\/td>\n<td><\/td>\n<td id=\"m_8467858756250299110m_4658873428329236187m_-7901358079350462190gmail-youtube-social-link\"><a href=\"https:\/\/www.youtube.com\/channel\/UCf7o8yHRJ7Y_QQLxwu1KQgA\" target=\"_blank\" rel=\"noopener\" data-saferedirecturl=\"https:\/\/www.google.com\/url?q=https:\/\/www.youtube.com\/channel\/UCf7o8yHRJ7Y_QQLxwu1KQgA&amp;source=gmail&amp;ust=1701886559523000&amp;usg=AOvVaw0jM7z9DMsgsZI5rYjuzYkv\"><img decoding=\"async\" class=\"CToWUd aligncenter\" src=\"https:\/\/ci3.googleusercontent.com\/meips\/ADKq_NZcx2sA8E3XSq35qpW98I3eb4zPATi0zr1ga9xoEv8HiKSPkRr0My77uw7jNpJiWcrZ-gHmEI2j5re0zjRI8wDsIoJbNevCaWCGyGWLOqc5TP4GPbVwQ1Wro4I6X8LmS5lWPhVl=s0-d-e1-ft#https:\/\/app.flashissue.com\/images\/social-icons\/round\/youtube\/grey\/youtube48.png\" data-bit=\"iit\" \/><\/a><\/td>\n<td><\/td>\n<td id=\"m_8467858756250299110m_4658873428329236187m_-7901358079350462190gmail-instagram-social-link\"><a href=\"https:\/\/www.instagram.com\/vrip_ubb\" target=\"_blank\" rel=\"noopener\" data-saferedirecturl=\"https:\/\/www.google.com\/url?q=https:\/\/www.instagram.com\/vrip_ubb&amp;source=gmail&amp;ust=1701886559523000&amp;usg=AOvVaw2F_KM9oE9lwudPrAZbmCZ0\"><img decoding=\"async\" class=\"CToWUd alignleft\" src=\"https:\/\/ci3.googleusercontent.com\/meips\/ADKq_Nan2m-yF-ZY-b4YK_6CQuSq5MrrQfz9h9uFQOtT_j31UVGd75i-QlY9VCEerAvzU-ywj-3R7trnB7YFhU35_iVsR89He9CXg0XLPQaj0mpctOF8T6RDYYJ9UnbXddwozdfwLo1cnkcc6w=s0-d-e1-ft#https:\/\/app.flashissue.com\/images\/social-icons\/round\/instagram\/grey\/instagram48.png\" data-bit=\"iit\" \/><\/a><\/td>\n<\/tr>\n<\/tbody>\n<\/table>\n<img decoding=\"async\" src=\"https:\/\/ci3.googleusercontent.com\/meips\/ADKq_NaKF-fgJsXFZ_zJQCoYDINB85tkqa3SLNYNXVr7RF7gDTX_gjHBOVPgLRoCVB2ytEuC_QCYcCQEc5o2wednfOInTFO7_6imvAkKPRLqrTdOeW5RmZiOXhLYOU8Z2BXsga_Y5XO26R9TXxqOPl4=s0-d-e1-ft#https:\/\/flashissue.s3.us-east-1.amazonaws.com\/xVesVrgXREOs3TCWMlFA_dXAtZG93bi0wMg==.jpg\" \/>\n<p style=\"text-align: center;\">Vicerrector\u00eda de Investigaci\u00f3n y Postgrado &#8211; Universidad del B\u00edo-B\u00edo<\/p>\n<p style=\"text-align: center;\">Todos los derechos reservados, Av. Collao 1202, Concepci\u00f3n \/ Av. Andr\u00e9s Bello s\/n, Chill\u00e1n<\/p>\n<p style=\"text-align: center;\">Comentarios a:\u00a0<strong><a href=\"mailto:vripcomunicaciones@ubiobio.cl?subject=Comentario%20newsletter\" target=\"_blank\" rel=\"noopener\">vripcomunicaciones@ubiobio.<wbr \/>cl<\/a><\/strong><\/p>\t\t\t\t\t\t\t\t<\/div>\n\t\t\t\t<\/div>\n\t\t\t\t\t<\/div>\n\t\t<\/div>\n\t\t\t\t<div class=\"elementor-column elementor-col-33 elementor-top-column elementor-element elementor-element-c421ef0\" data-id=\"c421ef0\" data-element_type=\"column\" data-e-type=\"column\">\n\t\t\t<div class=\"elementor-widget-wrap\">\n\t\t\t\t\t\t\t<\/div>\n\t\t<\/div>\n\t\t\t\t\t<\/div>\n\t\t<\/section>\n\t\t\t\t<section class=\"elementor-section elementor-top-section elementor-element elementor-element-38f252df elementor-section-boxed elementor-section-height-default elementor-section-height-default\" data-id=\"38f252df\" data-element_type=\"section\" data-e-type=\"section\" data-settings=\"{&quot;_ha_eqh_enable&quot;:false}\">\n\t\t\t\t\t\t<div class=\"elementor-container elementor-column-gap-default\">\n\t\t\t\t\t\t<\/div>\n\t\t<\/section>\n\t\t\t\t<section class=\"elementor-section elementor-top-section elementor-element elementor-element-c05f85d elementor-section-boxed elementor-section-height-default elementor-section-height-default\" data-id=\"c05f85d\" data-element_type=\"section\" data-e-type=\"section\" data-settings=\"{&quot;_ha_eqh_enable&quot;:false}\">\n\t\t\t\t\t\t<div class=\"elementor-container elementor-column-gap-default\">\n\t\t\t\t\t<div class=\"elementor-column elementor-col-100 elementor-top-column elementor-element elementor-element-c588dc1\" data-id=\"c588dc1\" data-element_type=\"column\" data-e-type=\"column\">\n\t\t\t<div class=\"elementor-widget-wrap elementor-element-populated\">\n\t\t\t\t\t\t<div class=\"elementor-element elementor-element-4a24d89 elementor-widget elementor-widget-spacer\" data-id=\"4a24d89\" data-element_type=\"widget\" data-e-type=\"widget\" data-widget_type=\"spacer.default\">\n\t\t\t\t<div class=\"elementor-widget-container\">\n\t\t\t\t\t\t\t<div class=\"elementor-spacer\">\n\t\t\t<div class=\"elementor-spacer-inner\"><\/div>\n\t\t<\/div>\n\t\t\t\t\t\t<\/div>\n\t\t\t\t<\/div>\n\t\t\t\t\t<\/div>\n\t\t<\/div>\n\t\t\t\t\t<\/div>\n\t\t<\/section>\n\t\t\t\t<\/div>\n\t\t","protected":false},"excerpt":{"rendered":"<p>Edici\u00f3n 12 Agosto 2024 UBB se har\u00e1 presente en la Feria Internacional de la Construcci\u00f3n, Edifica 2024 El evento se dar\u00e1 cita entre el 15 y el 17 de octubre de 2024, en Espacio Riesco, y un equipo de acad\u00e9micos y profesionales, liderados desde el Centro de Investigaci\u00f3n en Tecnolog\u00edas de la Construcci\u00f3n de la&#8230;<\/p>\n","protected":false},"author":1,"featured_media":0,"parent":41711,"menu_order":0,"comment_status":"closed","ping_status":"closed","template":"","meta":{"_kadence_starter_templates_imported_post":false,"_kad_post_transparent":"default","_kad_post_title":"hide","_kad_post_layout":"fullwidth","_kad_post_sidebar_id":"","_kad_post_content_style":"unboxed","_kad_post_vertical_padding":"hide","_kad_post_feature":"hide","_kad_post_feature_position":"","_kad_post_header":false,"_kad_post_footer":false,"footnotes":""},"class_list":["post-46233","page","type-page","status-publish","hentry"],"yoast_head":"<!-- This site is optimized with the Yoast SEO plugin v27.5 - https:\/\/yoast.com\/product\/yoast-seo-wordpress\/ -->\n<title>Informativo VRIP 12 Agosto 2024 - VRIP<\/title>\n<meta name=\"robots\" content=\"index, follow, max-snippet:-1, max-image-preview:large, max-video-preview:-1\" \/>\n<link rel=\"canonical\" href=\"https:\/\/vrip.ubiobio.cl\/inicio\/informativos-vrip\/edicion-12-agosto-2024\/\" \/>\n<meta property=\"og:locale\" content=\"es_ES\" \/>\n<meta property=\"og:type\" content=\"article\" \/>\n<meta property=\"og:title\" content=\"Informativo VRIP 12 Agosto 2024 - VRIP\" \/>\n<meta property=\"og:description\" content=\"Edici\u00f3n 12 Agosto 2024 UBB se har\u00e1 presente en la Feria Internacional de la Construcci\u00f3n, Edifica 2024 El evento se dar\u00e1 cita entre el 15 y el 17 de octubre de 2024, en Espacio Riesco, y un equipo de acad\u00e9micos y profesionales, liderados desde el Centro de Investigaci\u00f3n en Tecnolog\u00edas de la Construcci\u00f3n de la...\" \/>\n<meta property=\"og:url\" content=\"https:\/\/vrip.ubiobio.cl\/inicio\/informativos-vrip\/edicion-12-agosto-2024\/\" \/>\n<meta property=\"og:site_name\" content=\"VRIP\" \/>\n<meta property=\"article:modified_time\" content=\"2024-08-13T14:27:24+00:00\" \/>\n<meta property=\"og:image\" content=\"https:\/\/vrip.ubiobio.cl\/wp-content\/uploads\/2023\/11\/Informativo-VRIP-Banner.jpg\" \/>\n\t<meta property=\"og:image:width\" content=\"834\" \/>\n\t<meta property=\"og:image:height\" content=\"290\" \/>\n\t<meta property=\"og:image:type\" content=\"image\/jpeg\" \/>\n<meta name=\"twitter:card\" content=\"summary_large_image\" \/>\n<meta name=\"twitter:site\" content=\"@vripubb\" \/>\n<meta name=\"twitter:label1\" content=\"Tiempo de lectura\" \/>\n\t<meta name=\"twitter:data1\" content=\"7 minutos\" \/>\n<script type=\"application\/ld+json\" class=\"yoast-schema-graph\">{\"@context\":\"https:\\\/\\\/schema.org\",\"@graph\":[{\"@type\":\"WebPage\",\"@id\":\"https:\\\/\\\/vrip.ubiobio.cl\\\/inicio\\\/informativos-vrip\\\/edicion-12-agosto-2024\\\/\",\"url\":\"https:\\\/\\\/vrip.ubiobio.cl\\\/inicio\\\/informativos-vrip\\\/edicion-12-agosto-2024\\\/\",\"name\":\"Informativo VRIP 12 Agosto 2024 - VRIP\",\"isPartOf\":{\"@id\":\"https:\\\/\\\/vrip.ubiobio.cl\\\/inicio\\\/#website\"},\"primaryImageOfPage\":{\"@id\":\"https:\\\/\\\/vrip.ubiobio.cl\\\/inicio\\\/informativos-vrip\\\/edicion-12-agosto-2024\\\/#primaryimage\"},\"image\":{\"@id\":\"https:\\\/\\\/vrip.ubiobio.cl\\\/inicio\\\/informativos-vrip\\\/edicion-12-agosto-2024\\\/#primaryimage\"},\"thumbnailUrl\":\"https:\\\/\\\/vrip.ubiobio.cl\\\/wp-content\\\/uploads\\\/2023\\\/11\\\/Informativo-VRIP-Banner.jpg\",\"datePublished\":\"2024-08-13T14:00:38+00:00\",\"dateModified\":\"2024-08-13T14:27:24+00:00\",\"breadcrumb\":{\"@id\":\"https:\\\/\\\/vrip.ubiobio.cl\\\/inicio\\\/informativos-vrip\\\/edicion-12-agosto-2024\\\/#breadcrumb\"},\"inLanguage\":\"es\",\"potentialAction\":[{\"@type\":\"ReadAction\",\"target\":[\"https:\\\/\\\/vrip.ubiobio.cl\\\/inicio\\\/informativos-vrip\\\/edicion-12-agosto-2024\\\/\"]}]},{\"@type\":\"ImageObject\",\"inLanguage\":\"es\",\"@id\":\"https:\\\/\\\/vrip.ubiobio.cl\\\/inicio\\\/informativos-vrip\\\/edicion-12-agosto-2024\\\/#primaryimage\",\"url\":\"https:\\\/\\\/vrip.ubiobio.cl\\\/wp-content\\\/uploads\\\/2023\\\/11\\\/Informativo-VRIP-Banner.jpg\",\"contentUrl\":\"https:\\\/\\\/vrip.ubiobio.cl\\\/wp-content\\\/uploads\\\/2023\\\/11\\\/Informativo-VRIP-Banner.jpg\"},{\"@type\":\"BreadcrumbList\",\"@id\":\"https:\\\/\\\/vrip.ubiobio.cl\\\/inicio\\\/informativos-vrip\\\/edicion-12-agosto-2024\\\/#breadcrumb\",\"itemListElement\":[{\"@type\":\"ListItem\",\"position\":1,\"name\":\"Portada\",\"item\":\"https:\\\/\\\/vrip.ubiobio.cl\\\/inicio\\\/\"},{\"@type\":\"ListItem\",\"position\":2,\"name\":\"Informativos VRIP\",\"item\":\"https:\\\/\\\/vrip.ubiobio.cl\\\/inicio\\\/informativos-vrip\\\/\"},{\"@type\":\"ListItem\",\"position\":3,\"name\":\"Informativo VRIP 12 Agosto 2024\"}]},{\"@type\":\"WebSite\",\"@id\":\"https:\\\/\\\/vrip.ubiobio.cl\\\/inicio\\\/#website\",\"url\":\"https:\\\/\\\/vrip.ubiobio.cl\\\/inicio\\\/\",\"name\":\"VRIP\",\"description\":\"Vicerrector\u00eda de Investigaci\u00f3n y Postgrado\",\"publisher\":{\"@id\":\"https:\\\/\\\/vrip.ubiobio.cl\\\/inicio\\\/#organization\"},\"potentialAction\":[{\"@type\":\"SearchAction\",\"target\":{\"@type\":\"EntryPoint\",\"urlTemplate\":\"https:\\\/\\\/vrip.ubiobio.cl\\\/inicio\\\/?s={search_term_string}\"},\"query-input\":{\"@type\":\"PropertyValueSpecification\",\"valueRequired\":true,\"valueName\":\"search_term_string\"}}],\"inLanguage\":\"es\"},{\"@type\":\"Organization\",\"@id\":\"https:\\\/\\\/vrip.ubiobio.cl\\\/inicio\\\/#organization\",\"name\":\"VRIP\",\"url\":\"https:\\\/\\\/vrip.ubiobio.cl\\\/inicio\\\/\",\"logo\":{\"@type\":\"ImageObject\",\"inLanguage\":\"es\",\"@id\":\"https:\\\/\\\/vrip.ubiobio.cl\\\/inicio\\\/#\\\/schema\\\/logo\\\/image\\\/\",\"url\":\"https:\\\/\\\/vrip.ubiobio.cl\\\/wp-content\\\/uploads\\\/2022\\\/10\\\/logo-vrip_Mesa-de-trabajo-1.png\",\"contentUrl\":\"https:\\\/\\\/vrip.ubiobio.cl\\\/wp-content\\\/uploads\\\/2022\\\/10\\\/logo-vrip_Mesa-de-trabajo-1.png\",\"width\":642,\"height\":178,\"caption\":\"VRIP\"},\"image\":{\"@id\":\"https:\\\/\\\/vrip.ubiobio.cl\\\/inicio\\\/#\\\/schema\\\/logo\\\/image\\\/\"},\"sameAs\":[\"https:\\\/\\\/x.com\\\/vripubb\",\"https:\\\/\\\/www.instagram.com\\\/vrip_ubb\\\/\",\"https:\\\/\\\/www.youtube.com\\\/channel\\\/UCf7o8yHRJ7Y_QQLxwu1KQgA\",\"https:\\\/\\\/www.linkedin.com\\\/company\\\/96035097\\\/admin\\\/dashboard\\\/\"]}]}<\/script>\n<!-- \/ Yoast SEO plugin. -->","yoast_head_json":{"title":"Informativo VRIP 12 Agosto 2024 - VRIP","robots":{"index":"index","follow":"follow","max-snippet":"max-snippet:-1","max-image-preview":"max-image-preview:large","max-video-preview":"max-video-preview:-1"},"canonical":"https:\/\/vrip.ubiobio.cl\/inicio\/informativos-vrip\/edicion-12-agosto-2024\/","og_locale":"es_ES","og_type":"article","og_title":"Informativo VRIP 12 Agosto 2024 - VRIP","og_description":"Edici\u00f3n 12 Agosto 2024 UBB se har\u00e1 presente en la Feria Internacional de la Construcci\u00f3n, Edifica 2024 El evento se dar\u00e1 cita entre el 15 y el 17 de octubre de 2024, en Espacio Riesco, y un equipo de acad\u00e9micos y profesionales, liderados desde el Centro de Investigaci\u00f3n en Tecnolog\u00edas de la Construcci\u00f3n de la...","og_url":"https:\/\/vrip.ubiobio.cl\/inicio\/informativos-vrip\/edicion-12-agosto-2024\/","og_site_name":"VRIP","article_modified_time":"2024-08-13T14:27:24+00:00","og_image":[{"width":834,"height":290,"url":"https:\/\/vrip.ubiobio.cl\/wp-content\/uploads\/2023\/11\/Informativo-VRIP-Banner.jpg","type":"image\/jpeg"}],"twitter_card":"summary_large_image","twitter_site":"@vripubb","twitter_misc":{"Tiempo de lectura":"7 minutos"},"schema":{"@context":"https:\/\/schema.org","@graph":[{"@type":"WebPage","@id":"https:\/\/vrip.ubiobio.cl\/inicio\/informativos-vrip\/edicion-12-agosto-2024\/","url":"https:\/\/vrip.ubiobio.cl\/inicio\/informativos-vrip\/edicion-12-agosto-2024\/","name":"Informativo VRIP 12 Agosto 2024 - VRIP","isPartOf":{"@id":"https:\/\/vrip.ubiobio.cl\/inicio\/#website"},"primaryImageOfPage":{"@id":"https:\/\/vrip.ubiobio.cl\/inicio\/informativos-vrip\/edicion-12-agosto-2024\/#primaryimage"},"image":{"@id":"https:\/\/vrip.ubiobio.cl\/inicio\/informativos-vrip\/edicion-12-agosto-2024\/#primaryimage"},"thumbnailUrl":"https:\/\/vrip.ubiobio.cl\/wp-content\/uploads\/2023\/11\/Informativo-VRIP-Banner.jpg","datePublished":"2024-08-13T14:00:38+00:00","dateModified":"2024-08-13T14:27:24+00:00","breadcrumb":{"@id":"https:\/\/vrip.ubiobio.cl\/inicio\/informativos-vrip\/edicion-12-agosto-2024\/#breadcrumb"},"inLanguage":"es","potentialAction":[{"@type":"ReadAction","target":["https:\/\/vrip.ubiobio.cl\/inicio\/informativos-vrip\/edicion-12-agosto-2024\/"]}]},{"@type":"ImageObject","inLanguage":"es","@id":"https:\/\/vrip.ubiobio.cl\/inicio\/informativos-vrip\/edicion-12-agosto-2024\/#primaryimage","url":"https:\/\/vrip.ubiobio.cl\/wp-content\/uploads\/2023\/11\/Informativo-VRIP-Banner.jpg","contentUrl":"https:\/\/vrip.ubiobio.cl\/wp-content\/uploads\/2023\/11\/Informativo-VRIP-Banner.jpg"},{"@type":"BreadcrumbList","@id":"https:\/\/vrip.ubiobio.cl\/inicio\/informativos-vrip\/edicion-12-agosto-2024\/#breadcrumb","itemListElement":[{"@type":"ListItem","position":1,"name":"Portada","item":"https:\/\/vrip.ubiobio.cl\/inicio\/"},{"@type":"ListItem","position":2,"name":"Informativos VRIP","item":"https:\/\/vrip.ubiobio.cl\/inicio\/informativos-vrip\/"},{"@type":"ListItem","position":3,"name":"Informativo VRIP 12 Agosto 2024"}]},{"@type":"WebSite","@id":"https:\/\/vrip.ubiobio.cl\/inicio\/#website","url":"https:\/\/vrip.ubiobio.cl\/inicio\/","name":"VRIP","description":"Vicerrector\u00eda de Investigaci\u00f3n y Postgrado","publisher":{"@id":"https:\/\/vrip.ubiobio.cl\/inicio\/#organization"},"potentialAction":[{"@type":"SearchAction","target":{"@type":"EntryPoint","urlTemplate":"https:\/\/vrip.ubiobio.cl\/inicio\/?s={search_term_string}"},"query-input":{"@type":"PropertyValueSpecification","valueRequired":true,"valueName":"search_term_string"}}],"inLanguage":"es"},{"@type":"Organization","@id":"https:\/\/vrip.ubiobio.cl\/inicio\/#organization","name":"VRIP","url":"https:\/\/vrip.ubiobio.cl\/inicio\/","logo":{"@type":"ImageObject","inLanguage":"es","@id":"https:\/\/vrip.ubiobio.cl\/inicio\/#\/schema\/logo\/image\/","url":"https:\/\/vrip.ubiobio.cl\/wp-content\/uploads\/2022\/10\/logo-vrip_Mesa-de-trabajo-1.png","contentUrl":"https:\/\/vrip.ubiobio.cl\/wp-content\/uploads\/2022\/10\/logo-vrip_Mesa-de-trabajo-1.png","width":642,"height":178,"caption":"VRIP"},"image":{"@id":"https:\/\/vrip.ubiobio.cl\/inicio\/#\/schema\/logo\/image\/"},"sameAs":["https:\/\/x.com\/vripubb","https:\/\/www.instagram.com\/vrip_ubb\/","https:\/\/www.youtube.com\/channel\/UCf7o8yHRJ7Y_QQLxwu1KQgA","https:\/\/www.linkedin.com\/company\/96035097\/admin\/dashboard\/"]}]}},"_links":{"self":[{"href":"https:\/\/vrip.ubiobio.cl\/inicio\/wp-json\/wp\/v2\/pages\/46233","targetHints":{"allow":["GET"]}}],"collection":[{"href":"https:\/\/vrip.ubiobio.cl\/inicio\/wp-json\/wp\/v2\/pages"}],"about":[{"href":"https:\/\/vrip.ubiobio.cl\/inicio\/wp-json\/wp\/v2\/types\/page"}],"author":[{"embeddable":true,"href":"https:\/\/vrip.ubiobio.cl\/inicio\/wp-json\/wp\/v2\/users\/1"}],"replies":[{"embeddable":true,"href":"https:\/\/vrip.ubiobio.cl\/inicio\/wp-json\/wp\/v2\/comments?post=46233"}],"version-history":[{"count":10,"href":"https:\/\/vrip.ubiobio.cl\/inicio\/wp-json\/wp\/v2\/pages\/46233\/revisions"}],"predecessor-version":[{"id":46250,"href":"https:\/\/vrip.ubiobio.cl\/inicio\/wp-json\/wp\/v2\/pages\/46233\/revisions\/46250"}],"up":[{"embeddable":true,"href":"https:\/\/vrip.ubiobio.cl\/inicio\/wp-json\/wp\/v2\/pages\/41711"}],"wp:attachment":[{"href":"https:\/\/vrip.ubiobio.cl\/inicio\/wp-json\/wp\/v2\/media?parent=46233"}],"curies":[{"name":"wp","href":"https:\/\/api.w.org\/{rel}","templated":true}]}}