{"id":45821,"date":"2024-07-22T16:49:36","date_gmt":"2024-07-22T16:49:36","guid":{"rendered":"https:\/\/vrip.ubiobio.cl\/inicio\/?page_id=45821"},"modified":"2024-08-13T14:25:28","modified_gmt":"2024-08-13T14:25:28","slug":"edicion-22-julio-2024","status":"publish","type":"page","link":"https:\/\/vrip.ubiobio.cl\/inicio\/informativos-vrip\/edicion-22-julio-2024\/","title":{"rendered":"Informativo VRIP 22 Julio 2024"},"content":{"rendered":"\t\t<div data-elementor-type=\"wp-page\" data-elementor-id=\"45821\" class=\"elementor elementor-45821\" data-elementor-settings=\"{&quot;ha_cmc_init_switcher&quot;:&quot;no&quot;}\">\n\t\t\t\t\t\t<section class=\"elementor-section elementor-top-section elementor-element elementor-element-619a71f elementor-section-height-min-height elementor-section-boxed elementor-section-height-default elementor-section-items-middle\" data-id=\"619a71f\" data-element_type=\"section\" data-e-type=\"section\" data-settings=\"{&quot;background_background&quot;:&quot;classic&quot;,&quot;_ha_eqh_enable&quot;:false}\">\n\t\t\t\t\t\t<div class=\"elementor-container elementor-column-gap-default\">\n\t\t\t\t\t<div class=\"elementor-column elementor-col-100 elementor-top-column elementor-element elementor-element-49770de0 elementor-invisible\" data-id=\"49770de0\" data-element_type=\"column\" data-e-type=\"column\" data-settings=\"{&quot;animation&quot;:&quot;slideInDown&quot;}\">\n\t\t\t<div class=\"elementor-widget-wrap elementor-element-populated\">\n\t\t\t\t\t\t<div class=\"elementor-element elementor-element-5c1ba5a3 elementor-widget elementor-widget-heading\" data-id=\"5c1ba5a3\" data-element_type=\"widget\" data-e-type=\"widget\" data-widget_type=\"heading.default\">\n\t\t\t\t<div class=\"elementor-widget-container\">\n\t\t\t\t\t<h3 class=\"elementor-heading-title elementor-size-xl\">Edici\u00f3n 22 Julio 2024<\/h3>\t\t\t\t<\/div>\n\t\t\t\t<\/div>\n\t\t\t\t\t<\/div>\n\t\t<\/div>\n\t\t\t\t\t<\/div>\n\t\t<\/section>\n\t\t\t\t<section class=\"elementor-section elementor-top-section elementor-element elementor-element-193e492 elementor-section-boxed elementor-section-height-default elementor-section-height-default\" data-id=\"193e492\" data-element_type=\"section\" data-e-type=\"section\" data-settings=\"{&quot;_ha_eqh_enable&quot;:false}\">\n\t\t\t\t\t\t<div class=\"elementor-container elementor-column-gap-default\">\n\t\t\t\t\t<div class=\"elementor-column elementor-col-33 elementor-top-column elementor-element elementor-element-b461630\" data-id=\"b461630\" data-element_type=\"column\" data-e-type=\"column\">\n\t\t\t<div class=\"elementor-widget-wrap\">\n\t\t\t\t\t\t\t<\/div>\n\t\t<\/div>\n\t\t\t\t<div class=\"elementor-column elementor-col-33 elementor-top-column elementor-element elementor-element-2042191\" data-id=\"2042191\" data-element_type=\"column\" data-e-type=\"column\">\n\t\t\t<div class=\"elementor-widget-wrap elementor-element-populated\">\n\t\t\t\t\t\t<div class=\"elementor-element elementor-element-eaf4e0f elementor-widget elementor-widget-image\" data-id=\"eaf4e0f\" data-element_type=\"widget\" data-e-type=\"widget\" data-widget_type=\"image.default\">\n\t\t\t\t<div class=\"elementor-widget-container\">\n\t\t\t\t\t\t\t\t\t\t\t\t\t\t\t<img fetchpriority=\"high\" decoding=\"async\" width=\"834\" height=\"290\" src=\"https:\/\/vrip.ubiobio.cl\/wp-content\/uploads\/2023\/11\/Informativo-VRIP-Banner.jpg\" class=\"attachment-large size-large wp-image-41783\" alt=\"\" srcset=\"https:\/\/vrip.ubiobio.cl\/wp-content\/uploads\/2023\/11\/Informativo-VRIP-Banner.jpg 834w, https:\/\/vrip.ubiobio.cl\/wp-content\/uploads\/2023\/11\/Informativo-VRIP-Banner-380x132.jpg 380w, https:\/\/vrip.ubiobio.cl\/wp-content\/uploads\/2023\/11\/Informativo-VRIP-Banner-768x267.jpg 768w\" sizes=\"(max-width: 834px) 100vw, 834px\" \/>\t\t\t\t\t\t\t\t\t\t\t\t\t\t\t<\/div>\n\t\t\t\t<\/div>\n\t\t\t\t\t<\/div>\n\t\t<\/div>\n\t\t\t\t<div class=\"elementor-column elementor-col-33 elementor-top-column elementor-element elementor-element-efd9d44\" data-id=\"efd9d44\" data-element_type=\"column\" data-e-type=\"column\">\n\t\t\t<div class=\"elementor-widget-wrap\">\n\t\t\t\t\t\t\t<\/div>\n\t\t<\/div>\n\t\t\t\t\t<\/div>\n\t\t<\/section>\n\t\t\t\t<section class=\"elementor-section elementor-top-section elementor-element elementor-element-3970b6e elementor-section-boxed elementor-section-height-default elementor-section-height-default\" data-id=\"3970b6e\" data-element_type=\"section\" data-e-type=\"section\" data-settings=\"{&quot;_ha_eqh_enable&quot;:false}\">\n\t\t\t\t\t\t<div class=\"elementor-container elementor-column-gap-default\">\n\t\t\t\t\t<div class=\"elementor-column elementor-col-33 elementor-top-column elementor-element elementor-element-26c2a57\" data-id=\"26c2a57\" data-element_type=\"column\" data-e-type=\"column\">\n\t\t\t<div class=\"elementor-widget-wrap\">\n\t\t\t\t\t\t\t<\/div>\n\t\t<\/div>\n\t\t\t\t<div class=\"elementor-column elementor-col-33 elementor-top-column elementor-element elementor-element-279be1bf\" data-id=\"279be1bf\" data-element_type=\"column\" data-e-type=\"column\">\n\t\t\t<div class=\"elementor-widget-wrap elementor-element-populated\">\n\t\t\t\t\t\t<div class=\"elementor-element elementor-element-cb53f68 elementor-widget elementor-widget-text-editor\" data-id=\"cb53f68\" data-element_type=\"widget\" data-e-type=\"widget\" data-widget_type=\"text-editor.default\">\n\t\t\t\t<div class=\"elementor-widget-container\">\n\t\t\t\t\t\t\t\t\t<p><img decoding=\"async\" src=\"https:\/\/ci3.googleusercontent.com\/meips\/ADKq_NaZ9EwHoawzIPSzZGuvwydRaFI0NyxwZk6MX4kPi0aDeXOyAYQAUCbD10qnJQ9zloqmhopKpQ4jQjUcfDIi3epg43d5BSyfFMbj2cFugn4Axqt5g00JAZwhCa--QlKo4bEtdfZ_ak7DTMeJ-BjReiIjhfec2vVHMjhln5gi=s0-d-e1-ft#https:\/\/flashissue.s3.us-east-1.amazonaws.com\/czRkNYC7QSqS203qcz6j_VlJJUF9CYW5uZXIgSW5mb3JtYXRpdm8=.png\" \/><\/p><h3><span style=\"color: #0b5394;\"><strong>II Encuentro RED Acad\u00e9micas Investigadoras UBB<\/strong><\/span><\/h3><p>El objetivo de esta actividad es facilitar un espacio colaborativo donde las investigadoras y acad\u00e9micas de la Universidad del B\u00edo-B\u00edo (UBB) puedan trabajar juntas para definir y establecer la gobernanza de la red de investigadoras UBB, con el fin de promover la colaboraci\u00f3n, el intercambio de conocimientos y el desarrollo profesional dentro de la instituci\u00f3n. Jueves 25 de Julio desde las 10:00 horas.<\/p><hr \/><p><img decoding=\"async\" src=\"https:\/\/ci3.googleusercontent.com\/meips\/ADKq_NY0mJ6khZqQHJ83kZ2dfZTFfKCxcTinbOXcNiWRvDkxfAXHslbx8how9pzHv9bDK0pN3oE2DMAgImoJ6r9M5uASISgMvWVeX86qNF5QA9r3_v102xLm8iLuIq2I8LfORY5UYpyjC1tz52fVXpKNB4vbeeqqj1pLL07gd2WU9izyJg=s0-d-e1-ft#https:\/\/flashissue.s3.us-east-1.amazonaws.com\/vSTbxxXhSgWS2qOPw1rT_VlJJUF9CYW5uZXIgSW5mb3JtYXRpdm8gMg==.png\" \/><\/p><h3><span style=\"color: #0b5394;\"><strong>Experto de INAPI realiz\u00f3 charla sobre brechas de g\u00e9nero en patentes universitarias y empresariales<\/strong><\/span><\/h3><p>En el marco del proyecto InES G\u00e9nero de la UBB en colaboraci\u00f3n con la Oficina de Transferencia y Licenciamiento, OTL, se desarroll\u00f3 la charla Explorando brechas de g\u00e9nero en patentes universitarias y empresariales, facilitada por \u00c1lvaro Gonz\u00e1lez L\u00f3pez, Encargado de Inteligencia de Negocios del Instituto Nacional de Propiedad Industrial, INAPI.<\/p><p><em>Ver m\u00e1s<\/em>:\u00a0<a href=\"https:\/\/vrip.ubiobio.cl\/inicio\/noticias\/experto-de-inapi-realizo-charla-sobre-brechas-de-genero-en-patentes-universitarias-y-empresariales\/\" target=\"_blank\" rel=\"noopener\" data-saferedirecturl=\"https:\/\/www.google.com\/url?q=https:\/\/vrip.ubiobio.cl\/inicio\/noticias\/experto-de-inapi-realizo-charla-sobre-brechas-de-genero-en-patentes-universitarias-y-empresariales\/&amp;source=gmail&amp;ust=1721753191397000&amp;usg=AOvVaw1QYYDdwThfpd8f5ZmnPPNo\">https:\/\/vrip.ubiobio.cl\/<wbr \/>inicio\/noticias\/experto-de-<wbr \/>inapi-realizo-charla-sobre-<wbr \/>brechas-de-genero-en-patentes-<wbr \/>universitarias-y-<wbr \/>empresariales\/<\/a><\/p><hr \/><p><img decoding=\"async\" src=\"https:\/\/ci3.googleusercontent.com\/meips\/ADKq_NalB7svEn93abM3gJBqmLvMgeprxGKLBAzVvuAIkal3DHYYEQYYM02P3pPEUtLexQaTYDR_vL_vVeYiZtMtqXcKsopV92CJNgcvtr52XUppWEdLFEFJUnk73HXbqkHEk7Q=s0-d-e1-ft#https:\/\/flashissue.s3.us-east-1.amazonaws.com\/7iH2J62S5SvHburCGA3g_MQ==.png\" \/><\/p><h3><span style=\"color: #0b5394;\"><strong>Investigadora Fondecyt UBB presenta resultados de investigaci\u00f3n en Congreso de Formaci\u00f3n Docente, Paraguay<\/strong><\/span><\/h3><p>La Dra. Ana Carolina Maldonado Fuentes, del Departamento de Ciencias de la Educaci\u00f3n de la Facultad de Educaci\u00f3n y Humanidades, particip\u00f3 en el Congreso Nacional de Formaci\u00f3n Docente \u201cFortaleciendo la formaci\u00f3n docente desde la colaboraci\u00f3n y la investigaci\u00f3n\u201d, desarrollado el pasado 19 y 20 de junio 2024 en Paraguay.<\/p><p><em>Ver m\u00e1s<\/em>:\u00a0<a href=\"https:\/\/vrip.ubiobio.cl\/inicio\/noticias\/investigadora-fondecyt-ubb-presenta-resultados-de-investigacion-en-congreso-de-formacion-docente-paraguay\" target=\"_blank\" rel=\"noopener\" data-saferedirecturl=\"https:\/\/www.google.com\/url?q=https:\/\/vrip.ubiobio.cl\/inicio\/noticias\/investigadora-fondecyt-ubb-presenta-resultados-de-investigacion-en-congreso-de-formacion-docente-paraguay&amp;source=gmail&amp;ust=1721753191397000&amp;usg=AOvVaw3iDhp8Nwb64pevIApWM6cc\">https:\/\/vrip.ubiobio.cl\/<wbr \/>inicio\/noticias\/investigadora-<wbr \/>fondecyt-ubb-presenta-<wbr \/>resultados-de-investigacion-<wbr \/>en-congreso-de-formacion-<wbr \/>docente-paraguay<\/a><\/p><hr \/><p><img decoding=\"async\" src=\"https:\/\/ci3.googleusercontent.com\/meips\/ADKq_NbUbyfXk5YFrh2DRXJtgaLZSonEPnIR2Vgi4IpwJRlqJPSitXx571hCGUne_atmCPeKqRf-C6v5wu_o4C4HLKqdXrAtXfEDxO4da8z-yu5TLl-Ogm0Y4KcsKVYDcw2OAhU=s0-d-e1-ft#https:\/\/flashissue.s3.us-east-1.amazonaws.com\/KKwxwZ9SSdnMsTQklSkV_MQ==.png\" \/><\/p><h3><span style=\"color: #0b5394;\"><strong>Unidad de Emprendimiento UBB realiz\u00f3 charla concurso Startup Ciencia 2025<\/strong><\/span><\/h3><p>V\u00eda plataforma zoom, se realiz\u00f3 una charla gestionada por la Unidad de Emprendimiento de la Universidad del B\u00edo-B\u00edo, para dar a conocer detalles del concurso Startup Ciencia 2025, oportunidad en que el jefe del Departamento de Transferencia y Emprendimiento de la subdirecci\u00f3n de Investigaci\u00f3n Aplicada de ANID, Esteban Zapata, explico los pormenores de esta convocatoria.<\/p><p dir=\"ltr\">Ver m\u00e1s:\u00a0<a href=\"https:\/\/vrip.ubiobio.cl\/inicio\/noticias\/unidad-de-emprendimiento-ubb-realizo-charla-concurso-startup-ciencia-2025\" target=\"_blank\" rel=\"noopener\" data-saferedirecturl=\"https:\/\/www.google.com\/url?q=https:\/\/vrip.ubiobio.cl\/inicio\/noticias\/unidad-de-emprendimiento-ubb-realizo-charla-concurso-startup-ciencia-2025&amp;source=gmail&amp;ust=1721753191397000&amp;usg=AOvVaw0hXI-LT1LcZMYJYnUnQA2H\">https:\/\/vrip.ubiobio.cl\/<wbr \/>inicio\/noticias\/unidad-de-<wbr \/>emprendimiento-ubb-realizo-<wbr \/>charla-concurso-startup-<wbr \/>ciencia-2025<\/a><\/p><hr \/><p><img decoding=\"async\" src=\"https:\/\/ci3.googleusercontent.com\/meips\/ADKq_NYBtuNFQ1rxF2riSIXwJ9GYgLOAl2_XEiODAZoDoiGhYdBbHwitGZ_9UZkolOkGBuboLb9017XL6pnzTDyswYdaZi6e7839eppvUcGogKnyeVBldfFRB2KYEUfVBeS8YA58CbVt_8GdCDu7alE912eZswVkLug0wZaUMlCw=s0-d-e1-ft#https:\/\/flashissue.s3.us-east-1.amazonaws.com\/XomaQrtqRfiJhsV5ivW2_VlJJUF9CYW5uZXIgSW5mb3JtYXRpdm8=.png\" \/><\/p><h3><span style=\"color: #0b5394;\"><strong>Nuevo Seremi de Ciencia, Tecnolog\u00eda, Conocimiento e Innovaci\u00f3n de la Macrozona Centro Sur vista la UBB<\/strong><\/span><\/h3><p>El Seremi de Ciencia, Tecnolog\u00eda, Conocimiento e Innovaci\u00f3n de las regiones de O\u2019Higgins, Maule, \u00d1uble y Biob\u00edo, y doctor en Ciencias con menci\u00f3n en Manejo de Recursos Acu\u00e1ticos Renovables, Gustavo N\u00fa\u00f1ez Acu\u00f1a, realiz\u00f3 este jueves 18 de julio, una visita protocolar a la Universidad del B\u00edo-B\u00edo, oportunidad en la que fue recibido por el rector Benito Uma\u00f1a, \u00a0la vicerrectora de Investigaci\u00f3n y Postgrado, Dra. Ang\u00e9lica Caro, y la directora de Investigaci\u00f3n y Creaci\u00f3n Art\u00edstica, Dra. Claudia Mu\u00f1oz.<\/p><p><em>Ver m\u00e1s<\/em>:\u00a0<a href=\"https:\/\/noticias.ubiobio.cl\/2024\/07\/18\/nuevo-seremi-de-ciencia-tecnologia-conocimiento-e-innovacion-de-la-macrozona-centro-sur-visita-la-ubb\/\" target=\"_blank\" rel=\"noopener\" data-saferedirecturl=\"https:\/\/www.google.com\/url?q=https:\/\/noticias.ubiobio.cl\/2024\/07\/18\/nuevo-seremi-de-ciencia-tecnologia-conocimiento-e-innovacion-de-la-macrozona-centro-sur-visita-la-ubb\/&amp;source=gmail&amp;ust=1721753191397000&amp;usg=AOvVaw2jLo6j-Bc0Uj1ZmX1niijO\">https:\/\/noticias.ubiobio.<wbr \/>cl\/2024\/07\/18\/nuevo-seremi-de-<wbr \/>ciencia-tecnologia-<wbr \/>conocimiento-e-innovacion-de-<wbr \/>la-macrozona-centro-sur-<wbr \/>visita-la-ubb\/<\/a><\/p><hr \/><p><img decoding=\"async\" src=\"https:\/\/ci3.googleusercontent.com\/meips\/ADKq_Nb7lUwzya2bsD9Dy3B-3AcbFBLHYc6ES86xJCHoSKnw33HmoaaKkLyUxQTr3hAC9LTnOyyax_MZ1USj0rCj8xm9pJtkKSb-aEPzoJjfNvRJiIbVWuBtfSffph5qzIm-oI4=s0-d-e1-ft#https:\/\/flashissue.s3.us-east-1.amazonaws.com\/l1kIaJinQmCCwxw0iK9P_NQ==.png\" \/><\/p><h3><span style=\"color: #0b5394;\"><strong>Estudiante del DIMPROS UBB obtuvo Beca Internacional AUIP de Movilidad Acad\u00e9mica<\/strong><\/span><\/h3><p>Se trata de Kevin Fern\u00e1ndez Andrade, ecuatoriano, estudiante del Doctorado en Ingenier\u00eda de Materiales y Procesos Sustentables, DIMPROS, que imparte la Universidad del B\u00edo-B\u00edo, quien se adjudic\u00f3 la Beca Internacional de la\u00a0Asociaci\u00f3n Universitaria Iberoamericana de Postgrado (AUIP), para realizar una pasant\u00eda en la Universidad de C\u00f3rdoba-Espa\u00f1a durante los meses de septiembre a octubre del presente a\u00f1o.<\/p><p><em>Ver m\u00e1s<\/em>:\u00a0<a href=\"https:\/\/noticias.ubiobio.cl\/2024\/07\/17\/estudiante-del-dimpros-ubb-obtuvo-beca-internacional-auip-de-movilidad-academica\/\" target=\"_blank\" rel=\"noopener\" data-saferedirecturl=\"https:\/\/www.google.com\/url?q=https:\/\/noticias.ubiobio.cl\/2024\/07\/17\/estudiante-del-dimpros-ubb-obtuvo-beca-internacional-auip-de-movilidad-academica\/&amp;source=gmail&amp;ust=1721753191397000&amp;usg=AOvVaw0-WvbRujtLaPKjaPU3ySR9\">https:\/\/noticias.ubiobio.<wbr \/>cl\/2024\/07\/17\/estudiante-del-<wbr \/>dimpros-ubb-obtuvo-beca-<wbr \/>internacional-auip-de-<wbr \/>movilidad-academica\/<\/a><\/p><hr \/><p><img decoding=\"async\" src=\"https:\/\/ci3.googleusercontent.com\/meips\/ADKq_NbI8878_7WTt4xP6gQm8MPZhcJUbOnZgMuQ8ptmbZ1d0-oEbAO7shdAh0Gf4sZ5joyKRsih4Q63asgq880jVYYR_J0cPBtTv88Rfdw3T85m1Im5C8LVe38ScpGvngqoiZE=s0-d-e1-ft#https:\/\/flashissue.s3.us-east-1.amazonaws.com\/792OUqn5SPiVLNntvvjO_Mg==.png\" \/><\/p><h3><span style=\"color: #0b5394;\"><strong>Investigadores DSALT participaron en conferencia de matem\u00e1tica aplicada en Portugal<\/strong><\/span><\/h3><p>Ricardo Oyarz\u00faa, Jessika Cama\u00f1o y Pablo Venegas presentaron avances de sus estudios relacionados con modelos de desalinizaci\u00f3n.<\/p><p><em>Ver m\u00e1s<\/em>:\u00a0<a href=\"https:\/\/vrip.ubiobio.cl\/inicio\/noticias\/investigadores-dsalt-participaron-en-conferencia-de-matematica-aplicada-en-portugal\/\" target=\"_blank\" rel=\"noopener\" data-saferedirecturl=\"https:\/\/www.google.com\/url?q=https:\/\/vrip.ubiobio.cl\/inicio\/noticias\/investigadores-dsalt-participaron-en-conferencia-de-matematica-aplicada-en-portugal\/&amp;source=gmail&amp;ust=1721753191397000&amp;usg=AOvVaw020eIA0m7ux9ECU-1ZXcvw\">https:\/\/vrip.ubiobio.cl\/<wbr \/>inicio\/noticias\/<wbr \/>investigadores-dsalt-<wbr \/>participaron-en-conferencia-<wbr \/>de-matematica-aplicada-en-<wbr \/>portugal\/<\/a><\/p><hr \/><p><img decoding=\"async\" src=\"https:\/\/ci3.googleusercontent.com\/meips\/ADKq_NY3Q5HEyD2IucgzbyS9n8xN1cPrvJXOBD0iI5pS3Iv1iB0-ItmKyL-k5XdbbSGvwrnKCMXyGcEGLvSpB9FaWbdNZq_PhMndSafCJ8sBp1aGvVDvFdfG82WM3M9P2NtRCE8=s0-d-e1-ft#https:\/\/flashissue.s3.us-east-1.amazonaws.com\/V7psjBxyTWKfK9sm1UyN_NA==.png\" \/><\/p><h3><span style=\"color: #0b5394;\"><strong>Delegaci\u00f3n de la Universidad Polit\u00e9cnica de Wuhan-China, visita la UBB para abrir espacios de colaboraci\u00f3n mutua<\/strong><\/span><\/h3><p>En el marco del convenio de colaboraci\u00f3n entre la Universidad Polit\u00e9cnica de Wuhan y la Universidad del B\u00edo-B\u00edo, se llev\u00f3 a cabo este mi\u00e9rcoles 26 de junio la visita de una Delegaci\u00f3n de la Universidad de Wuhan.<\/p><p><em>Ver m\u00e1s<\/em>:\u00a0<a href=\"https:\/\/vrip.ubiobio.cl\/inicio\/noticias\/delegacion-de-la-universidad-politecnica-de-wuhan-china-visita-la-ubb-para-abrir-espacios-de-colaboracion-mutua\/\" target=\"_blank\" rel=\"noopener\" data-saferedirecturl=\"https:\/\/www.google.com\/url?q=https:\/\/vrip.ubiobio.cl\/inicio\/noticias\/delegacion-de-la-universidad-politecnica-de-wuhan-china-visita-la-ubb-para-abrir-espacios-de-colaboracion-mutua\/&amp;source=gmail&amp;ust=1721753191397000&amp;usg=AOvVaw1fA4GlDnmmuQAnWfCyCZ7k\">https:\/\/vrip.ubiobio.cl\/<wbr \/>inicio\/noticias\/delegacion-de-<wbr \/>la-universidad-politecnica-de-<wbr \/>wuhan-china-visita-la-ubb-<wbr \/>para-abrir-espacios-de-<wbr \/>colaboracion-mutua\/<\/a><\/p><hr \/><p><img decoding=\"async\" src=\"https:\/\/ci3.googleusercontent.com\/meips\/ADKq_NYdFvqrcjIWpurNZfTxhu03oGWYUaXB9P1_0E5O8uGOBCAIqj7PxGlBg3ok5O0ND5dRRg7PKS_4tN31APHvOhqWnBJn2XT507vXu0hwvDZrn6dlN2HitRBBFbN4gmxEkik=s0-d-e1-ft#https:\/\/flashissue.s3.us-east-1.amazonaws.com\/reOZDICLQ4G7XKvCMY2J_MQ==.png\" \/><\/p><h3><span style=\"color: #0b5394;\"><strong>Proyecto FIC, liderado por investigadores UBB concluye con un significativo aporte al tejido industrial de las PYMEs de la Regi\u00f3n del Biob\u00edo<\/strong><\/span><\/h3><p>Con la presencia del rector Benito Uma\u00f1a, la directora de Investigaci\u00f3n y Creaci\u00f3n Art\u00edstica, Dra. Claudia Mu\u00f1oz, decana de la Facultad de Ciencias Empresariales, Dra. Elizabeth Grand\u00f3n, secretario Acad\u00e9mico de la Facultad de Ingenier\u00eda, Dr. Juan Carlos Figueroa y el gerente de Desarrollo Competitivo de CORFO, Claudio Maggi, \u00a0junto a invitados y representantes de empresas, se realiz\u00f3 el jueves 4 de julio, el seminario de clausura del Programa FIC: \u201cTransformaci\u00f3n Digital: PYMEs de la Regi\u00f3n del Biob\u00edo\u201d, \u00a0financiada por el Gobierno Regional del Biob\u00edo a trav\u00e9s del Fondo de Innovaci\u00f3n para la Competitividad (FIC-R), y ejecutado por la Universidad del B\u00edo-B\u00edo.<\/p><p><em>Ver m\u00e1s<\/em>:\u00a0<a href=\"https:\/\/vrip.ubiobio.cl\/inicio\/noticias\/proyecto-fic-liderado-por-investigadores-ubb-concluye-con-un-significativo-aporte-al-tejido-industrial-de-las-pymes-de-la-region-del-biobio\/\" target=\"_blank\" rel=\"noopener\" data-saferedirecturl=\"https:\/\/www.google.com\/url?q=https:\/\/vrip.ubiobio.cl\/inicio\/noticias\/proyecto-fic-liderado-por-investigadores-ubb-concluye-con-un-significativo-aporte-al-tejido-industrial-de-las-pymes-de-la-region-del-biobio\/&amp;source=gmail&amp;ust=1721753191397000&amp;usg=AOvVaw3RukI9smYr-9q8VlnZYyZr\">https:\/\/vrip.ubiobio.cl\/<wbr \/>inicio\/noticias\/proyecto-fic-<wbr \/>liderado-por-investigadores-<wbr \/>ubb-concluye-con-un-<wbr \/>significativo-aporte-al-<wbr \/>tejido-industrial-de-las-<wbr \/>pymes-de-la-region-del-biobio\/<\/a><\/p><hr \/><p><img decoding=\"async\" src=\"https:\/\/ci3.googleusercontent.com\/meips\/ADKq_NZv669LGlLiBDvBYoKymxsFNh7-6qy_6ko3fVuzUgQ8qz42b6GXjSQs45baarN1zshYSWoaGz6qdduGcSvDZt3T5v3cK3D_k_JebhzfCrThFnFYU-68SqVguqlEgaGJiJg=s0-d-e1-ft#https:\/\/flashissue.s3.us-east-1.amazonaws.com\/lhNqFqqQMWWn9YIpQJQV_Mw==.png\" \/><\/p><h3><span style=\"color: #0b5394;\"><strong>Directora del Mag\u00edster en Salud P\u00fablica participa en art\u00edculo publicado en Nature Food<\/strong><\/span><\/h3><p>Con un alcance integral a nivel mundial, la revista proporciona a investigadores y responsables pol\u00edticos una amplia gama de evidencia y narrativas de expertos sobre c\u00f3mo optimizar y asegurar los sistemas alimentarios para el futuro.<\/p><p><em>Ver m\u00e1s<\/em>:\u00a0<a href=\"https:\/\/vrip.ubiobio.cl\/inicio\/noticias\/directora-del-magister-en-salud-publica-participa-en-articulo-publicado-en-nature-food\/\" target=\"_blank\" rel=\"noopener\" data-saferedirecturl=\"https:\/\/www.google.com\/url?q=https:\/\/vrip.ubiobio.cl\/inicio\/noticias\/directora-del-magister-en-salud-publica-participa-en-articulo-publicado-en-nature-food\/&amp;source=gmail&amp;ust=1721753191397000&amp;usg=AOvVaw2X3okbfCAPauEjgaFGUp36\">https:\/\/vrip.ubiobio.cl\/<wbr \/>inicio\/noticias\/directora-del-<wbr \/>magister-en-salud-publica-<wbr \/>participa-en-articulo-<wbr \/>publicado-en-nature-food\/<\/a><\/p><hr \/>\t\t\t\t\t\t\t\t<\/div>\n\t\t\t\t<\/div>\n\t\t\t\t\t<\/div>\n\t\t<\/div>\n\t\t\t\t<div class=\"elementor-column elementor-col-33 elementor-top-column elementor-element elementor-element-4029fc3\" data-id=\"4029fc3\" data-element_type=\"column\" data-e-type=\"column\">\n\t\t\t<div class=\"elementor-widget-wrap\">\n\t\t\t\t\t\t\t<\/div>\n\t\t<\/div>\n\t\t\t\t\t<\/div>\n\t\t<\/section>\n\t\t\t\t<section class=\"elementor-section elementor-top-section elementor-element elementor-element-a485fdf elementor-section-boxed elementor-section-height-default elementor-section-height-default\" data-id=\"a485fdf\" data-element_type=\"section\" data-e-type=\"section\" data-settings=\"{&quot;_ha_eqh_enable&quot;:false}\">\n\t\t\t\t\t\t<div class=\"elementor-container elementor-column-gap-default\">\n\t\t\t\t\t<div class=\"elementor-column elementor-col-33 elementor-top-column elementor-element elementor-element-ece34e2\" data-id=\"ece34e2\" data-element_type=\"column\" data-e-type=\"column\">\n\t\t\t<div class=\"elementor-widget-wrap\">\n\t\t\t\t\t\t\t<\/div>\n\t\t<\/div>\n\t\t\t\t<div class=\"elementor-column elementor-col-33 elementor-top-column elementor-element elementor-element-c4e8f33\" data-id=\"c4e8f33\" data-element_type=\"column\" data-e-type=\"column\">\n\t\t\t<div class=\"elementor-widget-wrap elementor-element-populated\">\n\t\t\t\t\t\t<div class=\"elementor-element elementor-element-1f67c8a elementor-widget elementor-widget-heading\" data-id=\"1f67c8a\" data-element_type=\"widget\" data-e-type=\"widget\" data-widget_type=\"heading.default\">\n\t\t\t\t<div class=\"elementor-widget-container\">\n\t\t\t\t\t<h1 class=\"elementor-heading-title elementor-size-default\">Informaci\u00f3n VRIP<\/h1>\t\t\t\t<\/div>\n\t\t\t\t<\/div>\n\t\t\t\t\t<\/div>\n\t\t<\/div>\n\t\t\t\t<div class=\"elementor-column elementor-col-33 elementor-top-column elementor-element elementor-element-1f18c8e\" data-id=\"1f18c8e\" data-element_type=\"column\" data-e-type=\"column\">\n\t\t\t<div class=\"elementor-widget-wrap\">\n\t\t\t\t\t\t\t<\/div>\n\t\t<\/div>\n\t\t\t\t\t<\/div>\n\t\t<\/section>\n\t\t\t\t<section class=\"elementor-section elementor-top-section elementor-element elementor-element-1e7212e elementor-section-boxed elementor-section-height-default elementor-section-height-default\" data-id=\"1e7212e\" data-element_type=\"section\" data-e-type=\"section\" data-settings=\"{&quot;_ha_eqh_enable&quot;:false}\">\n\t\t\t\t\t\t<div class=\"elementor-container elementor-column-gap-default\">\n\t\t\t\t\t<div class=\"elementor-column elementor-col-33 elementor-top-column elementor-element elementor-element-229f337\" data-id=\"229f337\" data-element_type=\"column\" data-e-type=\"column\">\n\t\t\t<div class=\"elementor-widget-wrap\">\n\t\t\t\t\t\t\t<\/div>\n\t\t<\/div>\n\t\t\t\t<div class=\"elementor-column elementor-col-33 elementor-top-column elementor-element elementor-element-43ea34f\" data-id=\"43ea34f\" data-element_type=\"column\" data-e-type=\"column\">\n\t\t\t<div class=\"elementor-widget-wrap elementor-element-populated\">\n\t\t\t\t\t\t<div class=\"elementor-element elementor-element-aa044e2 elementor-widget elementor-widget-text-editor\" data-id=\"aa044e2\" data-element_type=\"widget\" data-e-type=\"widget\" data-widget_type=\"text-editor.default\">\n\t\t\t\t<div class=\"elementor-widget-container\">\n\t\t\t\t\t\t\t\t\t<p><img decoding=\"async\" src=\"https:\/\/ci3.googleusercontent.com\/meips\/ADKq_NbPXrs0-9pp8K3Erw1EOdrNDZP3I6pH8QUYb0hixghXK31eCEcomAG9YejBWKF_HySKYKFi-EtmFlatjK9UiFItuBIsFtnq9vvMc3tyaA6z87MrJ9UasQceCiCRQ6y1klaGvvqWn3Qt6h1JTCk=s0-d-e1-ft#https:\/\/flashissue.s3.us-east-1.amazonaws.com\/3mtnStHdTQGBGVeOgFCq_Y2FsZW5kYXJpbw==.jpg\" \/><\/p><h3><span style=\"color: #0b5394;\"><strong>Calendario Anual de Concursos disponibles<\/strong><\/span><\/h3><p><a href=\"https:\/\/vrip.ubiobio.cl\/inicio\/calendario-de-concursos\/\" target=\"_blank\" rel=\"noopener\" data-saferedirecturl=\"https:\/\/www.google.com\/url?q=https:\/\/vrip.ubiobio.cl\/inicio\/calendario-de-concursos\/&amp;source=gmail&amp;ust=1721753191397000&amp;usg=AOvVaw1dvp8E9H2654442TDDqnwx\">https:\/\/vrip.ubiobio.cl\/<wbr \/>inicio\/calendario-de-<wbr \/>concursos\/<\/a><\/p><hr \/><p><img decoding=\"async\" src=\"https:\/\/ci3.googleusercontent.com\/meips\/ADKq_NZayWW3V2fOzhMQ3tM0SV1UVcNdRlftkY9vzGXeirn2EITcwa_tTGZYvcEONBy0eREXgwop7bCaBUzqgDYNO7mXZ6E4Fgqj-dTXX5DfF0ySvHaQNW7wbDR1fO8UEmQXSGI=s0-d-e1-ft#https:\/\/flashissue.s3.us-east-1.amazonaws.com\/7TxPw2LGTiSuEd2PDQLc_Mw==.png\" \/><\/p><h3><span style=\"color: #0b5394;\"><strong>Taller \u201cMujeres visibles en la Wiki<\/strong><\/span><\/h3><p>El objetivo de esta iniciativa es capacitar a las acad\u00e9micas de la UBB en el uso eficiente de las herramientas te\u00f3ricas y pr\u00e1cticas necesarias para la redacci\u00f3n, edici\u00f3n y estructuraci\u00f3n de biograf\u00edas en Wikipedia, adhiri\u00e9ndose a sus est\u00e1ndares. Se pone especial atenci\u00f3n en destacar los logros y contribuciones de las mujeres en la esfera acad\u00e9mica. Asimismo, se extiende invitaci\u00f3n a estudiantes de postgrado quienes quieran aprender la edici\u00f3n de material diverso en Wikipedia. Este aprendizaje se llevar\u00e1 a cabo dentro de un entorno colaborativo y de apoyo mutuo, dise\u00f1ado para fomentar la conexi\u00f3n y reconocimiento del trabajo de otras mujeres.<\/p><p><em>Correo de contacto:<\/em><a href=\"http:\/\/wikipediaubb@ubiobio.cl\/\" target=\"_blank\" rel=\"noopener\" data-saferedirecturl=\"https:\/\/www.google.com\/url?q=http:\/\/wikipediaubb@ubiobio.cl\/&amp;source=gmail&amp;ust=1721753191398000&amp;usg=AOvVaw15Qh-8Mby176cZzUBtIIkN\"><em>\u00a0<\/em>wikipediaubb@<wbr \/>ubiobio.cl<\/a><\/p><hr \/><p><img decoding=\"async\" src=\"https:\/\/ci3.googleusercontent.com\/meips\/ADKq_NaSKhWKASZUqpEZi3vmVmZDViMXg3e7oaK6obzsTYu2py0r_NvzBxBAfFbLKS8rzSRNyuPqcNeX7OEm4a4gHeyHezYpyJx6XeCbRV_0s-tH9p4Pkhkq8lwiTxZqIQToQ67Syq-sM8qUUw=s0-d-e1-ft#https:\/\/flashissue.s3.us-east-1.amazonaws.com\/nyAY8sWDTkmuGWIVDiOe_dW5uYW1lZA==.jpg\" \/><\/p><h3><span style=\"color: #0b5394;\"><strong>Conoce nuestro Portafolio EBCT OTL-UBB<\/strong><\/span><\/h3><p>La Vicerrector\u00eda de Investigaci\u00f3n y Postgrado de la Universidad del B\u00edo-B\u00edo, por medio de la Oficina de Transferencia y Licenciamiento y la Unidad de Emprendimiento, han dise\u00f1ado el portafolio de empresas de base cient\u00edfico tecnol\u00f3gicas, con la finalidad de destacar a las empresas creadas al alero del desarrollo de la ciencia y tecnolog\u00eda de la Universidad, y que han tomado el camino del emprendimiento.<\/p><p><em>Ver m\u00e1s<\/em>:\u00a0<a href=\"https:\/\/vrip.ubiobio.cl\/wp-content\/uploads\/2024\/03\/OTL_Portafolio-EBCT_baja.pdf\" target=\"_blank\" rel=\"noopener\" data-saferedirecturl=\"https:\/\/www.google.com\/url?q=https:\/\/vrip.ubiobio.cl\/wp-content\/uploads\/2024\/03\/OTL_Portafolio-EBCT_baja.pdf&amp;source=gmail&amp;ust=1718131090002000&amp;usg=AOvVaw0j14v9G0AWeCA55UibxV38\">https:\/\/vrip.ubiobio.cl\/<wbr \/>wp-content\/uploads\/2024\/03\/<wbr \/>OTL_Portafolio-EBCT_baja.pdf<\/a><\/p><hr \/><p><img decoding=\"async\" src=\"https:\/\/ci3.googleusercontent.com\/meips\/ADKq_NbjGU4VYNgX4pZzNtSDbWqrGiIuv4GxKS1vTVvfRcWb8qdE3g0jM4v3ciT-mYurKJtsXt-_v_dYhgNxIHaKPH3mByx8wBdJpbzgymNLI7mT9JSe6fCu87NB-aK_5Q82RvBYqU4rtoocfM1JrYhWWwRLv6fUOFIvRFovZRE-eIyaTPTScb-zpIdt=s0-d-e1-ft#https:\/\/flashissue.s3.us-east-1.amazonaws.com\/8ZFeNA80SZmjlpvkYt1X_VlJJUF9JbmZvcm1hdGl2b19CYW5uZXJfUG9zdGdyYWRv.jpg\" \/><\/p><h3><span style=\"color: #0b5394;\"><strong>Programas de Postgrados UBB disponibles<\/strong><\/span><\/h3><p><em>M\u00e1s info:<\/em>\u00a0<a href=\"http:\/\/postgrados.ubiobio.cl\/\" target=\"_blank\" rel=\"noopener\" data-saferedirecturl=\"https:\/\/www.google.com\/url?q=http:\/\/postgrados.ubiobio.cl\/&amp;source=gmail&amp;ust=1718131090002000&amp;usg=AOvVaw3KVEg-FP9aCWkixZnAQrAJ\">http:\/\/postgrados.<wbr \/>ubiobio.cl\/<\/a><\/p>\t\t\t\t\t\t\t\t<\/div>\n\t\t\t\t<\/div>\n\t\t\t\t\t<\/div>\n\t\t<\/div>\n\t\t\t\t<div class=\"elementor-column elementor-col-33 elementor-top-column elementor-element elementor-element-a3b0a58\" data-id=\"a3b0a58\" data-element_type=\"column\" data-e-type=\"column\">\n\t\t\t<div class=\"elementor-widget-wrap\">\n\t\t\t\t\t\t\t<\/div>\n\t\t<\/div>\n\t\t\t\t\t<\/div>\n\t\t<\/section>\n\t\t\t\t<section class=\"elementor-section elementor-top-section elementor-element elementor-element-c83be4e elementor-section-boxed elementor-section-height-default elementor-section-height-default\" data-id=\"c83be4e\" data-element_type=\"section\" data-e-type=\"section\" data-settings=\"{&quot;_ha_eqh_enable&quot;:false}\">\n\t\t\t\t\t\t<div class=\"elementor-container elementor-column-gap-default\">\n\t\t\t\t\t<div class=\"elementor-column elementor-col-33 elementor-top-column elementor-element elementor-element-1aa478f\" data-id=\"1aa478f\" data-element_type=\"column\" data-e-type=\"column\">\n\t\t\t<div class=\"elementor-widget-wrap\">\n\t\t\t\t\t\t\t<\/div>\n\t\t<\/div>\n\t\t\t\t<div class=\"elementor-column elementor-col-33 elementor-top-column elementor-element elementor-element-19aeab9\" data-id=\"19aeab9\" data-element_type=\"column\" data-e-type=\"column\">\n\t\t\t<div class=\"elementor-widget-wrap\">\n\t\t\t\t\t\t\t<\/div>\n\t\t<\/div>\n\t\t\t\t<div class=\"elementor-column elementor-col-33 elementor-top-column elementor-element elementor-element-eba9dfd\" data-id=\"eba9dfd\" data-element_type=\"column\" data-e-type=\"column\">\n\t\t\t<div class=\"elementor-widget-wrap\">\n\t\t\t\t\t\t\t<\/div>\n\t\t<\/div>\n\t\t\t\t\t<\/div>\n\t\t<\/section>\n\t\t\t\t<section class=\"elementor-section elementor-top-section elementor-element elementor-element-5e68b69 elementor-section-boxed elementor-section-height-default elementor-section-height-default\" data-id=\"5e68b69\" data-element_type=\"section\" data-e-type=\"section\" data-settings=\"{&quot;_ha_eqh_enable&quot;:false}\">\n\t\t\t\t\t\t<div class=\"elementor-container elementor-column-gap-default\">\n\t\t\t\t\t<div class=\"elementor-column elementor-col-33 elementor-top-column elementor-element elementor-element-feb73eb\" data-id=\"feb73eb\" data-element_type=\"column\" data-e-type=\"column\">\n\t\t\t<div class=\"elementor-widget-wrap\">\n\t\t\t\t\t\t\t<\/div>\n\t\t<\/div>\n\t\t\t\t<div class=\"elementor-column elementor-col-33 elementor-top-column elementor-element elementor-element-bc91de3\" data-id=\"bc91de3\" data-element_type=\"column\" data-e-type=\"column\">\n\t\t\t<div class=\"elementor-widget-wrap elementor-element-populated\">\n\t\t\t\t\t\t<div class=\"elementor-element elementor-element-9f1f03a elementor-widget elementor-widget-text-editor\" data-id=\"9f1f03a\" data-element_type=\"widget\" data-e-type=\"widget\" data-widget_type=\"text-editor.default\">\n\t\t\t\t<div class=\"elementor-widget-container\">\n\t\t\t\t\t\t\t\t\t<table align=\"center\">\n<tbody>\n<tr>\n<td id=\"m_8467858756250299110m_4658873428329236187m_-7901358079350462190gmail-twitter-social-link\"><a href=\"https:\/\/www.twitter.com\/FlashIssue\" target=\"_blank\" rel=\"noopener\" data-saferedirecturl=\"https:\/\/www.google.com\/url?q=https:\/\/www.twitter.com\/FlashIssue&amp;source=gmail&amp;ust=1701886559522000&amp;usg=AOvVaw2YqocBqApBMfCECsazrFYp\"><img decoding=\"async\" class=\"CToWUd alignright\" src=\"https:\/\/ci3.googleusercontent.com\/meips\/ADKq_NZE482hZCyf5-eH5kdodW-i7ynf_Uc3o7Y2qVhkxeaBCGxbbRl4hZDL1bqALThwDN-AV5RNZ6NOZSIkeTJldTdvlbzE_6G1poLwYf9t-LR4fd0q_WAWHZ0f4oGdccihLUnmu9qg=s0-d-e1-ft#https:\/\/app.flashissue.com\/images\/social-icons\/round\/twitter\/grey\/twitter48.png\" data-bit=\"iit\" \/><\/a><\/td>\n<td><\/td>\n<td id=\"m_8467858756250299110m_4658873428329236187m_-7901358079350462190gmail-youtube-social-link\"><a href=\"https:\/\/www.youtube.com\/channel\/UCf7o8yHRJ7Y_QQLxwu1KQgA\" target=\"_blank\" rel=\"noopener\" data-saferedirecturl=\"https:\/\/www.google.com\/url?q=https:\/\/www.youtube.com\/channel\/UCf7o8yHRJ7Y_QQLxwu1KQgA&amp;source=gmail&amp;ust=1701886559523000&amp;usg=AOvVaw0jM7z9DMsgsZI5rYjuzYkv\"><img decoding=\"async\" class=\"CToWUd aligncenter\" src=\"https:\/\/ci3.googleusercontent.com\/meips\/ADKq_NZcx2sA8E3XSq35qpW98I3eb4zPATi0zr1ga9xoEv8HiKSPkRr0My77uw7jNpJiWcrZ-gHmEI2j5re0zjRI8wDsIoJbNevCaWCGyGWLOqc5TP4GPbVwQ1Wro4I6X8LmS5lWPhVl=s0-d-e1-ft#https:\/\/app.flashissue.com\/images\/social-icons\/round\/youtube\/grey\/youtube48.png\" data-bit=\"iit\" \/><\/a><\/td>\n<td><\/td>\n<td id=\"m_8467858756250299110m_4658873428329236187m_-7901358079350462190gmail-instagram-social-link\"><a href=\"https:\/\/www.instagram.com\/vrip_ubb\" target=\"_blank\" rel=\"noopener\" data-saferedirecturl=\"https:\/\/www.google.com\/url?q=https:\/\/www.instagram.com\/vrip_ubb&amp;source=gmail&amp;ust=1701886559523000&amp;usg=AOvVaw2F_KM9oE9lwudPrAZbmCZ0\"><img decoding=\"async\" class=\"CToWUd alignleft\" src=\"https:\/\/ci3.googleusercontent.com\/meips\/ADKq_Nan2m-yF-ZY-b4YK_6CQuSq5MrrQfz9h9uFQOtT_j31UVGd75i-QlY9VCEerAvzU-ywj-3R7trnB7YFhU35_iVsR89He9CXg0XLPQaj0mpctOF8T6RDYYJ9UnbXddwozdfwLo1cnkcc6w=s0-d-e1-ft#https:\/\/app.flashissue.com\/images\/social-icons\/round\/instagram\/grey\/instagram48.png\" data-bit=\"iit\" \/><\/a><\/td>\n<\/tr>\n<\/tbody>\n<\/table>\n<img decoding=\"async\" src=\"https:\/\/ci3.googleusercontent.com\/meips\/ADKq_NaKF-fgJsXFZ_zJQCoYDINB85tkqa3SLNYNXVr7RF7gDTX_gjHBOVPgLRoCVB2ytEuC_QCYcCQEc5o2wednfOInTFO7_6imvAkKPRLqrTdOeW5RmZiOXhLYOU8Z2BXsga_Y5XO26R9TXxqOPl4=s0-d-e1-ft#https:\/\/flashissue.s3.us-east-1.amazonaws.com\/xVesVrgXREOs3TCWMlFA_dXAtZG93bi0wMg==.jpg\" \/>\n<p style=\"text-align: center;\">Vicerrector\u00eda de Investigaci\u00f3n y Postgrado &#8211; Universidad del B\u00edo-B\u00edo<\/p>\n<p style=\"text-align: center;\">Todos los derechos reservados, Av. Collao 1202, Concepci\u00f3n \/ Av. Andr\u00e9s Bello s\/n, Chill\u00e1n<\/p>\n<p style=\"text-align: center;\">Comentarios a:\u00a0<strong><a href=\"mailto:vripcomunicaciones@ubiobio.cl?subject=Comentario%20newsletter\" target=\"_blank\" rel=\"noopener\">vripcomunicaciones@ubiobio.<wbr \/>cl<\/a><\/strong><\/p>\t\t\t\t\t\t\t\t<\/div>\n\t\t\t\t<\/div>\n\t\t\t\t\t<\/div>\n\t\t<\/div>\n\t\t\t\t<div class=\"elementor-column elementor-col-33 elementor-top-column elementor-element elementor-element-c421ef0\" data-id=\"c421ef0\" data-element_type=\"column\" data-e-type=\"column\">\n\t\t\t<div class=\"elementor-widget-wrap\">\n\t\t\t\t\t\t\t<\/div>\n\t\t<\/div>\n\t\t\t\t\t<\/div>\n\t\t<\/section>\n\t\t\t\t<section class=\"elementor-section elementor-top-section elementor-element elementor-element-38f252df elementor-section-boxed elementor-section-height-default elementor-section-height-default\" data-id=\"38f252df\" data-element_type=\"section\" data-e-type=\"section\" data-settings=\"{&quot;_ha_eqh_enable&quot;:false}\">\n\t\t\t\t\t\t<div class=\"elementor-container elementor-column-gap-default\">\n\t\t\t\t\t\t<\/div>\n\t\t<\/section>\n\t\t\t\t<section class=\"elementor-section elementor-top-section elementor-element elementor-element-c05f85d elementor-section-boxed elementor-section-height-default elementor-section-height-default\" data-id=\"c05f85d\" data-element_type=\"section\" data-e-type=\"section\" data-settings=\"{&quot;_ha_eqh_enable&quot;:false}\">\n\t\t\t\t\t\t<div class=\"elementor-container elementor-column-gap-default\">\n\t\t\t\t\t<div class=\"elementor-column elementor-col-100 elementor-top-column elementor-element elementor-element-c588dc1\" data-id=\"c588dc1\" data-element_type=\"column\" data-e-type=\"column\">\n\t\t\t<div class=\"elementor-widget-wrap elementor-element-populated\">\n\t\t\t\t\t\t<div class=\"elementor-element elementor-element-4a24d89 elementor-widget elementor-widget-spacer\" data-id=\"4a24d89\" data-element_type=\"widget\" data-e-type=\"widget\" data-widget_type=\"spacer.default\">\n\t\t\t\t<div class=\"elementor-widget-container\">\n\t\t\t\t\t\t\t<div class=\"elementor-spacer\">\n\t\t\t<div class=\"elementor-spacer-inner\"><\/div>\n\t\t<\/div>\n\t\t\t\t\t\t<\/div>\n\t\t\t\t<\/div>\n\t\t\t\t\t<\/div>\n\t\t<\/div>\n\t\t\t\t\t<\/div>\n\t\t<\/section>\n\t\t\t\t<\/div>\n\t\t","protected":false},"excerpt":{"rendered":"<p>Edici\u00f3n 22 Julio 2024 II Encuentro RED Acad\u00e9micas Investigadoras UBB El objetivo de esta actividad es facilitar un espacio colaborativo donde las investigadoras y acad\u00e9micas de la Universidad del B\u00edo-B\u00edo (UBB) puedan trabajar juntas para definir y establecer la gobernanza de la red de investigadoras UBB, con el fin de promover la colaboraci\u00f3n, el intercambio&#8230;<\/p>\n","protected":false},"author":1,"featured_media":0,"parent":41711,"menu_order":0,"comment_status":"closed","ping_status":"closed","template":"","meta":{"_kadence_starter_templates_imported_post":false,"_kad_post_transparent":"default","_kad_post_title":"hide","_kad_post_layout":"fullwidth","_kad_post_sidebar_id":"","_kad_post_content_style":"unboxed","_kad_post_vertical_padding":"hide","_kad_post_feature":"hide","_kad_post_feature_position":"","_kad_post_header":false,"_kad_post_footer":false,"footnotes":""},"class_list":["post-45821","page","type-page","status-publish","hentry"],"yoast_head":"<!-- This site is optimized with the Yoast SEO plugin v27.5 - https:\/\/yoast.com\/product\/yoast-seo-wordpress\/ -->\n<title>Informativo VRIP 22 Julio 2024 - VRIP<\/title>\n<meta name=\"robots\" content=\"index, follow, max-snippet:-1, max-image-preview:large, max-video-preview:-1\" \/>\n<link rel=\"canonical\" href=\"https:\/\/vrip.ubiobio.cl\/inicio\/informativos-vrip\/edicion-22-julio-2024\/\" \/>\n<meta property=\"og:locale\" content=\"es_ES\" \/>\n<meta property=\"og:type\" content=\"article\" \/>\n<meta property=\"og:title\" content=\"Informativo VRIP 22 Julio 2024 - VRIP\" \/>\n<meta property=\"og:description\" content=\"Edici\u00f3n 22 Julio 2024 II Encuentro RED Acad\u00e9micas Investigadoras UBB El objetivo de esta actividad es facilitar un espacio colaborativo donde las investigadoras y acad\u00e9micas de la Universidad del B\u00edo-B\u00edo (UBB) puedan trabajar juntas para definir y establecer la gobernanza de la red de investigadoras UBB, con el fin de promover la colaboraci\u00f3n, el intercambio...\" \/>\n<meta property=\"og:url\" content=\"https:\/\/vrip.ubiobio.cl\/inicio\/informativos-vrip\/edicion-22-julio-2024\/\" \/>\n<meta property=\"og:site_name\" content=\"VRIP\" \/>\n<meta property=\"article:modified_time\" content=\"2024-08-13T14:25:28+00:00\" \/>\n<meta property=\"og:image\" content=\"https:\/\/vrip.ubiobio.cl\/wp-content\/uploads\/2023\/11\/Informativo-VRIP-Banner.jpg\" \/>\n\t<meta property=\"og:image:width\" content=\"834\" \/>\n\t<meta property=\"og:image:height\" content=\"290\" \/>\n\t<meta property=\"og:image:type\" content=\"image\/jpeg\" \/>\n<meta name=\"twitter:card\" content=\"summary_large_image\" \/>\n<meta name=\"twitter:site\" content=\"@vripubb\" \/>\n<meta name=\"twitter:label1\" content=\"Tiempo de lectura\" \/>\n\t<meta name=\"twitter:data1\" content=\"6 minutos\" \/>\n<script type=\"application\/ld+json\" class=\"yoast-schema-graph\">{\"@context\":\"https:\\\/\\\/schema.org\",\"@graph\":[{\"@type\":\"WebPage\",\"@id\":\"https:\\\/\\\/vrip.ubiobio.cl\\\/inicio\\\/informativos-vrip\\\/edicion-22-julio-2024\\\/\",\"url\":\"https:\\\/\\\/vrip.ubiobio.cl\\\/inicio\\\/informativos-vrip\\\/edicion-22-julio-2024\\\/\",\"name\":\"Informativo VRIP 22 Julio 2024 - VRIP\",\"isPartOf\":{\"@id\":\"https:\\\/\\\/vrip.ubiobio.cl\\\/inicio\\\/#website\"},\"primaryImageOfPage\":{\"@id\":\"https:\\\/\\\/vrip.ubiobio.cl\\\/inicio\\\/informativos-vrip\\\/edicion-22-julio-2024\\\/#primaryimage\"},\"image\":{\"@id\":\"https:\\\/\\\/vrip.ubiobio.cl\\\/inicio\\\/informativos-vrip\\\/edicion-22-julio-2024\\\/#primaryimage\"},\"thumbnailUrl\":\"https:\\\/\\\/vrip.ubiobio.cl\\\/wp-content\\\/uploads\\\/2023\\\/11\\\/Informativo-VRIP-Banner.jpg\",\"datePublished\":\"2024-07-22T16:49:36+00:00\",\"dateModified\":\"2024-08-13T14:25:28+00:00\",\"breadcrumb\":{\"@id\":\"https:\\\/\\\/vrip.ubiobio.cl\\\/inicio\\\/informativos-vrip\\\/edicion-22-julio-2024\\\/#breadcrumb\"},\"inLanguage\":\"es\",\"potentialAction\":[{\"@type\":\"ReadAction\",\"target\":[\"https:\\\/\\\/vrip.ubiobio.cl\\\/inicio\\\/informativos-vrip\\\/edicion-22-julio-2024\\\/\"]}]},{\"@type\":\"ImageObject\",\"inLanguage\":\"es\",\"@id\":\"https:\\\/\\\/vrip.ubiobio.cl\\\/inicio\\\/informativos-vrip\\\/edicion-22-julio-2024\\\/#primaryimage\",\"url\":\"https:\\\/\\\/vrip.ubiobio.cl\\\/wp-content\\\/uploads\\\/2023\\\/11\\\/Informativo-VRIP-Banner.jpg\",\"contentUrl\":\"https:\\\/\\\/vrip.ubiobio.cl\\\/wp-content\\\/uploads\\\/2023\\\/11\\\/Informativo-VRIP-Banner.jpg\"},{\"@type\":\"BreadcrumbList\",\"@id\":\"https:\\\/\\\/vrip.ubiobio.cl\\\/inicio\\\/informativos-vrip\\\/edicion-22-julio-2024\\\/#breadcrumb\",\"itemListElement\":[{\"@type\":\"ListItem\",\"position\":1,\"name\":\"Portada\",\"item\":\"https:\\\/\\\/vrip.ubiobio.cl\\\/inicio\\\/\"},{\"@type\":\"ListItem\",\"position\":2,\"name\":\"Informativos VRIP\",\"item\":\"https:\\\/\\\/vrip.ubiobio.cl\\\/inicio\\\/informativos-vrip\\\/\"},{\"@type\":\"ListItem\",\"position\":3,\"name\":\"Informativo VRIP 22 Julio 2024\"}]},{\"@type\":\"WebSite\",\"@id\":\"https:\\\/\\\/vrip.ubiobio.cl\\\/inicio\\\/#website\",\"url\":\"https:\\\/\\\/vrip.ubiobio.cl\\\/inicio\\\/\",\"name\":\"VRIP\",\"description\":\"Vicerrector\u00eda de Investigaci\u00f3n y Postgrado\",\"publisher\":{\"@id\":\"https:\\\/\\\/vrip.ubiobio.cl\\\/inicio\\\/#organization\"},\"potentialAction\":[{\"@type\":\"SearchAction\",\"target\":{\"@type\":\"EntryPoint\",\"urlTemplate\":\"https:\\\/\\\/vrip.ubiobio.cl\\\/inicio\\\/?s={search_term_string}\"},\"query-input\":{\"@type\":\"PropertyValueSpecification\",\"valueRequired\":true,\"valueName\":\"search_term_string\"}}],\"inLanguage\":\"es\"},{\"@type\":\"Organization\",\"@id\":\"https:\\\/\\\/vrip.ubiobio.cl\\\/inicio\\\/#organization\",\"name\":\"VRIP\",\"url\":\"https:\\\/\\\/vrip.ubiobio.cl\\\/inicio\\\/\",\"logo\":{\"@type\":\"ImageObject\",\"inLanguage\":\"es\",\"@id\":\"https:\\\/\\\/vrip.ubiobio.cl\\\/inicio\\\/#\\\/schema\\\/logo\\\/image\\\/\",\"url\":\"https:\\\/\\\/vrip.ubiobio.cl\\\/wp-content\\\/uploads\\\/2022\\\/10\\\/logo-vrip_Mesa-de-trabajo-1.png\",\"contentUrl\":\"https:\\\/\\\/vrip.ubiobio.cl\\\/wp-content\\\/uploads\\\/2022\\\/10\\\/logo-vrip_Mesa-de-trabajo-1.png\",\"width\":642,\"height\":178,\"caption\":\"VRIP\"},\"image\":{\"@id\":\"https:\\\/\\\/vrip.ubiobio.cl\\\/inicio\\\/#\\\/schema\\\/logo\\\/image\\\/\"},\"sameAs\":[\"https:\\\/\\\/x.com\\\/vripubb\",\"https:\\\/\\\/www.instagram.com\\\/vrip_ubb\\\/\",\"https:\\\/\\\/www.youtube.com\\\/channel\\\/UCf7o8yHRJ7Y_QQLxwu1KQgA\",\"https:\\\/\\\/www.linkedin.com\\\/company\\\/96035097\\\/admin\\\/dashboard\\\/\"]}]}<\/script>\n<!-- \/ Yoast SEO plugin. -->","yoast_head_json":{"title":"Informativo VRIP 22 Julio 2024 - VRIP","robots":{"index":"index","follow":"follow","max-snippet":"max-snippet:-1","max-image-preview":"max-image-preview:large","max-video-preview":"max-video-preview:-1"},"canonical":"https:\/\/vrip.ubiobio.cl\/inicio\/informativos-vrip\/edicion-22-julio-2024\/","og_locale":"es_ES","og_type":"article","og_title":"Informativo VRIP 22 Julio 2024 - VRIP","og_description":"Edici\u00f3n 22 Julio 2024 II Encuentro RED Acad\u00e9micas Investigadoras UBB El objetivo de esta actividad es facilitar un espacio colaborativo donde las investigadoras y acad\u00e9micas de la Universidad del B\u00edo-B\u00edo (UBB) puedan trabajar juntas para definir y establecer la gobernanza de la red de investigadoras UBB, con el fin de promover la colaboraci\u00f3n, el intercambio...","og_url":"https:\/\/vrip.ubiobio.cl\/inicio\/informativos-vrip\/edicion-22-julio-2024\/","og_site_name":"VRIP","article_modified_time":"2024-08-13T14:25:28+00:00","og_image":[{"width":834,"height":290,"url":"https:\/\/vrip.ubiobio.cl\/wp-content\/uploads\/2023\/11\/Informativo-VRIP-Banner.jpg","type":"image\/jpeg"}],"twitter_card":"summary_large_image","twitter_site":"@vripubb","twitter_misc":{"Tiempo de lectura":"6 minutos"},"schema":{"@context":"https:\/\/schema.org","@graph":[{"@type":"WebPage","@id":"https:\/\/vrip.ubiobio.cl\/inicio\/informativos-vrip\/edicion-22-julio-2024\/","url":"https:\/\/vrip.ubiobio.cl\/inicio\/informativos-vrip\/edicion-22-julio-2024\/","name":"Informativo VRIP 22 Julio 2024 - VRIP","isPartOf":{"@id":"https:\/\/vrip.ubiobio.cl\/inicio\/#website"},"primaryImageOfPage":{"@id":"https:\/\/vrip.ubiobio.cl\/inicio\/informativos-vrip\/edicion-22-julio-2024\/#primaryimage"},"image":{"@id":"https:\/\/vrip.ubiobio.cl\/inicio\/informativos-vrip\/edicion-22-julio-2024\/#primaryimage"},"thumbnailUrl":"https:\/\/vrip.ubiobio.cl\/wp-content\/uploads\/2023\/11\/Informativo-VRIP-Banner.jpg","datePublished":"2024-07-22T16:49:36+00:00","dateModified":"2024-08-13T14:25:28+00:00","breadcrumb":{"@id":"https:\/\/vrip.ubiobio.cl\/inicio\/informativos-vrip\/edicion-22-julio-2024\/#breadcrumb"},"inLanguage":"es","potentialAction":[{"@type":"ReadAction","target":["https:\/\/vrip.ubiobio.cl\/inicio\/informativos-vrip\/edicion-22-julio-2024\/"]}]},{"@type":"ImageObject","inLanguage":"es","@id":"https:\/\/vrip.ubiobio.cl\/inicio\/informativos-vrip\/edicion-22-julio-2024\/#primaryimage","url":"https:\/\/vrip.ubiobio.cl\/wp-content\/uploads\/2023\/11\/Informativo-VRIP-Banner.jpg","contentUrl":"https:\/\/vrip.ubiobio.cl\/wp-content\/uploads\/2023\/11\/Informativo-VRIP-Banner.jpg"},{"@type":"BreadcrumbList","@id":"https:\/\/vrip.ubiobio.cl\/inicio\/informativos-vrip\/edicion-22-julio-2024\/#breadcrumb","itemListElement":[{"@type":"ListItem","position":1,"name":"Portada","item":"https:\/\/vrip.ubiobio.cl\/inicio\/"},{"@type":"ListItem","position":2,"name":"Informativos VRIP","item":"https:\/\/vrip.ubiobio.cl\/inicio\/informativos-vrip\/"},{"@type":"ListItem","position":3,"name":"Informativo VRIP 22 Julio 2024"}]},{"@type":"WebSite","@id":"https:\/\/vrip.ubiobio.cl\/inicio\/#website","url":"https:\/\/vrip.ubiobio.cl\/inicio\/","name":"VRIP","description":"Vicerrector\u00eda de Investigaci\u00f3n y Postgrado","publisher":{"@id":"https:\/\/vrip.ubiobio.cl\/inicio\/#organization"},"potentialAction":[{"@type":"SearchAction","target":{"@type":"EntryPoint","urlTemplate":"https:\/\/vrip.ubiobio.cl\/inicio\/?s={search_term_string}"},"query-input":{"@type":"PropertyValueSpecification","valueRequired":true,"valueName":"search_term_string"}}],"inLanguage":"es"},{"@type":"Organization","@id":"https:\/\/vrip.ubiobio.cl\/inicio\/#organization","name":"VRIP","url":"https:\/\/vrip.ubiobio.cl\/inicio\/","logo":{"@type":"ImageObject","inLanguage":"es","@id":"https:\/\/vrip.ubiobio.cl\/inicio\/#\/schema\/logo\/image\/","url":"https:\/\/vrip.ubiobio.cl\/wp-content\/uploads\/2022\/10\/logo-vrip_Mesa-de-trabajo-1.png","contentUrl":"https:\/\/vrip.ubiobio.cl\/wp-content\/uploads\/2022\/10\/logo-vrip_Mesa-de-trabajo-1.png","width":642,"height":178,"caption":"VRIP"},"image":{"@id":"https:\/\/vrip.ubiobio.cl\/inicio\/#\/schema\/logo\/image\/"},"sameAs":["https:\/\/x.com\/vripubb","https:\/\/www.instagram.com\/vrip_ubb\/","https:\/\/www.youtube.com\/channel\/UCf7o8yHRJ7Y_QQLxwu1KQgA","https:\/\/www.linkedin.com\/company\/96035097\/admin\/dashboard\/"]}]}},"_links":{"self":[{"href":"https:\/\/vrip.ubiobio.cl\/inicio\/wp-json\/wp\/v2\/pages\/45821","targetHints":{"allow":["GET"]}}],"collection":[{"href":"https:\/\/vrip.ubiobio.cl\/inicio\/wp-json\/wp\/v2\/pages"}],"about":[{"href":"https:\/\/vrip.ubiobio.cl\/inicio\/wp-json\/wp\/v2\/types\/page"}],"author":[{"embeddable":true,"href":"https:\/\/vrip.ubiobio.cl\/inicio\/wp-json\/wp\/v2\/users\/1"}],"replies":[{"embeddable":true,"href":"https:\/\/vrip.ubiobio.cl\/inicio\/wp-json\/wp\/v2\/comments?post=45821"}],"version-history":[{"count":14,"href":"https:\/\/vrip.ubiobio.cl\/inicio\/wp-json\/wp\/v2\/pages\/45821\/revisions"}],"predecessor-version":[{"id":46244,"href":"https:\/\/vrip.ubiobio.cl\/inicio\/wp-json\/wp\/v2\/pages\/45821\/revisions\/46244"}],"up":[{"embeddable":true,"href":"https:\/\/vrip.ubiobio.cl\/inicio\/wp-json\/wp\/v2\/pages\/41711"}],"wp:attachment":[{"href":"https:\/\/vrip.ubiobio.cl\/inicio\/wp-json\/wp\/v2\/media?parent=45821"}],"curies":[{"name":"wp","href":"https:\/\/api.w.org\/{rel}","templated":true}]}}