{"id":45142,"date":"2024-06-03T20:26:25","date_gmt":"2024-06-03T20:26:25","guid":{"rendered":"https:\/\/vrip.ubiobio.cl\/inicio\/?page_id=45142"},"modified":"2024-06-03T20:58:06","modified_gmt":"2024-06-03T20:58:06","slug":"edicion-03-junio-2024","status":"publish","type":"page","link":"https:\/\/vrip.ubiobio.cl\/inicio\/informativos-vrip\/edicion-03-junio-2024\/","title":{"rendered":"Informativo VRIP 03 Junio 2024"},"content":{"rendered":"\t\t<div data-elementor-type=\"wp-page\" data-elementor-id=\"45142\" class=\"elementor elementor-45142\" data-elementor-settings=\"{&quot;ha_cmc_init_switcher&quot;:&quot;no&quot;}\">\n\t\t\t\t\t\t<section class=\"elementor-section elementor-top-section elementor-element elementor-element-619a71f elementor-section-height-min-height elementor-section-boxed elementor-section-height-default elementor-section-items-middle\" data-id=\"619a71f\" data-element_type=\"section\" data-e-type=\"section\" data-settings=\"{&quot;background_background&quot;:&quot;classic&quot;,&quot;_ha_eqh_enable&quot;:false}\">\n\t\t\t\t\t\t<div class=\"elementor-container elementor-column-gap-default\">\n\t\t\t\t\t<div class=\"elementor-column elementor-col-100 elementor-top-column elementor-element elementor-element-49770de0 elementor-invisible\" data-id=\"49770de0\" data-element_type=\"column\" data-e-type=\"column\" data-settings=\"{&quot;animation&quot;:&quot;slideInDown&quot;}\">\n\t\t\t<div class=\"elementor-widget-wrap elementor-element-populated\">\n\t\t\t\t\t\t<div class=\"elementor-element elementor-element-5c1ba5a3 elementor-widget elementor-widget-heading\" data-id=\"5c1ba5a3\" data-element_type=\"widget\" data-e-type=\"widget\" data-widget_type=\"heading.default\">\n\t\t\t\t<div class=\"elementor-widget-container\">\n\t\t\t\t\t<h3 class=\"elementor-heading-title elementor-size-xl\">Edici\u00f3n 03 Junio 2024 (En Pauta)<\/h3>\t\t\t\t<\/div>\n\t\t\t\t<\/div>\n\t\t\t\t\t<\/div>\n\t\t<\/div>\n\t\t\t\t\t<\/div>\n\t\t<\/section>\n\t\t\t\t<section class=\"elementor-section elementor-top-section elementor-element elementor-element-a485fdf elementor-section-boxed elementor-section-height-default elementor-section-height-default\" data-id=\"a485fdf\" data-element_type=\"section\" data-e-type=\"section\" data-settings=\"{&quot;_ha_eqh_enable&quot;:false}\">\n\t\t\t\t\t\t<div class=\"elementor-container elementor-column-gap-default\">\n\t\t\t\t\t<div class=\"elementor-column elementor-col-33 elementor-top-column elementor-element elementor-element-ece34e2\" data-id=\"ece34e2\" data-element_type=\"column\" data-e-type=\"column\">\n\t\t\t<div class=\"elementor-widget-wrap\">\n\t\t\t\t\t\t\t<\/div>\n\t\t<\/div>\n\t\t\t\t<div class=\"elementor-column elementor-col-33 elementor-top-column elementor-element elementor-element-c4e8f33\" data-id=\"c4e8f33\" data-element_type=\"column\" data-e-type=\"column\">\n\t\t\t<div class=\"elementor-widget-wrap elementor-element-populated\">\n\t\t\t\t\t\t<div class=\"elementor-element elementor-element-5a90842 elementor-widget elementor-widget-image\" data-id=\"5a90842\" data-element_type=\"widget\" data-e-type=\"widget\" data-widget_type=\"image.default\">\n\t\t\t\t<div class=\"elementor-widget-container\">\n\t\t\t\t\t\t\t\t\t\t\t\t\t\t\t<img fetchpriority=\"high\" decoding=\"async\" width=\"1000\" height=\"348\" src=\"https:\/\/vrip.ubiobio.cl\/wp-content\/uploads\/2024\/06\/EnPauta-Informativo-VRIP.jpg\" class=\"attachment-large size-large wp-image-45144\" alt=\"\" srcset=\"https:\/\/vrip.ubiobio.cl\/wp-content\/uploads\/2024\/06\/EnPauta-Informativo-VRIP.jpg 1000w, https:\/\/vrip.ubiobio.cl\/wp-content\/uploads\/2024\/06\/EnPauta-Informativo-VRIP-380x132.jpg 380w, https:\/\/vrip.ubiobio.cl\/wp-content\/uploads\/2024\/06\/EnPauta-Informativo-VRIP-768x267.jpg 768w\" sizes=\"(max-width: 1000px) 100vw, 1000px\" \/>\t\t\t\t\t\t\t\t\t\t\t\t\t\t\t<\/div>\n\t\t\t\t<\/div>\n\t\t\t\t\t<\/div>\n\t\t<\/div>\n\t\t\t\t<div class=\"elementor-column elementor-col-33 elementor-top-column elementor-element elementor-element-1f18c8e\" data-id=\"1f18c8e\" data-element_type=\"column\" data-e-type=\"column\">\n\t\t\t<div class=\"elementor-widget-wrap\">\n\t\t\t\t\t\t\t<\/div>\n\t\t<\/div>\n\t\t\t\t\t<\/div>\n\t\t<\/section>\n\t\t\t\t<section class=\"elementor-section elementor-top-section elementor-element elementor-element-3970b6e elementor-section-boxed elementor-section-height-default elementor-section-height-default\" data-id=\"3970b6e\" data-element_type=\"section\" data-e-type=\"section\" data-settings=\"{&quot;_ha_eqh_enable&quot;:false}\">\n\t\t\t\t\t\t<div class=\"elementor-container elementor-column-gap-default\">\n\t\t\t\t\t<div class=\"elementor-column elementor-col-33 elementor-top-column elementor-element elementor-element-26c2a57\" data-id=\"26c2a57\" data-element_type=\"column\" data-e-type=\"column\">\n\t\t\t<div class=\"elementor-widget-wrap\">\n\t\t\t\t\t\t\t<\/div>\n\t\t<\/div>\n\t\t\t\t<div class=\"elementor-column elementor-col-33 elementor-top-column elementor-element elementor-element-279be1bf\" data-id=\"279be1bf\" data-element_type=\"column\" data-e-type=\"column\">\n\t\t\t<div class=\"elementor-widget-wrap elementor-element-populated\">\n\t\t\t\t\t\t<div class=\"elementor-element elementor-element-cb53f68 elementor-widget elementor-widget-text-editor\" data-id=\"cb53f68\" data-element_type=\"widget\" data-e-type=\"widget\" data-widget_type=\"text-editor.default\">\n\t\t\t\t<div class=\"elementor-widget-container\">\n\t\t\t\t\t\t\t\t\t<p><img decoding=\"async\" src=\"https:\/\/ci3.googleusercontent.com\/meips\/ADKq_NZwUHsDY_ZNzjBhZzq7erYexLSFfgSnAioPvyLnuKzxL__wtgb_jzORfrgM63dChLdCqkR6MdB8hVt0SWVMwP9n9eC22w7MwvGHeNdlihimqSaH788ryZfgZC7ccWZZh6yGIt7jyRl2wgDOYRHXIt58=s0-d-e1-ft#https:\/\/flashissue.s3.us-east-1.amazonaws.com\/D3iOFXE3QeWH23mHaEkk_VlJJUF9pbmZfZm90bw==.png\" \/><\/p><h3><span style=\"color: #0b5394;\"><strong>En el Centro de Innovaci\u00f3n UBB se realiz\u00f3 el Segundo Encuentro YLAI Innovation Summit 2024<\/strong><\/span><\/h3><p>Autoridades UBB encabezadas por el rector Benito Uma\u00f1a, Vicerrectora VRIP, Dra. Ang\u00e9lica Caro y el director de Innovaci\u00f3n Dr. Mario N\u00fa\u00f1ez, inauguraron el Segundo Encuentro YLAI Innovation Summit 2024 en el Centro de Innovaci\u00f3n UBB. El objetivo de la actividad fue reunir a ex- becados del programa Young Leaders of the Americas Iniciative, con emprendedores y actores relevantes del \u00e1mbito de la innovaci\u00f3n y el conocimiento.<\/p><p><em>Ver m\u00e1s<\/em>:\u00a0<a href=\"https:\/\/vrip.ubiobio.cl\/inicio\/noticias\/en-el-centro-de-innovacion-ubb-se-realizo-el-segundo-encuentro-ylai-innovation-summit-2024\" target=\"_blank\" rel=\"noopener\" data-saferedirecturl=\"https:\/\/www.google.com\/url?q=https:\/\/vrip.ubiobio.cl\/inicio\/noticias\/en-el-centro-de-innovacion-ubb-se-realizo-el-segundo-encuentro-ylai-innovation-summit-2024&amp;source=gmail&amp;ust=1717532379867000&amp;usg=AOvVaw3ppOEkqRJnLHUzG57-0aaZ\">https:\/\/vrip.ubiobio.cl\/<wbr \/>inicio\/noticias\/en-el-centro-<wbr \/>de-innovacion-ubb-se-realizo-<wbr \/>el-segundo-encuentro-ylai-<wbr \/>innovation-summit-2024<\/a><\/p><hr \/><p><img decoding=\"async\" src=\"https:\/\/ci3.googleusercontent.com\/meips\/ADKq_NbHRXC8vo2CO9GTalofUCy_NUo-OW-gV6uWbNDxJaN9uSpnARLwMRd-rj1TH78wZ0JCch_oxvMxtF5WNCWcd6H9PcsgmMXZb6ILI47W_Lnqe5od0bBIRq7_4FpY09NOtqc=s0-d-e1-ft#https:\/\/flashissue.s3.us-east-1.amazonaws.com\/2x9t5S5bRTyJHUm1ezIt_MQ==.png\" \/><\/p><h3><span style=\"color: #0b5394;\"><strong>Delegaci\u00f3n asociada al Programa PDT Construye \u00d1uble conocen equipamiento tecnol\u00f3gico UBB<\/strong><\/span><\/h3><p>La delegaci\u00f3n visit\u00f3, este martes 28 de mayo, el Campus Concepci\u00f3n de la Universidad del B\u00edo-B\u00edo, para conocer diversos Centros y Laboratorios tecnol\u00f3gicos, en el marco del Programa de Difusi\u00f3n Tecnol\u00f3gica (PDT)\u00a0Construye \u00d1uble 4.0,<strong>\u00a0<\/strong>impulsado por CTEC,\u00a0la CChC de \u00d1uble y la UBB.<\/p><p><em>Ver m\u00e1s<\/em>:\u00a0<a href=\"https:\/\/vrip.ubiobio.cl\/inicio\/noticias\/delegacion-asociada-al-programa-pdt-construye-nuble-conocen-equipamiento-tecnologico-ubb\/\" target=\"_blank\" rel=\"noopener\" data-saferedirecturl=\"https:\/\/www.google.com\/url?q=https:\/\/vrip.ubiobio.cl\/inicio\/noticias\/delegacion-asociada-al-programa-pdt-construye-nuble-conocen-equipamiento-tecnologico-ubb\/&amp;source=gmail&amp;ust=1717532379867000&amp;usg=AOvVaw3ap86BrSuKH28WgqQO73I6\">https:\/\/vrip.ubiobio.cl\/<wbr \/>inicio\/noticias\/delegacion-<wbr \/>asociada-al-programa-pdt-<wbr \/>construye-nuble-conocen-<wbr \/>equipamiento-tecnologico-ubb\/<\/a><\/p><hr \/><p><img decoding=\"async\" src=\"https:\/\/ci3.googleusercontent.com\/meips\/ADKq_NYLyEFnihHxC6SKlwfjlmTBliSIn24OoO-I6jLWZEfb3CFYG9dwBxQ6iJ3pywyE7rjXJ0qdzVsUxdF0nb8l_WTKwc-95YXbquLHBpj5loe3qrxVZyO4Q4rRpO7g3sHKbpmrxuwXEhpGysjHGIDOXt32=s0-d-e1-ft#https:\/\/flashissue.s3.us-east-1.amazonaws.com\/KAQpL3tTfW6zyj20pinP_VlJJUF9pbmZfZm90bzE=.png\" \/><\/p><h3><span style=\"color: #0b5394;\"><strong>Directores\/as de Programas de Postgrado UBB se informan de nuevos procedimientos institucionales\u00a0<\/strong><\/span><\/h3><p>La Direcci\u00f3n de Postgrado UBB convoc\u00f3 a los directores y directoras de los Programas de Mag\u00edster y Doctorado de Concepci\u00f3n y Chill\u00e1n, este martes 28 y jueves 30 de mayo a reuni\u00f3n para informar de nuevos procedimientos de dos unidades institucionales: Aseguramiento de la Calidad y de la Direcci\u00f3n de G\u00e9nero.<\/p><p><em>Ver m\u00e1s<\/em>:\u00a0<a href=\"https:\/\/vrip.ubiobio.cl\/inicio\/noticias\/directores-as-de-programas-de-postgrado-ubb-se-informan-de-nuevos-procedimientos-institucionales\/\" target=\"_blank\" rel=\"noopener\" data-saferedirecturl=\"https:\/\/www.google.com\/url?q=https:\/\/vrip.ubiobio.cl\/inicio\/noticias\/directores-as-de-programas-de-postgrado-ubb-se-informan-de-nuevos-procedimientos-institucionales\/&amp;source=gmail&amp;ust=1717532379867000&amp;usg=AOvVaw2hOPw0PHbNnDlOoFUe-7bl\">https:\/\/vrip.ubiobio.cl\/<wbr \/>inicio\/noticias\/directores-as-<wbr \/>de-programas-de-postgrado-ubb-<wbr \/>se-informan-de-nuevos-<wbr \/>procedimientos-<wbr \/>institucionales\/<\/a><\/p><hr \/><p><img decoding=\"async\" src=\"https:\/\/ci3.googleusercontent.com\/meips\/ADKq_NZYvuBYqUiKmrA1vCFLqxDxwpU61SwZg-NCIaHDBqnHzi-wZTq0q9z6PF7T_YBGbT6SjMPpdwoE5noY4w5khtkAVjLPlRU234Frse55kTmUvxkDEFfM80zxiKUHRbnTRLI=s0-d-e1-ft#https:\/\/flashissue.s3.us-east-1.amazonaws.com\/1orwLHERSGQnBGHTs2D9_Mg==.png\" \/><\/p><h3><span style=\"color: #0b5394;\"><strong>Brinco, informaci\u00f3n digital que facilita oportunamente el control sanitario de las mascotas<\/strong><\/span><\/h3><p>Una nueva aplicaci\u00f3n para mascota denominada Brinco viene a facilitar una adecuada conexi\u00f3n entre el veterinario y el responsable de las mascotas, entregando informaci\u00f3n oportuna sobre visita, vacunas y control m\u00e9dico. Una iniciativa apoyada por la Unidad de Emprendimiento de la Universidad del B\u00edo-B\u00edo.<\/p><p><em>Ver m\u00e1s<\/em>:\u00a0<a href=\"https:\/\/vrip.ubiobio.cl\/inicio\/noticias\/brinco-informacion-digital-que-facilita-oportunamente-el-control-sanitario-de-las-mascotas\" target=\"_blank\" rel=\"noopener\" data-saferedirecturl=\"https:\/\/www.google.com\/url?q=https:\/\/vrip.ubiobio.cl\/inicio\/noticias\/brinco-informacion-digital-que-facilita-oportunamente-el-control-sanitario-de-las-mascotas&amp;source=gmail&amp;ust=1717532379867000&amp;usg=AOvVaw2FPPvjsSX6lsaHyMhxJK7g\">https:\/\/vrip.ubiobio.cl\/<wbr \/>inicio\/noticias\/brinco-<wbr \/>informacion-digital-que-<wbr \/>facilita-oportunamente-el-<wbr \/>control-sanitario-de-las-<wbr \/>mascotas<\/a><\/p><hr \/><p><img decoding=\"async\" src=\"https:\/\/ci3.googleusercontent.com\/meips\/ADKq_Nacc3FsGkq0WOQchcUPYwxO4K1auCZxpXfnTF5aYbSF9xvZCIcRrdFzuqI_MEuZ84QLW5M0rvyma-tl5vy2GrQhAm_QFaexLwTPGi9w8IX3DSO5RSN-8dP7qhSalagl-hE=s0-d-e1-ft#https:\/\/flashissue.s3.us-east-1.amazonaws.com\/RDas8ddTdqb5VSKpqgaA_Mw==.png\" \/><\/p><h3><span style=\"color: #0b5394;\"><strong>Trilog\u00eda Folk Horror: Noche de Terror y Magia en el Centro Cultural El Hormiguero<\/strong><\/span><\/h3><p>Acad\u00e9micos del Departamento de Artes y Letras presentan la trilog\u00eda de cortos \u201cFolk Horror\u201d, en el marco de una residencia de investigaci\u00f3n art\u00edstica en el Centro Cultural el Hormiguero de la Ciudad de M\u00e9xico, CDMX.<\/p><p><em>Ver m\u00e1s<\/em>:\u00a0<a href=\"https:\/\/vrip.ubiobio.cl\/inicio\/noticias\/trilogia-folk-horror-noche-de-terror-y-magia-en-el-centro-cultural-el-hormiguero\" target=\"_blank\" rel=\"noopener\" data-saferedirecturl=\"https:\/\/www.google.com\/url?q=https:\/\/vrip.ubiobio.cl\/inicio\/noticias\/trilogia-folk-horror-noche-de-terror-y-magia-en-el-centro-cultural-el-hormiguero&amp;source=gmail&amp;ust=1717532379867000&amp;usg=AOvVaw22HAgaFfpPC_5Q9Xg9jyc3\">https:\/\/vrip.ubiobio.cl\/<wbr \/>inicio\/noticias\/trilogia-folk-<wbr \/>horror-noche-de-terror-y-<wbr \/>magia-en-el-centro-cultural-<wbr \/>el-hormiguero<\/a><\/p><hr \/><p><img decoding=\"async\" src=\"https:\/\/ci3.googleusercontent.com\/meips\/ADKq_NarthZgekAPdOnsQjmK0KqBX_Q-giVZRdkwjsIsx3Ki-NwOLrNsfCuoSh5KHzGGw0uU8C3tgZdypKxxVjaVtT9kNIIJxM6ZCFUP7XPRB5NnvPPsUUOrIZ5S2wfnwztQSYg=s0-d-e1-ft#https:\/\/flashissue.s3.us-east-1.amazonaws.com\/Ov9b9zKXSP6w1DBRiUOP_NA==.png\" \/><\/p><h3><span style=\"color: #0b5394;\"><strong>Subdirecci\u00f3n de Innovaci\u00f3n UBB visita instalaciones del Centro de Negocios de Sercotec Chill\u00e1n<\/strong><\/span><\/h3><p>El subdirector de Innovaci\u00f3n Dr. Guillermo Petzold junto a Ingeniero de proyectos Francisco Arteaga, visitaron las nuevas instalaciones del Centro de Negocios de Sercotec Chill\u00e1n, donde fueron recibidos por el<strong>\u00a0<\/strong>coordinador del Centro, Paulo Rovedy Ferrada, quien agradeci\u00f3 la presencia UBB y ratific\u00f3 espacios como estos para fortalecer lazos de cooperaci\u00f3n.<\/p><p><em>Ver m\u00e1s<\/em>:\u00a0<a href=\"https:\/\/vrip.ubiobio.cl\/inicio\/noticias\/subdireccion-de-innovacion-ubb-visita-instalaciones-del-centro-de-negocios-de-sercotec-chillan\" target=\"_blank\" rel=\"noopener\" data-saferedirecturl=\"https:\/\/www.google.com\/url?q=https:\/\/vrip.ubiobio.cl\/inicio\/noticias\/subdireccion-de-innovacion-ubb-visita-instalaciones-del-centro-de-negocios-de-sercotec-chillan&amp;source=gmail&amp;ust=1717532379868000&amp;usg=AOvVaw0mRN-6xRqJeJD6VUH4MnI9\">https:\/\/vrip.ubiobio.cl\/<wbr \/>inicio\/noticias\/subdireccion-<wbr \/>de-innovacion-ubb-visita-<wbr \/>instalaciones-del-centro-de-<wbr \/>negocios-de-sercotec-chillan<\/a><\/p><hr \/><p><img decoding=\"async\" src=\"https:\/\/ci3.googleusercontent.com\/meips\/ADKq_NYaindPdqu8_QotNtZHKaQ0Yxff5EUtpE_pWRu2e17pzFrsCQ8M9MPVARPenO7otqYbjnXcwv8LzQJayRZrGoP3GhZ_KJ3_GwsQIvnPqpu57rVeqSP6s4QZ-tiEn952NJU=s0-d-e1-ft#https:\/\/flashissue.s3.us-east-1.amazonaws.com\/3vz1utQYmBLaKQVm3Cgd_NQ==.png\" \/><\/p><h3><span style=\"color: #0b5394;\"><strong>Fundaci\u00f3n Gesti\u00f3n de Transferencia Tecnol\u00f3gica (GTT) de \u00d1uble visita la UBB<\/strong><\/span><\/h3><p>Representantes de la Fundaci\u00f3n de Gesti\u00f3n de Transferencia Tecnol\u00f3gica (GTT) y director del Colegio Agr\u00edcola de Cato de \u00d1uble visitaron las instalaciones de la Universidad del B\u00edo-B\u00edo para conocer centros y laboratorios ligadas al \u00e1rea de alimentos, y de las \u00e1reas de ingenier\u00eda, qu\u00edmica, construcci\u00f3n y otros.<\/p><p><em>Ver m\u00e1s<\/em>:\u00a0<a href=\"https:\/\/vrip.ubiobio.cl\/inicio\/noticias\/fundacion-gestion-de-transferencia-tecnologica-gtt-de-nuble-visita-la-ubb\" target=\"_blank\" rel=\"noopener\" data-saferedirecturl=\"https:\/\/www.google.com\/url?q=https:\/\/vrip.ubiobio.cl\/inicio\/noticias\/fundacion-gestion-de-transferencia-tecnologica-gtt-de-nuble-visita-la-ubb&amp;source=gmail&amp;ust=1717532379868000&amp;usg=AOvVaw1EVkfoW2Hr4XOL7Sfx1via\">https:\/\/vrip.ubiobio.cl\/<wbr \/>inicio\/noticias\/fundacion-<wbr \/>gestion-de-transferencia-<wbr \/>tecnologica-gtt-de-nuble-<wbr \/>visita-la-ubb<\/a><\/p><hr \/><p><img decoding=\"async\" src=\"https:\/\/ci3.googleusercontent.com\/meips\/ADKq_NYiEhpTtUz2TSF3ZEalDT52booCnWo3f77bqP1mj0rSu0hJxG0OKJKg1zvRuf3awzPDjLEFEPvIPp1tcXKpiVsLiOEUT0y7iljS9jXi1VzkcT_SFMkCwNpfmmhBVvnsLhQ=s0-d-e1-ft#https:\/\/flashissue.s3.us-east-1.amazonaws.com\/csMC4UmYS7Sq0cit16T4_Ng==.png\" \/><\/p><h3><span style=\"color: #0b5394;\"><strong>Laboratorio de la Escuela de Dise\u00f1o Gr\u00e1fico UBB se destaca en el desarrollo de tecnolog\u00edas de realidad aumentada y virtual<\/strong><\/span><\/h3><p>En una reciente visita desde la subdirecci\u00f3n de Innovaci\u00f3n al nuevo Laboratorio de la Escuela de Dise\u00f1o Gr\u00e1fico UBB, se pudo apreciar su potencial en el desarrollo de tecnolog\u00edas de realidad aumentada y virtual; junto con ello, saber que se dispone de una gama de servicios propios de la disciplina. Una iniciativa fruto de un proyecto de innovaci\u00f3n interno.<\/p><p><em>Ver m\u00e1s<\/em>:\u00a0<a href=\"https:\/\/vrip.ubiobio.cl\/inicio\/noticias\/laboratorio-de-la-escuela-de-diseno-grafico-ubb-se-destaca-en-el-desarrollo-de-tecnologias-de-realidad-aumentada-y-virtual\" target=\"_blank\" rel=\"noopener\" data-saferedirecturl=\"https:\/\/www.google.com\/url?q=https:\/\/vrip.ubiobio.cl\/inicio\/noticias\/laboratorio-de-la-escuela-de-diseno-grafico-ubb-se-destaca-en-el-desarrollo-de-tecnologias-de-realidad-aumentada-y-virtual&amp;source=gmail&amp;ust=1717532379868000&amp;usg=AOvVaw3lmd15WNeDU2ypJBfXY2VE\">https:\/\/vrip.ubiobio.cl\/<wbr \/>inicio\/noticias\/laboratorio-<wbr \/>de-la-escuela-de-diseno-<wbr \/>grafico-ubb-se-destaca-en-el-<wbr \/>desarrollo-de-tecnologias-de-<wbr \/>realidad-aumentada-y-virtual<\/a><\/p><hr \/><p><img decoding=\"async\" src=\"https:\/\/ci3.googleusercontent.com\/meips\/ADKq_NZeQQAtu_dix05vVCEMNAdfG4iGAvnI27Skrn30GaPRhHLSpm65SBk_Wvs7W8Y-O80DtFtQ4aS9KFxEfmQCRqv139NSAi-iS_dDBsnBfy9ct0s5sGpztSM0PCAaS6rgM6E=s0-d-e1-ft#https:\/\/flashissue.s3.us-east-1.amazonaws.com\/WDZsvimOSLCvsGK7qBVO_Nw==.png\" \/><\/p><h3><span style=\"color: #0b5394;\"><strong>Actores p\u00fablico y privado de la Comuna de Pinto conocen infraestructura cient\u00edfico-tecnol\u00f3gica de la UBB<\/strong><\/span><\/h3><p>Luego de una visita por parte de los equipos de la Subdirecci\u00f3n de Innovaci\u00f3n UBB a la Comuna de Pinto, donde se reunieron con funcionarios del municipio m\u00e1s empresarios y organizaciones productivas se acord\u00f3 visitar la Universidad del B\u00edo-B\u00edo para conocer sus instalaciones e infraestructura cient\u00edfico-tecnol\u00f3gica capaz de dar respuestas a desaf\u00edos y problem\u00e1ticas propias de la comuna, cita que se desarroll\u00f3 visitando laboratorios y centros tecnol\u00f3gicos.<\/p><p><em>Ver m\u00e1s<\/em>:\u00a0<a href=\"https:\/\/vrip.ubiobio.cl\/inicio\/noticias\/actores-publico-y-privado-de-la-comuna-de-pinto-conocen-infraestructura-cientifico-tecnologica-de-la-ubb\" target=\"_blank\" rel=\"noopener\" data-saferedirecturl=\"https:\/\/www.google.com\/url?q=https:\/\/vrip.ubiobio.cl\/inicio\/noticias\/actores-publico-y-privado-de-la-comuna-de-pinto-conocen-infraestructura-cientifico-tecnologica-de-la-ubb&amp;source=gmail&amp;ust=1717532379868000&amp;usg=AOvVaw1o5oGDIOL4ZBJnHbSsuXkZ\">https:\/\/vrip.ubiobio.cl\/<wbr \/>inicio\/noticias\/actores-<wbr \/>publico-y-privado-de-la-<wbr \/>comuna-de-pinto-conocen-<wbr \/>infraestructura-cientifico-<wbr \/>tecnologica-de-la-ubb<\/a><\/p><hr \/><p><img decoding=\"async\" src=\"https:\/\/ci3.googleusercontent.com\/meips\/ADKq_NaWWW2v5-PziPMzBrjm5OLvfbU0Hv47VmSP6utGBsc9M_xq-4w4fAWZitay2556WGCE5V7svv8c4GMlknD-_P4x6P_UaSVjAkOZfFv_x68IU4FSY4pwiDuCHMNBdHV_CMc=s0-d-e1-ft#https:\/\/flashissue.s3.us-east-1.amazonaws.com\/VU0DJNkjSTYtmAkb3wY8_Mg==.png\" \/><\/p><h3><span style=\"color: #0b5394;\"><strong>UBB impulsa\u00a0cooperaci\u00f3n y trabajo colaborativo en \u00e1reas de la Ingenier\u00eda e Innovaci\u00f3n<\/strong><\/span><\/h3><p>Con el prop\u00f3sito de explorar alternativas de cooperaci\u00f3n en \u00e1reas de la ingenier\u00eda e innovaci\u00f3n, el jueves 30 de mayo se llev\u00f3 a cabo una reuni\u00f3n entre directivos universitarios y de la empresa Telsur.<\/p><p><em>Ver m\u00e1s<\/em>:\u00a0<a href=\"https:\/\/noticias.ubiobio.cl\/2024\/05\/31\/ubb-impulsa-cooperacion-y-trabajo-colaborativo-en-areas-de-la-ingenieria-e-innovacion\/\" target=\"_blank\" rel=\"noopener\" data-saferedirecturl=\"https:\/\/www.google.com\/url?q=https:\/\/noticias.ubiobio.cl\/2024\/05\/31\/ubb-impulsa-cooperacion-y-trabajo-colaborativo-en-areas-de-la-ingenieria-e-innovacion\/&amp;source=gmail&amp;ust=1717532379868000&amp;usg=AOvVaw3P1W5kXIVVubWZ0ZtLdxWe\">https:\/\/noticias.ubiobio.<wbr \/>cl\/2024\/05\/31\/ubb-impulsa-<wbr \/>cooperacion-y-trabajo-<wbr \/>colaborativo-en-areas-de-la-<wbr \/>ingenieria-e-innovacion\/<\/a><\/p><hr \/><p><img decoding=\"async\" src=\"https:\/\/ci3.googleusercontent.com\/meips\/ADKq_NZ1fsqrgWC2LaqEhQN8ULKtIkNtuoujg_gI7yrv1sdpFp3p3VJSSIEkG6VNFTKVyv9yduPU52ZouAheidxggpCo5tmelnR6kwAL4oRmaJ4yOW8h9Clu3akGfZ1TbtGegrQ=s0-d-e1-ft#https:\/\/flashissue.s3.us-east-1.amazonaws.com\/pHtOvx3FS7OPxXgJXjin_MQ==.png\" \/><\/p><h3><span style=\"color: #0b5394;\"><strong>DIMAD UBB recibe visita de Delegaci\u00f3n de la Universidad\u00a0de\u00a0West\u00a0Virginia<\/strong><\/span><\/h3><p>El Departamento de Ingenier\u00eda en Maderas (DIMAD) de la Universidad del B\u00edo-B\u00edo recibi\u00f3 la visita de una delegaci\u00f3n conformada por los acad\u00e9micos Dra. Gloria Oporto y Ph.D. Dave McGill; y estudiantes de la Facultad de Recursos Naturales y Forestales de la Universidad de West Virginia.<\/p><p><em>Ver m\u00e1s<\/em>:\u00a0<a href=\"https:\/\/noticias.ubiobio.cl\/2024\/05\/31\/dimad-ubb-recibe-visita-de-delegacion-de-la-universidad-de-west-virginia\/\" target=\"_blank\" rel=\"noopener\" data-saferedirecturl=\"https:\/\/www.google.com\/url?q=https:\/\/noticias.ubiobio.cl\/2024\/05\/31\/dimad-ubb-recibe-visita-de-delegacion-de-la-universidad-de-west-virginia\/&amp;source=gmail&amp;ust=1717532379868000&amp;usg=AOvVaw3gwzkyt2dyKg6PGrP01v3b\">https:\/\/noticias.ubiobio.<wbr \/>cl\/2024\/05\/31\/dimad-ubb-<wbr \/>recibe-visita-de-delegacion-<wbr \/>de-la-universidad-de-west-<wbr \/>virginia\/<\/a><\/p>\t\t\t\t\t\t\t\t<\/div>\n\t\t\t\t<\/div>\n\t\t\t\t\t<\/div>\n\t\t<\/div>\n\t\t\t\t<div class=\"elementor-column elementor-col-33 elementor-top-column elementor-element elementor-element-4029fc3\" data-id=\"4029fc3\" data-element_type=\"column\" data-e-type=\"column\">\n\t\t\t<div class=\"elementor-widget-wrap\">\n\t\t\t\t\t\t\t<\/div>\n\t\t<\/div>\n\t\t\t\t\t<\/div>\n\t\t<\/section>\n\t\t\t\t<section class=\"elementor-section elementor-top-section elementor-element elementor-element-5e68b69 elementor-section-boxed elementor-section-height-default elementor-section-height-default\" data-id=\"5e68b69\" data-element_type=\"section\" data-e-type=\"section\" data-settings=\"{&quot;_ha_eqh_enable&quot;:false}\">\n\t\t\t\t\t\t<div class=\"elementor-container elementor-column-gap-default\">\n\t\t\t\t\t<div class=\"elementor-column elementor-col-33 elementor-top-column elementor-element elementor-element-feb73eb\" data-id=\"feb73eb\" data-element_type=\"column\" data-e-type=\"column\">\n\t\t\t<div class=\"elementor-widget-wrap\">\n\t\t\t\t\t\t\t<\/div>\n\t\t<\/div>\n\t\t\t\t<div class=\"elementor-column elementor-col-33 elementor-top-column elementor-element elementor-element-bc91de3\" data-id=\"bc91de3\" data-element_type=\"column\" data-e-type=\"column\">\n\t\t\t<div class=\"elementor-widget-wrap elementor-element-populated\">\n\t\t\t\t\t\t<div class=\"elementor-element elementor-element-9f1f03a elementor-widget elementor-widget-text-editor\" data-id=\"9f1f03a\" data-element_type=\"widget\" data-e-type=\"widget\" data-widget_type=\"text-editor.default\">\n\t\t\t\t<div class=\"elementor-widget-container\">\n\t\t\t\t\t\t\t\t\t<table align=\"center\">\n<tbody>\n<tr>\n<td id=\"m_8467858756250299110m_4658873428329236187m_-7901358079350462190gmail-twitter-social-link\"><a href=\"https:\/\/www.twitter.com\/FlashIssue\" target=\"_blank\" rel=\"noopener\" data-saferedirecturl=\"https:\/\/www.google.com\/url?q=https:\/\/www.twitter.com\/FlashIssue&amp;source=gmail&amp;ust=1701886559522000&amp;usg=AOvVaw2YqocBqApBMfCECsazrFYp\"><img decoding=\"async\" class=\"CToWUd alignright\" src=\"https:\/\/ci3.googleusercontent.com\/meips\/ADKq_NZE482hZCyf5-eH5kdodW-i7ynf_Uc3o7Y2qVhkxeaBCGxbbRl4hZDL1bqALThwDN-AV5RNZ6NOZSIkeTJldTdvlbzE_6G1poLwYf9t-LR4fd0q_WAWHZ0f4oGdccihLUnmu9qg=s0-d-e1-ft#https:\/\/app.flashissue.com\/images\/social-icons\/round\/twitter\/grey\/twitter48.png\" data-bit=\"iit\" \/><\/a><\/td>\n<td><\/td>\n<td id=\"m_8467858756250299110m_4658873428329236187m_-7901358079350462190gmail-youtube-social-link\"><a href=\"https:\/\/www.youtube.com\/channel\/UCf7o8yHRJ7Y_QQLxwu1KQgA\" target=\"_blank\" rel=\"noopener\" data-saferedirecturl=\"https:\/\/www.google.com\/url?q=https:\/\/www.youtube.com\/channel\/UCf7o8yHRJ7Y_QQLxwu1KQgA&amp;source=gmail&amp;ust=1701886559523000&amp;usg=AOvVaw0jM7z9DMsgsZI5rYjuzYkv\"><img decoding=\"async\" class=\"CToWUd aligncenter\" src=\"https:\/\/ci3.googleusercontent.com\/meips\/ADKq_NZcx2sA8E3XSq35qpW98I3eb4zPATi0zr1ga9xoEv8HiKSPkRr0My77uw7jNpJiWcrZ-gHmEI2j5re0zjRI8wDsIoJbNevCaWCGyGWLOqc5TP4GPbVwQ1Wro4I6X8LmS5lWPhVl=s0-d-e1-ft#https:\/\/app.flashissue.com\/images\/social-icons\/round\/youtube\/grey\/youtube48.png\" data-bit=\"iit\" \/><\/a><\/td>\n<td><\/td>\n<td id=\"m_8467858756250299110m_4658873428329236187m_-7901358079350462190gmail-instagram-social-link\"><a href=\"https:\/\/www.instagram.com\/vrip_ubb\" target=\"_blank\" rel=\"noopener\" data-saferedirecturl=\"https:\/\/www.google.com\/url?q=https:\/\/www.instagram.com\/vrip_ubb&amp;source=gmail&amp;ust=1701886559523000&amp;usg=AOvVaw2F_KM9oE9lwudPrAZbmCZ0\"><img decoding=\"async\" class=\"CToWUd alignleft\" src=\"https:\/\/ci3.googleusercontent.com\/meips\/ADKq_Nan2m-yF-ZY-b4YK_6CQuSq5MrrQfz9h9uFQOtT_j31UVGd75i-QlY9VCEerAvzU-ywj-3R7trnB7YFhU35_iVsR89He9CXg0XLPQaj0mpctOF8T6RDYYJ9UnbXddwozdfwLo1cnkcc6w=s0-d-e1-ft#https:\/\/app.flashissue.com\/images\/social-icons\/round\/instagram\/grey\/instagram48.png\" data-bit=\"iit\" \/><\/a><\/td>\n<\/tr>\n<\/tbody>\n<\/table>\n<img decoding=\"async\" src=\"https:\/\/ci3.googleusercontent.com\/meips\/ADKq_NaKF-fgJsXFZ_zJQCoYDINB85tkqa3SLNYNXVr7RF7gDTX_gjHBOVPgLRoCVB2ytEuC_QCYcCQEc5o2wednfOInTFO7_6imvAkKPRLqrTdOeW5RmZiOXhLYOU8Z2BXsga_Y5XO26R9TXxqOPl4=s0-d-e1-ft#https:\/\/flashissue.s3.us-east-1.amazonaws.com\/xVesVrgXREOs3TCWMlFA_dXAtZG93bi0wMg==.jpg\" \/>\n<p style=\"text-align: center;\">Vicerrector\u00eda de Investigaci\u00f3n y Postgrado &#8211; Universidad del B\u00edo-B\u00edo<\/p>\n<p style=\"text-align: center;\">Todos los derechos reservados, Av. Collao 1202, Concepci\u00f3n \/ Av. Andr\u00e9s Bello s\/n, Chill\u00e1n<\/p>\n<p style=\"text-align: center;\">Comentarios a:\u00a0<strong><a href=\"mailto:vripcomunicaciones@ubiobio.cl?subject=Comentario%20newsletter\" target=\"_blank\" rel=\"noopener\">vripcomunicaciones@ubiobio.<wbr \/>cl<\/a><\/strong><\/p>\t\t\t\t\t\t\t\t<\/div>\n\t\t\t\t<\/div>\n\t\t\t\t\t<\/div>\n\t\t<\/div>\n\t\t\t\t<div class=\"elementor-column elementor-col-33 elementor-top-column elementor-element elementor-element-c421ef0\" data-id=\"c421ef0\" data-element_type=\"column\" data-e-type=\"column\">\n\t\t\t<div class=\"elementor-widget-wrap\">\n\t\t\t\t\t\t\t<\/div>\n\t\t<\/div>\n\t\t\t\t\t<\/div>\n\t\t<\/section>\n\t\t\t\t<section class=\"elementor-section elementor-top-section elementor-element elementor-element-38f252df elementor-section-boxed elementor-section-height-default elementor-section-height-default\" data-id=\"38f252df\" data-element_type=\"section\" data-e-type=\"section\" data-settings=\"{&quot;_ha_eqh_enable&quot;:false}\">\n\t\t\t\t\t\t<div class=\"elementor-container elementor-column-gap-default\">\n\t\t\t\t\t\t<\/div>\n\t\t<\/section>\n\t\t\t\t<section class=\"elementor-section elementor-top-section elementor-element elementor-element-c05f85d elementor-section-boxed elementor-section-height-default elementor-section-height-default\" data-id=\"c05f85d\" data-element_type=\"section\" data-e-type=\"section\" data-settings=\"{&quot;_ha_eqh_enable&quot;:false}\">\n\t\t\t\t\t\t<div class=\"elementor-container elementor-column-gap-default\">\n\t\t\t\t\t<div class=\"elementor-column elementor-col-100 elementor-top-column elementor-element elementor-element-c588dc1\" data-id=\"c588dc1\" data-element_type=\"column\" data-e-type=\"column\">\n\t\t\t<div class=\"elementor-widget-wrap elementor-element-populated\">\n\t\t\t\t\t\t<div class=\"elementor-element elementor-element-4a24d89 elementor-widget elementor-widget-spacer\" data-id=\"4a24d89\" data-element_type=\"widget\" data-e-type=\"widget\" data-widget_type=\"spacer.default\">\n\t\t\t\t<div class=\"elementor-widget-container\">\n\t\t\t\t\t\t\t<div class=\"elementor-spacer\">\n\t\t\t<div class=\"elementor-spacer-inner\"><\/div>\n\t\t<\/div>\n\t\t\t\t\t\t<\/div>\n\t\t\t\t<\/div>\n\t\t\t\t\t<\/div>\n\t\t<\/div>\n\t\t\t\t\t<\/div>\n\t\t<\/section>\n\t\t\t\t<\/div>\n\t\t","protected":false},"excerpt":{"rendered":"<p>Edici\u00f3n 03 Junio 2024 (En Pauta) En el Centro de Innovaci\u00f3n UBB se realiz\u00f3 el Segundo Encuentro YLAI Innovation Summit 2024 Autoridades UBB encabezadas por el rector Benito Uma\u00f1a, Vicerrectora VRIP, Dra. Ang\u00e9lica Caro y el director de Innovaci\u00f3n Dr. Mario N\u00fa\u00f1ez, inauguraron el Segundo Encuentro YLAI Innovation Summit 2024 en el Centro de Innovaci\u00f3n&#8230;<\/p>\n","protected":false},"author":1,"featured_media":0,"parent":41711,"menu_order":0,"comment_status":"closed","ping_status":"closed","template":"","meta":{"_kadence_starter_templates_imported_post":false,"_kad_post_transparent":"default","_kad_post_title":"hide","_kad_post_layout":"fullwidth","_kad_post_sidebar_id":"","_kad_post_content_style":"unboxed","_kad_post_vertical_padding":"hide","_kad_post_feature":"hide","_kad_post_feature_position":"","_kad_post_header":false,"_kad_post_footer":false,"footnotes":""},"class_list":["post-45142","page","type-page","status-publish","hentry"],"yoast_head":"<!-- This site is optimized with the Yoast SEO plugin v27.5 - https:\/\/yoast.com\/product\/yoast-seo-wordpress\/ -->\n<title>Informativo VRIP 03 Junio 2024 - VRIP<\/title>\n<meta name=\"robots\" content=\"index, follow, max-snippet:-1, max-image-preview:large, max-video-preview:-1\" \/>\n<link rel=\"canonical\" href=\"https:\/\/vrip.ubiobio.cl\/inicio\/informativos-vrip\/edicion-03-junio-2024\/\" \/>\n<meta property=\"og:locale\" content=\"es_ES\" \/>\n<meta property=\"og:type\" content=\"article\" \/>\n<meta property=\"og:title\" content=\"Informativo VRIP 03 Junio 2024 - VRIP\" \/>\n<meta property=\"og:description\" content=\"Edici\u00f3n 03 Junio 2024 (En Pauta) En el Centro de Innovaci\u00f3n UBB se realiz\u00f3 el Segundo Encuentro YLAI Innovation Summit 2024 Autoridades UBB encabezadas por el rector Benito Uma\u00f1a, Vicerrectora VRIP, Dra. Ang\u00e9lica Caro y el director de Innovaci\u00f3n Dr. Mario N\u00fa\u00f1ez, inauguraron el Segundo Encuentro YLAI Innovation Summit 2024 en el Centro de Innovaci\u00f3n...\" \/>\n<meta property=\"og:url\" content=\"https:\/\/vrip.ubiobio.cl\/inicio\/informativos-vrip\/edicion-03-junio-2024\/\" \/>\n<meta property=\"og:site_name\" content=\"VRIP\" \/>\n<meta property=\"article:modified_time\" content=\"2024-06-03T20:58:06+00:00\" \/>\n<meta property=\"og:image\" content=\"https:\/\/vrip.ubiobio.cl\/wp-content\/uploads\/2024\/06\/EnPauta-Informativo-VRIP.jpg\" \/>\n\t<meta property=\"og:image:width\" content=\"1000\" \/>\n\t<meta property=\"og:image:height\" content=\"348\" \/>\n\t<meta property=\"og:image:type\" content=\"image\/jpeg\" \/>\n<meta name=\"twitter:card\" content=\"summary_large_image\" \/>\n<meta name=\"twitter:site\" content=\"@vripubb\" \/>\n<meta name=\"twitter:label1\" content=\"Tiempo de lectura\" \/>\n\t<meta name=\"twitter:data1\" content=\"5 minutos\" \/>\n<script type=\"application\/ld+json\" class=\"yoast-schema-graph\">{\"@context\":\"https:\\\/\\\/schema.org\",\"@graph\":[{\"@type\":\"WebPage\",\"@id\":\"https:\\\/\\\/vrip.ubiobio.cl\\\/inicio\\\/informativos-vrip\\\/edicion-03-junio-2024\\\/\",\"url\":\"https:\\\/\\\/vrip.ubiobio.cl\\\/inicio\\\/informativos-vrip\\\/edicion-03-junio-2024\\\/\",\"name\":\"Informativo VRIP 03 Junio 2024 - VRIP\",\"isPartOf\":{\"@id\":\"https:\\\/\\\/vrip.ubiobio.cl\\\/inicio\\\/#website\"},\"primaryImageOfPage\":{\"@id\":\"https:\\\/\\\/vrip.ubiobio.cl\\\/inicio\\\/informativos-vrip\\\/edicion-03-junio-2024\\\/#primaryimage\"},\"image\":{\"@id\":\"https:\\\/\\\/vrip.ubiobio.cl\\\/inicio\\\/informativos-vrip\\\/edicion-03-junio-2024\\\/#primaryimage\"},\"thumbnailUrl\":\"https:\\\/\\\/vrip.ubiobio.cl\\\/wp-content\\\/uploads\\\/2024\\\/06\\\/EnPauta-Informativo-VRIP.jpg\",\"datePublished\":\"2024-06-03T20:26:25+00:00\",\"dateModified\":\"2024-06-03T20:58:06+00:00\",\"breadcrumb\":{\"@id\":\"https:\\\/\\\/vrip.ubiobio.cl\\\/inicio\\\/informativos-vrip\\\/edicion-03-junio-2024\\\/#breadcrumb\"},\"inLanguage\":\"es\",\"potentialAction\":[{\"@type\":\"ReadAction\",\"target\":[\"https:\\\/\\\/vrip.ubiobio.cl\\\/inicio\\\/informativos-vrip\\\/edicion-03-junio-2024\\\/\"]}]},{\"@type\":\"ImageObject\",\"inLanguage\":\"es\",\"@id\":\"https:\\\/\\\/vrip.ubiobio.cl\\\/inicio\\\/informativos-vrip\\\/edicion-03-junio-2024\\\/#primaryimage\",\"url\":\"https:\\\/\\\/vrip.ubiobio.cl\\\/wp-content\\\/uploads\\\/2024\\\/06\\\/EnPauta-Informativo-VRIP.jpg\",\"contentUrl\":\"https:\\\/\\\/vrip.ubiobio.cl\\\/wp-content\\\/uploads\\\/2024\\\/06\\\/EnPauta-Informativo-VRIP.jpg\"},{\"@type\":\"BreadcrumbList\",\"@id\":\"https:\\\/\\\/vrip.ubiobio.cl\\\/inicio\\\/informativos-vrip\\\/edicion-03-junio-2024\\\/#breadcrumb\",\"itemListElement\":[{\"@type\":\"ListItem\",\"position\":1,\"name\":\"Portada\",\"item\":\"https:\\\/\\\/vrip.ubiobio.cl\\\/inicio\\\/\"},{\"@type\":\"ListItem\",\"position\":2,\"name\":\"Informativos VRIP\",\"item\":\"https:\\\/\\\/vrip.ubiobio.cl\\\/inicio\\\/informativos-vrip\\\/\"},{\"@type\":\"ListItem\",\"position\":3,\"name\":\"Informativo VRIP 03 Junio 2024\"}]},{\"@type\":\"WebSite\",\"@id\":\"https:\\\/\\\/vrip.ubiobio.cl\\\/inicio\\\/#website\",\"url\":\"https:\\\/\\\/vrip.ubiobio.cl\\\/inicio\\\/\",\"name\":\"VRIP\",\"description\":\"Vicerrector\u00eda de Investigaci\u00f3n y Postgrado\",\"publisher\":{\"@id\":\"https:\\\/\\\/vrip.ubiobio.cl\\\/inicio\\\/#organization\"},\"potentialAction\":[{\"@type\":\"SearchAction\",\"target\":{\"@type\":\"EntryPoint\",\"urlTemplate\":\"https:\\\/\\\/vrip.ubiobio.cl\\\/inicio\\\/?s={search_term_string}\"},\"query-input\":{\"@type\":\"PropertyValueSpecification\",\"valueRequired\":true,\"valueName\":\"search_term_string\"}}],\"inLanguage\":\"es\"},{\"@type\":\"Organization\",\"@id\":\"https:\\\/\\\/vrip.ubiobio.cl\\\/inicio\\\/#organization\",\"name\":\"VRIP\",\"url\":\"https:\\\/\\\/vrip.ubiobio.cl\\\/inicio\\\/\",\"logo\":{\"@type\":\"ImageObject\",\"inLanguage\":\"es\",\"@id\":\"https:\\\/\\\/vrip.ubiobio.cl\\\/inicio\\\/#\\\/schema\\\/logo\\\/image\\\/\",\"url\":\"https:\\\/\\\/vrip.ubiobio.cl\\\/wp-content\\\/uploads\\\/2022\\\/10\\\/logo-vrip_Mesa-de-trabajo-1.png\",\"contentUrl\":\"https:\\\/\\\/vrip.ubiobio.cl\\\/wp-content\\\/uploads\\\/2022\\\/10\\\/logo-vrip_Mesa-de-trabajo-1.png\",\"width\":642,\"height\":178,\"caption\":\"VRIP\"},\"image\":{\"@id\":\"https:\\\/\\\/vrip.ubiobio.cl\\\/inicio\\\/#\\\/schema\\\/logo\\\/image\\\/\"},\"sameAs\":[\"https:\\\/\\\/x.com\\\/vripubb\",\"https:\\\/\\\/www.instagram.com\\\/vrip_ubb\\\/\",\"https:\\\/\\\/www.youtube.com\\\/channel\\\/UCf7o8yHRJ7Y_QQLxwu1KQgA\",\"https:\\\/\\\/www.linkedin.com\\\/company\\\/96035097\\\/admin\\\/dashboard\\\/\"]}]}<\/script>\n<!-- \/ Yoast SEO plugin. -->","yoast_head_json":{"title":"Informativo VRIP 03 Junio 2024 - VRIP","robots":{"index":"index","follow":"follow","max-snippet":"max-snippet:-1","max-image-preview":"max-image-preview:large","max-video-preview":"max-video-preview:-1"},"canonical":"https:\/\/vrip.ubiobio.cl\/inicio\/informativos-vrip\/edicion-03-junio-2024\/","og_locale":"es_ES","og_type":"article","og_title":"Informativo VRIP 03 Junio 2024 - VRIP","og_description":"Edici\u00f3n 03 Junio 2024 (En Pauta) En el Centro de Innovaci\u00f3n UBB se realiz\u00f3 el Segundo Encuentro YLAI Innovation Summit 2024 Autoridades UBB encabezadas por el rector Benito Uma\u00f1a, Vicerrectora VRIP, Dra. Ang\u00e9lica Caro y el director de Innovaci\u00f3n Dr. Mario N\u00fa\u00f1ez, inauguraron el Segundo Encuentro YLAI Innovation Summit 2024 en el Centro de Innovaci\u00f3n...","og_url":"https:\/\/vrip.ubiobio.cl\/inicio\/informativos-vrip\/edicion-03-junio-2024\/","og_site_name":"VRIP","article_modified_time":"2024-06-03T20:58:06+00:00","og_image":[{"width":1000,"height":348,"url":"https:\/\/vrip.ubiobio.cl\/wp-content\/uploads\/2024\/06\/EnPauta-Informativo-VRIP.jpg","type":"image\/jpeg"}],"twitter_card":"summary_large_image","twitter_site":"@vripubb","twitter_misc":{"Tiempo de lectura":"5 minutos"},"schema":{"@context":"https:\/\/schema.org","@graph":[{"@type":"WebPage","@id":"https:\/\/vrip.ubiobio.cl\/inicio\/informativos-vrip\/edicion-03-junio-2024\/","url":"https:\/\/vrip.ubiobio.cl\/inicio\/informativos-vrip\/edicion-03-junio-2024\/","name":"Informativo VRIP 03 Junio 2024 - VRIP","isPartOf":{"@id":"https:\/\/vrip.ubiobio.cl\/inicio\/#website"},"primaryImageOfPage":{"@id":"https:\/\/vrip.ubiobio.cl\/inicio\/informativos-vrip\/edicion-03-junio-2024\/#primaryimage"},"image":{"@id":"https:\/\/vrip.ubiobio.cl\/inicio\/informativos-vrip\/edicion-03-junio-2024\/#primaryimage"},"thumbnailUrl":"https:\/\/vrip.ubiobio.cl\/wp-content\/uploads\/2024\/06\/EnPauta-Informativo-VRIP.jpg","datePublished":"2024-06-03T20:26:25+00:00","dateModified":"2024-06-03T20:58:06+00:00","breadcrumb":{"@id":"https:\/\/vrip.ubiobio.cl\/inicio\/informativos-vrip\/edicion-03-junio-2024\/#breadcrumb"},"inLanguage":"es","potentialAction":[{"@type":"ReadAction","target":["https:\/\/vrip.ubiobio.cl\/inicio\/informativos-vrip\/edicion-03-junio-2024\/"]}]},{"@type":"ImageObject","inLanguage":"es","@id":"https:\/\/vrip.ubiobio.cl\/inicio\/informativos-vrip\/edicion-03-junio-2024\/#primaryimage","url":"https:\/\/vrip.ubiobio.cl\/wp-content\/uploads\/2024\/06\/EnPauta-Informativo-VRIP.jpg","contentUrl":"https:\/\/vrip.ubiobio.cl\/wp-content\/uploads\/2024\/06\/EnPauta-Informativo-VRIP.jpg"},{"@type":"BreadcrumbList","@id":"https:\/\/vrip.ubiobio.cl\/inicio\/informativos-vrip\/edicion-03-junio-2024\/#breadcrumb","itemListElement":[{"@type":"ListItem","position":1,"name":"Portada","item":"https:\/\/vrip.ubiobio.cl\/inicio\/"},{"@type":"ListItem","position":2,"name":"Informativos VRIP","item":"https:\/\/vrip.ubiobio.cl\/inicio\/informativos-vrip\/"},{"@type":"ListItem","position":3,"name":"Informativo VRIP 03 Junio 2024"}]},{"@type":"WebSite","@id":"https:\/\/vrip.ubiobio.cl\/inicio\/#website","url":"https:\/\/vrip.ubiobio.cl\/inicio\/","name":"VRIP","description":"Vicerrector\u00eda de Investigaci\u00f3n y Postgrado","publisher":{"@id":"https:\/\/vrip.ubiobio.cl\/inicio\/#organization"},"potentialAction":[{"@type":"SearchAction","target":{"@type":"EntryPoint","urlTemplate":"https:\/\/vrip.ubiobio.cl\/inicio\/?s={search_term_string}"},"query-input":{"@type":"PropertyValueSpecification","valueRequired":true,"valueName":"search_term_string"}}],"inLanguage":"es"},{"@type":"Organization","@id":"https:\/\/vrip.ubiobio.cl\/inicio\/#organization","name":"VRIP","url":"https:\/\/vrip.ubiobio.cl\/inicio\/","logo":{"@type":"ImageObject","inLanguage":"es","@id":"https:\/\/vrip.ubiobio.cl\/inicio\/#\/schema\/logo\/image\/","url":"https:\/\/vrip.ubiobio.cl\/wp-content\/uploads\/2022\/10\/logo-vrip_Mesa-de-trabajo-1.png","contentUrl":"https:\/\/vrip.ubiobio.cl\/wp-content\/uploads\/2022\/10\/logo-vrip_Mesa-de-trabajo-1.png","width":642,"height":178,"caption":"VRIP"},"image":{"@id":"https:\/\/vrip.ubiobio.cl\/inicio\/#\/schema\/logo\/image\/"},"sameAs":["https:\/\/x.com\/vripubb","https:\/\/www.instagram.com\/vrip_ubb\/","https:\/\/www.youtube.com\/channel\/UCf7o8yHRJ7Y_QQLxwu1KQgA","https:\/\/www.linkedin.com\/company\/96035097\/admin\/dashboard\/"]}]}},"_links":{"self":[{"href":"https:\/\/vrip.ubiobio.cl\/inicio\/wp-json\/wp\/v2\/pages\/45142","targetHints":{"allow":["GET"]}}],"collection":[{"href":"https:\/\/vrip.ubiobio.cl\/inicio\/wp-json\/wp\/v2\/pages"}],"about":[{"href":"https:\/\/vrip.ubiobio.cl\/inicio\/wp-json\/wp\/v2\/types\/page"}],"author":[{"embeddable":true,"href":"https:\/\/vrip.ubiobio.cl\/inicio\/wp-json\/wp\/v2\/users\/1"}],"replies":[{"embeddable":true,"href":"https:\/\/vrip.ubiobio.cl\/inicio\/wp-json\/wp\/v2\/comments?post=45142"}],"version-history":[{"count":4,"href":"https:\/\/vrip.ubiobio.cl\/inicio\/wp-json\/wp\/v2\/pages\/45142\/revisions"}],"predecessor-version":[{"id":45151,"href":"https:\/\/vrip.ubiobio.cl\/inicio\/wp-json\/wp\/v2\/pages\/45142\/revisions\/45151"}],"up":[{"embeddable":true,"href":"https:\/\/vrip.ubiobio.cl\/inicio\/wp-json\/wp\/v2\/pages\/41711"}],"wp:attachment":[{"href":"https:\/\/vrip.ubiobio.cl\/inicio\/wp-json\/wp\/v2\/media?parent=45142"}],"curies":[{"name":"wp","href":"https:\/\/api.w.org\/{rel}","templated":true}]}}