{"id":44970,"date":"2024-05-27T16:42:44","date_gmt":"2024-05-27T16:42:44","guid":{"rendered":"https:\/\/vrip.ubiobio.cl\/inicio\/?page_id=44970"},"modified":"2024-05-27T18:42:08","modified_gmt":"2024-05-27T18:42:08","slug":"edicion-27-mayo-2024","status":"publish","type":"page","link":"https:\/\/vrip.ubiobio.cl\/inicio\/informativos-vrip\/edicion-27-mayo-2024\/","title":{"rendered":"Informativo VRIP 27 Mayo 2024"},"content":{"rendered":"\t\t<div data-elementor-type=\"wp-page\" data-elementor-id=\"44970\" class=\"elementor elementor-44970\" data-elementor-settings=\"{&quot;ha_cmc_init_switcher&quot;:&quot;no&quot;}\">\n\t\t\t\t\t\t<section class=\"elementor-section elementor-top-section elementor-element elementor-element-619a71f elementor-section-height-min-height elementor-section-boxed elementor-section-height-default elementor-section-items-middle\" data-id=\"619a71f\" data-element_type=\"section\" data-e-type=\"section\" data-settings=\"{&quot;background_background&quot;:&quot;classic&quot;,&quot;_ha_eqh_enable&quot;:false}\">\n\t\t\t\t\t\t<div class=\"elementor-container elementor-column-gap-default\">\n\t\t\t\t\t<div class=\"elementor-column elementor-col-100 elementor-top-column elementor-element elementor-element-49770de0 elementor-invisible\" data-id=\"49770de0\" data-element_type=\"column\" data-e-type=\"column\" data-settings=\"{&quot;animation&quot;:&quot;slideInDown&quot;}\">\n\t\t\t<div class=\"elementor-widget-wrap elementor-element-populated\">\n\t\t\t\t\t\t<div class=\"elementor-element elementor-element-5c1ba5a3 elementor-widget elementor-widget-heading\" data-id=\"5c1ba5a3\" data-element_type=\"widget\" data-e-type=\"widget\" data-widget_type=\"heading.default\">\n\t\t\t\t<div class=\"elementor-widget-container\">\n\t\t\t\t\t<h3 class=\"elementor-heading-title elementor-size-xl\">Edici\u00f3n 27 Mayo 2024<\/h3>\t\t\t\t<\/div>\n\t\t\t\t<\/div>\n\t\t\t\t\t<\/div>\n\t\t<\/div>\n\t\t\t\t\t<\/div>\n\t\t<\/section>\n\t\t\t\t<section class=\"elementor-section elementor-top-section elementor-element elementor-element-a485fdf elementor-section-boxed elementor-section-height-default elementor-section-height-default\" data-id=\"a485fdf\" data-element_type=\"section\" data-e-type=\"section\" data-settings=\"{&quot;_ha_eqh_enable&quot;:false}\">\n\t\t\t\t\t\t<div class=\"elementor-container elementor-column-gap-default\">\n\t\t\t\t\t<div class=\"elementor-column elementor-col-33 elementor-top-column elementor-element elementor-element-ece34e2\" data-id=\"ece34e2\" data-element_type=\"column\" data-e-type=\"column\">\n\t\t\t<div class=\"elementor-widget-wrap\">\n\t\t\t\t\t\t\t<\/div>\n\t\t<\/div>\n\t\t\t\t<div class=\"elementor-column elementor-col-33 elementor-top-column elementor-element elementor-element-c4e8f33\" data-id=\"c4e8f33\" data-element_type=\"column\" data-e-type=\"column\">\n\t\t\t<div class=\"elementor-widget-wrap elementor-element-populated\">\n\t\t\t\t\t\t<div class=\"elementor-element elementor-element-5a90842 elementor-widget elementor-widget-image\" data-id=\"5a90842\" data-element_type=\"widget\" data-e-type=\"widget\" data-widget_type=\"image.default\">\n\t\t\t\t<div class=\"elementor-widget-container\">\n\t\t\t\t\t\t\t\t\t\t\t\t\t\t\t<img fetchpriority=\"high\" decoding=\"async\" width=\"834\" height=\"290\" src=\"https:\/\/vrip.ubiobio.cl\/wp-content\/uploads\/2023\/11\/Informativo-VRIP-Banner.jpg\" class=\"attachment-large size-large wp-image-41783\" alt=\"\" srcset=\"https:\/\/vrip.ubiobio.cl\/wp-content\/uploads\/2023\/11\/Informativo-VRIP-Banner.jpg 834w, https:\/\/vrip.ubiobio.cl\/wp-content\/uploads\/2023\/11\/Informativo-VRIP-Banner-380x132.jpg 380w, https:\/\/vrip.ubiobio.cl\/wp-content\/uploads\/2023\/11\/Informativo-VRIP-Banner-768x267.jpg 768w\" sizes=\"(max-width: 834px) 100vw, 834px\" \/>\t\t\t\t\t\t\t\t\t\t\t\t\t\t\t<\/div>\n\t\t\t\t<\/div>\n\t\t\t\t\t<\/div>\n\t\t<\/div>\n\t\t\t\t<div class=\"elementor-column elementor-col-33 elementor-top-column elementor-element elementor-element-1f18c8e\" data-id=\"1f18c8e\" data-element_type=\"column\" data-e-type=\"column\">\n\t\t\t<div class=\"elementor-widget-wrap\">\n\t\t\t\t\t\t\t<\/div>\n\t\t<\/div>\n\t\t\t\t\t<\/div>\n\t\t<\/section>\n\t\t\t\t<section class=\"elementor-section elementor-top-section elementor-element elementor-element-3970b6e elementor-section-boxed elementor-section-height-default elementor-section-height-default\" data-id=\"3970b6e\" data-element_type=\"section\" data-e-type=\"section\" data-settings=\"{&quot;_ha_eqh_enable&quot;:false}\">\n\t\t\t\t\t\t<div class=\"elementor-container elementor-column-gap-default\">\n\t\t\t\t\t<div class=\"elementor-column elementor-col-33 elementor-top-column elementor-element elementor-element-26c2a57\" data-id=\"26c2a57\" data-element_type=\"column\" data-e-type=\"column\">\n\t\t\t<div class=\"elementor-widget-wrap\">\n\t\t\t\t\t\t\t<\/div>\n\t\t<\/div>\n\t\t\t\t<div class=\"elementor-column elementor-col-33 elementor-top-column elementor-element elementor-element-279be1bf\" data-id=\"279be1bf\" data-element_type=\"column\" data-e-type=\"column\">\n\t\t\t<div class=\"elementor-widget-wrap elementor-element-populated\">\n\t\t\t\t\t\t<div class=\"elementor-element elementor-element-cb53f68 elementor-widget elementor-widget-text-editor\" data-id=\"cb53f68\" data-element_type=\"widget\" data-e-type=\"widget\" data-widget_type=\"text-editor.default\">\n\t\t\t\t<div class=\"elementor-widget-container\">\n\t\t\t\t\t\t\t\t\t<h3><img decoding=\"async\" src=\"https:\/\/ci3.googleusercontent.com\/meips\/ADKq_NbG5j_29IXaNV5HMJkk5Lv6HZZgXZLGDeLdIxSJ16DHyUvHVN218d7pQ_jw3IkEsfMT-_hAgoJTx08_lEvltYfBD6SqOy9gpf3Df_WUhQRc2m1jsDHOCF2DhFkcikqv8mKWYeDs_aV-R-fYfxv9NyTDwYos5kQWT6qLDdJ235GiJ5IwlSXKJd1EirMdOdxMa8dArsRx2pNTXYsE-SzI=s0-d-e1-ft#https:\/\/flashissue.s3.us-east-1.amazonaws.com\/MFUiJVZTzexog229k8Vg_Q2FwdHVyYSBkZSBwYW50YWxsYSAyMDI0LTA1LTI3IGEgbGEocykgMTAuMTguNDY=.png\" \/><\/h3><h3><span style=\"color: #0b5394;\"><strong>Ministerio de Ciencia realiza su Cuenta P\u00fablica, a\u00f1o 2024<\/strong><\/span><\/h3><p>El Ministerio de Ciencia, Tecnolog\u00eda, Conocimiento e Innovaci\u00f3n realiza su tradicional Cuenta P\u00fablica fuera de Santiago. Oportunidad en que la Ministra Ais\u00e9n Etcheverry, da a conocer a la ciudadan\u00eda la gesti\u00f3n institucional para su evaluaci\u00f3n, garantizando est\u00e1ndares de transparencia y probidad. Este ministerio ha desempe\u00f1ado un papel protag\u00f3nico en el impulso de diversas iniciativas y acciones clave durante los a\u00f1os 2023 y 2024 en Chile.<\/p><p><em>VER:\u00a0<a href=\"https:\/\/www.youtube.com\/watch?v=F4X_GeaomLU\" target=\"_blank\" rel=\"noopener\" data-saferedirecturl=\"https:\/\/www.google.com\/url?q=https:\/\/www.youtube.com\/watch?v%3DF4X_GeaomLU&amp;source=gmail&amp;ust=1716914312575000&amp;usg=AOvVaw36jtoCOXYNYIyQY_oh0gQV\">https:\/\/www.youtube.com\/<wbr \/>watch?v=F4X_GeaomLU<\/a><\/em><\/p><hr \/><p><img decoding=\"async\" src=\"https:\/\/ci3.googleusercontent.com\/meips\/ADKq_NbLM2dgxVFRQaDA6gih91vJAHzmYunksx1AqYRtjpT3zrbnKi4kARZ30NYWT3ODk2YOKgMlWG9iYgUu4PvfWs1hL05i7Dq6ZFcXEDAeCj6Wm5IFS8YwkQgn6J1PKRL7HayRZ1sqVrNs-gtV3MwIUW2G0yE0lIbQHjXmNwPUC5aNuKRDdhVMrH0iMRrt6rUStCDMs3XXwmPNQUl3G504=s0-d-e1-ft#https:\/\/flashissue.s3.us-east-1.amazonaws.com\/b4LyWaVLTsCvHvqn46Et_Q2FwdHVyYSBkZSBwYW50YWxsYSAyMDI0LTA1LTI3IGEgbGEocykgMTAuMjQuNTI=.png\" \/><\/p><h3><span style=\"color: #0b5394;\"><strong>ANID realiza su Cuenta P\u00fablica, a\u00f1o 2024<\/strong><\/span><\/h3><p dir=\"ltr\">La Agencia Nacional de Investigaci\u00f3n y Desarrollo, ANID, realiz\u00f3 su Cuenta P\u00fablica este viernes 24 de mayo de 2024, a las 15:00 horas en el Museo San Miguel de Azapa, Arica. A trav\u00e9s de esta instancia, Alejandra Pizarro, directora nacional de ANID hace su rendici\u00f3n anual, dando a conocer a la ciudadan\u00eda la gesti\u00f3n efectuada en relaci\u00f3n con las pol\u00edticas, planes, programas, acciones y presupuesto de las instituciones del Estado, correspondiente a la gesti\u00f3n a\u00f1o 2023.<\/p><p dir=\"ltr\"><em>VER:<\/em>\u00a0<a href=\"https:\/\/www.youtube.com\/watch?v=y-FQ8_uXtWU\" target=\"_blank\" rel=\"noopener\" data-saferedirecturl=\"https:\/\/www.google.com\/url?q=https:\/\/www.youtube.com\/watch?v%3Dy-FQ8_uXtWU&amp;source=gmail&amp;ust=1716914312575000&amp;usg=AOvVaw0ga2D8mDOx9i2AtC6wWJM9\">https:\/\/www.youtube.com\/<wbr \/>watch?v=y-FQ8_uXtWU<\/a><\/p><hr \/><p><img decoding=\"async\" src=\"https:\/\/ci3.googleusercontent.com\/meips\/ADKq_NZzTd7qTlgGur-632gTVMMgKfD2ci_5k3wggplk7Qegkq_ZZ2B9uDWTrP8KrcAVpOCgdPQigl-scWujjHu_mPe7VUxAu-9NdzbIMLnZApK8fTus1K4xxl-vQVoPyUDT1WaZ1j50YEsk7MPytJGpPH_Bvo-Sju41GBglk3vlgVgdHRGmVloaqIjxD5liO9GsukJ0acm-LO6C4g2Nigjr=s0-d-e1-ft#https:\/\/flashissue.s3.us-east-1.amazonaws.com\/7c7jSCjQLS3KnATE206b_Q2FwdHVyYSBkZSBwYW50YWxsYSAyMDI0LTA1LTI3IGEgbGEocykgMTAuMzQuNDU=.png\" \/><\/p><h3><span style=\"color: #0b5394;\"><strong>OTL y Ci2030 potencian aspecto clave para crear y formular iniciativas de base cient\u00edfico tecnol\u00f3gica\u00a0<\/strong><\/span><\/h3><p>Como parte de las jornadas de capacitaci\u00f3n y formaci\u00f3n para los acad\u00e9micos involucrados en investigaci\u00f3n cient\u00edfica y tecnol\u00f3gica se desarrollaron dos encuentros, uno en Chill\u00e1n y otro, en Concepci\u00f3n, respectivamente, para conocer m\u00e1s de cerca todo lo relacionado a Propiedad Intelectual, Vigilancia Tecnol\u00f3gica y Transferencia.<\/p><p dir=\"ltr\"><em>Ver m\u00e1s:<\/em>\u00a0\u00a0<a href=\"https:\/\/vrip.ubiobio.cl\/inicio\/noticias\/otl-y-ci2030-potencian-aspecto-clave-para-crear-y-formular-iniciativas-de-base-cientifico-tecnologica\/\" target=\"_blank\" rel=\"noopener\" data-saferedirecturl=\"https:\/\/www.google.com\/url?q=https:\/\/vrip.ubiobio.cl\/inicio\/noticias\/otl-y-ci2030-potencian-aspecto-clave-para-crear-y-formular-iniciativas-de-base-cientifico-tecnologica\/&amp;source=gmail&amp;ust=1716914312575000&amp;usg=AOvVaw3Hnev1KVeEyKQh7XZHQOkx\">https:\/\/vrip.ubiobio.cl\/<wbr \/>inicio\/noticias\/otl-y-ci2030-<wbr \/>potencian-aspecto-clave-para-<wbr \/>crear-y-formular-iniciativas-<wbr \/>de-base-cientifico-<wbr \/>tecnologica\/<\/a><\/p><hr \/><p><img decoding=\"async\" src=\"https:\/\/ci3.googleusercontent.com\/meips\/ADKq_NbGdXWgW3FLBIWv7MqpAySIXk2NsE2JwZL7pS0EMBZnOAjlc15h5dPai4cuKBBbi8jr4fSChFd-LpHiMvRuABJ_0rWN6fBIr4_Wsk0cyGR14N7uUZnCXBXPPcju15jwfny-r6f5KReBIx6WFLc=s0-d-e1-ft#https:\/\/flashissue.s3.us-east-1.amazonaws.com\/dEZ7eVmRAGMRtVH8ufoQ_aW1hZ2VuICgzKQ==.jpg\" \/><\/p><h3><span style=\"color: #0b5394;\"><strong>Vicerrectora VRIP participa en reuni\u00f3n plenaria de la Comisi\u00f3n Asesora de Investigaci\u00f3n del CRUCH<\/strong><\/span><\/h3><p dir=\"ltr\">Este jueves 23 y viernes 24 de mayo, en dependencias de la casa central de la Universidad Cat\u00f3lica (PUC) se llev\u00f3 a cabo la reuni\u00f3n planaria de la Comisi\u00f3n Asesora de Investigaci\u00f3n del CRUCH, junto a los vicerrectores de Investigaci\u00f3n de las universidades asociadas al Consejo de rectoras y rectores de las Universidades Chilenas, CRUCH.<\/p><p dir=\"ltr\"><em>Ver m\u00e1s:<\/em>\u00a0\u00a0<a href=\"https:\/\/vrip.ubiobio.cl\/inicio\/noticias\/vicerrectora-vrip-participa-en-reunion-plenaria-de-la-comision-asesora-de-investigacion-del-cruch\/\" target=\"_blank\" rel=\"noopener\" data-saferedirecturl=\"https:\/\/www.google.com\/url?q=https:\/\/vrip.ubiobio.cl\/inicio\/noticias\/vicerrectora-vrip-participa-en-reunion-plenaria-de-la-comision-asesora-de-investigacion-del-cruch\/&amp;source=gmail&amp;ust=1716914312575000&amp;usg=AOvVaw1EWHokpM52_CmIUv4dcpRX\">https:\/\/vrip.ubiobio.cl\/<wbr \/>inicio\/noticias\/vicerrectora-<wbr \/>vrip-participa-en-reunion-<wbr \/>plenaria-de-la-comision-<wbr \/>asesora-de-investigacion-del-<wbr \/>cruch\/<\/a><\/p><hr \/><p><img decoding=\"async\" src=\"https:\/\/ci3.googleusercontent.com\/meips\/ADKq_NYUXbglTKoWhfokYU6KsZuVaO64-GvoNwkYU91qbVrS8ZjRL8vFAaPgFDGbAxsmgIl1gg6YOONjB5e9fsVimqmzYlCqu01Jowfssf4gEpQtuG_ks5bm9XICgljz3ftbl5r5hA1pwFBlTx9ypPu4mtTEcMZTp0zPoPQ-9OGeTQ_MSSLU4DfIGWz1zBlJo5VYZMDDNCxhF9i60Ru_gZCf=s0-d-e1-ft#https:\/\/flashissue.s3.us-east-1.amazonaws.com\/kNpYK3g7RnuYm9aHH45n_Q2FwdHVyYSBkZSBwYW50YWxsYSAyMDI0LTA1LTI3IGEgbGEocykgMTAuNDAuMDc=.png\" \/><\/p><h3><span style=\"color: #0b5394;\"><strong>Taller de DICREA-UBB acerc\u00f3 los principales conceptos sobre Ciencia Abierta<\/strong><\/span><\/h3><p dir=\"ltr\">La acad\u00e9mica, Jocelyn Patterson Leal, asesora proyecto InES Ciencia Abierta UBB, expuso en formato online, el primero de los tres talleres planificados para fortalecer y conocer de mejor manera los alcances del programa de Ciencia Abierta que impulsa la Direcci\u00f3n de Investigaci\u00f3n y Creaci\u00f3n Art\u00edstica de la Universidad del B\u00edo-B\u00edo.<\/p><p><em>Ver m\u00e1s:<\/em>\u00a0\u00a0<a href=\"https:\/\/vrip.ubiobio.cl\/inicio\/noticias\/taller-de-dicrea-ubb-acerco-los-principales-conceptos-sobre-ciencia-abierta\/\" target=\"_blank\" rel=\"noopener\" data-saferedirecturl=\"https:\/\/www.google.com\/url?q=https:\/\/vrip.ubiobio.cl\/inicio\/noticias\/taller-de-dicrea-ubb-acerco-los-principales-conceptos-sobre-ciencia-abierta\/&amp;source=gmail&amp;ust=1716914312575000&amp;usg=AOvVaw0fecY2kIfMvcHGYPnNBDYx\">https:\/\/vrip.ubiobio.cl\/<wbr \/>inicio\/noticias\/taller-de-<wbr \/>dicrea-ubb-acerco-los-<wbr \/>principales-conceptos-sobre-<wbr \/>ciencia-abierta\/<\/a><\/p><hr \/><p><img decoding=\"async\" src=\"https:\/\/ci3.googleusercontent.com\/meips\/ADKq_Nbo8NxH1cPo6Xtxp1SdZAAo6XRZORLGnl9YzwIcPnVYSD0SYFxWQH0CFzpKPXU5kMluC49pIRBFAhL14sd_0_Maplzzr-gGyvPCMuAkmTkr-Gus0G7M_ZJub6FnMtAroRFEbXMMthwXGBEvw4eajzOgUuJ-suJ_-OewfBeIsy0hKSOvazxgbOH92je1J7IYLCpHBH-S-K3rWlkxxZEW=s0-d-e1-ft#https:\/\/flashissue.s3.us-east-1.amazonaws.com\/geyt5CeWRs2coDAPDG2H_Q2FwdHVyYSBkZSBwYW50YWxsYSAyMDI0LTA1LTI3IGEgbGEocykgMTAuNTEuMzQ=.png\" \/><\/p><h3><span style=\"color: #0b5394;\"><strong>Amplio inter\u00e9s en conocer detalles del concurso Capital Semilla de Sercotec<\/strong><\/span><\/h3><p dir=\"ltr\">Alumnos, acad\u00e9micos y funcionarios de la Universidad del B\u00edo-B\u00edo, participaron en la charla \u201cTransforma tu idea en negocio\u201d, fue puente para recibir consejos para una postulaci\u00f3n exitosa al Fondo de Capital Semilla que lidera Sercotec y que impulsa la Unidad de Emprendimiento.<\/p><p><em>Ver m\u00e1s:<\/em>\u00a0\u00a0<a href=\"https:\/\/vrip.ubiobio.cl\/inicio\/noticias\/amplio-interes-en-conocer-detalles-del-concurso-capital-semilla-de-sercotec\/\" target=\"_blank\" rel=\"noopener\" data-saferedirecturl=\"https:\/\/www.google.com\/url?q=https:\/\/vrip.ubiobio.cl\/inicio\/noticias\/amplio-interes-en-conocer-detalles-del-concurso-capital-semilla-de-sercotec\/&amp;source=gmail&amp;ust=1716914312575000&amp;usg=AOvVaw1tiMAM-FTK5SXS7Zji1oo_\">https:\/\/vrip.ubiobio.cl\/<wbr \/>inicio\/noticias\/amplio-<wbr \/>interes-en-conocer-detalles-<wbr \/>del-concurso-capital-semilla-<wbr \/>de-sercotec\/<\/a><\/p><hr \/><p><img decoding=\"async\" src=\"https:\/\/ci3.googleusercontent.com\/meips\/ADKq_NbstvPXTd51R0-IoBR5zT-EWC4lxPiiMTssU5TjuFWO7FPX65C_yGfrukn2h3HAHLUDhRilmFo-EKC0HHNvBuKNzQDcNHddNCDnETKlohguQBfsUU4m2zjt9bu8ZGqN770tG-zSL1UOlYOvvdo=s0-d-e1-ft#https:\/\/flashissue.s3.us-east-1.amazonaws.com\/3vDbCmC1S4qN6yyTZRcK_SW5hdWd1cmFjaW9u.jpg\" \/><\/p><h3><span style=\"color: #0b5394;\"><strong>Facultad de Educaci\u00f3n y Humanidades inaugura Galer\u00eda FEDUH, con exposici\u00f3n de la Dra. Tania Fa\u00fandez\u00a0<\/strong><\/span><\/h3><p>Esta Galer\u00eda nace como respuesta a la necesidad de espacios para las artes visuales, pl\u00e1sticas, y artesanas, y se ubica en el hall del edificio central de la Facultad de Educaci\u00f3n y Humanidades, Campus La Castilla, Chill\u00e1n.<\/p><p><em>Ver m\u00e1s:<\/em>\u00a0\u00a0<a href=\"https:\/\/vrip.ubiobio.cl\/inicio\/noticias\/facultad-de-educacion-y-humanidades-inaugura-galeria-feduh-con-exposicion-de-la-dra-tania-faundez\/\" target=\"_blank\" rel=\"noopener\" data-saferedirecturl=\"https:\/\/www.google.com\/url?q=https:\/\/vrip.ubiobio.cl\/inicio\/noticias\/facultad-de-educacion-y-humanidades-inaugura-galeria-feduh-con-exposicion-de-la-dra-tania-faundez\/&amp;source=gmail&amp;ust=1716914312575000&amp;usg=AOvVaw3hoAaEBi69ty6Hn2TDxgeC\">https:\/\/vrip.ubiobio.cl\/<wbr \/>inicio\/noticias\/facultad-de-<wbr \/>educacion-y-humanidades-<wbr \/>inaugura-galeria-feduh-con-<wbr \/>exposicion-de-la-dra-tania-<wbr \/>faundez\/<\/a><\/p><hr \/><p><img decoding=\"async\" src=\"https:\/\/ci3.googleusercontent.com\/meips\/ADKq_NYP4fPUXukR__eKFk-uBoM-S07askCHpgeLIhUku_0poGbCW4GjDqGpc6E3TXIWJo39XQnrRvKIkHaqH8D0aEIzQNXPnls0V2D64bNI5y76AVRtpqD5-YVueFTt7O2mDxJajubJGOyLE3zWm4czhWI4A95WcEMXxAlVsNSBmEfTLC9x3rVwUzoGgIfVKxjYXxdS5hcefnnWH3MUFCFV=s0-d-e1-ft#https:\/\/flashissue.s3.us-east-1.amazonaws.com\/Z7CVt1BEQrma6fP2xhm7_Q2FwdHVyYSBkZSBwYW50YWxsYSAyMDI0LTA1LTI3IGEgbGEocykgMTAuNTkuMzI=.png\" \/><\/p><h3><span style=\"color: #0b5394;\"><strong>Primera graduada del DIMPROS UBB adjudica beca postdoctoral 2024 de ANID<\/strong><\/span><\/h3><p>La Qu\u00edmica y Doctora en Ingenier\u00eda de Materiales y Procesos Sustentables, Yuly Guar\u00edn, detall\u00f3 c\u00f3mo este evento marca un antes y un despu\u00e9s en su carrera, y narra c\u00f3mo esto aporta a visibilizar el rol de la mujer en ingenier\u00eda, convirti\u00e9ndose en una inspiraci\u00f3n y agente de cambio, que busca impactar en el mundo cient\u00edfico-tecnol\u00f3gico.<\/p><p><em>Ver m\u00e1s:<\/em>\u00a0<a href=\"https:\/\/fi.ubiobio.cl\/noticia\/primera-graduada-del-dimpros-ubb-dra-yuly-guarin-se-adjudica-beca-postdoctoral-2024-convirtiendose-en-la-primera-mujer-titulada-del-programa-en-obtener-el-financiamiento\/\" target=\"_blank\" rel=\"noopener\" data-saferedirecturl=\"https:\/\/www.google.com\/url?q=https:\/\/fi.ubiobio.cl\/noticia\/primera-graduada-del-dimpros-ubb-dra-yuly-guarin-se-adjudica-beca-postdoctoral-2024-convirtiendose-en-la-primera-mujer-titulada-del-programa-en-obtener-el-financiamiento\/&amp;source=gmail&amp;ust=1716914312575000&amp;usg=AOvVaw337RycpTGlgmQbABlX6UJH\">https:\/\/fi.ubiobio.cl\/<wbr \/>noticia\/primera-graduada-del-<wbr \/>dimpros-ubb-dra-yuly-guarin-<wbr \/>se-adjudica-beca-postdoctoral-<wbr \/>2024-convirtiendose-en-la-<wbr \/>primera-mujer-titulada-del-<wbr \/>programa-en-obtener-el-<wbr \/>financiamiento\/<\/a><\/p><hr \/><p><img decoding=\"async\" src=\"https:\/\/ci3.googleusercontent.com\/meips\/ADKq_NaaTzhISrqCdJZc8KxTUYweLSfuonE3grRYFX5Y7Q_ei41XwtURSxBwTbNvO9TVlq0mEvYPyxq2NMg0qAhScXJ6hHe7O7sSJmIw1LktLa_RTKTeYj5uxF2Ky-ZpNHYtt-z7Bb9pRZUS76IYsojZbbnszS3O1ubLAjsHqPpm42WMxI6pRgrKdcYShigD7LxBYsXuTInndEBEwIn7HFff=s0-d-e1-ft#https:\/\/flashissue.s3.us-east-1.amazonaws.com\/6jUq4yNtSUqPRA8GO8Sg_Q2FwdHVyYSBkZSBwYW50YWxsYSAyMDI0LTA1LTI3IGEgbGEocykgMTEuMTEuMjA=.png\" \/><\/p><h3><span style=\"color: #0b5394;\"><strong>Jos\u00e9 Weinstein inaugura a\u00f1o acad\u00e9mico de Doctorado en Educaci\u00f3n en Consorcio en Chill\u00e1n<\/strong><\/span><\/h3><p dir=\"ltr\">Exministro y especialista en educaci\u00f3n, lleg\u00f3 hasta Chill\u00e1n para dictar la charla sobre liderazgo directivo para el programa que re\u00fane a cuatro universidades: Cat\u00f3lica del Maule (UCM), Cat\u00f3lica de la Sant\u00edsima Concepci\u00f3n (UCSC), Cat\u00f3lica de Temuco (UCT) y del B\u00edo-B\u00edo (UBB).<\/p><p dir=\"ltr\"><em>Ver m\u00e1s<\/em>:\u00a0<a href=\"https:\/\/noticias.ubiobio.cl\/2024\/05\/22\/jose-weinstein-inaugura-ano-academico-de-doctorado-en-educacion-en-consorcio-en-chillan\/\" target=\"_blank\" rel=\"noopener\" data-saferedirecturl=\"https:\/\/www.google.com\/url?q=https:\/\/noticias.ubiobio.cl\/2024\/05\/22\/jose-weinstein-inaugura-ano-academico-de-doctorado-en-educacion-en-consorcio-en-chillan\/&amp;source=gmail&amp;ust=1716914312575000&amp;usg=AOvVaw1fGKkI4keVVJ8cElmKjfWl\">https:\/\/noticias.ubiobio.<wbr \/>cl\/2024\/05\/22\/jose-weinstein-<wbr \/>inaugura-ano-academico-de-<wbr \/>doctorado-en-educacion-en-<wbr \/>consorcio-en-chillan\/<\/a><\/p><hr \/><p><img decoding=\"async\" src=\"https:\/\/ci3.googleusercontent.com\/meips\/ADKq_NZY3sq48p_UTGsvMvccSEPLaF6JV_wZ1wWH7pQNsZjB8QUUCopaPf3VIbrODyORaQqOBTW6fmxlvhd3h8mOwS6PS9RFYzhwFnH3FU2dQlp2eUmDqS7kJt3bcBipVR4A1k24jPgJ0yJdTUAqtgkCJz-GMLfg12qxQsrP5zBexTKmxMRONmBLEsNJm6Zbyo2JyyaatkbfxLfQks1meiR6=s0-d-e1-ft#https:\/\/flashissue.s3.us-east-1.amazonaws.com\/yPSu1I4BRjWdMbYvidc9_Q2FwdHVyYSBkZSBwYW50YWxsYSAyMDI0LTA1LTI3IGEgbGEocykgMTEuMTMuMTQ=.png\" \/><\/p><h3><span style=\"color: #0b5394;\"><strong>Dr. Omar Giraldo destaca la \u201cafectividad ambiental\u201d en clase inaugural del Mag\u00edster en Intervenci\u00f3n Social<\/strong><\/span><\/h3><p dir=\"ltr\">En el marco del inicio del Mag\u00edster en Intervenci\u00f3n Social en Territorio y Ciudadan\u00eda de la Facultad de Educaci\u00f3n y Humanidades de la Universidad del B\u00edo-B\u00edo se realiz\u00f3 la clase inaugural titulada \u201cAfectividad Ambiental: El recuerdo de la lengua sensible de la tierra viva\u201d, a cargo del Dr. Omar Giraldo, acad\u00e9mico de la Universidad Aut\u00f3noma de M\u00e9xico.<\/p><p><em>Ver m\u00e1s:<\/em>\u00a0<a href=\"https:\/\/noticias.ubiobio.cl\/2024\/05\/22\/dr-omar-giraldo-destaca-la-afectividad-ambiental-en-clase-inaugural-del-magister-en-intervencion-social\/\" target=\"_blank\" rel=\"noopener\" data-saferedirecturl=\"https:\/\/www.google.com\/url?q=https:\/\/noticias.ubiobio.cl\/2024\/05\/22\/dr-omar-giraldo-destaca-la-afectividad-ambiental-en-clase-inaugural-del-magister-en-intervencion-social\/&amp;source=gmail&amp;ust=1716914312575000&amp;usg=AOvVaw2iMPiyts1micrktYxJ0SXu\">https:\/\/noticias.ubiobio.<wbr \/>cl\/2024\/05\/22\/dr-omar-giraldo-<wbr \/>destaca-la-afectividad-<wbr \/>ambiental-en-clase-inaugural-<wbr \/>del-magister-en-intervencion-<wbr \/>social\/<\/a><\/p><hr \/><p><img decoding=\"async\" src=\"https:\/\/ci3.googleusercontent.com\/meips\/ADKq_NZLG4RDedalir29ecMVXxnJcjHLfx_AQkD3BsMw5OkTzq8883DVXLOlZqm-JN9XNh0rsOFnW6Xya3ByrRxicmcs48ucGbNCFC-ySrQZuWNr92cbMHpWfB61UlZRtQuT8t_o0M8lqibtpBz4wHo6ijAxaegDRj8xdo3SuSN-qGDclj_YFbnRAUEKhQiO8A=s0-d-e1-ft#https:\/\/flashissue.s3.us-east-1.amazonaws.com\/OqnrbYekQeqvJMExNtAA_QXl1ZGFudGVzLWRlLWludmVzdGlnYWNpb25fV2ViLVVCQg==.png\" \/><\/p><h3><span style=\"color: #0b5394;\"><strong>Concurso Ayudante de Investigaci\u00f3n Mujeres UBB 2024<\/strong><\/span><\/h3><p><em>M\u00e1s info:\u00a0<\/em><a href=\"https:\/\/vrip.ubiobio.cl\/inicio\/ayudantes-investigacion-mujeres-ubb-2024\/\" target=\"_blank\" rel=\"noopener\" data-saferedirecturl=\"https:\/\/www.google.com\/url?q=https:\/\/vrip.ubiobio.cl\/inicio\/ayudantes-investigacion-mujeres-ubb-2024\/&amp;source=gmail&amp;ust=1716914312575000&amp;usg=AOvVaw3K_0xT8eBdQlH9pp-ZiYwW\">https:\/\/vrip.ubiobio.cl\/<wbr \/>inicio\/ayudantes-<wbr \/>investigacion-mujeres-ubb-<wbr \/>2024\/<\/a><\/p><hr \/><p><img decoding=\"async\" src=\"https:\/\/ci3.googleusercontent.com\/meips\/ADKq_NaZZn2rq0JCcFXXVF7Srah7jpHOA_LZD0nel8BtD7DPnqCruSoP3-Dy7k3BNDg8rfVEvtLKOfGjH8YhkZ2cUeYkJVyDpEr0EE2WOcbNIfPEBPaiH3nvdXZLZ1NMU3zgH7T6vEGxiTwQhNP7uiR2ZQv9ISOMZ_HDJsC9T-Hx=s0-d-e1-ft#https:\/\/flashissue.s3.us-east-1.amazonaws.com\/uiVtC86GR2aIInEe0n3u_UHJveWVjdG8gZGUgdGVzaXNfV2ViIEZJ.png\" \/><\/p><h3><span style=\"color: #0b5394;\"><strong>Fondo Concursable Apoyo a la realizaci\u00f3n de proyectos de tesis en I+D+i+e &#8211; Mujeres UBB<\/strong><\/span><\/h3><p>Se realizar\u00e1 una charla a la comunidad UBB el d\u00eda jueves 30 de mayo a las 15:00 hrs. v\u00eda zoom, las inscripciones son en el siguiente enlace:\u00a0<a href=\"http:\/\/ubb.cl\/117981\" target=\"_blank\" rel=\"noopener\" data-saferedirecturl=\"https:\/\/www.google.com\/url?q=http:\/\/ubb.cl\/117981&amp;source=gmail&amp;ust=1716914312575000&amp;usg=AOvVaw3cycI-lXsPOpQCWDUX9-Ww\"><strong>http:\/\/ubb.cl\/117981<\/strong><\/a><\/p><p>Formulario de postulaci\u00f3n y anexos deber\u00e1n ser enviados al correo electr\u00f3nico:\u00a0<a href=\"mailto:emprendimiento@ubiobio.cl\" target=\"_blank\" rel=\"noopener\">emprendimiento@<wbr \/>ubiobio.cl<\/a><\/p><hr \/><p><img decoding=\"async\" src=\"https:\/\/ci3.googleusercontent.com\/meips\/ADKq_NZHg29lcNVn78dc9GTVmi5BfI5em0mvVmhRkB8lGE86Bjn7AJkof3U3WLSA30Gb2c-pyXOdB9sIkcerhaGDo91bxTtPsmjAgXHbgzxzZXG2jLw8BLlKkqoAo_St6MSsgxRs3qnJ7EnpTHWaAFuVLSXMOkJS3cTjlxs8WjUBI5RZ3WI19AQMwt4a=s0-d-e1-ft#https:\/\/flashissue.s3.us-east-1.amazonaws.com\/1v5ElMDJTqiYde842HMW_UGVyc3BlY3RpdmEtZGUtZ2VuZXJvX1dlYi1VQkItMQ==.png\" \/><\/p><h3><span style=\"color: #0b5394;\"><strong>Concurso Investigaci\u00f3n e Innovaci\u00f3n en perspectiva de g\u00e9nero 2024<\/strong><\/span><\/h3><p dir=\"ltr\"><em>Ver m\u00e1s:\u00a0<\/em><a href=\"https:\/\/vrip.ubiobio.cl\/inicio\/concurso-investigacion-innovacion-perspectiva-genero-2024\/\" target=\"_blank\" rel=\"noopener\" data-saferedirecturl=\"https:\/\/www.google.com\/url?q=https:\/\/vrip.ubiobio.cl\/inicio\/concurso-investigacion-innovacion-perspectiva-genero-2024\/&amp;source=gmail&amp;ust=1716914312575000&amp;usg=AOvVaw3P9eU2T8Zv4AJv_Si-jbKH\">https:\/\/vrip.ubiobio.cl\/<wbr \/>inicio\/concurso-investigacion-<wbr \/>innovacion-perspectiva-genero-<wbr \/>2024\/<\/a><\/p><hr \/><p><img decoding=\"async\" src=\"https:\/\/ci3.googleusercontent.com\/meips\/ADKq_NYVa7S4LqlYqF66J8aPBBsC44DPoW_V-jOn_AQHkeoJsvR7pRbrm7czxFNz6g7lm6psy_2glvzxtuTqljqcctoc6hJe1wj22P9sguRDxF214hHQIKmGSVrScL3Gzn9Pr4shxkJ15pcWAEcc88bVuNrlsXTS2CH_QAXRMBv2R9dOgeahpcMyo3toOLulF1aqiGztZiWkaAX_L3cM31DU=s0-d-e1-ft#https:\/\/flashissue.s3.us-east-1.amazonaws.com\/rVzS2qFlTbm6ZnhwQhXo_QmFubmVyLVZSSVAtY2Fwc3VsYS01LUNpZW5jaWEtQWJpZXJ0YS1VQkItMjAyNA==.png\" \/><\/p><h3><span style=\"color: #0b5394;\"><strong>Quinta C\u00e1psula de Ciencia Abierta UBB<\/strong><\/span><\/h3><p dir=\"ltr\">Compartimos la\u00a0<em>cuarta\u00a0<\/em>C\u00e1psula\u00a0de Ciencia Abierta, titulada: \u00ab<strong>DESMITIFICANDO CREENCIAS ERR\u00d3NEAS SOBRE LA CIENCIA ABIERTA &#8211; Parte 1<\/strong>\u00ab, una iniciativa de la\u00a0Direcci\u00f3n de Investigaci\u00f3n y Creaci\u00f3n Art\u00edstica de la Universidad del B\u00edo-B\u00edo\u00a0(UBB-DICREA), adscrita a promover el acceso libre y gratuito a la literatura cient\u00edfica, fomentando su libre disponibilidad y permitiendo a cualquier usuario su lectura.<\/p><p dir=\"ltr\"><em>Ver m\u00e1s:\u00a0<\/em><a href=\"https:\/\/www.youtube.com\/watch?v=Nqjad5SaYGk&amp;ab_channel=DICREAUBB\" target=\"_blank\" rel=\"noopener\" data-saferedirecturl=\"https:\/\/www.google.com\/url?q=https:\/\/www.youtube.com\/watch?v%3DNqjad5SaYGk%26ab_channel%3DDICREAUBB&amp;source=gmail&amp;ust=1716914312576000&amp;usg=AOvVaw2y6rnisNXc-SOKvBvs70fv\">https:\/\/www.youtube.com\/<wbr \/>watch?v=Nqjad5SaYGk&amp;ab_<wbr \/>channel=DICREAUBB<\/a><\/p><hr \/><p><img decoding=\"async\" src=\"https:\/\/ci3.googleusercontent.com\/meips\/ADKq_NaE8brmmb3q4WvnZ_HrWaXvyK4gYFPBY6Qwy2s7iP_F7VE5vJHQB7IS4c38wZb0rmdY2HggiI8cxeqAHzu0j_4ad11-KzhpzjCPruaRNA6MQEhhR_nt-rIii8XftdZ5_m5OY4uZzUybP_E7wUN5XkXCkB8ga0z9E2B5X0oL7hf74PBs6RobCsMrMbNGfQ=s0-d-e1-ft#https:\/\/flashissue.s3.us-east-1.amazonaws.com\/GWymvA0eS5GMBzCO57Fl_cG9ydGFmb2xpby1iYW5uZXJfTWVzYSBkZSB0cmFiYWpvIDE=.jpg\" \/><\/p><h3><span style=\"color: #0b5394;\"><strong>Conoce nuestro Portafolio EBCT OTL-UBB<\/strong><\/span><\/h3><p>La Vicerrector\u00eda de Investigaci\u00f3n y Postgrado de la Universidad del B\u00edo-B\u00edo, por medio de la Oficina de Transferencia y Licenciamiento y la Unidad de Emprendimiento, han dise\u00f1ado el portafolio de empresas de base cient\u00edfico tecnol\u00f3gicas, con la finalidad de destacar a las empresas creadas al alero del desarrollo de la ciencia y tecnolog\u00eda de la Universidad, y que han tomado el camino del emprendimiento.<\/p><p><em>Ver m\u00e1s<\/em>:\u00a0<a role=\"link\" href=\"https:\/\/vrip.ubiobio.cl\/wp-content\/uploads\/2024\/03\/OTL_Portafolio-EBCT_baja.pdf\" target=\"_blank\" rel=\"noopener\" data-saferedirecturl=\"https:\/\/www.google.com\/url?q=https:\/\/vrip.ubiobio.cl\/wp-content\/uploads\/2024\/03\/OTL_Portafolio-EBCT_baja.pdf&amp;source=gmail&amp;ust=1716914312576000&amp;usg=AOvVaw0UQTuht7jlQIRh7VayxsK9\">https:\/\/vrip.ubiobio.cl\/<wbr \/>wp-content\/uploads\/2024\/03\/<wbr \/>OTL_Portafolio-EBCT_baja.pdf<\/a><\/p><hr \/><p><img decoding=\"async\" src=\"https:\/\/ci3.googleusercontent.com\/meips\/ADKq_NY0_XsIbaSEzqlivo_m1JLFLfMIT93_9fF-fnI6qLCtBqcCxiVYDXRaEW1QBpPgQn_TCYJpIREK1D3xhXFtmqDkflHdZLAiUugjJmbOdHapqpYXLf1g_VsDyvis8GruP0krkMX_YUZtIf5mArHjSGz-H6FoZF2sCn-TIj02peBsZ9-gPh0eXvnJ=s0-d-e1-ft#https:\/\/flashissue.s3.us-east-1.amazonaws.com\/nutowIMtR3WB6MklHakA_UG9zdGdyYWRvX0Jhbm5lciBVQkJfMTE5OHg4MzRweA==.jpg\" \/><\/p><h3><span style=\"color: #0b5394;\"><strong>Programas de Postgrados UBB disponibles<\/strong><\/span><\/h3><p dir=\"ltr\"><a href=\"http:\/\/postgrados.ubiobio.cl\/\" target=\"_blank\" rel=\"noopener\" data-saferedirecturl=\"https:\/\/www.google.com\/url?q=http:\/\/postgrados.ubiobio.cl\/&amp;source=gmail&amp;ust=1716914312576000&amp;usg=AOvVaw3PzozsAGiUclMUzKSZ2o1r\">http:\/\/postgrados.ubiobio.cl\/<\/a><\/p>\t\t\t\t\t\t\t\t<\/div>\n\t\t\t\t<\/div>\n\t\t\t\t\t<\/div>\n\t\t<\/div>\n\t\t\t\t<div class=\"elementor-column elementor-col-33 elementor-top-column elementor-element elementor-element-4029fc3\" data-id=\"4029fc3\" data-element_type=\"column\" data-e-type=\"column\">\n\t\t\t<div class=\"elementor-widget-wrap\">\n\t\t\t\t\t\t\t<\/div>\n\t\t<\/div>\n\t\t\t\t\t<\/div>\n\t\t<\/section>\n\t\t\t\t<section class=\"elementor-section elementor-top-section elementor-element elementor-element-5e68b69 elementor-section-boxed elementor-section-height-default elementor-section-height-default\" data-id=\"5e68b69\" data-element_type=\"section\" data-e-type=\"section\" data-settings=\"{&quot;_ha_eqh_enable&quot;:false}\">\n\t\t\t\t\t\t<div class=\"elementor-container elementor-column-gap-default\">\n\t\t\t\t\t<div class=\"elementor-column elementor-col-33 elementor-top-column elementor-element elementor-element-feb73eb\" data-id=\"feb73eb\" data-element_type=\"column\" data-e-type=\"column\">\n\t\t\t<div class=\"elementor-widget-wrap\">\n\t\t\t\t\t\t\t<\/div>\n\t\t<\/div>\n\t\t\t\t<div class=\"elementor-column elementor-col-33 elementor-top-column elementor-element elementor-element-bc91de3\" data-id=\"bc91de3\" data-element_type=\"column\" data-e-type=\"column\">\n\t\t\t<div class=\"elementor-widget-wrap elementor-element-populated\">\n\t\t\t\t\t\t<div class=\"elementor-element elementor-element-9f1f03a elementor-widget elementor-widget-text-editor\" data-id=\"9f1f03a\" data-element_type=\"widget\" data-e-type=\"widget\" data-widget_type=\"text-editor.default\">\n\t\t\t\t<div class=\"elementor-widget-container\">\n\t\t\t\t\t\t\t\t\t<table align=\"center\">\n<tbody>\n<tr>\n<td id=\"m_8467858756250299110m_4658873428329236187m_-7901358079350462190gmail-twitter-social-link\"><a href=\"https:\/\/www.twitter.com\/FlashIssue\" target=\"_blank\" rel=\"noopener\" data-saferedirecturl=\"https:\/\/www.google.com\/url?q=https:\/\/www.twitter.com\/FlashIssue&amp;source=gmail&amp;ust=1701886559522000&amp;usg=AOvVaw2YqocBqApBMfCECsazrFYp\"><img decoding=\"async\" class=\"CToWUd alignright\" src=\"https:\/\/ci3.googleusercontent.com\/meips\/ADKq_NZE482hZCyf5-eH5kdodW-i7ynf_Uc3o7Y2qVhkxeaBCGxbbRl4hZDL1bqALThwDN-AV5RNZ6NOZSIkeTJldTdvlbzE_6G1poLwYf9t-LR4fd0q_WAWHZ0f4oGdccihLUnmu9qg=s0-d-e1-ft#https:\/\/app.flashissue.com\/images\/social-icons\/round\/twitter\/grey\/twitter48.png\" data-bit=\"iit\" \/><\/a><\/td>\n<td><\/td>\n<td id=\"m_8467858756250299110m_4658873428329236187m_-7901358079350462190gmail-youtube-social-link\"><a href=\"https:\/\/www.youtube.com\/channel\/UCf7o8yHRJ7Y_QQLxwu1KQgA\" target=\"_blank\" rel=\"noopener\" data-saferedirecturl=\"https:\/\/www.google.com\/url?q=https:\/\/www.youtube.com\/channel\/UCf7o8yHRJ7Y_QQLxwu1KQgA&amp;source=gmail&amp;ust=1701886559523000&amp;usg=AOvVaw0jM7z9DMsgsZI5rYjuzYkv\"><img decoding=\"async\" class=\"CToWUd aligncenter\" src=\"https:\/\/ci3.googleusercontent.com\/meips\/ADKq_NZcx2sA8E3XSq35qpW98I3eb4zPATi0zr1ga9xoEv8HiKSPkRr0My77uw7jNpJiWcrZ-gHmEI2j5re0zjRI8wDsIoJbNevCaWCGyGWLOqc5TP4GPbVwQ1Wro4I6X8LmS5lWPhVl=s0-d-e1-ft#https:\/\/app.flashissue.com\/images\/social-icons\/round\/youtube\/grey\/youtube48.png\" data-bit=\"iit\" \/><\/a><\/td>\n<td><\/td>\n<td id=\"m_8467858756250299110m_4658873428329236187m_-7901358079350462190gmail-instagram-social-link\"><a href=\"https:\/\/www.instagram.com\/vrip_ubb\" target=\"_blank\" rel=\"noopener\" data-saferedirecturl=\"https:\/\/www.google.com\/url?q=https:\/\/www.instagram.com\/vrip_ubb&amp;source=gmail&amp;ust=1701886559523000&amp;usg=AOvVaw2F_KM9oE9lwudPrAZbmCZ0\"><img decoding=\"async\" class=\"CToWUd alignleft\" src=\"https:\/\/ci3.googleusercontent.com\/meips\/ADKq_Nan2m-yF-ZY-b4YK_6CQuSq5MrrQfz9h9uFQOtT_j31UVGd75i-QlY9VCEerAvzU-ywj-3R7trnB7YFhU35_iVsR89He9CXg0XLPQaj0mpctOF8T6RDYYJ9UnbXddwozdfwLo1cnkcc6w=s0-d-e1-ft#https:\/\/app.flashissue.com\/images\/social-icons\/round\/instagram\/grey\/instagram48.png\" data-bit=\"iit\" \/><\/a><\/td>\n<\/tr>\n<\/tbody>\n<\/table>\n<img decoding=\"async\" src=\"https:\/\/ci3.googleusercontent.com\/meips\/ADKq_NaKF-fgJsXFZ_zJQCoYDINB85tkqa3SLNYNXVr7RF7gDTX_gjHBOVPgLRoCVB2ytEuC_QCYcCQEc5o2wednfOInTFO7_6imvAkKPRLqrTdOeW5RmZiOXhLYOU8Z2BXsga_Y5XO26R9TXxqOPl4=s0-d-e1-ft#https:\/\/flashissue.s3.us-east-1.amazonaws.com\/xVesVrgXREOs3TCWMlFA_dXAtZG93bi0wMg==.jpg\" \/>\n<p style=\"text-align: center;\">Vicerrector\u00eda de Investigaci\u00f3n y Postgrado &#8211; Universidad del B\u00edo-B\u00edo<\/p>\n<p style=\"text-align: center;\">Todos los derechos reservados, Av. Collao 1202, Concepci\u00f3n \/ Av. Andr\u00e9s Bello s\/n, Chill\u00e1n<\/p>\n<p style=\"text-align: center;\">Comentarios a:\u00a0<strong><a href=\"mailto:vripcomunicaciones@ubiobio.cl?subject=Comentario%20newsletter\" target=\"_blank\" rel=\"noopener\">vripcomunicaciones@ubiobio.<wbr \/>cl<\/a><\/strong><\/p>\t\t\t\t\t\t\t\t<\/div>\n\t\t\t\t<\/div>\n\t\t\t\t\t<\/div>\n\t\t<\/div>\n\t\t\t\t<div class=\"elementor-column elementor-col-33 elementor-top-column elementor-element elementor-element-c421ef0\" data-id=\"c421ef0\" data-element_type=\"column\" data-e-type=\"column\">\n\t\t\t<div class=\"elementor-widget-wrap\">\n\t\t\t\t\t\t\t<\/div>\n\t\t<\/div>\n\t\t\t\t\t<\/div>\n\t\t<\/section>\n\t\t\t\t<section class=\"elementor-section elementor-top-section elementor-element elementor-element-38f252df elementor-section-boxed elementor-section-height-default elementor-section-height-default\" data-id=\"38f252df\" data-element_type=\"section\" data-e-type=\"section\" data-settings=\"{&quot;_ha_eqh_enable&quot;:false}\">\n\t\t\t\t\t\t<div class=\"elementor-container elementor-column-gap-default\">\n\t\t\t\t\t\t<\/div>\n\t\t<\/section>\n\t\t\t\t<section class=\"elementor-section elementor-top-section elementor-element elementor-element-c05f85d elementor-section-boxed elementor-section-height-default elementor-section-height-default\" data-id=\"c05f85d\" data-element_type=\"section\" data-e-type=\"section\" data-settings=\"{&quot;_ha_eqh_enable&quot;:false}\">\n\t\t\t\t\t\t<div class=\"elementor-container elementor-column-gap-default\">\n\t\t\t\t\t<div class=\"elementor-column elementor-col-100 elementor-top-column elementor-element elementor-element-c588dc1\" data-id=\"c588dc1\" data-element_type=\"column\" data-e-type=\"column\">\n\t\t\t<div class=\"elementor-widget-wrap elementor-element-populated\">\n\t\t\t\t\t\t<div class=\"elementor-element elementor-element-4a24d89 elementor-widget elementor-widget-spacer\" data-id=\"4a24d89\" data-element_type=\"widget\" data-e-type=\"widget\" data-widget_type=\"spacer.default\">\n\t\t\t\t<div class=\"elementor-widget-container\">\n\t\t\t\t\t\t\t<div class=\"elementor-spacer\">\n\t\t\t<div class=\"elementor-spacer-inner\"><\/div>\n\t\t<\/div>\n\t\t\t\t\t\t<\/div>\n\t\t\t\t<\/div>\n\t\t\t\t\t<\/div>\n\t\t<\/div>\n\t\t\t\t\t<\/div>\n\t\t<\/section>\n\t\t\t\t<\/div>\n\t\t","protected":false},"excerpt":{"rendered":"<p>Edici\u00f3n 27 Mayo 2024 Ministerio de Ciencia realiza su Cuenta P\u00fablica, a\u00f1o 2024 El Ministerio de Ciencia, Tecnolog\u00eda, Conocimiento e Innovaci\u00f3n realiza su tradicional Cuenta P\u00fablica fuera de Santiago. Oportunidad en que la Ministra Ais\u00e9n Etcheverry, da a conocer a la ciudadan\u00eda la gesti\u00f3n institucional para su evaluaci\u00f3n, garantizando est\u00e1ndares de transparencia y probidad. Este&#8230;<\/p>\n","protected":false},"author":1,"featured_media":0,"parent":41711,"menu_order":0,"comment_status":"closed","ping_status":"closed","template":"","meta":{"_kadence_starter_templates_imported_post":false,"_kad_post_transparent":"default","_kad_post_title":"hide","_kad_post_layout":"fullwidth","_kad_post_sidebar_id":"","_kad_post_content_style":"unboxed","_kad_post_vertical_padding":"hide","_kad_post_feature":"hide","_kad_post_feature_position":"","_kad_post_header":false,"_kad_post_footer":false,"footnotes":""},"class_list":["post-44970","page","type-page","status-publish","hentry"],"yoast_head":"<!-- This site is optimized with the Yoast SEO plugin v27.5 - https:\/\/yoast.com\/product\/yoast-seo-wordpress\/ -->\n<title>Informativo VRIP 27 Mayo 2024 - VRIP<\/title>\n<meta name=\"robots\" content=\"index, follow, max-snippet:-1, max-image-preview:large, max-video-preview:-1\" \/>\n<link rel=\"canonical\" href=\"https:\/\/vrip.ubiobio.cl\/inicio\/informativos-vrip\/edicion-27-mayo-2024\/\" \/>\n<meta property=\"og:locale\" content=\"es_ES\" \/>\n<meta property=\"og:type\" content=\"article\" \/>\n<meta property=\"og:title\" content=\"Informativo VRIP 27 Mayo 2024 - VRIP\" \/>\n<meta property=\"og:description\" content=\"Edici\u00f3n 27 Mayo 2024 Ministerio de Ciencia realiza su Cuenta P\u00fablica, a\u00f1o 2024 El Ministerio de Ciencia, Tecnolog\u00eda, Conocimiento e Innovaci\u00f3n realiza su tradicional Cuenta P\u00fablica fuera de Santiago. Oportunidad en que la Ministra Ais\u00e9n Etcheverry, da a conocer a la ciudadan\u00eda la gesti\u00f3n institucional para su evaluaci\u00f3n, garantizando est\u00e1ndares de transparencia y probidad. Este...\" \/>\n<meta property=\"og:url\" content=\"https:\/\/vrip.ubiobio.cl\/inicio\/informativos-vrip\/edicion-27-mayo-2024\/\" \/>\n<meta property=\"og:site_name\" content=\"VRIP\" \/>\n<meta property=\"article:modified_time\" content=\"2024-05-27T18:42:08+00:00\" \/>\n<meta property=\"og:image\" content=\"https:\/\/vrip.ubiobio.cl\/wp-content\/uploads\/2023\/11\/Informativo-VRIP-Banner.jpg\" \/>\n\t<meta property=\"og:image:width\" content=\"834\" \/>\n\t<meta property=\"og:image:height\" content=\"290\" \/>\n\t<meta property=\"og:image:type\" content=\"image\/jpeg\" \/>\n<meta name=\"twitter:card\" content=\"summary_large_image\" \/>\n<meta name=\"twitter:site\" content=\"@vripubb\" \/>\n<meta name=\"twitter:label1\" content=\"Tiempo de lectura\" \/>\n\t<meta name=\"twitter:data1\" content=\"6 minutos\" \/>\n<script type=\"application\/ld+json\" class=\"yoast-schema-graph\">{\"@context\":\"https:\\\/\\\/schema.org\",\"@graph\":[{\"@type\":\"WebPage\",\"@id\":\"https:\\\/\\\/vrip.ubiobio.cl\\\/inicio\\\/informativos-vrip\\\/edicion-27-mayo-2024\\\/\",\"url\":\"https:\\\/\\\/vrip.ubiobio.cl\\\/inicio\\\/informativos-vrip\\\/edicion-27-mayo-2024\\\/\",\"name\":\"Informativo VRIP 27 Mayo 2024 - VRIP\",\"isPartOf\":{\"@id\":\"https:\\\/\\\/vrip.ubiobio.cl\\\/inicio\\\/#website\"},\"primaryImageOfPage\":{\"@id\":\"https:\\\/\\\/vrip.ubiobio.cl\\\/inicio\\\/informativos-vrip\\\/edicion-27-mayo-2024\\\/#primaryimage\"},\"image\":{\"@id\":\"https:\\\/\\\/vrip.ubiobio.cl\\\/inicio\\\/informativos-vrip\\\/edicion-27-mayo-2024\\\/#primaryimage\"},\"thumbnailUrl\":\"https:\\\/\\\/vrip.ubiobio.cl\\\/wp-content\\\/uploads\\\/2023\\\/11\\\/Informativo-VRIP-Banner.jpg\",\"datePublished\":\"2024-05-27T16:42:44+00:00\",\"dateModified\":\"2024-05-27T18:42:08+00:00\",\"breadcrumb\":{\"@id\":\"https:\\\/\\\/vrip.ubiobio.cl\\\/inicio\\\/informativos-vrip\\\/edicion-27-mayo-2024\\\/#breadcrumb\"},\"inLanguage\":\"es\",\"potentialAction\":[{\"@type\":\"ReadAction\",\"target\":[\"https:\\\/\\\/vrip.ubiobio.cl\\\/inicio\\\/informativos-vrip\\\/edicion-27-mayo-2024\\\/\"]}]},{\"@type\":\"ImageObject\",\"inLanguage\":\"es\",\"@id\":\"https:\\\/\\\/vrip.ubiobio.cl\\\/inicio\\\/informativos-vrip\\\/edicion-27-mayo-2024\\\/#primaryimage\",\"url\":\"https:\\\/\\\/vrip.ubiobio.cl\\\/wp-content\\\/uploads\\\/2023\\\/11\\\/Informativo-VRIP-Banner.jpg\",\"contentUrl\":\"https:\\\/\\\/vrip.ubiobio.cl\\\/wp-content\\\/uploads\\\/2023\\\/11\\\/Informativo-VRIP-Banner.jpg\"},{\"@type\":\"BreadcrumbList\",\"@id\":\"https:\\\/\\\/vrip.ubiobio.cl\\\/inicio\\\/informativos-vrip\\\/edicion-27-mayo-2024\\\/#breadcrumb\",\"itemListElement\":[{\"@type\":\"ListItem\",\"position\":1,\"name\":\"Portada\",\"item\":\"https:\\\/\\\/vrip.ubiobio.cl\\\/inicio\\\/\"},{\"@type\":\"ListItem\",\"position\":2,\"name\":\"Informativos VRIP\",\"item\":\"https:\\\/\\\/vrip.ubiobio.cl\\\/inicio\\\/informativos-vrip\\\/\"},{\"@type\":\"ListItem\",\"position\":3,\"name\":\"Informativo VRIP 27 Mayo 2024\"}]},{\"@type\":\"WebSite\",\"@id\":\"https:\\\/\\\/vrip.ubiobio.cl\\\/inicio\\\/#website\",\"url\":\"https:\\\/\\\/vrip.ubiobio.cl\\\/inicio\\\/\",\"name\":\"VRIP\",\"description\":\"Vicerrector\u00eda de Investigaci\u00f3n y Postgrado\",\"publisher\":{\"@id\":\"https:\\\/\\\/vrip.ubiobio.cl\\\/inicio\\\/#organization\"},\"potentialAction\":[{\"@type\":\"SearchAction\",\"target\":{\"@type\":\"EntryPoint\",\"urlTemplate\":\"https:\\\/\\\/vrip.ubiobio.cl\\\/inicio\\\/?s={search_term_string}\"},\"query-input\":{\"@type\":\"PropertyValueSpecification\",\"valueRequired\":true,\"valueName\":\"search_term_string\"}}],\"inLanguage\":\"es\"},{\"@type\":\"Organization\",\"@id\":\"https:\\\/\\\/vrip.ubiobio.cl\\\/inicio\\\/#organization\",\"name\":\"VRIP\",\"url\":\"https:\\\/\\\/vrip.ubiobio.cl\\\/inicio\\\/\",\"logo\":{\"@type\":\"ImageObject\",\"inLanguage\":\"es\",\"@id\":\"https:\\\/\\\/vrip.ubiobio.cl\\\/inicio\\\/#\\\/schema\\\/logo\\\/image\\\/\",\"url\":\"https:\\\/\\\/vrip.ubiobio.cl\\\/wp-content\\\/uploads\\\/2022\\\/10\\\/logo-vrip_Mesa-de-trabajo-1.png\",\"contentUrl\":\"https:\\\/\\\/vrip.ubiobio.cl\\\/wp-content\\\/uploads\\\/2022\\\/10\\\/logo-vrip_Mesa-de-trabajo-1.png\",\"width\":642,\"height\":178,\"caption\":\"VRIP\"},\"image\":{\"@id\":\"https:\\\/\\\/vrip.ubiobio.cl\\\/inicio\\\/#\\\/schema\\\/logo\\\/image\\\/\"},\"sameAs\":[\"https:\\\/\\\/x.com\\\/vripubb\",\"https:\\\/\\\/www.instagram.com\\\/vrip_ubb\\\/\",\"https:\\\/\\\/www.youtube.com\\\/channel\\\/UCf7o8yHRJ7Y_QQLxwu1KQgA\",\"https:\\\/\\\/www.linkedin.com\\\/company\\\/96035097\\\/admin\\\/dashboard\\\/\"]}]}<\/script>\n<!-- \/ Yoast SEO plugin. -->","yoast_head_json":{"title":"Informativo VRIP 27 Mayo 2024 - VRIP","robots":{"index":"index","follow":"follow","max-snippet":"max-snippet:-1","max-image-preview":"max-image-preview:large","max-video-preview":"max-video-preview:-1"},"canonical":"https:\/\/vrip.ubiobio.cl\/inicio\/informativos-vrip\/edicion-27-mayo-2024\/","og_locale":"es_ES","og_type":"article","og_title":"Informativo VRIP 27 Mayo 2024 - VRIP","og_description":"Edici\u00f3n 27 Mayo 2024 Ministerio de Ciencia realiza su Cuenta P\u00fablica, a\u00f1o 2024 El Ministerio de Ciencia, Tecnolog\u00eda, Conocimiento e Innovaci\u00f3n realiza su tradicional Cuenta P\u00fablica fuera de Santiago. Oportunidad en que la Ministra Ais\u00e9n Etcheverry, da a conocer a la ciudadan\u00eda la gesti\u00f3n institucional para su evaluaci\u00f3n, garantizando est\u00e1ndares de transparencia y probidad. Este...","og_url":"https:\/\/vrip.ubiobio.cl\/inicio\/informativos-vrip\/edicion-27-mayo-2024\/","og_site_name":"VRIP","article_modified_time":"2024-05-27T18:42:08+00:00","og_image":[{"width":834,"height":290,"url":"https:\/\/vrip.ubiobio.cl\/wp-content\/uploads\/2023\/11\/Informativo-VRIP-Banner.jpg","type":"image\/jpeg"}],"twitter_card":"summary_large_image","twitter_site":"@vripubb","twitter_misc":{"Tiempo de lectura":"6 minutos"},"schema":{"@context":"https:\/\/schema.org","@graph":[{"@type":"WebPage","@id":"https:\/\/vrip.ubiobio.cl\/inicio\/informativos-vrip\/edicion-27-mayo-2024\/","url":"https:\/\/vrip.ubiobio.cl\/inicio\/informativos-vrip\/edicion-27-mayo-2024\/","name":"Informativo VRIP 27 Mayo 2024 - VRIP","isPartOf":{"@id":"https:\/\/vrip.ubiobio.cl\/inicio\/#website"},"primaryImageOfPage":{"@id":"https:\/\/vrip.ubiobio.cl\/inicio\/informativos-vrip\/edicion-27-mayo-2024\/#primaryimage"},"image":{"@id":"https:\/\/vrip.ubiobio.cl\/inicio\/informativos-vrip\/edicion-27-mayo-2024\/#primaryimage"},"thumbnailUrl":"https:\/\/vrip.ubiobio.cl\/wp-content\/uploads\/2023\/11\/Informativo-VRIP-Banner.jpg","datePublished":"2024-05-27T16:42:44+00:00","dateModified":"2024-05-27T18:42:08+00:00","breadcrumb":{"@id":"https:\/\/vrip.ubiobio.cl\/inicio\/informativos-vrip\/edicion-27-mayo-2024\/#breadcrumb"},"inLanguage":"es","potentialAction":[{"@type":"ReadAction","target":["https:\/\/vrip.ubiobio.cl\/inicio\/informativos-vrip\/edicion-27-mayo-2024\/"]}]},{"@type":"ImageObject","inLanguage":"es","@id":"https:\/\/vrip.ubiobio.cl\/inicio\/informativos-vrip\/edicion-27-mayo-2024\/#primaryimage","url":"https:\/\/vrip.ubiobio.cl\/wp-content\/uploads\/2023\/11\/Informativo-VRIP-Banner.jpg","contentUrl":"https:\/\/vrip.ubiobio.cl\/wp-content\/uploads\/2023\/11\/Informativo-VRIP-Banner.jpg"},{"@type":"BreadcrumbList","@id":"https:\/\/vrip.ubiobio.cl\/inicio\/informativos-vrip\/edicion-27-mayo-2024\/#breadcrumb","itemListElement":[{"@type":"ListItem","position":1,"name":"Portada","item":"https:\/\/vrip.ubiobio.cl\/inicio\/"},{"@type":"ListItem","position":2,"name":"Informativos VRIP","item":"https:\/\/vrip.ubiobio.cl\/inicio\/informativos-vrip\/"},{"@type":"ListItem","position":3,"name":"Informativo VRIP 27 Mayo 2024"}]},{"@type":"WebSite","@id":"https:\/\/vrip.ubiobio.cl\/inicio\/#website","url":"https:\/\/vrip.ubiobio.cl\/inicio\/","name":"VRIP","description":"Vicerrector\u00eda de Investigaci\u00f3n y Postgrado","publisher":{"@id":"https:\/\/vrip.ubiobio.cl\/inicio\/#organization"},"potentialAction":[{"@type":"SearchAction","target":{"@type":"EntryPoint","urlTemplate":"https:\/\/vrip.ubiobio.cl\/inicio\/?s={search_term_string}"},"query-input":{"@type":"PropertyValueSpecification","valueRequired":true,"valueName":"search_term_string"}}],"inLanguage":"es"},{"@type":"Organization","@id":"https:\/\/vrip.ubiobio.cl\/inicio\/#organization","name":"VRIP","url":"https:\/\/vrip.ubiobio.cl\/inicio\/","logo":{"@type":"ImageObject","inLanguage":"es","@id":"https:\/\/vrip.ubiobio.cl\/inicio\/#\/schema\/logo\/image\/","url":"https:\/\/vrip.ubiobio.cl\/wp-content\/uploads\/2022\/10\/logo-vrip_Mesa-de-trabajo-1.png","contentUrl":"https:\/\/vrip.ubiobio.cl\/wp-content\/uploads\/2022\/10\/logo-vrip_Mesa-de-trabajo-1.png","width":642,"height":178,"caption":"VRIP"},"image":{"@id":"https:\/\/vrip.ubiobio.cl\/inicio\/#\/schema\/logo\/image\/"},"sameAs":["https:\/\/x.com\/vripubb","https:\/\/www.instagram.com\/vrip_ubb\/","https:\/\/www.youtube.com\/channel\/UCf7o8yHRJ7Y_QQLxwu1KQgA","https:\/\/www.linkedin.com\/company\/96035097\/admin\/dashboard\/"]}]}},"_links":{"self":[{"href":"https:\/\/vrip.ubiobio.cl\/inicio\/wp-json\/wp\/v2\/pages\/44970","targetHints":{"allow":["GET"]}}],"collection":[{"href":"https:\/\/vrip.ubiobio.cl\/inicio\/wp-json\/wp\/v2\/pages"}],"about":[{"href":"https:\/\/vrip.ubiobio.cl\/inicio\/wp-json\/wp\/v2\/types\/page"}],"author":[{"embeddable":true,"href":"https:\/\/vrip.ubiobio.cl\/inicio\/wp-json\/wp\/v2\/users\/1"}],"replies":[{"embeddable":true,"href":"https:\/\/vrip.ubiobio.cl\/inicio\/wp-json\/wp\/v2\/comments?post=44970"}],"version-history":[{"count":7,"href":"https:\/\/vrip.ubiobio.cl\/inicio\/wp-json\/wp\/v2\/pages\/44970\/revisions"}],"predecessor-version":[{"id":45001,"href":"https:\/\/vrip.ubiobio.cl\/inicio\/wp-json\/wp\/v2\/pages\/44970\/revisions\/45001"}],"up":[{"embeddable":true,"href":"https:\/\/vrip.ubiobio.cl\/inicio\/wp-json\/wp\/v2\/pages\/41711"}],"wp:attachment":[{"href":"https:\/\/vrip.ubiobio.cl\/inicio\/wp-json\/wp\/v2\/media?parent=44970"}],"curies":[{"name":"wp","href":"https:\/\/api.w.org\/{rel}","templated":true}]}}