{"id":44606,"date":"2024-04-30T15:48:07","date_gmt":"2024-04-30T15:48:07","guid":{"rendered":"https:\/\/vrip.ubiobio.cl\/inicio\/?page_id=44606"},"modified":"2025-06-17T16:13:16","modified_gmt":"2025-06-17T16:13:16","slug":"edicion-29-abril-2024","status":"publish","type":"page","link":"https:\/\/vrip.ubiobio.cl\/inicio\/informativos-vrip\/edicion-29-abril-2024\/","title":{"rendered":"Informativo VRIP 29 Abril 2024"},"content":{"rendered":"\t\t<div data-elementor-type=\"wp-page\" data-elementor-id=\"44606\" class=\"elementor elementor-44606\" data-elementor-settings=\"{&quot;ha_cmc_init_switcher&quot;:&quot;no&quot;}\">\n\t\t\t\t\t\t<section class=\"elementor-section elementor-top-section elementor-element elementor-element-619a71f elementor-section-height-min-height elementor-section-boxed elementor-section-height-default elementor-section-items-middle\" data-id=\"619a71f\" data-element_type=\"section\" data-e-type=\"section\" data-settings=\"{&quot;background_background&quot;:&quot;classic&quot;,&quot;_ha_eqh_enable&quot;:false}\">\n\t\t\t\t\t\t<div class=\"elementor-container elementor-column-gap-default\">\n\t\t\t\t\t<div class=\"elementor-column elementor-col-100 elementor-top-column elementor-element elementor-element-49770de0 elementor-invisible\" data-id=\"49770de0\" data-element_type=\"column\" data-e-type=\"column\" data-settings=\"{&quot;animation&quot;:&quot;slideInDown&quot;}\">\n\t\t\t<div class=\"elementor-widget-wrap elementor-element-populated\">\n\t\t\t\t\t\t<div class=\"elementor-element elementor-element-5c1ba5a3 elementor-widget elementor-widget-heading\" data-id=\"5c1ba5a3\" data-element_type=\"widget\" data-e-type=\"widget\" data-widget_type=\"heading.default\">\n\t\t\t\t<div class=\"elementor-widget-container\">\n\t\t\t\t\t<h3 class=\"elementor-heading-title elementor-size-xl\">Edici\u00f3n 29 Abril 2024<\/h3>\t\t\t\t<\/div>\n\t\t\t\t<\/div>\n\t\t\t\t\t<\/div>\n\t\t<\/div>\n\t\t\t\t\t<\/div>\n\t\t<\/section>\n\t\t\t\t<section class=\"elementor-section elementor-top-section elementor-element elementor-element-a485fdf elementor-section-boxed elementor-section-height-default elementor-section-height-default\" data-id=\"a485fdf\" data-element_type=\"section\" data-e-type=\"section\" data-settings=\"{&quot;_ha_eqh_enable&quot;:false}\">\n\t\t\t\t\t\t<div class=\"elementor-container elementor-column-gap-default\">\n\t\t\t\t\t<div class=\"elementor-column elementor-col-33 elementor-top-column elementor-element elementor-element-ece34e2\" data-id=\"ece34e2\" data-element_type=\"column\" data-e-type=\"column\">\n\t\t\t<div class=\"elementor-widget-wrap\">\n\t\t\t\t\t\t\t<\/div>\n\t\t<\/div>\n\t\t\t\t<div class=\"elementor-column elementor-col-33 elementor-top-column elementor-element elementor-element-c4e8f33\" data-id=\"c4e8f33\" data-element_type=\"column\" data-e-type=\"column\">\n\t\t\t<div class=\"elementor-widget-wrap elementor-element-populated\">\n\t\t\t\t\t\t<div class=\"elementor-element elementor-element-5a90842 elementor-widget elementor-widget-image\" data-id=\"5a90842\" data-element_type=\"widget\" data-e-type=\"widget\" data-widget_type=\"image.default\">\n\t\t\t\t<div class=\"elementor-widget-container\">\n\t\t\t\t\t\t\t\t\t\t\t\t\t\t\t<img fetchpriority=\"high\" decoding=\"async\" width=\"834\" height=\"290\" src=\"https:\/\/vrip.ubiobio.cl\/wp-content\/uploads\/2023\/11\/Informativo-VRIP-Banner.jpg\" class=\"attachment-large size-large wp-image-41783\" alt=\"\" srcset=\"https:\/\/vrip.ubiobio.cl\/wp-content\/uploads\/2023\/11\/Informativo-VRIP-Banner.jpg 834w, https:\/\/vrip.ubiobio.cl\/wp-content\/uploads\/2023\/11\/Informativo-VRIP-Banner-380x132.jpg 380w, https:\/\/vrip.ubiobio.cl\/wp-content\/uploads\/2023\/11\/Informativo-VRIP-Banner-768x267.jpg 768w\" sizes=\"(max-width: 834px) 100vw, 834px\" \/>\t\t\t\t\t\t\t\t\t\t\t\t\t\t\t<\/div>\n\t\t\t\t<\/div>\n\t\t\t\t\t<\/div>\n\t\t<\/div>\n\t\t\t\t<div class=\"elementor-column elementor-col-33 elementor-top-column elementor-element elementor-element-1f18c8e\" data-id=\"1f18c8e\" data-element_type=\"column\" data-e-type=\"column\">\n\t\t\t<div class=\"elementor-widget-wrap\">\n\t\t\t\t\t\t\t<\/div>\n\t\t<\/div>\n\t\t\t\t\t<\/div>\n\t\t<\/section>\n\t\t\t\t<section class=\"elementor-section elementor-top-section elementor-element elementor-element-3970b6e elementor-section-boxed elementor-section-height-default elementor-section-height-default\" data-id=\"3970b6e\" data-element_type=\"section\" data-e-type=\"section\" data-settings=\"{&quot;_ha_eqh_enable&quot;:false}\">\n\t\t\t\t\t\t<div class=\"elementor-container elementor-column-gap-default\">\n\t\t\t\t\t<div class=\"elementor-column elementor-col-33 elementor-top-column elementor-element elementor-element-26c2a57\" data-id=\"26c2a57\" data-element_type=\"column\" data-e-type=\"column\">\n\t\t\t<div class=\"elementor-widget-wrap\">\n\t\t\t\t\t\t\t<\/div>\n\t\t<\/div>\n\t\t\t\t<div class=\"elementor-column elementor-col-33 elementor-top-column elementor-element elementor-element-279be1bf\" data-id=\"279be1bf\" data-element_type=\"column\" data-e-type=\"column\">\n\t\t\t<div class=\"elementor-widget-wrap elementor-element-populated\">\n\t\t\t\t\t\t<div class=\"elementor-element elementor-element-d5e2ddd elementor-widget elementor-widget-text-editor\" data-id=\"d5e2ddd\" data-element_type=\"widget\" data-e-type=\"widget\" data-widget_type=\"text-editor.default\">\n\t\t\t\t<div class=\"elementor-widget-container\">\n\t\t\t\t\t\t\t\t\t<h3><span style=\"color: #0b5394;\"><b><img decoding=\"async\" src=\"https:\/\/flashissue.s3.us-east-1.amazonaws.com\/Lq8Wzl6RrKWp2Fdh5Fk3_MQ==.jpg\" \/><\/b><\/span><\/h3><h3><span style=\"color: #0b5394;\"><strong>UBB reconoce a investigadores por su aporte en Propiedad Intelectual<\/strong><\/span><\/h3><p>En el marco del D\u00eda Mundial de la Propiedad Intelectual, celebrado este viernes 26 de abril de 2024, e impulsado por INAPI en Chile, la Universidad del B\u00edo-B\u00edo a trav\u00e9s de su Oficina de Transferencia y Licenciamiento, OTL-UBB, se adhiri\u00f3 a estas actividades con un emotivo encuentro en Concepci\u00f3n y Chill\u00e1n, reconociendo el trabajo de sus investigadores involucrados en esta tem\u00e1tica.<\/p><hr \/><p><img decoding=\"async\" src=\"https:\/\/flashissue.s3.us-east-1.amazonaws.com\/YFZf7rhUQezctQOJb0cN_Mg==.jpg\" \/><\/p><h3><span style=\"color: #0b5394;\"><strong>DICREA-VRIP impulsa un plan piloto para potenciar la postulaci\u00f3n en el Concurso Fondecyt Iniciaci\u00f3n 2025<\/strong><\/span><\/h3><p>La acad\u00e9mica Dra. Ana Carolina Maldonado del Departamento Ciencias de la Educaci\u00f3n, Facultad de Educaci\u00f3n y Humanidades de la Universidad del B\u00edo-B\u00edo, fue parte del VI Congreso Internacional y VIII Nacional, en Argentina sobre la Evaluaci\u00f3n de los Aprendizajes y Formaci\u00f3n Inicial Docente, oportunidad en la que expuso detalles de su proyecto Fondecyt de Iniciaci\u00f3n 11220291 relacionado a la formaci\u00f3n docente.<\/p><p><em>Ver m\u00e1s<\/em>:\u00a0<a href=\"https:\/\/vrip.ubiobio.cl\/inicio\/noticias\/investigadora-ubb-presenta-ponencia-en-congreso-realizado-en-argentina-en-el-marco-de-su-proyecto-fondecyt-de-iniciacion\/\" target=\"_blank\" rel=\"noopener\" data-saferedirecturl=\"https:\/\/www.google.com\/url?q=https:\/\/vrip.ubiobio.cl\/inicio\/noticias\/investigadora-ubb-presenta-ponencia-en-congreso-realizado-en-argentina-en-el-marco-de-su-proyecto-fondecyt-de-iniciacion\/&amp;source=gmail&amp;ust=1714577255447000&amp;usg=AOvVaw1jldVuVJL9POmDIEaHrFY_\">https:\/\/vrip.ubiobio.cl\/<wbr \/>inicio\/noticias\/investigadora-<wbr \/>ubb-presenta-ponencia-en-<wbr \/>congreso-realizado-en-<wbr \/>argentina-en-el-marco-de-su-<wbr \/>proyecto-fondecyt-de-<wbr \/>iniciacion\/<\/a><\/p><hr \/><p><img decoding=\"async\" src=\"https:\/\/flashissue.s3.us-east-1.amazonaws.com\/Rhj0J1QFSW7Xpydu17pg_Mw==.jpg\" \/><\/p><h3><span style=\"color: #0b5394;\"><strong>Nueva aplicaci\u00f3n m\u00f3vil PanoramApp permite acceder a ofertas de eventos en un formato moderno, simple y efectivo<\/strong><\/span><\/h3><p>PanoramApp es un servicio de informaci\u00f3n ofrecido mediante una aplicaci\u00f3n m\u00f3vil, dise\u00f1ada para facilitar el acceso a la oferta de eventos locales en un formato moderno, iniciativa que cont\u00f3 con el apoyo de la Unidad de Emprendimiento de la Universidad del B\u00edo-B\u00edo.<\/p><p><em>Ver m\u00e1s<\/em>:\u00a0<a href=\"https:\/\/vrip.ubiobio.cl\/inicio\/noticias\/nueva-aplicacion-movil-panoramapp-permite-acceder-a-ofertas-de-eventos-en-un-formato-moderno-simple-y-efectivo\/\" target=\"_blank\" rel=\"noopener\" data-saferedirecturl=\"https:\/\/www.google.com\/url?q=https:\/\/vrip.ubiobio.cl\/inicio\/noticias\/nueva-aplicacion-movil-panoramapp-permite-acceder-a-ofertas-de-eventos-en-un-formato-moderno-simple-y-efectivo\/&amp;source=gmail&amp;ust=1714577255447000&amp;usg=AOvVaw0QO5RnD_0LRiGboQn9HIk4\">https:\/\/vrip.ubiobio.cl\/<wbr \/>inicio\/noticias\/nueva-<wbr \/>aplicacion-movil-panoramapp-<wbr \/>permite-acceder-a-ofertas-de-<wbr \/>eventos-en-un-formato-moderno-<wbr \/>simple-y-efectivo\/<\/a><\/p><hr \/><p><img decoding=\"async\" src=\"https:\/\/flashissue.s3.us-east-1.amazonaws.com\/mZpPyt8TTHW0QK4wk2Pw_MQ==.jpg\" \/><\/p><h3><span style=\"color: #0b5394;\"><strong>Mesa de Trabajo impulsada por OTL-UBB busca dar respuesta a los desaf\u00edos de las empresas locales<\/strong><\/span><\/h3><p>Este mi\u00e9rcoles 24 de abril, en dependencias del Centro de Innovaci\u00f3n se desarroll\u00f3 una nueva Mesa de Trabajo liderada por la Oficina de Transferencia y Licenciamiento, OTL-UBB, oportunidad en que fue invitada la empresa Eurotaff Chile para conocer su desaf\u00edo empresarial.<\/p><p><em>Ver m\u00e1s<\/em>:\u00a0<a href=\"https:\/\/vrip.ubiobio.cl\/inicio\/noticias\/mesa-de-trabajo-impulsada-por-otl-ubb-busca-dar-respuesta-a-los-desafios-de-las-empresas-locales\/\" target=\"_blank\" rel=\"noopener\" data-saferedirecturl=\"https:\/\/www.google.com\/url?q=https:\/\/vrip.ubiobio.cl\/inicio\/noticias\/mesa-de-trabajo-impulsada-por-otl-ubb-busca-dar-respuesta-a-los-desafios-de-las-empresas-locales\/&amp;source=gmail&amp;ust=1714577255447000&amp;usg=AOvVaw0GkYoiN4x8LdAtIGztLB4s\">https:\/\/vrip.ubiobio.cl\/<wbr \/>inicio\/noticias\/mesa-de-<wbr \/>trabajo-impulsada-por-otl-ubb-<wbr \/>busca-dar-respuesta-a-los-<wbr \/>desafios-de-las-empresas-<wbr \/>locales\/<\/a><\/p><hr \/><p><img decoding=\"async\" src=\"https:\/\/flashissue.s3.us-east-1.amazonaws.com\/Gh8DHY4TRQGvzIn8ecAb_Mg==.jpg\" \/><\/p><h3><span style=\"color: #0b5394;\"><strong>Investigador UBB inaugur\u00f3 la XXXVI Jornada de Matem\u00e1tica de la Zona Sur, realizada en Temuco<\/strong><\/span><\/h3><p>El investigador del Departamento de Matem\u00e1tica, de la Facultad de Ciencias, Dr. Ricardo Oyarz\u00faa, fue invitado para abrir la XXXVI Jornada de Matem\u00e1tica de la Zona Sur, que se efectu\u00f3 los d\u00edas 24, 25 y 26 de abril de 2024, en la Facultad de Ingenier\u00eda de la Universidad Cat\u00f3lica de Temuco.<\/p><p><em>Ver m\u00e1s<\/em>:\u00a0<a href=\"https:\/\/vrip.ubiobio.cl\/inicio\/noticias\/investigador-ubb-inauguro-la-xxxvi-jornada-de-matematica-de-la-zona-sur-realizada-en-temuco\/\" target=\"_blank\" rel=\"noopener\" data-saferedirecturl=\"https:\/\/www.google.com\/url?q=https:\/\/vrip.ubiobio.cl\/inicio\/noticias\/investigador-ubb-inauguro-la-xxxvi-jornada-de-matematica-de-la-zona-sur-realizada-en-temuco\/&amp;source=gmail&amp;ust=1714577255447000&amp;usg=AOvVaw30LgOmyX3ffc6C-NJP1I9b\">https:\/\/vrip.ubiobio.cl\/<wbr \/>inicio\/noticias\/investigador-<wbr \/>ubb-inauguro-la-xxxvi-jornada-<wbr \/>de-matematica-de-la-zona-sur-<wbr \/>realizada-en-temuco\/<\/a><\/p><hr \/><p><img decoding=\"async\" src=\"https:\/\/flashissue.s3.us-east-1.amazonaws.com\/FDvAK8OaQbuat0RtHg2c_Mg==.jpg\" \/><\/p><h3><span style=\"color: #0b5394;\"><strong>Amplio inter\u00e9s de estudiantes de pre y postgrado por participar de la XIV convocatoria Fondef VIU 2024<\/strong><\/span><\/h3><p>La Unidad de Emprendimiento de la Universidad del B\u00edo-B\u00edo organiz\u00f3 una serie de talleres para motivar a los estudiantes de pre y postgrado a participar de este nuevo concurso Fondef VIU de ANID que favorece con financiamiento para la realizaci\u00f3n de sus tesis.<\/p><p><em>Ver m\u00e1s<\/em>:\u00a0<a href=\"https:\/\/vrip.ubiobio.cl\/inicio\/uncategorized\/amplio-interes-de-estudiantes-de-pre-y-postgrado-por-participar-de-la-xiv-convocatoria-fondef-viu\/\" target=\"_blank\" rel=\"noopener\" data-saferedirecturl=\"https:\/\/www.google.com\/url?q=https:\/\/vrip.ubiobio.cl\/inicio\/uncategorized\/amplio-interes-de-estudiantes-de-pre-y-postgrado-por-participar-de-la-xiv-convocatoria-fondef-viu\/&amp;source=gmail&amp;ust=1714577255447000&amp;usg=AOvVaw3GH7VPhyN7R6VsxGquVJn5\">https:\/\/vrip.ubiobio.cl\/<wbr \/>inicio\/uncategorized\/amplio-<wbr \/>interes-de-estudiantes-de-pre-<wbr \/>y-postgrado-por-participar-de-<wbr \/>la-xiv-convocatoria-fondef-<wbr \/>viu\/<\/a><\/p><hr \/><p><img decoding=\"async\" src=\"https:\/\/flashissue.s3.us-east-1.amazonaws.com\/R6Ut3c2uTXigj71ZTj5e_VlJJUF9pbmZfZm90bw==.jpg\" \/><\/p><h3><span style=\"color: #0b5394;\"><strong>UBB participa de la Red Chilena de Revistas Cient\u00edficas<\/strong><\/span><\/h3><p>Una nueva reuni\u00f3n sostuvieron, v\u00eda zoom, los responsables de la\u00a0Red Chilena de Revistas Cient\u00edficas, en el marco del proyecto\u00a0de Revistas Cient\u00edficas, con el prop\u00f3sito de iniciar la discusi\u00f3n que permita elaborar una pol\u00edtica para las publicaciones cient\u00edficas de la Red.<\/p><p><em>Ver m\u00e1s<\/em>:\u00a0<a href=\"https:\/\/vrip.ubiobio.cl\/inicio\/noticias\/ubb-participa-de-la-red-chilena-de-revistas-cientificas\/\" target=\"_blank\" rel=\"noopener\" data-saferedirecturl=\"https:\/\/www.google.com\/url?q=https:\/\/vrip.ubiobio.cl\/inicio\/noticias\/ubb-participa-de-la-red-chilena-de-revistas-cientificas\/&amp;source=gmail&amp;ust=1714577255448000&amp;usg=AOvVaw0-3vv9b_ggaKEbqqlAjMYw\">https:\/\/vrip.ubiobio.cl\/<wbr \/>inicio\/noticias\/ubb-participa-<wbr \/>de-la-red-chilena-de-revistas-<wbr \/>cientificas\/<\/a><\/p><hr \/><p><img decoding=\"async\" src=\"https:\/\/flashissue.s3.us-east-1.amazonaws.com\/Ik5JeVRQuCTnm1cbMi95_MQ==.jpg\" \/><\/p><h3><span style=\"color: #0b5394;\"><strong>Nuevos acad\u00e9micos se incorporan a la direcci\u00f3n de programas de Postgrado UBB<\/strong><\/span><\/h3><p>Los directivos de la Direcci\u00f3n de Postgrado de la Universidad del B\u00edo-B\u00edo, encabezados por su directora la Dra. Carolina Luengo y el subdirector, Dr. Guillermo Latorre, en compa\u00f1\u00eda de la vicerrectora de Investigaci\u00f3n y Postgrado, Dra. Ang\u00e9lica Caro y los profesionales de esta direcci\u00f3n dieron la bienvenida, v\u00eda on line, el martes 16 de abril, en jornada de inducci\u00f3n a los nuevos 12 acad\u00e9micos que se incorporan a los programas de Postgrado de la Universidad del B\u00edo-B\u00edo.<\/p><p><em>Ver m\u00e1s<\/em>:\u00a0<a href=\"https:\/\/vrip.ubiobio.cl\/inicio\/noticias\/nuevos-academicos-se-incorporan-a-la-direccion-de-programas-de-postgrado-ubb\/\" target=\"_blank\" rel=\"noopener\" data-saferedirecturl=\"https:\/\/www.google.com\/url?q=https:\/\/vrip.ubiobio.cl\/inicio\/noticias\/nuevos-academicos-se-incorporan-a-la-direccion-de-programas-de-postgrado-ubb\/&amp;source=gmail&amp;ust=1714577255448000&amp;usg=AOvVaw3nYSvymAhkJQ2Di14KbtT5\">https:\/\/vrip.ubiobio.cl\/<wbr \/>inicio\/noticias\/nuevos-<wbr \/>academicos-se-incorporan-a-la-<wbr \/>direccion-de-programas-de-<wbr \/>postgrado-ubb\/<\/a><\/p><hr \/><p><img decoding=\"async\" src=\"https:\/\/flashissue.s3.us-east-1.amazonaws.com\/dbiCxq0S8WgLo1Edl4Ye_UmV2aXN0YXMgYmFubmVy.jpg\" \/><\/p><h3><span style=\"color: #0b5394;\"><strong>Tres Revistas de la Universidad del B\u00edo-B\u00edo se destacan en el Ranking SCImago 2024<\/strong><\/span><\/h3><p>La Direcci\u00f3n de Investigaci\u00f3n y Creaci\u00f3n Art\u00edstica informa que el \u00faltimo Ranking SCImago trae excelentes noticias para la Universidad del B\u00edo-B\u00edo, con tres de sus revistas posicionadas entre las m\u00e1s destacadas a nivel nacional. Se trata de las revistas \u201cMaderas: Ciencia y Tecnolog\u00eda\u201d, \u201cUrbano\u201d, y \u201cH\u00e1bitat Sustentable\u201d, pertenecientes a la Facultad de Ingenier\u00eda y la Facultad de Arquitectura, Construcci\u00f3n y Dise\u00f1o respectivamente, las que han alcanzado posiciones destacadas en el panorama acad\u00e9mico nacional, seg\u00fan los resultados del Ranking SCImago 2024.<\/p><p><em>Ver m\u00e1s<\/em>:\u00a0<a href=\"https:\/\/vrip.ubiobio.cl\/inicio\/ciencia-abierta\/tres-revistas-de-la-universidad-del-bio-bio-se-destacan-en-el-ranking-scimago-2024\/\" target=\"_blank\" rel=\"noopener\" data-saferedirecturl=\"https:\/\/www.google.com\/url?q=https:\/\/vrip.ubiobio.cl\/inicio\/ciencia-abierta\/tres-revistas-de-la-universidad-del-bio-bio-se-destacan-en-el-ranking-scimago-2024\/&amp;source=gmail&amp;ust=1714577255448000&amp;usg=AOvVaw1uTJVWY2O2gIUQ3q957s4B\">https:\/\/vrip.ubiobio.cl\/<wbr \/>inicio\/ciencia-abierta\/tres-<wbr \/>revistas-de-la-universidad-<wbr \/>del-bio-bio-se-destacan-en-el-<wbr \/>ranking-scimago-2024\/<\/a><\/p><hr \/><p><img decoding=\"async\" src=\"https:\/\/flashissue.s3.us-east-1.amazonaws.com\/zOH8lJ7JSa9b9aJJGbfg_Mw==.jpg\" \/><\/p><h3><span style=\"color: #0b5394;\"><strong>Experto espa\u00f1ol realiza estancia acad\u00e9mica en la UBB invitado por FACE<\/strong><\/span><\/h3><p>El Dr. Manuel Alonso Dos Santos, de la Universidad de Granada, Espa\u00f1a, acompa\u00f1ado por la decana de la FACE, Dra. Elizabeth Grand\u00f3n fue recibido por la vicerrectora de Investigaci\u00f3n y Postgrado, Dra. Ang\u00e9lica Caro, quien entreg\u00f3 un saludo institucional por ser becario de la Asociaci\u00f3n de Universidades de Investigaci\u00f3n y Posgrado, AUIP, asociaci\u00f3n a la que pertenece la Universidad del B\u00edo-B\u00edo.<\/p><p><em>Ver m\u00e1s<\/em>:\u00a0<a href=\"https:\/\/vrip.ubiobio.cl\/inicio\/noticias\/experto-espanol-realiza-estancia-academica-en-la-ubb-invitado-por-face\/\" target=\"_blank\" rel=\"noopener\" data-saferedirecturl=\"https:\/\/www.google.com\/url?q=https:\/\/vrip.ubiobio.cl\/inicio\/noticias\/experto-espanol-realiza-estancia-academica-en-la-ubb-invitado-por-face\/&amp;source=gmail&amp;ust=1714577255448000&amp;usg=AOvVaw2TZBRy7VY4vWK3jjXGhpcM\">https:\/\/vrip.ubiobio.cl\/<wbr \/>inicio\/noticias\/experto-<wbr \/>espanol-realiza-estancia-<wbr \/>academica-en-la-ubb-invitado-<wbr \/>por-face\/<\/a><\/p><hr \/><p><img decoding=\"async\" src=\"https:\/\/flashissue.s3.us-east-1.amazonaws.com\/9QCxt9DlTwKwoq47NepD_NA==.jpg\" \/><\/p><h3><span style=\"color: #0b5394;\"><strong>Reuni\u00f3n directores Acad\u00e9micos del Doctorado de Inteligencia Artificial<\/strong><\/span><\/h3><p>En el edificio de Tecnolog\u00edas Emergentes de la Universidad del B\u00edo-B\u00edo, se llev\u00f3 a cabo este mi\u00e9rcoles 17 de abril de 2024, la reuni\u00f3n directores Acad\u00e9micos del Doctorado de Inteligencia Artificial, el cual se ejecuta en consorcio por las universidades pertenecientes al Cruch Biob\u00edo-\u00d1uble.<\/p><p><em>Ver m\u00e1s<\/em>:\u00a0<a href=\"https:\/\/vrip.ubiobio.cl\/inicio\/noticias\/reunion-directores-academicos-del-doctorado-de-inteligencia-artificial\/\" target=\"_blank\" rel=\"noopener\" data-saferedirecturl=\"https:\/\/www.google.com\/url?q=https:\/\/vrip.ubiobio.cl\/inicio\/noticias\/reunion-directores-academicos-del-doctorado-de-inteligencia-artificial\/&amp;source=gmail&amp;ust=1714577255448000&amp;usg=AOvVaw0HnLj0x9LdxnEqO8ceep94\">https:\/\/vrip.ubiobio.cl\/<wbr \/>inicio\/noticias\/reunion-<wbr \/>directores-academicos-del-<wbr \/>doctorado-de-inteligencia-<wbr \/>artificial\/<\/a><\/p><hr \/><p><img decoding=\"async\" src=\"https:\/\/flashissue.s3.us-east-1.amazonaws.com\/F6O68vMT7WmsehbqakjS_NQ==.jpg\" \/><\/p><h3><span style=\"color: #0b5394;\"><strong>UBB e inmobiliaria Aconcagua construir\u00e1n el primer prototipo de vivienda impresa 3D de Latinoam\u00e9rica<\/strong><\/span><\/h3><p>La iniciativa marcar\u00e1 un precedente en la construcci\u00f3n nacional dado que ser\u00e1 el primer proyecto con estas caracter\u00edsticas en Chile y Latinoam\u00e9rica.<\/p><p><em>Ver m\u00e1s<\/em>:\u00a0<a href=\"https:\/\/vrip.ubiobio.cl\/inicio\/noticias\/ubb-e-inmobiliaria-aconcagua-construiran-el-primer-prototipo-de-vivienda-impresa-3d-de-latinoamerica\/\" target=\"_blank\" rel=\"noopener\" data-saferedirecturl=\"https:\/\/www.google.com\/url?q=https:\/\/vrip.ubiobio.cl\/inicio\/noticias\/ubb-e-inmobiliaria-aconcagua-construiran-el-primer-prototipo-de-vivienda-impresa-3d-de-latinoamerica\/&amp;source=gmail&amp;ust=1714577255448000&amp;usg=AOvVaw2_xc6j7VA_ZNf28ugFjUIL\">https:\/\/vrip.ubiobio.cl\/<wbr \/>inicio\/noticias\/ubb-e-<wbr \/>inmobiliaria-aconcagua-<wbr \/>construiran-el-primer-<wbr \/>prototipo-de-vivienda-impresa-<wbr \/>3d-de-latinoamerica\/<\/a><\/p><hr \/>\t\t\t\t\t\t\t\t<\/div>\n\t\t\t\t<\/div>\n\t\t\t\t\t<\/div>\n\t\t<\/div>\n\t\t\t\t<div class=\"elementor-column elementor-col-33 elementor-top-column elementor-element elementor-element-4029fc3\" data-id=\"4029fc3\" data-element_type=\"column\" data-e-type=\"column\">\n\t\t\t<div class=\"elementor-widget-wrap\">\n\t\t\t\t\t\t\t<\/div>\n\t\t<\/div>\n\t\t\t\t\t<\/div>\n\t\t<\/section>\n\t\t\t\t<section class=\"elementor-section elementor-top-section elementor-element elementor-element-8988c52 elementor-section-boxed elementor-section-height-default elementor-section-height-default\" data-id=\"8988c52\" data-element_type=\"section\" data-e-type=\"section\" data-settings=\"{&quot;_ha_eqh_enable&quot;:false}\">\n\t\t\t\t\t\t<div class=\"elementor-container elementor-column-gap-default\">\n\t\t\t\t\t<div class=\"elementor-column elementor-col-33 elementor-top-column elementor-element elementor-element-7d29cea\" data-id=\"7d29cea\" data-element_type=\"column\" data-e-type=\"column\">\n\t\t\t<div class=\"elementor-widget-wrap\">\n\t\t\t\t\t\t\t<\/div>\n\t\t<\/div>\n\t\t\t\t<div class=\"elementor-column elementor-col-33 elementor-top-column elementor-element elementor-element-c988a87\" data-id=\"c988a87\" data-element_type=\"column\" data-e-type=\"column\">\n\t\t\t<div class=\"elementor-widget-wrap elementor-element-populated\">\n\t\t\t\t\t\t<div class=\"elementor-element elementor-element-b842ace elementor-widget elementor-widget-text-editor\" data-id=\"b842ace\" data-element_type=\"widget\" data-e-type=\"widget\" data-widget_type=\"text-editor.default\">\n\t\t\t\t<div class=\"elementor-widget-container\">\n\t\t\t\t\t\t\t\t\t<h2><span style=\"color: #0b5394;\"><strong>ACTIVIDADES DISPONIBLES<\/strong><\/span><\/h2>\n<h3><span style=\"color: #0b5394;\"><strong>Jornada de charlas: Transitando hacia la I+D+i+ebct y TT,\u00a0Proyecto Ci2030 y Direcci\u00f3n de Innovaci\u00f3n<\/strong><\/span><\/h3>\n<img decoding=\"async\" src=\"https:\/\/flashissue.s3.us-east-1.amazonaws.com\/fI25iXMRRwWjVVhMJzZU_RkFDSV9DaTIwMzBfYmFubmVy.jpg\" \/>\n\n<hr \/>\n\n<h2><span style=\"color: #0b5394;\"><strong>INFORMACI\u00d3N VRIP<\/strong><\/span><\/h2>\n<h3><span style=\"color: #0b5394;\"><strong>Conoce nuestro Portafolio EBCT OTL-UBB<\/strong><\/span><\/h3>\nLa Vicerrector\u00eda de Investigaci\u00f3n y Postgrado de la Universidad del B\u00edo-B\u00edo, por medio de la Oficina de Transferencia y Licenciamiento y la Unidad de Emprendimiento, han dise\u00f1ado el portafolio de empresas de base cient\u00edfico tecnol\u00f3gicas, con la finalidad de destacar a las empresas creadas al alero del desarrollo de la ciencia y tecnolog\u00eda de la Universidad, y que han tomado el camino del emprendimiento.\n\n<em>Ver m\u00e1s<\/em>:\u00a0<a href=\"https:\/\/vrip.ubiobio.cl\/wp-content\/uploads\/2024\/03\/OTL_Portafolio-EBCT_baja.pdf\" target=\"_blank\" rel=\"noopener\" data-saferedirecturl=\"https:\/\/www.google.com\/url?q=https:\/\/vrip.ubiobio.cl\/wp-content\/uploads\/2024\/03\/OTL_Portafolio-EBCT_baja.pdf&amp;source=gmail&amp;ust=1714577255448000&amp;usg=AOvVaw1cn2gDYPDUzs0cxSIYNe46\">https:\/\/vrip.ubiobio.cl\/<wbr \/>wp-content\/uploads\/2024\/03\/<wbr \/>OTL_Portafolio-EBCT_baja.pdf<\/a>\n\n<img decoding=\"async\" src=\"https:\/\/flashissue.s3.us-east-1.amazonaws.com\/nyAY8sWDTkmuGWIVDiOe_dW5uYW1lZA==.jpg\" \/>\n\n<hr \/>\n\n<h3><span style=\"color: #0b5394;\"><strong>Programas de Postgrados UBB disponibles<\/strong><\/span><\/h3>\n<a href=\"http:\/\/postgrados.ubiobio.cl\/\" target=\"_blank\" rel=\"noopener\" data-saferedirecturl=\"https:\/\/www.google.com\/url?q=http:\/\/postgrados.ubiobio.cl\/&amp;source=gmail&amp;ust=1714577255448000&amp;usg=AOvVaw2AwlnrhWpQSJ3-71ZFMYqC\">http:\/\/postgrados.ubiobio.cl\/<\/a>\n\n<img decoding=\"async\" src=\"https:\/\/flashissue.s3.us-east-1.amazonaws.com\/8ZFeNA80SZmjlpvkYt1X_VlJJUF9JbmZvcm1hdGl2b19CYW5uZXJfUG9zdGdyYWRv.jpg\" \/>\t\t\t\t\t\t\t\t<\/div>\n\t\t\t\t<\/div>\n\t\t\t\t\t<\/div>\n\t\t<\/div>\n\t\t\t\t<div class=\"elementor-column elementor-col-33 elementor-top-column elementor-element elementor-element-00af2b6\" data-id=\"00af2b6\" data-element_type=\"column\" data-e-type=\"column\">\n\t\t\t<div class=\"elementor-widget-wrap\">\n\t\t\t\t\t\t\t<\/div>\n\t\t<\/div>\n\t\t\t\t\t<\/div>\n\t\t<\/section>\n\t\t\t\t<section class=\"elementor-section elementor-top-section elementor-element elementor-element-5e68b69 elementor-section-boxed elementor-section-height-default elementor-section-height-default\" data-id=\"5e68b69\" data-element_type=\"section\" data-e-type=\"section\" data-settings=\"{&quot;_ha_eqh_enable&quot;:false}\">\n\t\t\t\t\t\t<div class=\"elementor-container elementor-column-gap-default\">\n\t\t\t\t\t<div class=\"elementor-column elementor-col-33 elementor-top-column elementor-element elementor-element-feb73eb\" data-id=\"feb73eb\" data-element_type=\"column\" data-e-type=\"column\">\n\t\t\t<div class=\"elementor-widget-wrap\">\n\t\t\t\t\t\t\t<\/div>\n\t\t<\/div>\n\t\t\t\t<div class=\"elementor-column elementor-col-33 elementor-top-column elementor-element elementor-element-bc91de3\" data-id=\"bc91de3\" data-element_type=\"column\" data-e-type=\"column\">\n\t\t\t<div class=\"elementor-widget-wrap elementor-element-populated\">\n\t\t\t\t\t\t<div class=\"elementor-element elementor-element-9f1f03a elementor-widget elementor-widget-text-editor\" data-id=\"9f1f03a\" data-element_type=\"widget\" data-e-type=\"widget\" data-widget_type=\"text-editor.default\">\n\t\t\t\t<div class=\"elementor-widget-container\">\n\t\t\t\t\t\t\t\t\t<table align=\"center\"><tbody><tr><td id=\"m_8467858756250299110m_4658873428329236187m_-7901358079350462190gmail-twitter-social-link\"><a href=\"https:\/\/www.twitter.com\/FlashIssue\" target=\"_blank\" rel=\"noopener\" data-saferedirecturl=\"https:\/\/www.google.com\/url?q=https:\/\/www.twitter.com\/FlashIssue&amp;source=gmail&amp;ust=1701886559522000&amp;usg=AOvVaw2YqocBqApBMfCECsazrFYp\"><img decoding=\"async\" class=\"CToWUd alignright\" src=\"https:\/\/app.flashissue.com\/images\/social-icons\/round\/twitter\/grey\/twitter48.png\" data-bit=\"iit\" \/><\/a><\/td><td>\u00a0<\/td><td id=\"m_8467858756250299110m_4658873428329236187m_-7901358079350462190gmail-youtube-social-link\"><a href=\"https:\/\/www.youtube.com\/channel\/UCf7o8yHRJ7Y_QQLxwu1KQgA\" target=\"_blank\" rel=\"noopener\" data-saferedirecturl=\"https:\/\/www.google.com\/url?q=https:\/\/www.youtube.com\/channel\/UCf7o8yHRJ7Y_QQLxwu1KQgA&amp;source=gmail&amp;ust=1701886559523000&amp;usg=AOvVaw0jM7z9DMsgsZI5rYjuzYkv\"><img decoding=\"async\" class=\"CToWUd aligncenter\" src=\"https:\/\/app.flashissue.com\/images\/social-icons\/round\/youtube\/grey\/youtube48.png\" data-bit=\"iit\" \/><\/a><\/td><td>\u00a0<\/td><td id=\"m_8467858756250299110m_4658873428329236187m_-7901358079350462190gmail-instagram-social-link\"><a href=\"https:\/\/www.instagram.com\/vrip_ubb\" target=\"_blank\" rel=\"noopener\" data-saferedirecturl=\"https:\/\/www.google.com\/url?q=https:\/\/www.instagram.com\/vrip_ubb&amp;source=gmail&amp;ust=1701886559523000&amp;usg=AOvVaw2F_KM9oE9lwudPrAZbmCZ0\"><img decoding=\"async\" class=\"CToWUd alignleft\" src=\"https:\/\/app.flashissue.com\/images\/social-icons\/round\/instagram\/grey\/instagram48.png\" data-bit=\"iit\" \/><\/a><\/td><\/tr><\/tbody><\/table><p><img decoding=\"async\" src=\"https:\/\/flashissue.s3.us-east-1.amazonaws.com\/xVesVrgXREOs3TCWMlFA_dXAtZG93bi0wMg==.jpg\" \/><\/p><p style=\"text-align: center;\">Vicerrector\u00eda de Investigaci\u00f3n y Postgrado &#8211; Universidad del B\u00edo-B\u00edo<\/p><p style=\"text-align: center;\">Todos los derechos reservados, Av. Collao 1202, Concepci\u00f3n \/ Av. Andr\u00e9s Bello s\/n, Chill\u00e1n<\/p><p style=\"text-align: center;\">Comentarios a:\u00a0<strong><a href=\"mailto:vripcomunicaciones@ubiobio.cl?subject=Comentario%20newsletter\" target=\"_blank\" rel=\"noopener\">vripcomunicaciones@ubiobio.<wbr \/>cl<\/a><\/strong><\/p>\t\t\t\t\t\t\t\t<\/div>\n\t\t\t\t<\/div>\n\t\t\t\t\t<\/div>\n\t\t<\/div>\n\t\t\t\t<div class=\"elementor-column elementor-col-33 elementor-top-column elementor-element elementor-element-c421ef0\" data-id=\"c421ef0\" data-element_type=\"column\" data-e-type=\"column\">\n\t\t\t<div class=\"elementor-widget-wrap\">\n\t\t\t\t\t\t\t<\/div>\n\t\t<\/div>\n\t\t\t\t\t<\/div>\n\t\t<\/section>\n\t\t\t\t<section class=\"elementor-section elementor-top-section elementor-element elementor-element-38f252df elementor-section-boxed elementor-section-height-default elementor-section-height-default\" data-id=\"38f252df\" data-element_type=\"section\" data-e-type=\"section\" data-settings=\"{&quot;_ha_eqh_enable&quot;:false}\">\n\t\t\t\t\t\t<div class=\"elementor-container elementor-column-gap-default\">\n\t\t\t\t\t\t<\/div>\n\t\t<\/section>\n\t\t\t\t<section class=\"elementor-section elementor-top-section elementor-element elementor-element-c05f85d elementor-section-boxed elementor-section-height-default elementor-section-height-default\" data-id=\"c05f85d\" data-element_type=\"section\" data-e-type=\"section\" data-settings=\"{&quot;_ha_eqh_enable&quot;:false}\">\n\t\t\t\t\t\t<div class=\"elementor-container elementor-column-gap-default\">\n\t\t\t\t\t<div class=\"elementor-column elementor-col-100 elementor-top-column elementor-element elementor-element-c588dc1\" data-id=\"c588dc1\" data-element_type=\"column\" data-e-type=\"column\">\n\t\t\t<div class=\"elementor-widget-wrap elementor-element-populated\">\n\t\t\t\t\t\t<div class=\"elementor-element elementor-element-4a24d89 elementor-widget elementor-widget-spacer\" data-id=\"4a24d89\" data-element_type=\"widget\" data-e-type=\"widget\" data-widget_type=\"spacer.default\">\n\t\t\t\t<div class=\"elementor-widget-container\">\n\t\t\t\t\t\t\t<div class=\"elementor-spacer\">\n\t\t\t<div class=\"elementor-spacer-inner\"><\/div>\n\t\t<\/div>\n\t\t\t\t\t\t<\/div>\n\t\t\t\t<\/div>\n\t\t\t\t\t<\/div>\n\t\t<\/div>\n\t\t\t\t\t<\/div>\n\t\t<\/section>\n\t\t\t\t<\/div>\n\t\t","protected":false},"excerpt":{"rendered":"<p>Edici\u00f3n 29 Abril 2024 UBB reconoce a investigadores por su aporte en Propiedad Intelectual En el marco del D\u00eda Mundial de la Propiedad Intelectual, celebrado este viernes 26 de abril de 2024, e impulsado por INAPI en Chile, la Universidad del B\u00edo-B\u00edo a trav\u00e9s de su Oficina de Transferencia y Licenciamiento, OTL-UBB, se adhiri\u00f3 a&#8230;<\/p>\n","protected":false},"author":1,"featured_media":0,"parent":41711,"menu_order":0,"comment_status":"closed","ping_status":"closed","template":"","meta":{"_kadence_starter_templates_imported_post":false,"_kad_post_transparent":"default","_kad_post_title":"hide","_kad_post_layout":"fullwidth","_kad_post_sidebar_id":"","_kad_post_content_style":"unboxed","_kad_post_vertical_padding":"hide","_kad_post_feature":"hide","_kad_post_feature_position":"","_kad_post_header":false,"_kad_post_footer":false,"footnotes":""},"class_list":["post-44606","page","type-page","status-publish","hentry"],"yoast_head":"<!-- This site is optimized with the Yoast SEO plugin v27.5 - https:\/\/yoast.com\/product\/yoast-seo-wordpress\/ -->\n<title>Informativo VRIP 29 Abril 2024 - VRIP<\/title>\n<meta name=\"robots\" content=\"index, follow, max-snippet:-1, max-image-preview:large, max-video-preview:-1\" \/>\n<link rel=\"canonical\" href=\"https:\/\/vrip.ubiobio.cl\/inicio\/informativos-vrip\/edicion-29-abril-2024\/\" \/>\n<meta property=\"og:locale\" content=\"es_ES\" \/>\n<meta property=\"og:type\" content=\"article\" \/>\n<meta property=\"og:title\" content=\"Informativo VRIP 29 Abril 2024 - VRIP\" \/>\n<meta property=\"og:description\" content=\"Edici\u00f3n 29 Abril 2024 UBB reconoce a investigadores por su aporte en Propiedad Intelectual En el marco del D\u00eda Mundial de la Propiedad Intelectual, celebrado este viernes 26 de abril de 2024, e impulsado por INAPI en Chile, la Universidad del B\u00edo-B\u00edo a trav\u00e9s de su Oficina de Transferencia y Licenciamiento, OTL-UBB, se adhiri\u00f3 a...\" \/>\n<meta property=\"og:url\" content=\"https:\/\/vrip.ubiobio.cl\/inicio\/informativos-vrip\/edicion-29-abril-2024\/\" \/>\n<meta property=\"og:site_name\" content=\"VRIP\" \/>\n<meta property=\"article:modified_time\" content=\"2025-06-17T16:13:16+00:00\" \/>\n<meta property=\"og:image\" content=\"https:\/\/vrip.ubiobio.cl\/wp-content\/uploads\/2023\/11\/Informativo-VRIP-Banner.jpg\" \/>\n\t<meta property=\"og:image:width\" content=\"834\" \/>\n\t<meta property=\"og:image:height\" content=\"290\" \/>\n\t<meta property=\"og:image:type\" content=\"image\/jpeg\" \/>\n<meta name=\"twitter:card\" content=\"summary_large_image\" \/>\n<meta name=\"twitter:site\" content=\"@vripubb\" \/>\n<meta name=\"twitter:label1\" content=\"Tiempo de lectura\" \/>\n\t<meta name=\"twitter:data1\" content=\"6 minutos\" \/>\n<script type=\"application\/ld+json\" class=\"yoast-schema-graph\">{\"@context\":\"https:\\\/\\\/schema.org\",\"@graph\":[{\"@type\":\"WebPage\",\"@id\":\"https:\\\/\\\/vrip.ubiobio.cl\\\/inicio\\\/informativos-vrip\\\/edicion-29-abril-2024\\\/\",\"url\":\"https:\\\/\\\/vrip.ubiobio.cl\\\/inicio\\\/informativos-vrip\\\/edicion-29-abril-2024\\\/\",\"name\":\"Informativo VRIP 29 Abril 2024 - VRIP\",\"isPartOf\":{\"@id\":\"https:\\\/\\\/vrip.ubiobio.cl\\\/inicio\\\/#website\"},\"primaryImageOfPage\":{\"@id\":\"https:\\\/\\\/vrip.ubiobio.cl\\\/inicio\\\/informativos-vrip\\\/edicion-29-abril-2024\\\/#primaryimage\"},\"image\":{\"@id\":\"https:\\\/\\\/vrip.ubiobio.cl\\\/inicio\\\/informativos-vrip\\\/edicion-29-abril-2024\\\/#primaryimage\"},\"thumbnailUrl\":\"https:\\\/\\\/vrip.ubiobio.cl\\\/wp-content\\\/uploads\\\/2023\\\/11\\\/Informativo-VRIP-Banner.jpg\",\"datePublished\":\"2024-04-30T15:48:07+00:00\",\"dateModified\":\"2025-06-17T16:13:16+00:00\",\"breadcrumb\":{\"@id\":\"https:\\\/\\\/vrip.ubiobio.cl\\\/inicio\\\/informativos-vrip\\\/edicion-29-abril-2024\\\/#breadcrumb\"},\"inLanguage\":\"es\",\"potentialAction\":[{\"@type\":\"ReadAction\",\"target\":[\"https:\\\/\\\/vrip.ubiobio.cl\\\/inicio\\\/informativos-vrip\\\/edicion-29-abril-2024\\\/\"]}]},{\"@type\":\"ImageObject\",\"inLanguage\":\"es\",\"@id\":\"https:\\\/\\\/vrip.ubiobio.cl\\\/inicio\\\/informativos-vrip\\\/edicion-29-abril-2024\\\/#primaryimage\",\"url\":\"https:\\\/\\\/vrip.ubiobio.cl\\\/wp-content\\\/uploads\\\/2023\\\/11\\\/Informativo-VRIP-Banner.jpg\",\"contentUrl\":\"https:\\\/\\\/vrip.ubiobio.cl\\\/wp-content\\\/uploads\\\/2023\\\/11\\\/Informativo-VRIP-Banner.jpg\"},{\"@type\":\"BreadcrumbList\",\"@id\":\"https:\\\/\\\/vrip.ubiobio.cl\\\/inicio\\\/informativos-vrip\\\/edicion-29-abril-2024\\\/#breadcrumb\",\"itemListElement\":[{\"@type\":\"ListItem\",\"position\":1,\"name\":\"Portada\",\"item\":\"https:\\\/\\\/vrip.ubiobio.cl\\\/inicio\\\/\"},{\"@type\":\"ListItem\",\"position\":2,\"name\":\"Informativos VRIP\",\"item\":\"https:\\\/\\\/vrip.ubiobio.cl\\\/inicio\\\/informativos-vrip\\\/\"},{\"@type\":\"ListItem\",\"position\":3,\"name\":\"Informativo VRIP 29 Abril 2024\"}]},{\"@type\":\"WebSite\",\"@id\":\"https:\\\/\\\/vrip.ubiobio.cl\\\/inicio\\\/#website\",\"url\":\"https:\\\/\\\/vrip.ubiobio.cl\\\/inicio\\\/\",\"name\":\"VRIP\",\"description\":\"Vicerrector\u00eda de Investigaci\u00f3n y Postgrado\",\"publisher\":{\"@id\":\"https:\\\/\\\/vrip.ubiobio.cl\\\/inicio\\\/#organization\"},\"potentialAction\":[{\"@type\":\"SearchAction\",\"target\":{\"@type\":\"EntryPoint\",\"urlTemplate\":\"https:\\\/\\\/vrip.ubiobio.cl\\\/inicio\\\/?s={search_term_string}\"},\"query-input\":{\"@type\":\"PropertyValueSpecification\",\"valueRequired\":true,\"valueName\":\"search_term_string\"}}],\"inLanguage\":\"es\"},{\"@type\":\"Organization\",\"@id\":\"https:\\\/\\\/vrip.ubiobio.cl\\\/inicio\\\/#organization\",\"name\":\"VRIP\",\"url\":\"https:\\\/\\\/vrip.ubiobio.cl\\\/inicio\\\/\",\"logo\":{\"@type\":\"ImageObject\",\"inLanguage\":\"es\",\"@id\":\"https:\\\/\\\/vrip.ubiobio.cl\\\/inicio\\\/#\\\/schema\\\/logo\\\/image\\\/\",\"url\":\"https:\\\/\\\/vrip.ubiobio.cl\\\/wp-content\\\/uploads\\\/2022\\\/10\\\/logo-vrip_Mesa-de-trabajo-1.png\",\"contentUrl\":\"https:\\\/\\\/vrip.ubiobio.cl\\\/wp-content\\\/uploads\\\/2022\\\/10\\\/logo-vrip_Mesa-de-trabajo-1.png\",\"width\":642,\"height\":178,\"caption\":\"VRIP\"},\"image\":{\"@id\":\"https:\\\/\\\/vrip.ubiobio.cl\\\/inicio\\\/#\\\/schema\\\/logo\\\/image\\\/\"},\"sameAs\":[\"https:\\\/\\\/x.com\\\/vripubb\",\"https:\\\/\\\/www.instagram.com\\\/vrip_ubb\\\/\",\"https:\\\/\\\/www.youtube.com\\\/channel\\\/UCf7o8yHRJ7Y_QQLxwu1KQgA\",\"https:\\\/\\\/www.linkedin.com\\\/company\\\/96035097\\\/admin\\\/dashboard\\\/\"]}]}<\/script>\n<!-- \/ Yoast SEO plugin. -->","yoast_head_json":{"title":"Informativo VRIP 29 Abril 2024 - VRIP","robots":{"index":"index","follow":"follow","max-snippet":"max-snippet:-1","max-image-preview":"max-image-preview:large","max-video-preview":"max-video-preview:-1"},"canonical":"https:\/\/vrip.ubiobio.cl\/inicio\/informativos-vrip\/edicion-29-abril-2024\/","og_locale":"es_ES","og_type":"article","og_title":"Informativo VRIP 29 Abril 2024 - VRIP","og_description":"Edici\u00f3n 29 Abril 2024 UBB reconoce a investigadores por su aporte en Propiedad Intelectual En el marco del D\u00eda Mundial de la Propiedad Intelectual, celebrado este viernes 26 de abril de 2024, e impulsado por INAPI en Chile, la Universidad del B\u00edo-B\u00edo a trav\u00e9s de su Oficina de Transferencia y Licenciamiento, OTL-UBB, se adhiri\u00f3 a...","og_url":"https:\/\/vrip.ubiobio.cl\/inicio\/informativos-vrip\/edicion-29-abril-2024\/","og_site_name":"VRIP","article_modified_time":"2025-06-17T16:13:16+00:00","og_image":[{"width":834,"height":290,"url":"https:\/\/vrip.ubiobio.cl\/wp-content\/uploads\/2023\/11\/Informativo-VRIP-Banner.jpg","type":"image\/jpeg"}],"twitter_card":"summary_large_image","twitter_site":"@vripubb","twitter_misc":{"Tiempo de lectura":"6 minutos"},"schema":{"@context":"https:\/\/schema.org","@graph":[{"@type":"WebPage","@id":"https:\/\/vrip.ubiobio.cl\/inicio\/informativos-vrip\/edicion-29-abril-2024\/","url":"https:\/\/vrip.ubiobio.cl\/inicio\/informativos-vrip\/edicion-29-abril-2024\/","name":"Informativo VRIP 29 Abril 2024 - VRIP","isPartOf":{"@id":"https:\/\/vrip.ubiobio.cl\/inicio\/#website"},"primaryImageOfPage":{"@id":"https:\/\/vrip.ubiobio.cl\/inicio\/informativos-vrip\/edicion-29-abril-2024\/#primaryimage"},"image":{"@id":"https:\/\/vrip.ubiobio.cl\/inicio\/informativos-vrip\/edicion-29-abril-2024\/#primaryimage"},"thumbnailUrl":"https:\/\/vrip.ubiobio.cl\/wp-content\/uploads\/2023\/11\/Informativo-VRIP-Banner.jpg","datePublished":"2024-04-30T15:48:07+00:00","dateModified":"2025-06-17T16:13:16+00:00","breadcrumb":{"@id":"https:\/\/vrip.ubiobio.cl\/inicio\/informativos-vrip\/edicion-29-abril-2024\/#breadcrumb"},"inLanguage":"es","potentialAction":[{"@type":"ReadAction","target":["https:\/\/vrip.ubiobio.cl\/inicio\/informativos-vrip\/edicion-29-abril-2024\/"]}]},{"@type":"ImageObject","inLanguage":"es","@id":"https:\/\/vrip.ubiobio.cl\/inicio\/informativos-vrip\/edicion-29-abril-2024\/#primaryimage","url":"https:\/\/vrip.ubiobio.cl\/wp-content\/uploads\/2023\/11\/Informativo-VRIP-Banner.jpg","contentUrl":"https:\/\/vrip.ubiobio.cl\/wp-content\/uploads\/2023\/11\/Informativo-VRIP-Banner.jpg"},{"@type":"BreadcrumbList","@id":"https:\/\/vrip.ubiobio.cl\/inicio\/informativos-vrip\/edicion-29-abril-2024\/#breadcrumb","itemListElement":[{"@type":"ListItem","position":1,"name":"Portada","item":"https:\/\/vrip.ubiobio.cl\/inicio\/"},{"@type":"ListItem","position":2,"name":"Informativos VRIP","item":"https:\/\/vrip.ubiobio.cl\/inicio\/informativos-vrip\/"},{"@type":"ListItem","position":3,"name":"Informativo VRIP 29 Abril 2024"}]},{"@type":"WebSite","@id":"https:\/\/vrip.ubiobio.cl\/inicio\/#website","url":"https:\/\/vrip.ubiobio.cl\/inicio\/","name":"VRIP","description":"Vicerrector\u00eda de Investigaci\u00f3n y Postgrado","publisher":{"@id":"https:\/\/vrip.ubiobio.cl\/inicio\/#organization"},"potentialAction":[{"@type":"SearchAction","target":{"@type":"EntryPoint","urlTemplate":"https:\/\/vrip.ubiobio.cl\/inicio\/?s={search_term_string}"},"query-input":{"@type":"PropertyValueSpecification","valueRequired":true,"valueName":"search_term_string"}}],"inLanguage":"es"},{"@type":"Organization","@id":"https:\/\/vrip.ubiobio.cl\/inicio\/#organization","name":"VRIP","url":"https:\/\/vrip.ubiobio.cl\/inicio\/","logo":{"@type":"ImageObject","inLanguage":"es","@id":"https:\/\/vrip.ubiobio.cl\/inicio\/#\/schema\/logo\/image\/","url":"https:\/\/vrip.ubiobio.cl\/wp-content\/uploads\/2022\/10\/logo-vrip_Mesa-de-trabajo-1.png","contentUrl":"https:\/\/vrip.ubiobio.cl\/wp-content\/uploads\/2022\/10\/logo-vrip_Mesa-de-trabajo-1.png","width":642,"height":178,"caption":"VRIP"},"image":{"@id":"https:\/\/vrip.ubiobio.cl\/inicio\/#\/schema\/logo\/image\/"},"sameAs":["https:\/\/x.com\/vripubb","https:\/\/www.instagram.com\/vrip_ubb\/","https:\/\/www.youtube.com\/channel\/UCf7o8yHRJ7Y_QQLxwu1KQgA","https:\/\/www.linkedin.com\/company\/96035097\/admin\/dashboard\/"]}]}},"_links":{"self":[{"href":"https:\/\/vrip.ubiobio.cl\/inicio\/wp-json\/wp\/v2\/pages\/44606","targetHints":{"allow":["GET"]}}],"collection":[{"href":"https:\/\/vrip.ubiobio.cl\/inicio\/wp-json\/wp\/v2\/pages"}],"about":[{"href":"https:\/\/vrip.ubiobio.cl\/inicio\/wp-json\/wp\/v2\/types\/page"}],"author":[{"embeddable":true,"href":"https:\/\/vrip.ubiobio.cl\/inicio\/wp-json\/wp\/v2\/users\/1"}],"replies":[{"embeddable":true,"href":"https:\/\/vrip.ubiobio.cl\/inicio\/wp-json\/wp\/v2\/comments?post=44606"}],"version-history":[{"count":7,"href":"https:\/\/vrip.ubiobio.cl\/inicio\/wp-json\/wp\/v2\/pages\/44606\/revisions"}],"predecessor-version":[{"id":50543,"href":"https:\/\/vrip.ubiobio.cl\/inicio\/wp-json\/wp\/v2\/pages\/44606\/revisions\/50543"}],"up":[{"embeddable":true,"href":"https:\/\/vrip.ubiobio.cl\/inicio\/wp-json\/wp\/v2\/pages\/41711"}],"wp:attachment":[{"href":"https:\/\/vrip.ubiobio.cl\/inicio\/wp-json\/wp\/v2\/media?parent=44606"}],"curies":[{"name":"wp","href":"https:\/\/api.w.org\/{rel}","templated":true}]}}