{"id":44382,"date":"2024-04-16T12:44:06","date_gmt":"2024-04-16T12:44:06","guid":{"rendered":"https:\/\/vrip.ubiobio.cl\/inicio\/?page_id=44382"},"modified":"2025-06-17T16:17:23","modified_gmt":"2025-06-17T16:17:23","slug":"edicion-15-abril-2024","status":"publish","type":"page","link":"https:\/\/vrip.ubiobio.cl\/inicio\/informativos-vrip\/edicion-15-abril-2024\/","title":{"rendered":"Informativo VRIP 15 Abril 2024"},"content":{"rendered":"\t\t<div data-elementor-type=\"wp-page\" data-elementor-id=\"44382\" class=\"elementor elementor-44382\" data-elementor-settings=\"{&quot;ha_cmc_init_switcher&quot;:&quot;no&quot;}\">\n\t\t\t\t\t\t<section class=\"elementor-section elementor-top-section elementor-element elementor-element-619a71f elementor-section-height-min-height elementor-section-boxed elementor-section-height-default elementor-section-items-middle\" data-id=\"619a71f\" data-element_type=\"section\" data-e-type=\"section\" data-settings=\"{&quot;background_background&quot;:&quot;classic&quot;,&quot;_ha_eqh_enable&quot;:false}\">\n\t\t\t\t\t\t<div class=\"elementor-container elementor-column-gap-default\">\n\t\t\t\t\t<div class=\"elementor-column elementor-col-100 elementor-top-column elementor-element elementor-element-49770de0 elementor-invisible\" data-id=\"49770de0\" data-element_type=\"column\" data-e-type=\"column\" data-settings=\"{&quot;animation&quot;:&quot;slideInDown&quot;}\">\n\t\t\t<div class=\"elementor-widget-wrap elementor-element-populated\">\n\t\t\t\t\t\t<div class=\"elementor-element elementor-element-5c1ba5a3 elementor-widget elementor-widget-heading\" data-id=\"5c1ba5a3\" data-element_type=\"widget\" data-e-type=\"widget\" data-widget_type=\"heading.default\">\n\t\t\t\t<div class=\"elementor-widget-container\">\n\t\t\t\t\t<h3 class=\"elementor-heading-title elementor-size-xl\">Edici\u00f3n 15 Abril 2024<\/h3>\t\t\t\t<\/div>\n\t\t\t\t<\/div>\n\t\t\t\t\t<\/div>\n\t\t<\/div>\n\t\t\t\t\t<\/div>\n\t\t<\/section>\n\t\t\t\t<section class=\"elementor-section elementor-top-section elementor-element elementor-element-a485fdf elementor-section-boxed elementor-section-height-default elementor-section-height-default\" data-id=\"a485fdf\" data-element_type=\"section\" data-e-type=\"section\" data-settings=\"{&quot;_ha_eqh_enable&quot;:false}\">\n\t\t\t\t\t\t<div class=\"elementor-container elementor-column-gap-default\">\n\t\t\t\t\t<div class=\"elementor-column elementor-col-33 elementor-top-column elementor-element elementor-element-ece34e2\" data-id=\"ece34e2\" data-element_type=\"column\" data-e-type=\"column\">\n\t\t\t<div class=\"elementor-widget-wrap\">\n\t\t\t\t\t\t\t<\/div>\n\t\t<\/div>\n\t\t\t\t<div class=\"elementor-column elementor-col-33 elementor-top-column elementor-element elementor-element-c4e8f33\" data-id=\"c4e8f33\" data-element_type=\"column\" data-e-type=\"column\">\n\t\t\t<div class=\"elementor-widget-wrap elementor-element-populated\">\n\t\t\t\t\t\t<div class=\"elementor-element elementor-element-5a90842 elementor-widget elementor-widget-image\" data-id=\"5a90842\" data-element_type=\"widget\" data-e-type=\"widget\" data-widget_type=\"image.default\">\n\t\t\t\t<div class=\"elementor-widget-container\">\n\t\t\t\t\t\t\t\t\t\t\t\t\t\t\t<img fetchpriority=\"high\" decoding=\"async\" width=\"834\" height=\"290\" src=\"https:\/\/vrip.ubiobio.cl\/wp-content\/uploads\/2023\/11\/Informativo-VRIP-Banner.jpg\" class=\"attachment-large size-large wp-image-41783\" alt=\"\" srcset=\"https:\/\/vrip.ubiobio.cl\/wp-content\/uploads\/2023\/11\/Informativo-VRIP-Banner.jpg 834w, https:\/\/vrip.ubiobio.cl\/wp-content\/uploads\/2023\/11\/Informativo-VRIP-Banner-380x132.jpg 380w, https:\/\/vrip.ubiobio.cl\/wp-content\/uploads\/2023\/11\/Informativo-VRIP-Banner-768x267.jpg 768w\" sizes=\"(max-width: 834px) 100vw, 834px\" \/>\t\t\t\t\t\t\t\t\t\t\t\t\t\t\t<\/div>\n\t\t\t\t<\/div>\n\t\t\t\t\t<\/div>\n\t\t<\/div>\n\t\t\t\t<div class=\"elementor-column elementor-col-33 elementor-top-column elementor-element elementor-element-1f18c8e\" data-id=\"1f18c8e\" data-element_type=\"column\" data-e-type=\"column\">\n\t\t\t<div class=\"elementor-widget-wrap\">\n\t\t\t\t\t\t\t<\/div>\n\t\t<\/div>\n\t\t\t\t\t<\/div>\n\t\t<\/section>\n\t\t\t\t<section class=\"elementor-section elementor-top-section elementor-element elementor-element-3970b6e elementor-section-boxed elementor-section-height-default elementor-section-height-default\" data-id=\"3970b6e\" data-element_type=\"section\" data-e-type=\"section\" data-settings=\"{&quot;_ha_eqh_enable&quot;:false}\">\n\t\t\t\t\t\t<div class=\"elementor-container elementor-column-gap-default\">\n\t\t\t\t\t<div class=\"elementor-column elementor-col-33 elementor-top-column elementor-element elementor-element-26c2a57\" data-id=\"26c2a57\" data-element_type=\"column\" data-e-type=\"column\">\n\t\t\t<div class=\"elementor-widget-wrap\">\n\t\t\t\t\t\t\t<\/div>\n\t\t<\/div>\n\t\t\t\t<div class=\"elementor-column elementor-col-33 elementor-top-column elementor-element elementor-element-279be1bf\" data-id=\"279be1bf\" data-element_type=\"column\" data-e-type=\"column\">\n\t\t\t<div class=\"elementor-widget-wrap elementor-element-populated\">\n\t\t\t\t\t\t<div class=\"elementor-element elementor-element-cb53f68 elementor-widget elementor-widget-text-editor\" data-id=\"cb53f68\" data-element_type=\"widget\" data-e-type=\"widget\" data-widget_type=\"text-editor.default\">\n\t\t\t\t<div class=\"elementor-widget-container\">\n\t\t\t\t\t\t\t\t\t<p><img decoding=\"async\" src=\"https:\/\/flashissue.s3.us-east-1.amazonaws.com\/cvxU7ZHCSQaZsYDj2Tus_T1RMX0RpzIFhIFBJIDIwMjRfQ1A=.jpg\" \/><\/p><h3><span style=\"color: #0b5394;\"><b>INAPI invita a celebrar el D\u00eda Mundial de la Propiedad Intelectual<\/b><\/span><\/h3><p dir=\"ltr\">Desde la Oficina de Transferencia y Licenciamiento de la Universidad del B\u00edo-B\u00edo, OTL-UBB, se adhiere a los actos de celebraci\u00f3n por D\u00eda Internacional de la Propiedad Intelectual, a realizarse el 26 de abril de 2024, organizando dos actividades para ese d\u00eda en Concepci\u00f3n y Chill\u00e1n. Instancia que permitir\u00e1 reconocer el trabajo de investigadores e investigadoras relacionado a esta \u00e1rea.<\/p><hr \/><p><img decoding=\"async\" src=\"https:\/\/flashissue.s3.us-east-1.amazonaws.com\/xNDidsw7QqquuMD5hNm9_Yi1jdWVudGFfTWVzYSBkZSB0cmFiYWpvIDE=.jpg\" \/><\/p><h3><strong><span style=\"color: #0b5394;\">En este nuevo aniversario institucional, rector UBB destaca avances y desaf\u00edos en materia de I+D+i+e<\/span><\/strong><\/h3><p>El aniversario n\u00famero 77 de la Universidad del B\u00edo-B\u00edo, el rector Benito Uma\u00f1a hizo un repaso por las diversas \u00e1reas y dimensiones de la Universidad, desde donde destacamos lo relacionado al trabajo de las tres direcciones y sus respectivas unidades vinculadas a la Vicerrector\u00eda de Investigaci\u00f3n y Postgrado, VRIP.<\/p><p>Ver m\u00e1s:\u00a0<a href=\"https:\/\/vrip.ubiobio.cl\/inicio\/uncategorized\/en-este-nuevo-aniversario-institucional-rector-ubb-destaca-avances-y-desafios-en-materia-de-idie\/\" target=\"_blank\" rel=\"noopener\" data-saferedirecturl=\"https:\/\/www.google.com\/url?q=https:\/\/vrip.ubiobio.cl\/inicio\/uncategorized\/en-este-nuevo-aniversario-institucional-rector-ubb-destaca-avances-y-desafios-en-materia-de-idie\/&amp;source=gmail&amp;ust=1713355178391000&amp;usg=AOvVaw3HUUvOlT7AqvbO6p4Nu6S8\">https:\/\/vrip.ubiobio.cl\/<wbr \/>inicio\/uncategorized\/en-este-<wbr \/>nuevo-aniversario-<wbr \/>institucional-rector-ubb-<wbr \/>destaca-avances-y-desafios-en-<wbr \/>materia-de-idie\/<\/a><\/p><hr \/><p><img decoding=\"async\" src=\"https:\/\/flashissue.s3.us-east-1.amazonaws.com\/5reekFEtQuebnVTgAEbf_Yi1kYW5pZWxhX01lc2EgZGUgdHJhYmFqbyAx.jpg\" \/><\/p><h3><strong><span style=\"color: #0b5394;\">Daniela Dresdner, Delegada Presidencial del Biob\u00edo<\/span><\/strong><\/h3><p><span style=\"color: #999999;\">\u00a0<strong>\u201cNo hay mejor laboratorio para pensar el futuro y por sobre todo el presente que en una casa de estudios como la Universidad del B\u00edo-B\u00edo\u201d\u00a0<\/strong><\/span><\/p><p dir=\"ltr\"><span style=\"font-family: verdana, sans-serif; font-size: small;\">En la reciente Cuenta Anual la Delegada Presidencial de la Regi\u00f3n del Biob\u00edo, Daniela Dresdner, destac\u00f3 el trabajo y aporte que hace la Universidad del B\u00edo-B\u00edo a los territorios de Biob\u00edo y \u00d1uble.<\/span><\/p><p>Ver m\u00e1s:<a href=\"https:\/\/vrip.ubiobio.cl\/inicio\/destacados\/daniela-dresdner-delegada-presidencial-del-biobio-no-hay-mejor-laboratorio-para-pensar-el-futuro-y-por-sobre-todo-el-presente-que-en-una-casa-de-estudios-como-la-universidad-del-bio-bio\/\" target=\"_blank\" rel=\"noopener\" data-saferedirecturl=\"https:\/\/www.google.com\/url?q=https:\/\/vrip.ubiobio.cl\/inicio\/destacados\/daniela-dresdner-delegada-presidencial-del-biobio-no-hay-mejor-laboratorio-para-pensar-el-futuro-y-por-sobre-todo-el-presente-que-en-una-casa-de-estudios-como-la-universidad-del-bio-bio\/&amp;source=gmail&amp;ust=1713355178391000&amp;usg=AOvVaw3n-96aL9jRhRlAscIX8qdr\">https:\/\/vrip.ubiobio.cl\/<wbr \/>inicio\/destacados\/daniela-<wbr \/>dresdner-delegada-<wbr \/>presidencial-del-biobio-no-<wbr \/>hay-mejor-laboratorio-para-<wbr \/>pensar-el-futuro-y-por-sobre-<wbr \/>todo-el-presente-que-en-una-<wbr \/>casa-de-estudios-como-la-<wbr \/>universidad-del-bio-bio\/<\/a><\/p><hr \/><h3><img decoding=\"async\" class=\"alignnone size-full wp-image-44553\" src=\"https:\/\/vrip.ubiobio.cl\/wp-content\/uploads\/2024\/04\/Boletin-16-Abril-Seminario-internacional.jpg\" alt=\"\" width=\"2500\" height=\"1042\" srcset=\"https:\/\/vrip.ubiobio.cl\/wp-content\/uploads\/2024\/04\/Boletin-16-Abril-Seminario-internacional.jpg 2500w, https:\/\/vrip.ubiobio.cl\/wp-content\/uploads\/2024\/04\/Boletin-16-Abril-Seminario-internacional-380x158.jpg 380w, https:\/\/vrip.ubiobio.cl\/wp-content\/uploads\/2024\/04\/Boletin-16-Abril-Seminario-internacional-1024x427.jpg 1024w, https:\/\/vrip.ubiobio.cl\/wp-content\/uploads\/2024\/04\/Boletin-16-Abril-Seminario-internacional-768x320.jpg 768w, https:\/\/vrip.ubiobio.cl\/wp-content\/uploads\/2024\/04\/Boletin-16-Abril-Seminario-internacional-1536x640.jpg 1536w, https:\/\/vrip.ubiobio.cl\/wp-content\/uploads\/2024\/04\/Boletin-16-Abril-Seminario-internacional-2048x854.jpg 2048w\" sizes=\"(max-width: 2500px) 100vw, 2500px\" \/><\/h3><h3 style=\"font-weight: 400;\"><span style=\"color: #0b5394;\"><strong>Actores p\u00fablico, privado y acad\u00e9mico se dan cita en seminario internacional sobre\u00a0<\/strong><strong>construcci\u00f3n de viviendas industrializada sustentable en \u00d1uble<\/strong><\/span><\/h3><p style=\"font-weight: 400;\">Con la presencia del rector de la Universidad del B\u00edo-B\u00edo, Benito Uma\u00f1a y autoridades locales se realiz\u00f3, el mi\u00e9rcoles 3 y jueves 4 de abril de 2024, en el Campus Fernando May, el seminario internacional\u00a0\u201cVivienda Industrializada Sustentable: Motor para la Adaptaci\u00f3n al Cambio Clim\u00e1tico y Desarrollo del Mercado de la Construcci\u00f3n Sustentable en la Regi\u00f3n de \u00d1uble\u201d, una iniciativa patrocinada por CORFO-\u00d1uble a\u00a0trav\u00e9s de los fondos Viraliza &#8211; Eventos de Alta Convocatoria con foco en ecosistemas regionales.<\/p><p style=\"font-weight: 400;\">Ver m\u00e1s:\u00a0<a href=\"https:\/\/vrip.ubiobio.cl\/inicio\/destacados\/actores-del-mundo-publico-privado-y-academico-se-dan-cita-en-seminario-internacional-que-potencia-la-construccion-de-viviendas-industrializada-sustentable-en-nuble\/\" data-saferedirecturl=\"https:\/\/www.google.com\/url?q=https:\/\/vrip.ubiobio.cl\/inicio\/destacados\/actores-del-mundo-publico-privado-y-academico-se-dan-cita-en-seminario-internacional-que-potencia-la-construccion-de-viviendas-industrializada-sustentable-en-nuble\/&amp;source=gmail&amp;ust=1713355178391000&amp;usg=AOvVaw3JcGl6u7iBZvV3ht4F5RSR\">https:\/\/vrip.ubiobio.cl\/inicio\/destacados\/actores-del-mundo-publico-privado-y-academico-se-dan-cita-en-seminario-internacional-que-potencia-la-construccion-de-viviendas-industrializada-sustentable-en-nuble\/<\/a><\/p><hr \/><p><img decoding=\"async\" src=\"https:\/\/flashissue.s3.us-east-1.amazonaws.com\/yhUA8GGpThuQc5fkQNg0_Yi1kaWNyZWFfTWVzYSBkZSB0cmFiYWpvIDE=.jpg\" \/><\/p><h3><span style=\"color: #0b5394;\"><strong>Charla cient\u00edfica de Apoyo a la postulaci\u00f3n al Concurso Fondecyt Iniciaci\u00f3n 2025<\/strong>\u00a0<\/span><\/h3><p dir=\"ltr\"><span style=\"font-family: verdana, sans-serif; font-size: small;\">La Direcci\u00f3n de Investigaci\u00f3n y Creaci\u00f3n Art\u00edstica desarroll\u00f3 recientemente un taller para acad\u00e9micos y acad\u00e9micas UBB interesados en participar del concurso Fondecyt Iniciaci\u00f3n.\u00a0<\/span><\/p><p>VIDEO disponible en:\u00a0<a href=\"https:\/\/drive.google.com\/file\/d\/1mow9HUBwyTPo5jeexg-tgETEXvAVWAG6\/view?usp=sharing\" target=\"_blank\" rel=\"noopener\" data-saferedirecturl=\"https:\/\/www.google.com\/url?q=https:\/\/drive.google.com\/file\/d\/1mow9HUBwyTPo5jeexg-tgETEXvAVWAG6\/view?usp%3Dsharing&amp;source=gmail&amp;ust=1713355178391000&amp;usg=AOvVaw365wLPfPvagb_MGfH4Z68S\">https:\/\/drive.google.com\/<wbr \/>file\/d\/1mow9HUBwyTPo5jeexg-<wbr \/>tgETEXvAVWAG6\/view?usp=sharing<\/a><\/p><hr \/><p><img decoding=\"async\" src=\"https:\/\/flashissue.s3.us-east-1.amazonaws.com\/F1eA6kdPTDaL5NTfks9s_Yy1h.png\" \/><\/p><h3><strong><span style=\"color: #0b5394;\">Nueva c\u00e1psula sobre Ciencia Abierta impulsada por DICREA-UBB<\/span><\/strong><\/h3><p><span style=\"font-family: verdana, sans-serif; font-size: small;\">Compartimos segunda C\u00e1psula de Ciencia Abierta, una iniciativa de la Direcci\u00f3n de Investigaci\u00f3n y Creaci\u00f3n Art\u00edstica de la Universidad del B\u00edo-B\u00edo, adscrita a promover el acceso libre y gratuito a la literatura cient\u00edfica, fomentando su libre disponibilidad y permitiendo a cualquier usuario su lectura.<\/span><\/p><p>Ver c\u00e1psula en:\u00a0<a href=\"https:\/\/youtu.be\/2q0g4Ynn1gE?si=JkiT0x_3yxtrnfK-\" target=\"_blank\" rel=\"noopener\" data-saferedirecturl=\"https:\/\/www.google.com\/url?q=https:\/\/youtu.be\/2q0g4Ynn1gE?si%3DJkiT0x_3yxtrnfK-&amp;source=gmail&amp;ust=1713355178391000&amp;usg=AOvVaw0UHXqeC4RnX8CMOvZ8Q_tn\">https:\/\/youtu.be\/<wbr \/>2q0g4Ynn1gE?si=JkiT0x_<wbr \/>3yxtrnfK-<\/a><\/p><hr \/><p><img decoding=\"async\" src=\"https:\/\/flashissue.s3.us-east-1.amazonaws.com\/aP6jye60TZ6iuk4BlTFK_UkVJTkVEIGJhbm5lciB2cmlwICgxKQ==.png\" \/><\/p><h3><span style=\"color: #0b5394;\"><strong>Volumen 6, n\u00famero 1 de Revista Reflexi\u00f3n e Investigaci\u00f3n Educacional (REINED)<\/strong><\/span><\/h3><p style=\"font-weight: 400;\">Revista REINED es una iniciativa impulsada por la Facultad de Educaci\u00f3n y Humanidades y\u00a0busca generar un espacio acad\u00e9mico para difusi\u00f3n de trabajos de investigaci\u00f3n y reflexi\u00f3n acad\u00e9mica de los estudiantes de postgrado, acad\u00e9micos y estudiantes de pregrado, as\u00ed como de investigadores de otras instituciones y profesores de establecimientos educacionales.<\/p><p style=\"font-weight: 400;\">Ver m\u00e1s:\u00a0<a href=\"https:\/\/revistas.ubiobio.cl\/index.php\/REINED\/issue\/view\/395\" data-saferedirecturl=\"https:\/\/www.google.com\/url?q=https:\/\/revistas.ubiobio.cl\/index.php\/REINED\/issue\/view\/395&amp;source=gmail&amp;ust=1713355178391000&amp;usg=AOvVaw2sX8lvzAlpdlzI7QVOxpf_\">https:\/\/revistas.ubiobio.cl\/index.php\/REINED\/issue\/view\/395<\/a><\/p><hr \/><p><img decoding=\"async\" src=\"https:\/\/flashissue.s3.us-east-1.amazonaws.com\/rntnFC56QUKGV7XQ4ebI_Yi12aXVfTWVzYSBkZSB0cmFiYWpvIDE=.jpg\" \/><\/p><h3 style=\"font-weight: 400;\"><span style=\"color: #0b5394;\"><strong>Estudiantes UBB conocen detalles del XIV concurso Fondef VIU 2024<\/strong><\/span><\/h3><p style=\"font-weight: 400;\">Con amplia participaci\u00f3n se han desarrollado los talleres de difusi\u00f3n impulsados por la Unidad de Emprendimiento de la Universidad del B\u00edo-B\u00edo relacionados al XIV concurso Fondef VIU de ANID.<\/p><p style=\"font-weight: 400;\">Ver m\u00e1s:\u00a0<a href=\"https:\/\/vrip.ubiobio.cl\/inicio\/noticias\/responsable-de-anid-dio-a-conocer-detalles-del-concurso-viu-2024-para-estudiantes-ubb\/\" data-saferedirecturl=\"https:\/\/www.google.com\/url?q=https:\/\/vrip.ubiobio.cl\/inicio\/noticias\/responsable-de-anid-dio-a-conocer-detalles-del-concurso-viu-2024-para-estudiantes-ubb\/&amp;source=gmail&amp;ust=1713355178391000&amp;usg=AOvVaw2-XQ6oTwsmEqwl6DS6KUNy\">https:\/\/vrip.ubiobio.cl\/inicio\/noticias\/responsable-de-anid-dio-a-conocer-detalles-del-concurso-viu-2024-para-estudiantes-ubb\/<\/a><\/p><hr \/><p><img decoding=\"async\" class=\"alignnone size-full wp-image-44554\" src=\"https:\/\/vrip.ubiobio.cl\/wp-content\/uploads\/2024\/04\/Boletin-16-Abril-Representantes-Centro-Innovacion.jpg\" alt=\"\" width=\"2500\" height=\"1042\" srcset=\"https:\/\/vrip.ubiobio.cl\/wp-content\/uploads\/2024\/04\/Boletin-16-Abril-Representantes-Centro-Innovacion.jpg 2500w, https:\/\/vrip.ubiobio.cl\/wp-content\/uploads\/2024\/04\/Boletin-16-Abril-Representantes-Centro-Innovacion-380x158.jpg 380w, https:\/\/vrip.ubiobio.cl\/wp-content\/uploads\/2024\/04\/Boletin-16-Abril-Representantes-Centro-Innovacion-1024x427.jpg 1024w, https:\/\/vrip.ubiobio.cl\/wp-content\/uploads\/2024\/04\/Boletin-16-Abril-Representantes-Centro-Innovacion-768x320.jpg 768w, https:\/\/vrip.ubiobio.cl\/wp-content\/uploads\/2024\/04\/Boletin-16-Abril-Representantes-Centro-Innovacion-1536x640.jpg 1536w, https:\/\/vrip.ubiobio.cl\/wp-content\/uploads\/2024\/04\/Boletin-16-Abril-Representantes-Centro-Innovacion-2048x854.jpg 2048w\" sizes=\"(max-width: 2500px) 100vw, 2500px\" \/><\/p><h3 style=\"font-weight: 400;\"><span style=\"color: #0b5394;\"><strong>Representantes del Centro de Innovaci\u00f3n UC dan a conocer sus programas de emprendimiento en la UBB<\/strong><\/span><\/h3><p style=\"font-weight: 400;\">En dependencias del Centro de Innovaci\u00f3n de la Universidad del B\u00edo-B\u00edo se llev\u00f3 a cabo el lunes 8 de abril una reuni\u00f3n que permiti\u00f3 conocer los diversos Programas de Emprendimiento del Centro de Innovaci\u00f3n UC, liderada por su coordinadora Javiera Cuevas, junto a profesionales de este Centro.<\/p><p style=\"font-weight: 400;\">Ver m\u00e1s:<a href=\"https:\/\/vrip.ubiobio.cl\/inicio\/noticias\/representantes-del-centro-de-innovacion-uc-dan-a-conocer-sus-programas-de-emprendimiento-en-la-ubb\/\" data-saferedirecturl=\"https:\/\/www.google.com\/url?q=https:\/\/vrip.ubiobio.cl\/inicio\/noticias\/representantes-del-centro-de-innovacion-uc-dan-a-conocer-sus-programas-de-emprendimiento-en-la-ubb\/&amp;source=gmail&amp;ust=1713355178391000&amp;usg=AOvVaw10-rhZ6aI_7WrpwIiUY8mw\">https:\/\/vrip.ubiobio.cl\/inicio\/noticias\/representantes-del-centro-de-innovacion-uc-dan-a-conocer-sus-programas-de-emprendimiento-en-la-ubb\/<\/a><\/p><hr \/><h3><span style=\"color: #0b5394;\"><b><span lang=\"ES\"><img loading=\"lazy\" decoding=\"async\" class=\"alignnone size-full wp-image-44555\" src=\"https:\/\/vrip.ubiobio.cl\/wp-content\/uploads\/2024\/04\/Boletin-16-Abril-Unidad-de-emprendedoras.jpg\" alt=\"\" width=\"2500\" height=\"1042\" srcset=\"https:\/\/vrip.ubiobio.cl\/wp-content\/uploads\/2024\/04\/Boletin-16-Abril-Unidad-de-emprendedoras.jpg 2500w, https:\/\/vrip.ubiobio.cl\/wp-content\/uploads\/2024\/04\/Boletin-16-Abril-Unidad-de-emprendedoras-380x158.jpg 380w, https:\/\/vrip.ubiobio.cl\/wp-content\/uploads\/2024\/04\/Boletin-16-Abril-Unidad-de-emprendedoras-1024x427.jpg 1024w, https:\/\/vrip.ubiobio.cl\/wp-content\/uploads\/2024\/04\/Boletin-16-Abril-Unidad-de-emprendedoras-768x320.jpg 768w, https:\/\/vrip.ubiobio.cl\/wp-content\/uploads\/2024\/04\/Boletin-16-Abril-Unidad-de-emprendedoras-1536x640.jpg 1536w, https:\/\/vrip.ubiobio.cl\/wp-content\/uploads\/2024\/04\/Boletin-16-Abril-Unidad-de-emprendedoras-2048x854.jpg 2048w\" sizes=\"(max-width: 2500px) 100vw, 2500px\" \/>Unidad de Emprendimiento UBB e INNwork destacan a mujeres emprendedoras<\/span><\/b><\/span><\/h3><p><span lang=\"ES\"><span style=\"font-size: small;\">En\u00a0el\u00a0marco\u00a0de una\u00a0colaboraci\u00f3n\u00a0estrat\u00e9gica\u00a0e<wbr \/>ntre\u00a0la\u00a0Unidad\u00a0de Emprendimiento\u00a0de la Universidad del Bio-B\u00edo e Innwork \u2013 Hub de Desarrollo Sostenible, se realiz\u00f3 en dependencias del Centro de Innovaci\u00f3n UBB un reconocimiento a mujeres que aportan con sus iniciativas al ecosistema emprendedor e innovador.\u00a0\u00a0<\/span><\/span><\/p><p>Ver m\u00e1s:\u00a0<a href=\"https:\/\/vrip.ubiobio.cl\/inicio\/noticias\/unidad-de-emprendimiento-ubb-e-innwork-destacan-a-mujeres-emprendedoras\/\" target=\"_blank\" rel=\"noopener\" data-saferedirecturl=\"https:\/\/www.google.com\/url?q=https:\/\/vrip.ubiobio.cl\/inicio\/noticias\/unidad-de-emprendimiento-ubb-e-innwork-destacan-a-mujeres-emprendedoras\/&amp;source=gmail&amp;ust=1713355178391000&amp;usg=AOvVaw2nRLkg3iarOJhIeTqhrkwc\">https:\/\/vrip.ubiobio.cl\/<wbr \/>inicio\/noticias\/unidad-de-<wbr \/>emprendimiento-ubb-e-innwork-<wbr \/>destacan-a-mujeres-<wbr \/>emprendedoras\/<\/a><\/p><hr \/><p><img decoding=\"async\" src=\"https:\/\/flashissue.s3.us-east-1.amazonaws.com\/GWymvA0eS5GMBzCO57Fl_cG9ydGFmb2xpby1iYW5uZXJfTWVzYSBkZSB0cmFiYWpvIDE=.jpg\" \/><\/p><h3><span style=\"color: #0b5394;\"><strong>Conoce nuestro Portafolio EBCT OTL-UBB<\/strong><\/span><\/h3><p style=\"font-weight: 400;\">La Vicerrector\u00eda de Investigaci\u00f3n y Postgrado de la Universidad del B\u00edo-B\u00edo, por medio de la Oficina de Transferencia y Licenciamiento y la Unidad de Emprendimiento, han dise\u00f1ado el portafolio de empresas de base cient\u00edfico tecnol\u00f3gicas, con la finalidad de destacar a las empresas creadas al alero del desarrollo de la ciencia y tecnolog\u00eda de la Universidad, y que han tomado el camino del emprendimiento.<\/p><p style=\"font-weight: 400;\"><span style=\"font-weight: 400;\">Ver documento:\u00a0<\/span><a style=\"font-weight: 400;\" href=\"https:\/\/vrip.ubiobio.cl\/wp-content\/uploads\/2024\/03\/OTL_Portafolio-EBCT_baja.pdf\" data-saferedirecturl=\"https:\/\/www.google.com\/url?q=https:\/\/vrip.ubiobio.cl\/wp-content\/uploads\/2024\/03\/OTL_Portafolio-EBCT_baja.pdf&amp;source=gmail&amp;ust=1713355178391000&amp;usg=AOvVaw1_FmoZr-Dt5CZNpGxSdSKx\">https:\/\/vrip.ubiobio.cl\/wp-content\/uploads\/2024\/03\/OTL_Portafolio-EBCT_baja.pdf<\/a><\/p><hr \/><p><img decoding=\"async\" src=\"https:\/\/flashissue.s3.us-east-1.amazonaws.com\/L50YScQSDOnlKhfkfqzb_ZGltcHJvc19NZXNhIGRlIHRyYWJham8gMQ==.jpg\" \/><\/p><h3><strong><span style=\"color: #0b5394;\">Programa de Doctorados UBB, DIMPROS, se adjudica 6 becas ANID<\/span><\/strong><\/h3><p dir=\"ltr\"><span style=\"font-family: verdana, sans-serif; font-size: small;\">Este beneficio se enmarca en los concursos de Doctorado de la Agencia Nacional de Investigaci\u00f3n y Desarrollo, iniciativa que busca promover estudios de postgrado, ciencia, tecnolog\u00eda e innovaci\u00f3n en Chile.<\/span><\/p><p dir=\"ltr\">Ver m\u00e1s:<a href=\"https:\/\/vrip.ubiobio.cl\/inicio\/noticias\/programa-de-doctorado-ubb-dimpros-se-adjudica-6-becas-anid\/\" target=\"_blank\" rel=\"noopener\" data-saferedirecturl=\"https:\/\/www.google.com\/url?q=https:\/\/vrip.ubiobio.cl\/inicio\/noticias\/programa-de-doctorado-ubb-dimpros-se-adjudica-6-becas-anid\/&amp;source=gmail&amp;ust=1713355178391000&amp;usg=AOvVaw3ayz4S3h4Q0RiXnqayqMgv\">https:\/\/vrip.ubiobio.cl\/<wbr \/>inicio\/noticias\/programa-de-<wbr \/>doctorado-ubb-dimpros-se-<wbr \/>adjudica-6-becas-anid\/<\/a><\/p><hr \/><p><img decoding=\"async\" src=\"https:\/\/flashissue.s3.us-east-1.amazonaws.com\/f61SlEGiQYakcUQ3SMqj_UkVJTUE=.png\" \/><\/p><h3><strong><span style=\"color: #0b5394;\">Calendario de eventos y actividades organizados por la Red Iberoamericana de Medio Ambiente, REIMA, a\u00f1o 2024<\/span><\/strong><\/h3><p>La Vicerrector\u00eda de Investigaci\u00f3n y Postgrado, reconociendo la relevancia fundamental de la comunidad acad\u00e9mica en la difusi\u00f3n del conocimiento y la implementaci\u00f3n de pr\u00e1cticas sostenibles, comparte el calendario de eventos y actividades organizados por la Red Iberoamericana de Medio Ambiente, REIMA, AC, para el presente a\u00f1o 2024. Estas iniciativas est\u00e1n estrechamente vinculadas a la promoci\u00f3n de los Objetivos de Desarrollo Sostenible (ODS) establecidos por las Naciones Unidas.<\/p><p>Ver m\u00e1s:\u00a0<a href=\"https:\/\/vrip.ubiobio.cl\/inicio\/noticias\/calendario-de-eventos-y-actividades-organizados-por-la-red-iberoamericana-de-medio-ambiente-reima-ano-2024\/\" target=\"_blank\" rel=\"noopener\" data-saferedirecturl=\"https:\/\/www.google.com\/url?q=https:\/\/vrip.ubiobio.cl\/inicio\/noticias\/calendario-de-eventos-y-actividades-organizados-por-la-red-iberoamericana-de-medio-ambiente-reima-ano-2024\/&amp;source=gmail&amp;ust=1713355178391000&amp;usg=AOvVaw1SDw2UzlBXLNPh2W7TWPUz\">https:\/\/vrip.ubiobio.cl\/<wbr \/>inicio\/noticias\/calendario-de-<wbr \/>eventos-y-actividades-<wbr \/>organizados-por-la-red-<wbr \/>iberoamericana-de-medio-<wbr \/>ambiente-reima-ano-2024\/<\/a><\/p><hr \/><p><img decoding=\"async\" src=\"https:\/\/flashissue.s3.us-east-1.amazonaws.com\/nutowIMtR3WB6MklHakA_UG9zdGdyYWRvX0Jhbm5lciBVQkJfMTE5OHg4MzRweA==.jpg\" \/><\/p><h3><span style=\"color: #0b5394;\"><strong>Programas de Postgrados UBB disponibles<\/strong><\/span><\/h3><p dir=\"ltr\"><a href=\"http:\/\/postgrados.ubiobio.cl\/\" target=\"_blank\" rel=\"noopener\" data-saferedirecturl=\"https:\/\/www.google.com\/url?q=http:\/\/postgrados.ubiobio.cl\/&amp;source=gmail&amp;ust=1713355178392000&amp;usg=AOvVaw2FHMM4uIM-2yhJUqGdhE3p\">http:\/\/postgrados.ubiobio.cl\/<\/a><\/p>\t\t\t\t\t\t\t\t<\/div>\n\t\t\t\t<\/div>\n\t\t\t\t\t<\/div>\n\t\t<\/div>\n\t\t\t\t<div class=\"elementor-column elementor-col-33 elementor-top-column elementor-element elementor-element-4029fc3\" data-id=\"4029fc3\" data-element_type=\"column\" data-e-type=\"column\">\n\t\t\t<div class=\"elementor-widget-wrap\">\n\t\t\t\t\t\t\t<\/div>\n\t\t<\/div>\n\t\t\t\t\t<\/div>\n\t\t<\/section>\n\t\t\t\t<section class=\"elementor-section elementor-top-section elementor-element elementor-element-5e68b69 elementor-section-boxed elementor-section-height-default elementor-section-height-default\" data-id=\"5e68b69\" data-element_type=\"section\" data-e-type=\"section\" data-settings=\"{&quot;_ha_eqh_enable&quot;:false}\">\n\t\t\t\t\t\t<div class=\"elementor-container elementor-column-gap-default\">\n\t\t\t\t\t<div class=\"elementor-column elementor-col-33 elementor-top-column elementor-element elementor-element-feb73eb\" data-id=\"feb73eb\" data-element_type=\"column\" data-e-type=\"column\">\n\t\t\t<div class=\"elementor-widget-wrap\">\n\t\t\t\t\t\t\t<\/div>\n\t\t<\/div>\n\t\t\t\t<div class=\"elementor-column elementor-col-33 elementor-top-column elementor-element elementor-element-bc91de3\" data-id=\"bc91de3\" data-element_type=\"column\" data-e-type=\"column\">\n\t\t\t<div class=\"elementor-widget-wrap elementor-element-populated\">\n\t\t\t\t\t\t<div class=\"elementor-element elementor-element-9f1f03a elementor-widget elementor-widget-text-editor\" data-id=\"9f1f03a\" data-element_type=\"widget\" data-e-type=\"widget\" data-widget_type=\"text-editor.default\">\n\t\t\t\t<div class=\"elementor-widget-container\">\n\t\t\t\t\t\t\t\t\t<table align=\"center\"><tbody><tr><td id=\"m_8467858756250299110m_4658873428329236187m_-7901358079350462190gmail-twitter-social-link\"><a href=\"https:\/\/www.twitter.com\/FlashIssue\" target=\"_blank\" rel=\"noopener\" data-saferedirecturl=\"https:\/\/www.google.com\/url?q=https:\/\/www.twitter.com\/FlashIssue&amp;source=gmail&amp;ust=1701886559522000&amp;usg=AOvVaw2YqocBqApBMfCECsazrFYp\"><img decoding=\"async\" class=\"CToWUd alignright\" src=\"https:\/\/app.flashissue.com\/images\/social-icons\/round\/twitter\/grey\/twitter48.png\" data-bit=\"iit\" \/><\/a><\/td><td>\u00a0<\/td><td id=\"m_8467858756250299110m_4658873428329236187m_-7901358079350462190gmail-youtube-social-link\"><a href=\"https:\/\/www.youtube.com\/channel\/UCf7o8yHRJ7Y_QQLxwu1KQgA\" target=\"_blank\" rel=\"noopener\" data-saferedirecturl=\"https:\/\/www.google.com\/url?q=https:\/\/www.youtube.com\/channel\/UCf7o8yHRJ7Y_QQLxwu1KQgA&amp;source=gmail&amp;ust=1701886559523000&amp;usg=AOvVaw0jM7z9DMsgsZI5rYjuzYkv\"><img decoding=\"async\" class=\"CToWUd aligncenter\" src=\"https:\/\/app.flashissue.com\/images\/social-icons\/round\/youtube\/grey\/youtube48.png\" data-bit=\"iit\" \/><\/a><\/td><td>\u00a0<\/td><td id=\"m_8467858756250299110m_4658873428329236187m_-7901358079350462190gmail-instagram-social-link\"><a href=\"https:\/\/www.instagram.com\/vrip_ubb\" target=\"_blank\" rel=\"noopener\" data-saferedirecturl=\"https:\/\/www.google.com\/url?q=https:\/\/www.instagram.com\/vrip_ubb&amp;source=gmail&amp;ust=1701886559523000&amp;usg=AOvVaw2F_KM9oE9lwudPrAZbmCZ0\"><img decoding=\"async\" class=\"CToWUd alignleft\" src=\"https:\/\/app.flashissue.com\/images\/social-icons\/round\/instagram\/grey\/instagram48.png\" data-bit=\"iit\" \/><\/a><\/td><\/tr><\/tbody><\/table><p><img decoding=\"async\" src=\"https:\/\/flashissue.s3.us-east-1.amazonaws.com\/xVesVrgXREOs3TCWMlFA_dXAtZG93bi0wMg==.jpg\" \/><\/p><p style=\"text-align: center;\">Vicerrector\u00eda de Investigaci\u00f3n y Postgrado &#8211; Universidad del B\u00edo-B\u00edo<\/p><p style=\"text-align: center;\">Todos los derechos reservados, Av. Collao 1202, Concepci\u00f3n \/ Av. Andr\u00e9s Bello s\/n, Chill\u00e1n<\/p><p style=\"text-align: center;\">Comentarios a:\u00a0<strong><a href=\"mailto:vripcomunicaciones@ubiobio.cl?subject=Comentario%20newsletter\" target=\"_blank\" rel=\"noopener\">vripcomunicaciones@ubiobio.<wbr \/>cl<\/a><\/strong><\/p>\t\t\t\t\t\t\t\t<\/div>\n\t\t\t\t<\/div>\n\t\t\t\t\t<\/div>\n\t\t<\/div>\n\t\t\t\t<div class=\"elementor-column elementor-col-33 elementor-top-column elementor-element elementor-element-c421ef0\" data-id=\"c421ef0\" data-element_type=\"column\" data-e-type=\"column\">\n\t\t\t<div class=\"elementor-widget-wrap\">\n\t\t\t\t\t\t\t<\/div>\n\t\t<\/div>\n\t\t\t\t\t<\/div>\n\t\t<\/section>\n\t\t\t\t<section class=\"elementor-section elementor-top-section elementor-element elementor-element-38f252df elementor-section-boxed elementor-section-height-default elementor-section-height-default\" data-id=\"38f252df\" data-element_type=\"section\" data-e-type=\"section\" data-settings=\"{&quot;_ha_eqh_enable&quot;:false}\">\n\t\t\t\t\t\t<div class=\"elementor-container elementor-column-gap-default\">\n\t\t\t\t\t\t<\/div>\n\t\t<\/section>\n\t\t\t\t<section class=\"elementor-section elementor-top-section elementor-element elementor-element-c05f85d elementor-section-boxed elementor-section-height-default elementor-section-height-default\" data-id=\"c05f85d\" data-element_type=\"section\" data-e-type=\"section\" data-settings=\"{&quot;_ha_eqh_enable&quot;:false}\">\n\t\t\t\t\t\t<div class=\"elementor-container elementor-column-gap-default\">\n\t\t\t\t\t<div class=\"elementor-column elementor-col-100 elementor-top-column elementor-element elementor-element-c588dc1\" data-id=\"c588dc1\" data-element_type=\"column\" data-e-type=\"column\">\n\t\t\t<div class=\"elementor-widget-wrap elementor-element-populated\">\n\t\t\t\t\t\t<div class=\"elementor-element elementor-element-4a24d89 elementor-widget elementor-widget-spacer\" data-id=\"4a24d89\" data-element_type=\"widget\" data-e-type=\"widget\" data-widget_type=\"spacer.default\">\n\t\t\t\t<div class=\"elementor-widget-container\">\n\t\t\t\t\t\t\t<div class=\"elementor-spacer\">\n\t\t\t<div class=\"elementor-spacer-inner\"><\/div>\n\t\t<\/div>\n\t\t\t\t\t\t<\/div>\n\t\t\t\t<\/div>\n\t\t\t\t\t<\/div>\n\t\t<\/div>\n\t\t\t\t\t<\/div>\n\t\t<\/section>\n\t\t\t\t<\/div>\n\t\t","protected":false},"excerpt":{"rendered":"<p>Edici\u00f3n 15 Abril 2024 INAPI invita a celebrar el D\u00eda Mundial de la Propiedad Intelectual Desde la Oficina de Transferencia y Licenciamiento de la Universidad del B\u00edo-B\u00edo, OTL-UBB, se adhiere a los actos de celebraci\u00f3n por D\u00eda Internacional de la Propiedad Intelectual, a realizarse el 26 de abril de 2024, organizando dos actividades para ese&#8230;<\/p>\n","protected":false},"author":1,"featured_media":0,"parent":41711,"menu_order":0,"comment_status":"closed","ping_status":"closed","template":"","meta":{"_kadence_starter_templates_imported_post":false,"_kad_post_transparent":"default","_kad_post_title":"hide","_kad_post_layout":"fullwidth","_kad_post_sidebar_id":"","_kad_post_content_style":"unboxed","_kad_post_vertical_padding":"hide","_kad_post_feature":"hide","_kad_post_feature_position":"","_kad_post_header":false,"_kad_post_footer":false,"footnotes":""},"class_list":["post-44382","page","type-page","status-publish","hentry"],"yoast_head":"<!-- This site is optimized with the Yoast SEO plugin v27.5 - https:\/\/yoast.com\/product\/yoast-seo-wordpress\/ -->\n<title>Informativo VRIP 15 Abril 2024 - VRIP<\/title>\n<meta name=\"robots\" content=\"index, follow, max-snippet:-1, max-image-preview:large, max-video-preview:-1\" \/>\n<link rel=\"canonical\" href=\"https:\/\/vrip.ubiobio.cl\/inicio\/informativos-vrip\/edicion-15-abril-2024\/\" \/>\n<meta property=\"og:locale\" content=\"es_ES\" \/>\n<meta property=\"og:type\" content=\"article\" \/>\n<meta property=\"og:title\" content=\"Informativo VRIP 15 Abril 2024 - VRIP\" \/>\n<meta property=\"og:description\" content=\"Edici\u00f3n 15 Abril 2024 INAPI invita a celebrar el D\u00eda Mundial de la Propiedad Intelectual Desde la Oficina de Transferencia y Licenciamiento de la Universidad del B\u00edo-B\u00edo, OTL-UBB, se adhiere a los actos de celebraci\u00f3n por D\u00eda Internacional de la Propiedad Intelectual, a realizarse el 26 de abril de 2024, organizando dos actividades para ese...\" \/>\n<meta property=\"og:url\" content=\"https:\/\/vrip.ubiobio.cl\/inicio\/informativos-vrip\/edicion-15-abril-2024\/\" \/>\n<meta property=\"og:site_name\" content=\"VRIP\" \/>\n<meta property=\"article:modified_time\" content=\"2025-06-17T16:17:23+00:00\" \/>\n<meta property=\"og:image\" content=\"https:\/\/vrip.ubiobio.cl\/wp-content\/uploads\/2023\/11\/Informativo-VRIP-Banner.jpg\" \/>\n\t<meta property=\"og:image:width\" content=\"834\" \/>\n\t<meta property=\"og:image:height\" content=\"290\" \/>\n\t<meta property=\"og:image:type\" content=\"image\/jpeg\" \/>\n<meta name=\"twitter:card\" content=\"summary_large_image\" \/>\n<meta name=\"twitter:site\" content=\"@vripubb\" \/>\n<meta name=\"twitter:label1\" content=\"Tiempo de lectura\" \/>\n\t<meta name=\"twitter:data1\" content=\"5 minutos\" \/>\n<script type=\"application\/ld+json\" class=\"yoast-schema-graph\">{\"@context\":\"https:\\\/\\\/schema.org\",\"@graph\":[{\"@type\":\"WebPage\",\"@id\":\"https:\\\/\\\/vrip.ubiobio.cl\\\/inicio\\\/informativos-vrip\\\/edicion-15-abril-2024\\\/\",\"url\":\"https:\\\/\\\/vrip.ubiobio.cl\\\/inicio\\\/informativos-vrip\\\/edicion-15-abril-2024\\\/\",\"name\":\"Informativo VRIP 15 Abril 2024 - VRIP\",\"isPartOf\":{\"@id\":\"https:\\\/\\\/vrip.ubiobio.cl\\\/inicio\\\/#website\"},\"primaryImageOfPage\":{\"@id\":\"https:\\\/\\\/vrip.ubiobio.cl\\\/inicio\\\/informativos-vrip\\\/edicion-15-abril-2024\\\/#primaryimage\"},\"image\":{\"@id\":\"https:\\\/\\\/vrip.ubiobio.cl\\\/inicio\\\/informativos-vrip\\\/edicion-15-abril-2024\\\/#primaryimage\"},\"thumbnailUrl\":\"https:\\\/\\\/vrip.ubiobio.cl\\\/wp-content\\\/uploads\\\/2023\\\/11\\\/Informativo-VRIP-Banner.jpg\",\"datePublished\":\"2024-04-16T12:44:06+00:00\",\"dateModified\":\"2025-06-17T16:17:23+00:00\",\"breadcrumb\":{\"@id\":\"https:\\\/\\\/vrip.ubiobio.cl\\\/inicio\\\/informativos-vrip\\\/edicion-15-abril-2024\\\/#breadcrumb\"},\"inLanguage\":\"es\",\"potentialAction\":[{\"@type\":\"ReadAction\",\"target\":[\"https:\\\/\\\/vrip.ubiobio.cl\\\/inicio\\\/informativos-vrip\\\/edicion-15-abril-2024\\\/\"]}]},{\"@type\":\"ImageObject\",\"inLanguage\":\"es\",\"@id\":\"https:\\\/\\\/vrip.ubiobio.cl\\\/inicio\\\/informativos-vrip\\\/edicion-15-abril-2024\\\/#primaryimage\",\"url\":\"https:\\\/\\\/vrip.ubiobio.cl\\\/wp-content\\\/uploads\\\/2023\\\/11\\\/Informativo-VRIP-Banner.jpg\",\"contentUrl\":\"https:\\\/\\\/vrip.ubiobio.cl\\\/wp-content\\\/uploads\\\/2023\\\/11\\\/Informativo-VRIP-Banner.jpg\"},{\"@type\":\"BreadcrumbList\",\"@id\":\"https:\\\/\\\/vrip.ubiobio.cl\\\/inicio\\\/informativos-vrip\\\/edicion-15-abril-2024\\\/#breadcrumb\",\"itemListElement\":[{\"@type\":\"ListItem\",\"position\":1,\"name\":\"Portada\",\"item\":\"https:\\\/\\\/vrip.ubiobio.cl\\\/inicio\\\/\"},{\"@type\":\"ListItem\",\"position\":2,\"name\":\"Informativos VRIP\",\"item\":\"https:\\\/\\\/vrip.ubiobio.cl\\\/inicio\\\/informativos-vrip\\\/\"},{\"@type\":\"ListItem\",\"position\":3,\"name\":\"Informativo VRIP 15 Abril 2024\"}]},{\"@type\":\"WebSite\",\"@id\":\"https:\\\/\\\/vrip.ubiobio.cl\\\/inicio\\\/#website\",\"url\":\"https:\\\/\\\/vrip.ubiobio.cl\\\/inicio\\\/\",\"name\":\"VRIP\",\"description\":\"Vicerrector\u00eda de Investigaci\u00f3n y Postgrado\",\"publisher\":{\"@id\":\"https:\\\/\\\/vrip.ubiobio.cl\\\/inicio\\\/#organization\"},\"potentialAction\":[{\"@type\":\"SearchAction\",\"target\":{\"@type\":\"EntryPoint\",\"urlTemplate\":\"https:\\\/\\\/vrip.ubiobio.cl\\\/inicio\\\/?s={search_term_string}\"},\"query-input\":{\"@type\":\"PropertyValueSpecification\",\"valueRequired\":true,\"valueName\":\"search_term_string\"}}],\"inLanguage\":\"es\"},{\"@type\":\"Organization\",\"@id\":\"https:\\\/\\\/vrip.ubiobio.cl\\\/inicio\\\/#organization\",\"name\":\"VRIP\",\"url\":\"https:\\\/\\\/vrip.ubiobio.cl\\\/inicio\\\/\",\"logo\":{\"@type\":\"ImageObject\",\"inLanguage\":\"es\",\"@id\":\"https:\\\/\\\/vrip.ubiobio.cl\\\/inicio\\\/#\\\/schema\\\/logo\\\/image\\\/\",\"url\":\"https:\\\/\\\/vrip.ubiobio.cl\\\/wp-content\\\/uploads\\\/2022\\\/10\\\/logo-vrip_Mesa-de-trabajo-1.png\",\"contentUrl\":\"https:\\\/\\\/vrip.ubiobio.cl\\\/wp-content\\\/uploads\\\/2022\\\/10\\\/logo-vrip_Mesa-de-trabajo-1.png\",\"width\":642,\"height\":178,\"caption\":\"VRIP\"},\"image\":{\"@id\":\"https:\\\/\\\/vrip.ubiobio.cl\\\/inicio\\\/#\\\/schema\\\/logo\\\/image\\\/\"},\"sameAs\":[\"https:\\\/\\\/x.com\\\/vripubb\",\"https:\\\/\\\/www.instagram.com\\\/vrip_ubb\\\/\",\"https:\\\/\\\/www.youtube.com\\\/channel\\\/UCf7o8yHRJ7Y_QQLxwu1KQgA\",\"https:\\\/\\\/www.linkedin.com\\\/company\\\/96035097\\\/admin\\\/dashboard\\\/\"]}]}<\/script>\n<!-- \/ Yoast SEO plugin. -->","yoast_head_json":{"title":"Informativo VRIP 15 Abril 2024 - VRIP","robots":{"index":"index","follow":"follow","max-snippet":"max-snippet:-1","max-image-preview":"max-image-preview:large","max-video-preview":"max-video-preview:-1"},"canonical":"https:\/\/vrip.ubiobio.cl\/inicio\/informativos-vrip\/edicion-15-abril-2024\/","og_locale":"es_ES","og_type":"article","og_title":"Informativo VRIP 15 Abril 2024 - VRIP","og_description":"Edici\u00f3n 15 Abril 2024 INAPI invita a celebrar el D\u00eda Mundial de la Propiedad Intelectual Desde la Oficina de Transferencia y Licenciamiento de la Universidad del B\u00edo-B\u00edo, OTL-UBB, se adhiere a los actos de celebraci\u00f3n por D\u00eda Internacional de la Propiedad Intelectual, a realizarse el 26 de abril de 2024, organizando dos actividades para ese...","og_url":"https:\/\/vrip.ubiobio.cl\/inicio\/informativos-vrip\/edicion-15-abril-2024\/","og_site_name":"VRIP","article_modified_time":"2025-06-17T16:17:23+00:00","og_image":[{"width":834,"height":290,"url":"https:\/\/vrip.ubiobio.cl\/wp-content\/uploads\/2023\/11\/Informativo-VRIP-Banner.jpg","type":"image\/jpeg"}],"twitter_card":"summary_large_image","twitter_site":"@vripubb","twitter_misc":{"Tiempo de lectura":"5 minutos"},"schema":{"@context":"https:\/\/schema.org","@graph":[{"@type":"WebPage","@id":"https:\/\/vrip.ubiobio.cl\/inicio\/informativos-vrip\/edicion-15-abril-2024\/","url":"https:\/\/vrip.ubiobio.cl\/inicio\/informativos-vrip\/edicion-15-abril-2024\/","name":"Informativo VRIP 15 Abril 2024 - VRIP","isPartOf":{"@id":"https:\/\/vrip.ubiobio.cl\/inicio\/#website"},"primaryImageOfPage":{"@id":"https:\/\/vrip.ubiobio.cl\/inicio\/informativos-vrip\/edicion-15-abril-2024\/#primaryimage"},"image":{"@id":"https:\/\/vrip.ubiobio.cl\/inicio\/informativos-vrip\/edicion-15-abril-2024\/#primaryimage"},"thumbnailUrl":"https:\/\/vrip.ubiobio.cl\/wp-content\/uploads\/2023\/11\/Informativo-VRIP-Banner.jpg","datePublished":"2024-04-16T12:44:06+00:00","dateModified":"2025-06-17T16:17:23+00:00","breadcrumb":{"@id":"https:\/\/vrip.ubiobio.cl\/inicio\/informativos-vrip\/edicion-15-abril-2024\/#breadcrumb"},"inLanguage":"es","potentialAction":[{"@type":"ReadAction","target":["https:\/\/vrip.ubiobio.cl\/inicio\/informativos-vrip\/edicion-15-abril-2024\/"]}]},{"@type":"ImageObject","inLanguage":"es","@id":"https:\/\/vrip.ubiobio.cl\/inicio\/informativos-vrip\/edicion-15-abril-2024\/#primaryimage","url":"https:\/\/vrip.ubiobio.cl\/wp-content\/uploads\/2023\/11\/Informativo-VRIP-Banner.jpg","contentUrl":"https:\/\/vrip.ubiobio.cl\/wp-content\/uploads\/2023\/11\/Informativo-VRIP-Banner.jpg"},{"@type":"BreadcrumbList","@id":"https:\/\/vrip.ubiobio.cl\/inicio\/informativos-vrip\/edicion-15-abril-2024\/#breadcrumb","itemListElement":[{"@type":"ListItem","position":1,"name":"Portada","item":"https:\/\/vrip.ubiobio.cl\/inicio\/"},{"@type":"ListItem","position":2,"name":"Informativos VRIP","item":"https:\/\/vrip.ubiobio.cl\/inicio\/informativos-vrip\/"},{"@type":"ListItem","position":3,"name":"Informativo VRIP 15 Abril 2024"}]},{"@type":"WebSite","@id":"https:\/\/vrip.ubiobio.cl\/inicio\/#website","url":"https:\/\/vrip.ubiobio.cl\/inicio\/","name":"VRIP","description":"Vicerrector\u00eda de Investigaci\u00f3n y Postgrado","publisher":{"@id":"https:\/\/vrip.ubiobio.cl\/inicio\/#organization"},"potentialAction":[{"@type":"SearchAction","target":{"@type":"EntryPoint","urlTemplate":"https:\/\/vrip.ubiobio.cl\/inicio\/?s={search_term_string}"},"query-input":{"@type":"PropertyValueSpecification","valueRequired":true,"valueName":"search_term_string"}}],"inLanguage":"es"},{"@type":"Organization","@id":"https:\/\/vrip.ubiobio.cl\/inicio\/#organization","name":"VRIP","url":"https:\/\/vrip.ubiobio.cl\/inicio\/","logo":{"@type":"ImageObject","inLanguage":"es","@id":"https:\/\/vrip.ubiobio.cl\/inicio\/#\/schema\/logo\/image\/","url":"https:\/\/vrip.ubiobio.cl\/wp-content\/uploads\/2022\/10\/logo-vrip_Mesa-de-trabajo-1.png","contentUrl":"https:\/\/vrip.ubiobio.cl\/wp-content\/uploads\/2022\/10\/logo-vrip_Mesa-de-trabajo-1.png","width":642,"height":178,"caption":"VRIP"},"image":{"@id":"https:\/\/vrip.ubiobio.cl\/inicio\/#\/schema\/logo\/image\/"},"sameAs":["https:\/\/x.com\/vripubb","https:\/\/www.instagram.com\/vrip_ubb\/","https:\/\/www.youtube.com\/channel\/UCf7o8yHRJ7Y_QQLxwu1KQgA","https:\/\/www.linkedin.com\/company\/96035097\/admin\/dashboard\/"]}]}},"_links":{"self":[{"href":"https:\/\/vrip.ubiobio.cl\/inicio\/wp-json\/wp\/v2\/pages\/44382","targetHints":{"allow":["GET"]}}],"collection":[{"href":"https:\/\/vrip.ubiobio.cl\/inicio\/wp-json\/wp\/v2\/pages"}],"about":[{"href":"https:\/\/vrip.ubiobio.cl\/inicio\/wp-json\/wp\/v2\/types\/page"}],"author":[{"embeddable":true,"href":"https:\/\/vrip.ubiobio.cl\/inicio\/wp-json\/wp\/v2\/users\/1"}],"replies":[{"embeddable":true,"href":"https:\/\/vrip.ubiobio.cl\/inicio\/wp-json\/wp\/v2\/comments?post=44382"}],"version-history":[{"count":17,"href":"https:\/\/vrip.ubiobio.cl\/inicio\/wp-json\/wp\/v2\/pages\/44382\/revisions"}],"predecessor-version":[{"id":50546,"href":"https:\/\/vrip.ubiobio.cl\/inicio\/wp-json\/wp\/v2\/pages\/44382\/revisions\/50546"}],"up":[{"embeddable":true,"href":"https:\/\/vrip.ubiobio.cl\/inicio\/wp-json\/wp\/v2\/pages\/41711"}],"wp:attachment":[{"href":"https:\/\/vrip.ubiobio.cl\/inicio\/wp-json\/wp\/v2\/media?parent=44382"}],"curies":[{"name":"wp","href":"https:\/\/api.w.org\/{rel}","templated":true}]}}