{"id":41837,"date":"2023-11-08T14:13:48","date_gmt":"2023-11-08T14:13:48","guid":{"rendered":"https:\/\/vrip.ubiobio.cl\/inicio\/?page_id=41837"},"modified":"2023-12-05T18:25:24","modified_gmt":"2023-12-05T18:25:24","slug":"edicion-19-junio-2023","status":"publish","type":"page","link":"https:\/\/vrip.ubiobio.cl\/inicio\/informativos-vrip\/edicion-19-junio-2023\/","title":{"rendered":"Informativo VRIP 19 Junio 2023"},"content":{"rendered":"\t\t<div data-elementor-type=\"wp-page\" data-elementor-id=\"41837\" class=\"elementor elementor-41837\" data-elementor-settings=\"{&quot;ha_cmc_init_switcher&quot;:&quot;no&quot;}\">\n\t\t\t\t\t\t<section class=\"elementor-section elementor-top-section elementor-element elementor-element-619a71f elementor-section-height-min-height elementor-section-boxed elementor-section-height-default elementor-section-items-middle\" data-id=\"619a71f\" data-element_type=\"section\" data-e-type=\"section\" data-settings=\"{&quot;background_background&quot;:&quot;classic&quot;,&quot;_ha_eqh_enable&quot;:false}\">\n\t\t\t\t\t\t<div class=\"elementor-container elementor-column-gap-default\">\n\t\t\t\t\t<div class=\"elementor-column elementor-col-100 elementor-top-column elementor-element elementor-element-49770de0 elementor-invisible\" data-id=\"49770de0\" data-element_type=\"column\" data-e-type=\"column\" data-settings=\"{&quot;animation&quot;:&quot;slideInDown&quot;}\">\n\t\t\t<div class=\"elementor-widget-wrap elementor-element-populated\">\n\t\t\t\t\t\t<div class=\"elementor-element elementor-element-5c1ba5a3 elementor-widget elementor-widget-heading\" data-id=\"5c1ba5a3\" data-element_type=\"widget\" data-e-type=\"widget\" data-widget_type=\"heading.default\">\n\t\t\t\t<div class=\"elementor-widget-container\">\n\t\t\t\t\t<h3 class=\"elementor-heading-title elementor-size-xl\">Edici\u00f3n 19 Junio 2023<\/h3>\t\t\t\t<\/div>\n\t\t\t\t<\/div>\n\t\t\t\t\t<\/div>\n\t\t<\/div>\n\t\t\t\t\t<\/div>\n\t\t<\/section>\n\t\t\t\t<section class=\"elementor-section elementor-top-section elementor-element elementor-element-a485fdf elementor-section-boxed elementor-section-height-default elementor-section-height-default\" data-id=\"a485fdf\" data-element_type=\"section\" data-e-type=\"section\" data-settings=\"{&quot;_ha_eqh_enable&quot;:false}\">\n\t\t\t\t\t\t<div class=\"elementor-container elementor-column-gap-default\">\n\t\t\t\t\t<div class=\"elementor-column elementor-col-33 elementor-top-column elementor-element elementor-element-ece34e2\" data-id=\"ece34e2\" data-element_type=\"column\" data-e-type=\"column\">\n\t\t\t<div class=\"elementor-widget-wrap\">\n\t\t\t\t\t\t\t<\/div>\n\t\t<\/div>\n\t\t\t\t<div class=\"elementor-column elementor-col-33 elementor-top-column elementor-element elementor-element-c4e8f33\" data-id=\"c4e8f33\" data-element_type=\"column\" data-e-type=\"column\">\n\t\t\t<div class=\"elementor-widget-wrap elementor-element-populated\">\n\t\t\t\t\t\t<div class=\"elementor-element elementor-element-5a90842 elementor-widget elementor-widget-image\" data-id=\"5a90842\" data-element_type=\"widget\" data-e-type=\"widget\" data-widget_type=\"image.default\">\n\t\t\t\t<div class=\"elementor-widget-container\">\n\t\t\t\t\t\t\t\t\t\t\t\t\t\t\t<img fetchpriority=\"high\" decoding=\"async\" width=\"834\" height=\"290\" src=\"https:\/\/vrip.ubiobio.cl\/wp-content\/uploads\/2023\/11\/Informativo-VRIP-Banner.jpg\" class=\"attachment-large size-large wp-image-41783\" alt=\"\" srcset=\"https:\/\/vrip.ubiobio.cl\/wp-content\/uploads\/2023\/11\/Informativo-VRIP-Banner.jpg 834w, https:\/\/vrip.ubiobio.cl\/wp-content\/uploads\/2023\/11\/Informativo-VRIP-Banner-380x132.jpg 380w, https:\/\/vrip.ubiobio.cl\/wp-content\/uploads\/2023\/11\/Informativo-VRIP-Banner-768x267.jpg 768w\" sizes=\"(max-width: 834px) 100vw, 834px\" \/>\t\t\t\t\t\t\t\t\t\t\t\t\t\t\t<\/div>\n\t\t\t\t<\/div>\n\t\t\t\t\t<\/div>\n\t\t<\/div>\n\t\t\t\t<div class=\"elementor-column elementor-col-33 elementor-top-column elementor-element elementor-element-1f18c8e\" data-id=\"1f18c8e\" data-element_type=\"column\" data-e-type=\"column\">\n\t\t\t<div class=\"elementor-widget-wrap\">\n\t\t\t\t\t\t\t<\/div>\n\t\t<\/div>\n\t\t\t\t\t<\/div>\n\t\t<\/section>\n\t\t\t\t<section class=\"elementor-section elementor-top-section elementor-element elementor-element-3970b6e elementor-section-boxed elementor-section-height-default elementor-section-height-default\" data-id=\"3970b6e\" data-element_type=\"section\" data-e-type=\"section\" data-settings=\"{&quot;_ha_eqh_enable&quot;:false}\">\n\t\t\t\t\t\t<div class=\"elementor-container elementor-column-gap-default\">\n\t\t\t\t\t<div class=\"elementor-column elementor-col-33 elementor-top-column elementor-element elementor-element-26c2a57\" data-id=\"26c2a57\" data-element_type=\"column\" data-e-type=\"column\">\n\t\t\t<div class=\"elementor-widget-wrap\">\n\t\t\t\t\t\t\t<\/div>\n\t\t<\/div>\n\t\t\t\t<div class=\"elementor-column elementor-col-33 elementor-top-column elementor-element elementor-element-279be1bf\" data-id=\"279be1bf\" data-element_type=\"column\" data-e-type=\"column\">\n\t\t\t<div class=\"elementor-widget-wrap elementor-element-populated\">\n\t\t\t\t\t\t<div class=\"elementor-element elementor-element-6e2c4cc elementor-widget elementor-widget-text-editor\" data-id=\"6e2c4cc\" data-element_type=\"widget\" data-e-type=\"widget\" data-widget_type=\"text-editor.default\">\n\t\t\t\t<div class=\"elementor-widget-container\">\n\t\t\t\t\t\t\t\t\t<p><img decoding=\"async\" class=\"CToWUd a6T aligncenter\" tabindex=\"0\" src=\"https:\/\/ci4.googleusercontent.com\/proxy\/LVq1hJdvYrnIEiPnDpv_V4s3szZ3-orNhQes30aiIJhMMvQlieONZ0vqhQx03N-YrVeHjCZdLrW-MNNZKH3QtqspSk_NZfCI6KqR7a9uWgQsC9o3cgwQjkXxEeaQKbjXYj7nTEDR7C8hxw20l1RKNyE1hgAd3A=s0-d-e1-ft#https:\/\/flashissue.s3.us-east-1.amazonaws.com\/phnE9MVOSY6Mb7GSjON3_RGVzYWZpb3MgVlJJUF9CYW5uZXI=.jpg\" width=\"800\" height=\"185\" data-bit=\"iit\" \/><\/p><h3><span style=\"color: #114288;\"><strong>Conversatorio UBB, Desaf\u00edos en la articulaci\u00f3n interdisciplinar en proyectos I+D+i+e<\/strong><\/span><\/h3><p>La subdirecci\u00f3n de Investigaci\u00f3n y Creaci\u00f3n Art\u00edstica y de Innovaci\u00f3n invitan al conversatorio \u00abDesaf\u00edos en la Articulaci\u00f3n Interdisciplinar en Proyectos I+D+i+e\u00bb, a realizarse el d\u00eda\u00a027 de Junio de 2023, en la Sala Multitaller &#8211; Aula Magna-Campus Fernando May.<\/p><p>Confirmar asistencia antes del 26 de Junio al correo:\u00a0<a href=\"mailto:judith@ubiobio.cl\" target=\"_blank\" rel=\"nofollow noopener\">judith@ubiobio.cl<\/a><\/p><hr \/><p><img decoding=\"async\" class=\"CToWUd a6T aligncenter\" tabindex=\"0\" src=\"https:\/\/ci3.googleusercontent.com\/proxy\/1SVRCvin9tq_tdb5YtaVRUlmkef2N3THPrwvEeY1TWOUlzIN7MowAgK-Gs5aeFs98HbsVefq49HEOeIXTYpIdDBQB5ybquMnN9Gk43V_mac-eDbT3JTLXtA8qxOOIqBR2NAyFB76yIvHJw=s0-d-e1-ft#https:\/\/flashissue.s3.us-east-1.amazonaws.com\/2i4y6vpkT1KTLqJEGxNu_YW1kZWwtcmVjdG9y.jpg\" width=\"800\" height=\"165\" data-bit=\"iit\" \/><\/p><h3><span style=\"color: #114288;\"><strong>UBB y la Asociaci\u00f3n de Municipalidades (AMDEL) firman convenio de colaboraci\u00f3n\u00a0<\/strong><\/span><\/h3><p>En el marco del encuentro \u201cMesa de trabajo capacidades para el desarrollo post emergencia de incendios forestales\u201d, desarrollado este viernes 16 de junio de 2023, en el Centro de Innovaci\u00f3n UBB, rector Benito Uma\u00f1a firma acuerdo de colaboraci\u00f3n con la Asociaci\u00f3n de Municipalidades por el Desarrollo Local, AMDEL. En la oportunidad se dio a conocer modelo de vinculaci\u00f3n y oferta cient\u00edfica tecnol\u00f3gica de las 6 decanaturas de la Universidad del B\u00edo-B\u00edo.<\/p><p><em>Ver m\u00e1s:<a href=\"https:\/\/vrip.ubiobio.cl\/inicio\/noticias\/ubb-y-la-asociacion-de-municipalidades-amdel-firman-convenio-de-colaboracion\/\" target=\"_blank\" rel=\"nofollow noopener\" data-saferedirecturl=\"https:\/\/www.google.com\/url?q=https:\/\/vrip.ubiobio.cl\/inicio\/noticias\/ubb-y-la-asociacion-de-municipalidades-amdel-firman-convenio-de-colaboracion\/&amp;source=gmail&amp;ust=1699528266878000&amp;usg=AOvVaw2E7Ou8DYI-2zbzRGi3u12J\">\u00a0https:\/\/vrip.ubiobio.cl\/<wbr \/>inicio\/noticias\/ubb-y-la-<wbr \/>asociacion-de-municipalidades-<wbr \/>amdel-firman-convenio-de-<wbr \/>colaboracion\/<\/a><\/em><\/p><hr \/><p><a href=\"http:\/\/ubb.cl\/848396\" target=\"_blank\" rel=\"nofollow noopener\" data-saferedirecturl=\"https:\/\/www.google.com\/url?q=http:\/\/ubb.cl\/848396&amp;source=gmail&amp;ust=1699528266878000&amp;usg=AOvVaw3IFlHhBCQcGDipNpU8C3IT\"><img loading=\"lazy\" decoding=\"async\" class=\"CToWUd aligncenter\" src=\"https:\/\/ci4.googleusercontent.com\/proxy\/0Q6D5HC2fbRwH3-K4McoOHhOkQr3BhVx1mdrvzrLVxD87g-0j-GCSS55vqaELnXWNiRjmzrDpSXTvVzKmBCSmmnl_tW0rlqEOiwVyKX-BUFO3Iy6-Fdm9x9jVYeo4UzWWguF3V3P1YhaN-icCa0=s0-d-e1-ft#https:\/\/flashissue.s3.us-east-1.amazonaws.com\/SjfwfYJ0RmWDbflhhEXG_bWFkZWluY29uY2UtMTI=.jpg\" width=\"800\" height=\"367\" data-bit=\"iit\" \/><\/a><\/p><h3><span style=\"color: #114288;\"><strong>VRIP firma acuerdo de colaboraci\u00f3n con EtM en el marco del lanzamiento Made Inn Conce<\/strong><\/span><\/h3><p>En el edificio Centro de Innovaci\u00f3n UBB se realiz\u00f3 este martes 13 de junio, el lanzamiento del \u2018Made Inn Conce &#8211; Semana de Innovaci\u00f3n y Emprendimiento\u2019, que se llevar\u00e1 a cabo entre el 3 y 7 de julio de 2023 momento en que se dio la oportunidad para que la Vicerrector\u00eda de Investigaci\u00f3n y Postgrado, (VRIP) firme un acuerdo de colaboraci\u00f3n con la corporaci\u00f3n, Emprende Tu Mente, (EtM), potenciando temas de emprendimiento e innovaci\u00f3n.<\/p><p><em>Ver m\u00e1s<\/em>:\u00a0<a href=\"https:\/\/vrip.ubiobio.cl\/inicio\/noticias\/vrip-firma-acuerdo-de-colaboracion-con-etm-en-el-marco-del-lanzamiento-made-inn-conce\/\" target=\"_blank\" rel=\"nofollow noopener\" data-saferedirecturl=\"https:\/\/www.google.com\/url?q=https:\/\/vrip.ubiobio.cl\/inicio\/noticias\/vrip-firma-acuerdo-de-colaboracion-con-etm-en-el-marco-del-lanzamiento-made-inn-conce\/&amp;source=gmail&amp;ust=1699528266878000&amp;usg=AOvVaw3lO4s6ZC5knEWX3XPSBAzh\">https:\/\/vrip.ubiobio.cl\/<wbr \/>inicio\/noticias\/vrip-firma-<wbr \/>acuerdo-de-colaboracion-con-<wbr \/>etm-en-el-marco-del-<wbr \/>lanzamiento-made-inn-conce\/<\/a><\/p><hr \/><p><a href=\"https:\/\/www.instagram.com\/reel\/Cte9RcwJtg8\/?utm_source=ig_web_copy_link&amp;igshid=MzRlODBiNWFlZA==\" target=\"_blank\" rel=\"nofollow noopener\" data-saferedirecturl=\"https:\/\/www.google.com\/url?q=https:\/\/www.instagram.com\/reel\/Cte9RcwJtg8\/?utm_source%3Dig_web_copy_link%26igshid%3DMzRlODBiNWFlZA%3D%3D&amp;source=gmail&amp;ust=1699528266878000&amp;usg=AOvVaw11wwjM1hPKuoHR6XLPlYn_\"><img loading=\"lazy\" decoding=\"async\" class=\"CToWUd aligncenter\" src=\"https:\/\/ci4.googleusercontent.com\/proxy\/RCDuw7J90WxD0wMfuFJGbMi-h-vUUAzkRj4rjJd3nJEJCfZ7-MwuxX-IkQzPBt7YtlwbK55wI9Dp8ZFNDYSWetXnXUTmW9LwnltSsPZ-thQSlH-LLXBhdDSrCg9T6bBhRVLCi6ev3LoriQ=s0-d-e1-ft#https:\/\/flashissue.s3.us-east-1.amazonaws.com\/57EWInWmR12cQJBSPW0c_dG91cm1hZGVyYQ==.jpg\" width=\"800\" height=\"140\" data-bit=\"iit\" \/><\/a><\/p><h3><span style=\"color: #114288;\"><strong>La madera fue el tema que convoc\u00f3 el segundo Tour de Innovaci\u00f3n en la UBB<\/strong><\/span><\/h3><p>Una iniciativa impulsada por el Comit\u00e9 de Innovaci\u00f3n y Pymes CPC Bio Bio, en colaboraci\u00f3n con la direcci\u00f3n de Innovaci\u00f3n de la Universidad del B\u00edo-B\u00edo, permiti\u00f3 que se realizar\u00e1, este mi\u00e9rcoles 14 de junio, en el Centro de Innovaci\u00f3n UBB, el Segundo Tour de Innovaci\u00f3n centrado en tecnolog\u00edas de construcci\u00f3n y uso de la madera.<\/p><p><em>Ver m\u00e1s:<a href=\"http:\/\/ubb.cl\/848396\" target=\"_blank\" rel=\"nofollow noopener\" data-saferedirecturl=\"https:\/\/www.google.com\/url?q=http:\/\/ubb.cl\/848396&amp;source=gmail&amp;ust=1699528266878000&amp;usg=AOvVaw3IFlHhBCQcGDipNpU8C3IT\">\u00a0<\/a><\/em><a href=\"https:\/\/vrip.ubiobio.cl\/inicio\/noticias\/la-madera-fue-el-tema-que-convoco-el-segundo-tour-de-innovacion-en-la-ubb\/\" target=\"_blank\" rel=\"nofollow noopener\" data-saferedirecturl=\"https:\/\/www.google.com\/url?q=https:\/\/vrip.ubiobio.cl\/inicio\/noticias\/la-madera-fue-el-tema-que-convoco-el-segundo-tour-de-innovacion-en-la-ubb\/&amp;source=gmail&amp;ust=1699528266878000&amp;usg=AOvVaw1TAa2WVpJJihwv8wkJsiZY\">https:\/\/vrip.ubiobio.cl\/<wbr \/>inicio\/noticias\/la-madera-fue-<wbr \/>el-tema-que-convoco-el-<wbr \/>segundo-tour-de-innovacion-en-<wbr \/>la-ubb\/<\/a><\/p><hr \/><p><a href=\"https:\/\/www.instagram.com\/reel\/Ctb7GkepzUk\/?utm_source=ig_web_copy_link&amp;igshid=MzRlODBiNWFlZA==\" target=\"_blank\" rel=\"nofollow noopener\" data-saferedirecturl=\"https:\/\/www.google.com\/url?q=https:\/\/www.instagram.com\/reel\/Ctb7GkepzUk\/?utm_source%3Dig_web_copy_link%26igshid%3DMzRlODBiNWFlZA%3D%3D&amp;source=gmail&amp;ust=1699528266878000&amp;usg=AOvVaw2aSILp5CeNWJtaddgbaFTs\"><img loading=\"lazy\" decoding=\"async\" class=\"CToWUd aligncenter\" src=\"https:\/\/ci4.googleusercontent.com\/proxy\/AnvFARLGWwkYaqeafBnq5u4KRV_zXCEpK-RbXEi5MZewE9Tu4M_GAX6RssTtlM_JNB4P97mXfxSxyZ-FvpEHiizLV0JRnDjp4WXG0LdT9Yq9cYpGGs-iWaMvZEqBsdSZU6Cx6ESHNwVoF8_c_KGVCBY5hKD-1A=s0-d-e1-ft#https:\/\/flashissue.s3.us-east-1.amazonaws.com\/3s2R16iQEyNcDFpAfMgk_ZW1wcmVuZGltaWVudG8tY29mcm8=.jpg\" width=\"800\" height=\"610\" data-bit=\"iit\" \/><\/a><\/p><h3><span style=\"color: #114288;\"><strong>Unidad de Emprendimiento gestion\u00f3 charla en la UBB para conocer detalles de Concursos CORFO<\/strong><\/span><\/h3><p>En el Auditorio del CITEC de la Universidad del B\u00edo-B\u00edo, se llev\u00f3 a cabo este martes 13 de junio de 2023, una charla sobre tres concursos de CORFO, (Semilla Inicia, Innova Regi\u00f3n y Desarrolla Inversi\u00f3n), relatados por Carla Contreras, ejecutiva CORFO Biob\u00edo.<\/p><p><em>Ver m\u00e1s:<\/em><a href=\"http:\/\/ubb.cl\/525754\" target=\"_blank\" rel=\"nofollow noopener\" data-saferedirecturl=\"https:\/\/www.google.com\/url?q=http:\/\/ubb.cl\/525754&amp;source=gmail&amp;ust=1699528266878000&amp;usg=AOvVaw0OIqC7SFWhNF_c3JrWQ1VE\"><em>\u00a0<\/em><\/a><a href=\"https:\/\/vrip.ubiobio.cl\/inicio\/noticias\/unidad-de-emprendimiento-gestiono-charla-en-la-ubb-para-conocer-detalles-de-concursos-corfo\/\" target=\"_blank\" rel=\"nofollow noopener\" data-saferedirecturl=\"https:\/\/www.google.com\/url?q=https:\/\/vrip.ubiobio.cl\/inicio\/noticias\/unidad-de-emprendimiento-gestiono-charla-en-la-ubb-para-conocer-detalles-de-concursos-corfo\/&amp;source=gmail&amp;ust=1699528266878000&amp;usg=AOvVaw39xaeI6F3W-DjsN02_ziGp\">https:\/\/vrip.ubiobio.cl\/<wbr \/>inicio\/noticias\/unidad-de-<wbr \/>emprendimiento-gestiono-<wbr \/>charla-en-la-ubb-para-conocer-<wbr \/>detalles-de-concursos-corfo\/<\/a><\/p><hr \/><p><a href=\"http:\/\/ubb.cl\/349282\" target=\"_blank\" rel=\"nofollow noopener\" data-saferedirecturl=\"https:\/\/www.google.com\/url?q=http:\/\/ubb.cl\/349282&amp;source=gmail&amp;ust=1699528266878000&amp;usg=AOvVaw2sDT6JJkF8rpC2EUlmKAp6\"><img loading=\"lazy\" decoding=\"async\" class=\"CToWUd aligncenter\" src=\"https:\/\/ci5.googleusercontent.com\/proxy\/0yKyDAbVroIwGM47RoCcjKxltkkYT0IepTOMO--AhPeu_OBePSNvOokELsdbdM76BP_3pAcAreegS2AD_WaDDskkPT7pDi0txEie_u80-oI1O3lYzsa6Bl3gdl7V9pSj8JYS6apgPGIMLXv2Y_ShSmHZs0YaTbuMnS2Nlie1CZ7J6lRws6lBi98aXQW1UWLhPEmpjQloI2sy890=s0-d-e1-ft#https:\/\/flashissue.s3.us-east-1.amazonaws.com\/35nZWT8T0mHw9I1VBjfe_Q2FwdHVyYSBkZSBwYW50YWxsYSAyMDIzLTA2LTE1IGEgbGEocykgMTYuMzcuMzE=.png\" width=\"800\" height=\"381\" data-bit=\"iit\" \/><\/a><\/p><h3><span style=\"color: #114288;\"><strong>Investigadora UBB da a conocer resultados sobre evaluaci\u00f3n de aprendizajes en U. de Los Lagos y comunidades educativas de Chilo\u00e9<\/strong><\/span><\/h3><p>La acad\u00e9mica Dra. Ana Carolina Maldonado Fuentes, del Departamento Ciencias de la Educaci\u00f3n, de la Universidad del B\u00edo-B\u00edo, particip\u00f3, durante los d\u00edas 24, 25 y 26 de mayo reci\u00e9n pasado, en diversas actividades de difusi\u00f3n de resultados del Proyecto Regular de Investigaci\u00f3n en Docencia REFID (c\u00f3digo 2150210), cuya ejecuci\u00f3n se efectu\u00f3 en un equipo de investigaci\u00f3n interuniversitario integrado tambi\u00e9n por los coinvestigadores el Dr. Pedro Sandoval Rubilar (UBB) y la Dra. M\u00f3nica Tapia-Ladino (UCSC).<\/p><p><em>Ver m\u00e1s:<\/em><em>\u00a0<\/em><a href=\"https:\/\/vrip.ubiobio.cl\/inicio\/noticias\/investigadora-ubb-da-a-conocer-resultados-sobre-evaluacion-de-aprendizajes-en-u-de-los-lagos-y-comunidades-educativas-de-chiloe\/\" target=\"_blank\" rel=\"nofollow noopener\" data-saferedirecturl=\"https:\/\/www.google.com\/url?q=https:\/\/vrip.ubiobio.cl\/inicio\/noticias\/investigadora-ubb-da-a-conocer-resultados-sobre-evaluacion-de-aprendizajes-en-u-de-los-lagos-y-comunidades-educativas-de-chiloe\/&amp;source=gmail&amp;ust=1699528266878000&amp;usg=AOvVaw0Q4gwj0xuaW5EPU7RF5r-y\">https:\/\/vrip.ubiobio.cl\/<wbr \/>inicio\/noticias\/investigadora-<wbr \/>ubb-da-a-conocer-resultados-<wbr \/>sobre-evaluacion-de-<wbr \/>aprendizajes-en-u-de-los-<wbr \/>lagos-y-comunidades-<wbr \/>educativas-de-chiloe\/<\/a><\/p><hr \/><p><img loading=\"lazy\" decoding=\"async\" class=\"CToWUd a6T aligncenter\" tabindex=\"0\" src=\"https:\/\/ci4.googleusercontent.com\/proxy\/-BCVPAZIK5lBHXwmv_Ker5KK-00Ma-YgYjKPnAviLhRBJsrn6U6mnBDC-URwNFsex9_f7jEAW5SgMB7yr-2YPwEBVJwFRqMs0QbM63qHjcrlF2aTQ6gyjfdlyiPwDKVPnTh4Gw0nv9H-tYobIexcupl-=s0-d-e1-ft#https:\/\/flashissue.s3.us-east-1.amazonaws.com\/WgMJzn2dSaOx66985gyP_c2VtaW5hcmlvLW51bsyDZXo=.jpg\" width=\"800\" height=\"317\" data-bit=\"iit\" \/><\/p><h3><span style=\"color: #114288;\"><strong>En seminario internacional se dieron a conocer conclusiones del proyecto plataforma para gesti\u00f3n de riesgo frente a precipitaciones<\/strong><\/span><\/h3><p>En el Aula Magna de la Universidad del B\u00edo-B\u00edo, se realiz\u00f3, este mi\u00e9rcoles 14 de junio de 2023, el seminario resiliencia urbana en tiempos de cambio clim\u00e1tico, oportunidad en que los responsables del proyecto \u2018Plataforma para gesti\u00f3n de riesgo y resiliencia urbana: Precipitaciones producto del cambio clim\u00e1tico\u2019, informaron acerca de los avances alcanzado con esta iniciativa luego de tres a\u00f1os de ejecuci\u00f3n y que cont\u00f3 con el apoyo del Servicio de Vivienda y Urbanismo de la Regi\u00f3n del Biob\u00edo como entidad mandante, y financiada por CORFO.<\/p><p><em>Ver m\u00e1s: <a href=\"https:\/\/vrip.ubiobio.cl\/inicio\/noticias\/en-seminario-internacional-se-dieron-a-conocer-conclusiones-del-proyecto-plataforma-para-gestion-de-riesgo-frente-a-precipitaciones\/\" target=\"_blank\" rel=\"nofollow noopener\" data-saferedirecturl=\"https:\/\/www.google.com\/url?q=https:\/\/vrip.ubiobio.cl\/inicio\/noticias\/en-seminario-internacional-se-dieron-a-conocer-conclusiones-del-proyecto-plataforma-para-gestion-de-riesgo-frente-a-precipitaciones\/&amp;source=gmail&amp;ust=1699528266879000&amp;usg=AOvVaw3uYx2RGf3Zyo8LEQ-sT4Cl\">https:\/\/vrip.ubiobio.cl\/<wbr \/>inicio\/noticias\/en-seminario-<wbr \/>internacional-se-dieron-a-<wbr \/>conocer-conclusiones-del-<wbr \/>proyecto-plataforma-para-<wbr \/>gestion-de-riesgo-frente-a-<wbr \/>precipitaciones\/<\/a><\/em><\/p><hr \/><p><img loading=\"lazy\" decoding=\"async\" class=\"CToWUd a6T aligncenter\" tabindex=\"0\" src=\"https:\/\/ci3.googleusercontent.com\/proxy\/RqmBWD_yRS-0Itm7Kw7KC7v-d5okG7jIZeakqeachceOCwFp22xAHGM1xr7NdIAGtYpRsZRxi6Dor2JztVL8xQ-qavWQOmoDXgjgccPaB3LtA36aj979ohc8O8zdmLs=s0-d-e1-ft#https:\/\/flashissue.s3.us-east-1.amazonaws.com\/r3qyRXWFQAemXLmJfd0k_TUFU.jpeg\" width=\"800\" height=\"401\" data-bit=\"iit\" \/><\/p><h3><span style=\"color: #114288;\"><strong>Grupo de Investigaci\u00f3n en Educaci\u00f3n e Interculturalidad UBB fortalece alianza acad\u00e9mica con Universidad de Nari\u00f1o<\/strong><\/span><\/h3><p>El Grupo de Investigaci\u00f3n en Educaci\u00f3n e Interculturalidad de la Universidad del B\u00edo-B\u00edo, coordinado por el acad\u00e9mico Dr. Miguel Friz Carrillo, tiene por objetivo indagar en tem\u00e1ticas que fortalezcan los procesos de formaci\u00f3n inicial y continua de profesores de matem\u00e1ticas que desarrollan su labor en aulas culturalmente diversas, proceso en el cual ha sido fundamental el rol que juega la Etnomatem\u00e1tica, sus contribuciones y nuevos desaf\u00edos que plantea al profesorado.<\/p><p><em>Ver m\u00e1s:<\/em>\u00a0<a href=\"https:\/\/vrip.ubiobio.cl\/inicio\/noticias\/grupo-de-investigacion-en-educacion-e-interculturalidad-ubb-fortalece-alianza-academica-con-universidad-de-narino\/\" target=\"_blank\" rel=\"nofollow noopener\" data-saferedirecturl=\"https:\/\/www.google.com\/url?q=https:\/\/vrip.ubiobio.cl\/inicio\/noticias\/grupo-de-investigacion-en-educacion-e-interculturalidad-ubb-fortalece-alianza-academica-con-universidad-de-narino\/&amp;source=gmail&amp;ust=1699528266879000&amp;usg=AOvVaw1Hzv0PIuWvbIQQC5PdeanK\">https:\/\/vrip.ubiobio.cl\/<wbr \/>inicio\/noticias\/grupo-de-<wbr \/>investigacion-en-educacion-e-<wbr \/>interculturalidad-ubb-<wbr \/>fortalece-alianza-academica-<wbr \/>con-universidad-de-narino\/<\/a><\/p>\t\t\t\t\t\t\t\t<\/div>\n\t\t\t\t<\/div>\n\t\t\t\t\t<\/div>\n\t\t<\/div>\n\t\t\t\t<div class=\"elementor-column elementor-col-33 elementor-top-column elementor-element elementor-element-4029fc3\" data-id=\"4029fc3\" data-element_type=\"column\" data-e-type=\"column\">\n\t\t\t<div class=\"elementor-widget-wrap\">\n\t\t\t\t\t\t\t<\/div>\n\t\t<\/div>\n\t\t\t\t\t<\/div>\n\t\t<\/section>\n\t\t\t\t<section class=\"elementor-section elementor-top-section elementor-element elementor-element-e890eb5 elementor-section-boxed elementor-section-height-default elementor-section-height-default\" data-id=\"e890eb5\" data-element_type=\"section\" data-e-type=\"section\" data-settings=\"{&quot;_ha_eqh_enable&quot;:false}\">\n\t\t\t\t\t\t<div class=\"elementor-container elementor-column-gap-default\">\n\t\t\t\t\t<div class=\"elementor-column elementor-col-33 elementor-top-column elementor-element elementor-element-86eb166\" data-id=\"86eb166\" data-element_type=\"column\" data-e-type=\"column\">\n\t\t\t<div class=\"elementor-widget-wrap\">\n\t\t\t\t\t\t\t<\/div>\n\t\t<\/div>\n\t\t\t\t<div class=\"elementor-column elementor-col-33 elementor-top-column elementor-element elementor-element-26f0c89\" data-id=\"26f0c89\" data-element_type=\"column\" data-e-type=\"column\">\n\t\t\t<div class=\"elementor-widget-wrap elementor-element-populated\">\n\t\t\t\t\t\t<div class=\"elementor-element elementor-element-49c2d0a elementor-widget elementor-widget-html\" data-id=\"49c2d0a\" data-element_type=\"widget\" data-e-type=\"widget\" data-widget_type=\"html.default\">\n\t\t\t\t<div class=\"elementor-widget-container\">\n\t\t\t\t\t<hr>\t\t\t\t<\/div>\n\t\t\t\t<\/div>\n\t\t\t\t\t<\/div>\n\t\t<\/div>\n\t\t\t\t<div class=\"elementor-column elementor-col-33 elementor-top-column elementor-element elementor-element-2ddd631\" data-id=\"2ddd631\" data-element_type=\"column\" data-e-type=\"column\">\n\t\t\t<div class=\"elementor-widget-wrap\">\n\t\t\t\t\t\t\t<\/div>\n\t\t<\/div>\n\t\t\t\t\t<\/div>\n\t\t<\/section>\n\t\t\t\t<section class=\"elementor-section elementor-top-section elementor-element elementor-element-0799f0e elementor-section-boxed elementor-section-height-default elementor-section-height-default\" data-id=\"0799f0e\" data-element_type=\"section\" data-e-type=\"section\" data-settings=\"{&quot;_ha_eqh_enable&quot;:false}\">\n\t\t\t\t\t\t<div class=\"elementor-container elementor-column-gap-default\">\n\t\t\t\t\t<div class=\"elementor-column elementor-col-33 elementor-top-column elementor-element elementor-element-6c7c006\" data-id=\"6c7c006\" data-element_type=\"column\" data-e-type=\"column\">\n\t\t\t<div class=\"elementor-widget-wrap\">\n\t\t\t\t\t\t\t<\/div>\n\t\t<\/div>\n\t\t\t\t<div class=\"elementor-column elementor-col-33 elementor-top-column elementor-element elementor-element-063fb4d\" data-id=\"063fb4d\" data-element_type=\"column\" data-e-type=\"column\">\n\t\t\t<div class=\"elementor-widget-wrap elementor-element-populated\">\n\t\t\t\t\t\t<div class=\"elementor-element elementor-element-700c0ca elementor-widget elementor-widget-text-editor\" data-id=\"700c0ca\" data-element_type=\"widget\" data-e-type=\"widget\" data-widget_type=\"text-editor.default\">\n\t\t\t\t<div class=\"elementor-widget-container\">\n\t\t\t\t\t\t\t\t\t<h3><span style=\"color: #114288;\"><strong>CONCURSOS INTERNOS DISPONIBLES<\/strong><\/span><\/h3>\t\t\t\t\t\t\t\t<\/div>\n\t\t\t\t<\/div>\n\t\t\t\t\t<\/div>\n\t\t<\/div>\n\t\t\t\t<div class=\"elementor-column elementor-col-33 elementor-top-column elementor-element elementor-element-5aedd46\" data-id=\"5aedd46\" data-element_type=\"column\" data-e-type=\"column\">\n\t\t\t<div class=\"elementor-widget-wrap\">\n\t\t\t\t\t\t\t<\/div>\n\t\t<\/div>\n\t\t\t\t\t<\/div>\n\t\t<\/section>\n\t\t\t\t<section class=\"elementor-section elementor-top-section elementor-element elementor-element-8401834 elementor-section-boxed elementor-section-height-default elementor-section-height-default\" data-id=\"8401834\" data-element_type=\"section\" data-e-type=\"section\" data-settings=\"{&quot;_ha_eqh_enable&quot;:false}\">\n\t\t\t\t\t\t<div class=\"elementor-container elementor-column-gap-default\">\n\t\t\t\t\t<div class=\"elementor-column elementor-col-33 elementor-top-column elementor-element elementor-element-03c8b37\" data-id=\"03c8b37\" data-element_type=\"column\" data-e-type=\"column\">\n\t\t\t<div class=\"elementor-widget-wrap\">\n\t\t\t\t\t\t\t<\/div>\n\t\t<\/div>\n\t\t\t\t<div class=\"elementor-column elementor-col-33 elementor-top-column elementor-element elementor-element-25ae0b4\" data-id=\"25ae0b4\" data-element_type=\"column\" data-e-type=\"column\">\n\t\t\t<div class=\"elementor-widget-wrap elementor-element-populated\">\n\t\t\t\t\t\t<div class=\"elementor-element elementor-element-de241ec elementor-widget elementor-widget-text-editor\" data-id=\"de241ec\" data-element_type=\"widget\" data-e-type=\"widget\" data-widget_type=\"text-editor.default\">\n\t\t\t\t<div class=\"elementor-widget-container\">\n\t\t\t\t\t\t\t\t\t<h3><span style=\"color: #114288;\"><strong>Concurso \u201cProyectos de Creaci\u00f3n Art\u00edstica UBB 2023-2024\u201d<\/strong>\u00a0\u00a0<strong>Direcci\u00f3n de Investigaci\u00f3n y\u00a0Creaci\u00f3n Art\u00edstica<\/strong><\/span><\/h3><p>El concurso apoyar\u00e1 propuestas de acad\u00e9micos\/as que puedan ser gestionadas y materializadas en los plazos que establecen estas bases y que sean objeto de v\u00ednculo entre la UBB y el medio art\u00edstico-cultural de las regiones del Biob\u00edo y de \u00d1uble.<\/p><p><em>Ver m\u00e1s:<\/em> <a href=\"https:\/\/vrip.ubiobio.cl\/inicio\/concurso-proyectos-de-creacion-artistica-ubb-2023\/\" target=\"_blank\" rel=\"nofollow noopener\" data-saferedirecturl=\"https:\/\/www.google.com\/url?q=https:\/\/vrip.ubiobio.cl\/inicio\/concurso-proyectos-de-creacion-artistica-ubb-2023\/&amp;source=gmail&amp;ust=1699528266879000&amp;usg=AOvVaw1OzhMyOoUhgvWMbvGXULsO\">https:\/\/vrip.ubiobio.cl\/<wbr \/>inicio\/concurso-proyectos-de-<wbr \/>creacion-artistica-ubb-2023\/<\/a><\/p><hr \/><p><img loading=\"lazy\" decoding=\"async\" class=\"CToWUd a6T aligncenter\" tabindex=\"0\" src=\"https:\/\/ci3.googleusercontent.com\/proxy\/eXNIaa3QilpMmcl52vuQL5yxfI_gh02P_-kEb8he4Yzn43j1GoecJZo0GO956TEFB94zFvuO7feoJe8WlFdHgoS7wLTl5og2YH1blOTj2rDkHbBPyhiwAMAbL-A_QS75QZLb-vfecwh-8tHaz8qwKTH9G94BU3rQJ-k=s0-d-e1-ft#https:\/\/flashissue.s3.us-east-1.amazonaws.com\/JmpFkBy8RNIm3CqE8yBm_Y3JlYWNpb24tYXJ0aXN0aWNhTlAtMDI=.jpg\" width=\"800\" height=\"190\" data-bit=\"iit\" \/><\/p><hr \/><h3><span style=\"color: #114288;\"><strong>Apertura Concurso \u201cGrupo de Investigaci\u00f3n 2023\u201d<\/strong><\/span><\/h3><p>La\u00a0Vicerrector\u00eda de Investigaci\u00f3n y Postgrado\u00a0a trav\u00e9s de la\u00a0Direcci\u00f3n de Investigaci\u00f3n y Creaci\u00f3n Art\u00edstica, informa que\u00a0se encuentra abierta la\u00a0convocatoria Grupos de Investigaci\u00f3n 2023.<\/p><p>La apertura del Concurso Grupos de Investigaci\u00f3n 2023 es el d\u00eda\u00a0lunes 29 de mayo de 2023\u00a0y la\u00a0fecha\u00a0de cierre ser\u00e1 el\u00a0d\u00eda viernes 21 de julio de 2023 a las 18:00\u00a0hrs.<\/p><p><em>Ver m\u00e1s: <a href=\"https:\/\/vrip.ubiobio.cl\/inicio\/convocatorias-emprendimiento-ubb-2023\/\" target=\"_blank\" rel=\"nofollow noopener\" data-saferedirecturl=\"https:\/\/www.google.com\/url?q=https:\/\/vrip.ubiobio.cl\/inicio\/convocatorias-emprendimiento-ubb-2023\/&amp;source=gmail&amp;ust=1699528266879000&amp;usg=AOvVaw1b3i5BnG9PeJucWJJtV0_W\">https:\/\/vrip.ubiobio.cl\/<wbr \/>inicio\/concurso-grupos-de-<wbr \/>investigacion-2023\/<\/a><\/em><\/p><p><img loading=\"lazy\" decoding=\"async\" class=\"CToWUd a6T aligncenter\" tabindex=\"0\" src=\"https:\/\/ci5.googleusercontent.com\/proxy\/7LD3uoudtwemENtdFl3yPkdCiYEcdMAYoBiMIb-8BjGHIV60H6yzFv_xZ4JtkWSmDdrG-34JvcEiU6CFLlDE74rT13ta78Ed7cxgCL9YGF-NnEWpOVn7L78C5enASnx6FqLL4mQwLHrG7XJYGrf03AEPBj5afl8q5cQj-8sHsUlnrl2DwF1PIkxAOESfJwR_jH4=s0-d-e1-ft#https:\/\/flashissue.s3.us-east-1.amazonaws.com\/f2ay0AvKSp5ZpTGplRQ6_YmFubmVyLWludmVzdGlnYWNpb24tdjNfTWVzYSBkZSB0cmFiYWpvIDE=.jpg\" width=\"800\" height=\"184\" data-bit=\"iit\" \/><\/p><hr \/><h3><span style=\"color: #114288;\"><strong>Concurso \u00abProyectos de Prototipos a\u00f1o 2023\u00bb Direcci\u00f3n de Innovaci\u00f3n<\/strong><\/span><\/h3><p>El objetivo del concurso es financiar y apoyar proyectos que involucren el desarrollo de prototipos de nuevos productos y\/o procesos, que presenten un evidente grado de innovaci\u00f3n con respecto a lo existente en el mercado, y que apunten a una necesidad\/oportunidad del medio externo y que sean susceptible de protecci\u00f3n intelectual.<\/p><p><em>Ver m\u00e1s:<\/em> <a href=\"https:\/\/vrip.ubiobio.cl\/inicio\/concurso-proyectos-de-prototipos-2023\/\" target=\"_blank\" rel=\"nofollow noopener\" data-saferedirecturl=\"https:\/\/www.google.com\/url?q=https:\/\/vrip.ubiobio.cl\/inicio\/concurso-proyectos-de-prototipos-2023\/&amp;source=gmail&amp;ust=1699528266879000&amp;usg=AOvVaw3TXwZ_XPlhvzQUc1D9NH_U\">https:\/\/vrip.ubiobio.cl\/<wbr \/>inicio\/concurso-proyectos-de-<wbr \/>prototipos-2023\/<\/a><\/p><p><img loading=\"lazy\" decoding=\"async\" class=\"CToWUd a6T aligncenter\" tabindex=\"0\" src=\"https:\/\/ci6.googleusercontent.com\/proxy\/KLo3Xy5cZYiMR7VveLlIj8Vje8JdiXPIMqiIvP1fnT-ZOor_67kwGaWJm6CEX_NKOTABj8PCQ9gHXsuqiVYuoSq5n6Uys3-OTfF4LqMw-a8eO1yDXds92ktnuBhhYNfQgDnUszBzaunDz2QQHfk=s0-d-e1-ft#https:\/\/flashissue.s3.us-east-1.amazonaws.com\/2Nl3QhjiTLaXRswCm4XM_cHJvdG90aXBvLTMtMDM=.jpg\" width=\"800\" height=\"185\" data-bit=\"iit\" \/><\/p>\t\t\t\t\t\t\t\t<\/div>\n\t\t\t\t<\/div>\n\t\t\t\t\t<\/div>\n\t\t<\/div>\n\t\t\t\t<div class=\"elementor-column elementor-col-33 elementor-top-column elementor-element elementor-element-e6f8213\" data-id=\"e6f8213\" data-element_type=\"column\" data-e-type=\"column\">\n\t\t\t<div class=\"elementor-widget-wrap\">\n\t\t\t\t\t\t\t<\/div>\n\t\t<\/div>\n\t\t\t\t\t<\/div>\n\t\t<\/section>\n\t\t\t\t<section class=\"elementor-section elementor-top-section elementor-element elementor-element-1e08eae elementor-section-boxed elementor-section-height-default elementor-section-height-default\" data-id=\"1e08eae\" data-element_type=\"section\" data-e-type=\"section\" data-settings=\"{&quot;_ha_eqh_enable&quot;:false}\">\n\t\t\t\t\t\t<div class=\"elementor-container elementor-column-gap-default\">\n\t\t\t\t\t<div class=\"elementor-column elementor-col-33 elementor-top-column elementor-element elementor-element-ceafae9\" data-id=\"ceafae9\" data-element_type=\"column\" data-e-type=\"column\">\n\t\t\t<div class=\"elementor-widget-wrap\">\n\t\t\t\t\t\t\t<\/div>\n\t\t<\/div>\n\t\t\t\t<div class=\"elementor-column elementor-col-33 elementor-top-column elementor-element elementor-element-221613e\" data-id=\"221613e\" data-element_type=\"column\" data-e-type=\"column\">\n\t\t\t<div class=\"elementor-widget-wrap elementor-element-populated\">\n\t\t\t\t\t\t<div class=\"elementor-element elementor-element-de78d3c elementor-widget elementor-widget-html\" data-id=\"de78d3c\" data-element_type=\"widget\" data-e-type=\"widget\" data-widget_type=\"html.default\">\n\t\t\t\t<div class=\"elementor-widget-container\">\n\t\t\t\t\t<hr>\r\n\t\t\t\t<\/div>\n\t\t\t\t<\/div>\n\t\t\t\t\t<\/div>\n\t\t<\/div>\n\t\t\t\t<div class=\"elementor-column elementor-col-33 elementor-top-column elementor-element elementor-element-35f433b\" data-id=\"35f433b\" data-element_type=\"column\" data-e-type=\"column\">\n\t\t\t<div class=\"elementor-widget-wrap\">\n\t\t\t\t\t\t\t<\/div>\n\t\t<\/div>\n\t\t\t\t\t<\/div>\n\t\t<\/section>\n\t\t\t\t<section class=\"elementor-section elementor-top-section elementor-element elementor-element-5e68b69 elementor-section-boxed elementor-section-height-default elementor-section-height-default\" data-id=\"5e68b69\" data-element_type=\"section\" data-e-type=\"section\" data-settings=\"{&quot;_ha_eqh_enable&quot;:false}\">\n\t\t\t\t\t\t<div class=\"elementor-container elementor-column-gap-default\">\n\t\t\t\t\t<div class=\"elementor-column elementor-col-33 elementor-top-column elementor-element elementor-element-feb73eb\" data-id=\"feb73eb\" data-element_type=\"column\" data-e-type=\"column\">\n\t\t\t<div class=\"elementor-widget-wrap\">\n\t\t\t\t\t\t\t<\/div>\n\t\t<\/div>\n\t\t\t\t<div class=\"elementor-column elementor-col-33 elementor-top-column elementor-element elementor-element-bc91de3\" data-id=\"bc91de3\" data-element_type=\"column\" data-e-type=\"column\">\n\t\t\t<div class=\"elementor-widget-wrap elementor-element-populated\">\n\t\t\t\t\t\t<div class=\"elementor-element elementor-element-10870fb elementor-widget elementor-widget-text-editor\" data-id=\"10870fb\" data-element_type=\"widget\" data-e-type=\"widget\" data-widget_type=\"text-editor.default\">\n\t\t\t\t<div class=\"elementor-widget-container\">\n\t\t\t\t\t\t\t\t\t<table align=\"center\">\n<tbody>\n<tr>\n<td id=\"m_8467858756250299110m_4658873428329236187m_-7901358079350462190gmail-twitter-social-link\"><a href=\"https:\/\/www.twitter.com\/FlashIssue\" target=\"_blank\" rel=\"noopener\" data-saferedirecturl=\"https:\/\/www.google.com\/url?q=https:\/\/www.twitter.com\/FlashIssue&amp;source=gmail&amp;ust=1701886559522000&amp;usg=AOvVaw2YqocBqApBMfCECsazrFYp\"><img decoding=\"async\" class=\"CToWUd alignright\" src=\"https:\/\/ci3.googleusercontent.com\/meips\/ADKq_NZE482hZCyf5-eH5kdodW-i7ynf_Uc3o7Y2qVhkxeaBCGxbbRl4hZDL1bqALThwDN-AV5RNZ6NOZSIkeTJldTdvlbzE_6G1poLwYf9t-LR4fd0q_WAWHZ0f4oGdccihLUnmu9qg=s0-d-e1-ft#https:\/\/app.flashissue.com\/images\/social-icons\/round\/twitter\/grey\/twitter48.png\" data-bit=\"iit\" \/><\/a><\/td>\n<td><\/td>\n<td id=\"m_8467858756250299110m_4658873428329236187m_-7901358079350462190gmail-youtube-social-link\"><a href=\"https:\/\/www.youtube.com\/channel\/UCf7o8yHRJ7Y_QQLxwu1KQgA\" target=\"_blank\" rel=\"noopener\" data-saferedirecturl=\"https:\/\/www.google.com\/url?q=https:\/\/www.youtube.com\/channel\/UCf7o8yHRJ7Y_QQLxwu1KQgA&amp;source=gmail&amp;ust=1701886559523000&amp;usg=AOvVaw0jM7z9DMsgsZI5rYjuzYkv\"><img decoding=\"async\" class=\"CToWUd aligncenter\" src=\"https:\/\/ci3.googleusercontent.com\/meips\/ADKq_NZcx2sA8E3XSq35qpW98I3eb4zPATi0zr1ga9xoEv8HiKSPkRr0My77uw7jNpJiWcrZ-gHmEI2j5re0zjRI8wDsIoJbNevCaWCGyGWLOqc5TP4GPbVwQ1Wro4I6X8LmS5lWPhVl=s0-d-e1-ft#https:\/\/app.flashissue.com\/images\/social-icons\/round\/youtube\/grey\/youtube48.png\" data-bit=\"iit\" \/><\/a><\/td>\n<td><\/td>\n<td id=\"m_8467858756250299110m_4658873428329236187m_-7901358079350462190gmail-instagram-social-link\"><a href=\"https:\/\/www.instagram.com\/vrip_ubb\" target=\"_blank\" rel=\"noopener\" data-saferedirecturl=\"https:\/\/www.google.com\/url?q=https:\/\/www.instagram.com\/vrip_ubb&amp;source=gmail&amp;ust=1701886559523000&amp;usg=AOvVaw2F_KM9oE9lwudPrAZbmCZ0\"><img decoding=\"async\" class=\"CToWUd alignleft\" src=\"https:\/\/ci3.googleusercontent.com\/meips\/ADKq_Nan2m-yF-ZY-b4YK_6CQuSq5MrrQfz9h9uFQOtT_j31UVGd75i-QlY9VCEerAvzU-ywj-3R7trnB7YFhU35_iVsR89He9CXg0XLPQaj0mpctOF8T6RDYYJ9UnbXddwozdfwLo1cnkcc6w=s0-d-e1-ft#https:\/\/app.flashissue.com\/images\/social-icons\/round\/instagram\/grey\/instagram48.png\" data-bit=\"iit\" \/><\/a><\/td>\n<\/tr>\n<\/tbody>\n<\/table>\n<img decoding=\"async\" src=\"https:\/\/ci3.googleusercontent.com\/meips\/ADKq_NaKF-fgJsXFZ_zJQCoYDINB85tkqa3SLNYNXVr7RF7gDTX_gjHBOVPgLRoCVB2ytEuC_QCYcCQEc5o2wednfOInTFO7_6imvAkKPRLqrTdOeW5RmZiOXhLYOU8Z2BXsga_Y5XO26R9TXxqOPl4=s0-d-e1-ft#https:\/\/flashissue.s3.us-east-1.amazonaws.com\/xVesVrgXREOs3TCWMlFA_dXAtZG93bi0wMg==.jpg\" \/>\n<p style=\"text-align: center;\">Vicerrector\u00eda de Investigaci\u00f3n y Postgrado &#8211; Universidad del B\u00edo-B\u00edo<\/p>\n<p style=\"text-align: center;\">Todos los derechos reservados, Av. Collao 1202, Concepci\u00f3n \/ Av. Andr\u00e9s Bello s\/n, Chill\u00e1n<\/p>\n<p style=\"text-align: center;\">Comentarios a:\u00a0<strong><a href=\"mailto:vripcomunicaciones@ubiobio.cl?subject=Comentario%20newsletter\" target=\"_blank\" rel=\"noopener\">vripcomunicaciones@ubiobio.<wbr \/>cl<\/a><\/strong><\/p>\t\t\t\t\t\t\t\t<\/div>\n\t\t\t\t<\/div>\n\t\t\t\t\t<\/div>\n\t\t<\/div>\n\t\t\t\t<div class=\"elementor-column elementor-col-33 elementor-top-column elementor-element elementor-element-c421ef0\" data-id=\"c421ef0\" data-element_type=\"column\" data-e-type=\"column\">\n\t\t\t<div class=\"elementor-widget-wrap\">\n\t\t\t\t\t\t\t<\/div>\n\t\t<\/div>\n\t\t\t\t\t<\/div>\n\t\t<\/section>\n\t\t\t\t<section class=\"elementor-section elementor-top-section elementor-element elementor-element-38f252df elementor-section-boxed elementor-section-height-default elementor-section-height-default\" data-id=\"38f252df\" data-element_type=\"section\" data-e-type=\"section\" data-settings=\"{&quot;_ha_eqh_enable&quot;:false}\">\n\t\t\t\t\t\t<div class=\"elementor-container elementor-column-gap-default\">\n\t\t\t\t\t\t<\/div>\n\t\t<\/section>\n\t\t\t\t<section class=\"elementor-section elementor-top-section elementor-element elementor-element-c05f85d elementor-section-boxed elementor-section-height-default elementor-section-height-default\" data-id=\"c05f85d\" data-element_type=\"section\" data-e-type=\"section\" data-settings=\"{&quot;_ha_eqh_enable&quot;:false}\">\n\t\t\t\t\t\t<div class=\"elementor-container elementor-column-gap-default\">\n\t\t\t\t\t<div class=\"elementor-column elementor-col-100 elementor-top-column elementor-element elementor-element-c588dc1\" data-id=\"c588dc1\" data-element_type=\"column\" data-e-type=\"column\">\n\t\t\t<div class=\"elementor-widget-wrap elementor-element-populated\">\n\t\t\t\t\t\t<div class=\"elementor-element elementor-element-4a24d89 elementor-widget elementor-widget-spacer\" data-id=\"4a24d89\" data-element_type=\"widget\" data-e-type=\"widget\" data-widget_type=\"spacer.default\">\n\t\t\t\t<div class=\"elementor-widget-container\">\n\t\t\t\t\t\t\t<div class=\"elementor-spacer\">\n\t\t\t<div class=\"elementor-spacer-inner\"><\/div>\n\t\t<\/div>\n\t\t\t\t\t\t<\/div>\n\t\t\t\t<\/div>\n\t\t\t\t\t<\/div>\n\t\t<\/div>\n\t\t\t\t\t<\/div>\n\t\t<\/section>\n\t\t\t\t<\/div>\n\t\t","protected":false},"excerpt":{"rendered":"<p>Edici\u00f3n 19 Junio 2023 Conversatorio UBB, Desaf\u00edos en la articulaci\u00f3n interdisciplinar en proyectos I+D+i+e La subdirecci\u00f3n de Investigaci\u00f3n y Creaci\u00f3n Art\u00edstica y de Innovaci\u00f3n invitan al conversatorio \u00abDesaf\u00edos en la Articulaci\u00f3n Interdisciplinar en Proyectos I+D+i+e\u00bb, a realizarse el d\u00eda\u00a027 de Junio de 2023, en la Sala Multitaller &#8211; Aula Magna-Campus Fernando May. Confirmar asistencia antes&#8230;<\/p>\n","protected":false},"author":1,"featured_media":0,"parent":41711,"menu_order":0,"comment_status":"closed","ping_status":"closed","template":"","meta":{"_kadence_starter_templates_imported_post":false,"_kad_post_transparent":"default","_kad_post_title":"hide","_kad_post_layout":"fullwidth","_kad_post_sidebar_id":"","_kad_post_content_style":"unboxed","_kad_post_vertical_padding":"hide","_kad_post_feature":"hide","_kad_post_feature_position":"","_kad_post_header":false,"_kad_post_footer":false,"footnotes":""},"class_list":["post-41837","page","type-page","status-publish","hentry"],"yoast_head":"<!-- This site is optimized with the Yoast SEO plugin v27.5 - https:\/\/yoast.com\/product\/yoast-seo-wordpress\/ -->\n<title>Informativo VRIP 19 Junio 2023 - VRIP<\/title>\n<meta name=\"robots\" content=\"index, follow, max-snippet:-1, max-image-preview:large, max-video-preview:-1\" \/>\n<link rel=\"canonical\" href=\"https:\/\/vrip.ubiobio.cl\/inicio\/informativos-vrip\/edicion-19-junio-2023\/\" \/>\n<meta property=\"og:locale\" content=\"es_ES\" \/>\n<meta property=\"og:type\" content=\"article\" \/>\n<meta property=\"og:title\" content=\"Informativo VRIP 19 Junio 2023 - VRIP\" \/>\n<meta property=\"og:description\" content=\"Edici\u00f3n 19 Junio 2023 Conversatorio UBB, Desaf\u00edos en la articulaci\u00f3n interdisciplinar en proyectos I+D+i+e La subdirecci\u00f3n de Investigaci\u00f3n y Creaci\u00f3n Art\u00edstica y de Innovaci\u00f3n invitan al conversatorio \u00abDesaf\u00edos en la Articulaci\u00f3n Interdisciplinar en Proyectos I+D+i+e\u00bb, a realizarse el d\u00eda\u00a027 de Junio de 2023, en la Sala Multitaller &#8211; Aula Magna-Campus Fernando May. Confirmar asistencia antes...\" \/>\n<meta property=\"og:url\" content=\"https:\/\/vrip.ubiobio.cl\/inicio\/informativos-vrip\/edicion-19-junio-2023\/\" \/>\n<meta property=\"og:site_name\" content=\"VRIP\" \/>\n<meta property=\"article:modified_time\" content=\"2023-12-05T18:25:24+00:00\" \/>\n<meta property=\"og:image\" content=\"https:\/\/vrip.ubiobio.cl\/wp-content\/uploads\/2023\/11\/Informativo-VRIP-Banner.jpg\" \/>\n\t<meta property=\"og:image:width\" content=\"834\" \/>\n\t<meta property=\"og:image:height\" content=\"290\" \/>\n\t<meta property=\"og:image:type\" content=\"image\/jpeg\" \/>\n<meta name=\"twitter:card\" content=\"summary_large_image\" \/>\n<meta name=\"twitter:site\" content=\"@vripubb\" \/>\n<meta name=\"twitter:label1\" content=\"Tiempo de lectura\" \/>\n\t<meta name=\"twitter:data1\" content=\"5 minutos\" \/>\n<script type=\"application\/ld+json\" class=\"yoast-schema-graph\">{\"@context\":\"https:\\\/\\\/schema.org\",\"@graph\":[{\"@type\":\"WebPage\",\"@id\":\"https:\\\/\\\/vrip.ubiobio.cl\\\/inicio\\\/informativos-vrip\\\/edicion-19-junio-2023\\\/\",\"url\":\"https:\\\/\\\/vrip.ubiobio.cl\\\/inicio\\\/informativos-vrip\\\/edicion-19-junio-2023\\\/\",\"name\":\"Informativo VRIP 19 Junio 2023 - VRIP\",\"isPartOf\":{\"@id\":\"https:\\\/\\\/vrip.ubiobio.cl\\\/inicio\\\/#website\"},\"primaryImageOfPage\":{\"@id\":\"https:\\\/\\\/vrip.ubiobio.cl\\\/inicio\\\/informativos-vrip\\\/edicion-19-junio-2023\\\/#primaryimage\"},\"image\":{\"@id\":\"https:\\\/\\\/vrip.ubiobio.cl\\\/inicio\\\/informativos-vrip\\\/edicion-19-junio-2023\\\/#primaryimage\"},\"thumbnailUrl\":\"https:\\\/\\\/vrip.ubiobio.cl\\\/wp-content\\\/uploads\\\/2023\\\/11\\\/Informativo-VRIP-Banner.jpg\",\"datePublished\":\"2023-11-08T14:13:48+00:00\",\"dateModified\":\"2023-12-05T18:25:24+00:00\",\"breadcrumb\":{\"@id\":\"https:\\\/\\\/vrip.ubiobio.cl\\\/inicio\\\/informativos-vrip\\\/edicion-19-junio-2023\\\/#breadcrumb\"},\"inLanguage\":\"es\",\"potentialAction\":[{\"@type\":\"ReadAction\",\"target\":[\"https:\\\/\\\/vrip.ubiobio.cl\\\/inicio\\\/informativos-vrip\\\/edicion-19-junio-2023\\\/\"]}]},{\"@type\":\"ImageObject\",\"inLanguage\":\"es\",\"@id\":\"https:\\\/\\\/vrip.ubiobio.cl\\\/inicio\\\/informativos-vrip\\\/edicion-19-junio-2023\\\/#primaryimage\",\"url\":\"https:\\\/\\\/vrip.ubiobio.cl\\\/wp-content\\\/uploads\\\/2023\\\/11\\\/Informativo-VRIP-Banner.jpg\",\"contentUrl\":\"https:\\\/\\\/vrip.ubiobio.cl\\\/wp-content\\\/uploads\\\/2023\\\/11\\\/Informativo-VRIP-Banner.jpg\"},{\"@type\":\"BreadcrumbList\",\"@id\":\"https:\\\/\\\/vrip.ubiobio.cl\\\/inicio\\\/informativos-vrip\\\/edicion-19-junio-2023\\\/#breadcrumb\",\"itemListElement\":[{\"@type\":\"ListItem\",\"position\":1,\"name\":\"Portada\",\"item\":\"https:\\\/\\\/vrip.ubiobio.cl\\\/inicio\\\/\"},{\"@type\":\"ListItem\",\"position\":2,\"name\":\"Informativos VRIP\",\"item\":\"https:\\\/\\\/vrip.ubiobio.cl\\\/inicio\\\/informativos-vrip\\\/\"},{\"@type\":\"ListItem\",\"position\":3,\"name\":\"Informativo VRIP 19 Junio 2023\"}]},{\"@type\":\"WebSite\",\"@id\":\"https:\\\/\\\/vrip.ubiobio.cl\\\/inicio\\\/#website\",\"url\":\"https:\\\/\\\/vrip.ubiobio.cl\\\/inicio\\\/\",\"name\":\"VRIP\",\"description\":\"Vicerrector\u00eda de Investigaci\u00f3n y Postgrado\",\"publisher\":{\"@id\":\"https:\\\/\\\/vrip.ubiobio.cl\\\/inicio\\\/#organization\"},\"potentialAction\":[{\"@type\":\"SearchAction\",\"target\":{\"@type\":\"EntryPoint\",\"urlTemplate\":\"https:\\\/\\\/vrip.ubiobio.cl\\\/inicio\\\/?s={search_term_string}\"},\"query-input\":{\"@type\":\"PropertyValueSpecification\",\"valueRequired\":true,\"valueName\":\"search_term_string\"}}],\"inLanguage\":\"es\"},{\"@type\":\"Organization\",\"@id\":\"https:\\\/\\\/vrip.ubiobio.cl\\\/inicio\\\/#organization\",\"name\":\"VRIP\",\"url\":\"https:\\\/\\\/vrip.ubiobio.cl\\\/inicio\\\/\",\"logo\":{\"@type\":\"ImageObject\",\"inLanguage\":\"es\",\"@id\":\"https:\\\/\\\/vrip.ubiobio.cl\\\/inicio\\\/#\\\/schema\\\/logo\\\/image\\\/\",\"url\":\"https:\\\/\\\/vrip.ubiobio.cl\\\/wp-content\\\/uploads\\\/2022\\\/10\\\/logo-vrip_Mesa-de-trabajo-1.png\",\"contentUrl\":\"https:\\\/\\\/vrip.ubiobio.cl\\\/wp-content\\\/uploads\\\/2022\\\/10\\\/logo-vrip_Mesa-de-trabajo-1.png\",\"width\":642,\"height\":178,\"caption\":\"VRIP\"},\"image\":{\"@id\":\"https:\\\/\\\/vrip.ubiobio.cl\\\/inicio\\\/#\\\/schema\\\/logo\\\/image\\\/\"},\"sameAs\":[\"https:\\\/\\\/x.com\\\/vripubb\",\"https:\\\/\\\/www.instagram.com\\\/vrip_ubb\\\/\",\"https:\\\/\\\/www.youtube.com\\\/channel\\\/UCf7o8yHRJ7Y_QQLxwu1KQgA\",\"https:\\\/\\\/www.linkedin.com\\\/company\\\/96035097\\\/admin\\\/dashboard\\\/\"]}]}<\/script>\n<!-- \/ Yoast SEO plugin. -->","yoast_head_json":{"title":"Informativo VRIP 19 Junio 2023 - VRIP","robots":{"index":"index","follow":"follow","max-snippet":"max-snippet:-1","max-image-preview":"max-image-preview:large","max-video-preview":"max-video-preview:-1"},"canonical":"https:\/\/vrip.ubiobio.cl\/inicio\/informativos-vrip\/edicion-19-junio-2023\/","og_locale":"es_ES","og_type":"article","og_title":"Informativo VRIP 19 Junio 2023 - VRIP","og_description":"Edici\u00f3n 19 Junio 2023 Conversatorio UBB, Desaf\u00edos en la articulaci\u00f3n interdisciplinar en proyectos I+D+i+e La subdirecci\u00f3n de Investigaci\u00f3n y Creaci\u00f3n Art\u00edstica y de Innovaci\u00f3n invitan al conversatorio \u00abDesaf\u00edos en la Articulaci\u00f3n Interdisciplinar en Proyectos I+D+i+e\u00bb, a realizarse el d\u00eda\u00a027 de Junio de 2023, en la Sala Multitaller &#8211; Aula Magna-Campus Fernando May. Confirmar asistencia antes...","og_url":"https:\/\/vrip.ubiobio.cl\/inicio\/informativos-vrip\/edicion-19-junio-2023\/","og_site_name":"VRIP","article_modified_time":"2023-12-05T18:25:24+00:00","og_image":[{"width":834,"height":290,"url":"https:\/\/vrip.ubiobio.cl\/wp-content\/uploads\/2023\/11\/Informativo-VRIP-Banner.jpg","type":"image\/jpeg"}],"twitter_card":"summary_large_image","twitter_site":"@vripubb","twitter_misc":{"Tiempo de lectura":"5 minutos"},"schema":{"@context":"https:\/\/schema.org","@graph":[{"@type":"WebPage","@id":"https:\/\/vrip.ubiobio.cl\/inicio\/informativos-vrip\/edicion-19-junio-2023\/","url":"https:\/\/vrip.ubiobio.cl\/inicio\/informativos-vrip\/edicion-19-junio-2023\/","name":"Informativo VRIP 19 Junio 2023 - VRIP","isPartOf":{"@id":"https:\/\/vrip.ubiobio.cl\/inicio\/#website"},"primaryImageOfPage":{"@id":"https:\/\/vrip.ubiobio.cl\/inicio\/informativos-vrip\/edicion-19-junio-2023\/#primaryimage"},"image":{"@id":"https:\/\/vrip.ubiobio.cl\/inicio\/informativos-vrip\/edicion-19-junio-2023\/#primaryimage"},"thumbnailUrl":"https:\/\/vrip.ubiobio.cl\/wp-content\/uploads\/2023\/11\/Informativo-VRIP-Banner.jpg","datePublished":"2023-11-08T14:13:48+00:00","dateModified":"2023-12-05T18:25:24+00:00","breadcrumb":{"@id":"https:\/\/vrip.ubiobio.cl\/inicio\/informativos-vrip\/edicion-19-junio-2023\/#breadcrumb"},"inLanguage":"es","potentialAction":[{"@type":"ReadAction","target":["https:\/\/vrip.ubiobio.cl\/inicio\/informativos-vrip\/edicion-19-junio-2023\/"]}]},{"@type":"ImageObject","inLanguage":"es","@id":"https:\/\/vrip.ubiobio.cl\/inicio\/informativos-vrip\/edicion-19-junio-2023\/#primaryimage","url":"https:\/\/vrip.ubiobio.cl\/wp-content\/uploads\/2023\/11\/Informativo-VRIP-Banner.jpg","contentUrl":"https:\/\/vrip.ubiobio.cl\/wp-content\/uploads\/2023\/11\/Informativo-VRIP-Banner.jpg"},{"@type":"BreadcrumbList","@id":"https:\/\/vrip.ubiobio.cl\/inicio\/informativos-vrip\/edicion-19-junio-2023\/#breadcrumb","itemListElement":[{"@type":"ListItem","position":1,"name":"Portada","item":"https:\/\/vrip.ubiobio.cl\/inicio\/"},{"@type":"ListItem","position":2,"name":"Informativos VRIP","item":"https:\/\/vrip.ubiobio.cl\/inicio\/informativos-vrip\/"},{"@type":"ListItem","position":3,"name":"Informativo VRIP 19 Junio 2023"}]},{"@type":"WebSite","@id":"https:\/\/vrip.ubiobio.cl\/inicio\/#website","url":"https:\/\/vrip.ubiobio.cl\/inicio\/","name":"VRIP","description":"Vicerrector\u00eda de Investigaci\u00f3n y Postgrado","publisher":{"@id":"https:\/\/vrip.ubiobio.cl\/inicio\/#organization"},"potentialAction":[{"@type":"SearchAction","target":{"@type":"EntryPoint","urlTemplate":"https:\/\/vrip.ubiobio.cl\/inicio\/?s={search_term_string}"},"query-input":{"@type":"PropertyValueSpecification","valueRequired":true,"valueName":"search_term_string"}}],"inLanguage":"es"},{"@type":"Organization","@id":"https:\/\/vrip.ubiobio.cl\/inicio\/#organization","name":"VRIP","url":"https:\/\/vrip.ubiobio.cl\/inicio\/","logo":{"@type":"ImageObject","inLanguage":"es","@id":"https:\/\/vrip.ubiobio.cl\/inicio\/#\/schema\/logo\/image\/","url":"https:\/\/vrip.ubiobio.cl\/wp-content\/uploads\/2022\/10\/logo-vrip_Mesa-de-trabajo-1.png","contentUrl":"https:\/\/vrip.ubiobio.cl\/wp-content\/uploads\/2022\/10\/logo-vrip_Mesa-de-trabajo-1.png","width":642,"height":178,"caption":"VRIP"},"image":{"@id":"https:\/\/vrip.ubiobio.cl\/inicio\/#\/schema\/logo\/image\/"},"sameAs":["https:\/\/x.com\/vripubb","https:\/\/www.instagram.com\/vrip_ubb\/","https:\/\/www.youtube.com\/channel\/UCf7o8yHRJ7Y_QQLxwu1KQgA","https:\/\/www.linkedin.com\/company\/96035097\/admin\/dashboard\/"]}]}},"_links":{"self":[{"href":"https:\/\/vrip.ubiobio.cl\/inicio\/wp-json\/wp\/v2\/pages\/41837","targetHints":{"allow":["GET"]}}],"collection":[{"href":"https:\/\/vrip.ubiobio.cl\/inicio\/wp-json\/wp\/v2\/pages"}],"about":[{"href":"https:\/\/vrip.ubiobio.cl\/inicio\/wp-json\/wp\/v2\/types\/page"}],"author":[{"embeddable":true,"href":"https:\/\/vrip.ubiobio.cl\/inicio\/wp-json\/wp\/v2\/users\/1"}],"replies":[{"embeddable":true,"href":"https:\/\/vrip.ubiobio.cl\/inicio\/wp-json\/wp\/v2\/comments?post=41837"}],"version-history":[{"count":14,"href":"https:\/\/vrip.ubiobio.cl\/inicio\/wp-json\/wp\/v2\/pages\/41837\/revisions"}],"predecessor-version":[{"id":42589,"href":"https:\/\/vrip.ubiobio.cl\/inicio\/wp-json\/wp\/v2\/pages\/41837\/revisions\/42589"}],"up":[{"embeddable":true,"href":"https:\/\/vrip.ubiobio.cl\/inicio\/wp-json\/wp\/v2\/pages\/41711"}],"wp:attachment":[{"href":"https:\/\/vrip.ubiobio.cl\/inicio\/wp-json\/wp\/v2\/media?parent=41837"}],"curies":[{"name":"wp","href":"https:\/\/api.w.org\/{rel}","templated":true}]}}