{"id":30367,"date":"2022-04-26T06:05:10","date_gmt":"2022-04-26T06:05:10","guid":{"rendered":"http:\/\/datavrip.ubiobio.cl\/inicio\/?page_id=30367"},"modified":"2023-11-09T15:01:51","modified_gmt":"2023-11-09T15:01:51","slug":"concurso-proyectos-creacion-artistica-ubb-2021","status":"publish","type":"page","link":"https:\/\/vrip.ubiobio.cl\/inicio\/concurso-proyectos-creacion-artistica-ubb-2021\/","title":{"rendered":"Concurso Proyectos de Creaci\u00f3n Art\u00edstica UBB 2021"},"content":{"rendered":"\t\t<div data-elementor-type=\"wp-page\" data-elementor-id=\"30367\" class=\"elementor elementor-30367\" data-elementor-settings=\"{&quot;ha_cmc_init_switcher&quot;:&quot;no&quot;}\">\n\t\t\t\t\t\t<section class=\"elementor-section elementor-top-section elementor-element elementor-element-3837ce35 elementor-section-boxed elementor-section-height-default elementor-section-height-default\" data-id=\"3837ce35\" data-element_type=\"section\" data-e-type=\"section\" data-settings=\"{&quot;_ha_eqh_enable&quot;:false}\">\n\t\t\t\t\t\t<div class=\"elementor-container elementor-column-gap-default\">\n\t\t\t\t\t<div class=\"elementor-column elementor-col-100 elementor-top-column elementor-element elementor-element-5d878917\" data-id=\"5d878917\" data-element_type=\"column\" data-e-type=\"column\">\n\t\t\t<div class=\"elementor-widget-wrap elementor-element-populated\">\n\t\t\t\t\t\t<div class=\"elementor-element elementor-element-1600ecc3 elementor-widget elementor-widget-text-editor\" data-id=\"1600ecc3\" data-element_type=\"widget\" data-e-type=\"widget\" data-widget_type=\"text-editor.default\">\n\t\t\t\t<div class=\"elementor-widget-container\">\n\t\t\t\t\t\t\t\t\t<p><a href=\"https:\/\/vrip.ubiobio.cl\/wp-content\/uploads\/2022\/04\/Banner-Proyectos-de-Creacion-Artistica-UBB.jpg\" data-elementor-open-lightbox=\"no\"><img fetchpriority=\"high\" decoding=\"async\" class=\"alignnone wp-image-30369 size-full\" src=\"https:\/\/vrip.ubiobio.cl\/wp-content\/uploads\/2022\/04\/Banner-Proyectos-de-Creacion-Artistica-UBB.jpg\" alt=\"\" width=\"1125\" height=\"396\" srcset=\"https:\/\/vrip.ubiobio.cl\/wp-content\/uploads\/2022\/04\/Banner-Proyectos-de-Creacion-Artistica-UBB.jpg 1125w, https:\/\/vrip.ubiobio.cl\/wp-content\/uploads\/2022\/04\/Banner-Proyectos-de-Creacion-Artistica-UBB-380x134.jpg 380w, https:\/\/vrip.ubiobio.cl\/wp-content\/uploads\/2022\/04\/Banner-Proyectos-de-Creacion-Artistica-UBB-1080x380.jpg 1080w, https:\/\/vrip.ubiobio.cl\/wp-content\/uploads\/2022\/04\/Banner-Proyectos-de-Creacion-Artistica-UBB-150x53.jpg 150w, https:\/\/vrip.ubiobio.cl\/wp-content\/uploads\/2022\/04\/Banner-Proyectos-de-Creacion-Artistica-UBB-768x270.jpg 768w\" sizes=\"(max-width: 1125px) 100vw, 1125px\" \/><\/a><\/p><p>La\u00a0<b>Direcci\u00f3n de Investigaci\u00f3n y Creaci\u00f3n Art\u00edstica<\/b>\u00a0de la Vicerrector\u00eda de Investigaci\u00f3n y Postgrado, comunica la Apertura del\u00a0<strong>Concurso\u00a0<\/strong><b>Proyectos de Creaci\u00f3n Art\u00edstica UBB 2021<\/b>\u00a0para ejecuci\u00f3n 2021-2022.<\/p><p>La convocatoria permanecer\u00e1 abierta desde el lunes\u00a0\u00a0<strong>05 de abril del 2021<\/strong>\u00a0hasta el\u00a0<strong>04 de junio\u00a0del 2021\u00a0<\/strong>a las 18:00\u00a0Hrs.<\/p><p><a href=\"https:\/\/vrip.ubiobio.cl\/wp-content\/uploads\/2022\/04\/Bases-Concurso-Proyectos-de-Creacion-Artistica-UBB-2021.pdf\">Bases del Concurso<\/a><br \/><a href=\"http:\/\/vrip.ubiobio.cl\/wp-content\/uploads\/2022\/04\/Resultados-Concurso-Proyectos-de-Creacion-Artistica-UBB-2021.pdf\" target=\"_blank\" rel=\"noopener noreferrer\">Resultados<\/a><\/p><p><span style=\"color: var( --e-global-color-text ); font-style: var( --e-global-typography-text-font-style ); font-weight: var( --e-global-typography-text-font-weight );\">Puede consultar la Pol\u00edtica de Creaci\u00f3n Art\u00edstica en:\u00a0<\/span><a style=\"font-style: var( --e-global-typography-text-font-style ); font-weight: var( --e-global-typography-text-font-weight );\" href=\"https:\/\/vrip.ubiobio.cl\/inicio\/politicasynormativas\/\">Reglamentos UBB<\/a><span style=\"color: var( --e-global-color-text ); font-style: var( --e-global-typography-text-font-style ); font-weight: var( --e-global-typography-text-font-weight );\">.<\/span><\/p><p><span style=\"color: var( --e-global-color-text ); font-style: var( --e-global-typography-text-font-style );\"><b>Para dudas o consultas contactarse con la Direcci\u00f3n de Investigaci\u00f3n y Creaci\u00f3n Art\u00edstica:<\/b><\/span><\/p><p><strong style=\"color: var( --e-global-color-text ); font-style: var( --e-global-typography-text-font-style );\">Sede Concepci\u00f3n:<\/strong><span style=\"color: var( --e-global-color-text ); font-style: var( --e-global-typography-text-font-style ); font-weight: var( --e-global-typography-text-font-weight );\">\u00a0Kertsy Alarc\u00f3n,\u00a0<\/span><a style=\"font-style: var( --e-global-typography-text-font-style ); font-weight: var( --e-global-typography-text-font-weight );\" href=\"mailto:kalarcon@ubiobio.cl\" target=\"_blank\" rel=\"noopener noreferrer\">kalarcon@ubiobio.cl<\/a><\/p><div><div><p><strong>Sede Chill\u00e1n:<\/strong>\u00a0Claudia \u00a0Baham\u00f3ndez,\u00a0<a href=\"mailto:cbahamon@ubiobio.cl\" target=\"_blank\" rel=\"noopener noreferrer\">cbahamon@ubiobio.cl<\/a><\/p><p><span style=\"color: var( --e-global-color-text ); font-style: var( --e-global-typography-text-font-style ); font-weight: var( --e-global-typography-text-font-weight );\">Para consultas t\u00e9cnicas sobre el formulario de postulaci\u00f3n, favor contactarse con: Isabel Cisternas Sep\u00falveda, Ingeniera Civil en Inform\u00e1tica:\u00a0<\/span><a style=\"font-style: var( --e-global-typography-text-font-style ); font-weight: var( --e-global-typography-text-font-weight );\" href=\"mailto:icisternas@ubiobio.cl\" target=\"_blank\" rel=\"noopener noreferrer\">icisternas@ubiobio.cl<\/a><\/p><\/div><\/div>\t\t\t\t\t\t\t\t<\/div>\n\t\t\t\t<\/div>\n\t\t\t\t\t<\/div>\n\t\t<\/div>\n\t\t\t\t\t<\/div>\n\t\t<\/section>\n\t\t\t\t<\/div>\n\t\t","protected":false},"excerpt":{"rendered":"<p>La\u00a0Direcci\u00f3n de Investigaci\u00f3n y Creaci\u00f3n Art\u00edstica\u00a0de la Vicerrector\u00eda de Investigaci\u00f3n y Postgrado, comunica la Apertura del\u00a0Concurso\u00a0Proyectos de Creaci\u00f3n Art\u00edstica UBB 2021\u00a0para ejecuci\u00f3n 2021-2022. La convocatoria permanecer\u00e1 abierta desde el lunes\u00a0\u00a005 de abril del 2021\u00a0hasta el\u00a004 de junio\u00a0del 2021\u00a0a las 18:00\u00a0Hrs. Bases del ConcursoResultados Puede consultar la Pol\u00edtica de Creaci\u00f3n Art\u00edstica en:\u00a0Reglamentos UBB. Para dudas o&#8230;<\/p>\n","protected":false},"author":1,"featured_media":0,"parent":0,"menu_order":0,"comment_status":"closed","ping_status":"closed","template":"","meta":{"_kadence_starter_templates_imported_post":false,"_kad_post_transparent":"default","_kad_post_title":"hide","_kad_post_layout":"narrow","_kad_post_sidebar_id":"","_kad_post_content_style":"boxed","_kad_post_vertical_padding":"bottom","_kad_post_feature":"","_kad_post_feature_position":"","_kad_post_header":false,"_kad_post_footer":false,"footnotes":""},"class_list":["post-30367","page","type-page","status-publish","hentry"],"yoast_head":"<!-- This site is optimized with the Yoast SEO plugin v27.5 - https:\/\/yoast.com\/product\/yoast-seo-wordpress\/ -->\n<title>Concurso Proyectos de Creaci\u00f3n Art\u00edstica UBB 2021 - VRIP<\/title>\n<meta name=\"robots\" content=\"index, follow, max-snippet:-1, max-image-preview:large, max-video-preview:-1\" \/>\n<link rel=\"canonical\" href=\"https:\/\/vrip.ubiobio.cl\/inicio\/concurso-proyectos-creacion-artistica-ubb-2021\/\" \/>\n<meta property=\"og:locale\" content=\"es_ES\" \/>\n<meta property=\"og:type\" content=\"article\" \/>\n<meta property=\"og:title\" content=\"Concurso Proyectos de Creaci\u00f3n Art\u00edstica UBB 2021 - VRIP\" \/>\n<meta property=\"og:description\" content=\"La\u00a0Direcci\u00f3n de Investigaci\u00f3n y Creaci\u00f3n Art\u00edstica\u00a0de la Vicerrector\u00eda de Investigaci\u00f3n y Postgrado, comunica la Apertura del\u00a0Concurso\u00a0Proyectos de Creaci\u00f3n Art\u00edstica UBB 2021\u00a0para ejecuci\u00f3n 2021-2022. La convocatoria permanecer\u00e1 abierta desde el lunes\u00a0\u00a005 de abril del 2021\u00a0hasta el\u00a004 de junio\u00a0del 2021\u00a0a las 18:00\u00a0Hrs. Bases del ConcursoResultados Puede consultar la Pol\u00edtica de Creaci\u00f3n Art\u00edstica en:\u00a0Reglamentos UBB. Para dudas o...\" \/>\n<meta property=\"og:url\" content=\"https:\/\/vrip.ubiobio.cl\/inicio\/concurso-proyectos-creacion-artistica-ubb-2021\/\" \/>\n<meta property=\"og:site_name\" content=\"VRIP\" \/>\n<meta property=\"article:modified_time\" content=\"2023-11-09T15:01:51+00:00\" \/>\n<meta property=\"og:image\" content=\"https:\/\/vrip.ubiobio.cl\/wp-content\/uploads\/2022\/04\/Banner-Proyectos-de-Creacion-Artistica-UBB.jpg\" \/>\n\t<meta property=\"og:image:width\" content=\"1125\" \/>\n\t<meta property=\"og:image:height\" content=\"396\" \/>\n\t<meta property=\"og:image:type\" content=\"image\/jpeg\" \/>\n<meta name=\"twitter:card\" content=\"summary_large_image\" \/>\n<meta name=\"twitter:site\" content=\"@vripubb\" \/>\n<meta name=\"twitter:label1\" content=\"Tiempo de lectura\" \/>\n\t<meta name=\"twitter:data1\" content=\"1 minuto\" \/>\n<script type=\"application\/ld+json\" class=\"yoast-schema-graph\">{\"@context\":\"https:\\\/\\\/schema.org\",\"@graph\":[{\"@type\":\"WebPage\",\"@id\":\"https:\\\/\\\/vrip.ubiobio.cl\\\/inicio\\\/concurso-proyectos-creacion-artistica-ubb-2021\\\/\",\"url\":\"https:\\\/\\\/vrip.ubiobio.cl\\\/inicio\\\/concurso-proyectos-creacion-artistica-ubb-2021\\\/\",\"name\":\"Concurso Proyectos de Creaci\u00f3n Art\u00edstica UBB 2021 - VRIP\",\"isPartOf\":{\"@id\":\"https:\\\/\\\/vrip.ubiobio.cl\\\/inicio\\\/#website\"},\"primaryImageOfPage\":{\"@id\":\"https:\\\/\\\/vrip.ubiobio.cl\\\/inicio\\\/concurso-proyectos-creacion-artistica-ubb-2021\\\/#primaryimage\"},\"image\":{\"@id\":\"https:\\\/\\\/vrip.ubiobio.cl\\\/inicio\\\/concurso-proyectos-creacion-artistica-ubb-2021\\\/#primaryimage\"},\"thumbnailUrl\":\"https:\\\/\\\/vrip.ubiobio.cl\\\/wp-content\\\/uploads\\\/2022\\\/04\\\/Banner-Proyectos-de-Creacion-Artistica-UBB.jpg\",\"datePublished\":\"2022-04-26T06:05:10+00:00\",\"dateModified\":\"2023-11-09T15:01:51+00:00\",\"breadcrumb\":{\"@id\":\"https:\\\/\\\/vrip.ubiobio.cl\\\/inicio\\\/concurso-proyectos-creacion-artistica-ubb-2021\\\/#breadcrumb\"},\"inLanguage\":\"es\",\"potentialAction\":[{\"@type\":\"ReadAction\",\"target\":[\"https:\\\/\\\/vrip.ubiobio.cl\\\/inicio\\\/concurso-proyectos-creacion-artistica-ubb-2021\\\/\"]}]},{\"@type\":\"ImageObject\",\"inLanguage\":\"es\",\"@id\":\"https:\\\/\\\/vrip.ubiobio.cl\\\/inicio\\\/concurso-proyectos-creacion-artistica-ubb-2021\\\/#primaryimage\",\"url\":\"https:\\\/\\\/vrip.ubiobio.cl\\\/wp-content\\\/uploads\\\/2022\\\/04\\\/Banner-Proyectos-de-Creacion-Artistica-UBB.jpg\",\"contentUrl\":\"https:\\\/\\\/vrip.ubiobio.cl\\\/wp-content\\\/uploads\\\/2022\\\/04\\\/Banner-Proyectos-de-Creacion-Artistica-UBB.jpg\"},{\"@type\":\"BreadcrumbList\",\"@id\":\"https:\\\/\\\/vrip.ubiobio.cl\\\/inicio\\\/concurso-proyectos-creacion-artistica-ubb-2021\\\/#breadcrumb\",\"itemListElement\":[{\"@type\":\"ListItem\",\"position\":1,\"name\":\"Portada\",\"item\":\"https:\\\/\\\/vrip.ubiobio.cl\\\/inicio\\\/\"},{\"@type\":\"ListItem\",\"position\":2,\"name\":\"Concurso Proyectos de Creaci\u00f3n Art\u00edstica UBB 2021\"}]},{\"@type\":\"WebSite\",\"@id\":\"https:\\\/\\\/vrip.ubiobio.cl\\\/inicio\\\/#website\",\"url\":\"https:\\\/\\\/vrip.ubiobio.cl\\\/inicio\\\/\",\"name\":\"VRIP\",\"description\":\"Vicerrector\u00eda de Investigaci\u00f3n y Postgrado\",\"publisher\":{\"@id\":\"https:\\\/\\\/vrip.ubiobio.cl\\\/inicio\\\/#organization\"},\"potentialAction\":[{\"@type\":\"SearchAction\",\"target\":{\"@type\":\"EntryPoint\",\"urlTemplate\":\"https:\\\/\\\/vrip.ubiobio.cl\\\/inicio\\\/?s={search_term_string}\"},\"query-input\":{\"@type\":\"PropertyValueSpecification\",\"valueRequired\":true,\"valueName\":\"search_term_string\"}}],\"inLanguage\":\"es\"},{\"@type\":\"Organization\",\"@id\":\"https:\\\/\\\/vrip.ubiobio.cl\\\/inicio\\\/#organization\",\"name\":\"VRIP\",\"url\":\"https:\\\/\\\/vrip.ubiobio.cl\\\/inicio\\\/\",\"logo\":{\"@type\":\"ImageObject\",\"inLanguage\":\"es\",\"@id\":\"https:\\\/\\\/vrip.ubiobio.cl\\\/inicio\\\/#\\\/schema\\\/logo\\\/image\\\/\",\"url\":\"https:\\\/\\\/vrip.ubiobio.cl\\\/wp-content\\\/uploads\\\/2022\\\/10\\\/logo-vrip_Mesa-de-trabajo-1.png\",\"contentUrl\":\"https:\\\/\\\/vrip.ubiobio.cl\\\/wp-content\\\/uploads\\\/2022\\\/10\\\/logo-vrip_Mesa-de-trabajo-1.png\",\"width\":642,\"height\":178,\"caption\":\"VRIP\"},\"image\":{\"@id\":\"https:\\\/\\\/vrip.ubiobio.cl\\\/inicio\\\/#\\\/schema\\\/logo\\\/image\\\/\"},\"sameAs\":[\"https:\\\/\\\/x.com\\\/vripubb\",\"https:\\\/\\\/www.instagram.com\\\/vrip_ubb\\\/\",\"https:\\\/\\\/www.youtube.com\\\/channel\\\/UCf7o8yHRJ7Y_QQLxwu1KQgA\",\"https:\\\/\\\/www.linkedin.com\\\/company\\\/96035097\\\/admin\\\/dashboard\\\/\"]}]}<\/script>\n<!-- \/ Yoast SEO plugin. -->","yoast_head_json":{"title":"Concurso Proyectos de Creaci\u00f3n Art\u00edstica UBB 2021 - VRIP","robots":{"index":"index","follow":"follow","max-snippet":"max-snippet:-1","max-image-preview":"max-image-preview:large","max-video-preview":"max-video-preview:-1"},"canonical":"https:\/\/vrip.ubiobio.cl\/inicio\/concurso-proyectos-creacion-artistica-ubb-2021\/","og_locale":"es_ES","og_type":"article","og_title":"Concurso Proyectos de Creaci\u00f3n Art\u00edstica UBB 2021 - VRIP","og_description":"La\u00a0Direcci\u00f3n de Investigaci\u00f3n y Creaci\u00f3n Art\u00edstica\u00a0de la Vicerrector\u00eda de Investigaci\u00f3n y Postgrado, comunica la Apertura del\u00a0Concurso\u00a0Proyectos de Creaci\u00f3n Art\u00edstica UBB 2021\u00a0para ejecuci\u00f3n 2021-2022. La convocatoria permanecer\u00e1 abierta desde el lunes\u00a0\u00a005 de abril del 2021\u00a0hasta el\u00a004 de junio\u00a0del 2021\u00a0a las 18:00\u00a0Hrs. Bases del ConcursoResultados Puede consultar la Pol\u00edtica de Creaci\u00f3n Art\u00edstica en:\u00a0Reglamentos UBB. Para dudas o...","og_url":"https:\/\/vrip.ubiobio.cl\/inicio\/concurso-proyectos-creacion-artistica-ubb-2021\/","og_site_name":"VRIP","article_modified_time":"2023-11-09T15:01:51+00:00","og_image":[{"width":1125,"height":396,"url":"https:\/\/vrip.ubiobio.cl\/wp-content\/uploads\/2022\/04\/Banner-Proyectos-de-Creacion-Artistica-UBB.jpg","type":"image\/jpeg"}],"twitter_card":"summary_large_image","twitter_site":"@vripubb","twitter_misc":{"Tiempo de lectura":"1 minuto"},"schema":{"@context":"https:\/\/schema.org","@graph":[{"@type":"WebPage","@id":"https:\/\/vrip.ubiobio.cl\/inicio\/concurso-proyectos-creacion-artistica-ubb-2021\/","url":"https:\/\/vrip.ubiobio.cl\/inicio\/concurso-proyectos-creacion-artistica-ubb-2021\/","name":"Concurso Proyectos de Creaci\u00f3n Art\u00edstica UBB 2021 - VRIP","isPartOf":{"@id":"https:\/\/vrip.ubiobio.cl\/inicio\/#website"},"primaryImageOfPage":{"@id":"https:\/\/vrip.ubiobio.cl\/inicio\/concurso-proyectos-creacion-artistica-ubb-2021\/#primaryimage"},"image":{"@id":"https:\/\/vrip.ubiobio.cl\/inicio\/concurso-proyectos-creacion-artistica-ubb-2021\/#primaryimage"},"thumbnailUrl":"https:\/\/vrip.ubiobio.cl\/wp-content\/uploads\/2022\/04\/Banner-Proyectos-de-Creacion-Artistica-UBB.jpg","datePublished":"2022-04-26T06:05:10+00:00","dateModified":"2023-11-09T15:01:51+00:00","breadcrumb":{"@id":"https:\/\/vrip.ubiobio.cl\/inicio\/concurso-proyectos-creacion-artistica-ubb-2021\/#breadcrumb"},"inLanguage":"es","potentialAction":[{"@type":"ReadAction","target":["https:\/\/vrip.ubiobio.cl\/inicio\/concurso-proyectos-creacion-artistica-ubb-2021\/"]}]},{"@type":"ImageObject","inLanguage":"es","@id":"https:\/\/vrip.ubiobio.cl\/inicio\/concurso-proyectos-creacion-artistica-ubb-2021\/#primaryimage","url":"https:\/\/vrip.ubiobio.cl\/wp-content\/uploads\/2022\/04\/Banner-Proyectos-de-Creacion-Artistica-UBB.jpg","contentUrl":"https:\/\/vrip.ubiobio.cl\/wp-content\/uploads\/2022\/04\/Banner-Proyectos-de-Creacion-Artistica-UBB.jpg"},{"@type":"BreadcrumbList","@id":"https:\/\/vrip.ubiobio.cl\/inicio\/concurso-proyectos-creacion-artistica-ubb-2021\/#breadcrumb","itemListElement":[{"@type":"ListItem","position":1,"name":"Portada","item":"https:\/\/vrip.ubiobio.cl\/inicio\/"},{"@type":"ListItem","position":2,"name":"Concurso Proyectos de Creaci\u00f3n Art\u00edstica UBB 2021"}]},{"@type":"WebSite","@id":"https:\/\/vrip.ubiobio.cl\/inicio\/#website","url":"https:\/\/vrip.ubiobio.cl\/inicio\/","name":"VRIP","description":"Vicerrector\u00eda de Investigaci\u00f3n y Postgrado","publisher":{"@id":"https:\/\/vrip.ubiobio.cl\/inicio\/#organization"},"potentialAction":[{"@type":"SearchAction","target":{"@type":"EntryPoint","urlTemplate":"https:\/\/vrip.ubiobio.cl\/inicio\/?s={search_term_string}"},"query-input":{"@type":"PropertyValueSpecification","valueRequired":true,"valueName":"search_term_string"}}],"inLanguage":"es"},{"@type":"Organization","@id":"https:\/\/vrip.ubiobio.cl\/inicio\/#organization","name":"VRIP","url":"https:\/\/vrip.ubiobio.cl\/inicio\/","logo":{"@type":"ImageObject","inLanguage":"es","@id":"https:\/\/vrip.ubiobio.cl\/inicio\/#\/schema\/logo\/image\/","url":"https:\/\/vrip.ubiobio.cl\/wp-content\/uploads\/2022\/10\/logo-vrip_Mesa-de-trabajo-1.png","contentUrl":"https:\/\/vrip.ubiobio.cl\/wp-content\/uploads\/2022\/10\/logo-vrip_Mesa-de-trabajo-1.png","width":642,"height":178,"caption":"VRIP"},"image":{"@id":"https:\/\/vrip.ubiobio.cl\/inicio\/#\/schema\/logo\/image\/"},"sameAs":["https:\/\/x.com\/vripubb","https:\/\/www.instagram.com\/vrip_ubb\/","https:\/\/www.youtube.com\/channel\/UCf7o8yHRJ7Y_QQLxwu1KQgA","https:\/\/www.linkedin.com\/company\/96035097\/admin\/dashboard\/"]}]}},"_links":{"self":[{"href":"https:\/\/vrip.ubiobio.cl\/inicio\/wp-json\/wp\/v2\/pages\/30367","targetHints":{"allow":["GET"]}}],"collection":[{"href":"https:\/\/vrip.ubiobio.cl\/inicio\/wp-json\/wp\/v2\/pages"}],"about":[{"href":"https:\/\/vrip.ubiobio.cl\/inicio\/wp-json\/wp\/v2\/types\/page"}],"author":[{"embeddable":true,"href":"https:\/\/vrip.ubiobio.cl\/inicio\/wp-json\/wp\/v2\/users\/1"}],"replies":[{"embeddable":true,"href":"https:\/\/vrip.ubiobio.cl\/inicio\/wp-json\/wp\/v2\/comments?post=30367"}],"version-history":[{"count":13,"href":"https:\/\/vrip.ubiobio.cl\/inicio\/wp-json\/wp\/v2\/pages\/30367\/revisions"}],"predecessor-version":[{"id":42034,"href":"https:\/\/vrip.ubiobio.cl\/inicio\/wp-json\/wp\/v2\/pages\/30367\/revisions\/42034"}],"wp:attachment":[{"href":"https:\/\/vrip.ubiobio.cl\/inicio\/wp-json\/wp\/v2\/media?parent=30367"}],"curies":[{"name":"wp","href":"https:\/\/api.w.org\/{rel}","templated":true}]}}