{"id":29074,"date":"2022-03-15T16:35:58","date_gmt":"2022-03-15T16:35:58","guid":{"rendered":"http:\/\/datavrip.ubiobio.cl\/inicio\/?page_id=29074"},"modified":"2023-11-06T19:52:26","modified_gmt":"2023-11-06T19:52:26","slug":"noticias","status":"publish","type":"page","link":"https:\/\/vrip.ubiobio.cl\/inicio\/noticias\/","title":{"rendered":"Noticias"},"content":{"rendered":"\t\t<div data-elementor-type=\"wp-page\" data-elementor-id=\"29074\" class=\"elementor elementor-29074\">\n\t\t\t\t\t\t<section class=\"elementor-section elementor-top-section elementor-element elementor-element-434a430 elementor-section-height-min-height elementor-section-boxed elementor-section-height-default elementor-section-items-middle\" data-id=\"434a430\" data-element_type=\"section\" data-settings=\"{&quot;background_background&quot;:&quot;classic&quot;,&quot;_ha_eqh_enable&quot;:false}\">\n\t\t\t\t\t\t<div class=\"elementor-container elementor-column-gap-default\">\n\t\t\t\t\t<div class=\"elementor-column elementor-col-100 elementor-top-column elementor-element elementor-element-5c7bacbc elementor-invisible\" data-id=\"5c7bacbc\" data-element_type=\"column\" data-settings=\"{&quot;animation&quot;:&quot;slideInDown&quot;}\">\n\t\t\t<div class=\"elementor-widget-wrap elementor-element-populated\">\n\t\t\t\t\t\t<div class=\"elementor-element elementor-element-2ff21176 elementor-widget elementor-widget-heading\" data-id=\"2ff21176\" data-element_type=\"widget\" data-widget_type=\"heading.default\">\n\t\t\t\t<div class=\"elementor-widget-container\">\n\t\t\t<h3 class=\"elementor-heading-title elementor-size-xl\">NOTICIAS<\/h3>\t\t<\/div>\n\t\t\t\t<\/div>\n\t\t\t\t\t<\/div>\n\t\t<\/div>\n\t\t\t\t\t<\/div>\n\t\t<\/section>\n\t\t\t\t<section class=\"elementor-section elementor-top-section elementor-element elementor-element-7563e38 elementor-section-boxed elementor-section-height-default elementor-section-height-default\" data-id=\"7563e38\" data-element_type=\"section\" data-settings=\"{&quot;_ha_eqh_enable&quot;:false}\">\n\t\t\t\t\t\t<div class=\"elementor-container elementor-column-gap-default\">\n\t\t\t\t\t<div class=\"elementor-column elementor-col-100 elementor-top-column elementor-element elementor-element-c90dfe3\" data-id=\"c90dfe3\" data-element_type=\"column\">\n\t\t\t<div class=\"elementor-widget-wrap elementor-element-populated\">\n\t\t\t\t\t\t<div class=\"elementor-element elementor-element-5ef5218 elementor-grid-eael-col-3 elementor-grid-tablet-eael-col-2 elementor-grid-mobile-eael-col-1 elementor-widget elementor-widget-eael-post-grid\" data-id=\"5ef5218\" data-element_type=\"widget\" data-settings=\"{&quot;eael_post_grid_columns&quot;:&quot;eael-col-3&quot;,&quot;eael_post_grid_columns_tablet&quot;:&quot;eael-col-2&quot;,&quot;eael_post_grid_columns_mobile&quot;:&quot;eael-col-1&quot;}\" data-widget_type=\"eael-post-grid.default\">\n\t\t\t\t<div class=\"elementor-widget-container\">\n\t\t\t<div id=\"eael-post-grid-5ef5218\" class=\"eael-post-grid-container\">\n            <div class=\"eael-post-grid eael-post-appender eael-post-appender-5ef5218 eael-post-grid-style-default\" data-layout-mode=\"grid\"><article class=\"eael-grid-post eael-post-grid-column\" data-id=\"54086\">\n        <div class=\"eael-grid-post-holder\">\n            <div class=\"eael-grid-post-holder-inner\"><div class=\"eael-entry-media\"><div class=\"eael-entry-overlay fade-in\"><i class=\"fas fa-long-arrow-alt-right\" aria-hidden=\"true\"><\/i><a href=\"https:\/\/vrip.ubiobio.cl\/inicio\/destacados\/universidad-del-bio-bio-reafirma-liderazgo-en-innovacion-al-obtener-nuevamente-el-segundo-lugar-nacional-en-solicitudes-de-patentes\/\"><\/a><\/div><div class=\"eael-entry-thumbnail \">\n                <img fetchpriority=\"high\" decoding=\"async\" width=\"380\" height=\"286\" src=\"https:\/\/vrip.ubiobio.cl\/wp-content\/uploads\/2026\/04\/1-4-380x286.jpg\" class=\"attachment-medium size-medium wp-image-54087\" alt=\"\" srcset=\"https:\/\/vrip.ubiobio.cl\/wp-content\/uploads\/2026\/04\/1-4-380x286.jpg 380w, https:\/\/vrip.ubiobio.cl\/wp-content\/uploads\/2026\/04\/1-4-1024x770.jpg 1024w, https:\/\/vrip.ubiobio.cl\/wp-content\/uploads\/2026\/04\/1-4-768x578.jpg 768w, https:\/\/vrip.ubiobio.cl\/wp-content\/uploads\/2026\/04\/1-4-1536x1155.jpg 1536w, https:\/\/vrip.ubiobio.cl\/wp-content\/uploads\/2026\/04\/1-4-2048x1540.jpg 2048w\" sizes=\"(max-width: 380px) 100vw, 380px\" \/>\n            <\/div>\n        <\/div><div class=\"eael-entry-wrapper\"><header class=\"eael-entry-header\"><h2 class=\"eael-entry-title\"><a\n                        class=\"eael-grid-post-link\"\n                        href=\"https:\/\/vrip.ubiobio.cl\/inicio\/destacados\/universidad-del-bio-bio-reafirma-liderazgo-en-innovacion-al-obtener-nuevamente-el-segundo-lugar-nacional-en-solicitudes-de-patentes\/\"\n                        title=\"Universidad del B\u00edo-B\u00edo reafirma liderazgo en innovaci\u00f3n al obtener nuevamente el segundo lugar nacional en solicitudes de patentes\">Universidad del B\u00edo-B\u00edo reafirma liderazgo en innovaci\u00f3n al obtener nuevamente el segundo lugar nacional en solicitudes de patentes<\/a><\/h2><\/header><div class=\"eael-entry-content\">\n                        <div class=\"eael-grid-post-excerpt\"><p>La Universidad del B\u00edo-B\u00edo fue nuevamente destacada a nivel nacional al alcanzar el segundo lugar en el ranking de solicitudes de patentes en Chile, de acuerdo con cifras del Instituto Nacional de Propiedad Industrial (INAPI). Este reconocimiento consolida a nuestra...<\/p><a\n                            href=\"https:\/\/vrip.ubiobio.cl\/inicio\/destacados\/universidad-del-bio-bio-reafirma-liderazgo-en-innovacion-al-obtener-nuevamente-el-segundo-lugar-nacional-en-solicitudes-de-patentes\/\"\n                            class=\"eael-post-elements-readmore-btn\">Leer m\u00e1s<\/a><\/div>\n                    <\/div><div class=\"eael-entry-footer\"><div class=\"eael-entry-meta\"><span class=\"eael-posted-on\"><time datetime=\"abril 27, 2026\">abril 27, 2026<\/time><\/span><\/div><\/div><\/div><\/div>\n        <\/div>\n    <\/article><article class=\"eael-grid-post eael-post-grid-column\" data-id=\"54094\">\n        <div class=\"eael-grid-post-holder\">\n            <div class=\"eael-grid-post-holder-inner\"><div class=\"eael-entry-media\"><div class=\"eael-entry-overlay fade-in\"><i class=\"fas fa-long-arrow-alt-right\" aria-hidden=\"true\"><\/i><a href=\"https:\/\/vrip.ubiobio.cl\/inicio\/noticias\/universidad-del-bio-bio-refuerza-su-apuesta-cientifica-con-nuevo-fondecyt-regular-en-matematica-en-el-area-de-sistemas-dinamicos-hamiltonianos-y-aplicaciones\/\"><\/a><\/div><div class=\"eael-entry-thumbnail \">\n                <img decoding=\"async\" width=\"380\" height=\"230\" src=\"https:\/\/vrip.ubiobio.cl\/wp-content\/uploads\/2026\/04\/IMG_2571-380x230.jpg\" class=\"attachment-medium size-medium wp-image-54095\" alt=\"\" srcset=\"https:\/\/vrip.ubiobio.cl\/wp-content\/uploads\/2026\/04\/IMG_2571-380x230.jpg 380w, https:\/\/vrip.ubiobio.cl\/wp-content\/uploads\/2026\/04\/IMG_2571-1024x619.jpg 1024w, https:\/\/vrip.ubiobio.cl\/wp-content\/uploads\/2026\/04\/IMG_2571-768x464.jpg 768w, https:\/\/vrip.ubiobio.cl\/wp-content\/uploads\/2026\/04\/IMG_2571-1536x928.jpg 1536w, https:\/\/vrip.ubiobio.cl\/wp-content\/uploads\/2026\/04\/IMG_2571.jpg 1728w\" sizes=\"(max-width: 380px) 100vw, 380px\" \/>\n            <\/div>\n        <\/div><div class=\"eael-entry-wrapper\"><header class=\"eael-entry-header\"><h2 class=\"eael-entry-title\"><a\n                        class=\"eael-grid-post-link\"\n                        href=\"https:\/\/vrip.ubiobio.cl\/inicio\/noticias\/universidad-del-bio-bio-refuerza-su-apuesta-cientifica-con-nuevo-fondecyt-regular-en-matematica-en-el-area-de-sistemas-dinamicos-hamiltonianos-y-aplicaciones\/\"\n                        title=\"Universidad del B\u00edo-B\u00edo refuerza su apuesta cient\u00edfica con nuevo Fondecyt Regular, en Matem\u00e1tica, en el \u00e1rea de Sistemas Din\u00e1micos Hamiltonianos y Aplicaciones\">Universidad del B\u00edo-B\u00edo refuerza su apuesta cient\u00edfica con nuevo Fondecyt Regular, en Matem\u00e1tica, en el \u00e1rea de Sistemas Din\u00e1micos Hamiltonianos y Aplicaciones<\/a><\/h2><\/header><div class=\"eael-entry-content\">\n                        <div class=\"eael-grid-post-excerpt\"><p>La Universidad del B\u00edo-B\u00edo contin\u00faa consolidando su liderazgo en investigaci\u00f3n cient\u00edfica a nivel nacional, tras la adjudicaci\u00f3n de un nuevo proyecto Fondecyt Regular por parte del Dr. Claudio Vidal D\u00edaz, acad\u00e9mico del Departamento de Matem\u00e1tica de la Facultad de Ciencias...<\/p><a\n                            href=\"https:\/\/vrip.ubiobio.cl\/inicio\/noticias\/universidad-del-bio-bio-refuerza-su-apuesta-cientifica-con-nuevo-fondecyt-regular-en-matematica-en-el-area-de-sistemas-dinamicos-hamiltonianos-y-aplicaciones\/\"\n                            class=\"eael-post-elements-readmore-btn\">Leer m\u00e1s<\/a><\/div>\n                    <\/div><div class=\"eael-entry-footer\"><div class=\"eael-entry-meta\"><span class=\"eael-posted-on\"><time datetime=\"abril 27, 2026\">abril 27, 2026<\/time><\/span><\/div><\/div><\/div><\/div>\n        <\/div>\n    <\/article><article class=\"eael-grid-post eael-post-grid-column\" data-id=\"54100\">\n        <div class=\"eael-grid-post-holder\">\n            <div class=\"eael-grid-post-holder-inner\"><div class=\"eael-entry-media\"><div class=\"eael-entry-overlay fade-in\"><i class=\"fas fa-long-arrow-alt-right\" aria-hidden=\"true\"><\/i><a href=\"https:\/\/vrip.ubiobio.cl\/inicio\/noticias\/departamento-de-ingenieria-de-procesos-y-bioproductos-ubb-inicio-ano-academico-con-destacada-charla-sobre-la-fosa-de-atacama-y-los-desafios-de-hacer-ciencia-de-frontera\/\"><\/a><\/div><div class=\"eael-entry-thumbnail \">\n                <img decoding=\"async\" width=\"380\" height=\"202\" src=\"https:\/\/vrip.ubiobio.cl\/wp-content\/uploads\/2026\/04\/IMG_2493-1-380x202.jpg\" class=\"attachment-medium size-medium wp-image-54186\" alt=\"\" srcset=\"https:\/\/vrip.ubiobio.cl\/wp-content\/uploads\/2026\/04\/IMG_2493-1-380x202.jpg 380w, https:\/\/vrip.ubiobio.cl\/wp-content\/uploads\/2026\/04\/IMG_2493-1-768x409.jpg 768w, https:\/\/vrip.ubiobio.cl\/wp-content\/uploads\/2026\/04\/IMG_2493-1.jpg 887w\" sizes=\"(max-width: 380px) 100vw, 380px\" \/>\n            <\/div>\n        <\/div><div class=\"eael-entry-wrapper\"><header class=\"eael-entry-header\"><h2 class=\"eael-entry-title\"><a\n                        class=\"eael-grid-post-link\"\n                        href=\"https:\/\/vrip.ubiobio.cl\/inicio\/noticias\/departamento-de-ingenieria-de-procesos-y-bioproductos-ubb-inicio-ano-academico-con-destacada-charla-sobre-la-fosa-de-atacama-y-los-desafios-de-hacer-ciencia-de-frontera\/\"\n                        title=\"Departamento de Ingenier\u00eda de Procesos y Bioproductos UBB inici\u00f3 a\u00f1o acad\u00e9mico con destacada charla sobre la Fosa de Atacama y los desaf\u00edos de hacer ciencia de frontera\">Departamento de Ingenier\u00eda de Procesos y Bioproductos UBB inici\u00f3 a\u00f1o acad\u00e9mico con destacada charla sobre la Fosa de Atacama y los desaf\u00edos de hacer ciencia de frontera<\/a><\/h2><\/header><div class=\"eael-entry-content\">\n                        <div class=\"eael-grid-post-excerpt\"><p>Con una inspiradora conferencia sobre exploraci\u00f3n oce\u00e1nica profunda y sustentabilidad de ecosistemas extremos, el Departamento de Ingenier\u00eda de Procesos y Bioproductos de la Facultad de Ingenier\u00eda de la Universidad del B\u00edo-B\u00edo dio inicio a su a\u00f1o acad\u00e9mico, contando con la...<\/p><a\n                            href=\"https:\/\/vrip.ubiobio.cl\/inicio\/noticias\/departamento-de-ingenieria-de-procesos-y-bioproductos-ubb-inicio-ano-academico-con-destacada-charla-sobre-la-fosa-de-atacama-y-los-desafios-de-hacer-ciencia-de-frontera\/\"\n                            class=\"eael-post-elements-readmore-btn\">Leer m\u00e1s<\/a><\/div>\n                    <\/div><div class=\"eael-entry-footer\"><div class=\"eael-entry-meta\"><span class=\"eael-posted-on\"><time datetime=\"abril 27, 2026\">abril 27, 2026<\/time><\/span><\/div><\/div><\/div><\/div>\n        <\/div>\n    <\/article><article class=\"eael-grid-post eael-post-grid-column\" data-id=\"54190\">\n        <div class=\"eael-grid-post-holder\">\n            <div class=\"eael-grid-post-holder-inner\"><div class=\"eael-entry-media\"><div class=\"eael-entry-overlay fade-in\"><i class=\"fas fa-long-arrow-alt-right\" aria-hidden=\"true\"><\/i><a href=\"https:\/\/vrip.ubiobio.cl\/inicio\/noticias\/universidad-del-bio-bio-fortalece-cooperacion-internacional-para-el-estudio-del-gobierno-del-desastre-en-chile\/\"><\/a><\/div><div class=\"eael-entry-thumbnail \">\n                <img loading=\"lazy\" decoding=\"async\" width=\"380\" height=\"298\" src=\"https:\/\/vrip.ubiobio.cl\/wp-content\/uploads\/2026\/04\/IMG_2557-380x298.jpg\" class=\"attachment-medium size-medium wp-image-54201\" alt=\"\" srcset=\"https:\/\/vrip.ubiobio.cl\/wp-content\/uploads\/2026\/04\/IMG_2557-380x298.jpg 380w, https:\/\/vrip.ubiobio.cl\/wp-content\/uploads\/2026\/04\/IMG_2557-768x603.jpg 768w, https:\/\/vrip.ubiobio.cl\/wp-content\/uploads\/2026\/04\/IMG_2557.jpg 880w\" sizes=\"(max-width: 380px) 100vw, 380px\" \/>\n            <\/div>\n        <\/div><div class=\"eael-entry-wrapper\"><header class=\"eael-entry-header\"><h2 class=\"eael-entry-title\"><a\n                        class=\"eael-grid-post-link\"\n                        href=\"https:\/\/vrip.ubiobio.cl\/inicio\/noticias\/universidad-del-bio-bio-fortalece-cooperacion-internacional-para-el-estudio-del-gobierno-del-desastre-en-chile\/\"\n                        title=\"Universidad del B\u00edo-B\u00edo fortalece cooperaci\u00f3n internacional para el estudio del gobierno del desastre en Chile\">Universidad del B\u00edo-B\u00edo fortalece cooperaci\u00f3n internacional para el estudio del gobierno del desastre en Chile<\/a><\/h2><\/header><div class=\"eael-entry-content\">\n                        <div class=\"eael-grid-post-excerpt\"><p>Con la participaci\u00f3n de investigadores nacionales e internacionales, la Universidad del B\u00edo-B\u00edo desarroll\u00f3 una intensa agenda de actividades en el marco del proyecto Fondecyt Regular N\u00b01251794, titulado \u201cGobierno del desastre en eventos extremos. Estudio de casos de estrategias gubernamentales en...<\/p><a\n                            href=\"https:\/\/vrip.ubiobio.cl\/inicio\/noticias\/universidad-del-bio-bio-fortalece-cooperacion-internacional-para-el-estudio-del-gobierno-del-desastre-en-chile\/\"\n                            class=\"eael-post-elements-readmore-btn\">Leer m\u00e1s<\/a><\/div>\n                    <\/div><div class=\"eael-entry-footer\"><div class=\"eael-entry-meta\"><span class=\"eael-posted-on\"><time datetime=\"abril 27, 2026\">abril 27, 2026<\/time><\/span><\/div><\/div><\/div><\/div>\n        <\/div>\n    <\/article><article class=\"eael-grid-post eael-post-grid-column\" data-id=\"54097\">\n        <div class=\"eael-grid-post-holder\">\n            <div class=\"eael-grid-post-holder-inner\"><div class=\"eael-entry-media\"><div class=\"eael-entry-overlay fade-in\"><i class=\"fas fa-long-arrow-alt-right\" aria-hidden=\"true\"><\/i><a href=\"https:\/\/vrip.ubiobio.cl\/inicio\/noticias\/xxxviii-jornadas-de-matematica-de-la-zona-sur-convoco-a-la-comunidad-cientifica-en-la-universidad-del-bio-bio\/\"><\/a><\/div><div class=\"eael-entry-thumbnail \">\n                <img loading=\"lazy\" decoding=\"async\" width=\"380\" height=\"253\" src=\"https:\/\/vrip.ubiobio.cl\/wp-content\/uploads\/2026\/04\/IMG_2529-380x253.jpg\" class=\"attachment-medium size-medium wp-image-54098\" alt=\"\" srcset=\"https:\/\/vrip.ubiobio.cl\/wp-content\/uploads\/2026\/04\/IMG_2529-380x253.jpg 380w, https:\/\/vrip.ubiobio.cl\/wp-content\/uploads\/2026\/04\/IMG_2529-1024x683.jpg 1024w, https:\/\/vrip.ubiobio.cl\/wp-content\/uploads\/2026\/04\/IMG_2529-768x512.jpg 768w, https:\/\/vrip.ubiobio.cl\/wp-content\/uploads\/2026\/04\/IMG_2529-391x260.jpg 391w, https:\/\/vrip.ubiobio.cl\/wp-content\/uploads\/2026\/04\/IMG_2529.jpg 1036w\" sizes=\"(max-width: 380px) 100vw, 380px\" \/>\n            <\/div>\n        <\/div><div class=\"eael-entry-wrapper\"><header class=\"eael-entry-header\"><h2 class=\"eael-entry-title\"><a\n                        class=\"eael-grid-post-link\"\n                        href=\"https:\/\/vrip.ubiobio.cl\/inicio\/noticias\/xxxviii-jornadas-de-matematica-de-la-zona-sur-convoco-a-la-comunidad-cientifica-en-la-universidad-del-bio-bio\/\"\n                        title=\"XXXVIII Jornadas de Matem\u00e1tica de la Zona Sur convoc\u00f3 a la comunidad cient\u00edfica en la Universidad del B\u00edo-B\u00edo\">XXXVIII Jornadas de Matem\u00e1tica de la Zona Sur convoc\u00f3 a la comunidad cient\u00edfica en la Universidad del B\u00edo-B\u00edo<\/a><\/h2><\/header><div class=\"eael-entry-content\">\n                        <div class=\"eael-grid-post-excerpt\"><p>La Universidad del B\u00edo-B\u00edo fue sede de las XXXVIII Jornadas de Matem\u00e1tica de la Zona Sur (JMZS 2026), que se desarroll\u00f3 entre el 22 y el 24 de abril de 2026 en el campus de Concepci\u00f3n. El encuentro fue organizado...<\/p><a\n                            href=\"https:\/\/vrip.ubiobio.cl\/inicio\/noticias\/xxxviii-jornadas-de-matematica-de-la-zona-sur-convoco-a-la-comunidad-cientifica-en-la-universidad-del-bio-bio\/\"\n                            class=\"eael-post-elements-readmore-btn\">Leer m\u00e1s<\/a><\/div>\n                    <\/div><div class=\"eael-entry-footer\"><div class=\"eael-entry-meta\"><span class=\"eael-posted-on\"><time datetime=\"abril 24, 2026\">abril 24, 2026<\/time><\/span><\/div><\/div><\/div><\/div>\n        <\/div>\n    <\/article><article class=\"eael-grid-post eael-post-grid-column\" data-id=\"54067\">\n        <div class=\"eael-grid-post-holder\">\n            <div class=\"eael-grid-post-holder-inner\"><div class=\"eael-entry-media\"><div class=\"eael-entry-overlay fade-in\"><i class=\"fas fa-long-arrow-alt-right\" aria-hidden=\"true\"><\/i><a href=\"https:\/\/vrip.ubiobio.cl\/inicio\/noticias\/proyecto-ubb-valida-innovador-nanomaterial-para-reducir-olores-en-la-industria-pesquera\/\"><\/a><\/div><div class=\"eael-entry-thumbnail \">\n                <img loading=\"lazy\" decoding=\"async\" width=\"380\" height=\"213\" src=\"https:\/\/vrip.ubiobio.cl\/wp-content\/uploads\/2026\/04\/IMG_2483-380x213.jpg\" class=\"attachment-medium size-medium wp-image-54077\" alt=\"\" srcset=\"https:\/\/vrip.ubiobio.cl\/wp-content\/uploads\/2026\/04\/IMG_2483-380x213.jpg 380w, https:\/\/vrip.ubiobio.cl\/wp-content\/uploads\/2026\/04\/IMG_2483-1024x574.jpg 1024w, https:\/\/vrip.ubiobio.cl\/wp-content\/uploads\/2026\/04\/IMG_2483-768x431.jpg 768w, https:\/\/vrip.ubiobio.cl\/wp-content\/uploads\/2026\/04\/IMG_2483-1536x861.jpg 1536w, https:\/\/vrip.ubiobio.cl\/wp-content\/uploads\/2026\/04\/IMG_2483-2048x1149.jpg 2048w\" sizes=\"(max-width: 380px) 100vw, 380px\" \/>\n            <\/div>\n        <\/div><div class=\"eael-entry-wrapper\"><header class=\"eael-entry-header\"><h2 class=\"eael-entry-title\"><a\n                        class=\"eael-grid-post-link\"\n                        href=\"https:\/\/vrip.ubiobio.cl\/inicio\/noticias\/proyecto-ubb-valida-innovador-nanomaterial-para-reducir-olores-en-la-industria-pesquera\/\"\n                        title=\"Proyecto UBB valida innovador nanomaterial para reducir olores en la industria pesquera\">Proyecto UBB valida innovador nanomaterial para reducir olores en la industria pesquera<\/a><\/h2><\/header><div class=\"eael-entry-content\">\n                        <div class=\"eael-grid-post-excerpt\"><p>La Universidad del B\u00edo-B\u00edo realiz\u00f3 el seminario de cierre del proyecto Fondef I+D ID23I10274, titulado\u00a0\u201cValidaci\u00f3n de un nanomaterial filtrante basado en redes metal-org\u00e1nicas (MOFs) y carb\u00f3n mineral para la adsorci\u00f3n de trimetilamina\u201d, iniciativa orientada a enfrentar uno de los principales...<\/p><a\n                            href=\"https:\/\/vrip.ubiobio.cl\/inicio\/noticias\/proyecto-ubb-valida-innovador-nanomaterial-para-reducir-olores-en-la-industria-pesquera\/\"\n                            class=\"eael-post-elements-readmore-btn\">Leer m\u00e1s<\/a><\/div>\n                    <\/div><div class=\"eael-entry-footer\"><div class=\"eael-entry-meta\"><span class=\"eael-posted-on\"><time datetime=\"abril 23, 2026\">abril 23, 2026<\/time><\/span><\/div><\/div><\/div><\/div>\n        <\/div>\n    <\/article><article class=\"eael-grid-post eael-post-grid-column\" data-id=\"54056\">\n        <div class=\"eael-grid-post-holder\">\n            <div class=\"eael-grid-post-holder-inner\"><div class=\"eael-entry-media\"><div class=\"eael-entry-overlay fade-in\"><i class=\"fas fa-long-arrow-alt-right\" aria-hidden=\"true\"><\/i><a href=\"https:\/\/vrip.ubiobio.cl\/inicio\/noticias\/universidad-del-bio-bio-impulsa-nueva-etapa-del-proyecto-ines-genero-con-foco-en-trabajo-colaborativo-y-fortalecimiento-de-investigadoras\/\"><\/a><\/div><div class=\"eael-entry-thumbnail \">\n                <img loading=\"lazy\" decoding=\"async\" width=\"380\" height=\"285\" src=\"https:\/\/vrip.ubiobio.cl\/wp-content\/uploads\/2026\/04\/Foto2-RIUBB-210426-380x285.jpeg\" class=\"attachment-medium size-medium wp-image-54058\" alt=\"\" srcset=\"https:\/\/vrip.ubiobio.cl\/wp-content\/uploads\/2026\/04\/Foto2-RIUBB-210426-380x285.jpeg 380w, https:\/\/vrip.ubiobio.cl\/wp-content\/uploads\/2026\/04\/Foto2-RIUBB-210426-1024x768.jpeg 1024w, https:\/\/vrip.ubiobio.cl\/wp-content\/uploads\/2026\/04\/Foto2-RIUBB-210426-768x576.jpeg 768w, https:\/\/vrip.ubiobio.cl\/wp-content\/uploads\/2026\/04\/Foto2-RIUBB-210426-1536x1152.jpeg 1536w, https:\/\/vrip.ubiobio.cl\/wp-content\/uploads\/2026\/04\/Foto2-RIUBB-210426.jpeg 1600w\" sizes=\"(max-width: 380px) 100vw, 380px\" \/>\n            <\/div>\n        <\/div><div class=\"eael-entry-wrapper\"><header class=\"eael-entry-header\"><h2 class=\"eael-entry-title\"><a\n                        class=\"eael-grid-post-link\"\n                        href=\"https:\/\/vrip.ubiobio.cl\/inicio\/noticias\/universidad-del-bio-bio-impulsa-nueva-etapa-del-proyecto-ines-genero-con-foco-en-trabajo-colaborativo-y-fortalecimiento-de-investigadoras\/\"\n                        title=\"Universidad del B\u00edo-B\u00edo impulsa nueva etapa del proyecto InES G\u00e9nero con foco en trabajo colaborativo y fortalecimiento de investigadoras\">Universidad del B\u00edo-B\u00edo impulsa nueva etapa del proyecto InES G\u00e9nero con foco en trabajo colaborativo y fortalecimiento de investigadoras<\/a><\/h2><\/header><div class=\"eael-entry-content\">\n                        <div class=\"eael-grid-post-excerpt\"><p>Con el objetivo de consolidar una cultura de equidad y fortalecer la participaci\u00f3n de mujeres en investigaci\u00f3n, desarrollo, innovaci\u00f3n y emprendimiento (I+D+i+e), la Vicerrector\u00eda de Investigaci\u00f3n y Postgrado (VRIP) de la Universidad del B\u00edo-B\u00edo sostuvo una reuni\u00f3n de coordinaci\u00f3n junto...<\/p><a\n                            href=\"https:\/\/vrip.ubiobio.cl\/inicio\/noticias\/universidad-del-bio-bio-impulsa-nueva-etapa-del-proyecto-ines-genero-con-foco-en-trabajo-colaborativo-y-fortalecimiento-de-investigadoras\/\"\n                            class=\"eael-post-elements-readmore-btn\">Leer m\u00e1s<\/a><\/div>\n                    <\/div><div class=\"eael-entry-footer\"><div class=\"eael-entry-meta\"><span class=\"eael-posted-on\"><time datetime=\"abril 22, 2026\">abril 22, 2026<\/time><\/span><\/div><\/div><\/div><\/div>\n        <\/div>\n    <\/article><article class=\"eael-grid-post eael-post-grid-column\" data-id=\"54050\">\n        <div class=\"eael-grid-post-holder\">\n            <div class=\"eael-grid-post-holder-inner\"><div class=\"eael-entry-media\"><div class=\"eael-entry-overlay fade-in\"><i class=\"fas fa-long-arrow-alt-right\" aria-hidden=\"true\"><\/i><a href=\"https:\/\/vrip.ubiobio.cl\/inicio\/noticias\/academicos-ubb-comparten-claves-para-adjudicar-proyectos-fondecyt-en-jornada-de-capacitacion\/\"><\/a><\/div><div class=\"eael-entry-thumbnail \">\n                <img loading=\"lazy\" decoding=\"async\" width=\"380\" height=\"183\" src=\"https:\/\/vrip.ubiobio.cl\/wp-content\/uploads\/2026\/04\/04-380x183.jpeg\" class=\"attachment-medium size-medium wp-image-54054\" alt=\"\" srcset=\"https:\/\/vrip.ubiobio.cl\/wp-content\/uploads\/2026\/04\/04-380x183.jpeg 380w, https:\/\/vrip.ubiobio.cl\/wp-content\/uploads\/2026\/04\/04-1024x493.jpeg 1024w, https:\/\/vrip.ubiobio.cl\/wp-content\/uploads\/2026\/04\/04-768x369.jpeg 768w, https:\/\/vrip.ubiobio.cl\/wp-content\/uploads\/2026\/04\/04.jpeg 1316w\" sizes=\"(max-width: 380px) 100vw, 380px\" \/>\n            <\/div>\n        <\/div><div class=\"eael-entry-wrapper\"><header class=\"eael-entry-header\"><h2 class=\"eael-entry-title\"><a\n                        class=\"eael-grid-post-link\"\n                        href=\"https:\/\/vrip.ubiobio.cl\/inicio\/noticias\/academicos-ubb-comparten-claves-para-adjudicar-proyectos-fondecyt-en-jornada-de-capacitacion\/\"\n                        title=\"Acad\u00e9micos UBB comparten claves para adjudicar proyectos Fondecyt en jornada de capacitaci\u00f3n\">Acad\u00e9micos UBB comparten claves para adjudicar proyectos Fondecyt en jornada de capacitaci\u00f3n<\/a><\/h2><\/header><div class=\"eael-entry-content\">\n                        <div class=\"eael-grid-post-excerpt\"><p>Con el objetivo de fortalecer las capacidades de investigaci\u00f3n y aumentar la adjudicaci\u00f3n de proyectos competitivos, la Vicerrector\u00eda de Investigaci\u00f3n y postgrado de la Universidad del B\u00edo-B\u00edo realiz\u00f3 una jornada de intercambio de experiencias sobre postulaci\u00f3n a fondos de iniciaci\u00f3n...<\/p><a\n                            href=\"https:\/\/vrip.ubiobio.cl\/inicio\/noticias\/academicos-ubb-comparten-claves-para-adjudicar-proyectos-fondecyt-en-jornada-de-capacitacion\/\"\n                            class=\"eael-post-elements-readmore-btn\">Leer m\u00e1s<\/a><\/div>\n                    <\/div><div class=\"eael-entry-footer\"><div class=\"eael-entry-meta\"><span class=\"eael-posted-on\"><time datetime=\"abril 22, 2026\">abril 22, 2026<\/time><\/span><\/div><\/div><\/div><\/div>\n        <\/div>\n    <\/article><article class=\"eael-grid-post eael-post-grid-column\" data-id=\"54011\">\n        <div class=\"eael-grid-post-holder\">\n            <div class=\"eael-grid-post-holder-inner\"><div class=\"eael-entry-media\"><div class=\"eael-entry-overlay fade-in\"><i class=\"fas fa-long-arrow-alt-right\" aria-hidden=\"true\"><\/i><a href=\"https:\/\/vrip.ubiobio.cl\/inicio\/noticias\/universidad-del-bio-bio-culmina-tres-anos-de-liderazgo-del-doctorado-en-educacion-en-consorcio-y-traspasa-direccion-a-la-universidad-catolica-del-maule\/\"><\/a><\/div><div class=\"eael-entry-thumbnail \">\n                <img loading=\"lazy\" decoding=\"async\" width=\"380\" height=\"283\" src=\"https:\/\/vrip.ubiobio.cl\/wp-content\/uploads\/2026\/04\/IMG_2355-380x283.jpg\" class=\"attachment-medium size-medium wp-image-54014\" alt=\"\" srcset=\"https:\/\/vrip.ubiobio.cl\/wp-content\/uploads\/2026\/04\/IMG_2355-380x283.jpg 380w, https:\/\/vrip.ubiobio.cl\/wp-content\/uploads\/2026\/04\/IMG_2355-1024x761.jpg 1024w, https:\/\/vrip.ubiobio.cl\/wp-content\/uploads\/2026\/04\/IMG_2355-768x571.jpg 768w, https:\/\/vrip.ubiobio.cl\/wp-content\/uploads\/2026\/04\/IMG_2355-1536x1142.jpg 1536w, https:\/\/vrip.ubiobio.cl\/wp-content\/uploads\/2026\/04\/IMG_2355-2048x1523.jpg 2048w\" sizes=\"(max-width: 380px) 100vw, 380px\" \/>\n            <\/div>\n        <\/div><div class=\"eael-entry-wrapper\"><header class=\"eael-entry-header\"><h2 class=\"eael-entry-title\"><a\n                        class=\"eael-grid-post-link\"\n                        href=\"https:\/\/vrip.ubiobio.cl\/inicio\/noticias\/universidad-del-bio-bio-culmina-tres-anos-de-liderazgo-del-doctorado-en-educacion-en-consorcio-y-traspasa-direccion-a-la-universidad-catolica-del-maule\/\"\n                        title=\"Universidad del B\u00edo-B\u00edo culmina tres a\u00f1os de liderazgo del Doctorado en Educaci\u00f3n en Consorcio y traspasa direcci\u00f3n a la Universidad Cat\u00f3lica del Maule\">Universidad del B\u00edo-B\u00edo culmina tres a\u00f1os de liderazgo del Doctorado en Educaci\u00f3n en Consorcio y traspasa direcci\u00f3n a la Universidad Cat\u00f3lica del Maule<\/a><\/h2><\/header><div class=\"eael-entry-content\">\n                        <div class=\"eael-grid-post-excerpt\"><p>En una solemne ceremonia, realizada este jueves 16 de abril, que marc\u00f3 el inicio del a\u00f1o acad\u00e9mico del Doctorado en Educaci\u00f3n en Consorcio, la Universidad del B\u00edo-B\u00edo concret\u00f3 el traspaso de la direcci\u00f3n pro tempore del programa a la Universidad...<\/p><a\n                            href=\"https:\/\/vrip.ubiobio.cl\/inicio\/noticias\/universidad-del-bio-bio-culmina-tres-anos-de-liderazgo-del-doctorado-en-educacion-en-consorcio-y-traspasa-direccion-a-la-universidad-catolica-del-maule\/\"\n                            class=\"eael-post-elements-readmore-btn\">Leer m\u00e1s<\/a><\/div>\n                    <\/div><div class=\"eael-entry-footer\"><div class=\"eael-entry-meta\"><span class=\"eael-posted-on\"><time datetime=\"abril 20, 2026\">abril 20, 2026<\/time><\/span><\/div><\/div><\/div><\/div>\n        <\/div>\n    <\/article><article class=\"eael-grid-post eael-post-grid-column\" data-id=\"53880\">\n        <div class=\"eael-grid-post-holder\">\n            <div class=\"eael-grid-post-holder-inner\"><div class=\"eael-entry-media\"><div class=\"eael-entry-overlay fade-in\"><i class=\"fas fa-long-arrow-alt-right\" aria-hidden=\"true\"><\/i><a href=\"https:\/\/vrip.ubiobio.cl\/inicio\/noticias\/cuenta-publica-ubb-destaca-rol-estrategico-de-la-vicerrectoria-de-investigacion-y-postgrado-en-el-desarrollo-de-los-territorios-de-nuble-y-biobio\/\"><\/a><\/div><div class=\"eael-entry-thumbnail \">\n                <img loading=\"lazy\" decoding=\"async\" width=\"380\" height=\"254\" src=\"https:\/\/vrip.ubiobio.cl\/wp-content\/uploads\/2026\/04\/8-380x254.jpg\" class=\"attachment-medium size-medium wp-image-53881\" alt=\"\" srcset=\"https:\/\/vrip.ubiobio.cl\/wp-content\/uploads\/2026\/04\/8-380x254.jpg 380w, https:\/\/vrip.ubiobio.cl\/wp-content\/uploads\/2026\/04\/8-1024x685.jpg 1024w, https:\/\/vrip.ubiobio.cl\/wp-content\/uploads\/2026\/04\/8-768x514.jpg 768w, https:\/\/vrip.ubiobio.cl\/wp-content\/uploads\/2026\/04\/8-391x260.jpg 391w, https:\/\/vrip.ubiobio.cl\/wp-content\/uploads\/2026\/04\/8-1536x1027.jpg 1536w, https:\/\/vrip.ubiobio.cl\/wp-content\/uploads\/2026\/04\/8-2048x1370.jpg 2048w\" sizes=\"(max-width: 380px) 100vw, 380px\" \/>\n            <\/div>\n        <\/div><div class=\"eael-entry-wrapper\"><header class=\"eael-entry-header\"><h2 class=\"eael-entry-title\"><a\n                        class=\"eael-grid-post-link\"\n                        href=\"https:\/\/vrip.ubiobio.cl\/inicio\/noticias\/cuenta-publica-ubb-destaca-rol-estrategico-de-la-vicerrectoria-de-investigacion-y-postgrado-en-el-desarrollo-de-los-territorios-de-nuble-y-biobio\/\"\n                        title=\"Cuenta P\u00fablica UBB destaca rol estrat\u00e9gico de la Vicerrector\u00eda de Investigaci\u00f3n y Postgrado en el desarrollo de los territorios de \u00d1uble y Biob\u00edo\">Cuenta P\u00fablica UBB destaca rol estrat\u00e9gico de la Vicerrector\u00eda de Investigaci\u00f3n y Postgrado en el desarrollo de los territorios de \u00d1uble y Biob\u00edo<\/a><\/h2><\/header><div class=\"eael-entry-content\">\n                        <div class=\"eael-grid-post-excerpt\"><p>En el marco del aniversario institucional, la Universidad del B\u00edo-B\u00edo realiz\u00f3, este jueves 9 de abril, en Concepci\u00f3n y Chill\u00e1n, su Cuenta P\u00fablica, instancia en la que se dieron a conocer los principales avances, logros y desaf\u00edos del \u00faltimo periodo,...<\/p><a\n                            href=\"https:\/\/vrip.ubiobio.cl\/inicio\/noticias\/cuenta-publica-ubb-destaca-rol-estrategico-de-la-vicerrectoria-de-investigacion-y-postgrado-en-el-desarrollo-de-los-territorios-de-nuble-y-biobio\/\"\n                            class=\"eael-post-elements-readmore-btn\">Leer m\u00e1s<\/a><\/div>\n                    <\/div><div class=\"eael-entry-footer\"><div class=\"eael-entry-meta\"><span class=\"eael-posted-on\"><time datetime=\"abril 13, 2026\">abril 13, 2026<\/time><\/span><\/div><\/div><\/div><\/div>\n        <\/div>\n    <\/article><article class=\"eael-grid-post eael-post-grid-column\" data-id=\"53895\">\n        <div class=\"eael-grid-post-holder\">\n            <div class=\"eael-grid-post-holder-inner\"><div class=\"eael-entry-media\"><div class=\"eael-entry-overlay fade-in\"><i class=\"fas fa-long-arrow-alt-right\" aria-hidden=\"true\"><\/i><a href=\"https:\/\/vrip.ubiobio.cl\/inicio\/noticias\/investigador-de-la-universidad-del-bio-bio-se-adjudica-fondecyt-regular-2026-con-innovador-proyecto-en-analisis-numerico\/\"><\/a><\/div><div class=\"eael-entry-thumbnail \">\n                <img loading=\"lazy\" decoding=\"async\" width=\"380\" height=\"244\" src=\"https:\/\/vrip.ubiobio.cl\/wp-content\/uploads\/2026\/04\/David-1-380x244.jpg\" class=\"attachment-medium size-medium wp-image-53897\" alt=\"\" srcset=\"https:\/\/vrip.ubiobio.cl\/wp-content\/uploads\/2026\/04\/David-1-380x244.jpg 380w, https:\/\/vrip.ubiobio.cl\/wp-content\/uploads\/2026\/04\/David-1-1024x656.jpg 1024w, https:\/\/vrip.ubiobio.cl\/wp-content\/uploads\/2026\/04\/David-1-768x492.jpg 768w, https:\/\/vrip.ubiobio.cl\/wp-content\/uploads\/2026\/04\/David-1-1536x985.jpg 1536w, https:\/\/vrip.ubiobio.cl\/wp-content\/uploads\/2026\/04\/David-1-2048x1313.jpg 2048w\" sizes=\"(max-width: 380px) 100vw, 380px\" \/>\n            <\/div>\n        <\/div><div class=\"eael-entry-wrapper\"><header class=\"eael-entry-header\"><h2 class=\"eael-entry-title\"><a\n                        class=\"eael-grid-post-link\"\n                        href=\"https:\/\/vrip.ubiobio.cl\/inicio\/noticias\/investigador-de-la-universidad-del-bio-bio-se-adjudica-fondecyt-regular-2026-con-innovador-proyecto-en-analisis-numerico\/\"\n                        title=\"Investigador de la Universidad del B\u00edo-B\u00edo se adjudica Fondecyt Regular 2026 con innovador proyecto en an\u00e1lisis num\u00e9rico\">Investigador de la Universidad del B\u00edo-B\u00edo se adjudica Fondecyt Regular 2026 con innovador proyecto en an\u00e1lisis num\u00e9rico<\/a><\/h2><\/header><div class=\"eael-entry-content\">\n                        <div class=\"eael-grid-post-excerpt\"><p>El acad\u00e9mico e investigador Dr. David Mora Herrera, del Departamento de Matem\u00e1tica de la Facultad de Ciencias de la Universidad del B\u00edo-B\u00edo, fue uno de los cinco ganadores UBB del concurso Fondecyt Regular 2026 de la Agencia Nacional de Investigaci\u00f3n...<\/p><a\n                            href=\"https:\/\/vrip.ubiobio.cl\/inicio\/noticias\/investigador-de-la-universidad-del-bio-bio-se-adjudica-fondecyt-regular-2026-con-innovador-proyecto-en-analisis-numerico\/\"\n                            class=\"eael-post-elements-readmore-btn\">Leer m\u00e1s<\/a><\/div>\n                    <\/div><div class=\"eael-entry-footer\"><div class=\"eael-entry-meta\"><span class=\"eael-posted-on\"><time datetime=\"abril 13, 2026\">abril 13, 2026<\/time><\/span><\/div><\/div><\/div><\/div>\n        <\/div>\n    <\/article><article class=\"eael-grid-post eael-post-grid-column\" data-id=\"53899\">\n        <div class=\"eael-grid-post-holder\">\n            <div class=\"eael-grid-post-holder-inner\"><div class=\"eael-entry-media\"><div class=\"eael-entry-overlay fade-in\"><i class=\"fas fa-long-arrow-alt-right\" aria-hidden=\"true\"><\/i><a href=\"https:\/\/vrip.ubiobio.cl\/inicio\/noticias\/direccion-de-postgrado-reconoce-a-estudiantes-que-adjudicaron-becas-anid-2026-para-realizar-sus-estudios-en-la-ubb\/\"><\/a><\/div><div class=\"eael-entry-thumbnail \">\n                <img loading=\"lazy\" decoding=\"async\" width=\"380\" height=\"197\" src=\"https:\/\/vrip.ubiobio.cl\/wp-content\/uploads\/2026\/04\/IMG_2307-380x197.jpg\" class=\"attachment-medium size-medium wp-image-53912\" alt=\"\" srcset=\"https:\/\/vrip.ubiobio.cl\/wp-content\/uploads\/2026\/04\/IMG_2307-380x197.jpg 380w, https:\/\/vrip.ubiobio.cl\/wp-content\/uploads\/2026\/04\/IMG_2307-1024x530.jpg 1024w, https:\/\/vrip.ubiobio.cl\/wp-content\/uploads\/2026\/04\/IMG_2307-768x398.jpg 768w, https:\/\/vrip.ubiobio.cl\/wp-content\/uploads\/2026\/04\/IMG_2307-1536x796.jpg 1536w, https:\/\/vrip.ubiobio.cl\/wp-content\/uploads\/2026\/04\/IMG_2307-2048x1061.jpg 2048w\" sizes=\"(max-width: 380px) 100vw, 380px\" \/>\n            <\/div>\n        <\/div><div class=\"eael-entry-wrapper\"><header class=\"eael-entry-header\"><h2 class=\"eael-entry-title\"><a\n                        class=\"eael-grid-post-link\"\n                        href=\"https:\/\/vrip.ubiobio.cl\/inicio\/noticias\/direccion-de-postgrado-reconoce-a-estudiantes-que-adjudicaron-becas-anid-2026-para-realizar-sus-estudios-en-la-ubb\/\"\n                        title=\"Direcci\u00f3n de Postgrado reconoce a estudiantes que adjudicaron becas ANID 2026 para realizar sus estudios en la UBB\">Direcci\u00f3n de Postgrado reconoce a estudiantes que adjudicaron becas ANID 2026 para realizar sus estudios en la UBB<\/a><\/h2><\/header><div class=\"eael-entry-content\">\n                        <div class=\"eael-grid-post-excerpt\"><p>En un ambiente de camarader\u00eda y reconocimiento, la Vicerrector\u00eda de Investigaci\u00f3n y Postgrado de la Universidad del B\u00edo-B\u00edo, a trav\u00e9s de la Direcci\u00f3n de Postgrado realiz\u00f3 un desayuno en honor a estudiantes de mag\u00edster y doctorado que adjudicaron becas de...<\/p><a\n                            href=\"https:\/\/vrip.ubiobio.cl\/inicio\/noticias\/direccion-de-postgrado-reconoce-a-estudiantes-que-adjudicaron-becas-anid-2026-para-realizar-sus-estudios-en-la-ubb\/\"\n                            class=\"eael-post-elements-readmore-btn\">Leer m\u00e1s<\/a><\/div>\n                    <\/div><div class=\"eael-entry-footer\"><div class=\"eael-entry-meta\"><span class=\"eael-posted-on\"><time datetime=\"abril 13, 2026\">abril 13, 2026<\/time><\/span><\/div><\/div><\/div><\/div>\n        <\/div>\n    <\/article><article class=\"eael-grid-post eael-post-grid-column\" data-id=\"53914\">\n        <div class=\"eael-grid-post-holder\">\n            <div class=\"eael-grid-post-holder-inner\"><div class=\"eael-entry-media\"><div class=\"eael-entry-overlay fade-in\"><i class=\"fas fa-long-arrow-alt-right\" aria-hidden=\"true\"><\/i><a href=\"https:\/\/vrip.ubiobio.cl\/inicio\/noticias\/taller-de-pitch-fortalece-habilidades-de-comunicacion-en-estudiantes-postulantes-a-concursos-viu-de-anid\/\"><\/a><\/div><div class=\"eael-entry-thumbnail \">\n                <img loading=\"lazy\" decoding=\"async\" width=\"380\" height=\"285\" src=\"https:\/\/vrip.ubiobio.cl\/wp-content\/uploads\/2026\/04\/portada-380x285.jpg\" class=\"attachment-medium size-medium wp-image-53922\" alt=\"\" srcset=\"https:\/\/vrip.ubiobio.cl\/wp-content\/uploads\/2026\/04\/portada-380x285.jpg 380w, https:\/\/vrip.ubiobio.cl\/wp-content\/uploads\/2026\/04\/portada-1024x768.jpg 1024w, https:\/\/vrip.ubiobio.cl\/wp-content\/uploads\/2026\/04\/portada-768x576.jpg 768w, https:\/\/vrip.ubiobio.cl\/wp-content\/uploads\/2026\/04\/portada-1536x1152.jpg 1536w, https:\/\/vrip.ubiobio.cl\/wp-content\/uploads\/2026\/04\/portada.jpg 1600w\" sizes=\"(max-width: 380px) 100vw, 380px\" \/>\n            <\/div>\n        <\/div><div class=\"eael-entry-wrapper\"><header class=\"eael-entry-header\"><h2 class=\"eael-entry-title\"><a\n                        class=\"eael-grid-post-link\"\n                        href=\"https:\/\/vrip.ubiobio.cl\/inicio\/noticias\/taller-de-pitch-fortalece-habilidades-de-comunicacion-en-estudiantes-postulantes-a-concursos-viu-de-anid\/\"\n                        title=\"Taller de Pitch fortalece habilidades de comunicaci\u00f3n en estudiantes postulantes a concursos VIU de ANID\">Taller de Pitch fortalece habilidades de comunicaci\u00f3n en estudiantes postulantes a concursos VIU de ANID<\/a><\/h2><\/header><div class=\"eael-entry-content\">\n                        <div class=\"eael-grid-post-excerpt\"><p>Con una alta participaci\u00f3n de estudiantes y equipos de investigaci\u00f3n, se desarroll\u00f3 un taller intensivo de elaboraci\u00f3n y presentaci\u00f3n de pitch, instancia clave para quienes se preparan para postular a fondos concursables Valorizaci\u00f3n de la Investigaci\u00f3n en la Universidad, VIU...<\/p><a\n                            href=\"https:\/\/vrip.ubiobio.cl\/inicio\/noticias\/taller-de-pitch-fortalece-habilidades-de-comunicacion-en-estudiantes-postulantes-a-concursos-viu-de-anid\/\"\n                            class=\"eael-post-elements-readmore-btn\">Leer m\u00e1s<\/a><\/div>\n                    <\/div><div class=\"eael-entry-footer\"><div class=\"eael-entry-meta\"><span class=\"eael-posted-on\"><time datetime=\"abril 13, 2026\">abril 13, 2026<\/time><\/span><\/div><\/div><\/div><\/div>\n        <\/div>\n    <\/article><article class=\"eael-grid-post eael-post-grid-column\" data-id=\"53937\">\n        <div class=\"eael-grid-post-holder\">\n            <div class=\"eael-grid-post-holder-inner\"><div class=\"eael-entry-media\"><div class=\"eael-entry-overlay fade-in\"><i class=\"fas fa-long-arrow-alt-right\" aria-hidden=\"true\"><\/i><a href=\"https:\/\/vrip.ubiobio.cl\/inicio\/noticias\/ubb-avanza-en-validacion-estructural-de-muros-impresos-en-3d-para-construccion-en-chile\/\"><\/a><\/div><div class=\"eael-entry-thumbnail \">\n                <img loading=\"lazy\" decoding=\"async\" width=\"380\" height=\"224\" src=\"https:\/\/vrip.ubiobio.cl\/wp-content\/uploads\/2026\/04\/ensayo00-380x224.jpg\" class=\"attachment-medium size-medium wp-image-53933\" alt=\"\" srcset=\"https:\/\/vrip.ubiobio.cl\/wp-content\/uploads\/2026\/04\/ensayo00-380x224.jpg 380w, https:\/\/vrip.ubiobio.cl\/wp-content\/uploads\/2026\/04\/ensayo00.jpg 698w\" sizes=\"(max-width: 380px) 100vw, 380px\" \/>\n            <\/div>\n        <\/div><div class=\"eael-entry-wrapper\"><header class=\"eael-entry-header\"><h2 class=\"eael-entry-title\"><a\n                        class=\"eael-grid-post-link\"\n                        href=\"https:\/\/vrip.ubiobio.cl\/inicio\/noticias\/ubb-avanza-en-validacion-estructural-de-muros-impresos-en-3d-para-construccion-en-chile\/\"\n                        title=\"UBB avanza en validaci\u00f3n estructural de muros impresos en 3D para construcci\u00f3n en Chile\">UBB avanza en validaci\u00f3n estructural de muros impresos en 3D para construcci\u00f3n en Chile<\/a><\/h2><\/header><div class=\"eael-entry-content\">\n                        <div class=\"eael-grid-post-excerpt\"><p>La Universidad del B\u00edo-B\u00edo alcanz\u00f3 un importante avance en el desarrollo de la construcci\u00f3n aditiva en Chile, al realizar ensayos estructurales de muros impresos en 3D, cumpliendo con las estrictas exigencias s\u00edsmicas del pa\u00eds. Este logro posiciona a la instituci\u00f3n...<\/p><a\n                            href=\"https:\/\/vrip.ubiobio.cl\/inicio\/noticias\/ubb-avanza-en-validacion-estructural-de-muros-impresos-en-3d-para-construccion-en-chile\/\"\n                            class=\"eael-post-elements-readmore-btn\">Leer m\u00e1s<\/a><\/div>\n                    <\/div><div class=\"eael-entry-footer\"><div class=\"eael-entry-meta\"><span class=\"eael-posted-on\"><time datetime=\"abril 13, 2026\">abril 13, 2026<\/time><\/span><\/div><\/div><\/div><\/div>\n        <\/div>\n    <\/article><article class=\"eael-grid-post eael-post-grid-column\" data-id=\"53947\">\n        <div class=\"eael-grid-post-holder\">\n            <div class=\"eael-grid-post-holder-inner\"><div class=\"eael-entry-media\"><div class=\"eael-entry-overlay fade-in\"><i class=\"fas fa-long-arrow-alt-right\" aria-hidden=\"true\"><\/i><a href=\"https:\/\/vrip.ubiobio.cl\/inicio\/noticias\/academico-ubb-integra-grupo-de-evaluacion-inter-y-transdisciplinario-de-fondecyt-anid\/\"><\/a><\/div><div class=\"eael-entry-thumbnail \">\n                <img loading=\"lazy\" decoding=\"async\" width=\"380\" height=\"212\" src=\"https:\/\/vrip.ubiobio.cl\/wp-content\/uploads\/2026\/04\/Jose-Sandoval-380x212.jpg\" class=\"attachment-medium size-medium wp-image-53948\" alt=\"\" srcset=\"https:\/\/vrip.ubiobio.cl\/wp-content\/uploads\/2026\/04\/Jose-Sandoval-380x212.jpg 380w, https:\/\/vrip.ubiobio.cl\/wp-content\/uploads\/2026\/04\/Jose-Sandoval-1024x571.jpg 1024w, https:\/\/vrip.ubiobio.cl\/wp-content\/uploads\/2026\/04\/Jose-Sandoval-768x428.jpg 768w, https:\/\/vrip.ubiobio.cl\/wp-content\/uploads\/2026\/04\/Jose-Sandoval.jpg 1298w\" sizes=\"(max-width: 380px) 100vw, 380px\" \/>\n            <\/div>\n        <\/div><div class=\"eael-entry-wrapper\"><header class=\"eael-entry-header\"><h2 class=\"eael-entry-title\"><a\n                        class=\"eael-grid-post-link\"\n                        href=\"https:\/\/vrip.ubiobio.cl\/inicio\/noticias\/academico-ubb-integra-grupo-de-evaluacion-inter-y-transdisciplinario-de-fondecyt-anid\/\"\n                        title=\"Acad\u00e9mico UBB integra Grupo de Evaluaci\u00f3n Inter y Transdisciplinario de Fondecyt, ANID\">Acad\u00e9mico UBB integra Grupo de Evaluaci\u00f3n Inter y Transdisciplinario de Fondecyt, ANID<\/a><\/h2><\/header><div class=\"eael-entry-content\">\n                        <div class=\"eael-grid-post-excerpt\"><p>La Universidad del B\u00edo-B\u00edo suma un nuevo reconocimiento a su quehacer investigativo, luego de que el acad\u00e9mico Dr. Jos\u00e9 Sandoval D\u00edaz, del Departamento de Ciencias Sociales de la Facultad de Educaci\u00f3n y Humanidades fuera invitado a integrarse al Grupo de...<\/p><a\n                            href=\"https:\/\/vrip.ubiobio.cl\/inicio\/noticias\/academico-ubb-integra-grupo-de-evaluacion-inter-y-transdisciplinario-de-fondecyt-anid\/\"\n                            class=\"eael-post-elements-readmore-btn\">Leer m\u00e1s<\/a><\/div>\n                    <\/div><div class=\"eael-entry-footer\"><div class=\"eael-entry-meta\"><span class=\"eael-posted-on\"><time datetime=\"abril 13, 2026\">abril 13, 2026<\/time><\/span><\/div><\/div><\/div><\/div>\n        <\/div>\n    <\/article><article class=\"eael-grid-post eael-post-grid-column\" data-id=\"53872\">\n        <div class=\"eael-grid-post-holder\">\n            <div class=\"eael-grid-post-holder-inner\"><div class=\"eael-entry-media\"><div class=\"eael-entry-overlay fade-in\"><i class=\"fas fa-long-arrow-alt-right\" aria-hidden=\"true\"><\/i><a href=\"https:\/\/vrip.ubiobio.cl\/inicio\/noticias\/magister-en-ciencias-sociales-de-la-universidad-del-bio-bio-inicia-sus-actividades-academicas-2026\/\"><\/a><\/div><div class=\"eael-entry-thumbnail \">\n                <img loading=\"lazy\" decoding=\"async\" width=\"380\" height=\"285\" src=\"https:\/\/vrip.ubiobio.cl\/wp-content\/uploads\/2026\/04\/Imagen1-380x285.jpg\" class=\"attachment-medium size-medium wp-image-53873\" alt=\"\" srcset=\"https:\/\/vrip.ubiobio.cl\/wp-content\/uploads\/2026\/04\/Imagen1-380x285.jpg 380w, https:\/\/vrip.ubiobio.cl\/wp-content\/uploads\/2026\/04\/Imagen1.jpg 589w\" sizes=\"(max-width: 380px) 100vw, 380px\" \/>\n            <\/div>\n        <\/div><div class=\"eael-entry-wrapper\"><header class=\"eael-entry-header\"><h2 class=\"eael-entry-title\"><a\n                        class=\"eael-grid-post-link\"\n                        href=\"https:\/\/vrip.ubiobio.cl\/inicio\/noticias\/magister-en-ciencias-sociales-de-la-universidad-del-bio-bio-inicia-sus-actividades-academicas-2026\/\"\n                        title=\"Mag\u00edster en Ciencias Sociales de la Universidad del B\u00edo-B\u00edo inicia sus actividades acad\u00e9micas 2026\">Mag\u00edster en Ciencias Sociales de la Universidad del B\u00edo-B\u00edo inicia sus actividades acad\u00e9micas 2026<\/a><\/h2><\/header><div class=\"eael-entry-content\">\n                        <div class=\"eael-grid-post-excerpt\"><p>El Mag\u00edster en Ciencias Sociales de la Universidad del B\u00edo-B\u00edo dio inicio a su a\u00f1o acad\u00e9mico 2026 con una c\u00e1lida bienvenida a las y los estudiantes de las cohortes 2025 y 2026, en una actividad encabezada por su director, el...<\/p><a\n                            href=\"https:\/\/vrip.ubiobio.cl\/inicio\/noticias\/magister-en-ciencias-sociales-de-la-universidad-del-bio-bio-inicia-sus-actividades-academicas-2026\/\"\n                            class=\"eael-post-elements-readmore-btn\">Leer m\u00e1s<\/a><\/div>\n                    <\/div><div class=\"eael-entry-footer\"><div class=\"eael-entry-meta\"><span class=\"eael-posted-on\"><time datetime=\"abril 8, 2026\">abril 8, 2026<\/time><\/span><\/div><\/div><\/div><\/div>\n        <\/div>\n    <\/article><article class=\"eael-grid-post eael-post-grid-column\" data-id=\"53846\">\n        <div class=\"eael-grid-post-holder\">\n            <div class=\"eael-grid-post-holder-inner\"><div class=\"eael-entry-media\"><div class=\"eael-entry-overlay fade-in\"><i class=\"fas fa-long-arrow-alt-right\" aria-hidden=\"true\"><\/i><a href=\"https:\/\/vrip.ubiobio.cl\/inicio\/noticias\/vicerrectora-de-investigacion-y-postgrado-ubb-es-reconocida-por-su-aporte-a-nuevo-simbolo-institucional\/\"><\/a><\/div><div class=\"eael-entry-thumbnail \">\n                <img loading=\"lazy\" decoding=\"async\" width=\"380\" height=\"214\" src=\"https:\/\/vrip.ubiobio.cl\/wp-content\/uploads\/2026\/04\/PHOTO-2026-04-06-10-37-14-380x214.jpg\" class=\"attachment-medium size-medium wp-image-53850\" alt=\"\" srcset=\"https:\/\/vrip.ubiobio.cl\/wp-content\/uploads\/2026\/04\/PHOTO-2026-04-06-10-37-14-380x214.jpg 380w, https:\/\/vrip.ubiobio.cl\/wp-content\/uploads\/2026\/04\/PHOTO-2026-04-06-10-37-14-1024x576.jpg 1024w, https:\/\/vrip.ubiobio.cl\/wp-content\/uploads\/2026\/04\/PHOTO-2026-04-06-10-37-14-768x432.jpg 768w, https:\/\/vrip.ubiobio.cl\/wp-content\/uploads\/2026\/04\/PHOTO-2026-04-06-10-37-14-1536x864.jpg 1536w, https:\/\/vrip.ubiobio.cl\/wp-content\/uploads\/2026\/04\/PHOTO-2026-04-06-10-37-14.jpg 1600w\" sizes=\"(max-width: 380px) 100vw, 380px\" \/>\n            <\/div>\n        <\/div><div class=\"eael-entry-wrapper\"><header class=\"eael-entry-header\"><h2 class=\"eael-entry-title\"><a\n                        class=\"eael-grid-post-link\"\n                        href=\"https:\/\/vrip.ubiobio.cl\/inicio\/noticias\/vicerrectora-de-investigacion-y-postgrado-ubb-es-reconocida-por-su-aporte-a-nuevo-simbolo-institucional\/\"\n                        title=\"Vicerrectora de Investigaci\u00f3n y Postgrado UBB es reconocida por su aporte a nuevo s\u00edmbolo institucional\">Vicerrectora de Investigaci\u00f3n y Postgrado UBB es reconocida por su aporte a nuevo s\u00edmbolo institucional<\/a><\/h2><\/header><div class=\"eael-entry-content\">\n                        <div class=\"eael-grid-post-excerpt\"><p>En el marco de la conmemoraci\u00f3n del 79\u00b0 aniversario de la Universidad del B\u00edo-B\u00edo, la Dra. Claudia Mu\u00f1oz Sanguinetti, Vicerrectora de Investigaci\u00f3n y Postgrado, en su condici\u00f3n de investigadora, tuvo una destacada participaci\u00f3n en la inauguraci\u00f3n del nuevo s\u00edmbolo institucional...<\/p><a\n                            href=\"https:\/\/vrip.ubiobio.cl\/inicio\/noticias\/vicerrectora-de-investigacion-y-postgrado-ubb-es-reconocida-por-su-aporte-a-nuevo-simbolo-institucional\/\"\n                            class=\"eael-post-elements-readmore-btn\">Leer m\u00e1s<\/a><\/div>\n                    <\/div><div class=\"eael-entry-footer\"><div class=\"eael-entry-meta\"><span class=\"eael-posted-on\"><time datetime=\"abril 6, 2026\">abril 6, 2026<\/time><\/span><\/div><\/div><\/div><\/div>\n        <\/div>\n    <\/article><article class=\"eael-grid-post eael-post-grid-column\" data-id=\"53854\">\n        <div class=\"eael-grid-post-holder\">\n            <div class=\"eael-grid-post-holder-inner\"><div class=\"eael-entry-media\"><div class=\"eael-entry-overlay fade-in\"><i class=\"fas fa-long-arrow-alt-right\" aria-hidden=\"true\"><\/i><a href=\"https:\/\/vrip.ubiobio.cl\/inicio\/noticias\/vicerrectoria-de-investigacion-y-postgrado-participa-en-hito-de-primera-piedra-del-edificio-vive-ubb\/\"><\/a><\/div><div class=\"eael-entry-thumbnail \">\n                <img loading=\"lazy\" decoding=\"async\" width=\"380\" height=\"339\" src=\"https:\/\/vrip.ubiobio.cl\/wp-content\/uploads\/2026\/04\/IMG_8576-380x339.jpg\" class=\"attachment-medium size-medium wp-image-53858\" alt=\"\" srcset=\"https:\/\/vrip.ubiobio.cl\/wp-content\/uploads\/2026\/04\/IMG_8576-380x339.jpg 380w, https:\/\/vrip.ubiobio.cl\/wp-content\/uploads\/2026\/04\/IMG_8576.jpg 718w\" sizes=\"(max-width: 380px) 100vw, 380px\" \/>\n            <\/div>\n        <\/div><div class=\"eael-entry-wrapper\"><header class=\"eael-entry-header\"><h2 class=\"eael-entry-title\"><a\n                        class=\"eael-grid-post-link\"\n                        href=\"https:\/\/vrip.ubiobio.cl\/inicio\/noticias\/vicerrectoria-de-investigacion-y-postgrado-participa-en-hito-de-primera-piedra-del-edificio-vive-ubb\/\"\n                        title=\"Vicerrector\u00eda de Investigaci\u00f3n y Postgrado participa en hito de primera piedra del edificio Vive UBB\">Vicerrector\u00eda de Investigaci\u00f3n y Postgrado participa en hito de primera piedra del edificio Vive UBB<\/a><\/h2><\/header><div class=\"eael-entry-content\">\n                        <div class=\"eael-grid-post-excerpt\"><p>En el marco de las actividades conmemorativas del 79\u00b0 aniversario de la Universidad del B\u00edo-B\u00edo, la Vicerrector\u00eda de Investigaci\u00f3n y Postgrado particip\u00f3 en la ceremonia de firma e instalaci\u00f3n de la primera piedra del futuro edificio Vive UBB, iniciativa que...<\/p><a\n                            href=\"https:\/\/vrip.ubiobio.cl\/inicio\/noticias\/vicerrectoria-de-investigacion-y-postgrado-participa-en-hito-de-primera-piedra-del-edificio-vive-ubb\/\"\n                            class=\"eael-post-elements-readmore-btn\">Leer m\u00e1s<\/a><\/div>\n                    <\/div><div class=\"eael-entry-footer\"><div class=\"eael-entry-meta\"><span class=\"eael-posted-on\"><time datetime=\"abril 6, 2026\">abril 6, 2026<\/time><\/span><\/div><\/div><\/div><\/div>\n        <\/div>\n    <\/article><article class=\"eael-grid-post eael-post-grid-column\" data-id=\"53835\">\n        <div class=\"eael-grid-post-holder\">\n            <div class=\"eael-grid-post-holder-inner\"><div class=\"eael-entry-media\"><div class=\"eael-entry-overlay fade-in\"><i class=\"fas fa-long-arrow-alt-right\" aria-hidden=\"true\"><\/i><a href=\"https:\/\/vrip.ubiobio.cl\/inicio\/noticias\/estudiante-de-postgrado-ubb-se-adjudica-beca-nacional-de-doctorado-anid-2026\/\"><\/a><\/div><div class=\"eael-entry-thumbnail \">\n                <img loading=\"lazy\" decoding=\"async\" width=\"380\" height=\"208\" src=\"https:\/\/vrip.ubiobio.cl\/wp-content\/uploads\/2026\/04\/NICOLAS-REYES-380x208.jpeg\" class=\"attachment-medium size-medium wp-image-53836\" alt=\"\" srcset=\"https:\/\/vrip.ubiobio.cl\/wp-content\/uploads\/2026\/04\/NICOLAS-REYES-380x208.jpeg 380w, https:\/\/vrip.ubiobio.cl\/wp-content\/uploads\/2026\/04\/NICOLAS-REYES-1024x560.jpeg 1024w, https:\/\/vrip.ubiobio.cl\/wp-content\/uploads\/2026\/04\/NICOLAS-REYES-768x420.jpeg 768w, https:\/\/vrip.ubiobio.cl\/wp-content\/uploads\/2026\/04\/NICOLAS-REYES.jpeg 1280w\" sizes=\"(max-width: 380px) 100vw, 380px\" \/>\n            <\/div>\n        <\/div><div class=\"eael-entry-wrapper\"><header class=\"eael-entry-header\"><h2 class=\"eael-entry-title\"><a\n                        class=\"eael-grid-post-link\"\n                        href=\"https:\/\/vrip.ubiobio.cl\/inicio\/noticias\/estudiante-de-postgrado-ubb-se-adjudica-beca-nacional-de-doctorado-anid-2026\/\"\n                        title=\"Estudiante de Postgrado UBB se adjudica Beca Nacional de Doctorado ANID 2026\">Estudiante de Postgrado UBB se adjudica Beca Nacional de Doctorado ANID 2026<\/a><\/h2><\/header><div class=\"eael-entry-content\">\n                        <div class=\"eael-grid-post-excerpt\"><p>El estudiante de postgrado de la Universidad del B\u00edo-B\u00edo, Nicol\u00e1s Reyes-Quinteros, se adjudic\u00f3 la Beca de Doctorado Nacional 2026 otorgada por la Agencia Nacional de Investigaci\u00f3n y Desarrollo (ANID), uno de los principales instrumentos de financiamiento para la formaci\u00f3n doctoral...<\/p><a\n                            href=\"https:\/\/vrip.ubiobio.cl\/inicio\/noticias\/estudiante-de-postgrado-ubb-se-adjudica-beca-nacional-de-doctorado-anid-2026\/\"\n                            class=\"eael-post-elements-readmore-btn\">Leer m\u00e1s<\/a><\/div>\n                    <\/div><div class=\"eael-entry-footer\"><div class=\"eael-entry-meta\"><span class=\"eael-posted-on\"><time datetime=\"abril 2, 2026\">abril 2, 2026<\/time><\/span><\/div><\/div><\/div><\/div>\n        <\/div>\n    <\/article><article class=\"eael-grid-post eael-post-grid-column\" data-id=\"53827\">\n        <div class=\"eael-grid-post-holder\">\n            <div class=\"eael-grid-post-holder-inner\"><div class=\"eael-entry-media\"><div class=\"eael-entry-overlay fade-in\"><i class=\"fas fa-long-arrow-alt-right\" aria-hidden=\"true\"><\/i><a href=\"https:\/\/vrip.ubiobio.cl\/inicio\/noticias\/universidad-del-bio-bio-realiza-induccion-de-estudiantes-de-postgrado-periodo-2026-1\/\"><\/a><\/div><div class=\"eael-entry-thumbnail \">\n                <img loading=\"lazy\" decoding=\"async\" width=\"380\" height=\"212\" src=\"https:\/\/vrip.ubiobio.cl\/wp-content\/uploads\/2026\/04\/Captura-de-pantalla-2026-03-26-173236-380x212.png\" class=\"attachment-medium size-medium wp-image-53828\" alt=\"\" srcset=\"https:\/\/vrip.ubiobio.cl\/wp-content\/uploads\/2026\/04\/Captura-de-pantalla-2026-03-26-173236-380x212.png 380w, https:\/\/vrip.ubiobio.cl\/wp-content\/uploads\/2026\/04\/Captura-de-pantalla-2026-03-26-173236-1024x570.png 1024w, https:\/\/vrip.ubiobio.cl\/wp-content\/uploads\/2026\/04\/Captura-de-pantalla-2026-03-26-173236-768x428.png 768w, https:\/\/vrip.ubiobio.cl\/wp-content\/uploads\/2026\/04\/Captura-de-pantalla-2026-03-26-173236.png 1072w\" sizes=\"(max-width: 380px) 100vw, 380px\" \/>\n            <\/div>\n        <\/div><div class=\"eael-entry-wrapper\"><header class=\"eael-entry-header\"><h2 class=\"eael-entry-title\"><a\n                        class=\"eael-grid-post-link\"\n                        href=\"https:\/\/vrip.ubiobio.cl\/inicio\/noticias\/universidad-del-bio-bio-realiza-induccion-de-estudiantes-de-postgrado-periodo-2026-1\/\"\n                        title=\"Universidad del B\u00edo-B\u00edo realiza Inducci\u00f3n de Estudiantes de Postgrado periodo 2026-1\">Universidad del B\u00edo-B\u00edo realiza Inducci\u00f3n de Estudiantes de Postgrado periodo 2026-1<\/a><\/h2><\/header><div class=\"eael-entry-content\">\n                        <div class=\"eael-grid-post-excerpt\"><p>Con el objetivo de dar la bienvenida y orientar a quienes inician su formaci\u00f3n avanzada, la Direcci\u00f3n de Postgrado de la Universidad del B\u00edo-B\u00edo realiz\u00f3 la Inducci\u00f3n de Estudiantes de Postgrado periodo 2026-1, actividad desarrollada el jueves 26 de marzo,...<\/p><a\n                            href=\"https:\/\/vrip.ubiobio.cl\/inicio\/noticias\/universidad-del-bio-bio-realiza-induccion-de-estudiantes-de-postgrado-periodo-2026-1\/\"\n                            class=\"eael-post-elements-readmore-btn\">Leer m\u00e1s<\/a><\/div>\n                    <\/div><div class=\"eael-entry-footer\"><div class=\"eael-entry-meta\"><span class=\"eael-posted-on\"><time datetime=\"abril 1, 2026\">abril 1, 2026<\/time><\/span><\/div><\/div><\/div><\/div>\n        <\/div>\n    <\/article><\/div>\n            <div class=\"clearfix\"><\/div>\n        <\/div>            <div class=\"eael-load-more-button-wrap\">\n                <button class=\"eael-load-more-button\" id=\"eael-load-more-btn-5ef5218\" data-widget-id=\"5ef5218\" data-widget=\"5ef5218\" data-page-id=\"29074\" data-template=\"{&quot;dir&quot;:&quot;lite&quot;,&quot;file_name&quot;:&quot;default.php&quot;,&quot;name&quot;:&quot;Post-Grid&quot;}\" data-class=\"Essential_Addons_Elementor\\Elements\\Post_Grid\" data-layout=\"grid\" data-page=\"1\" data-args=\"orderby=date&amp;order=desc&amp;ignore_sticky_posts=1&amp;post_status=publish&amp;posts_per_page=20&amp;offset=0&amp;post_type=post&amp;tax_query%5B0%5D%5Btaxonomy%5D=category&amp;tax_query%5B0%5D%5Bfield%5D=term_id&amp;tax_query%5B0%5D%5Bterms%5D%5B0%5D=3&amp;tax_query%5B0%5D%5Bterms%5D%5B1%5D=101&amp;tax_query%5Brelation%5D=AND\" data-max-page=\"68\">\n                    <span class=\"eael-btn-loader button__loader\"><\/span>\n                    <span class=\"eael_load_more_text\">Cargar m\u00e1s<\/span>\n                <\/button>\n            <\/div>\n            \t\t<\/div>\n\t\t\t\t<\/div>\n\t\t\t\t\t<\/div>\n\t\t<\/div>\n\t\t\t\t\t<\/div>\n\t\t<\/section>\n\t\t\t\t<\/div>\n\t\t","protected":false},"excerpt":{"rendered":"<p>NOTICIAS UBB firma contrato de licencia con empresa Smarttrones SpA para la transferencia de producto innovador En dependencias del Centro de Innovaci\u00f3n UBB, se sell\u00f3 la firma del contrato de licencia entre la Universidad del B\u00edo-B\u00edo, representada por la vicerrectora de Investigaci\u00f3n y Postgrado, Dra. Ang\u00e9lica Caro y la empresa Smarttrones SpA., personificada por el&#8230;<\/p>\n","protected":false},"author":1,"featured_media":0,"parent":0,"menu_order":0,"comment_status":"closed","ping_status":"closed","template":"","meta":{"_kadence_starter_templates_imported_post":false,"_kad_post_transparent":"disable","_kad_post_title":"hide","_kad_post_layout":"fullwidth","_kad_post_sidebar_id":"","_kad_post_content_style":"unboxed","_kad_post_vertical_padding":"hide","_kad_post_feature":"hide","_kad_post_feature_position":"","_kad_post_header":false,"_kad_post_footer":false,"footnotes":""},"_links":{"self":[{"href":"https:\/\/vrip.ubiobio.cl\/inicio\/wp-json\/wp\/v2\/pages\/29074"}],"collection":[{"href":"https:\/\/vrip.ubiobio.cl\/inicio\/wp-json\/wp\/v2\/pages"}],"about":[{"href":"https:\/\/vrip.ubiobio.cl\/inicio\/wp-json\/wp\/v2\/types\/page"}],"author":[{"embeddable":true,"href":"https:\/\/vrip.ubiobio.cl\/inicio\/wp-json\/wp\/v2\/users\/1"}],"replies":[{"embeddable":true,"href":"https:\/\/vrip.ubiobio.cl\/inicio\/wp-json\/wp\/v2\/comments?post=29074"}],"version-history":[{"count":22,"href":"https:\/\/vrip.ubiobio.cl\/inicio\/wp-json\/wp\/v2\/pages\/29074\/revisions"}],"predecessor-version":[{"id":41717,"href":"https:\/\/vrip.ubiobio.cl\/inicio\/wp-json\/wp\/v2\/pages\/29074\/revisions\/41717"}],"wp:attachment":[{"href":"https:\/\/vrip.ubiobio.cl\/inicio\/wp-json\/wp\/v2\/media?parent=29074"}],"curies":[{"name":"wp","href":"https:\/\/api.w.org\/{rel}","templated":true}]}}